{"id":5864,"date":"2021-09-21T13:51:55","date_gmt":"2021-09-21T10:51:55","guid":{"rendered":"http:\/\/www.oulucomics.com\/?page_id=5864"},"modified":"2021-09-22T12:59:08","modified_gmt":"2021-09-22T09:59:08","slug":"sat-program-2021","status":"publish","type":"page","link":"https:\/\/www.oulucomics.com\/fi\/fest\/program2021\/sat-program-2021\/","title":{"rendered":"Lauantain ohjelma 2021"},"content":{"rendered":"\n<p><strong><a href=\"http:\/\/www.oulucomics.com\/fi\/fest\/program2021\/\">Kaikki ohjelmisto<\/a> &#8211; <a href=\"http:\/\/www.oulucomics.com\/fi\/fest\/program2021\/week-program-2021\/\">Festivaaliviikko<\/a> &#8211;<\/strong><br \/><strong><a href=\"http:\/\/www.oulucomics.com\/fi\/fest\/program2021\/fri-program-2021\/\">19.11. Perjantai<\/a> &#8211; 20.11. Lauantai &#8211; <a href=\"http:\/\/www.oulucomics.com\/fi\/fest\/program2021\/sun-program-2021\/\">21.11. Sunnuntai<\/a><\/strong><\/p>\n\n\n\n\t\t\t\t<div class=\"event-list\">\n\t\t\t\t<ul class=\"event-list-view\">\n\t\t\t \t<li class=\"event festivaali fest-en fsat sarjasto\">\n\t\t\t\t\t<div class=\"event-date\"><div class=\"start-date\"><div class=\"event-weekday\">la<\/div><div class=\"event-day\">20<\/div><div class=\"event-month\">marras<\/div><div class=\"event-year\">2021<\/div><\/div><\/div>\n\t\t\t\t\t<div class=\"event-info single-day\"><div class=\"event-title\"><h3> Festivaalilauantain lavaohjelmisto | Festivals&#039; saturday stage program<\/h3><\/div><span class=\"event-time\">11:00 - 18:30<\/span><span class=\"event-location\">P\u00e4\u00e4kirjasto, Pakkala sali | Main library, Pakkala sali, Kaarlenv\u00e4yl\u00e4 3, Oulu<\/span><div class=\"event-details\"><p><span style=\"font-weight: 400;\">Lauantain Pakkalan salin ohjelmaa ei l\u00e4hetet\u00e4 verkossa, vaan sis\u00e4lt\u00f6 on tarjolla vain l\u00e4sn\u00e4oleville. Englanninkielinen ohjelmisto on merkitty IN ENGLISH merkinn\u00e4ll\u00e4. Virtuaalisen keskustelun ohjelmisto on englanniksi, joiden v\u00e4lityksell\u00e4 my\u00f6s IN ENGLISH -merkityt haastattelut l\u00e4hetet\u00e4\u00e4n.<\/span><\/p>\n<p>Kahvila Tarina palvelee k\u00e4vij\u00f6it\u00e4 Oulun p\u00e4\u00e4kirjastolla festivaalilauantaina klo 10-17.<\/p>\n<p><span style=\"font-weight: 400; color: #0000ff;\">On Saturday, the program on Pakkalan sali stage will be available only for the live audience, so it won\u2019t be streamed. The program in English is marked with a IN ENGLISH. The virtual discussion program is in English. IN ENGLISH marked interviews are broadcasted as well.<\/span><\/p>\n<p><span style=\"color: #0000ff;\">Caf\u00e9 Tarina will serve visitors at the Oulu Main Library on the festival Saturday from 10 am to 5 pm.<\/span><\/p>\n<h4>11:00 -\u00a0<strong>Jouko Ruokosenm\u00e4ki: Viime vuonna Frankfurtissa<\/strong><\/h4>\n<p><div class=\"show_more\"><p class=\"wpsm-show\" style=\"color: #cc0000; font-size: 100%; text-align: left;\"> lis\u00e4\u00e4\/more<\/p><div class=\"wpsm-content\"><\/p>\n<p><strong><a href=\"http:\/\/www.oulucomics.com\/wp-content\/uploads\/2021\/09\/Joukoruokosenmaki-viimevuonnafrankfurtissa.jpeg\"><img loading=\"lazy\" decoding=\"async\" class=\"alignright size-medium wp-image-5791\" src=\"http:\/\/www.oulucomics.com\/wp-content\/uploads\/2021\/09\/Joukoruokosenmaki-viimevuonnafrankfurtissa-224x300.jpeg\" alt=\"\" width=\"224\" height=\"300\" srcset=\"https:\/\/www.oulucomics.com\/wp-content\/uploads\/2021\/09\/Joukoruokosenmaki-viimevuonnafrankfurtissa-224x300.jpeg 224w, https:\/\/www.oulucomics.com\/wp-content\/uploads\/2021\/09\/Joukoruokosenmaki-viimevuonnafrankfurtissa.jpeg 448w\" sizes=\"auto, (max-width: 224px) 100vw, 224px\" \/><\/a>Jouko Ruokosenm\u00e4ki<\/strong> valaisee meille millaista on sarjakuvatoimittajan ty\u00f6. Vastaus saattaa yll\u00e4tt\u00e4\u00e4 monet. <em>Viime Vuonna Frankfurtissa<\/em> (Egmont 2021) tuo esille sarjakuvatoimittajan n\u00e4k\u00f6kulmia jopa vuosikymmenten takaa. Teos luo kurkistuksen kulissien taakse ja tempaa mukaansa Frankfurtin kirjamessuille, jossa neuvotellaan sarjakuvien julkaisuoikeuksista. Ruokosenm\u00e4ke\u00e4 haastattelemassa on <strong>Timo Kokkila<\/strong>.<\/p>\n<p><span style=\"color: #0000ff;\"><strong><img loading=\"lazy\" decoding=\"async\" class=\"alignleft size-thumbnail wp-image-6041\" src=\"https:\/\/www.oulucomics.com\/wp-content\/uploads\/2021\/10\/OuluX_profiilikuva_web_Jouko-150x150.jpg\" alt=\"\" width=\"150\" height=\"150\" srcset=\"https:\/\/www.oulucomics.com\/wp-content\/uploads\/2021\/10\/OuluX_profiilikuva_web_Jouko-150x150.jpg 150w, https:\/\/www.oulucomics.com\/wp-content\/uploads\/2021\/10\/OuluX_profiilikuva_web_Jouko-250x250.jpg 250w\" sizes=\"auto, (max-width: 150px) 100vw, 150px\" \/>Jouko Ruokosenm\u00e4ki<\/strong> will enlighten us what the work of a comics editor is really like. The answer may come as a surprise to many. <em>Viime Vuonna Frankfurtissa<\/em> (Egmont 2021) brings forth viewpoints from decades of editor experience. The book casts a glimpse behind the scenes and it engrosses its reader to Frankfurt Book Fair, where publishing rights of comic books are negotiated. <strong>Timo Kokkila<\/strong> will interview Ruokosenm\u00e4ki.<\/span><\/p>\n<p> <p class=\"wpsm-hide\" style=\"color: #cc0000; font-size: 100%; text-align: left;\"> piilota\/hide<\/p><\/div><\/div><\/p>\n<h4>11:25 - <strong>Veli-Matti Ural &amp; Matti-Pekka Heikura: Ahava \u2013 Ensimm\u00e4inen lippu<\/strong><\/h4>\n<p><div class=\"show_more\"><p class=\"wpsm-show\" style=\"color: #cc0000; font-size: 100%; text-align: left;\"> lis\u00e4\u00e4\/more<\/p><div class=\"wpsm-content\"><\/p>\n<p><em><a href=\"http:\/\/www.oulucomics.com\/wp-content\/uploads\/2021\/09\/vmmp-ahava-ensimmainenlippu.jpeg\"><img loading=\"lazy\" decoding=\"async\" class=\"alignright size-medium wp-image-5792\" src=\"http:\/\/www.oulucomics.com\/wp-content\/uploads\/2021\/09\/vmmp-ahava-ensimmainenlippu-220x300.jpeg\" alt=\"\" width=\"220\" height=\"300\" srcset=\"https:\/\/www.oulucomics.com\/wp-content\/uploads\/2021\/09\/vmmp-ahava-ensimmainenlippu-220x300.jpeg 220w, https:\/\/www.oulucomics.com\/wp-content\/uploads\/2021\/09\/vmmp-ahava-ensimmainenlippu.jpeg 660w\" sizes=\"auto, (max-width: 220px) 100vw, 220px\" \/><\/a>Ahava \u2013 Ensimm\u00e4inen lippu<\/em> (Arktinen Banaani 2021) on tositarinaan perustuva kertomus punaisena heimosoturina tunnetun Iivo Ahavan myrskyisest\u00e4 nuoruudesta. <strong>Veli-Matti Ural<\/strong> ja <strong>Matti-Pekka Heikura<\/strong> ovat tarttuneet tarinaan, jossa suuret aatteet muokkaavat maailmaa 1900-luvun alussa.<\/p>\n<p>Liput nousevat, laskevat ja palavat. Ven\u00e4j\u00e4n vallan alla el\u00e4v\u00e4t Suomen ja Karjalan kansat haluavat itsen\u00e4isyytt\u00e4. Ahavan perhe ty\u00f6skentelee maltillisesti Kuusamosta k\u00e4sin karjalaisen kansansa sivist\u00e4miseksi. Vanhemmiltaan perityn idealismin innoittamana tulisieluinen nuorukainen, uhtualainen Iivo Ahava l\u00e4htee etsim\u00e4\u00e4n Vienan vapautta.<\/p>\n<p><span style=\"font-weight: 400;\">Tekij\u00f6it\u00e4 haastattelemassa on <strong>Anneli Moilanen<\/strong><\/span><span style=\"font-weight: 400;\">.<\/span><\/p>\n<p><span style=\"color: #0000ff;\"><em>Ahava - Ensimm\u00e4inen lippu<\/em> (Arktinen Banaani 2021) is a story based on true events about the stormy youth of Iivo Ahava, who is known as the red tribal warrior. <strong>Veli-Matti Ural<\/strong> and <strong>Matti-Pekka Heikura<\/strong> have retold a story where grand ideologies shape the world in the beginning of 20th century.\u00a0<\/span><\/p>\n<p><span style=\"color: #0000ff;\">Flags are raised, taken down and burned. Finnish and Karelian population, who live under Russian rule, want to become independent. The Ahava family works patiently from Kuusamo in order to educate their Karelian compatriots. A youngster from Uhtua, Iivo Ahava, starts out to seek freedom for the Karelian Viena, with fire in his belly and with the idealism inherited from his parents.<\/span><\/p>\n<p><span style=\"color: #0000ff;\"><span style=\"font-weight: 400;\">The artists will be interviewed by<\/span> <strong>Anneli Moilanen<\/strong><span style=\"font-weight: 400;\">.<\/span><\/span><\/p>\n<p><img loading=\"lazy\" decoding=\"async\" class=\"alignleft size-thumbnail wp-image-6055\" src=\"https:\/\/www.oulucomics.com\/wp-content\/uploads\/2021\/10\/OuluX_profiilikuva_web_VeliMatti-150x150.jpg\" alt=\"\" width=\"150\" height=\"150\" srcset=\"https:\/\/www.oulucomics.com\/wp-content\/uploads\/2021\/10\/OuluX_profiilikuva_web_VeliMatti-150x150.jpg 150w, https:\/\/www.oulucomics.com\/wp-content\/uploads\/2021\/10\/OuluX_profiilikuva_web_VeliMatti-250x250.jpg 250w\" sizes=\"auto, (max-width: 150px) 100vw, 150px\" \/><img loading=\"lazy\" decoding=\"async\" class=\"alignleft size-thumbnail wp-image-6056\" src=\"https:\/\/www.oulucomics.com\/wp-content\/uploads\/2021\/10\/OuluX_profiilikuva_web_MattiPekka-150x150.jpg\" alt=\"\" width=\"150\" height=\"150\" srcset=\"https:\/\/www.oulucomics.com\/wp-content\/uploads\/2021\/10\/OuluX_profiilikuva_web_MattiPekka-150x150.jpg 150w, https:\/\/www.oulucomics.com\/wp-content\/uploads\/2021\/10\/OuluX_profiilikuva_web_MattiPekka-250x250.jpg 250w\" sizes=\"auto, (max-width: 150px) 100vw, 150px\" \/><\/p>\n<hr \/>\n<p> <p class=\"wpsm-hide\" style=\"color: #cc0000; font-size: 100%; text-align: left;\"> piilota\/hide<\/p><\/div><\/div><\/p>\n<h4>11:50 -\u00a0<strong>Pauli Kallio: FC Palloseura | Kalle, Kaneli ja Kipsi | Lyhenev\u00e4 kes\u00e4<\/strong><\/h4>\n<p><div class=\"show_more\"><p class=\"wpsm-show\" style=\"color: #cc0000; font-size: 100%; text-align: left;\"> lis\u00e4\u00e4\/more<\/p><div class=\"wpsm-content\"><\/p>\n<p><a href=\"http:\/\/www.oulucomics.com\/wp-content\/uploads\/2021\/09\/Pauli-Kallio-FC-Palloseura-Kulmalan-isa\u0308nna\u0308n-kisahuuma.jpg\"><img loading=\"lazy\" decoding=\"async\" class=\"alignright size-medium wp-image-5793\" src=\"http:\/\/www.oulucomics.com\/wp-content\/uploads\/2021\/09\/Pauli-Kallio-FC-Palloseura-Kulmalan-isa\u0308nna\u0308n-kisahuuma-300x206.jpg\" alt=\"\" width=\"300\" height=\"206\" srcset=\"https:\/\/www.oulucomics.com\/wp-content\/uploads\/2021\/09\/Pauli-Kallio-FC-Palloseura-Kulmalan-isa\u0308nna\u0308n-kisahuuma-300x206.jpg 300w, https:\/\/www.oulucomics.com\/wp-content\/uploads\/2021\/09\/Pauli-Kallio-FC-Palloseura-Kulmalan-isa\u0308nna\u0308n-kisahuuma.jpg 600w\" sizes=\"auto, (max-width: 300px) 100vw, 300px\" \/><\/a>Vuonna 1981 Suuren Kurpitsan ensimm\u00e4inen numero ilmestyi 300 kappaleen painoksena. Sarjakuvak\u00e4sikirjoittaja ja -julkaisija <strong>Pauli Kallio<\/strong> on luotsannut ammattitaitoisesti Suurta Kurpitsaa ja taiteilijoita vuodesta toiseen. Nyt kuitenkin keskitymme Kallion tuoreimpiin teoksiin. Haastattelijana on <strong>Jyrki Liikka<\/strong>.<\/p>\n<p><em>FC Palloseura - Kulmalan is\u00e4nn\u00e4n kisahuuma<\/em> (Suuri Kurpitsa 2021) vie keskelle suomalaisen jalkapallon ikimuistoisimpia hetki\u00e4, kun Huuhkajien EM-kisamatka varmistuu. Kallion k\u00e4sikirjoituksessa ja <strong>Pentti Otsamon<\/strong> kuvituksissa my\u00f6s Helmarit harppaavat kohti naisten EM-turnausta, ja miesten futsaljoukkue porskuttaa Euroopan valioiden joukkoon.<\/p>\n<p><em>Kalle, Kaneli ja Kipsi<\/em> (Suuri Kurpitsa 2021) on Kallion k\u00e4sikirjoittama ja <strong>Juliana Hyrrin<\/strong> kuvittama lapsille suunnatun sarjakuvasarjan toinen osa, joka jatkaa Kallen ja Kanelin korkealentoisia seikkailuja.<\/p>\n<p><span style=\"color: #0000ff;\"><a href=\"http:\/\/www.oulucomics.com\/wp-content\/uploads\/2021\/09\/Pauli-Kallio-_-Reetta-Niemensivu-Lyheneva\u0308-kesa\u0308-4-Annikki-ja-poppamiehet.jpg\"><img loading=\"lazy\" decoding=\"async\" class=\"alignright size-medium wp-image-5794\" src=\"http:\/\/www.oulucomics.com\/wp-content\/uploads\/2021\/09\/Pauli-Kallio-_-Reetta-Niemensivu-Lyheneva\u0308-kesa\u0308-4-Annikki-ja-poppamiehet-300x216.jpg\" alt=\"\" width=\"300\" height=\"216\" srcset=\"https:\/\/www.oulucomics.com\/wp-content\/uploads\/2021\/09\/Pauli-Kallio-_-Reetta-Niemensivu-Lyheneva\u0308-kesa\u0308-4-Annikki-ja-poppamiehet-300x216.jpg 300w, https:\/\/www.oulucomics.com\/wp-content\/uploads\/2021\/09\/Pauli-Kallio-_-Reetta-Niemensivu-Lyheneva\u0308-kesa\u0308-4-Annikki-ja-poppamiehet.jpg 600w\" sizes=\"auto, (max-width: 300px) 100vw, 300px\" \/><\/a><\/span>Kallion ja <strong>Reetta Niemensivun<\/strong> <em>Lyhenev\u00e4 kes\u00e4 4 - Annikki ja poppamiehet<\/em> (Suuri Kurpitsa 2021) on monelle tuttu, varmasti etenkin sanomalehti Kalevan lukijoille. Anteron, Annikin ja Jaakon seikkailujen tuorein nide avaa ovet ja ikkunat vuoden 1970 enn\u00e4tyspitk\u00e4\u00e4n kes\u00e4\u00e4n, jonka sinitaivasta pilvet harvoin varjostavat.<\/p>\n<p>&nbsp;<\/p>\n<p><span style=\"color: #0000ff;\">In the year 1981, the first issue of Suuri Kurpitsa was published with a print run of 300 copies. Comics writer and publisher <strong>Pauli Kallio<\/strong> has guided Suuri Kurpitsa and numerous artists professionally for years. This time however, the focus is on Kallio\u2019s most recent books. The interviewer will be <strong>Jyrki Liikka<\/strong>.<\/span><\/p>\n<p><span style=\"color: #0000ff;\"><em>FC Palloseura - Kulmalan is\u00e4nn\u00e4n kisahuuma<\/em> (Suuri Kurpitsa 2021) takes its reader into the middle of the most memorable moments of Finnish football, when Huuhkajat qualified for the European Championships. In Kallio\u2019s script and <strong>Pentti Otsamo<\/strong>\u2019s illustration, also Helmarit takes a leap towards the UEFA Women's Championship, and the men's futsal team breaks through to the European elite.<\/span><\/p>\n<p><span style=\"color: #0000ff;\"><em><img loading=\"lazy\" decoding=\"async\" class=\"alignleft size-thumbnail wp-image-6059\" src=\"https:\/\/www.oulucomics.com\/wp-content\/uploads\/2021\/10\/OuluX_profiilikuva_web_Pauli-150x150.jpg\" alt=\"\" width=\"150\" height=\"150\" srcset=\"https:\/\/www.oulucomics.com\/wp-content\/uploads\/2021\/10\/OuluX_profiilikuva_web_Pauli-150x150.jpg 150w, https:\/\/www.oulucomics.com\/wp-content\/uploads\/2021\/10\/OuluX_profiilikuva_web_Pauli-250x250.jpg 250w\" sizes=\"auto, (max-width: 150px) 100vw, 150px\" \/>Kalle, Kaneli ja Kipsi<\/em> (Suuri Kurpitsa 2021) has script by Kallio and illustration by <strong>Juliana Hyrri<\/strong><b>. <\/b>This second volume of the children's comic book series continues the wild adventures of Kalle and Kaneli.<\/span><\/p>\n<p><span style=\"color: #0000ff;\"><em>Lyhenev\u00e4 kes\u00e4 4 - Annikki ja poppamiehet<\/em> (Suuri Kurpitsa 2021) by Kallio and <strong>Reetta Niemensivu<\/strong> is well-known, especially to the readers of Kaleva newspaper. The newest volume of the adventures of Antero, Annikki and Jaakko opens the doors and windows to the record-breaking long summer of 1970, when clouds seldom shaded the blue sky.<\/span><\/p>\n<p><a href=\"http:\/\/www.oulucomics.com\/wp-content\/uploads\/2021\/09\/Pauli-Kallio-Kalle-Kaneli-ja-Kipsi.jpg\"><img loading=\"lazy\" decoding=\"async\" class=\"size-medium wp-image-5795 aligncenter\" src=\"http:\/\/www.oulucomics.com\/wp-content\/uploads\/2021\/09\/Pauli-Kallio-Kalle-Kaneli-ja-Kipsi-244x300.jpg\" alt=\"\" width=\"244\" height=\"300\" srcset=\"https:\/\/www.oulucomics.com\/wp-content\/uploads\/2021\/09\/Pauli-Kallio-Kalle-Kaneli-ja-Kipsi-244x300.jpg 244w, https:\/\/www.oulucomics.com\/wp-content\/uploads\/2021\/09\/Pauli-Kallio-Kalle-Kaneli-ja-Kipsi.jpg 488w\" sizes=\"auto, (max-width: 244px) 100vw, 244px\" \/><\/a><\/p>\n<p> <p class=\"wpsm-hide\" style=\"color: #cc0000; font-size: 100%; text-align: left;\"> piilota\/hide<\/p><\/div><\/div><\/p>\n<h4>12:15 -\u00a0<strong>Jaana Suorsa &amp; Aapo Kukko: Saarikoski, Turtiainen ja Tikkanen - runoja ja kuvataidetta<\/strong><\/h4>\n<p><div class=\"show_more\"><p class=\"wpsm-show\" style=\"color: #cc0000; font-size: 100%; text-align: left;\"> lis\u00e4\u00e4\/more<\/p><div class=\"wpsm-content\"><\/p>\n<p><strong><a href=\"http:\/\/www.oulucomics.com\/wp-content\/uploads\/2021\/09\/Jaana-Suorsa-Pena-runoilija-ja-kommunisti.jpg\"><img loading=\"lazy\" decoding=\"async\" class=\"alignright size-medium wp-image-5796\" src=\"http:\/\/www.oulucomics.com\/wp-content\/uploads\/2021\/09\/Jaana-Suorsa-Pena-runoilija-ja-kommunisti-213x300.jpg\" alt=\"\" width=\"213\" height=\"300\" srcset=\"https:\/\/www.oulucomics.com\/wp-content\/uploads\/2021\/09\/Jaana-Suorsa-Pena-runoilija-ja-kommunisti-213x300.jpg 213w, https:\/\/www.oulucomics.com\/wp-content\/uploads\/2021\/09\/Jaana-Suorsa-Pena-runoilija-ja-kommunisti.jpg 425w\" sizes=\"auto, (max-width: 213px) 100vw, 213px\" \/><\/a>Jaana Suorsan<\/strong> uutuusteos <em>Pena - runoilija ja kommunisti<\/em> (Partuuna 2021) esittelee lyhyesti Pentti Saarikosken el\u00e4m\u00e4nkaaren. Vain 45-vuotiaana kuollut Saarikoski ehti tuottaa paljon runoutta ja suomennoksia. Saarikoski joutui lehdist\u00f6n huomion kohteeksi muistakin syist\u00e4 kuin kirjallisista ansioistaan. H\u00e4n oli Suomen ensimm\u00e4isi\u00e4 kohujulkkiksia, paha poika, jonka tekemisi\u00e4 seurattiin ja jota moikkailtiin kadulla sanoin \u201cmeid\u00e4n Pena\u201d.<\/p>\n<p>Vastaavasti <strong>Aapo Kukon<\/strong> <em>Sosialisti ja nihilisti<\/em> (Arktinen Banaani\/Zum Teufel\/T\u00e4ysi K\u00e4si 2019) on sarjakuvaromaani kahden sotatraumojensa kanssa painiskelevan taiteilijan matkasta. Kertomus perustuu osittain runoilija Arvo Turtiaisen ja kuvataiteilija-kirjailija Henrik Tikkasen el\u00e4m\u00e4nvaiheisiin.<\/p>\n<p>Runoudesta, kuvataiteesta, kommunistista, sosialismista ja nihilismist\u00e4 Suorsan ja Kukon kanssa keskustelemassa tietokirjailija <strong>Reijo Valta<\/strong>.<\/p>\n<p><span style=\"color: #0000ff;\"><i>P<\/i><em>ena - runoilija ja kommunisti<\/em> (Partuuna 2021), new publication by <strong>Jaana Suorsa<\/strong>, compactly presents the life of Pentti Saarikoski. Saarikoski, who passed away at the age of only 45, produced a lot of poetry and Finnish translations. Saarikoski got the press\u2019s attention also for many reasons other than his writing. He was one of the first Finnish scandal celebrities, a bad boy, whose doings were followed and who was called on the streets as \u201cour Pena\u201d.<\/span><\/p>\n<p><span style=\"color: #0000ff;\">Meanwhile, <em>Sosialisti ja nihilisti<\/em> (Arktinen Banaani\/Zum Teufel\/T\u00e4ysi K\u00e4si 2019) by <strong>Aapo Kukko<\/strong> is a comics novel about the journey of two artists who struggle with war traumas. The story is partially based on the lives of the poet Arvo Turtiainen, and the visual artist and writer Henrik Tikkanen. <\/span><\/p>\n<p><span style=\"color: #0000ff;\">The non-fiction author <strong>Reijo Valta<\/strong> discusses poetry, visual arts, communism, socialism, and nihilism with Suorsa and Kukko.<\/span><\/p>\n<p><img loading=\"lazy\" decoding=\"async\" class=\"alignleft size-thumbnail wp-image-6054\" src=\"https:\/\/www.oulucomics.com\/wp-content\/uploads\/2021\/10\/OuluX_profiilikuva_web_Jaana-150x150.jpg\" alt=\"\" width=\"150\" height=\"150\" srcset=\"https:\/\/www.oulucomics.com\/wp-content\/uploads\/2021\/10\/OuluX_profiilikuva_web_Jaana-150x150.jpg 150w, https:\/\/www.oulucomics.com\/wp-content\/uploads\/2021\/10\/OuluX_profiilikuva_web_Jaana-250x250.jpg 250w\" sizes=\"auto, (max-width: 150px) 100vw, 150px\" \/><img loading=\"lazy\" decoding=\"async\" class=\"alignleft size-thumbnail wp-image-6064\" src=\"https:\/\/www.oulucomics.com\/wp-content\/uploads\/2021\/10\/OuluX_profiilikuva_web_Aapo-150x150.jpg\" alt=\"\" width=\"150\" height=\"150\" srcset=\"https:\/\/www.oulucomics.com\/wp-content\/uploads\/2021\/10\/OuluX_profiilikuva_web_Aapo-150x150.jpg 150w, https:\/\/www.oulucomics.com\/wp-content\/uploads\/2021\/10\/OuluX_profiilikuva_web_Aapo-250x250.jpg 250w\" sizes=\"auto, (max-width: 150px) 100vw, 150px\" \/><\/p>\n<hr \/>\n<p> <p class=\"wpsm-hide\" style=\"color: #cc0000; font-size: 100%; text-align: left;\"> piilota\/hide<\/p><\/div><\/div><\/p>\n<h4>12:40 - <strong>Tyrskyn myrsky! Johdatus kapteeni Haddockin manauksiin<\/strong><\/h4>\n<p><div class=\"show_more\"><p class=\"wpsm-show\" style=\"color: #cc0000; font-size: 100%; text-align: left;\"> lis\u00e4\u00e4\/more<\/p><div class=\"wpsm-content\"><\/p>\n<p><img loading=\"lazy\" decoding=\"async\" class=\"alignleft size-thumbnail wp-image-6051\" src=\"https:\/\/www.oulucomics.com\/wp-content\/uploads\/2021\/10\/OuluX_profiilikuva_web_Pasi-150x150.jpg\" alt=\"\" width=\"150\" height=\"150\" srcset=\"https:\/\/www.oulucomics.com\/wp-content\/uploads\/2021\/10\/OuluX_profiilikuva_web_Pasi-150x150.jpg 150w, https:\/\/www.oulucomics.com\/wp-content\/uploads\/2021\/10\/OuluX_profiilikuva_web_Pasi-250x250.jpg 250w\" sizes=\"auto, (max-width: 150px) 100vw, 150px\" \/>Tintin uskollinen yst\u00e4v\u00e4 kapteeni Haddock tunnetaan \u00e4kkipikaisesta luonteestaan ja omaper\u00e4isist\u00e4 manauksistaan. <strong>Pasi Heikura<\/strong> on toimittanut hauskimmat ja ikimuistoisimmat sadattelut kirjaksi nimelt\u00e4 <em>Tyrskyn myrsky! Johdatus kapteeni Haddockin manauksiin<\/em> (Otava 2021). Runsaasti kuvitettu teos avaa oivaltavasti parjausten taustoja.<\/p>\n<p>Heikuran kanssa keskustelee <strong>Reijo Valta<\/strong><b>,<\/b> ja he pyrkiv\u00e4t l\u00f6yt\u00e4m\u00e4\u00e4n vastauksen i\u00e4nikuiseen kysymykseen: Kuinka kiroilla yht\u00e4 tyylikk\u00e4\u00e4sti kuin Haddock? Vallan toteuttama <em>Turskatti! Kapteeni Haddockin haukkumat<\/em> (Jyv\u00e4s-Ainola 2011) k\u00e4sittelee sopivasti samaa teemaa. T\u00e4m\u00e4n kattauksen j\u00e4lkeen ei sarjakuvaharrastajalla varmasti mene bassibasuukin edess\u00e4 sormi suuhun.<\/p>\n<p><span style=\"color: #0000ff;\"><a href=\"http:\/\/www.oulucomics.com\/wp-content\/uploads\/2021\/09\/Pasi-Heikura-Tyrskyn-myrsky-Johdatus-kapteeni-Haddockin-manauksiin.jpg\"><img loading=\"lazy\" decoding=\"async\" class=\"aligncenter wp-image-5800\" src=\"http:\/\/www.oulucomics.com\/wp-content\/uploads\/2021\/09\/Pasi-Heikura-Tyrskyn-myrsky-Johdatus-kapteeni-Haddockin-manauksiin.jpg\" alt=\"\" width=\"600\" height=\"392\" srcset=\"https:\/\/www.oulucomics.com\/wp-content\/uploads\/2021\/09\/Pasi-Heikura-Tyrskyn-myrsky-Johdatus-kapteeni-Haddockin-manauksiin.jpg 918w, https:\/\/www.oulucomics.com\/wp-content\/uploads\/2021\/09\/Pasi-Heikura-Tyrskyn-myrsky-Johdatus-kapteeni-Haddockin-manauksiin-300x196.jpg 300w, https:\/\/www.oulucomics.com\/wp-content\/uploads\/2021\/09\/Pasi-Heikura-Tyrskyn-myrsky-Johdatus-kapteeni-Haddockin-manauksiin-768x502.jpg 768w\" sizes=\"auto, (max-width: 600px) 100vw, 600px\" \/><\/a>Faithful friend of Tintin, Captain Haddock, is known for his short temper and original curse words. <strong>Pasi Heikura<\/strong> has edited the funniest and the most memorable curses into the book <em>Tyrskyn myrsky! Johdatus kapteeni Haddockin manauksiin<\/em> (Otava 2021). With plenty of illustrations, this book insightfully unveils the backgrounds of the foul language.<\/span><\/p>\n<p><span style=\"color: #0000ff;\"><strong>Reijo Valta<\/strong> joins Heikura in discussion, and they try to find an answer to the eternal question of how to curse as stylishly as Captain Haddock. <em>Turskatti! Kapteeni Haddockin haukkumat<\/em> (Jyv\u00e4s-Ainola 2012), book by Valta, is conveniently about the same theme. After this comprehensive conversation, a comics hobbyist won\u2019t be confused by a bassibasuukki.<\/span><\/p>\n<p> <p class=\"wpsm-hide\" style=\"color: #cc0000; font-size: 100%; text-align: left;\"> piilota\/hide<\/p><\/div><\/div><\/p>\n<h4><del>13:10 - <strong>Kari Korhonen: Roope Ankan p\u00e4iv\u00e4kirjat<\/strong><\/del><\/h4>\n<p><span style=\"font-weight: 400;\">OHJELMAMUUTOS: Odottamattomista syist\u00e4 johtuen Kari Korhosen vierailu siirtyy tuleville festivaaleilla.<\/span><\/p>\n<h4>13:10 - <strong>Peter Snejbjerg: Aku Ankkaa sukupolvien ja maiden halki<\/strong><\/h4>\n<p><i><span style=\"font-weight: 400;\"><div class=\"show_more\"><p class=\"wpsm-show\" style=\"color: #cc0000; font-size: 100%; text-align: left;\"> lis\u00e4\u00e4\/more<\/p><div class=\"wpsm-content\"><\/span><\/i><\/p>\n<p><i><span style=\"font-weight: 400;\"><a href=\"https:\/\/www.oulucomics.com\/wp-content\/uploads\/2021\/10\/OuluX_profiilikuva_web_Peter.jpg\"><img loading=\"lazy\" decoding=\"async\" class=\"alignright size-medium wp-image-6040\" src=\"https:\/\/www.oulucomics.com\/wp-content\/uploads\/2021\/10\/OuluX_profiilikuva_web_Peter-250x300.jpg\" alt=\"\" width=\"250\" height=\"300\" srcset=\"https:\/\/www.oulucomics.com\/wp-content\/uploads\/2021\/10\/OuluX_profiilikuva_web_Peter-250x300.jpg 250w, https:\/\/www.oulucomics.com\/wp-content\/uploads\/2021\/10\/OuluX_profiilikuva_web_Peter.jpg 750w\" sizes=\"auto, (max-width: 250px) 100vw, 250px\" \/><\/a>Aku Ankka<\/span><\/i><span style=\"font-weight: 400;\"> -lehti on ilmestynyt Suomessa jo 70 vuotta. T\u00e4m\u00e4 kansainv\u00e4linen ikoni yhdist\u00e4\u00e4 paitsi suomalaisia sukupolvia, my\u00f6s sarjakuvan kansainv\u00e4list\u00e4 lukijakuntaa.<\/span><\/p>\n<p><span style=\"font-weight: 400;\">Ainutkertaisen n\u00e4k\u00f6kulman <\/span><i><span style=\"font-weight: 400;\">Aku Ankan<\/span><\/i><span style=\"font-weight: 400;\"> tarinoihin meille antaa tanskalainen sarjakuvataiteilija <\/span><strong>Peter Snejbjerg<\/strong><span style=\"font-weight: 400;\">. H\u00e4n on vaiherikkaan uransa aikana k\u00e4sikirjoittanut <\/span><i><span style=\"font-weight: 400;\">Aku Ankka<\/span><\/i><span style=\"font-weight: 400;\"> -kertomuksia ja tuntee niin hahmojen hengen kuin Ankkalinnan el\u00e4m\u00e4n.<\/span><\/p>\n<p><span style=\"font-weight: 400;\">Snejbjergin kanssa <\/span><i><span style=\"font-weight: 400;\">Aku Ankasta<\/span><\/i><span style=\"font-weight: 400;\"> on keskustelemassa Egmontin kustannustoimittaja <\/span><strong>Jouko Ruokosenm\u00e4ki<\/strong><span style=\"font-weight: 400;\">. Suomenkielisess\u00e4 keskustelussa tulkkina toimii <\/span><strong>Sami Nyyss\u00f6l\u00e4<\/strong><span style=\"font-weight: 400;\">.<\/span><\/p>\n<p><strong><span style=\"color: #0000ff;\">Peter Snejbjerg: Donald Duck through generations and nations<\/span><\/strong><\/p>\n<p><span style=\"color: #0000ff;\"><em>Donald Duck<\/em><span style=\"font-weight: 400;\"> magazine has been published in Finland for 70 years. This international icon brings together not only generations of Finns but also the comic\u2019s international audience.<\/span><\/span><\/p>\n<p><span style=\"color: #0000ff;\"><span style=\"font-weight: 400;\">Comic artist <\/span><strong>Peter Snejbjerg<\/strong><span style=\"font-weight: 400;\"> from Denmark offers us a unique perspective into <\/span><em><span style=\"font-weight: 400;\">Donald Duck<\/span><\/em><span style=\"font-weight: 400;\"> stories. His storied career includes being a script writer for <\/span><em><span style=\"font-weight: 400;\">Donald Duck<\/span><\/em><span style=\"font-weight: 400;\">, so he knows the characters\u2019 spirit and Duckburg\u2019s life.\u00a0<\/span><\/span><\/p>\n<p><span style=\"color: #0000ff;\"><span style=\"font-weight: 400;\">Discussing Donald Duck with Snejbjerg is Egmont\u2019s publisher <\/span><strong>Jouko Ruokosenm\u00e4ki<\/strong><span style=\"font-weight: 400;\">. Interpreting this Finnish discussion is <\/span><strong>Sami Nyyss\u00f6l\u00e4<\/strong><span style=\"font-weight: 400;\">.<\/span><\/span><\/p>\n<p> <p class=\"wpsm-hide\" style=\"color: #cc0000; font-size: 100%; text-align: left;\"> piilota\/hide<\/p><\/div><\/div><\/p>\n<h4>13:30 - <strong>Mari Ahokoivu: Aika matka! Lotta, Kasper ja luontokadon arvoitus<\/strong><\/h4>\n<p><b><i><span style=\"font-weight: 400;\"><div class=\"show_more\"><p class=\"wpsm-show\" style=\"color: #cc0000; font-size: 100%; text-align: left;\"> lis\u00e4\u00e4\/more<\/p><div class=\"wpsm-content\"><\/span><\/i><\/b><\/p>\n<p><strong><a href=\"https:\/\/www.oulucomics.com\/wp-content\/uploads\/2021\/11\/aika-matkakansi-web.jpeg\"><img loading=\"lazy\" decoding=\"async\" class=\"alignright size-medium wp-image-6110\" src=\"https:\/\/www.oulucomics.com\/wp-content\/uploads\/2021\/11\/aika-matkakansi-web-285x300.jpeg\" alt=\"\" width=\"285\" height=\"300\" srcset=\"https:\/\/www.oulucomics.com\/wp-content\/uploads\/2021\/11\/aika-matkakansi-web-285x300.jpeg 285w, https:\/\/www.oulucomics.com\/wp-content\/uploads\/2021\/11\/aika-matkakansi-web-974x1024.jpeg 974w, https:\/\/www.oulucomics.com\/wp-content\/uploads\/2021\/11\/aika-matkakansi-web-768x807.jpeg 768w, https:\/\/www.oulucomics.com\/wp-content\/uploads\/2021\/11\/aika-matkakansi-web.jpeg 1000w\" sizes=\"auto, (max-width: 285px) 100vw, 285px\" \/><\/a>Mari Ahokoivu<\/strong><span style=\"font-weight: 400;\">, oululaisl\u00e4ht\u00f6inen K\u00f6\u00f6penhaminalaistunut sarjakuvataiteilija, tunnetaan muun muassa Sarjakuva-Finlandia-ehdokasteoksestaan <\/span><i><span style=\"font-weight: 400;\">Oksi<\/span><\/i><span style=\"font-weight: 400;\"> ja kansainv\u00e4lisesti menestyneest\u00e4 <\/span><strong>Laura Ertimon<\/strong><span style=\"font-weight: 400;\"> k\u00e4sikirjoittamasta lastenkirjasta <\/span><i><span style=\"font-weight: 400;\">Ihme ilmat! Miksi ilmasto muuttuu<\/span><\/i><span style=\"font-weight: 400;\">.\u00a0<\/span><\/p>\n<p><span style=\"font-weight: 400;\">Ertimon ja Ahokoivun <\/span><em><span style=\"font-weight: 400;\">Aika matka! Lotta, Kasper ja luontokadon<\/span><\/em><i><span style=\"font-weight: 400;\"> arvoitus<\/span><\/i><span style=\"font-weight: 400;\"> -kirja, on jatkoa heid\u00e4n aiemmalle teokselleen ja niin ik\u00e4\u00e4n t\u00e4m\u00e4n vuoden Lasten- ja nuortenkirjallisuuden Finlandia-ehdokkaiden joukossa.<\/span><\/p>\n<p><span style=\"font-weight: 400;\">Ahokoivu kertoo uudesta teoksesta ja siit\u00e4, miten sarjakuvaa voi hy\u00f6dynt\u00e4\u00e4 monimutkaisten aiheiden ilmaisussa ja k\u00e4sittelyss\u00e4.<\/span><\/p>\n<p><span style=\"color: #0000ff;\"><strong>Mari Ahokoivu: Aika matka! Lotta, Kasper ja luontokadon arvoitus<\/strong><\/span><\/p>\n<p><span style=\"color: #0000ff;\"><strong>Mari Ahokoivu<\/strong><span style=\"font-weight: 400;\"> from Oulu, currently residing in Copenhagen, is known for the Sarjakuva Finlandia Prize nominated comic book<\/span><em><span style=\"font-weight: 400;\"> Oksi <\/span><\/em><span style=\"font-weight: 400;\">and internationally successful <\/span><em><span style=\"font-weight: 400;\">Weird weathers!<\/span><\/em><span style=\"font-weight: 400;\"> children\u2019s book written by <\/span><strong>Laura Ertimo<\/strong><span style=\"font-weight: 400;\">.<\/span><\/span><\/p>\n<p><span style=\"color: #0000ff;\"><span style=\"font-weight: 400;\">The new book by Ertimo and Ahokoivu <\/span><em><span style=\"font-weight: 400;\">Aika matka! Lotta, Kasper ja luontokadon arvoitus <\/span><\/em><span style=\"font-weight: 400;\">is now among Children\u2019s and Youth Literature Finlandia Prize nomin\u00e9es.<\/span><\/span><\/p>\n<p><span style=\"font-weight: 400; color: #0000ff;\">Ahokoivu tells about her new book as well as how comics are useful in expressing and discussing complicated topics.<\/span><\/p>\n<p>&nbsp;<\/p>\n<p> <p class=\"wpsm-hide\" style=\"color: #cc0000; font-size: 100%; text-align: left;\"> piilota\/hide<\/p><\/div><\/div><\/p>\n<h4>13:50 - <strong>Tiia Salmelin: Unten kaupunki \u2013 Kuolleet puutarhat 1<\/strong><\/h4>\n<p><div class=\"show_more\"><p class=\"wpsm-show\" style=\"color: #cc0000; font-size: 100%; text-align: left;\"> lis\u00e4\u00e4\/more<\/p><div class=\"wpsm-content\"><\/p>\n<p><strong><a href=\"http:\/\/www.oulucomics.com\/wp-content\/uploads\/2021\/09\/Tiia-Salmelin-Unten-kaupunki-Kuolleet-puutarhat-1.jpg\"><img loading=\"lazy\" decoding=\"async\" class=\"alignright size-medium wp-image-5801\" src=\"http:\/\/www.oulucomics.com\/wp-content\/uploads\/2021\/09\/Tiia-Salmelin-Unten-kaupunki-Kuolleet-puutarhat-1-209x300.jpg\" alt=\"\" width=\"209\" height=\"300\" srcset=\"https:\/\/www.oulucomics.com\/wp-content\/uploads\/2021\/09\/Tiia-Salmelin-Unten-kaupunki-Kuolleet-puutarhat-1-209x300.jpg 209w, https:\/\/www.oulucomics.com\/wp-content\/uploads\/2021\/09\/Tiia-Salmelin-Unten-kaupunki-Kuolleet-puutarhat-1.jpg 418w\" sizes=\"auto, (max-width: 209px) 100vw, 209px\" \/><\/a>Tiia Salmelinin<\/strong> verkkosarjakuva <em>Kuolleiden puutarhojen<\/em> ensimm\u00e4inen osa <em>Unten kaupunki - Kuolleet puutarhat 1<\/em> (Pokuto 2021) n\u00e4kee p\u00e4iv\u00e4nvalon painettuna teoksena. Fantasiatarinan p\u00e4\u00e4henkil\u00f6 Flar on \u00e4itins\u00e4 tavoin unenn\u00e4kij\u00e4. Unet johdattavat h\u00e4net er\u00e4maiden halki mystisen kaupungin porteille. Flar uskoo l\u00f6yt\u00e4v\u00e4ns\u00e4 kysymyksiins\u00e4 vastauksia unten virrassa seisovasta kaupungista. Salmelinia haastattelemassa on <strong>Anssi Vieruaho<\/strong>.<\/p>\n<p><span style=\"color: #0000ff;\">A webcomic <em>Kuolleet Puutarhat<\/em> volume 1<i>, <\/i><em>Unten kaupunki - Kuolleet puutarhat 1<\/em> (Pokuto 2021) by <strong>Tiia Salmelin<\/strong> sees the light of the day as a printed book. Protagonist of this fantasy story, Flar, is a dream seer just like his mother. The dreams lead him across wilderness to the gates of a mysterious city. Flar believes he will find answers to his questions in the city built in the stream of dreams. Salmelin is interviewed by <strong>Anssi Vieruaho<\/strong>.<\/span><\/p>\n<p><img loading=\"lazy\" decoding=\"async\" class=\"alignleft size-thumbnail wp-image-6046\" src=\"https:\/\/www.oulucomics.com\/wp-content\/uploads\/2021\/10\/OuluX_profiilikuva_web_Tiia-150x150.jpg\" alt=\"\" width=\"150\" height=\"150\" srcset=\"https:\/\/www.oulucomics.com\/wp-content\/uploads\/2021\/10\/OuluX_profiilikuva_web_Tiia-150x150.jpg 150w, https:\/\/www.oulucomics.com\/wp-content\/uploads\/2021\/10\/OuluX_profiilikuva_web_Tiia-250x250.jpg 250w\" sizes=\"auto, (max-width: 150px) 100vw, 150px\" \/><\/p>\n<hr \/>\n<p> <p class=\"wpsm-hide\" style=\"color: #cc0000; font-size: 100%; text-align: left;\"> piilota\/hide<\/p><\/div><\/div><\/p>\n<h4>14:10 - <strong>Henri Gylander<\/strong><\/h4>\n<p><div class=\"show_more\"><p class=\"wpsm-show\" style=\"color: #cc0000; font-size: 100%; text-align: left;\"> lis\u00e4\u00e4\/more<\/p><div class=\"wpsm-content\"><\/p>\n<p><a href=\"http:\/\/www.oulucomics.com\/wp-content\/uploads\/2021\/09\/Henri-Gylander-Armand-Duplantis.jpg\"><img loading=\"lazy\" decoding=\"async\" class=\"alignright size-medium wp-image-5797\" src=\"http:\/\/www.oulucomics.com\/wp-content\/uploads\/2021\/09\/Henri-Gylander-Armand-Duplantis-217x300.jpg\" alt=\"\" width=\"217\" height=\"300\" srcset=\"https:\/\/www.oulucomics.com\/wp-content\/uploads\/2021\/09\/Henri-Gylander-Armand-Duplantis-217x300.jpg 217w, https:\/\/www.oulucomics.com\/wp-content\/uploads\/2021\/09\/Henri-Gylander-Armand-Duplantis.jpg 434w\" sizes=\"auto, (max-width: 217px) 100vw, 217px\" \/><\/a>Suomen ja Ruotsin kaksoiskansalainen <strong>Henri Gylander<\/strong> (Ruotsi) on sarjakuvantekij\u00e4, kuvittaja ja opettaja. H\u00e4nen sarjakuvansa k\u00e4sittelev\u00e4t pieni\u00e4 ihmisi\u00e4 suurten asioiden \u00e4\u00e4rell\u00e4.<\/p>\n<p>Gylander on voittanut viimeisen Kemin pohjoismaisen Sarjakuvakilpailun vuonna 2012. Oulun ensimm\u00e4isess\u00e4 pohjoismaisessa sarjakuvakilpailussa vuonna 2014 h\u00e4n sai kunniamaininnan. H\u00e4nen sarjakuviaan on julkaistu Ruotsissa useissa lehdiss\u00e4. Taiteilijan tuorein sarjakuva-albumi on <em>Armand Duplantis<\/em> (Bokf\u00f6rlaget Hedvig 2020), joka on Andreas Palmaerin k\u00e4sikirjoittama. Suomeksi Gylanderilta on ilmestynyt teos <em>Unia ja toiveita<\/em> (Suuri Kurpitsa 2012).<\/p>\n<p>Pedagogiikasta, runoudesta, politiikasta ja ajankohtaisista teemoista ideoitaan ammentavaa kaksikielist\u00e4 sarjakuvan taitajaa haastattelee <strong>Harri Filppa<\/strong>.<\/p>\n<p><span style=\"color: #0000ff;\">Dual citizen of Finland and Sweden, <strong>Henri Gylander<\/strong> (Sweden), is a comic artist, an illustrator and a teacher. His comics are about small people with big matters.<\/span><\/p>\n<p><span style=\"color: #0000ff;\"><img loading=\"lazy\" decoding=\"async\" class=\"alignleft size-thumbnail wp-image-6042\" src=\"https:\/\/www.oulucomics.com\/wp-content\/uploads\/2021\/10\/OuluX_profiilikuva_web_Henri-150x150.jpg\" alt=\"\" width=\"150\" height=\"150\" srcset=\"https:\/\/www.oulucomics.com\/wp-content\/uploads\/2021\/10\/OuluX_profiilikuva_web_Henri-150x150.jpg 150w, https:\/\/www.oulucomics.com\/wp-content\/uploads\/2021\/10\/OuluX_profiilikuva_web_Henri-250x250.jpg 250w\" sizes=\"auto, (max-width: 150px) 100vw, 150px\" \/>Gylander won Kemi\u2019s last Nordic Comics Competition in 2012. At the first Oulu\u2019s Nordic Comics Competition in 2014, he received an honorary award. His comics have been published in several newspapers and magazines in Sweden. His newest comic book is titled <em>Arman Duplantis<\/em> (Bokf\u00f6rlaget Hedvig 2020), with script by Andreas Palmer. Gylander\u2019s book <em>Unia ja toiveita<\/em> (Suuri Kurpitsa 2012) has been published in Finnish.<\/span><\/p>\n<p><span style=\"color: #0000ff;\">This bilingual master of comics, who draws ideas from pedagogy, poetry, politics and topical themes, will be interviewed by <strong>Harri Filppa<\/strong>.<\/span><\/p>\n<p><a href=\"http:\/\/www.oulucomics.com\/wp-content\/uploads\/2021\/09\/Henri-Gylander-Unia-ja-toiveita.jpg\"><img loading=\"lazy\" decoding=\"async\" class=\"size-medium wp-image-5798 aligncenter\" src=\"http:\/\/www.oulucomics.com\/wp-content\/uploads\/2021\/09\/Henri-Gylander-Unia-ja-toiveita-220x300.jpg\" alt=\"\" width=\"220\" height=\"300\" srcset=\"https:\/\/www.oulucomics.com\/wp-content\/uploads\/2021\/09\/Henri-Gylander-Unia-ja-toiveita-220x300.jpg 220w, https:\/\/www.oulucomics.com\/wp-content\/uploads\/2021\/09\/Henri-Gylander-Unia-ja-toiveita.jpg 439w\" sizes=\"auto, (max-width: 220px) 100vw, 220px\" \/><\/a><\/p>\n<p> <p class=\"wpsm-hide\" style=\"color: #cc0000; font-size: 100%; text-align: left;\"> piilota\/hide<\/p><\/div><\/div><\/p>\n<h4>14:40 - <strong>Ville Ranta: Kuinka valloitin Ranskan<\/strong><\/h4>\n<p><div class=\"show_more\"><p class=\"wpsm-show\" style=\"color: #cc0000; font-size: 100%; text-align: left;\"> lis\u00e4\u00e4\/more<\/p><div class=\"wpsm-content\"><\/p>\n<p><a href=\"http:\/\/www.oulucomics.com\/wp-content\/uploads\/2021\/09\/Ville-Ranta-Kuinka-valloitin-Ranskan.jpg\"><img loading=\"lazy\" decoding=\"async\" class=\"alignright size-medium wp-image-5799\" src=\"http:\/\/www.oulucomics.com\/wp-content\/uploads\/2021\/09\/Ville-Ranta-Kuinka-valloitin-Ranskan-211x300.jpg\" alt=\"\" width=\"211\" height=\"300\" srcset=\"https:\/\/www.oulucomics.com\/wp-content\/uploads\/2021\/09\/Ville-Ranta-Kuinka-valloitin-Ranskan-211x300.jpg 211w, https:\/\/www.oulucomics.com\/wp-content\/uploads\/2021\/09\/Ville-Ranta-Kuinka-valloitin-Ranskan.jpg 634w\" sizes=\"auto, (max-width: 211px) 100vw, 211px\" \/><\/a>Oululaisl\u00e4ht\u00f6isen sarjakuvataiteilija <strong>Ville Rannan<\/strong> <em>Kuinka valloitin Ranskan<\/em> (WSOY 2021) on itseironinen ja tragikoominen satiiriteos menestyksest\u00e4 ja sen tavoittelusta. Omiin kokemuksiin pohjautuva sarjakuvaromaani kertoo taiteilijasta, joka tavoittelee l\u00e4pimurtoa Ranskan mahtavilla sarjakuvamarkkinoilla \u2013 maksoi mit\u00e4 maksoi.<\/p>\n<p>Nuori taiteilija kohtaa ranskalaisen sarjakuva-alan vaikuttajan Lancelotin, joka kehuu h\u00e4nen ty\u00f6ns\u00e4 maasta taivaisiin. P\u00e4\u00e4ss\u00e4 napsahtaa: h\u00e4n on nero, ja kunhan suuri ranskalaiskustantamo julkaisee h\u00e4nen kirjansa, h\u00e4nest\u00e4 tulee juhlittu t\u00e4hti. Mutta pian asiat alkavat saada outoja k\u00e4\u00e4nteit\u00e4\u2026<\/p>\n<p><span style=\"font-weight: 400;\">Mit\u00e4 tapahtuu taiteilijalle, jolle menestyksest\u00e4 tulee pakkomielle? Sit\u00e4kin haastattelijan penkill\u00e4 Rannalta on tiedustelemassa<\/span> <strong>Jenny Kangasvuo<\/strong><span style=\"font-weight: 400;\">.<\/span><\/p>\n<p><span style=\"color: #0000ff;\"><em>Kuinka valloitin Ranskan<\/em> (WSOY 2021) by <strong>Ville Ranta<\/strong>, a comic artist originally from Oulu, is a self-ironic and a tragicomical work of satire about success and pursuing it. The comic novel, based on his own experience, tells about an artist who needs to breakthrough at any cost in the grand comics market of France.<\/span><\/p>\n<p><span style=\"color: #0000ff;\"><img loading=\"lazy\" decoding=\"async\" class=\"alignleft size-thumbnail wp-image-6050\" src=\"https:\/\/www.oulucomics.com\/wp-content\/uploads\/2021\/10\/OuluX_profiilikuva_web_Ville-150x150.jpg\" alt=\"\" width=\"150\" height=\"150\" srcset=\"https:\/\/www.oulucomics.com\/wp-content\/uploads\/2021\/10\/OuluX_profiilikuva_web_Ville-150x150.jpg 150w, https:\/\/www.oulucomics.com\/wp-content\/uploads\/2021\/10\/OuluX_profiilikuva_web_Ville-250x250.jpg 250w\" sizes=\"auto, (max-width: 150px) 100vw, 150px\" \/>The young artist meets the French comics industry influencer, Lancelot, who praises his work. This has the artist\u2019s head spinning: he is a genius, and when his book gets published by a great French publisher, he will become a celebrated star. But soon strange twists occur...<\/span><\/p>\n<p><span style=\"color: #0000ff;\"><span style=\"font-weight: 400;\">What happens to the artist, when success becomes an obsession? This is one of the topics of Ranta\u2019s interview by<\/span> <strong>Jenny Kangasvuo<\/strong><span style=\"font-weight: 400;\">.<\/span><\/span><\/p>\n<hr \/>\n<p> <p class=\"wpsm-hide\" style=\"color: #cc0000; font-size: 100%; text-align: left;\"> piilota\/hide<\/p><\/div><\/div><\/p>\n<h4>15:10 - <strong>Disney-sarjakuvien historia<\/strong><\/h4>\n<p><div class=\"show_more\"><p class=\"wpsm-show\" style=\"color: #cc0000; font-size: 100%; text-align: left;\"> lis\u00e4\u00e4\/more<\/p><div class=\"wpsm-content\"><\/p>\n<p><em><a href=\"http:\/\/www.oulucomics.com\/wp-content\/uploads\/2021\/09\/Timo-Ronkainen-Disney-sarjakuvien-historia.jpg\"><img loading=\"lazy\" decoding=\"async\" class=\"alignright size-medium wp-image-5803\" src=\"http:\/\/www.oulucomics.com\/wp-content\/uploads\/2021\/09\/Timo-Ronkainen-Disney-sarjakuvien-historia-287x300.jpg\" alt=\"\" width=\"287\" height=\"300\" srcset=\"https:\/\/www.oulucomics.com\/wp-content\/uploads\/2021\/09\/Timo-Ronkainen-Disney-sarjakuvien-historia-287x300.jpg 287w, https:\/\/www.oulucomics.com\/wp-content\/uploads\/2021\/09\/Timo-Ronkainen-Disney-sarjakuvien-historia.jpg 573w\" sizes=\"auto, (max-width: 287px) 100vw, 287px\" \/><\/a>Aku Ankka<\/em> -lehti t\u00e4ytt\u00e4\u00e4 t\u00e4n\u00e4 vuonna Suomessa 70 vuotta ja Disney-sarjakuvia on tuotettu ymp\u00e4ri maailman yli 90:n vuoden ajan.<\/p>\n<p>Walt Disneyst\u00e4 keskustelemaan saapuvat sarjakuvantekij\u00e4 <strong>Timo Ronkainen<\/strong> ja Oulun Elokuvakeskuksen toiminnanjohtaja <strong>Sauli Pesonen<\/strong>. Sarjakuvan lis\u00e4ksi nostetaan esille animaation merkitys ja n\u00e4iden taidemuotojen kulku k\u00e4sikk\u00e4in vuosikymmenten ajan. Keskustelua johdattelee tietokirjailija <strong>Reijo Valta<\/strong>.<\/p>\n<p>Ronkaisen teos <em>Disney-sarjakuvien historia<\/em> (Zum Teufel 2021) tarkastelee kansainv\u00e4lisesti tuotettuja Disney-sarjakuvia oman aikansa historiallista, yhteiskunnallista ja kulttuurillista taustaa vasten. Kirja on ennenn\u00e4kem\u00e4tt\u00f6m\u00e4n laaja katsaus Disney-hahmojen tuotantoon kautta aikain. Globaali kustannustoiminta kunkin maan ominaispiirteineen on antanut omat s\u00e4vyns\u00e4 periamerikkalaisen sarjakuvan kaanoniin.<\/p>\n<p><span style=\"color: #0000ff;\"><em>Donald Duck<\/em> comics magazine has its 70th birthday in Finland this year, and Disney comics have been produced all over the world for over 90 years.<\/span><\/p>\n<p><span style=\"color: #0000ff;\"><img loading=\"lazy\" decoding=\"async\" class=\"alignleft size-thumbnail wp-image-6052\" src=\"https:\/\/www.oulucomics.com\/wp-content\/uploads\/2021\/10\/OuluX_profiilikuva_webTimo-150x150.jpg\" alt=\"\" width=\"150\" height=\"150\" srcset=\"https:\/\/www.oulucomics.com\/wp-content\/uploads\/2021\/10\/OuluX_profiilikuva_webTimo-150x150.jpg 150w, https:\/\/www.oulucomics.com\/wp-content\/uploads\/2021\/10\/OuluX_profiilikuva_webTimo-250x250.jpg 250w\" sizes=\"auto, (max-width: 150px) 100vw, 150px\" \/>Cartoonist <strong>Timo Ronkainen<\/strong> and the director of Oulu Film Centre <strong>Sauli Pesonen<\/strong> join to discuss Walt Disney. In addition to comics, the significance of animation and the decades-long joint path of these art forms will be brought up. The discussion will be facilitated by the non-fiction author <strong>Reijo Valta<\/strong>.<\/span><\/p>\n<p><span style=\"color: #0000ff;\">The book <em>Disney-sarjakuvien historia<\/em> (Zum Teufel 2021) by Ronkainen takes a look into internationally produced Disney comics from historical, societal and cultural viewpoints. The book is an unprecedentedly extensive overview of the production of Disney characters throughout the times. Global publishing and traits from different countries have given their shades to the canon of these essentially American comics.<\/span><\/p>\n<hr \/>\n<p> <p class=\"wpsm-hide\" style=\"color: #cc0000; font-size: 100%; text-align: left;\"> piilota\/hide<\/p><\/div><\/div><\/p>\n<h4>15:40 -\u00a0<strong>Pentti Otsamo: V\u00e4litt\u00e4j\u00e4 \u2013 Kauppa-Lopo kaukana, kaukana Kuopiosta<\/strong><\/h4>\n<p><div class=\"show_more\"><p class=\"wpsm-show\" style=\"color: #cc0000; font-size: 100%; text-align: left;\"> lis\u00e4\u00e4\/more<\/p><div class=\"wpsm-content\"><\/p>\n<p><strong><a href=\"http:\/\/www.oulucomics.com\/wp-content\/uploads\/2021\/09\/Pentti-Otsamo-Va\u0308litta\u0308ja\u0308-Kauppa-Lopo-kaukana-kaukana-Kuopiosta.jpg\"><img loading=\"lazy\" decoding=\"async\" class=\"alignright size-medium wp-image-5804\" src=\"http:\/\/www.oulucomics.com\/wp-content\/uploads\/2021\/09\/Pentti-Otsamo-Va\u0308litta\u0308ja\u0308-Kauppa-Lopo-kaukana-kaukana-Kuopiosta-212x300.jpg\" alt=\"\" width=\"212\" height=\"300\" srcset=\"https:\/\/www.oulucomics.com\/wp-content\/uploads\/2021\/09\/Pentti-Otsamo-Va\u0308litta\u0308ja\u0308-Kauppa-Lopo-kaukana-kaukana-Kuopiosta-212x300.jpg 212w, https:\/\/www.oulucomics.com\/wp-content\/uploads\/2021\/09\/Pentti-Otsamo-Va\u0308litta\u0308ja\u0308-Kauppa-Lopo-kaukana-kaukana-Kuopiosta.jpg 397w\" sizes=\"auto, (max-width: 212px) 100vw, 212px\" \/><\/a>Pentti Otsamon<\/strong> k\u00e4sikirjoittama ja piirt\u00e4m\u00e4 <em>V\u00e4litt\u00e4j\u00e4 \u2013 Kauppa-Lopo kaukana, kaukana Kuopiosta<\/em> (Suuri Kurpitsa 2021) perustuu Minna Canthin novelliin <em>Kauppa-Lopo<\/em>. Vuonna 1889 ilmestynyt naturalistinen alkuteos korosti sit\u00e4, ett\u00e4 ihmisen arvo tai luonne ei riipu h\u00e4nen syntyper\u00e4st\u00e4\u00e4n tai yhteiskunnallisesta asemastaan.<\/p>\n<p>Kaukaisiin galakseihin kulkeva sarjakuvatulkinta yhdist\u00e4\u00e4 Canthin klassikkoteoksen eetoksen ja piirt\u00e4j\u00e4n teinivuosien scifiin painottuneet kulttuurivaikutteet. 70- ja 80-lukujen vaihteessa Kirjayhtym\u00e4n scifi-sarja vei vieraille planeetoille ja tulevaisuuteen, samoin television <em>Avaruusasema Alfa<\/em> ja <em>Taisteluplaneetta Galactica<\/em> sek\u00e4 <em>Mustan aukon<\/em>, <em>Kolmannen asteen yhteyden<\/em> ja <em>Star Wars<\/em> -sarjan ensimm\u00e4isten osien kaltaiset elokuvat.<\/p>\n<p>Otsamon avauksesta tieteissarjakuvan saralla keskustelemassa <strong>Jyrki Liikka<\/strong>.<\/p>\n<p><span style=\"color: #0000ff;\"><em>V\u00e4litt\u00e4j\u00e4 - Kauppa-Lopo kaukana, kaukana Kuopiosta<\/em> (Suuri Kurpitsa 2021), scripted and illustrated by <strong>Pentti Otsamo<\/strong>, is based on the short story <em>Kauppa-Lopo<\/em> by Minna Canth. The naturalistic original story was published in 1889, and it emphasized that no value nor disposition of a human being depends on their ancestry or societal rank.<\/span><\/p>\n<p><span style=\"color: #0000ff;\"><img loading=\"lazy\" decoding=\"async\" class=\"alignleft size-thumbnail wp-image-6044\" src=\"https:\/\/www.oulucomics.com\/wp-content\/uploads\/2021\/10\/OuluX_profiilikuva_web_Pentti-150x150.jpg\" alt=\"\" width=\"150\" height=\"150\" srcset=\"https:\/\/www.oulucomics.com\/wp-content\/uploads\/2021\/10\/OuluX_profiilikuva_web_Pentti-150x150.jpg 150w, https:\/\/www.oulucomics.com\/wp-content\/uploads\/2021\/10\/OuluX_profiilikuva_web_Pentti-250x250.jpg 250w\" sizes=\"auto, (max-width: 150px) 100vw, 150px\" \/>The comic rendition travels to faraway galaxies, combining the ethos of Canth\u2019s classic book and sci-fi culture influences from Otsamo\u2019s youth. In late 70s to early 80s, Kirjayhtym\u00e4\u2019s sci-fi series took its reader to foreign planets and to the future, as did the TV series <em>Space: 1999 <\/em>and <em>Battlestar Galactica<\/em>, and movies like <em>The Black Hole<\/em>, <em>Close Encounters of the Third Kind<\/em>, and the first films in the <em>Star Wars<\/em> series.<\/span><\/p>\n<p><span style=\"color: #0000ff;\"><strong>Jyrki Liikka<\/strong> will join Otsamo to discuss his debut in sci-fi comics.<\/span><\/p>\n<hr \/>\n<p> <p class=\"wpsm-hide\" style=\"color: #cc0000; font-size: 100%; text-align: left;\"> piilota\/hide<\/p><\/div><\/div><\/p>\n<h4>16:05 -\u00a0<strong>Peter Snejbjerg <span style=\"color: #0000ff;\">(In English)<\/span><\/strong><b><br \/>\n<\/b><\/h4>\n<p><div class=\"show_more\"><p class=\"wpsm-show\" style=\"color: #cc0000; font-size: 100%; text-align: left;\"> lis\u00e4\u00e4\/more<\/p><div class=\"wpsm-content\"><\/p>\n<p><strong><a href=\"http:\/\/www.oulucomics.com\/wp-content\/uploads\/2021\/10\/9789527033180_marlene_lores.jpg\"><img loading=\"lazy\" decoding=\"async\" class=\"alignright size-medium wp-image-5971\" src=\"http:\/\/www.oulucomics.com\/wp-content\/uploads\/2021\/10\/9789527033180_marlene_lores-212x300.jpg\" alt=\"\" width=\"212\" height=\"300\" srcset=\"https:\/\/www.oulucomics.com\/wp-content\/uploads\/2021\/10\/9789527033180_marlene_lores-212x300.jpg 212w, https:\/\/www.oulucomics.com\/wp-content\/uploads\/2021\/10\/9789527033180_marlene_lores-723x1024.jpg 723w, https:\/\/www.oulucomics.com\/wp-content\/uploads\/2021\/10\/9789527033180_marlene_lores-768x1087.jpg 768w, https:\/\/www.oulucomics.com\/wp-content\/uploads\/2021\/10\/9789527033180_marlene_lores.jpg 1000w\" sizes=\"auto, (max-width: 212px) 100vw, 212px\" \/><\/a>Peter Snejbjerg<\/strong> (Tanska) on sarjakuviin ja visuaaliseen tarinankerrontaan erikoistunut kuvittaja. H\u00e4nen nimens\u00e4 on edellisten vuosikymmenten aikana tullut tutuksi etenkin amerikkalaista valtavirtasarjakuvaa seuraaville.<\/p>\n<p>H\u00e4nen merkitt\u00e4vimpi\u00e4 teoksiaan ovat eeppinen tieteisfantasia <em>Hypernauten<\/em>, seikkailutarina <em>The Hidden Protocol (Den Skjulte Protokol)<\/em>, DC Comicsin <em>Starman<\/em> ja useita Vertigo-nimikkeit\u00e4.<\/p>\n<p>Uutuusteoksena Peter Snejbjergilt\u00e4 ilmestyy Oulun Sarjakuvafestivaalilla suomenkielinen <em>Marlene<\/em> (Kumiorava 2021). Teos on Snejbjergin kirjoittama ja kuvittama murhamysteeri, jossa arkip\u00e4iv\u00e4 ja yliluonnollinen kohtaavat kauhistuttavalla tavalla. Vahva mustavalkokuvitus yhdist\u00e4\u00e4 saumattomasti brutaalit k\u00e4\u00e4nteet ja mustan huumorin.<\/p>\n<p>Innovatiivisena ja monipuolisena sarjakuvataiteilijana h\u00e4n on enn\u00e4tt\u00e4nyt my\u00f6s k\u00e4sikirjoittamaan <em>Aku Ankka<\/em>-sarjakuvia. Snejbjergi\u00e4 haastattelee Oulun Sarjakuvafestivaalilla <strong>Jouko Ruokosenm\u00e4ki<\/strong>.<\/p>\n<p>Snejbjerg on piirt\u00e4nyt sarjakuvia muun muassa DC Comicsille, Dark Horselle, Le Lombardille ja \u00c9ditions Dargaudille. Lis\u00e4ksi h\u00e4n on kuvittanut lastenkirjoja esimerkiksi Gyldendalille, Alinealle, Forlaget Cortolle ja Calibatille.<\/p>\n<p>Suomenkielell\u00e4 h\u00e4nelt\u00e4 on aiemmin julkaistu <em>Henkimaailman Korkeaj\u00e4nnitys - Valon prikaati<\/em> (DC Comics 2004) ja <em>Batman: Etsiv\u00e4 27<\/em> (Egmont Kustannus 2004) ja teos <em>Preacher Deluxe - Nelj\u00e4s kirja<\/em> (RW Kustannus 2016) sis\u00e4lt\u00e4\u00e4 Snejbjergin piirt\u00e4m\u00e4n osion.<\/p>\n<p><span style=\"color: #0000ff;\"><strong><a href=\"http:\/\/www.oulucomics.com\/wp-content\/uploads\/2021\/09\/P_Snejbjerg.jpg\"><img loading=\"lazy\" decoding=\"async\" class=\"alignright size-medium wp-image-5835\" src=\"http:\/\/www.oulucomics.com\/wp-content\/uploads\/2021\/09\/P_Snejbjerg-300x200.jpg\" alt=\"\" width=\"300\" height=\"200\" srcset=\"https:\/\/www.oulucomics.com\/wp-content\/uploads\/2021\/09\/P_Snejbjerg-300x200.jpg 300w, https:\/\/www.oulucomics.com\/wp-content\/uploads\/2021\/09\/P_Snejbjerg-1024x683.jpg 1024w, https:\/\/www.oulucomics.com\/wp-content\/uploads\/2021\/09\/P_Snejbjerg-768x512.jpg 768w, https:\/\/www.oulucomics.com\/wp-content\/uploads\/2021\/09\/P_Snejbjerg-1536x1024.jpg 1536w, https:\/\/www.oulucomics.com\/wp-content\/uploads\/2021\/09\/P_Snejbjerg-2048x1366.jpg 2048w, https:\/\/www.oulucomics.com\/wp-content\/uploads\/2021\/09\/P_Snejbjerg-1440x960.jpg 1440w, https:\/\/www.oulucomics.com\/wp-content\/uploads\/2021\/09\/P_Snejbjerg-1920x1280.jpg 1920w\" sizes=\"auto, (max-width: 300px) 100vw, 300px\" \/><\/a>Peter Snejbjerg<\/strong> (Denmark) is an illustrator specializing in comics and visual storytelling. In recent decades, his name has become renowned especially for those who follow American mainstream comics.<\/span><\/p>\n<p><span style=\"color: #0000ff;\">Epic sci-fi fantasy <em>Hypernauten<\/em>, adventure story <em>The Hidden Protocol (Den Skjulte Protokol)<\/em>, <em>Starman<\/em> of DC Comics and Vertigo titles are among his most notable books.<\/span><\/p>\n<p><span style=\"color: #0000ff;\">The newest Finnish-translated comic book by Peter Snejbjerg, <em>Marlene<\/em> (Kumiorava 2021), will be launched at Oulu X Comics Festival. The book is a murder mystery in which the mundane meets the supernatural in a horrifying fashion. The book is written and illustrated by Snejbjerg. Brutal twists and black humour are tied together by bold black and white illustrations.<\/span><\/p>\n<p><span style=\"color: #0000ff;\">Snejbjerg, being an innovative and diverse comic artist, has found time to script <em>Donald Duck<\/em> comics, too. At the Oulu Comics Festival, Snejbjerg is interviewed by <strong>Jouko Ruokosenm\u00e4ki<\/strong>.<\/span><\/p>\n<p><span style=\"color: #0000ff;\">Snejbjerg has drawn illustrations for DC Comics, Dark Horse, Le Lombard, and \u00c9ditions Dargaud, to name just a few. On top of all this, he has also illustrated children's books e.g. for Gyldendal, Alinea, Forlaget Corto, and Calibat.<\/span><\/p>\n<p><span style=\"color: #0000ff;\"><em>Henkimaailman Korkeaj\u00e4nnitys - Valon prikaati<\/em> (DC Comics 2004) and <em>Batman: Etsiv\u00e4 27<\/em> (Egmont Kustannus 2004) are his earlier Finnish-translated books. Snejbjerg has also drawn a segment to <em>Preacher Deluxe - Nelj\u00e4s kirja<\/em> (RW Kustannus 2016).<\/span><\/p>\n<p><img loading=\"lazy\" decoding=\"async\" class=\"alignleft size-thumbnail wp-image-6040\" src=\"https:\/\/www.oulucomics.com\/wp-content\/uploads\/2021\/10\/OuluX_profiilikuva_web_Peter-150x150.jpg\" alt=\"\" width=\"150\" height=\"150\" srcset=\"https:\/\/www.oulucomics.com\/wp-content\/uploads\/2021\/10\/OuluX_profiilikuva_web_Peter-150x150.jpg 150w, https:\/\/www.oulucomics.com\/wp-content\/uploads\/2021\/10\/OuluX_profiilikuva_web_Peter-250x250.jpg 250w\" sizes=\"auto, (max-width: 150px) 100vw, 150px\" \/><\/p>\n<hr \/>\n<p> <p class=\"wpsm-hide\" style=\"color: #cc0000; font-size: 100%; text-align: left;\"> piilota\/hide<\/p><\/div><\/div><\/p>\n<h4>16:45 - <strong>Jiipu Uusitalo: Okanaamio<\/strong><\/h4>\n<p><div class=\"show_more\"><p class=\"wpsm-show\" style=\"color: #cc0000; font-size: 100%; text-align: left;\"> lis\u00e4\u00e4\/more<\/p><div class=\"wpsm-content\"><\/p>\n<p><a href=\"http:\/\/www.oulucomics.com\/wp-content\/uploads\/2021\/09\/Jiipu-Okanaamio.jpg\"><img loading=\"lazy\" decoding=\"async\" class=\"alignright size-medium wp-image-5806\" src=\"http:\/\/www.oulucomics.com\/wp-content\/uploads\/2021\/09\/Jiipu-Okanaamio-212x300.jpg\" alt=\"\" width=\"212\" height=\"300\" srcset=\"https:\/\/www.oulucomics.com\/wp-content\/uploads\/2021\/09\/Jiipu-Okanaamio-212x300.jpg 212w, https:\/\/www.oulucomics.com\/wp-content\/uploads\/2021\/09\/Jiipu-Okanaamio.jpg 423w\" sizes=\"auto, (max-width: 212px) 100vw, 212px\" \/><\/a>Sarjakuvataiteilija <strong>Jiipu Uusitalo<\/strong> jatkaa v\u00e4rikk\u00e4\u00e4ll\u00e4 linjalla valta-trilogian kolmannen osan merkeiss\u00e4. <em>Okanaamio<\/em> (T\u00e4ysi K\u00e4si 2021) on Katastrofisarjakuva, jossa tulvan erilleen heitt\u00e4m\u00e4t rakastavaiset joutuvat pohtimaan millaisia valta-asetelmia terveyden, varallisuuden ja sukupuolen kaltaiset tekij\u00e4t tuovat sosiaalisiin tilanteisiin. Sarjassa ovat aiemmin ilmestyneet <em>Kukkaisruoska<\/em> (T\u00e4ysi K\u00e4si 2019), jossa k\u00e4sitell\u00e4\u00e4n rankaisuvaltaa ja <em>Puupenni<\/em> (T\u00e4ysi K\u00e4si 2020), joka keskittyy talouteen ja siihen liittyviin valtasuhteisiin. Tekij\u00e4\u00e4 haastattelee <strong>Vesa Kataisto<\/strong>.<\/p>\n<p><span style=\"color: #0000ff;\"><img loading=\"lazy\" decoding=\"async\" class=\"alignleft size-thumbnail wp-image-6053\" src=\"https:\/\/www.oulucomics.com\/wp-content\/uploads\/2021\/10\/OuluX_profiilikuva_web_Jiipu-150x150.jpg\" alt=\"\" width=\"150\" height=\"150\" srcset=\"https:\/\/www.oulucomics.com\/wp-content\/uploads\/2021\/10\/OuluX_profiilikuva_web_Jiipu-150x150.jpg 150w, https:\/\/www.oulucomics.com\/wp-content\/uploads\/2021\/10\/OuluX_profiilikuva_web_Jiipu-250x250.jpg 250w\" sizes=\"auto, (max-width: 150px) 100vw, 150px\" \/>Comic artist <strong>Jiipu Uusitalo<\/strong> continues with a colourful style in the third volume of the power trilogy. <em>Okanaamio<\/em> (T\u00e4ysi K\u00e4si 2021) is a catastrophe comic where lovers tossed apart by a flood have to confront the power hierarchies that health, wealth and sex create in social settings. The first two volumes in the series are <em>Kukkaisruoska<\/em> (T\u00e4ysi K\u00e4si 2019) with a theme of punitive power and <em>Puupenni<\/em> (T\u00e4ysi K\u00e4si 2020) with a theme of economics and economical power relations. The artist is interviewed by <strong>Vesa Kataisto<\/strong><b>.<\/b><\/span><\/p>\n<p> <p class=\"wpsm-hide\" style=\"color: #cc0000; font-size: 100%; text-align: left;\"> piilota\/hide<\/p><\/div><\/div><\/p>\n<h4>17:15 - <strong>Milla Paloniemi<\/strong><\/h4>\n<p><div class=\"show_more\"><p class=\"wpsm-show\" style=\"color: #cc0000; font-size: 100%; text-align: left;\"> lis\u00e4\u00e4\/more<\/p><div class=\"wpsm-content\"><\/p>\n<p><strong><a href=\"http:\/\/www.oulucomics.com\/wp-content\/uploads\/2021\/09\/pehemoonen-puoli.jpeg\"><img loading=\"lazy\" decoding=\"async\" class=\"alignright size-medium wp-image-5807\" src=\"http:\/\/www.oulucomics.com\/wp-content\/uploads\/2021\/09\/pehemoonen-puoli-187x300.jpeg\" alt=\"\" width=\"187\" height=\"300\" srcset=\"https:\/\/www.oulucomics.com\/wp-content\/uploads\/2021\/09\/pehemoonen-puoli-187x300.jpeg 187w, https:\/\/www.oulucomics.com\/wp-content\/uploads\/2021\/09\/pehemoonen-puoli.jpeg 639w\" sizes=\"auto, (max-width: 187px) 100vw, 187px\" \/><\/a>Milla Paloniemi<\/strong> loi sittemmin kulttimaineen saavuttaneen pahasuisen siilins\u00e4 koulussa luennolla vuonna 2003. <em>Kiroileva siili<\/em> on tuttu my\u00f6s lukuisista oheistuotteistaan, joita l\u00f6ytyy monista suomalaiskodeista. Paloniemi on saanut ty\u00f6st\u00e4\u00e4n mm. Sarjakuva-Finlandia-palkinnon.<\/p>\n<p>Paloniemi on vieraillut Oulun Sarjakuvafestivaalilla useamman kerran ja muistetaan my\u00f6s ensimm\u00e4isest\u00e4 tapahtumasta vuonna 2012, jolloin <em>Soiva Siili meets Kiroileva siili<\/em> t\u00e4ytti punk-musiikilla koko tuon vuoden tapahtumapaikan aulan. H\u00e4n oli yksi Oulun Sarjakuvafestivaalin historian ensimm\u00e4isist\u00e4 esiintyjist\u00e4 ja ansaitsee luonnollisesti paikkansa juhlistamassa 10-vuotista taivaltamme.<\/p>\n<p><em>Kiroilevasta Siilist\u00e4<\/em> ja muista luonnonilmi\u00f6ist\u00e4 taiteilijaa haastattelee <strong>Vesa Kataisto<\/strong>.<\/p>\n<p><span style=\"color: #0000ff;\"><strong><img loading=\"lazy\" decoding=\"async\" class=\"alignleft size-thumbnail wp-image-6043\" src=\"https:\/\/www.oulucomics.com\/wp-content\/uploads\/2021\/10\/OuluX_profiilikuva_web_Milla-150x150.jpg\" alt=\"\" width=\"150\" height=\"150\" srcset=\"https:\/\/www.oulucomics.com\/wp-content\/uploads\/2021\/10\/OuluX_profiilikuva_web_Milla-150x150.jpg 150w, https:\/\/www.oulucomics.com\/wp-content\/uploads\/2021\/10\/OuluX_profiilikuva_web_Milla-250x250.jpg 250w\" sizes=\"auto, (max-width: 150px) 100vw, 150px\" \/>Milla Paloniemi<\/strong> created her foul-mouthed hedgehog, who has since reached cult fame, while sitting in a lecture at school in 2003. <em>Cursing Hedgehog<\/em> is known from various apparel and decorative items commonly found in Finnish homes. Paloniemi\u2019s work on comic books has brought her among other things the Sarjakuva-Finlandia (Comics-Finlandia) award.<\/span><\/p>\n<p><span style=\"color: #0000ff;\">Paloniemi has been a guest at Oulu Comics Festival several times. She is remembered from the first festival in 2012, when <em>Soiva Siili meets Kiroileva siili<\/em> filled the whole event lobby with punk music. She was one of the very first speakers in the history of Oulu Comics Festival, and naturally deserves her place in our 10th anniversary celebration.<\/span><\/p>\n<p><span style=\"color: #0000ff;\"><strong>Vesa Kataisto<\/strong> will interview the artist about <em>Cursing Hedgehog<\/em> and other natural phenomena.<\/span><\/p>\n<p> <p class=\"wpsm-hide\" style=\"color: #cc0000; font-size: 100%; text-align: left;\"> piilota\/hide<\/p><\/div><\/div><\/p>\n<h4>17:45 - <strong>Tessa Astre, Niko-Petteri Niva &amp; Aapo Kukko: Huojuva torni<\/strong><\/h4>\n<p><div class=\"show_more\"><p class=\"wpsm-show\" style=\"color: #cc0000; font-size: 100%; text-align: left;\"> lis\u00e4\u00e4\/more<\/p><div class=\"wpsm-content\"><\/p>\n<p><strong><a href=\"http:\/\/www.oulucomics.com\/wp-content\/uploads\/2021\/07\/huojuvatorni.jpg\"><img loading=\"lazy\" decoding=\"async\" class=\"alignright size-medium wp-image-5603\" src=\"http:\/\/www.oulucomics.com\/wp-content\/uploads\/2021\/07\/huojuvatorni-210x300.jpg\" alt=\"\" width=\"210\" height=\"300\" srcset=\"https:\/\/www.oulucomics.com\/wp-content\/uploads\/2021\/07\/huojuvatorni-210x300.jpg 210w, https:\/\/www.oulucomics.com\/wp-content\/uploads\/2021\/07\/huojuvatorni-716x1024.jpg 716w, https:\/\/www.oulucomics.com\/wp-content\/uploads\/2021\/07\/huojuvatorni-768x1098.jpg 768w, https:\/\/www.oulucomics.com\/wp-content\/uploads\/2021\/07\/huojuvatorni.jpg 826w\" sizes=\"auto, (max-width: 210px) 100vw, 210px\" \/><\/a>Tessa Astren<\/strong> k\u00e4sikirjoittama, ja <strong>Aapo Kukon<\/strong> ja <strong>Niko-Petteri Nivan<\/strong> kuvittama sarjakuvateos <em>Huojuva Torni<\/em> (Zum Teufel 2021) on sek\u00e4 kertomus inhimillisyydest\u00e4 ja identiteetist\u00e4 ett\u00e4 sukupolvien ja sukupuolten v\u00e4lisist\u00e4 sodista ja niiden sopimisesta.<\/p>\n<p>Tarinassa dokumenttiohjaaja Reidar Love la\u0308htee Ouluun kuvaamaan dokumenttia 80-luvun punk-nuorisosta. Kuvaukset eiva\u0308t suju helposti, sill\u00e4 menneisyyden haamut nousevat kummittelemaan ja salaisuudet alkavat paljastua. Mita\u0308 tapahtui Tornin asukkaille? Salaisuutta tekij\u00f6iden kanssa haastattelijana ratkomassa sarjakuvataiteilija, kulttuurin sekaty\u00f6l\u00e4inen ja Radiopuhelimet-yhtyeen laulaja ja sanoittaja <strong>Jyrki Anselmi M\u00e4ki<\/strong>.<\/p>\n<p><span style=\"color: #0000ff;\"><em>Huojuva torni<\/em> (Zum Teufel 2021), script by <strong>Tessa Astre<\/strong> and illustrations by <strong>Aapo Kukko<\/strong> and <strong>Niko-Petteri Niva<\/strong>, is a tale about humanity and identity, as well as about wars between generations and sexes, and how to settle them.<\/span><\/p>\n<p><span style=\"color: #0000ff;\">In the story, documentarist Reidar Love travels to Oulu to shoot a documentary about the 80s punk youth. Shooting doesn\u2019t go smoothly, as ghosts of the past rise to haunt and the secrets get revealed. What happened to the residents of <em>Huojuva Torni<\/em>? Together with the artists, the comic artist, cultural multi-tasker, and singer of Radiopuhelimet band <strong>Jyrki Anselmi M\u00e4ki<\/strong> will try to solve that mystery as the interviewer.<\/span><\/p>\n<p><img loading=\"lazy\" decoding=\"async\" class=\"alignleft size-thumbnail wp-image-6063\" src=\"https:\/\/www.oulucomics.com\/wp-content\/uploads\/2021\/10\/OuluX_profiilikuva_web_Tessa-150x150.jpg\" alt=\"\" width=\"150\" height=\"150\" srcset=\"https:\/\/www.oulucomics.com\/wp-content\/uploads\/2021\/10\/OuluX_profiilikuva_web_Tessa-150x150.jpg 150w, https:\/\/www.oulucomics.com\/wp-content\/uploads\/2021\/10\/OuluX_profiilikuva_web_Tessa-250x250.jpg 250w\" sizes=\"auto, (max-width: 150px) 100vw, 150px\" \/><img loading=\"lazy\" decoding=\"async\" class=\"alignleft size-thumbnail wp-image-6064\" src=\"https:\/\/www.oulucomics.com\/wp-content\/uploads\/2021\/10\/OuluX_profiilikuva_web_Aapo-150x150.jpg\" alt=\"\" width=\"150\" height=\"150\" srcset=\"https:\/\/www.oulucomics.com\/wp-content\/uploads\/2021\/10\/OuluX_profiilikuva_web_Aapo-150x150.jpg 150w, https:\/\/www.oulucomics.com\/wp-content\/uploads\/2021\/10\/OuluX_profiilikuva_web_Aapo-250x250.jpg 250w\" sizes=\"auto, (max-width: 150px) 100vw, 150px\" \/><img loading=\"lazy\" decoding=\"async\" class=\"alignleft size-thumbnail wp-image-6065\" src=\"https:\/\/www.oulucomics.com\/wp-content\/uploads\/2021\/10\/OuluX_profiilikuva_web_Niko-150x150.jpg\" alt=\"\" width=\"150\" height=\"150\" srcset=\"https:\/\/www.oulucomics.com\/wp-content\/uploads\/2021\/10\/OuluX_profiilikuva_web_Niko-150x150.jpg 150w, https:\/\/www.oulucomics.com\/wp-content\/uploads\/2021\/10\/OuluX_profiilikuva_web_Niko-250x250.jpg 250w\" sizes=\"auto, (max-width: 150px) 100vw, 150px\" \/><\/p>\n<hr \/>\n<p> <p class=\"wpsm-hide\" style=\"color: #cc0000; font-size: 100%; text-align: left;\"> piilota\/hide<\/p><\/div><\/div><\/p>\n<h4>18:20 - <strong>Turun Sarjakuvakaupan standaarien jako<\/strong><\/h4>\n<p><div class=\"show_more\"><p class=\"wpsm-show\" style=\"color: #cc0000; font-size: 100%; text-align: left;\"> lis\u00e4\u00e4\/more<\/p><div class=\"wpsm-content\"><\/p>\n<p>Turun Sarjakuvakauppa palkitsee p\u00f6yt\u00e4viirill\u00e4\u00e4n ansioituneita ihmisi\u00e4.<\/p>\n<p>Pukukoodi: Virallinen p\u00f6n\u00f6tys<\/p>\n<p><span style=\"color: #0000ff;\"><strong>Award Ceremony of the Pennants of Turku Comics Store<\/strong><\/span><\/p>\n<p><span style=\"color: #0000ff;\">Turku Comics Store will grant table-top pennants to commendable people.<\/span><\/p>\n<p><span style=\"color: #0000ff;\">Dresscode: official casual<\/span><\/p>\n<p> <p class=\"wpsm-hide\" style=\"color: #cc0000; font-size: 100%; text-align: left;\"> piilota\/hide<\/p><\/div><\/div><\/p>\n<\/div><\/div>\n\t\t\t\t<\/li>\n\t\t\t \t<li class=\"event festivaali fest-en fsat sarjasto signing\">\n\t\t\t\t\t<div class=\"event-date\"><div class=\"start-date\"><div class=\"event-weekday\">la<\/div><div class=\"event-day\">20<\/div><div class=\"event-month\">marras<\/div><div class=\"event-year\">2021<\/div><\/div><\/div>\n\t\t\t\t\t<div class=\"event-info single-day\"><div class=\"event-title\"><h3>Sarjakuvakeidas | Comics Oasis<\/h3><\/div><span class=\"event-time\">11:00 - 18:30<\/span><span class=\"event-location\">P\u00e4\u00e4kirjasto, 1. kerros | Main library 1st floor, Kaarlenv\u00e4yl\u00e4 3, Oulu<\/span><div class=\"event-details\"><p><span style=\"font-weight: 400;\"><img loading=\"lazy\" decoding=\"async\" class=\"size-full wp-image-2956 alignleft\" src=\"http:\/\/www.oulucomics.com\/wp-content\/uploads\/2017\/10\/fi.jpg\" alt=\"\" width=\"23\" height=\"20\" \/>Sarjakuvakeidas tarjoaa vierailijoille mahdollisuuden tehd\u00e4 sarjakuval\u00f6yt\u00f6j\u00e4. Keitaalla on myynniss\u00e4 sarjakuvakirjoja, tulosteita, oheistuotteita ja muuta materiaalia lukuisilla p\u00f6ydill\u00e4, joiden takaa l\u00f6ytyy itsen\u00e4isi\u00e4 tekij\u00f6it\u00e4, yrityksi\u00e4 ja yhteis\u00f6j\u00e4.\u00a0<\/span><\/p>\n<p><span style=\"font-weight: 400;\">Sarjakuvakeitaalla vuonna 2021:<br \/>\n<\/span><\/p>\n<ul>\n<li>Turun Sarjakuvakauppa<\/li>\n<li>Asema Kustannus<\/li>\n<li>Suuri Kurpitsa<\/li>\n<li>Musta Ritari<\/li>\n<li>Kevyt metalli<\/li>\n<li>Kutikuti<\/li>\n<li>Pokuto - Pohjoinen kustannustoiminta<\/li>\n<li>Limingan taidekoulu<\/li>\n<li>Kummaconin sarjakuva- ja kirjakirppis<\/li>\n<li>Piiru<\/li>\n<li>Reunaehto<\/li>\n<li>Rovaniemen Sarjakuvaseura<\/li>\n<li>Jiipu Uusitalo<\/li>\n<li>Apila Pepita<\/li>\n<li>Ilpo Koskela<\/li>\n<li>Esko Heikkil\u00e4<\/li>\n<li>Emma Haapam\u00e4ki<\/li>\n<li>Onsku Franck &amp; Nikke Lindholm<\/li>\n<li>Sara Ahola<\/li>\n<li>Epe Niiranen &amp; Eero Suvilehto<\/li>\n<li>Matti Reijonen<\/li>\n<li>Seppo Of\u00f6rsagd<\/li>\n<\/ul>\n<p><a href=\"http:\/\/www.oulucomics.com\/wp-content\/uploads\/2019\/08\/sarjakuvakeidas_19_web.jpg\"><img loading=\"lazy\" decoding=\"async\" class=\"aligncenter size-full wp-image-4140\" src=\"http:\/\/www.oulucomics.com\/wp-content\/uploads\/2019\/08\/sarjakuvakeidas_19_web.jpg\" alt=\"\" width=\"600\" height=\"321\" srcset=\"https:\/\/www.oulucomics.com\/wp-content\/uploads\/2019\/08\/sarjakuvakeidas_19_web.jpg 600w, https:\/\/www.oulucomics.com\/wp-content\/uploads\/2019\/08\/sarjakuvakeidas_19_web-300x161.jpg 300w\" sizes=\"auto, (max-width: 600px) 100vw, 600px\" \/><\/a><\/p>\n<p><span style=\"font-weight: 400; color: #0000ff;\"><a href=\"http:\/\/www.oulucomics.com\/wp-content\/uploads\/2017\/10\/en.jpg\"><img loading=\"lazy\" decoding=\"async\" class=\"size-full wp-image-2955 alignleft\" src=\"http:\/\/www.oulucomics.com\/wp-content\/uploads\/2017\/10\/en.jpg\" alt=\"\" width=\"23\" height=\"20\" \/><\/a>Comics Oasis offers its visitors a possibility to discover new comics and make bargains. There will be comic books, art prints, apparel, and other stuff on sale at the oasis, sold by independent authors, companies, and communities.<\/span><\/p>\n<p><span style=\"font-weight: 400; color: #0000ff;\">The list of vendors as well as book signers can be found on:<\/span><\/p>\n<p><span style=\"color: #0000ff;\"><a style=\"color: #0000ff;\" href=\"http:\/\/www.oulucomics.com\/fi\/comicsoasis2021\/\"><i><span style=\"font-weight: 400;\">http:\/\/www.oulucomics.com\/en_US\/comicsoasis2021\/<\/span><\/i><\/a><\/span><\/p>\n<\/div><\/div>\n\t\t\t\t<\/li>\n\t\t\t \t<li class=\"event festivaali fest-en fsat festivaalilava sarjasto signing\">\n\t\t\t\t\t<div class=\"event-date\"><div class=\"start-date\"><div class=\"event-weekday\">la<\/div><div class=\"event-day\">20<\/div><div class=\"event-month\">marras<\/div><div class=\"event-year\">2021<\/div><\/div><\/div>\n\t\t\t\t\t<div class=\"event-info single-day\"><div class=\"event-title\"><h3>Signeeraukset | Signings<\/h3><\/div><span class=\"event-time\">11:00 - 18:30<\/span><span class=\"event-location\">P\u00e4\u00e4kirjasto | Main library, Kaarlenv\u00e4yl\u00e4 3, Oulu<\/span><div class=\"event-details\"><p class=\"p1\">11:25 <strong>Jouko Ruokosenm\u00e4ki<\/strong> Turun Sarjakuvakauppa<br \/>\n11:50 <strong>Veli-Matti Ural &amp; Matti-Pekka Heikura<\/strong> Turun Sarjakuvakauppa<br \/>\n12:15 <strong>Mitja Mikael Malin<\/strong> Turun Sarjakuvakauppa<br \/>\n12:15 <strong>Pauli Kallio<\/strong> Suuri Kurpitsa<br \/>\n12:40 <strong>Jaana Suorsa<\/strong> Turun Sarjakuvakauppa<br \/>\n12:40 <strong>Aapo Kukko<\/strong> Turun Sarjakuvakauppa<br \/>\n13:30 <strong>Peter Snejbjerg<\/strong> Turun Sarjakuvakauppa<br \/>\n13:50 <strong>Mari Ahokoivu<\/strong> Asema kustannus \/ Turun Sarjakuvakauppa<br \/>\n14:10 <strong>Tiia Salmelin<\/strong> Pokuto - Pohjoinen kustannustoiminta<br \/>\n14:40 <strong>Henri Gylander<\/strong> Suuri Kurpitsa<br \/>\n14:40 <strong>Harri Filppa<\/strong> Turun Sarjakuvakauppa<br \/>\n15:10 <strong>Ville Ranta<\/strong> Asema kustannus<br \/>\n15:40 <strong>Timo Ronkainen<\/strong> Turun Sarjakuvakauppa<br \/>\n16:05 <strong>Pentti Otsamo<\/strong> Suuri Kurpitsa<br \/>\n16:45 <strong>Peter Snejbjerg<\/strong> Turun Sarjakuvakauppa<br \/>\n17:15 <strong>Tessa Astre, Niko-Petteri Niva &amp; Aapo Kukko<\/strong> Turun Sarjakuvakauppa<br \/>\n17:45 <strong>Milla Paloniemi<\/strong> Turun Sarjakuvakauppa<br \/>\n11:00-18:30 <strong>Jiipu Uusitalo<\/strong> Jiipu Uusitalo<br \/>\n11:00-18:30 <strong>Ilpo Koskela<\/strong> Ilpo Koskela<\/p>\n<\/div><\/div>\n\t\t\t\t<\/li>\n\t\t\t \t<li class=\"event festivaali fest-en fsat festivaalilava festivaalivirtuaalinen sarjasto\">\n\t\t\t\t\t<div class=\"event-date\"><div class=\"start-date\"><div class=\"event-weekday\">la<\/div><div class=\"event-day\">20<\/div><div class=\"event-month\">marras<\/div><div class=\"event-year\">2021<\/div><\/div><\/div>\n\t\t\t\t\t<div class=\"event-info single-day\"><div class=\"event-title\"><h3>Virtual Discussion | Virtuaalinen keskustelu<\/h3><\/div><span class=\"event-time\">12:00 - 18:00<\/span><span class=\"event-location\">P\u00e4\u00e4kirjasto, Sarjasto (3. kerros) | Main library, Comics library (3rd floor), Kaarlenv\u00e4yl\u00e4 3, Oulu<\/span><div class=\"event-details\"><p><span style=\"font-weight: 400; color: #0000ff;\"><a href=\"http:\/\/www.oulucomics.com\/wp-content\/uploads\/2017\/10\/en.jpg\"><img loading=\"lazy\" decoding=\"async\" class=\"size-full wp-image-2955 alignleft\" src=\"http:\/\/www.oulucomics.com\/wp-content\/uploads\/2017\/10\/en.jpg\" alt=\"\" width=\"23\" height=\"20\" \/><\/a>Since everyone can not join the live event, we will arrange remote access. Via virtual discussion stream, you can join the festival atmosphere even while seated on your home couch or sauna bench.<\/span><\/p>\n<p><span style=\"font-weight: 400; color: #0000ff;\">There will be both facilitated programs and open talks on the discussion area. Because this is a comics event, the focus will unsurprisingly be on comics and illustrations.<\/span><\/p>\n<p><span style=\"font-weight: 400; color: #0000ff;\">The discussion language will mainly be English. However, all languages are welcome.<\/span><\/p>\n<p><span style=\"font-weight: 400; color: #0000ff;\">You can participate even outside the official program schedule. By joining the discussion, you have an opportunity to say hi to your friends and meet new people. Participation instructions will be published 18th Nov 2021!<\/span><\/p>\n<p><strong>Join: <a href=\"https:\/\/meet.jit.si\/oulu2021\" target=\"_blank\" rel=\"noopener\">https:\/\/meet.jit.si\/oulu2021<\/a><\/strong><\/p>\n<h4><span style=\"color: #0000ff;\"><strong>13:00 Teaching comics<\/strong><\/span><\/h4>\n<p><span style=\"color: #0000ff;\"><span style=\"font-weight: 400;\"><img loading=\"lazy\" decoding=\"async\" class=\"aligncenter wp-image-2760 size-large\" src=\"http:\/\/www.oulucomics.com\/wp-content\/uploads\/2017\/05\/lim_work_header-1024x316.jpg\" alt=\"\" width=\"1024\" height=\"316\" srcset=\"https:\/\/www.oulucomics.com\/wp-content\/uploads\/2017\/05\/lim_work_header-1024x316.jpg 1024w, https:\/\/www.oulucomics.com\/wp-content\/uploads\/2017\/05\/lim_work_header-300x93.jpg 300w, https:\/\/www.oulucomics.com\/wp-content\/uploads\/2017\/05\/lim_work_header-768x237.jpg 768w, https:\/\/www.oulucomics.com\/wp-content\/uploads\/2017\/05\/lim_work_header-1440x444.jpg 1440w, https:\/\/www.oulucomics.com\/wp-content\/uploads\/2017\/05\/lim_work_header-1050x324.jpg 1050w, https:\/\/www.oulucomics.com\/wp-content\/uploads\/2017\/05\/lim_work_header.jpg 1800w\" sizes=\"auto, (max-width: 1024px) 100vw, 1024px\" \/><\/span><span style=\"font-weight: 400;\">Comics are taught as an independent art form and are also used as a support tool for other learning. How the comic arts are taught in different countries will be discussed by comic teachers <\/span><strong>Tessa Astre<\/strong><span style=\"font-weight: 400;\"> (Finland), <\/span><strong>Daniel Og<\/strong><span style=\"font-weight: 400;\"> (Brazil) and, via remote access, <\/span><strong>Fredrik Str\u00f6mberg<\/strong> <span style=\"font-weight: 400;\">(Sweden).<\/span><\/span><\/p>\n<h4><span style=\"color: #0000ff;\"><strong>13:45 Feminist comics action<\/strong><\/span><\/h4>\n<p><img loading=\"lazy\" decoding=\"async\" class=\"size-medium wp-image-5978 alignright\" src=\"http:\/\/www.oulucomics.com\/wp-content\/uploads\/2021\/10\/feministinensarjakuvatoiminta-300x212.jpeg\" alt=\"\" width=\"300\" height=\"212\" srcset=\"https:\/\/www.oulucomics.com\/wp-content\/uploads\/2021\/10\/feministinensarjakuvatoiminta-300x212.jpeg 300w, https:\/\/www.oulucomics.com\/wp-content\/uploads\/2021\/10\/feministinensarjakuvatoiminta-768x542.jpeg 768w, https:\/\/www.oulucomics.com\/wp-content\/uploads\/2021\/10\/feministinensarjakuvatoiminta.jpeg 960w\" sizes=\"auto, (max-width: 300px) 100vw, 300px\" \/><\/p>\n<p><span style=\"color: #0000ff;\"><span style=\"font-weight: 400;\">Feminist comics action is nonseparatistic and antiracist, and it strives for accessibility. <\/span><strong>Niko-Petteri Niva<\/strong><span style=\"font-weight: 400;\"> (Finland), <\/span><span style=\"font-weight: 400;\">and, via remote access, <\/span><strong>Julius Jokikokko<\/strong><span style=\"font-weight: 400;\"> (Finland) will be discussing the feminist comics action that respects everyone\u2019s self-determination, at the comics library Sarjasto.<\/span><\/span><\/p>\n<h4><span style=\"color: #0000ff;\"><strong>14:30 <b>Small scale publishing<\/b><\/strong><\/span><\/h4>\n<p><span style=\"color: #0000ff;\"><span style=\"font-weight: 400;\">Publishing has seen changes in the last decades, as new ways of publishing have emerged. <\/span><strong>Anssi Vieruaho<\/strong><span style=\"font-weight: 400;\"> (POKUTO - Pohjoinen Kustannustoiminta, Finland) and, via remote access, <\/span><strong>Mattias Elftorp<\/strong><span style=\"font-weight: 400;\"> (Wormgod, Sweden) will be discussing small scale publishing on the stage of the comics library Sarjasto. The discussion will be steered by the Oulu Comics Center director and cartoonist <\/span><strong>Harri Filppa<\/strong><span style=\"font-weight: 400;\"> (Finland).<\/span><\/span><\/p>\n<p><a href=\"http:\/\/www.oulucomics.com\/wp-content\/uploads\/2021\/10\/wormgodlogo-300x130-1.jpeg\"><img loading=\"lazy\" decoding=\"async\" class=\"wp-image-5973 alignleft\" src=\"http:\/\/www.oulucomics.com\/wp-content\/uploads\/2021\/10\/wormgodlogo-300x130-1.jpeg\" alt=\"\" width=\"208\" height=\"90\" \/><\/a><a href=\"http:\/\/www.oulucomics.com\/wp-content\/uploads\/2021\/10\/cropped-pokutologo.png\"><img loading=\"lazy\" decoding=\"async\" class=\"alignleft wp-image-5974\" src=\"http:\/\/www.oulucomics.com\/wp-content\/uploads\/2021\/10\/cropped-pokutologo-300x192.png\" alt=\"\" width=\"140\" height=\"90\" srcset=\"https:\/\/www.oulucomics.com\/wp-content\/uploads\/2021\/10\/cropped-pokutologo-300x192.png 300w, https:\/\/www.oulucomics.com\/wp-content\/uploads\/2021\/10\/cropped-pokutologo.png 502w\" sizes=\"auto, (max-width: 140px) 100vw, 140px\" \/><\/a><\/p>\n<h4><span style=\"color: #0000ff;\"><strong>15:15 Mari Ahokoivu: Weird weather<\/strong><\/span><\/h4>\n<p><span style=\"color: #0000ff;\"><strong><a href=\"http:\/\/www.oulucomics.com\/wp-content\/uploads\/2021\/10\/weirdweather.jpeg\"><img loading=\"lazy\" decoding=\"async\" class=\"alignright size-medium wp-image-5975\" src=\"http:\/\/www.oulucomics.com\/wp-content\/uploads\/2021\/10\/weirdweather-284x300.jpeg\" alt=\"\" width=\"284\" height=\"300\" srcset=\"https:\/\/www.oulucomics.com\/wp-content\/uploads\/2021\/10\/weirdweather-284x300.jpeg 284w, https:\/\/www.oulucomics.com\/wp-content\/uploads\/2021\/10\/weirdweather.jpeg 723w\" sizes=\"auto, (max-width: 284px) 100vw, 284px\" \/><\/a><\/strong><strong>Mari Ahokoivu<\/strong><b> (<\/b><span style=\"font-weight: 400;\">Finland) will arrive at the stage of the Sarjasto to discuss <\/span><em><span style=\"font-weight: 400;\">Weird weather<\/span><\/em><span style=\"font-weight: 400;\"> (Original title: <em>Ihme ilmat<\/em>). Illustrated by her, script by Laura Ertimo. The book has been translated to over 10 languages. Weird weather answers children\u2019s tough questions about climate change, and tells how we can all fight against it. The book\u2019s presentation brings forth viewpoints on how comics narration can be utilized in children's literature.<\/span><\/span><\/p>\n<p><span style=\"color: #0000ff;\"> <a style=\"color: #0000ff;\" href=\"https:\/\/www.ahlbackagency.com\/book\/weird-weather-why-does-climate-change\/?bookId=116\" target=\"_blank\" rel=\"noopener\"><span style=\"font-weight: 400;\">https:\/\/www.ahlbackagency.com\/book\/weird-weather-why-does-climate-change\/?bookId=116<\/span> <\/a><\/span><\/p>\n<h4><span style=\"color: #0000ff;\"><strong>16:00 Peter Snejbjerg: Marlene<\/strong><\/span><\/h4>\n<p><span style=\"color: #0000ff;\"><strong>Peter Snejbjerg<\/strong>\u00a0(Denmark) is an illustrator specializing in comics and visual storytelling. In recent decades, his name has become renowned especially for those who follow American mainstream comics.<\/span><\/p>\n<p><span style=\"color: #0000ff;\">Epic sci-fi fantasy\u00a0<em>Hypernauten<\/em>, adventure story\u00a0<em>The Hidden Protocol (Den Skjulte Protokol),\u00a0Starman<\/em>\u00a0of DC Comics and Vertigo titles are among his most notable books.<\/span><\/p>\n<p><span style=\"color: #0000ff;\">The newest Finnish-translated comic book by Peter Snejbjerg,\u00a0<em>Marlene<\/em>\u00a0(Kumiorava 2021), will be launched at Oulu X Comics Festival. The book is a murder mystery in which the mundane meets the supernatural in a horrifying fashion. The book is written and illustrated by Snejbjerg. Brutal twists and black humour are tied together by bold black and white illustrations.<\/span><\/p>\n<p><span style=\"color: #0000ff;\"><strong><a href=\"http:\/\/www.oulucomics.com\/wp-content\/uploads\/2021\/09\/P_Snejbjerg.jpg\"><img loading=\"lazy\" decoding=\"async\" class=\"aligncenter size-medium wp-image-5835\" src=\"http:\/\/www.oulucomics.com\/wp-content\/uploads\/2021\/09\/P_Snejbjerg-300x200.jpg\" alt=\"\" width=\"300\" height=\"200\" srcset=\"https:\/\/www.oulucomics.com\/wp-content\/uploads\/2021\/09\/P_Snejbjerg-300x200.jpg 300w, https:\/\/www.oulucomics.com\/wp-content\/uploads\/2021\/09\/P_Snejbjerg-1024x683.jpg 1024w, https:\/\/www.oulucomics.com\/wp-content\/uploads\/2021\/09\/P_Snejbjerg-768x512.jpg 768w, https:\/\/www.oulucomics.com\/wp-content\/uploads\/2021\/09\/P_Snejbjerg-1536x1024.jpg 1536w, https:\/\/www.oulucomics.com\/wp-content\/uploads\/2021\/09\/P_Snejbjerg-2048x1366.jpg 2048w, https:\/\/www.oulucomics.com\/wp-content\/uploads\/2021\/09\/P_Snejbjerg-1440x960.jpg 1440w, https:\/\/www.oulucomics.com\/wp-content\/uploads\/2021\/09\/P_Snejbjerg-1920x1280.jpg 1920w\" sizes=\"auto, (max-width: 300px) 100vw, 300px\" \/><\/a><\/strong><\/span><\/p>\n<p><span style=\"color: #0000ff;\">Snejbjerg, being an innovative and diverse comic artist, has found time to script\u00a0<em>Donald Duck<\/em>\u00a0comics, too. At the Oulu Comics Festival, Snejbjerg is interviewed by\u00a0<strong>Jouko Ruokosenm\u00e4ki<\/strong>.<\/span><\/p>\n<p><span style=\"color: #0000ff;\">Snejbjerg has drawn illustrations for DC Comics, Dark Horse, Le Lombard, and \u00c9ditions Dargaud, to name just a few. On top of all this, he has also illustrated children's books e.g. for Gyldendal, Alinea, Forlaget Corto, and Calibat.<\/span><\/p>\n<h4><span style=\"color: #0000ff;\"><strong>16:45 \u200b\u200bBlack Hole - Books meet Rights<\/strong><\/span><\/h4>\n<p><span style=\"color: #0000ff;\"><span style=\"font-weight: 400;\"><a href=\"http:\/\/www.oulucomics.com\/wp-content\/uploads\/2021\/10\/blackhole.jpeg\"><img loading=\"lazy\" decoding=\"async\" class=\"size-thumbnail wp-image-5976 alignright\" src=\"http:\/\/www.oulucomics.com\/wp-content\/uploads\/2021\/10\/blackhole-150x150.jpeg\" alt=\"\" width=\"150\" height=\"150\" srcset=\"https:\/\/www.oulucomics.com\/wp-content\/uploads\/2021\/10\/blackhole-150x150.jpeg 150w, https:\/\/www.oulucomics.com\/wp-content\/uploads\/2021\/10\/blackhole-300x297.jpeg 300w, https:\/\/www.oulucomics.com\/wp-content\/uploads\/2021\/10\/blackhole-250x250.jpeg 250w, https:\/\/www.oulucomics.com\/wp-content\/uploads\/2021\/10\/blackhole.jpeg 344w\" sizes=\"auto, (max-width: 150px) 100vw, 150px\" \/><\/a><\/span><span style=\"font-weight: 400;\">Oulu Writers Association\u2019s Executive Manager <\/span><strong>Tuomo Heikkinen<\/strong><span style=\"font-weight: 400;\"> introduces Black Hole - Books meet Rights (11.-12.2.2022). It\u2019s an international literature event focusing on translating and foreign rights. The event will introduce Finnish authors and books to international literature professionals and create networking opportunities for those interested in literature translations. The main goal of Black Hole is to increase the Finnish literature exports globally.\u00a0<\/span><\/span><\/p>\n<p><span style=\"font-weight: 400; color: #0000ff;\">Black Hole will be held in Oulu, Finland with some of the program also online. This is the second year of Black Hole. The event is organized by Oulu Writers Association. The primary funders are Council of Oulu Region and The City of Oulu. <\/span><\/p>\n<p><span style=\"color: #0000ff;\"><span style=\"font-weight: 400;\">Website: <\/span><a style=\"color: #0000ff;\" href=\"http:\/\/www.blackhole.fi\/\" target=\"_blank\" rel=\"noopener\"><span style=\"font-weight: 400;\">www.blackhole.fi<\/span><\/a><span style=\"font-weight: 400;\">\u00a0<\/span><\/span><\/p>\n<h4><span style=\"color: #0000ff;\"><strong>17:00 Comics in France<\/strong><\/span><\/h4>\n<p><span style=\"color: #0000ff;\"><strong><a href=\"http:\/\/www.oulucomics.com\/wp-content\/uploads\/2021\/10\/villeranta-Succes_mode_demploi.jpeg\"><img loading=\"lazy\" decoding=\"async\" class=\"alignright size-medium wp-image-5977\" src=\"http:\/\/www.oulucomics.com\/wp-content\/uploads\/2021\/10\/villeranta-Succes_mode_demploi-210x300.jpeg\" alt=\"\" width=\"210\" height=\"300\" srcset=\"https:\/\/www.oulucomics.com\/wp-content\/uploads\/2021\/10\/villeranta-Succes_mode_demploi-210x300.jpeg 210w, https:\/\/www.oulucomics.com\/wp-content\/uploads\/2021\/10\/villeranta-Succes_mode_demploi-717x1024.jpeg 717w, https:\/\/www.oulucomics.com\/wp-content\/uploads\/2021\/10\/villeranta-Succes_mode_demploi-768x1097.jpeg 768w, https:\/\/www.oulucomics.com\/wp-content\/uploads\/2021\/10\/villeranta-Succes_mode_demploi.jpeg 800w\" sizes=\"auto, (max-width: 210px) 100vw, 210px\" \/><\/a>Kirsi Kinnunen<\/strong> (F<strong><span style=\"font-weight: 400;\">rance\/Finland), translator, agent and consultant in France, has translated a good half of the Finnish comic books published in France. Kinnunen will participate via remote access to discuss how to get a publishing contract and be successful in the superpower of comics. Comic artist <\/span>Ville Ranta <span style=\"font-weight: 400;\">(Finland), whose newest book, <\/span><em><span style=\"font-weight: 400;\">Succ\u00e8s, mode d'emploi <\/span><\/em><span style=\"font-weight: 400;\">(Rackham 2021<\/span><span style=\"font-weight: 400;\">), translated by Kinnunen, will visit the stage of the comics library Sarjasto. The discussion will be facilitated by cartoonist <\/span>Sami Nyyss\u00f6l\u00e4<span style=\"font-weight: 400;\"> (Finland).<\/span><br \/>\n<\/strong><\/span><\/p>\n<hr \/>\n<p><span style=\"font-weight: 400;\">Koska kaikki eiv\u00e4t p\u00e4\u00e4se osallistumaan tapahtumaan paikan p\u00e4\u00e4lle, j\u00e4rjest\u00e4mme osallistumismahdollisuuden my\u00f6s et\u00e4yhteyksien p\u00e4\u00e4ss\u00e4 oleville. Virtuaalisten keskustelul\u00e4hetysten v\u00e4lityksell\u00e4 p\u00e4\u00e4set osaksi festivaalitunnelmaa vaikka kotisohvaltasi tai saunanlauteilta.\u00a0<\/span><\/p>\n<p><span style=\"font-weight: 400;\">Keskustelualueella on sek\u00e4 j\u00e4rjestetty\u00e4 ohjelmaa ett\u00e4 vapaata keskustelua. Koska kyseess\u00e4 on sarjakuvatapahtuma painotamme sis\u00e4ll\u00f6iss\u00e4 yll\u00e4tt\u00e4en sarjakuva- ja kuvitustaiteen n\u00e4k\u00f6kulmia.\u00a0<\/span><\/p>\n<p><span style=\"font-weight: 400;\">Keskustelukielen\u00e4 on p\u00e4\u00e4s\u00e4\u00e4nt\u00f6isesti englanti. Mukaan mahtuvat kuitenkin vaikka kaikki maailman kielet.<\/span><\/p>\n<p><span style=\"font-weight: 400;\">Virtuaaliseen keskusteluun p\u00e4\u00e4set mukaan my\u00f6s virallisen ohjelma-aikataulun ulkopuolella. Liittym\u00e4ll\u00e4 keskusteluun sinulla on mahdollisuus tervehti\u00e4 tuttuja ja tavata tuntemattomia. Osallistumisohjeet julkaistaan 18.11.2021!<\/span><\/p>\n<\/div><\/div>\n\t\t\t\t<\/li>\n\t\t\t \t<li class=\"event festivaali fest-en fsat klubi seura\">\n\t\t\t\t\t<div class=\"event-date\"><div class=\"start-date\"><div class=\"event-weekday\">la<\/div><div class=\"event-day\">20<\/div><div class=\"event-month\">marras<\/div><div class=\"event-year\">2021<\/div><\/div><\/div>\n\t\t\t\t\t<div class=\"event-info single-day\"><div class=\"event-title\"><h3>Sarjakuvatapaaminen | Comics Meeting<\/h3><\/div><span class=\"event-time\">20:00 -<\/span><span class=\"event-location\">Snooker Time, Asemakatu 28, Oulu<\/span><div class=\"event-details\"><p><span style=\"font-weight: 400;\"><img loading=\"lazy\" decoding=\"async\" class=\"size-full wp-image-2956 alignleft\" src=\"http:\/\/www.oulucomics.com\/wp-content\/uploads\/2017\/10\/fi.jpg\" alt=\"\" width=\"23\" height=\"20\" \/>Sarjakuvatapaaminen kutsuu viett\u00e4m\u00e4\u00e4n iltaa ja tutustumaan sarjakuvantekij\u00f6ihin. Snooker Time -anniskeluravintolassa on tarjolla virvokkeita, musiikkia, monenlaista ohjelmaa ja hyvi\u00e4 keskusteluja!\u00a0<\/span><\/p>\n<p><span style=\"font-weight: 400;\"><img loading=\"lazy\" decoding=\"async\" class=\"alignright size-medium wp-image-6026\" src=\"http:\/\/www.oulucomics.com\/wp-content\/uploads\/2021\/10\/miittiweb-300x300.jpeg\" alt=\"\" width=\"300\" height=\"300\" srcset=\"https:\/\/www.oulucomics.com\/wp-content\/uploads\/2021\/10\/miittiweb-300x300.jpeg 300w, https:\/\/www.oulucomics.com\/wp-content\/uploads\/2021\/10\/miittiweb-150x150.jpeg 150w, https:\/\/www.oulucomics.com\/wp-content\/uploads\/2021\/10\/miittiweb-768x768.jpeg 768w, https:\/\/www.oulucomics.com\/wp-content\/uploads\/2021\/10\/miittiweb-250x250.jpeg 250w, https:\/\/www.oulucomics.com\/wp-content\/uploads\/2021\/10\/miittiweb.jpeg 900w\" sizes=\"auto, (max-width: 300px) 100vw, 300px\" \/>Illan aikana j\u00e4rjestett\u00e4v\u00e4ss\u00e4 Oulun Sarjakuvafestivaali tietovisassa palautetaan mieliin asioita, taiteilijoita ja tapahtumia festivaalin 10-vuotisesta historiasta. Luvassa suorastaan nostalgisia palkintoja.<\/span><\/p>\n<p><span style=\"font-weight: 400;\">Tapahtuma on p\u00e4\u00e4symaksuton ja K18. Varaudu todistamaan henkil\u00f6llisyytesi ja n\u00e4ytt\u00e4m\u00e4\u00e4n koronapassi.<\/span><\/p>\n<p><span style=\"font-weight: 400; color: #0000ff;\"><a href=\"http:\/\/www.oulucomics.com\/wp-content\/uploads\/2017\/10\/en.jpg\"><img loading=\"lazy\" decoding=\"async\" class=\"size-full wp-image-2955 alignleft\" src=\"http:\/\/www.oulucomics.com\/wp-content\/uploads\/2017\/10\/en.jpg\" alt=\"\" width=\"23\" height=\"20\" \/><\/a>The Comics Meeting invites you to spend an evening and meet comic artists. There will be refreshments, music, various floorshows and good discussions available at the Snooker Time bar!\u00a0<\/span><\/p>\n<p><span style=\"color: #0000ff;\">The Oulu Comics Festival quiz, will be held during the evening. It will bring to mind things, artists and events from the festival's 10-years history. Nostalgic prizes are promised.<\/span><\/p>\n<p><span style=\"font-weight: 400; color: #0000ff;\">The event entrance is free and adults only. Be prepared to prove your identity and show your corona passport.<\/span><\/p>\n<\/div><\/div>\n\t\t\t\t<\/li><\/ul>\n\t\t\t\t<\/div>\n","protected":false},"excerpt":{"rendered":"<p><!-- wp:paragraph --><\/p>\n<p><strong><a href=\"http:\/\/www.oulucomics.com\/fi\/fest\/program2021\/\">Kaikki ohjelmisto<\/a> &#8211; <a href=\"http:\/\/www.oulucomics.com\/fi\/fest\/program2021\/week-program-2021\/\">Festivaaliviikko<\/a> &#8211;<\/strong><br \/><strong><a href=\"http:\/\/ww...\n<\/p>\n","protected":false},"author":1,"featured_media":0,"parent":5194,"menu_order":0,"comment_status":"closed","ping_status":"closed","template":"","meta":{"footnotes":""},"categories":[],"tags":[],"class_list":["post-5864","page","type-page","status-publish","hentry"],"_links":{"self":[{"href":"https:\/\/www.oulucomics.com\/fi\/wp-json\/wp\/v2\/pages\/5864","targetHints":{"allow":["GET"]}}],"collection":[{"href":"https:\/\/www.oulucomics.com\/fi\/wp-json\/wp\/v2\/pages"}],"about":[{"href":"https:\/\/www.oulucomics.com\/fi\/wp-json\/wp\/v2\/types\/page"}],"author":[{"embeddable":true,"href":"https:\/\/www.oulucomics.com\/fi\/wp-json\/wp\/v2\/users\/1"}],"replies":[{"embeddable":true,"href":"https:\/\/www.oulucomics.com\/fi\/wp-json\/wp\/v2\/comments?post=5864"}],"version-history":[{"count":11,"href":"https:\/\/www.oulucomics.com\/fi\/wp-json\/wp\/v2\/pages\/5864\/revisions"}],"predecessor-version":[{"id":5936,"href":"https:\/\/www.oulucomics.com\/fi\/wp-json\/wp\/v2\/pages\/5864\/revisions\/5936"}],"up":[{"embeddable":true,"href":"https:\/\/www.oulucomics.com\/fi\/wp-json\/wp\/v2\/pages\/5194"}],"wp:attachment":[{"href":"https:\/\/www.oulucomics.com\/fi\/wp-json\/wp\/v2\/media?parent=5864"}],"wp:term":[{"taxonomy":"category","embeddable":true,"href":"https:\/\/www.oulucomics.com\/fi\/wp-json\/wp\/v2\/categories?post=5864"},{"taxonomy":"post_tag","embeddable":true,"href":"https:\/\/www.oulucomics.com\/fi\/wp-json\/wp\/v2\/tags?post=5864"}],"curies":[{"name":"wp","href":"https:\/\/api.w.org\/{rel}","templated":true}]}}