{"id":5459,"date":"2021-03-05T11:55:28","date_gmt":"2021-03-05T09:55:28","guid":{"rendered":"http:\/\/www.oulucomics.com\/?page_id=5459"},"modified":"2022-03-01T15:21:50","modified_gmt":"2022-03-01T13:21:50","slug":"sarjakuva-finlandia-2021-nayttely","status":"publish","type":"page","link":"https:\/\/www.oulucomics.com\/fi\/sarjasto\/sarjakuva-finlandia-2021-nayttely\/","title":{"rendered":"Sarjasto: Sarjakuva-Finlandia 2021"},"content":{"rendered":"\n<figure class=\"wp-block-image size-large\"><img loading=\"lazy\" decoding=\"async\" width=\"600\" height=\"206\" src=\"http:\/\/www.oulucomics.com\/wp-content\/uploads\/2021\/03\/000.jpg\" alt=\"\" class=\"wp-image-5514\" srcset=\"https:\/\/www.oulucomics.com\/wp-content\/uploads\/2021\/03\/000.jpg 600w, https:\/\/www.oulucomics.com\/wp-content\/uploads\/2021\/03\/000-300x103.jpg 300w\" sizes=\"auto, (max-width: 600px) 100vw, 600px\" \/><\/figure>\n\n\n<div class=\"show_more\"><p class=\"wpsm-show\" style=\"color: #cc0000; font-size: 100%; text-align: left;\"> <strong>Lis\u00e4tietoa Sarjakuva-Finlandiasta<\/strong><\/p><div class=\"wpsm-content\"><\/p>\n\n\n\n<p>Sarjakuva-Finlandia-tunnustuspalkinto my\u00f6nnet\u00e4\u00e4n kotimaiselle tekij\u00e4lle yksin tai yhdess\u00e4 toisen osapuolen kanssa tekem\u00e4st\u00e4 ansiokkaasta sarjakuvateoksesta. Tunnustuspalkinto my\u00f6nnet\u00e4\u00e4n vuosittain kev\u00e4\u00e4ll\u00e4 Tampere Kuplii -sarjakuvafestivaalilla. Palkintosumma on yhteisty\u00f6ss\u00e4 Tampereen kaupungin kanssa asetettu 5 000 euron suuruiseksi.<\/p>\n\n\n\n<p>Ehdokkaaksi voi esitt\u00e4\u00e4 omakustannetta tai kustantajan kautta julkaistua suomen- tai ruotsinkielist\u00e4 albumia. My\u00f6s muunkielisi\u00e4 albumeita voidaan hyv\u00e4ksy\u00e4 ehdokkaaksi, jos valintalautakunta niin p\u00e4\u00e4tt\u00e4\u00e4. Palkinto on albumikohtainen.<\/p>\n\n\n\n<p>Tampere Kuplii ry asettaa vuosittain valintalautakunnan, joka valitsee enint\u00e4\u00e4n kymmenen ehdokasta palkinnonsaajaksi, ja nime\u00e4\u00e4 lautakunnan ulkopuolisen henkil\u00f6n, joka suorittaa lopullisen valinnan.<\/p>\n\n\n\n<p>Sarjakuva-Finlandia-tunnustuspalkinto on perustettu vuonna 2007 ja se jaetaan seuraavan kerran maaliskuussa 2021.<\/p>\n\n\n\n<p><a rel=\"noreferrer noopener\" href=\"https:\/\/www.sarjakuvafinlandia.fi\/\" target=\"_blank\">Lue lis\u00e4\u00e4 Sarjakuva-Finlandian kotisivulta&#8230;<\/a><\/p>\n\n\n<p> <p class=\"wpsm-hide\" style=\"color: #cc0000; font-size: 100%; text-align: left;\"> <strong>Piilota lis\u00e4tieto<\/strong><\/p><\/div><\/div>\n\n\n\n<p>Vuoden 2021 palkinnon saajan valitsee luovuuden asiamies <strong>Markku \u201dMato\u201d Valtonen<\/strong>. Tunnustuspalkinto my\u00f6nnet\u00e4\u00e4n kotimaiselle tekij\u00e4lle yksin tai yhdess\u00e4 toisen osapuolen kanssa tekem\u00e4st\u00e4 ansiokkaasta sarjakuva-albumista. <\/p>\n\n\n\n<p>Vuonna 2020 julkaistiin noin 50 kotimaisin voimin toteutettua sarjakuva-albumia. Korona pandemian vuoksi julkaistujen m\u00e4\u00e4r\u00e4 l\u00e4hes puolittui. Teoksista ehdokkaaksi asetettiin yhteens\u00e4 45 sarjakuva-albumia. Tampere Kuplii ry:n asettama nelihenkinen valintalautakunta luki tarkkaan kaikki teokset ja totesi niiden tason j\u00e4lleen kerran korkeaksi ja valinnan vaikeaksi. <\/p>\n\n\n\n<p>Vuoden 2021 valintalautakunnan j\u00e4senet ovat <strong>Pasi Heikura<\/strong>, <strong>Eija Isoviita<\/strong>, <strong>Eero Sainio<\/strong> ja <strong>Anna Vuorinne<\/strong>. Lautakunta valitsi ilmoitettujen sarjakuva-albumien joukosta kymmenen ehdokasta palkinnonsaajaksi.<\/p>\n\n\n\n<figure class=\"wp-block-image size-large\"><img loading=\"lazy\" decoding=\"async\" width=\"600\" height=\"203\" src=\"http:\/\/www.oulucomics.com\/wp-content\/uploads\/2021\/03\/001.jpg\" alt=\"\" class=\"wp-image-5467\" srcset=\"https:\/\/www.oulucomics.com\/wp-content\/uploads\/2021\/03\/001.jpg 600w, https:\/\/www.oulucomics.com\/wp-content\/uploads\/2021\/03\/001-300x102.jpg 300w\" sizes=\"auto, (max-width: 600px) 100vw, 600px\" \/><\/figure>\n\n\n<div class=\"show_more\"><p class=\"wpsm-show\" style=\"color: #cc0000; font-size: 100%; text-align: left;\"> <strong>Lis\u00e4tietoa teoksesta Homo Line<\/strong><\/p><div class=\"wpsm-content\"><\/p>\n\n\n\n<div class=\"wp-block-image\"><figure class=\"alignleft size-large is-resized\"><img loading=\"lazy\" decoding=\"async\" src=\"https:\/\/www.sarjakuvafinlandia.fi\/kansikuvat\/970.png\" alt=\"\" width=\"250\" height=\"304\"\/><\/figure><\/div>\n\n\n\n<p><strong>Edith Hammar: Homo Line (F\u00f6rlaget)<\/strong><\/p>\n\n\n\n<p>Kulttuuri-identiteettej\u00e4, sukupuolta ja seksuaalisuutta k\u00e4sittelev\u00e4 omael\u00e4m\u00e4kerrallinen teos haastaa sek\u00e4 konservatiiviset asenteet ett\u00e4 sarjakuvailmaisun konventiot. P\u00e4\u00e4henkil\u00f6 etsii paikkaansa vuoroin Helsingist\u00e4, vuoroin Tukholmasta. Lopulta k\u00e4y kuitenkin selv\u00e4ksi, ett\u00e4 kotia ei tee maa, kaupunki saati kansallisuus. T\u00e4rke\u00e4mp\u00e4\u00e4 on se, ett\u00e4 voi olla vapaasti oma itsens\u00e4 ja toteuttaa identiteetti\u00e4\u00e4n juuri niin kuin haluaa. Melankolisesta s\u00e4vyst\u00e4\u00e4n huolimatta teos ei ole lohduton, vaan muistuttaa haaveilun radikaalista voimasta.<\/p>\n\n\n\n<p>Teos <a href=\"https:\/\/finna.fi\/Record\/outi.2192646\" target=\"_blank\" rel=\"noreferrer noopener\">Finna.fi:ss\u00e4<\/a><\/p>\n\n\n\n<p>Sarjakuvantekij\u00e4n kotisivut: <a rel=\"noreferrer noopener\" href=\"https:\/\/edithhammar.com\/\" target=\"_blank\">https:\/\/edithhammar.com\/<\/a><br \/>Teos kustantajan kotisivuilla: <a href=\"https:\/\/www.forlaget.com\/bocker\/homo-line\/\" target=\"_blank\" rel=\"noreferrer noopener\">https:\/\/www.forlaget.com\/bocker\/homo-line\/<\/a><\/p>\n\n\n<p> <p class=\"wpsm-hide\" style=\"color: #cc0000; font-size: 100%; text-align: left;\"> <strong>Piilota lis\u00e4tieto<\/strong><\/p><\/div><\/div>\n\n\n\n<div class=\"wp-block-group\"><div class=\"wp-block-group__inner-container is-layout-flow wp-block-group-is-layout-flow\">\n<figure class=\"wp-block-image size-large\"><img loading=\"lazy\" decoding=\"async\" width=\"600\" height=\"200\" src=\"http:\/\/www.oulucomics.com\/wp-content\/uploads\/2021\/03\/002.jpg\" alt=\"\" class=\"wp-image-5468\" srcset=\"https:\/\/www.oulucomics.com\/wp-content\/uploads\/2021\/03\/002.jpg 600w, https:\/\/www.oulucomics.com\/wp-content\/uploads\/2021\/03\/002-300x100.jpg 300w\" sizes=\"auto, (max-width: 600px) 100vw, 600px\" \/><\/figure>\n\n\n<div class=\"show_more\"><p class=\"wpsm-show\" style=\"color: #cc0000; font-size: 100%; text-align: left;\"> <strong>Lis\u00e4tietoa teoksesta Tatu ja Patu - kovaa menoa kiskoilla<\/strong><\/p><div class=\"wpsm-content\"><\/p>\n\n\n\n<div class=\"wp-block-image\"><figure class=\"alignleft size-large is-resized\"><img loading=\"lazy\" decoding=\"async\" src=\"https:\/\/www.sarjakuvafinlandia.fi\/kansikuvat\/971.png\" alt=\"\" width=\"250\" height=\"308\"\/><\/figure><\/div>\n\n\n\n<p><strong>Aino Havukainen &#8211; Sami Toivonen: Tatu ja Patu &#8211; kovaa menoa kiskoilla (Otava)<\/strong><\/p>\n\n\n\n<p>Tatun ja Patun ensimm\u00e4inen kokonainen sarjakuva-albumi on mestarillinen osoitus tekij\u00f6iden suvereenista osaamisesta niin suurien linjojen kuin yksityiskohtien runsauden hallitsemisessa. Kohderyhm\u00e4luokittelu osoittautuu t\u00e4m\u00e4n tarinan kohdalla vajavaiseksi: albumin sanoman tajuaa lapsikin, mutta my\u00f6s aikuisen pit\u00e4\u00e4 pysytell\u00e4 valppaana l\u00f6yt\u00e4\u00e4kseen kirjasta kaiken. Outolan veljekset muistuttavat lukijaa katsomaan maailmaa j\u00e4lleen hiukan tuoreemmin silmin.<\/p>\n\n\n\n<p>Teos <a href=\"https:\/\/finna.fi\/Record\/outi.2165270\">Finna.fi:ss\u00e4<\/a><\/p>\n\n\n\n<p>Tatun ja Patun kotisivut: <a rel=\"noreferrer noopener\" href=\"http:\/\/tatujapatu.fi\/kirjat\/\" target=\"_blank\">http:\/\/tatujapatu.fi\/kirjat\/<\/a><br \/>Teos kustantajan kotisivuilla: <a rel=\"noreferrer noopener\" href=\"https:\/\/otava.fi\/kirjat\/tatu-ja-patu-kovaa-menoa-kiskoilla\/\" target=\"_blank\">https:\/\/otava.fi\/kirjat\/tatu-ja-patu-kovaa-menoa-kiskoilla\/<\/a><\/p>\n\n\n<p> <p class=\"wpsm-hide\" style=\"color: #cc0000; font-size: 100%; text-align: left;\"> <strong>Piilota lis\u00e4tieto<\/strong><\/p><\/div><\/div>\n\n\n\n<figure class=\"wp-block-image size-large\"><img loading=\"lazy\" decoding=\"async\" width=\"600\" height=\"201\" src=\"http:\/\/www.oulucomics.com\/wp-content\/uploads\/2021\/03\/003.jpg\" alt=\"\" class=\"wp-image-5469\" srcset=\"https:\/\/www.oulucomics.com\/wp-content\/uploads\/2021\/03\/003.jpg 600w, https:\/\/www.oulucomics.com\/wp-content\/uploads\/2021\/03\/003-300x101.jpg 300w\" sizes=\"auto, (max-width: 600px) 100vw, 600px\" \/><\/figure>\n\n\n\n<p><\/p>\n<\/div><\/div>\n\n\n<div class=\"show_more\"><p class=\"wpsm-show\" style=\"color: #cc0000; font-size: 100%; text-align: left;\"> <strong>Lis\u00e4tietoa teoksesta Kuutamo ja muita kertomuksia<\/strong><\/p><div class=\"wpsm-content\"><\/p>\n\n\n\n<div class=\"wp-block-image\"><figure class=\"alignleft size-large is-resized\"><img loading=\"lazy\" decoding=\"async\" src=\"https:\/\/www.sarjakuvafinlandia.fi\/kansikuvat\/958.png\" alt=\"\" width=\"250\" height=\"356\"\/><\/figure><\/div>\n\n\n\n<p><strong>Tuisku Hiltunen: Kuutamo ja muita kertomuksia (Suuri Kurpitsa)<\/strong><\/p>\n\n\n\n<p>Kolmen novellimaisen sarjakuvan kokoelma ihmissuhteista, rakkaudesta ja oman polun etsimisest\u00e4. Sarjakuvien maailmat vaihtelevat nykyhetke\u00e4 muistuttavasta kaupunkiymp\u00e4rist\u00f6st\u00e4 purjelaivojen kultakauteen ja tulevaisuuden avaruusaikaan, mutta jokaisessa kertomuksessa ollaan ihmisyyden peruskysymysten \u00e4\u00e4rell\u00e4. Miten olla oma itsens\u00e4? Kuinka kohdata toinen ihminen? Miten osoittaa rakkautta? Teos kuvaa ihmisyyden pulmia lempeydell\u00e4 ja valaa uskoa avoimeen keskusteluun.<\/p>\n\n\n\n<p>Teos <a href=\"https:\/\/finna.fi\/Record\/outi.2165187\" target=\"_blank\" rel=\"noreferrer noopener\">Finna.fi:ss\u00e4<\/a><\/p>\n\n\n\n<p>Sarjakuvantekij\u00e4n kotisivut: <a rel=\"noreferrer noopener\" href=\"https:\/\/www.tuiskuhiltunen.com\/\" target=\"_blank\">https:\/\/www.tuiskuhiltunen.com\/<\/a><br \/>Teos kustantajan kotisivuilla: <a href=\"https:\/\/www.suurikurpitsa.fi\/p\/kuutamo-ja-muita-kertomuksia\" target=\"_blank\" rel=\"noreferrer noopener\">https:\/\/www.suurikurpitsa.fi\/p\/kuutamo-ja-muita-kertomuksia<\/a><\/p>\n\n\n<p> <p class=\"wpsm-hide\" style=\"color: #cc0000; font-size: 100%; text-align: left;\"> <strong>Piilota lis\u00e4tieto<\/strong><\/p><\/div><\/div>\n\n\n\n<figure class=\"wp-block-image size-large\"><img loading=\"lazy\" decoding=\"async\" width=\"600\" height=\"227\" src=\"http:\/\/www.oulucomics.com\/wp-content\/uploads\/2021\/03\/004.jpg\" alt=\"\" class=\"wp-image-5470\" srcset=\"https:\/\/www.oulucomics.com\/wp-content\/uploads\/2021\/03\/004.jpg 600w, https:\/\/www.oulucomics.com\/wp-content\/uploads\/2021\/03\/004-300x114.jpg 300w\" sizes=\"auto, (max-width: 600px) 100vw, 600px\" \/><\/figure>\n\n\n<div class=\"show_more\"><p class=\"wpsm-show\" style=\"color: #cc0000; font-size: 100%; text-align: left;\"> <strong>Lis\u00e4tietoa teoksesta Ammatti: k\u00e4sikirjoittaja<\/strong><\/p><div class=\"wpsm-content\"><\/p>\n\n\n\n<div class=\"wp-block-image\"><figure class=\"alignleft size-large is-resized\"><img loading=\"lazy\" decoding=\"async\" src=\"https:\/\/www.sarjakuvafinlandia.fi\/kansikuvat\/963.png\" alt=\"\" width=\"250\" height=\"264\"\/><\/figure><\/div>\n\n\n\n<p><strong>Pauli Kallio ja 22 muuta tekij\u00e4\u00e4: Ammatti: k\u00e4sikirjoittaja (Suuri Kurpitsa)<\/strong><\/p>\n\n\n\n<p>Muhkea kokoelma pitk\u00e4n linjan sarjakuvak\u00e4sikirjoittaja Pauli Kallion kirjoittamia lehdiss\u00e4 ilmestyneit\u00e4 sarjakuvia. Kallion ja 22 taiteilijan kommenttien kautta teos valottaa my\u00f6s sarjakuvan syntyprosessia, k\u00e4sikirjoittajan ja piirt\u00e4j\u00e4n yhteisty\u00f6t\u00e4 ja suomalaisen lehtisarjakuvan historiaa 1980-luvulta t\u00e4h\u00e4n p\u00e4iv\u00e4\u00e4n. Kattava paketti, josta riitt\u00e4\u00e4 makusteltavaa pitk\u00e4\u00e4n ja johon voi palata aina uudelleen.<\/p>\n\n\n\n<p><em>Piirt\u00e4j\u00e4lista hakee vertaistaan: JP Ahonen, Saila Juuti, Ulf K, Jussi Karjalainen, Kati Kov\u00e1cs, Maarit Kyt\u00f6harju, Karri Laitinen, Mika Lietz\u00e9n, Jan Lindstr\u00f6m, Reetta Niemensivu, Christer Nuutinen, Pentti Otsamo, Ville Pirinen, Tomi Riionheimo, Jii Roikonen, Tiitu Takalo, Petteri Tikkanen, J. Tilsa, Piipa Toivonen, Sami Toivonen, Katja Tukiainen ja Sami V\u00e4h\u00e4-Aho.<\/em><\/p>\n\n\n\n<p>Teos <a href=\"https:\/\/finna.fi\/Record\/outi.2181760\" target=\"_blank\" rel=\"noreferrer noopener\">Finna.fi:ss\u00e4<\/a><\/p>\n\n\n\n<p>Teos kustantajan kotisivuilla: <a href=\"https:\/\/www.suurikurpitsa.fi\/p\/ammatti-kaesikirjoittaja-1\" target=\"_blank\" rel=\"noreferrer noopener\">https:\/\/www.suurikurpitsa.fi\/p\/ammatti-kaesikirjoittaja-1<\/a><\/p>\n\n\n<p> <p class=\"wpsm-hide\" style=\"color: #cc0000; font-size: 100%; text-align: left;\"> <strong>Piilota lis\u00e4tieto<\/strong><\/p><\/div><\/div>\n\n\n\n<figure class=\"wp-block-image size-large\"><img loading=\"lazy\" decoding=\"async\" width=\"600\" height=\"179\" src=\"http:\/\/www.oulucomics.com\/wp-content\/uploads\/2021\/03\/005.jpg\" alt=\"\" class=\"wp-image-5471\" srcset=\"https:\/\/www.oulucomics.com\/wp-content\/uploads\/2021\/03\/005.jpg 600w, https:\/\/www.oulucomics.com\/wp-content\/uploads\/2021\/03\/005-300x90.jpg 300w\" sizes=\"auto, (max-width: 600px) 100vw, 600px\" \/><\/figure>\n\n\n<div class=\"show_more\"><p class=\"wpsm-show\" style=\"color: #cc0000; font-size: 100%; text-align: left;\"> <strong>Lis\u00e4tietoa teoksesta Katkenneita lankoja<\/strong><\/p><div class=\"wpsm-content\"><\/p>\n\n\n\n<div class=\"wp-block-image\"><figure class=\"alignleft size-large is-resized\"><img loading=\"lazy\" decoding=\"async\" src=\"https:\/\/www.sarjakuvafinlandia.fi\/kansikuvat\/980.png\" alt=\"\" width=\"250\" height=\"360\"\/><\/figure><\/div>\n\n\n\n<p><strong>Karoliina Korhonen &#8211; Anssi Vieruaho (toim.) ja 9 sarjakuvantekij\u00e4\u00e4: Katkenneita lankoja (Atena)<\/strong><\/p>\n\n\n\n<p>Karoliina Korhonen ja Anssi Vieruaho ovat toimittaneet sarjakuva-antologian aikamme huolestuttavan yleisest\u00e4 ilmi\u00f6st\u00e4, loppuun palamisesta. Yhdeks\u00e4n sarjakuvataiteilijan tyylillisesti hyvin erilaiset tarinat kuvaavat osuvasti uupumuksen moninaisia ilmenemistapoja, mutta muodostavat yhdess\u00e4 ehe\u00e4n kokonaisuuden. Teos her\u00e4ttelee tarkastelemaan ty\u00f6kulttuurin ongelmia ja auttaa ymm\u00e4rt\u00e4m\u00e4\u00e4n uupuneita.<\/p>\n\n\n\n<p><em>Kirjassa on Tuisku Hiltusen, Emmi Niemisen, Sami Nyyss\u00f6l\u00e4n, Niko-Petteri Nivan, Mari Ahokoivun, Milla Paloniemen, Henri Tervapuron, Avi Heikkisen ja Anssi Vieruahon sarjakuvatarinat.<\/em><\/p>\n\n\n\n<p>Teos <a rel=\"noreferrer noopener\" href=\"https:\/\/finna.fi\/Record\/outi.2189830\" target=\"_blank\">Finna.fi:ss\u00e4<\/a><\/p>\n\n\n\n<p>Teos kustantajan kotisivuilla: <a href=\"https:\/\/atena.fi\/kirjat\/katkenneita-lankoja\" target=\"_blank\" rel=\"noreferrer noopener\">https:\/\/atena.fi\/kirjat\/katkenneita-lankoja<\/a><\/p>\n\n\n<p> <p class=\"wpsm-hide\" style=\"color: #cc0000; font-size: 100%; text-align: left;\"> <strong>Piilota lis\u00e4tieto<\/strong><\/p><\/div><\/div>\n\n\n\n<figure class=\"wp-block-image size-large\"><img loading=\"lazy\" decoding=\"async\" width=\"600\" height=\"208\" src=\"http:\/\/www.oulucomics.com\/wp-content\/uploads\/2021\/03\/006.jpg\" alt=\"\" class=\"wp-image-5472\" srcset=\"https:\/\/www.oulucomics.com\/wp-content\/uploads\/2021\/03\/006.jpg 600w, https:\/\/www.oulucomics.com\/wp-content\/uploads\/2021\/03\/006-300x104.jpg 300w\" sizes=\"auto, (max-width: 600px) 100vw, 600px\" \/><\/figure>\n\n\n<div class=\"show_more\"><p class=\"wpsm-show\" style=\"color: #cc0000; font-size: 100%; text-align: left;\"> <strong>Lis\u00e4tietoa teoksesta Marjatta &amp; Ilman Kinna<\/strong><\/p><div class=\"wpsm-content\"><\/p>\n\n\n\n<div class=\"wp-block-image\"><figure class=\"alignleft size-large is-resized\"><img loading=\"lazy\" decoding=\"async\" src=\"https:\/\/www.sarjakuvafinlandia.fi\/kansikuvat\/954.png\" alt=\"\" width=\"250\" height=\"176\"\/><\/figure><\/div>\n\n\n\n<p><strong>Kari Korolainen: Marjatta &amp; Ilman Kinna (Kirjokansi)<\/strong><\/p>\n\n\n\n<p>Kauaksi kotoa joutunut piika Marjatta ja linnunkoipijalkineinen kulkumies Kinna Ilma kohtaavat kyl\u00e4k\u00e4r\u00e4jill\u00e4, jotka on kutsuttu kokoon mets\u00e4st\u00e4 l\u00f6ytyneen salaper\u00e4isen laukun arvoituksen selvitt\u00e4miseksi. Kummituksistakin on riesaa kummallakin. Tarkemmin m\u00e4\u00e4rittelem\u00e4tt\u00f6m\u00e4\u00e4n entisaikaan sijoittuva teos hy\u00f6dynt\u00e4\u00e4 suomalaista mytologiaa ja uskomuksia. Lennokas piirrosj\u00e4lki kuljettaa jouhevasti etenevi\u00e4 tarinanlankoja ja henkil\u00f6iden k\u00e4ytt\u00e4m\u00e4 murre viimeistelee ilahduttavan teoksen.<\/p>\n\n\n\n<p>Teos <a href=\"https:\/\/finna.fi\/Record\/outi.2163136\" target=\"_blank\" rel=\"noreferrer noopener\">Finna.fi:ss\u00e4<\/a><\/p>\n\n\n\n<p>Teos kustantajan kotisivuilla: <a href=\"http:\/\/kirjokansi.fi\/kirjat.html\" target=\"_blank\" rel=\"noreferrer noopener\">http:\/\/kirjokansi.fi\/kirjat.html<\/a><\/p>\n\n\n<p> <p class=\"wpsm-hide\" style=\"color: #cc0000; font-size: 100%; text-align: left;\"> <strong>Piilota lis\u00e4tieto<\/strong><\/p><\/div><\/div>\n\n\n\n<figure class=\"wp-block-image size-large\"><img loading=\"lazy\" decoding=\"async\" width=\"600\" height=\"211\" src=\"http:\/\/www.oulucomics.com\/wp-content\/uploads\/2021\/03\/008.jpg\" alt=\"\" class=\"wp-image-5474\" srcset=\"https:\/\/www.oulucomics.com\/wp-content\/uploads\/2021\/03\/008.jpg 600w, https:\/\/www.oulucomics.com\/wp-content\/uploads\/2021\/03\/008-300x106.jpg 300w\" sizes=\"auto, (max-width: 600px) 100vw, 600px\" \/><\/figure>\n\n\n<div class=\"show_more\"><p class=\"wpsm-show\" style=\"color: #cc0000; font-size: 100%; text-align: left;\"> <strong>Lis\u00e4tietoa teoksesta Sarjakuvaterapiaa ja muita kertomuksia hulluudesta<\/strong><\/p><div class=\"wpsm-content\"><\/p>\n\n\n\n<div class=\"wp-block-image\"><figure class=\"alignleft size-large is-resized\"><img loading=\"lazy\" decoding=\"async\" src=\"https:\/\/www.sarjakuvafinlandia.fi\/kansikuvat\/959.png\" alt=\"\" width=\"250\" height=\"359\"\/><\/figure><\/div>\n\n\n\n<p><strong>Viivi Rintanen: Sarjakuvaterapiaa ja muita kertomuksia hulluudesta (Suuri Kurpitsa)<\/strong><\/p>\n\n\n\n<p>Viivi Rintanen johdattaa lukijansa mielenterveyden j\u00e4rkkymisen synkkiin maisemiin ymm\u00e4rrett\u00e4v\u00e4sti mutta ymm\u00e4rt\u00e4v\u00e4sti. Rantanen on onnistunut tekem\u00e4\u00e4n totuuspohjaisista arkip\u00e4iv\u00e4n kauhutarinoista koskettavia sarjakuvia. Ankeista aiheista huolimatta tehokkaat kuvat kuljettavat albumin terapeuttisesti maaliin.<\/p>\n\n\n\n<p>Teos <a href=\"https:\/\/finna.fi\/Record\/outi.2181761\" target=\"_blank\" rel=\"noreferrer noopener\">Finna.fi:ss\u00e4<\/a><\/p>\n\n\n\n<p>Sarjakuvantekij\u00e4n kotisivut: <a href=\"https:\/\/cargocollective.com\/viivirintanen\" target=\"_blank\" rel=\"noreferrer noopener\">https:\/\/cargocollective.com\/viivirintanen<\/a><br \/>Teos kustantajan kotisivuilla: <a rel=\"noreferrer noopener\" href=\"https:\/\/www.suurikurpitsa.fi\/p\/sarjakuvaterapiaa-ja-muita-kertomuksia-hulluudesta\" target=\"_blank\">https:\/\/www.suurikurpitsa.fi\/p\/sarjakuvaterapiaa-ja-muita-kertomuksia-hulluudesta<\/a><\/p>\n\n\n<p> <p class=\"wpsm-hide\" style=\"color: #cc0000; font-size: 100%; text-align: left;\"> <strong>Piilota lis\u00e4tieto<\/strong><\/p><\/div><\/div>\n\n\n\n<figure class=\"wp-block-image size-large\"><img loading=\"lazy\" decoding=\"async\" width=\"600\" height=\"215\" src=\"http:\/\/www.oulucomics.com\/wp-content\/uploads\/2021\/03\/007.jpg\" alt=\"\" class=\"wp-image-5473\" srcset=\"https:\/\/www.oulucomics.com\/wp-content\/uploads\/2021\/03\/007.jpg 600w, https:\/\/www.oulucomics.com\/wp-content\/uploads\/2021\/03\/007-300x108.jpg 300w\" sizes=\"auto, (max-width: 600px) 100vw, 600px\" \/><\/figure>\n\n\n<div class=\"show_more\"><p class=\"wpsm-show\" style=\"color: #cc0000; font-size: 100%; text-align: left;\"> <strong>Lis\u00e4tietoa teoksesta Korpit ja muita kertomuksia<\/strong><\/p><div class=\"wpsm-content\"><\/p>\n\n\n\n<div class=\"wp-block-image\"><figure class=\"alignleft size-large is-resized\"><img loading=\"lazy\" decoding=\"async\" src=\"https:\/\/www.sarjakuvafinlandia.fi\/kansikuvat\/997.png\" alt=\"\" width=\"250\" height=\"340\"\/><\/figure><\/div>\n\n\n\n<p><strong>Timo M\u00e4kel\u00e4: Korpit ja muita kertomuksia (t\u00e4ysi K\u00c4SI oy ja Arktinen Banaani)<\/strong><\/p>\n\n\n\n<p>Kahdeksan lyhyen kertomuksen kokoelma kuljettaa l\u00e4pi l\u00e4nsimaisen taidehistorian. Aikamatka alkaa keskiaikaisesta kirkkotaiteesta, kulkee halki renessanssin, barokin ja impressionismin ja p\u00e4\u00e4ttyy Ren\u00e9 Magritten surrealistiseen maailmaan. Sarjakuvaa hallitsee humoristinen ote, mutta muutamassa kertomuksessa kurkistetaan my\u00f6s taidemaailman varjopuolille. Taidehistorian vaiheet erottuvat hienosti teoksen visuaalisessa ilmeess\u00e4, joka mukautuu kunkin aikakauden estetiikkaan.<\/p>\n\n\n\n<p>Teos <a href=\"https:\/\/finna.fi\/Record\/outi.2168767\" target=\"_blank\" rel=\"noreferrer noopener\">Finna.fi:ss\u00e4<\/a><\/p>\n\n\n\n<p>Teos kustantajan kotisivuilla: <a rel=\"noreferrer noopener\" href=\"https:\/\/arktinenbanaani.fi\/search.php?search=korpit#!product_id=9789522704337\" target=\"_blank\">https:\/\/arktinenbanaani.fi\/search.php?search=korpit#!product_id=9789522704337<\/a><\/p>\n\n\n<p> <p class=\"wpsm-hide\" style=\"color: #cc0000; font-size: 100%; text-align: left;\"> <strong>Piilota lis\u00e4tieto<\/strong><\/p><\/div><\/div>\n\n\n\n<figure class=\"wp-block-image size-large\"><img loading=\"lazy\" decoding=\"async\" width=\"600\" height=\"205\" src=\"http:\/\/www.oulucomics.com\/wp-content\/uploads\/2021\/03\/009.jpg\" alt=\"\" class=\"wp-image-5475\" srcset=\"https:\/\/www.oulucomics.com\/wp-content\/uploads\/2021\/03\/009.jpg 600w, https:\/\/www.oulucomics.com\/wp-content\/uploads\/2021\/03\/009-300x103.jpg 300w\" sizes=\"auto, (max-width: 600px) 100vw, 600px\" \/><\/figure>\n\n\n<div class=\"show_more\"><p class=\"wpsm-show\" style=\"color: #cc0000; font-size: 100%; text-align: left;\"> <strong>Lis\u00e4tietoa teoksesta Musta hevonen: Vuokrakolmio Bermudalla<\/strong><\/p><div class=\"wpsm-content\"><\/p>\n\n\n\n<div class=\"wp-block-image\"><figure class=\"alignleft size-large is-resized\"><img loading=\"lazy\" decoding=\"async\" src=\"https:\/\/www.sarjakuvafinlandia.fi\/kansikuvat\/993.png\" alt=\"\" width=\"250\" height=\"340\"\/><\/figure><\/div>\n\n\n\n<p><strong>Samson: Musta hevonen: Vuokrakolmio Bermudalla (Egmont kustannus)<\/strong><\/p>\n\n\n\n<p>Musta Hevonen onnistuu yll\u00e4tt\u00e4m\u00e4\u00e4n persoonallisuudellaan, oivaltavuudellaan ja tekemisen laadullaan sarjakuvan tutuimmassa lajissa, strippimuotoisessa vitsisarjakuvassa. P\u00e4\u00e4henkil\u00f6n luonne ei ehk\u00e4 syvene, mutta huumori tukee sen lakonista el\u00e4m\u00e4nasennetta. Pelkistetty graafisuus toimii varmalla otteella sek\u00e4 kuvallisesti ett\u00e4 monesti huumorin l\u00e4ht\u00f6kohtana.<\/p>\n\n\n\n<p>Teos <a href=\"https:\/\/finna.fi\/Record\/outi.2149652\" target=\"_blank\" rel=\"noreferrer noopener\">Finna.fi:ss\u00e4<\/a><\/p>\n\n\n\n<p>Musta hevonen sarjakuvablogi: <a rel=\"noreferrer noopener\" href=\"http:\/\/mustaheppa.sarjakuvablogit.com\/author\/samson\/\" target=\"_blank\">http:\/\/mustaheppa.sarjakuvablogit.com\/author\/samson\/<\/a><br \/>Teos kustantajan kotisivuilla: <a rel=\"noreferrer noopener\" href=\"https:\/\/egmont.fi\/tuotteet\/musta-hevonen-vuokrakolmio-bermudalla\/\" target=\"_blank\">https:\/\/egmont.fi\/tuotteet\/musta-hevonen-vuokrakolmio-bermudalla\/<\/a><\/p>\n\n\n<p> <p class=\"wpsm-hide\" style=\"color: #cc0000; font-size: 100%; text-align: left;\"> <strong>Piilota lis\u00e4tieto<\/strong><\/p><\/div><\/div>\n\n\n\n<figure class=\"wp-block-image size-large\"><img loading=\"lazy\" decoding=\"async\" width=\"600\" height=\"205\" src=\"http:\/\/www.oulucomics.com\/wp-content\/uploads\/2021\/03\/010.jpg\" alt=\"\" class=\"wp-image-5476\" srcset=\"https:\/\/www.oulucomics.com\/wp-content\/uploads\/2021\/03\/010.jpg 600w, https:\/\/www.oulucomics.com\/wp-content\/uploads\/2021\/03\/010-300x103.jpg 300w\" sizes=\"auto, (max-width: 600px) 100vw, 600px\" \/><\/figure>\n\n\n<div class=\"show_more\"><p class=\"wpsm-show\" style=\"color: #cc0000; font-size: 100%; text-align: left;\"> <strong>Lis\u00e4tietoa teoksesta Memento Mori<\/strong><\/p><div class=\"wpsm-content\"><\/p>\n\n\n\n<div class=\"wp-block-image\"><figure class=\"alignleft size-large is-resized\"><img loading=\"lazy\" decoding=\"async\" src=\"https:\/\/www.sarjakuvafinlandia.fi\/kansikuvat\/955.png\" alt=\"\" width=\"250\" height=\"355\"\/><\/figure><\/div>\n\n\n\n<p><strong>Tiitu Takalo: Memento Mori (WSOY)<\/strong><\/p>\n\n\n\n<p>Takalo on Memento Morilla luonut mestarillisen matkan ihmismieleen. Vaikka teos on hyvin monikerroksinen ja henkil\u00f6kohtainen, se on samaan aikaan helposti l\u00e4hestytt\u00e4v\u00e4 ja seurattava. Taattua Takaloa.<\/p>\n\n\n\n<p>Teos <a href=\"https:\/\/finna.fi\/Record\/outi.2151287\" target=\"_blank\" rel=\"noreferrer noopener\">Finna.fi:ss\u00e4<\/a><\/p>\n\n\n\n<p>Sarjakuvantekij\u00e4n kotisivut: <a href=\"http:\/\/www.tiitutakalo.net\/\" target=\"_blank\" rel=\"noreferrer noopener\">http:\/\/www.tiitutakalo.net\/<\/a><br \/>Teos kustantajan kotisivuilla: <a rel=\"noreferrer noopener\" href=\"https:\/\/www.wsoy.fi\/kirja\/tiitu-takalo\/memento-mori\/9789510447482\" target=\"_blank\">https:\/\/www.wsoy.fi\/kirja\/tiitu-takalo\/memento-mori\/9789510447482<\/a><\/p>\n\n\n<p> <p class=\"wpsm-hide\" style=\"color: #cc0000; font-size: 100%; text-align: left;\"> <strong>Piilota lis\u00e4tieto<\/strong><\/p><\/div><\/div>\n\n\n\n<figure class=\"wp-block-image size-large\"><img loading=\"lazy\" decoding=\"async\" width=\"600\" height=\"204\" src=\"http:\/\/www.oulucomics.com\/wp-content\/uploads\/2021\/03\/011.jpg\" alt=\"\" class=\"wp-image-5533\" srcset=\"https:\/\/www.oulucomics.com\/wp-content\/uploads\/2021\/03\/011.jpg 600w, https:\/\/www.oulucomics.com\/wp-content\/uploads\/2021\/03\/011-300x102.jpg 300w\" sizes=\"auto, (max-width: 600px) 100vw, 600px\" \/><\/figure>\n\n\n\n<p>T\u00e4m\u00e4n virtuaalisen n\u00e4yttelyn on toteuttanut <a href=\"http:\/\/www.oulucomics.com\/\">Oulun Sarjakuvakeskus<\/a> yhteisty\u00f6ss\u00e4 <a rel=\"noreferrer noopener\" href=\"https:\/\/www.ouka.fi\/oulu\/kirjasto\" target=\"_blank\">Oulun kaupunginkirjaston<\/a> ja <a rel=\"noreferrer noopener\" href=\"https:\/\/www.ouka.fi\/oulu\/kirjasto\/sarjasto\" target=\"_blank\">Sarjaston<\/a> kanssa. Se on ensimm\u00e4inen tuottamamme digitaalinen n\u00e4yttely, jonka toteutimme koska koronapandemian aiheuttamat rajoitukset kehottavat ihmisi\u00e4 v\u00e4ltt\u00e4m\u00e4\u00e4n oleskelua kirjaston tiloissa. <\/p>\n","protected":false},"excerpt":{"rendered":"<p><!-- wp:image {\"id\":5514,\"sizeSlug\":\"large\"} --><\/p>\n<figure class=\"wp-block-image size-large\"><img loading=\"lazy\" decoding=\"async\" width=\"600\" height=\"206\" src=\"http:\/\/www.oulucomics.com\/wp-content\/uploads\/2021\/03\/000.jpg\" alt=\"\" class=\"wp-image-5514\" srcset=\"https:\/\/www.oulucomics.com\/wp-content\/uploads\/2021\/03\/000.jpg 600w, https:\/\/www.oulucomics.com\/wp-content\/uploads\/2021\/03\/000-300x103.jpg 300w\" sizes=\"auto, (max-width: 600px) 100vw, 600px\" \/><\/figure>\n<p><!-- \/wp:image --><\/p>\n<p><!-- wp:shortcode --><br \/>\n[show&#8230;<\/p>\n","protected":false},"author":1,"featured_media":0,"parent":6,"menu_order":0,"comment_status":"closed","ping_status":"closed","template":"","meta":{"footnotes":""},"categories":[],"tags":[],"class_list":["post-5459","page","type-page","status-publish","hentry"],"_links":{"self":[{"href":"https:\/\/www.oulucomics.com\/fi\/wp-json\/wp\/v2\/pages\/5459","targetHints":{"allow":["GET"]}}],"collection":[{"href":"https:\/\/www.oulucomics.com\/fi\/wp-json\/wp\/v2\/pages"}],"about":[{"href":"https:\/\/www.oulucomics.com\/fi\/wp-json\/wp\/v2\/types\/page"}],"author":[{"embeddable":true,"href":"https:\/\/www.oulucomics.com\/fi\/wp-json\/wp\/v2\/users\/1"}],"replies":[{"embeddable":true,"href":"https:\/\/www.oulucomics.com\/fi\/wp-json\/wp\/v2\/comments?post=5459"}],"version-history":[{"count":83,"href":"https:\/\/www.oulucomics.com\/fi\/wp-json\/wp\/v2\/pages\/5459\/revisions"}],"predecessor-version":[{"id":6647,"href":"https:\/\/www.oulucomics.com\/fi\/wp-json\/wp\/v2\/pages\/5459\/revisions\/6647"}],"up":[{"embeddable":true,"href":"https:\/\/www.oulucomics.com\/fi\/wp-json\/wp\/v2\/pages\/6"}],"wp:attachment":[{"href":"https:\/\/www.oulucomics.com\/fi\/wp-json\/wp\/v2\/media?parent=5459"}],"wp:term":[{"taxonomy":"category","embeddable":true,"href":"https:\/\/www.oulucomics.com\/fi\/wp-json\/wp\/v2\/categories?post=5459"},{"taxonomy":"post_tag","embeddable":true,"href":"https:\/\/www.oulucomics.com\/fi\/wp-json\/wp\/v2\/tags?post=5459"}],"curies":[{"name":"wp","href":"https:\/\/api.w.org\/{rel}","templated":true}]}}