{"id":5187,"date":"2021-02-24T16:36:55","date_gmt":"2021-02-24T14:36:55","guid":{"rendered":"http:\/\/www.oulucomics.com\/?page_id=5187"},"modified":"2021-09-17T16:35:53","modified_gmt":"2021-09-17T13:35:53","slug":"exhibitions2021","status":"publish","type":"page","link":"https:\/\/www.oulucomics.com\/fi\/fest\/exhibitions2021\/","title":{"rendered":"N\u00e4yttelyt 2021"},"content":{"rendered":"\n<p>N\u00e4yttelyt avautuvat yleis\u00f6lle marraskuun aikana ja tarjoavat aivan uudenlaisia el\u00e4myksi\u00e4 et\u00e4n\u00e4 osallistuvalle festivaaliyleis\u00f6lle. N\u00e4yttelyiden tiedot tarkentuvat lokakuun aikana.<\/p>\n\n\n\n<p>Osa Oulun Sarjakuvafestivaalin 2021 n\u00e4yttelyt toteutetaan my\u00f6s verkkoversioina. Verkkosivuillamme tulee olemaan jopa enemm\u00e4n katsottavaa kuin tapahtuma-alueen seinill\u00e4. Live-tapahtuman tunnelmaa digitaaliset n\u00e4yttelyt eiv\u00e4t kuitenkaan korvaa!<\/p>\n\n\n\n<p><strong>P\u00e4ivit\u00e4mme n\u00e4yttelyohjelmaa syksyn aikana!<\/strong><\/p>\n\n\n\n\t\t\t\t<div class=\"event-list\">\n\t\t\t\t<ul class=\"event-list-view\">\n\t\t\t \t<li class=\"event festivaali nayttelyt\">\n\t\t\t\t\t<div class=\"event-date multi-date\"><div class=\"start-date\"><div class=\"event-weekday\">ma<\/div><div class=\"event-day\">01<\/div><div class=\"event-month\">marras<\/div><div class=\"event-year\">2021<\/div><\/div><div class=\"end-date\"><div class=\"event-weekday\">ti<\/div><div class=\"event-day\">30<\/div><div class=\"event-month\">marras<\/div><div class=\"event-year\">2021<\/div><\/div><\/div>\n\t\t\t\t\t<div class=\"event-info multi-day\"><div class=\"event-title\"><h3>Daniel Og (Brazil) - A terceira Idade, Kolmas ik\u00e4\/kolmas aika<\/h3><\/div><span class=\"event-location\">Limingan kirjasto, Liminganraitti 5, Liminka<\/span><div class=\"event-details\"><p><strong>Avajaiset Keskiviikkona 3.11.2021 klo 16.00<\/strong><\/p>\n<p><em><img loading=\"lazy\" decoding=\"async\" class=\"alignright wp-image-6085 size-medium\" src=\"https:\/\/www.oulucomics.com\/wp-content\/uploads\/2021\/11\/thethirdage_daniel_og-300x256.jpg\" alt=\"\" width=\"300\" height=\"256\" srcset=\"https:\/\/www.oulucomics.com\/wp-content\/uploads\/2021\/11\/thethirdage_daniel_og-300x256.jpg 300w, https:\/\/www.oulucomics.com\/wp-content\/uploads\/2021\/11\/thethirdage_daniel_og-768x655.jpg 768w, https:\/\/www.oulucomics.com\/wp-content\/uploads\/2021\/11\/thethirdage_daniel_og.jpg 900w\" sizes=\"auto, (max-width: 300px) 100vw, 300px\" \/>A terceira Idade<\/em>, Kolmas ik\u00e4\/kolmas aika, on brasilialaisen <strong>Daniel Ogin<\/strong> uusin sarjakuvateos.<br \/>\nTarinassa kolme p\u00e4\u00e4henkil\u00f6\u00e4 \u2013 i\u00e4k\u00e4s pariskunta Yvone ja Isaias sek\u00e4 nuoren Isaiaksen persoonaa<br \/>\nkantava robotti \u2013 seikkailevat tuhon j\u00e4lkeisess\u00e4 Riossa.<\/p>\n<p>Daniel Og on Oulun sarjakuvakeskuksen taiteilijaresidenssiss\u00e4 Limingan taidekoululla, jossa h\u00e4n ty\u00f6st\u00e4\u00e4 k\u00e4sill\u00e4 olevaa sarjakuvaansa. N\u00e4yttelyss\u00e4 on esill\u00e4 teoksen tussioriginaaleja. Tarinan etenemist\u00e4 voi seurata Instagramissa @aterceiraidade.<\/p>\n<p><span style=\"color: #0000ff;\"><em>THE THIRD AGE<\/em> is the new comic book by <strong>Daniel Og<\/strong>, author of Yuri - Wednesday of Ashes.<\/span><br \/>\n<span style=\"color: #0000ff;\">The story begins at the end: a world in ruins, the fnal stretch of life. The protagonists of the<\/span><br \/>\n<span style=\"color: #0000ff;\">adventure are an elderly couple Yvone, Isaias and a robot who holds the memories and<\/span><br \/>\n<span style=\"color: #0000ff;\">personality of Isaias. This unusual trio of heroes, faced with a dystopian scenario, immeasurable challenges and scarce resources, decide to live, care for and fight for those<\/span><br \/>\n<span style=\"color: #0000ff;\">who remain.<\/span><\/p>\n<p><span style=\"color: #0000ff;\">The characters, plan and act in the midst of a sea of uncertainty. Instead of giving up or<\/span><br \/>\n<span style=\"color: #0000ff;\">backtracking, they move on, not knowing for sure the outcome of the adventure.<\/span><\/p>\n<\/div><\/div>\n\t\t\t\t<\/li>\n\t\t\t \t<li class=\"event festivaali nayttelyt\">\n\t\t\t\t\t<div class=\"event-date multi-date\"><div class=\"start-date\"><div class=\"event-weekday\">to<\/div><div class=\"event-day\">04<\/div><div class=\"event-month\">marras<\/div><div class=\"event-year\">2021<\/div><\/div><div class=\"end-date\"><div class=\"event-weekday\">to<\/div><div class=\"event-day\">25<\/div><div class=\"event-month\">marras<\/div><div class=\"event-year\">2021<\/div><\/div><\/div>\n\t\t\t\t\t<div class=\"event-info multi-day\"><div class=\"event-title\"><h3>SarjakuvaOulu 2026 - n\u00e4yttely | exhibition<\/h3><\/div><span class=\"event-location\">Oulunsalon kirjasto | Oulunsalo library, Karhuojantie 2, Oulunsalo<\/span><div class=\"event-details\"><p><span style=\"font-weight: 400;\"><a href=\"http:\/\/www.oulucomics.com\/wp-content\/uploads\/2021\/09\/2026-kansi.jpeg\"><img loading=\"lazy\" decoding=\"async\" class=\"alignright size-medium wp-image-5836\" src=\"http:\/\/www.oulucomics.com\/wp-content\/uploads\/2021\/09\/2026-kansi-209x300.jpeg\" alt=\"\" width=\"209\" height=\"300\" srcset=\"https:\/\/www.oulucomics.com\/wp-content\/uploads\/2021\/09\/2026-kansi-209x300.jpeg 209w, https:\/\/www.oulucomics.com\/wp-content\/uploads\/2021\/09\/2026-kansi.jpeg 714w\" sizes=\"auto, (max-width: 209px) 100vw, 209px\" \/><\/a><\/span><span style=\"font-weight: 400;\">Oulun Sarjakuvakeskus julkaisi syksyn 2021 aikana viikoittain internet-sivuillaan ja sosiaalisen median kanavissaan sarjakuvitetun artikkelisarjan, joka esittelee 20 pohjoissuomalaista sarjakuvantekij\u00e4\u00e4 ja 26 tekij\u00f6iden sarjakuvateosta. Artikkelit on toteuttanut sarjakuvantekij\u00e4 <\/span><strong>Harri Filppa<\/strong><span style=\"font-weight: 400;\">, ja ne ovat luettavissa: <\/span><a href=\"http:\/\/www.oulucomics.com\/fi\/arctic\/oulu2026\/\"><i><span style=\"font-weight: 400;\">http:\/\/www.oulucomics.com\/oul<\/span><\/i><i><span style=\"font-weight: 400;\">u2026\/<\/span><\/i><\/a><span style=\"font-weight: 400;\">. N\u00e4yttelyss\u00e4 on esill\u00e4 kooste projektin tuoreesta albumista <\/span><em><span style=\"font-weight: 400;\">20 sarjakuvantekij\u00e4\u00e4 &amp; 26 sarjakuvateosta - Sarjakuvia pohjoisesta Suomesta<\/span><\/em><span style=\"font-weight: 400;\"> (Oulun Sarjakuvaseura 2021), joka kokoaa kaikki artikkelit yhteen.<\/span><\/p>\n<p>N\u00e4yttely on toteutettu Grafia ry:n kohdeapurahalla.<\/p>\n<p><span style=\"color: #0000ff;\"><span style=\"font-weight: 400;\">Oulu Comics Center published a weekly article series in comics format on its website and social media platforms during the autumn of 2021. It showcased 26 publications by 20 Northern-Finnish comic artists. The articles have been executed by comic artist <\/span><strong>Harri Filppa<\/strong><span style=\"font-weight: 400;\">, and can be read at:<\/span> <a style=\"color: #0000ff;\" href=\"http:\/\/www.oulucomics.com\/fi\/arctic\/oulu2026\/\"><i><span style=\"font-weight: 400;\">http:\/\/www.oulucomics.com\/oulu2026\/<\/span><\/i><\/a><span style=\"font-weight: 400;\">. The exhibition includes a compilation from the new comic book <\/span><em><span style=\"font-weight: 400;\">20 sarjakukuvantekij\u00e4\u00e4 &amp; 26 sarjakuvateosta - Sarjakuva pohjoisesta Suomesta<\/span><\/em><span style=\"font-weight: 400;\"> (Oulun Sarjakuvaseura 2021). The book contains the whole article series.<\/span><\/span><\/p>\n<p><span style=\"color: #0000ff;\">The exhibition is supported by Grafia - Association of Visual Communication Designers in Finland.<\/span><\/p>\n<\/div><\/div>\n\t\t\t\t<\/li>\n\t\t\t \t<li class=\"event festivaali nayttelyt sarjasto\">\n\t\t\t\t\t<div class=\"event-date multi-date\"><div class=\"start-date\"><div class=\"event-weekday\">ti<\/div><div class=\"event-day\">16<\/div><div class=\"event-month\">marras<\/div><div class=\"event-year\">2021<\/div><\/div><div class=\"end-date\"><div class=\"event-weekday\">ke<\/div><div class=\"event-day\">08<\/div><div class=\"event-month\">joulu<\/div><div class=\"event-year\">2021<\/div><\/div><\/div>\n\t\t\t\t\t<div class=\"event-info multi-day\"><div class=\"event-title\"><h3>Oulun Sarjakuvafestivaali 10 vuotta<\/h3><\/div><span class=\"event-location\">P\u00e4\u00e4kirjasto, Ala-aula | Main library lobby, Kaarlenv\u00e4yl\u00e4 3, Oulu<\/span><div class=\"event-details\"><p><span style=\"font-weight: 400;\"><a href=\"http:\/\/www.oulucomics.com\/wp-content\/uploads\/2021\/01\/2012.jpg\"><img loading=\"lazy\" decoding=\"async\" class=\"alignright size-medium wp-image-5774\" src=\"http:\/\/www.oulucomics.com\/wp-content\/uploads\/2021\/01\/2012-212x300.jpg\" alt=\"\" width=\"212\" height=\"300\" srcset=\"https:\/\/www.oulucomics.com\/wp-content\/uploads\/2021\/01\/2012-212x300.jpg 212w, https:\/\/www.oulucomics.com\/wp-content\/uploads\/2021\/01\/2012.jpg 600w\" sizes=\"auto, (max-width: 212px) 100vw, 212px\" \/><\/a>Oulun Sarjakuvafestivaalilla Oulunsalon kirjastossa esitell\u00e4\u00e4n tapahtuman 10-vuotista historiaa. N\u00e4yttelyss\u00e4 ovat esill\u00e4 kaikki festivaalijulisteet vuosien varrelta, uutuusteokset ja muuta materiaalia menneisiin vuosiin liittyen. <\/span><\/p>\n<p><span style=\"font-weight: 400;\">Festivaalitaiteilijat kautta historian: <\/span><strong>Aapo Kukko<\/strong><span style=\"font-weight: 400;\"> (2012), <\/span><strong>Esko Heikkil\u00e4<\/strong><span style=\"font-weight: 400;\"> (2013), <\/span><strong>Mari Ahokoivu<\/strong><span style=\"font-weight: 400;\"> (2014), <\/span><strong>Harri Filppa<\/strong><span style=\"font-weight: 400;\"> (2015), <\/span><strong>Emmi Nieminen<\/strong><span style=\"font-weight: 400;\"> (2016), <\/span><strong>Veli-Matti Ural<\/strong><span style=\"font-weight: 400;\"> (2017), <\/span><strong>Tessa Astre<\/strong><span style=\"font-weight: 400;\"> (2018), <\/span><strong>Jussi Hukkanen<\/strong><span style=\"font-weight: 400;\"> (2019), <\/span><strong>Petteri Tikkanen<\/strong><span style=\"font-weight: 400;\"> (2020) ja <\/span><strong>Sami Nyyss\u00f6l\u00e4<\/strong><span style=\"font-weight: 400;\"> (2021).<\/span><\/p>\n<p><span style=\"font-weight: 400; color: #0000ff;\">The 10-year history of Oulu Comics Festival is exhibited at the Oulunsalo library during the festival. The exhibition covers all festival posters, novelties and other material from past years. <\/span><\/p>\n<p><span style=\"font-weight: 400; color: #0000ff;\">Festival artists throughout history: <strong>Aapo Kukko<\/strong> (2012), <strong>Esko Heikkil\u00e4<\/strong> (2013), <strong>Mari Ahokoivu<\/strong> (2014), <strong>Harri Filppa<\/strong> (2015), <strong>Emmi Nieminen<\/strong> (2016), <strong>Veli-Matti Ural<\/strong> (2017), <strong>Tessa Astre<\/strong> (2018), <strong>Jussi Hukkanen<\/strong> (2019), <strong>Petteri Tikkanen<\/strong> (2020) and <strong>Sami Nyyss\u00f6l\u00e4<\/strong> (2021).<\/span><\/p>\n<\/div><\/div>\n\t\t\t\t<\/li>\n\t\t\t \t<li class=\"event festivaali nayttelyt sarjasto\">\n\t\t\t\t\t<div class=\"event-date multi-date\"><div class=\"start-date\"><div class=\"event-weekday\">to<\/div><div class=\"event-day\">18<\/div><div class=\"event-month\">marras<\/div><div class=\"event-year\">2021<\/div><\/div><div class=\"end-date\"><div class=\"event-weekday\">su<\/div><div class=\"event-day\">21<\/div><div class=\"event-month\">marras<\/div><div class=\"event-year\">2021<\/div><\/div><\/div>\n\t\t\t\t\t<div class=\"event-info multi-day\"><div class=\"event-title\"><h3>POP UP-n\u00e4yttelyt | POP UP exhibitions<\/h3><\/div><span class=\"event-location\">P\u00e4\u00e4kirjasto | Main library, Kaarlenv\u00e4yl\u00e4 3, Oulu<\/span><div class=\"event-details\"><p><span style=\"font-weight: 400;\"><a href=\"https:\/\/www.oulucomics.com\/wp-content\/uploads\/2021\/11\/popup21.jpeg\"><img loading=\"lazy\" decoding=\"async\" class=\"alignright size-medium wp-image-6105\" src=\"https:\/\/www.oulucomics.com\/wp-content\/uploads\/2021\/11\/popup21-194x300.jpeg\" alt=\"\" width=\"194\" height=\"300\" srcset=\"https:\/\/www.oulucomics.com\/wp-content\/uploads\/2021\/11\/popup21-194x300.jpeg 194w, https:\/\/www.oulucomics.com\/wp-content\/uploads\/2021\/11\/popup21.jpeg 600w\" sizes=\"auto, (max-width: 194px) 100vw, 194px\" \/><\/a>My\u00f6s t\u00e4n\u00e4 vuonna osana Oulun Sarjakuvafestivaalia n\u00e4hd\u00e4\u00e4n Oulun p\u00e4\u00e4kirjastolla lukuisia n\u00e4yttelyit\u00e4. Ala-aulasta Sarjastolle johtava portaikko ja Sarjasto t\u00e4yttyv\u00e4t yll\u00e4tt\u00e4vist\u00e4 pienist\u00e4 n\u00e4yttelykokonaisuuksista. Mukana on nostoja festivaalin lavaohjelmasta ja Sarjakuvakeitaalta.<\/span><\/p>\n<p>Sarjasto, 3. kerros<br \/>\n<strong>Daniel Og - A terceira Idade <\/strong><\/p>\n<p>Portaikon tasanne, 3. kerros<br \/>\n<strong>Mari Ahokoivu - Ihme ilmat ja Aika matka <\/strong><br \/>\n<strong>Veli-Matti Ural &amp; Matti-Pekka Heikura - Ahava <\/strong><br \/>\n<strong>Tessa Astre, Niko-Petteri Niva &amp; Aapo Kukko - Huojuva torni <\/strong><\/p>\n<p>Portaikko, 2.-3. kerros<br \/>\n<strong>Sara Ahola: Muuttop\u00e4iv\u00e4n s\u00e4\u00e4nt\u00f6: tyhj\u00e4t sein\u00e4t tulee t\u00e4ytt\u00e4\u00e4 ensimm\u00e4isen\u00e4 <\/strong><\/p>\n<p>Portaikon tasanne, 2. kerros<br \/>\n<strong>Limingan taidekoulu <\/strong><\/p>\n<p>Portaikko, 1.-2. kerros<br \/>\n<strong>Ilpo Koskela - Rajalinja <\/strong><\/p>\n<p>Lehtisalin edusta, 1.kerros<br \/>\n<strong>Henri Gylander - Armand Duplantis<\/strong><\/p>\n<p><span style=\"font-weight: 400;\">POP UP -n\u00e4yttelyt ovat avoinna:<br \/>\n<\/span><span style=\"font-weight: 400;\">18.11. klo 09-20,<br \/>\n19.11. klo 09-20, <\/span><span style=\"font-weight: 400;\"><br \/>\n<\/span><span style=\"font-weight: 400;\">20.11. klo 09-19 ja <\/span><span style=\"font-weight: 400;\"><br \/>\n<\/span><span style=\"font-weight: 400;\">21.11. klo 12-16<\/span><\/p>\n<p><span style=\"font-weight: 400; color: #0000ff;\">This year again, the Oulu Comics Festival features several exhibitions at the Oulu Main library. The sides of the stairs from the lobby to Sarjasto, and Sarjasto itself, will be filled with small exhibition ensembles. Features from the stage program and Comics Oasis are included.<\/span><\/p>\n<p><span style=\"color: #0000ff;\">Sarjasto (Comics library), 3rd floor<\/span><br \/>\n<span style=\"color: #0000ff;\"><strong>Daniel Og - A terceira Idade <\/strong><\/span><\/p>\n<p><span style=\"color: #0000ff;\">Staircase platform, 3rd floor<\/span><br \/>\n<span style=\"color: #0000ff;\"><strong>Mari Ahokoivu - Ihme ilmat ja Aika matka <\/strong><\/span><br \/>\n<span style=\"color: #0000ff;\"><strong>Veli-Matti Ural &amp; Matti-Pekka Heikura - Ahava <\/strong><\/span><br \/>\n<span style=\"color: #0000ff;\"><strong>Tessa Astre, Niko-Petteri Niva &amp; Aapo Kukko - Huojuva torni <\/strong><\/span><\/p>\n<p><span style=\"color: #0000ff;\">Staircase, 2nd - 3rd floor<\/span><br \/>\n<span style=\"color: #0000ff;\"><strong>Sara Ahola: Muuttop\u00e4iv\u00e4n s\u00e4\u00e4nt\u00f6: tyhj\u00e4t sein\u00e4t tulee t\u00e4ytt\u00e4\u00e4 ensimm\u00e4isen\u00e4 <\/strong><\/span><\/p>\n<p><span style=\"color: #0000ff;\">Staircase platform, 2nd floor<\/span><br \/>\n<span style=\"color: #0000ff;\"><strong>Limingan taidekoulu <\/strong><\/span><\/p>\n<p><span style=\"color: #0000ff;\">Staircase, 1st - 2nd floor<\/span><br \/>\n<span style=\"color: #0000ff;\"><strong>Ilpo Koskela - Rajalinja <\/strong><\/span><\/p>\n<p><span style=\"color: #0000ff;\">Staircase platform, 1st floor<\/span><br \/>\n<span style=\"color: #0000ff;\"><strong>Henri Gylander - Armand Duplantis<\/strong><\/span><\/p>\n<p><span style=\"color: #0000ff;\"><span style=\"font-weight: 400;\">POP UP -exhibitions are open:<br \/>\n<\/span><span style=\"font-weight: 400;\">18th of November from 9 am to 8 pm,<br \/>\n19th of November from 9 am to 8 pm, <\/span><span style=\"font-weight: 400;\"><br \/>\n<\/span><span style=\"font-weight: 400;\">20th of November from 9 am to 7 pm and <\/span><span style=\"font-weight: 400;\"><br \/>\n<\/span><span style=\"font-weight: 400;\">21st of November from 12 am to 4 pm.<\/span><\/span><\/p>\n<\/div><\/div>\n\t\t\t\t<\/li>\n\t\t\t \t<li class=\"event festivaali nayttelyt sarjasto\">\n\t\t\t\t\t<div class=\"event-date multi-date\"><div class=\"start-date\"><div class=\"event-weekday\">to<\/div><div class=\"event-day\">18<\/div><div class=\"event-month\">marras<\/div><div class=\"event-year\">2021<\/div><\/div><div class=\"end-date\"><div class=\"event-weekday\">ke<\/div><div class=\"event-day\">08<\/div><div class=\"event-month\">joulu<\/div><div class=\"event-year\">2021<\/div><\/div><\/div>\n\t\t\t\t\t<div class=\"event-info multi-day\"><div class=\"event-title\"><h3>Peter Snejbjerg (Denmark): Marlene -sarjakuvan\u00e4yttely | comics exhibition<\/h3><\/div><span class=\"event-location\">P\u00e4\u00e4kirjasto, Laituri | Main library Laituri, Kaarlenv\u00e4yl\u00e4 3, Oulu<\/span><div class=\"event-details\"><p><span style=\"font-weight: 400;\"><a href=\"http:\/\/www.oulucomics.com\/wp-content\/uploads\/2021\/10\/9789527033180_marlene_lores.jpg\"><img loading=\"lazy\" decoding=\"async\" class=\"alignright size-medium wp-image-5971\" src=\"http:\/\/www.oulucomics.com\/wp-content\/uploads\/2021\/10\/9789527033180_marlene_lores-212x300.jpg\" alt=\"\" width=\"212\" height=\"300\" srcset=\"https:\/\/www.oulucomics.com\/wp-content\/uploads\/2021\/10\/9789527033180_marlene_lores-212x300.jpg 212w, https:\/\/www.oulucomics.com\/wp-content\/uploads\/2021\/10\/9789527033180_marlene_lores-723x1024.jpg 723w, https:\/\/www.oulucomics.com\/wp-content\/uploads\/2021\/10\/9789527033180_marlene_lores-768x1087.jpg 768w, https:\/\/www.oulucomics.com\/wp-content\/uploads\/2021\/10\/9789527033180_marlene_lores.jpg 1000w\" sizes=\"auto, (max-width: 212px) 100vw, 212px\" \/><\/a>N\u00e4yttelyss\u00e4 on esill\u00e4 otteita tanskalaisen <\/span><strong>Peter Snejbjergin<\/strong><span style=\"font-weight: 400;\"> tuoreimmasta suomenkielisest\u00e4 sarjakuvateoksesta <\/span><em><span style=\"font-weight: 400;\">Marlene<\/span><\/em><span style=\"font-weight: 400;\"> (Kumiorava 2021). Marlene on Snejbjergin kirjoittama ja kuvittama murhamysteeri, jossa arkip\u00e4iv\u00e4 ja yliluonnollinen kohtaavat kauhistuttavalla tavalla. Snejbjergin vahva mustavalkokuvitus yhdist\u00e4\u00e4 saumattomasti brutaalit k\u00e4\u00e4nteet ja mustan huumorin.<\/span><\/p>\n<p><span style=\"font-weight: 400;\">Hautausmaalta l\u00f6ytyy pahoin raadeltu miehen ruumis. Tutkiessaan tapausta rikosetsiv\u00e4 Michael J\u00f6rgensen t\u00f6rm\u00e4\u00e4 kauniiseen Marleneen, joka tuntuu liittyv\u00e4n useampaankin salaper\u00e4iseen kuolemaan. Mutta mik\u00e4 on Marlenen salaisuus? Jahtaako J\u00f6rgensen yliluonnollista tappajaa... vai onko h\u00e4n kenties itse tappajan seuraava saalis?<\/span><\/p>\n<p><span style=\"color: #0000ff;\"><span style=\"font-weight: 400;\">The exhibition showcases samples of the newest Finnish-translated comic book <\/span><em><span style=\"font-weight: 400;\">Marlene<\/span><\/em><span style=\"font-weight: 400;\"> (Kumiorava 2021) by Danish <\/span><strong>Peter Snejbjerg<\/strong><span style=\"font-weight: 400;\">. Marlene is a murder mystery in which the mundane meets the supernatural in a horrifying fashion. The book is written and illustrated by Snejbjerg. Brutal twists and black humour are tied together by bold black and white illustrations.<\/span><\/span><\/p>\n<p><span style=\"font-weight: 400; color: #0000ff;\">A gravely mutilated male corpse is found at a graveyard. While investigating the case, detective Michael J\u00f6rgensen bumps into beautiful Marlene, who seems to be related to several death mysteries. But what is Marlene\u2019s secret? Is J\u00f6rgensen chasing a supernatural killer\u2026 or might he be the next victim himself?<\/span><\/p>\n<\/div><\/div>\n\t\t\t\t<\/li>\n\t\t\t \t<li class=\"event festivaali nayttelyt sarjasto\">\n\t\t\t\t\t<div class=\"event-date multi-date\"><div class=\"start-date\"><div class=\"event-weekday\">to<\/div><div class=\"event-day\">18<\/div><div class=\"event-month\">marras<\/div><div class=\"event-year\">2021<\/div><\/div><div class=\"end-date\"><div class=\"event-weekday\">ke<\/div><div class=\"event-day\">08<\/div><div class=\"event-month\">joulu<\/div><div class=\"event-year\">2021<\/div><\/div><\/div>\n\t\t\t\t\t<div class=\"event-info multi-day\"><div class=\"event-title\"><h3>Tiia Salmelin: Unten kaupunki \u2013 Kuolleet puutarhat 1 -n\u00e4yttely | exhibition<\/h3><\/div><span class=\"event-location\">P\u00e4\u00e4kirjasto, Ala-aula | Main library lobby, Kaarlenv\u00e4yl\u00e4 3, Oulu<\/span><div class=\"event-details\"><p><strong><a href=\"http:\/\/www.oulucomics.com\/wp-content\/uploads\/2021\/09\/Tiia-Salmelin-Unten-kaupunki-Kuolleet-puutarhat-1.jpg\"><img loading=\"lazy\" decoding=\"async\" class=\"alignright size-medium wp-image-5801\" src=\"http:\/\/www.oulucomics.com\/wp-content\/uploads\/2021\/09\/Tiia-Salmelin-Unten-kaupunki-Kuolleet-puutarhat-1-209x300.jpg\" alt=\"\" width=\"209\" height=\"300\" srcset=\"https:\/\/www.oulucomics.com\/wp-content\/uploads\/2021\/09\/Tiia-Salmelin-Unten-kaupunki-Kuolleet-puutarhat-1-209x300.jpg 209w, https:\/\/www.oulucomics.com\/wp-content\/uploads\/2021\/09\/Tiia-Salmelin-Unten-kaupunki-Kuolleet-puutarhat-1.jpg 418w\" sizes=\"auto, (max-width: 209px) 100vw, 209px\" \/><\/a>Tiia Salmelinin<\/strong><span style=\"font-weight: 400;\"> verkkosarjakuva <\/span><em><span style=\"font-weight: 400;\">Kuolleiden puutarhojen<\/span><\/em><span style=\"font-weight: 400;\"> ensimm\u00e4inen osa <\/span><em><span style=\"font-weight: 400;\">Unten kaupunki <\/span><span style=\"font-weight: 400;\">\u2013<\/span><span style=\"font-weight: 400;\"> Kuolleet puutarhat 1<\/span><\/em><span style=\"font-weight: 400;\"> (Pokuto 2021) on sarjakuvataiteilija ja taideopettaja Salmelinin syksyn uutuusteos. N\u00e4yttelyss\u00e4 esitell\u00e4\u00e4n otteita teoksesta, joka ei ole vain kooste verkkosarjakuvista, vaan t\u00e4ysin uudelleen piirretty painettua albumia varten.\u00a0<\/span><\/p>\n<p><span style=\"font-weight: 400;\">Fantasiatarinan p\u00e4\u00e4henkil\u00f6 Flar on \u00e4itins\u00e4 tavoin unenn\u00e4kij\u00e4. Unet johdattavat h\u00e4net er\u00e4maiden halki mystisen kaupungin porteille. Flar uskoo l\u00f6yt\u00e4v\u00e4ns\u00e4 kysymyksiins\u00e4 vastauksia unten virrassa seisovasta kaupungista.\u00a0<\/span><\/p>\n<p><span style=\"color: #0000ff;\"><span style=\"font-weight: 400;\">A webcomic <\/span><em><span style=\"font-weight: 400;\">Kuolleet Puutarhat<\/span><\/em><span style=\"font-weight: 400;\"> volume 1, <\/span><em><span style=\"font-weight: 400;\">Unten kaupunki - Kuolleet puutarhat 1<\/span><\/em><span style=\"font-weight: 400;\"> (Pokuto 2021) by the comic artist and art teacher <\/span><strong>Tiia Salmelin<\/strong><span style=\"font-weight: 400;\"> is newly published in print this autumn. The exhibition showcases samples of the book\u2019s art. Rather than just a collection of her webcomic, the artwork was completely redrawn for the printed comic book.<\/span><\/span><\/p>\n<p><span style=\"font-weight: 400; color: #0000ff;\">Protagonist of the fantasy story, Flar, is a dream seer just like his mother. The dreams lead him across wilderness to the gates of a mysterious city. Flar believes he will find answers to his questions in the city built in the stream of dreams.<\/span><\/p>\n<\/div><\/div>\n\t\t\t\t<\/li>\n\t\t\t \t<li class=\"event festivaali nayttelyt sarjasto\">\n\t\t\t\t\t<div class=\"event-date multi-date\"><div class=\"start-date\"><div class=\"event-weekday\">to<\/div><div class=\"event-day\">18<\/div><div class=\"event-month\">marras<\/div><div class=\"event-year\">2021<\/div><\/div><div class=\"end-date\"><div class=\"event-weekday\">pe<\/div><div class=\"event-day\">31<\/div><div class=\"event-month\">joulu<\/div><div class=\"event-year\">2021<\/div><\/div><\/div>\n\t\t\t\t\t<div class=\"event-info multi-day\"><div class=\"event-title\"><h3>Pentti Otsamo: V\u00e4litt\u00e4j\u00e4 -teosn\u00e4yttely | exhibition<\/h3><\/div><span class=\"event-location\">Sarjasto, Kaarlenv\u00e4yl\u00e4 3, 3. krs, Oulu<\/span><div class=\"event-details\"><p><span style=\"font-weight: 400;\"><a href=\"http:\/\/www.oulucomics.com\/wp-content\/uploads\/2021\/09\/Pentti-Otsamo-Va\u0308litta\u0308ja\u0308-Kauppa-Lopo-kaukana-kaukana-Kuopiosta.jpg\"><img loading=\"lazy\" decoding=\"async\" class=\"alignright size-medium wp-image-5804\" src=\"http:\/\/www.oulucomics.com\/wp-content\/uploads\/2021\/09\/Pentti-Otsamo-Va\u0308litta\u0308ja\u0308-Kauppa-Lopo-kaukana-kaukana-Kuopiosta-212x300.jpg\" alt=\"\" width=\"212\" height=\"300\" srcset=\"https:\/\/www.oulucomics.com\/wp-content\/uploads\/2021\/09\/Pentti-Otsamo-Va\u0308litta\u0308ja\u0308-Kauppa-Lopo-kaukana-kaukana-Kuopiosta-212x300.jpg 212w, https:\/\/www.oulucomics.com\/wp-content\/uploads\/2021\/09\/Pentti-Otsamo-Va\u0308litta\u0308ja\u0308-Kauppa-Lopo-kaukana-kaukana-Kuopiosta.jpg 397w\" sizes=\"auto, (max-width: 212px) 100vw, 212px\" \/><\/a>Sarjaston teosn\u00e4yttelyn\u00e4 esitell\u00e4\u00e4n <\/span><strong>Pentti Otsamon<\/strong><span style=\"font-weight: 400;\"> k\u00e4sikirjoittama ja piirt\u00e4m\u00e4 <\/span><em><span style=\"font-weight: 400;\">V\u00e4litt\u00e4j\u00e4 - Kauppa-Lopo kaukana, kaukana Kuopiosta<\/span><\/em><span style=\"font-weight: 400;\"> (Suuri Kurpitsa 2021), joka perustuu Minna Canthin novelliin <\/span><em><span style=\"font-weight: 400;\">Kauppa-Lopo<\/span><\/em><span style=\"font-weight: 400;\">.<\/span><\/p>\n<p><span style=\"font-weight: 400;\">Vuonna 1889 ilmestynyt naturalistinen alkuteos korosti sit\u00e4, ett\u00e4 ihmisen arvo tai luonne ei riipu h\u00e4nen syntyper\u00e4st\u00e4\u00e4n tai yhteiskunnallisesta asemastaan. Otsamon kaukaisiin galakseihin kulkeva versio yhdist\u00e4\u00e4 Canthin klassikkoteoksen eetoksen ja piirt\u00e4j\u00e4n teinivuosien scifiin painottuneet kulttuurivaikutteet. 70- ja 80-luvun vaihteessa Kirjayhtym\u00e4n scifi-sarja vei vieraille planeetoille ja tulevaisuuteen, samoin television <\/span><em><span style=\"font-weight: 400;\">Avaruusasema Alfa<\/span><\/em><span style=\"font-weight: 400;\"> ja <\/span><em><span style=\"font-weight: 400;\">Taisteluplaneetta Galactica<\/span><\/em><span style=\"font-weight: 400;\"> sek\u00e4 <\/span><em><span style=\"font-weight: 400;\">Mustan aukon<\/span><\/em><span style=\"font-weight: 400;\">, <\/span><em><span style=\"font-weight: 400;\">Kolmannen asteen yhteyden<\/span><\/em><span style=\"font-weight: 400;\"> ja <\/span><em><span style=\"font-weight: 400;\">Star Wars<\/span><\/em><span style=\"font-weight: 400;\"> -sarjan ensimm\u00e4isten osien kaltaiset elokuvat.\u00a0<\/span><\/p>\n<p><span style=\"font-weight: 400;\">V\u00e4litt\u00e4j\u00e4n t\u00e4rkeimm\u00e4t her\u00e4tteet tulevat kuitenkin Pierre Christinin, Jean-Claude M\u00e9zi\u00e8resin, Enki Bilalin ja Moebiuksen sarjakuvista. Otsamon avaus tieteissarjakuvan saralla s\u00e4teilee samaa h\u00e4ik\u00e4isev\u00e4\u00e4 valoa kuin lajityypin kiintot\u00e4htien ty\u00f6t.<\/span><\/p>\n<p><span style=\"color: #0000ff;\"><span style=\"font-weight: 400;\">The book exhibition of Sarjasto showcases <\/span><em><span style=\"font-weight: 400;\">V\u00e4litt\u00e4j\u00e4 - Kauppa-Lopo kaukana, kaukana Kuopiosta<\/span><\/em><span style=\"font-weight: 400;\"> (Suuri Kurpitsa 2021), scripted and illustrated by <\/span><strong>Pentti Otsamo<\/strong><span style=\"font-weight: 400;\">. The book is based on the short story <\/span><em><span style=\"font-weight: 400;\">Kauppa-Lopo<\/span><\/em><span style=\"font-weight: 400;\"> by Minna Canth.<\/span><\/span><\/p>\n<p><span style=\"color: #0000ff;\"><span style=\"font-weight: 400;\">The naturalistic original story was published in 1889, and it emphasized that no value nor disposition of a human being depends on their ancestry or societal rank. The comic rendition by Otsamo, which travels to faraway galaxies, combines the ethos of Canth\u2019s classic book with sci-fi culture influences of Otsamo\u2019s youth. From late 70s to early 80s, Kirjayhtym\u00e4\u2019s sci-fi series took its reader to foreign planets and to the future, as did the TV series <\/span><em><span style=\"font-weight: 400;\">Space: 1999<\/span><\/em><span style=\"font-weight: 400;\"> and <\/span><em><span style=\"font-weight: 400;\">Battlestar Galactica<\/span><\/em><span style=\"font-weight: 400;\">, and movies like <\/span><em><span style=\"font-weight: 400;\">The Black Hole<\/span><span style=\"font-weight: 400;\">, <\/span><span style=\"font-weight: 400;\">Close Encounters of the Third Kind<\/span><\/em><span style=\"font-weight: 400;\">, and the first movies of the <\/span><em><span style=\"font-weight: 400;\">Star Wars<\/span><\/em><span style=\"font-weight: 400;\"> series.\u00a0<\/span><\/span><\/p>\n<p><span style=\"font-weight: 400; color: #0000ff;\">However, the biggest impulses for the comic book came from the comics of Pierre Christin, Jean-Claude M\u00e9zi\u00e8res, Enki Bilal, and Moebius. Otsamo\u2019s debut to sci-fi comics shines the same light as the comics of aforementioned stars.<\/span><\/p>\n<\/div><\/div>\n\t\t\t\t<\/li>\n\t\t\t \t<li class=\"event festivaali nayttelyt center sarjakuvagalleria\">\n\t\t\t\t\t<div class=\"event-date multi-date\"><div class=\"start-date\"><div class=\"event-weekday\">la<\/div><div class=\"event-day\">20<\/div><div class=\"event-month\">marras<\/div><div class=\"event-year\">2021<\/div><\/div><div class=\"end-date\"><div class=\"event-weekday\">pe<\/div><div class=\"event-day\">31<\/div><div class=\"event-month\">joulu<\/div><div class=\"event-year\">2021<\/div><\/div><\/div>\n\t\t\t\t\t<div class=\"event-info multi-day\"><div class=\"event-title\"><h3>Jiipu Uusitalo: Kukkaisruoska-Puupenni-Okanaamio -n\u00e4yttely | exhibition<\/h3><\/div><span class=\"event-time\">10:00 - 20:00<\/span><span class=\"event-location\">Sarjakuvagalleria! | Comics Gallery!, Hallituskatu 7, Oulu<\/span><div class=\"event-details\"><p><span style=\"font-weight: 400;\"><a href=\"http:\/\/www.oulucomics.com\/wp-content\/uploads\/2021\/09\/kansi-kukkaisruoska.jpeg\"><img loading=\"lazy\" decoding=\"async\" class=\"size-medium wp-image-5837 alignleft\" src=\"http:\/\/www.oulucomics.com\/wp-content\/uploads\/2021\/09\/kansi-kukkaisruoska-213x300.jpeg\" alt=\"\" width=\"213\" height=\"300\" srcset=\"https:\/\/www.oulucomics.com\/wp-content\/uploads\/2021\/09\/kansi-kukkaisruoska-213x300.jpeg 213w, https:\/\/www.oulucomics.com\/wp-content\/uploads\/2021\/09\/kansi-kukkaisruoska.jpeg 425w\" sizes=\"auto, (max-width: 213px) 100vw, 213px\" \/><\/a><a href=\"http:\/\/www.oulucomics.com\/wp-content\/uploads\/2021\/09\/puupenni.jpeg\"><img loading=\"lazy\" decoding=\"async\" class=\"size-medium wp-image-5838 alignleft\" src=\"http:\/\/www.oulucomics.com\/wp-content\/uploads\/2021\/09\/puupenni-214x300.jpeg\" alt=\"\" width=\"214\" height=\"300\" srcset=\"https:\/\/www.oulucomics.com\/wp-content\/uploads\/2021\/09\/puupenni-214x300.jpeg 214w, https:\/\/www.oulucomics.com\/wp-content\/uploads\/2021\/09\/puupenni.jpeg 428w\" sizes=\"auto, (max-width: 214px) 100vw, 214px\" \/><\/a><a href=\"http:\/\/www.oulucomics.com\/wp-content\/uploads\/2021\/09\/Jiipu-Okanaamio.jpg\"><img loading=\"lazy\" decoding=\"async\" class=\"size-medium wp-image-5806 alignleft\" src=\"http:\/\/www.oulucomics.com\/wp-content\/uploads\/2021\/09\/Jiipu-Okanaamio-212x300.jpg\" alt=\"\" width=\"212\" height=\"300\" srcset=\"https:\/\/www.oulucomics.com\/wp-content\/uploads\/2021\/09\/Jiipu-Okanaamio-212x300.jpg 212w, https:\/\/www.oulucomics.com\/wp-content\/uploads\/2021\/09\/Jiipu-Okanaamio.jpg 423w\" sizes=\"auto, (max-width: 212px) 100vw, 212px\" \/><\/a><\/span><\/p>\n<hr \/>\n<p><strong>Avajaiset perjantaina 19.11. klo 18-20!<\/strong><\/p>\n<p><span style=\"font-weight: 400;\">Sarjakuvataiteilija <\/span><strong>Jiipu Uusitalo<\/strong><span style=\"font-weight: 400;\"> tuo v\u00e4riloistoa Kulttuuritalo Valveella sijaitsevan Sarjakuvagalleria!n seinille. N\u00e4yttely on koostettu Uusitalon Valta-trilogiasta. Ensimm\u00e4inen osa <\/span><em><span style=\"font-weight: 400;\">Kukkaisruoska<\/span><\/em><span style=\"font-weight: 400;\"> (T\u00e4ysi K\u00e4si 2019) k\u00e4sittelee rankaisuvaltaa, toinen osa <\/span><span style=\"font-weight: 400;\"><em>Puupenni<\/em> <\/span><span style=\"font-weight: 400;\">(T\u00e4ysi K\u00e4si 2020) keskittyy talouteen ja siihen liittyviin valtasuhteisiin ja <\/span><em><span style=\"font-weight: 400;\">Okanaamio<\/span><\/em><span style=\"font-weight: 400;\"> (T\u00e4ysi K\u00e4si 2021) tuo teoskolmikon p\u00e4\u00e4t\u00f6kseen. Okanaamio on <\/span><span style=\"font-weight: 400;\">katastrofisarjakuva, jossa tulvan erilleen heitt\u00e4m\u00e4t rakastavaiset joutuvat pohtimaan, millaisia valta-asetelmia terveyden, varallisuuden ja sukupuolen kaltaiset tekij\u00e4t tuovat sosiaalisiin tilanteisiin.<\/span><span style=\"font-weight: 400;\">\u00a0<\/span><\/p>\n<p><span style=\"font-weight: 400;\">Uusitalon johtot\u00e4hten\u00e4 n\u00e4kyy l\u00e4pi tuotannon surrealistisen infosarjakuvan pehme\u00e4sti hehkuva kaksoisaurinko, kuin rehev\u00e4 voikukka bysanttilaisen virastotalon seinustalla. Syvimpien punk-luolien k\u00e4tk\u00f6ist\u00e4 auringon valoon vedetty Uusitalo alkoi vuonna 2012 piirt\u00e4m\u00e4\u00e4n <\/span><i><span style=\"font-weight: 400;\">Tajukankaan kutoja <\/span><\/i><span style=\"font-weight: 400;\">-nimist\u00e4 sarjakuvablogia. Maantieteellisesti h\u00e4n on sen j\u00e4lkeen valunut 700 kilometri\u00e4 Rovaniemelt\u00e4 kohti Suomen kartan alalaitaa ja tarrautunut Tampereen punatiiliseen kamaraan.\u00a0<\/span><\/p>\n<p><span style=\"font-weight: 400;\">N\u00e4yttelyss\u00e4 viet\u00e4t helposti pidemm\u00e4nkin tovin, koska trilogian kaikki albumit ovat my\u00f6s luettavissa Sarjakuvagalleria!ssa ja vieress\u00e4 sijaitsevasta Turun Sarjakuvakaupan Oulun toimipisteest\u00e4 (ke-pe klo 12-18) saat ne viel\u00e4p\u00e4 hankittua mukaasi.<\/span><\/p>\n<p><span style=\"color: #0000ff;\"><span style=\"font-weight: 400;\">Comic artist <\/span><strong>Jiipu Uusitalo<\/strong><span style=\"font-weight: 400;\"> brings splendour of colours to the walls of Comics Gallery! at Cultural Centre Valve. The exhibition is composed of the power trilogy by Uusitalo. The first Volume <\/span><em><span style=\"font-weight: 400;\">Kukkaisruoska<\/span><\/em><span style=\"font-weight: 400;\"> (T\u00e4ysi K\u00e4si 2019) deals with the punitive power. The second volume <\/span><em><span style=\"font-weight: 400;\">Puupenni <\/span><\/em><span style=\"font-weight: 400;\">(T\u00e4ysi K\u00e4si 2020) concentrates on economics and its power relations. The third volume <\/span><em><span style=\"font-weight: 400;\">Okanaamio<\/span><\/em><span style=\"font-weight: 400;\"> (T\u00e4ysi K\u00e4si 2021) finishes the trilogy. Okanaamio is a catastrophe comic where lovers tossed apart by a flood have to confornt power hierarchies that health, wealth, and sex bring to social settings.<\/span><\/span><\/p>\n<p><span style=\"color: #0000ff;\"><span style=\"font-weight: 400;\">Like a flourishing dandelion at the feet of the wall of a Byzantine office building, softly glowing surrealistic binary sun of this info-comic can be seen as a leading star throughout Uusitalo\u2019s creative work. Uusitalo, who was dragged to the sunlight from the deepest dungeons of Punk, started a comics blog titled <\/span><em><span style=\"font-weight: 400;\">Tajukankaan kutoja<\/span><\/em><span style=\"font-weight: 400;\"> in 2012. Since then, Uusitalo has geographically slid 700 kilometres south from Rovaniemi and is now rooted on the red-bricked ground of Tampere.<\/span><\/span><\/p>\n<p><span style=\"font-weight: 400; color: #0000ff;\">You can easily spend a long time at the exhibition, since all the volumes of the trilogy can be read at Comics Gallery!, and you can purchase them from the Oulu branch of Turku Comics Store as well. The store is located right next to the gallery and is open from Wed to Fri during 12 - 6 pm.<\/span><\/p>\n<\/div><\/div>\n\t\t\t\t<\/li><\/ul>\n\t\t\t\t<\/div>\n","protected":false},"excerpt":{"rendered":"<p><!-- wp:paragraph --><\/p>\n<p>N\u00e4yttelyt avautuvat yleis\u00f6lle marraskuun aikana ja tarjoavat aivan uudenlaisia el\u00e4myksi\u00e4 et\u00e4n\u00e4 osallistuvalle festivaaliyleis\u00f6lle. N\u00e4yttelyiden tiedot tarkentuvat lokakuun aikana.<\/p>\n<p><!-- \/wp:paragraph --><\/p>\n<p><!-- wp:paragraph...\n<\/p>\n","protected":false},"author":1,"featured_media":0,"parent":12,"menu_order":0,"comment_status":"closed","ping_status":"closed","template":"","meta":{"footnotes":""},"categories":[],"tags":[],"class_list":["post-5187","page","type-page","status-publish","hentry"],"_links":{"self":[{"href":"https:\/\/www.oulucomics.com\/fi\/wp-json\/wp\/v2\/pages\/5187","targetHints":{"allow":["GET"]}}],"collection":[{"href":"https:\/\/www.oulucomics.com\/fi\/wp-json\/wp\/v2\/pages"}],"about":[{"href":"https:\/\/www.oulucomics.com\/fi\/wp-json\/wp\/v2\/types\/page"}],"author":[{"embeddable":true,"href":"https:\/\/www.oulucomics.com\/fi\/wp-json\/wp\/v2\/users\/1"}],"replies":[{"embeddable":true,"href":"https:\/\/www.oulucomics.com\/fi\/wp-json\/wp\/v2\/comments?post=5187"}],"version-history":[{"count":24,"href":"https:\/\/www.oulucomics.com\/fi\/wp-json\/wp\/v2\/pages\/5187\/revisions"}],"predecessor-version":[{"id":6795,"href":"https:\/\/www.oulucomics.com\/fi\/wp-json\/wp\/v2\/pages\/5187\/revisions\/6795"}],"up":[{"embeddable":true,"href":"https:\/\/www.oulucomics.com\/fi\/wp-json\/wp\/v2\/pages\/12"}],"wp:attachment":[{"href":"https:\/\/www.oulucomics.com\/fi\/wp-json\/wp\/v2\/media?parent=5187"}],"wp:term":[{"taxonomy":"category","embeddable":true,"href":"https:\/\/www.oulucomics.com\/fi\/wp-json\/wp\/v2\/categories?post=5187"},{"taxonomy":"post_tag","embeddable":true,"href":"https:\/\/www.oulucomics.com\/fi\/wp-json\/wp\/v2\/tags?post=5187"}],"curies":[{"name":"wp","href":"https:\/\/api.w.org\/{rel}","templated":true}]}}