{"id":4810,"date":"2020-08-13T15:33:54","date_gmt":"2020-08-13T12:33:54","guid":{"rendered":"http:\/\/www.oulucomics.com\/?page_id=4810"},"modified":"2020-08-13T15:33:54","modified_gmt":"2020-08-13T12:33:54","slug":"festivaalinayttely-2020","status":"publish","type":"page","link":"https:\/\/www.oulucomics.com\/fi\/fest\/festivaalinayttely-2020\/","title":{"rendered":"Festivaalin\u00e4yttely 2020"},"content":{"rendered":"\n\t\t\t\t<div class=\"event-list\">\n\t\t\t\t<ul class=\"event-list-view\">\n\t\t\t \t<li class=\"event festivaali nayttelyt\">\n\t\t\t\t\t<div class=\"event-date multi-date\"><div class=\"start-date\"><div class=\"event-weekday\">ti<\/div><div class=\"event-day\">03<\/div><div class=\"event-month\">marras<\/div><div class=\"event-year\">2020<\/div><\/div><div class=\"end-date\"><div class=\"event-weekday\">su<\/div><div class=\"event-day\">29<\/div><div class=\"event-month\">marras<\/div><div class=\"event-year\">2020<\/div><\/div><\/div>\n\t\t\t\t\t<div class=\"event-info multi-day\"><div class=\"event-title\"><h3>Avi Heikkinen: Veteen j\u00e4i reik\u00e4 -sarjakuvan\u00e4yttely<\/h3><\/div><span class=\"event-time\">10:00 - 20:00<\/span><span class=\"event-location\">Kulttuuritalo Valve, Aulagalleria, Hallituskatu 7, Oulu<\/span><div class=\"event-details\"><p><img loading=\"lazy\" decoding=\"async\" class=\"alignright wp-image-4905\" src=\"http:\/\/www.oulucomics.com\/wp-content\/uploads\/2020\/10\/avi_veteenjaireika.jpg\" alt=\"\" width=\"300\" height=\"424\" srcset=\"https:\/\/www.oulucomics.com\/wp-content\/uploads\/2020\/10\/avi_veteenjaireika.jpg 600w, https:\/\/www.oulucomics.com\/wp-content\/uploads\/2020\/10\/avi_veteenjaireika-212x300.jpg 212w\" sizes=\"auto, (max-width: 300px) 100vw, 300px\" \/>VETEEN J\u00c4I REIK\u00c4 on <strong>Avi Heikkisen<\/strong> n\u00e4yttely, joka syvent\u00e4\u00e4 h\u00e4nen Valotusaika -sarjakuvaromaaninsa maailmaa. N\u00e4yttely yhdistelee sarjakuvaa ja yksitt\u00e4isi\u00e4 kuvateoksia, jotka on kaikki toteutettu digitaalisesti muokatuin valokuvin. Heikkinen pyrkii t\u00f6iss\u00e4\u00e4n kehitt\u00e4m\u00e4\u00e4n valokuvista traditionaalisesti piirretyn n\u00e4k\u00f6ist\u00e4 ilmaisua. \"Haluan h\u00e4m\u00e4rt\u00e4\u00e4 erilaisten sarjakuvan tekemistapojen rajoja ja luoda visuaalisesti ja tunnelmallisesti aivan uniikkia j\u00e4lke\u00e4. L\u00f6yt\u00e4\u00e4 uutta luovan fuusion sarjakuvan, elokuvan ja valokuvan visuaalisista ja narratiivisista potentiaaleista.\"<\/p>\n<p>VETEEN J\u00c4I REIK\u00c4 kertoo \u00e4itins\u00e4 menett\u00e4v\u00e4st\u00e4 miehest\u00e4, ja siit\u00e4 monimutkaisesta tunnevyyhdist\u00e4 aikuisen miehen ja t\u00e4m\u00e4n \u00e4idin v\u00e4lill\u00e4. Temaattisesti VETEEN J\u00c4I REIK\u00c4 kiertyy menetyksen sek\u00e4 ajatusten ja muistojen painolastin ymp\u00e4rille.<\/p>\n<p>Nykyisin Tampereella perheineen asuva Avi Heikkinen (s.1984, Oulu) on kansainv\u00e4lisesti palkittu k\u00e4sikirjoittaja ja sarjakuvantekij\u00e4. H\u00e4nen esikoissarjakuvaromaaninsa Valotusaika oli yksi vuoden 2019 eniten huomiota saaneista kotimaisista sarjakuvista, ja se palkittiin Kirjataiteen Kaunis kirja -palkinnolla. Valotusaika oli kokonaan digitaalisesti j\u00e4lkik\u00e4sitellyill\u00e4 valokuvilla toteutettu sarjakuva, joka kuvattiin aidoissa lokaatioissa Jyv\u00e4skyl\u00e4ss\u00e4. Heikkinen on lis\u00e4ksi k\u00e4sikirjoittanut palkitun kokoillan elokuvan Poissa (2019) ja useita lyhytelokuvia.<\/p>\n<p><span style=\"color: #800000;\">THERE'S A HOLE IN THE WATER is an exhibition by <strong>Avi Heikkinen<\/strong> that further explores the world of his award-winning graphic novel Valotusaika. The exhibition consists of comics and individual art pieces, all created with digitally modified photographs. In his works, Heikkinen seeks to develop a traditionally hand-drawn look using photographs. \"I want to blur the boundaries between different ways of doing comics and to create a completely unique visual and atmospheric style. To fuse together the visual and narrative potentials of comics, film and photography.\"<\/span><\/p>\n<p><span style=\"color: #800000;\">THERE'S A HOLE IN THE WATER tells the story of a man who loses his mother, and of the complex emotional bond between an adult man and his mother. Thematically, THERE'S A HOLE IN THE WATER deals with the themes of loss, and the weight of thoughts and memories.<\/span><\/p>\n<p><span style=\"color: #800000;\">Avi Heikkinen (b. 1984, Oulu), who currently lives in Tampere with his family, is an internationally acclaimed screenwriter and comic book artist. His debut graphic novel VALOTUSAIKA was one of the most talked about Finnish comics of 2019. VALOTUSAIKA was made entirely with digitally post-processed photographs, which were shot in real locations in Jyv\u00e4skyl\u00e4. Heikkinen has also written the award-winning film Gone (2019) and several short films.\u00a0\u00a0<\/span><\/p>\n<\/div><\/div>\n\t\t\t\t<\/li>\n\t\t\t \t<li class=\"event festivaali nayttelyt\">\n\t\t\t\t\t<div class=\"event-date multi-date\"><div class=\"start-date\"><div class=\"event-weekday\">ma<\/div><div class=\"event-day\">09<\/div><div class=\"event-month\">marras<\/div><div class=\"event-year\">2020<\/div><\/div><div class=\"end-date\"><div class=\"event-weekday\">su<\/div><div class=\"event-day\">22<\/div><div class=\"event-month\">marras<\/div><div class=\"event-year\">2020<\/div><\/div><\/div>\n\t\t\t\t\t<div class=\"event-info multi-day\"><div class=\"event-title\"><h3>Emmi Valve &amp; Tuomas Myllyl\u00e4 -n\u00e4yttely<\/h3><\/div><span class=\"event-location\">Limingan kirjasto, Liminganraitti 5, Liminka<\/span><div class=\"event-details\"><p>Limingan kirjastossa on esill\u00e4 kansallisten residenssitaiteilijoiden n\u00e4yttely. <a href=\"http:\/\/www.liminka.fi\/sivu\/fi\/kulttuuri-_ja_vapaa-aika\/kirjasto\/yhteystiedot_ja_aukioloajat\/\" target=\"_blank\" rel=\"noopener\">Tarkasta aukioloajat Limingan kirjaston sivuilta<\/a>.<\/p>\n<p><strong>Emmi Valveen<\/strong> teokset ammentavat vaikutteita 90-luvun pienlehtikulttuurista ja ne ovat sek\u00e4 omael\u00e4m\u00e4nkerrallista sarjakuvazine\u00e4 ett\u00e4 niiden pohjalta tehtyj\u00e4 kollaaseja. Valve haluaa sarjakuvaromaanin ty\u00f6st\u00f6n vastapainoksi tehd\u00e4 jotain nopeaa, intiimi\u00e4 ja k\u00e4sity\u00f6m\u00e4ist\u00e4. Teoksillaan h\u00e4n luonnehtii palaavansa nykysarjakuvan juurille, k\u00e4sin tekemiseen ja tee-se-itse-aatteeseen.<\/p>\n<p><strong>Tuomas Myllyl\u00e4n<\/strong> n\u00e4yttelyyn valikoidut ty\u00f6t ovat tussipiirroksia koskien eri sarjakuvia ja hankkeita vuosien varrelta. Kyseess\u00e4 on er\u00e4\u00e4nlainen l\u00e4pileikkaus taiteilijan tuotannosta.<\/p>\n<p><em>Oulun Sarjakuvakeskus ja Limingan taidekoulu p\u00e4\u00e4ttiv\u00e4t kev\u00e4\u00e4ll\u00e4 2020 koronatilanteen johdosta siirt\u00e4\u00e4 t\u00e4m\u00e4n vuoden kansainv\u00e4liset sarjakuvaresidenssit vuodelle 2021. Niit\u00e4 korvaamaan j\u00e4rjestet\u00e4\u00e4n kaksi kansallista sarjakuvaresidenssi\u00e4.<\/em><\/p>\n<p><em>Avoimella haulla toteutettuun hakuun saatiin hyvin hakemuksia ja residenssitaiteilijoiksi valikoituivat sarjakuvantekij\u00e4t\u00a0<a href=\"https:\/\/sarjakuvakeskus.fi\/blogi\/1183-emmi-valve-kertoo-girl-gang-bang-bang-sarjakuvastaan\" target=\"_blank\" rel=\"noreferrer noopener\">Emmi Valve (linkki: Sarjakuvakeskus.fi, Emmi Valve kertoo Girl Gang Bang Bang -sarjakuvastaan)<\/a>\u00a0ja\u00a0<a href=\"https:\/\/www.instagram.com\/tuomasmyllyla\/\" target=\"_blank\" rel=\"noreferrer noopener\">Tuomas Myllyl\u00e4 (linkki: Myllyl\u00e4n instagram)<\/a>. Residenssijaksot ovat kestoltaan kolme viikkoa.<\/em><\/p>\n<p>&nbsp;<\/p>\n<\/div><\/div>\n\t\t\t\t<\/li>\n\t\t\t \t<li class=\"event festivaali lapset nayttelyt center\">\n\t\t\t\t\t<div class=\"event-date multi-date\"><div class=\"start-date\"><div class=\"event-weekday\">ke<\/div><div class=\"event-day\">18<\/div><div class=\"event-month\">marras<\/div><div class=\"event-year\">2020<\/div><\/div><div class=\"end-date\"><div class=\"event-weekday\">ma<\/div><div class=\"event-day\">30<\/div><div class=\"event-month\">marras<\/div><div class=\"event-year\">2020<\/div><\/div><\/div>\n\t\t\t\t\t<div class=\"event-info multi-day\"><div class=\"event-title\"><h3>Kalle Hakkola &amp; Mari Ahokoivu: Sanni ja Joonas - Mets\u00e4retki<\/h3><\/div><span class=\"event-time\">10:00 - 20:00<\/span><span class=\"event-location\">Valvegalleria | Valve gallery, Hallituskatu 7, Oulu<\/span><div class=\"event-details\"><p><img loading=\"lazy\" decoding=\"async\" class=\"alignright size-full wp-image-4152\" src=\"http:\/\/www.oulucomics.com\/wp-content\/uploads\/2019\/10\/ahokoivu_hakkola_sannijajoonasmetsaretki.jpg\" alt=\"\" width=\"300\" height=\"377\" srcset=\"https:\/\/www.oulucomics.com\/wp-content\/uploads\/2019\/10\/ahokoivu_hakkola_sannijajoonasmetsaretki.jpg 300w, https:\/\/www.oulucomics.com\/wp-content\/uploads\/2019\/10\/ahokoivu_hakkola_sannijajoonasmetsaretki-239x300.jpg 239w\" sizes=\"auto, (max-width: 300px) 100vw, 300px\" \/>N\u00e4yttely jouduttiin keskeytt\u00e4m\u00e4\u00e4n 31.11.2020!<\/p>\n<p>Sanni ja Joonas on Ahokoivun ja Hakkolan luoma lastensarjakuvasarja, josta toistaiseksi on ilmestynyt kolme kirjaa. Ensimm\u00e4inen osa on my\u00f6s k\u00e4\u00e4nnetty ruotsiksi, koreaksi, ranskaksi ja englanniksi. Lis\u00e4ksi sarja on ilmestynyt lyhyemm\u00e4ss\u00e4 muodossa Koululainen-lehdess\u00e4, Ilta-sanomissa ja koulukirjoissa. Sarjakuva kertoo sisaruksista Sannista ja Joonaksesta. Mukana seikkailee my\u00f6s muita hahmoja, kuten sisarusten \u00e4iti ja \u00e4idin puoliso, iltap\u00e4iv\u00e4kerholaiset sek\u00e4 Sannin ja Joonaksen Hugo-serkku. Keski\u00f6ss\u00e4 ovat kuitenkin sisarukset. Keskeisess\u00e4 osassa on erilainen l\u00f6yt\u00e4misen ilo ja kielell\u00e4 leikkiminen. Sarjan keskeisin\u00e4 teemoina toimivat luonto ja lapsia ymp\u00e4r\u00f6iv\u00e4t asiat.<\/p>\n<p>Mets\u00e4retki n\u00e4yttely keskittyy samannimisess\u00e4 kirjassa julkaisuihin lyhyempiin tarinoihin. Mukana on niin yhden sivun tarinoita kuin perinteisi\u00e4 kolmen ruudun strippej\u00e4. Sivun mittaisista tarinoista l\u00f6ytyy sarjakuvien lis\u00e4ksi, ruokaohjeita ja jopa lautapeli.<\/p>\n<\/div><\/div>\n\t\t\t\t<\/li>\n\t\t\t \t<li class=\"event festivaali lapset nayttelyt center\">\n\t\t\t\t\t<div class=\"event-date multi-date\"><div class=\"start-date\"><div class=\"event-weekday\">ke<\/div><div class=\"event-day\">18<\/div><div class=\"event-month\">marras<\/div><div class=\"event-year\">2020<\/div><\/div><div class=\"end-date\"><div class=\"event-weekday\">ma<\/div><div class=\"event-day\">30<\/div><div class=\"event-month\">marras<\/div><div class=\"event-year\">2020<\/div><\/div><\/div>\n\t\t\t\t\t<div class=\"event-info multi-day\"><div class=\"event-title\"><h3>Vanha kunnon Jaska Jokunen \u2013 Tenavat 60 vuotta Suomessa<\/h3><\/div><span class=\"event-time\">10:00 - 20:00<\/span><span class=\"event-location\">Valvegalleria | Valve gallery, Hallituskatu 7, Oulu<\/span><div class=\"event-details\"><p><img loading=\"lazy\" decoding=\"async\" class=\"alignright wp-image-4986\" src=\"http:\/\/www.oulucomics.com\/wp-content\/uploads\/2020\/11\/Tenavat_mainos_oulu.jpg\" alt=\"\" width=\"300\" height=\"424\" srcset=\"https:\/\/www.oulucomics.com\/wp-content\/uploads\/2020\/11\/Tenavat_mainos_oulu.jpg 900w, https:\/\/www.oulucomics.com\/wp-content\/uploads\/2020\/11\/Tenavat_mainos_oulu-212x300.jpg 212w, https:\/\/www.oulucomics.com\/wp-content\/uploads\/2020\/11\/Tenavat_mainos_oulu-724x1024.jpg 724w, https:\/\/www.oulucomics.com\/wp-content\/uploads\/2020\/11\/Tenavat_mainos_oulu-768x1086.jpg 768w\" sizes=\"auto, (max-width: 300px) 100vw, 300px\" \/>N\u00e4yttely jouduttiin keskeytt\u00e4m\u00e4\u00e4n 31.11.2020!<\/p>\n<p>Jaska Jokunen l\u00f6ysi tiens\u00e4 suomalaisten syd\u00e4miin 60 vuotta sitten. Pallop\u00e4isen pikkupojan suomenkielisen nimen keksi hahmoon ihastunut Aatos Erkko itse.\u00a0<strong>Charles M. Schulzin<\/strong> Tenavat on sanomalehtisarjakuvien ehdoton klassikko, joka ilmestyi vuosina 1950\u20132000.<\/p>\n<p>Suomessa Tenavat alkoi ilmesty\u00e4 vuonna 1959 Ilta-Sanomissa ja saman kustantajan Viikkosanomissa. Ilta-Sanomat julkaisee Tenavia edelleen, ja lehden sarjakuvatoimittaja ja Tenavien k\u00e4\u00e4nt\u00e4j\u00e4 Juhani Tolvanen kokosi n\u00e4yttelyn sen kunniaksi, ett\u00e4 sarjakuva on ilmestynyt Suomessa 60 vuotta.<\/p>\n<p>Lis\u00e4n\u00e4 n\u00e4yttelyss\u00e4 on suomalaisten sarjakuvantekij\u00f6iden Tenavat-tribuuttistrippej\u00e4, jotka ilmestyiv\u00e4t Ilta-Sanomien kuukauden kotimaisena sarjakuvana marraskuussa 2019.<\/p>\n<p>N\u00e4yttelyn on koonnut el\u00e4m\u00e4nty\u00f6ns\u00e4 Tenavien parissa tehnyt sarjakuvaneuvos Juhani Tolvanen. H\u00e4n on k\u00e4\u00e4nt\u00e4nyt kaikki Ilta-Sanomissa julkaistut Tenavat vuosina 1979\u20132019.<\/p>\n<\/div><\/div>\n\t\t\t\t<\/li>\n\t\t\t \t<li class=\"event festivaali lapset nayttelyt center\">\n\t\t\t\t\t<div class=\"event-date multi-date\"><div class=\"start-date\"><div class=\"event-weekday\">ke<\/div><div class=\"event-day\">18<\/div><div class=\"event-month\">marras<\/div><div class=\"event-year\">2020<\/div><\/div><div class=\"end-date\"><div class=\"event-weekday\">ma<\/div><div class=\"event-day\">30<\/div><div class=\"event-month\">marras<\/div><div class=\"event-year\">2020<\/div><\/div><\/div>\n\t\t\t\t\t<div class=\"event-info multi-day\"><div class=\"event-title\"><h3>Anu ja Jari Terho: Mukula - parasta vuosikertaa<\/h3><\/div><span class=\"event-time\">10:00 - 20:00<\/span><span class=\"event-location\">Valvegalleria | Valve gallery, Hallituskatu 7, Oulu<\/span><div class=\"event-details\"><p><img loading=\"lazy\" decoding=\"async\" class=\"alignright size-medium wp-image-4984\" src=\"http:\/\/www.oulucomics.com\/wp-content\/uploads\/2020\/11\/mukulu3-kansi-net-300x300.jpg\" alt=\"\" width=\"300\" height=\"300\" srcset=\"https:\/\/www.oulucomics.com\/wp-content\/uploads\/2020\/11\/mukulu3-kansi-net-300x300.jpg 300w, https:\/\/www.oulucomics.com\/wp-content\/uploads\/2020\/11\/mukulu3-kansi-net-150x150.jpg 150w, https:\/\/www.oulucomics.com\/wp-content\/uploads\/2020\/11\/mukulu3-kansi-net-768x768.jpg 768w, https:\/\/www.oulucomics.com\/wp-content\/uploads\/2020\/11\/mukulu3-kansi-net.jpg 900w\" sizes=\"auto, (max-width: 300px) 100vw, 300px\" \/>N\u00e4yttely jouduttiin keskeytt\u00e4m\u00e4\u00e4n 31.11.2020!<\/p>\n<p>Mukula on seikkaillut sanomalehdiss\u00e4 l\u00e4hes 10 vuotta. Sarjan kolmas sarjakuvakirja <em>Mukula - parasta vuosikertaa<\/em> (omakustanne, 2020) ilmestyy Oulun Sarjakuvafestivaalilla.<\/p>\n<p>Kulttuuritalo Valveella esill\u00e4 olevaan n\u00e4yttelyyn on koottu otteita Simon el\u00e4m\u00e4st\u00e4 uuden vuoden lupauksista joulun pettymyksiin ja aurinkomatkoista kuumatkoihin.<\/p>\n<p>Meille selvi\u00e4\u00e4 vastauksia kysymyksiin, joita emme ole ymm\u00e4rt\u00e4neet esitt\u00e4\u00e4. Mit\u00e4 onkaan paukkupakkanen? Ent\u00e4 koulukiusaus tai korvasieni? Voiko l\u00e4pp\u00e4riin pyyhki\u00e4?<\/p>\n<\/div><\/div>\n\t\t\t\t<\/li>\n\t\t\t \t<li class=\"event festivaali lapset nayttelyt center\">\n\t\t\t\t\t<div class=\"event-date multi-date\"><div class=\"start-date\"><div class=\"event-weekday\">ke<\/div><div class=\"event-day\">18<\/div><div class=\"event-month\">marras<\/div><div class=\"event-year\">2020<\/div><\/div><div class=\"end-date\"><div class=\"event-weekday\">ma<\/div><div class=\"event-day\">30<\/div><div class=\"event-month\">marras<\/div><div class=\"event-year\">2020<\/div><\/div><\/div>\n\t\t\t\t\t<div class=\"event-info multi-day\"><div class=\"event-title\"><h3>Minun kotiseutuni - Pohjoispohjalaisten lasten sarjakuvia -n\u00e4yttely<\/h3><\/div><span class=\"event-time\">10:00 - 20:00<\/span><span class=\"event-location\">Valvegalleria | Valve gallery, Hallituskatu 7, Oulu<\/span><div class=\"event-details\"><p><img loading=\"lazy\" decoding=\"async\" class=\"alignright size-medium wp-image-4971\" src=\"http:\/\/www.oulucomics.com\/wp-content\/uploads\/2020\/10\/pp2020kilpailu-net-300x225.jpg\" alt=\"\" width=\"300\" height=\"225\" srcset=\"https:\/\/www.oulucomics.com\/wp-content\/uploads\/2020\/10\/pp2020kilpailu-net-300x225.jpg 300w, https:\/\/www.oulucomics.com\/wp-content\/uploads\/2020\/10\/pp2020kilpailu-net-1024x768.jpg 1024w, https:\/\/www.oulucomics.com\/wp-content\/uploads\/2020\/10\/pp2020kilpailu-net-768x576.jpg 768w, https:\/\/www.oulucomics.com\/wp-content\/uploads\/2020\/10\/pp2020kilpailu-net-1050x788.jpg 1050w, https:\/\/www.oulucomics.com\/wp-content\/uploads\/2020\/10\/pp2020kilpailu-net.jpg 1365w\" sizes=\"auto, (max-width: 300px) 100vw, 300px\" \/>N\u00e4yttely jouduttiin keskeytt\u00e4m\u00e4\u00e4n 31.11.2020!<\/p>\n<p>Oulun Sarjakuvakeskus j\u00e4rjesti sarjakuvakilpailun kaikille 12-vuotiaille tai sit\u00e4 nuoremmille pohjoispohjalaisille. Kilpailun teemana oli <em>minun kotiseutuni<\/em>.<\/p>\n<p>Kilpailuun saapui yli 400 mahtavaa sarjakuvaa, eri puolilta maakuntaa. Tuomaristo valitsi niist\u00e4 voittajat valtaisan luku-urakan p\u00e4\u00e4tteeksi. Kilpailun tulokset julkaistaan Oulun Sarjakuvafestivaalilla.<\/p>\n<p>N\u00e4yttelyss\u00e4 on esill\u00e4 tuomariston valitsemat 16 sarjakuvaa, jotka erottuivat joukosta edukseen.<\/p>\n<\/div><\/div>\n\t\t\t\t<\/li>\n\t\t\t \t<li class=\"event festivaali nayttelyt sarjasto\">\n\t\t\t\t\t<div class=\"event-date multi-date\"><div class=\"start-date\"><div class=\"event-weekday\">to<\/div><div class=\"event-day\">19<\/div><div class=\"event-month\">marras<\/div><div class=\"event-year\">2020<\/div><\/div><div class=\"end-date\"><div class=\"event-weekday\">ti<\/div><div class=\"event-day\">08<\/div><div class=\"event-month\">joulu<\/div><div class=\"event-year\">2020<\/div><\/div><\/div>\n\t\t\t\t\t<div class=\"event-info multi-day\"><div class=\"event-title\"><h3>Petteri Tikkasen suosituksia maskilla -n\u00e4yttely<\/h3><\/div><span class=\"event-location\">P\u00e4\u00e4kirjasto, Laituri | Main library Laituri, Kaarlenv\u00e4yl\u00e4 3, Oulu<\/span><div class=\"event-details\"><p><img loading=\"lazy\" decoding=\"async\" class=\"alignright wp-image-4970\" src=\"http:\/\/www.oulucomics.com\/wp-content\/uploads\/2020\/10\/MaskisuositusPeider014-964x1024.jpg\" alt=\"\" width=\"300\" height=\"319\" srcset=\"https:\/\/www.oulucomics.com\/wp-content\/uploads\/2020\/10\/MaskisuositusPeider014-964x1024.jpg 964w, https:\/\/www.oulucomics.com\/wp-content\/uploads\/2020\/10\/MaskisuositusPeider014-282x300.jpg 282w, https:\/\/www.oulucomics.com\/wp-content\/uploads\/2020\/10\/MaskisuositusPeider014-768x816.jpg 768w, https:\/\/www.oulucomics.com\/wp-content\/uploads\/2020\/10\/MaskisuositusPeider014.jpg 1024w\" sizes=\"auto, (max-width: 300px) 100vw, 300px\" \/>Sarjakuvataiteilija Petteri Tikkanen ei ole koskaan ollut ajankohtaiskuvittamisen suuri fani. Sit\u00e4kin sarkaa h\u00e4n on nyt tovin kynt\u00e4nyt. Korona-aika sai Tikkasen tarttumaan wc-paperiin ja tekem\u00e4\u00e4n p\u00e4ivitt\u00e4in muistiinpanoja sille. Samalla taiteilija k\u00e4vi l\u00e4vitse Puup\u00e4\u00e4hatun innoittamia visioita strippimuodossa.<\/p>\n<p>Kun h\u00e4nen kiinnostuksensa niihin hiipui, niin fokus tarkentui maskeihin ja erityisesti maskisuositukseen. Black Peider -hahmo on naamiolla varustettu supersankaripainija. Maski\/naamio on supersankarisarjakuvien peruskauraa. Nyt ihmiset kantavat arjessa naamioita.<\/p>\n<p>Tikkanen l\u00e4hti kokeilemaan mit\u00e4 kaikkea maskeista saa irti. Syntyi 20 ideaa. Enemm\u00e4nkin saattaa joskus viel\u00e4 tulla, mutta t\u00e4ll\u00e4 hetkell\u00e4 taiteilija on tyytyv\u00e4inen t\u00e4h\u00e4nkin satsiin. Maskisuositukset p\u00e4\u00e4tyiv\u00e4tkin nyt korona-ajan keskell\u00e4 Oulun sarjakuvafestivaalin n\u00e4yttelyksi.<\/p>\n<\/div><\/div>\n\t\t\t\t<\/li>\n\t\t\t \t<li class=\"event festivaali nayttelyt sarjasto\">\n\t\t\t\t\t<div class=\"event-date multi-date\"><div class=\"start-date\"><div class=\"event-weekday\">to<\/div><div class=\"event-day\">19<\/div><div class=\"event-month\">marras<\/div><div class=\"event-year\">2020<\/div><\/div><div class=\"end-date\"><div class=\"event-weekday\">ti<\/div><div class=\"event-day\">08<\/div><div class=\"event-month\">joulu<\/div><div class=\"event-year\">2020<\/div><\/div><\/div>\n\t\t\t\t\t<div class=\"event-info multi-day\"><div class=\"event-title\"><h3>Juba Tuomola - Hurja-Hilda -sarjakuvan\u00e4yttely<\/h3><\/div><span class=\"event-location\">P\u00e4\u00e4kirjasto, Ala-aula | Main library lobby, Kaarlenv\u00e4yl\u00e4 3, Oulu<\/span><div class=\"event-details\"><p><img loading=\"lazy\" decoding=\"async\" class=\"alignright wp-image-4961\" src=\"http:\/\/www.oulucomics.com\/wp-content\/uploads\/2020\/10\/juba-hurja-hilda.jpg\" alt=\"\" width=\"300\" height=\"419\" srcset=\"https:\/\/www.oulucomics.com\/wp-content\/uploads\/2020\/10\/juba-hurja-hilda.jpg 600w, https:\/\/www.oulucomics.com\/wp-content\/uploads\/2020\/10\/juba-hurja-hilda-215x300.jpg 215w\" sizes=\"auto, (max-width: 300px) 100vw, 300px\" \/>\u00c4l\u00e4 koskaan aliarvioi napanuoran tappovoimaa...\" Hurja-Hilda on lujatahtoinen villin l\u00e4nnen nainen, jota on kohdeltu kaltoin. Hilda janoaa kostoa, eik\u00e4 h\u00e4n aio j\u00e4tt\u00e4\u00e4 kostamista herran haltuun - herra kun on niin hidas vet\u00e4m\u00e4\u00e4n.<\/p>\n<p><span style=\"font-weight: 400;\"><strong>Juba Tuomola<\/strong> tunnetaan erityisesti <em>Viivi ja Wagner<\/em> -sarjakuvastaan. Juba on yksi Suomen suosituimmista sarjakuvapiirt\u00e4jist\u00e4. Viivin ja Wagnerin suosio alkoi vuonna 1997, kun Helsingin sanomat alkoi julkaisemaan strippej\u00e4. H\u00e4nell\u00e4 on my\u00f6nnetty my\u00f6s Lempi- ja puup\u00e4\u00e4hattu -palkinnot.<\/span><\/p>\n<p><span style=\"font-weight: 400;\">Oulun Sarjakuvafestivaalilla esitell\u00e4\u00e4n Tuomolan tuorein teos <\/span><i><span style=\"font-weight: 400;\">Hurja-Hilda<\/span><\/i><span style=\"font-weight: 400;\"> (Zum Teufel, 2020), jossa kaltoin kohdeltu lujatahtoinen villin l\u00e4nnen nainen janoaa kostoa. <\/span><\/p>\n<p><span style=\"font-weight: 400;\">Tuomolan haastattelu Oulun p\u00e4\u00e4kirjaston Pakkala salissa Oulun Sarjakuvafestivaalin lauantaina 21.11. klo 14:00.<\/span><\/p>\n<\/div><\/div>\n\t\t\t\t<\/li>\n\t\t\t \t<li class=\"event festivaali nayttelyt sarjasto\">\n\t\t\t\t\t<div class=\"event-date multi-date\"><div class=\"start-date\"><div class=\"event-weekday\">to<\/div><div class=\"event-day\">19<\/div><div class=\"event-month\">marras<\/div><div class=\"event-year\">2020<\/div><\/div><div class=\"end-date\"><div class=\"event-weekday\">ti<\/div><div class=\"event-day\">08<\/div><div class=\"event-month\">joulu<\/div><div class=\"event-year\">2020<\/div><\/div><\/div>\n\t\t\t\t\t<div class=\"event-info multi-day\"><div class=\"event-title\"><h3>Katkenneita lankoja - tarinoita loppuunpalamisesta -antologian\u00e4yttely<\/h3><\/div><span class=\"event-location\">P\u00e4\u00e4kirjasto, Ala-aula | Main library lobby, Kaarlenv\u00e4yl\u00e4 3, Oulu<\/span><div class=\"event-details\"><p><i><span style=\"font-weight: 400;\"><img loading=\"lazy\" decoding=\"async\" class=\"alignright wp-image-4968\" src=\"http:\/\/www.oulucomics.com\/wp-content\/uploads\/2020\/10\/katkenneita_lankoja.jpg\" alt=\"\" width=\"300\" height=\"431\" srcset=\"https:\/\/www.oulucomics.com\/wp-content\/uploads\/2020\/10\/katkenneita_lankoja.jpg 500w, https:\/\/www.oulucomics.com\/wp-content\/uploads\/2020\/10\/katkenneita_lankoja-209x300.jpg 209w\" sizes=\"auto, (max-width: 300px) 100vw, 300px\" \/><\/span><\/i><span style=\"font-weight: 400;\">Antologian\u00e4yttely pohjautuu <\/span><i><span style=\"font-weight: 400;\">Katkenneita lankoja - tarinoita loppuunpalamisesta<\/span><\/i><span style=\"font-weight: 400;\">\u00a0(Atena, 2020) -teokseen, joka kokoaa yhteen kokemuksia ty\u00f6n aiheuttamasta uupumuksesta. <\/span><\/p>\n<p><span style=\"font-weight: 400;\">N\u00e4yttelyss\u00e4 ovat mukana valitsemallaan sivulla sarjakuvantekij\u00e4t <\/span><span style=\"font-weight: 400;\"><strong>Tuisku Hiltunen<\/strong>, <strong>Emmi Nieminen<\/strong>, <strong>Sami Nyyss\u00f6l\u00e4<\/strong>, <strong>Niko-Petteri Niva<\/strong>, <strong>Mari Ahokoivu<\/strong>, <strong>Milla Paloniemi<\/strong>, <strong>Henri Tervapuro<\/strong>, <strong>Avi Heikkinen<\/strong> ja <strong>Anssi Vieruaho<\/strong>.<\/span><\/p>\n<p><span style=\"font-weight: 400;\">N\u00e4iden yhdeksa\u0308n taiteilijan sarjakuvat perustuvat seka\u0308 omakohtaisiin etta\u0308 kera\u0308ttyihin kokemuksiin tyo\u0308uupumuksesta. <\/span><\/p>\n<p><span style=\"font-weight: 400;\">Teoksen ovat toimittaneet Anssi Vieruaho ja Karoliina Korhonen, ja sen tuotosta lahjoitetaan 75 prosenttia mielenterveystyo\u0308ho\u0308n.<\/span><\/p>\n<p><span style=\"font-weight: 400;\">Teoksen esittely ja tekij\u00f6iden puheenvuorot Oulun p\u00e4\u00e4kirjaston Pakkala salissa Oulun Sarjakuvafestivaalin lauantaina 21.11. klo 14:45.<\/span><\/p>\n<\/div><\/div>\n\t\t\t\t<\/li>\n\t\t\t \t<li class=\"event festivaali nayttelyt sarjasto\">\n\t\t\t\t\t<div class=\"event-date multi-date\"><div class=\"start-date\"><div class=\"event-weekday\">to<\/div><div class=\"event-day\">19<\/div><div class=\"event-month\">marras<\/div><div class=\"event-year\">2020<\/div><\/div><div class=\"end-date\"><div class=\"event-weekday\">to<\/div><div class=\"event-day\">31<\/div><div class=\"event-month\">joulu<\/div><div class=\"event-year\">2020<\/div><\/div><\/div>\n\t\t\t\t\t<div class=\"event-info multi-day\"><div class=\"event-title\"><h3>Sami Nyyss\u00f6l\u00e4: Be Finnish Without Suffering -exhibition<\/h3><\/div><span class=\"event-location\">Sarjasto, Kaarlenv\u00e4yl\u00e4 3, 3. krs, Oulu<\/span><div class=\"event-details\"><p><span style=\"font-weight: 400;\"><img loading=\"lazy\" decoding=\"async\" class=\"alignright wp-image-4985\" src=\"http:\/\/www.oulucomics.com\/wp-content\/uploads\/2020\/11\/nyyssola-small.jpg\" alt=\"\" width=\"300\" height=\"455\" srcset=\"https:\/\/www.oulucomics.com\/wp-content\/uploads\/2020\/11\/nyyssola-small.jpg 600w, https:\/\/www.oulucomics.com\/wp-content\/uploads\/2020\/11\/nyyssola-small-198x300.jpg 198w\" sizes=\"auto, (max-width: 300px) 100vw, 300px\" \/>N\u00e4yttelyaikaa jatkettu 28.2. saakka koronaepidemian vuoksi. Sarjasto palvelee rajoitetusti j\u00e4lleen 19.1. alkaen.<\/span><\/p>\n<p><span style=\"font-weight: 400;\">Onko k\u00e4rsimys v\u00e4ist\u00e4m\u00e4t\u00f6n osa el\u00e4m\u00e4\u00e4 arktisella suoniemell\u00e4? Vai voisiko suomalainen olla k\u00e4rsim\u00e4tt\u00e4kin? Jos olet kiinnostunut suomalaisuudesta tai haluat syvent\u00e4\u00e4 suhdettasi Ryysyrantain ryppyotsiin, t\u00e4m\u00e4 kirja on kirjaimellisesti sinulle tehty.<\/span><\/p>\n<p><span style=\"font-weight: 400;\">Vuonna 2018 julkaisemani opas suomenkieleen <em>'Learn Finnish without studying'<\/em> myi ensimm\u00e4isen painoksensa loppuun, ja jatkoa toivottiin. Jatko-osa sai muodokseen <em>'Be Finnish without suffering'<\/em> -oppaan, joka tarkastelee suomalaista sielunmaisemaa ja identiteetti\u00e4 huumorilla kielen, kulttuurin ja historian kautta.<\/span><\/p>\n<p><span style=\"font-weight: 400;\">K\u00e4rsimys valikoitui teemaksi koska aiemman kirjan omasta mielest\u00e4ni oivaltavimmat vitsit osuivat suomalaisten k\u00e4rsimyssuhteeseen. Kuten esimerkiksi suomalaisille t\u00e4rke\u00e4 hyve k\u00e4rsiv\u00e4llisyys tarkoittaa kirjaimellisesti sit\u00e4, kuinka k\u00e4rsiv\u00e4 on. K\u00e4rsimys on maailmalla ajankohtainen ja Suomen kansallisessa historiassa keskeinen aihe, ja syv\u00e4ll\u00e4 kieless\u00e4mme.<\/span><\/p>\n<p><span style=\"font-weight: 400;\">Kirjan nimest\u00e4 on yleisesti pidetty, mutta se on saanut monenlaisia reaktioita. Jotkut ovat h\u00e4mmentyneet (onko edes mahdollista olla suomalainen k\u00e4rsim\u00e4tt\u00e4?), jotkut nauraneet (naurettava ajatus!) ja jotkut kurtistaneet kulmia (pyh\u00e4inh\u00e4v\u00e4istys!). Kerronan s\u00e4vy on edellist\u00e4 kirjaa henkil\u00f6kohtaisempi ja pohdiskelevampi, ja ilokseni oikolukijat ovat olleet siit\u00e4 vaikuttuneita (\u00e4itini mukaan lukien).\u00a0<\/span><\/p>\n<p><span style=\"font-weight: 400; color: #800000;\">\u2014\u2014<\/span><\/p>\n<p><span style=\"font-weight: 400; color: #800000;\">Is suffering an unavoidable part of life on an arctic marshland peninsula or could you be Finnish... without suffering? If you're curious about how Finns are, or want to deepen your relationship to the frowning folk, this book is literally made for you.\u00a0<\/span><\/p>\n<p><span style=\"font-weight: 400; color: #800000;\">In 2018 I published a graphic guide to Finnish language titled <em>'Learn Finnish without studying'<\/em>, which sold out and I heard wishes for a sequel. The sequel became <em>'Be Finnish without suffering'<\/em>, which looks into the Finnish outlook and identity with some humour through language, culture and history.<\/span><\/p>\n<p><span style=\"font-weight: 400; color: #800000;\">Suffering became the theme since some of the best jokes of the previous book (in my opinion) were about the Finnish relationship to suffering. Such as that the Finnish virtue of k\u00e4rsiv\u00e4llisyys (patience) literally means one's ability to suffer. Suffering is a topical theme around the world and important to Finnish national identity, deep rooted in the Finnish language.<\/span><\/p>\n<p><span style=\"font-weight: 400; color: #800000;\">The well-liked title has received many reactions from puzzled expressions (is it possible to be Finnish without suffering?), to laughter (that would be ridiculous!) and to frowns (that would be sacrilege!). The tone of writing is more personal and philosophical than the previous book, and I'm happy it impressed the proofreaders (including my mum).<\/span><\/p>\n<\/div><\/div>\n\t\t\t\t<\/li>\n\t\t\t \t<li class=\"event festivaali nayttelyt sarjasto\">\n\t\t\t\t\t<div class=\"event-date multi-date\"><div class=\"start-date\"><div class=\"event-weekday\">pe<\/div><div class=\"event-day\">20<\/div><div class=\"event-month\">marras<\/div><div class=\"event-year\">2020<\/div><\/div><div class=\"end-date\"><div class=\"event-weekday\">la<\/div><div class=\"event-day\">21<\/div><div class=\"event-month\">marras<\/div><div class=\"event-year\">2020<\/div><\/div><\/div>\n\t\t\t\t\t<div class=\"event-info multi-day\"><div class=\"event-title\"><h3>POP UP-n\u00e4yttelyt | POP UP exhibitions<\/h3><\/div><span class=\"event-location\">P\u00e4\u00e4kirjasto | Main library, Kaarlenv\u00e4yl\u00e4 3, Oulu<\/span><div class=\"event-details\"><p><span style=\"font-weight: 400;\">T\u00e4n\u00e4 vuonna osana Oulun Sarjakuvafestivaalia n\u00e4hd\u00e4\u00e4n kirjastolla lukuisia n\u00e4yttelyit\u00e4. Ala-aulasta Sarjastolla johtava portaikko ja Sarjasto t\u00e4yttyv\u00e4t yll\u00e4tt\u00e4vist\u00e4 pienist\u00e4 n\u00e4yttelykokonaisuuksista.<\/span><\/p>\n<p><span style=\"font-weight: 400; color: #800000;\">This year, as part of the Oulu Comics Festival, numerous exhibitions will be seen in the library. A staircase leading from the lower lobby to the Comics library Sarjasto and the space between Sarjasto will be filled with unexpected small exhibitions.<\/span><\/p>\n<p><span style=\"font-weight: 400;\">POP UP n\u00e4yttelyt ovat avoinna:<br \/>\n<span style=\"color: #800000;\">POP UP exhibitions are open on:<\/span><br \/>\n<\/span><span style=\"font-weight: 400;\">20.11. klo 16-20, <\/span><span style=\"font-weight: 400;\">21.11. klo 09-19 ja <\/span><span style=\"font-weight: 400;\">22.11. klo 12-16<\/span><\/p>\n<ol start=\"3\">\n<li><span style=\"font-weight: 400;\"> kerros, Sarjasto POP UP, <\/span><span style=\"font-weight: 400; color: #800000;\">3rd floor, Comics library POP UP<\/span><\/li>\n<\/ol>\n<p><strong>Emilia Laatikainen<\/strong><span style=\"font-weight: 400;\"> - Kadonneet<\/span><\/p>\n<p><strong>Epe Niiranen<\/strong><span style=\"font-weight: 400;\"> - <\/span><span style=\"font-weight: 400;\">Atte Ankka ja Yleisjakkaralemmikki \u2013 Atteuspassio<\/span><\/p>\n<ol start=\"3\">\n<li><span style=\"font-weight: 400;\"> kerroksen tasanne, <span style=\"color: #800000;\">3rd floor platform<\/span><\/span><\/li>\n<\/ol>\n<p><strong>Julia Riitijoki, Tuomas Koivurinne, Ilpo Koskela, Mikael M\u00e4kinen, Aleksi Kuutio, Mauri Tuure, Markus Tuppurainen, Vesa Vitikainen, Anssi Rauhala, Ninni Aalto, Antti Kosonen<\/strong><span style=\"font-weight: 400;\"> - <\/span><span style=\"font-weight: 400;\">Kevyt Metalli 8<\/span><\/p>\n<p><strong>Jenni V\u00e4likangas, Kaisa \u00c5strad, Mia Vistil\u00e4, Nikke Lindholm, Olli Kaihua, Onsku Franck, Siiri Viljakka, V\u00e4in\u00f6 Sir\u00e9n, Antti Kurvinen, Esko Heikkil\u00e4<\/strong> - Betoniaaveet ja yst\u00e4v\u00e4t<\/p>\n<ol start=\"2\">\n<li><span style=\"font-weight: 400;\"> kerroksen tasanne, <\/span><span style=\"font-weight: 400; color: #800000;\">2nd floor platfor<\/span><\/li>\n<\/ol>\n<p><strong>Jyrki M\u00e4ki<\/strong><span style=\"font-weight: 400;\"> - Nurinkurin<\/span><\/p>\n<p><i><span style=\"font-weight: 400;\">N\u00e4yttelykierros osana Oulun Sarjakuvafestivaalin ohjelmistoa pe 20.11. klo 17:30-18:00.<\/span><\/i><\/p>\n<p><span style=\"color: #800000;\"><i><span style=\"font-weight: 400;\">Exhibition tour as part of the Oulu Comics Festival's program on Fri 20nd\u00a0 from 17:30 to 18:00<\/span><\/i><\/span><\/p>\n<\/div><\/div>\n\t\t\t\t<\/li>\n\t\t\t \t<li class=\"event festivaali klubi nayttelyt seura\">\n\t\t\t\t\t<div class=\"event-date multi-date\"><div class=\"start-date\"><div class=\"event-weekday\">pe<\/div><div class=\"event-day\">20<\/div><div class=\"event-month\">marras<\/div><div class=\"event-year\">2020<\/div><\/div><div class=\"end-date\"><div class=\"event-weekday\">to<\/div><div class=\"event-day\">31<\/div><div class=\"event-month\">joulu<\/div><div class=\"event-year\">2020<\/div><\/div><\/div>\n\t\t\t\t\t<div class=\"event-info multi-day\"><div class=\"event-title\"><h3>Elina Lahdenper\u00e4: &quot;Kun tuntuu, ett\u00e4 happi loppuu&quot; -n\u00e4yttely<\/h3><\/div><span class=\"event-location\">Snooker Time, Asemakatu 28, Oulu<\/span><div class=\"event-details\"><p class=\"p1\"><span class=\"s1\"><img loading=\"lazy\" decoding=\"async\" class=\"alignright wp-image-4958\" src=\"http:\/\/www.oulucomics.com\/wp-content\/uploads\/2020\/10\/Lahdenpera-Naytekuvasaatana1.jpg\" alt=\"\" width=\"300\" height=\"489\" srcset=\"https:\/\/www.oulucomics.com\/wp-content\/uploads\/2020\/10\/Lahdenpera-Naytekuvasaatana1.jpg 368w, https:\/\/www.oulucomics.com\/wp-content\/uploads\/2020\/10\/Lahdenpera-Naytekuvasaatana1-184x300.jpg 184w\" sizes=\"auto, (max-width: 300px) 100vw, 300px\" \/>\u201dMin\u00e4 ja Janne synnyttihin samalle kyl\u00e4lle. Ei me kakaroona toisistamma nii piitattu. Teini-ik\u00e4\u00e4sin\u00e4 alettihin vi\u00e4tt\u00e4\u00e4 enemm\u00e4 aikaa yhyres. Oltihin nii, ku meir\u00e4t olis tehty toisillemma. Sitte oli se yks talavine ilta, ku Janne tapas Saatanan meir\u00e4n kyl\u00e4n Nuarisoseuran lavalla\u2026\u201d<\/span><\/p>\n<p>Ty\u00f6nimell\u00e4 \u201cKun tuntuu, ett\u00e4 happi loppuu\u201d kulkeva sarjakuvani kertoo autofiktiivisen tarinan kahden teini-ik\u00e4isen el\u00e4m\u00e4st\u00e4. Janne ja Ella ovat kotoisin samalta Etel\u00e4-Pohjalaiselta kyl\u00e4lt\u00e4, yhten\u00e4 kes\u00e4n\u00e4 he alkavat puhua musiikista, rakastuvat ja viett\u00e4v\u00e4t aikaa tiiviisti yhdess\u00e4. Janne alkaa n\u00e4hd\u00e4 er\u00e4\u00e4n talvisen illan j\u00e4lkeen omituisia unia ja harhoja. Tilanteet tiivistyv\u00e4t harhojen pahentuessa ja Ella pysyy Jannen rinnalla aina siihen asti, kun Janne mystisesti katoaa.<\/p>\n<p>Teokseni tavoite on teeman kautta tuoda esiin sit\u00e4 kokemusta, jonka itsemurhan tehneen l\u00e4heisell\u00e4 saattaa olla. Olen viel\u00e4 vuosienkin j\u00e4lkeen kokenut vaikeaksi l\u00f6yt\u00e4\u00e4 hyvi\u00e4 muistoja itsemurhan tehneest\u00e4 l\u00e4heisest\u00e4ni. T\u00e4m\u00e4 sarjakuvaprojekti on ik\u00e4\u00e4nkuin antanut minulle luvan muistella h\u00e4nest\u00e4 \u201cpahaa\u201d ja tuoda julki sen katkeruuden, jota h\u00e4nen valintaansa kohtaan tunnen. Uskon, ett\u00e4 en ole yksin n\u00e4iden ajatusteni kanssa ja toivon, ett\u00e4 sarjakuvasta on vertaistueksi samanlaisen tilanteen kokeneelle lukijalle. K\u00e4yt\u00e4n sarjakuvassani paljon metaforia ilment\u00e4ess\u00e4ni itsemurhaa tai neurologista sairautta.<\/p>\n<p class=\"p1\"><span class=\"s1\">Teeman lis\u00e4ksi tahdon nostaa esiin Etel\u00e4-Pohjanmaan murteen potentiaalin vakavamielisen sarjakuvan puhekielen\u00e4. T\u00e4h\u00e4n menness\u00e4 olen saanut k\u00e4siini ainoastaan huumoripainotteisia julkaisuja.<\/span><\/p>\n<p class=\"p1\"><span class=\"s1\">Koska sarjakuva sijoittuu kotikyl\u00e4ni kaltaiseen milj\u00f6\u00f6seen, oli selv\u00e4\u00e4, ett\u00e4 toteutan kaiken puhekielen Etel\u00e4-Pohjanmaan murteella. Olen kotoisin Lapualta ja sarjakuvassani k\u00e4ytetty kieli on sit\u00e4, mit\u00e4 olen puhunut varttuessani.<\/span><\/p>\n<p>Elina Lahdenper\u00e4 (s.1989) on lapualaissyntyinen sarjakuvan tekij\u00e4. H\u00e4n opiskelee Turun Taideakatemiassa ja valmistuu kuvataiteilijaksi vuoden 2020 lopussa. Lahdenper\u00e4 asuu ja ty\u00f6skentelee Turussa. Ty\u00f6nimell\u00e4 \u201cKun tuntuu, ett\u00e4 happi loppuu\u201d kulkeva sarjakuva-albumi on m\u00e4\u00e4r\u00e4 valmistua vuoden 2021 aikana. H\u00e4n on aloittanut sarjakuvan tekemisen taiteellisena p\u00e4\u00e4tt\u00f6ty\u00f6n\u00e4\u00e4n ja jatkaa sen parissa valmistumisensa j\u00e4lkeen.<\/p>\n<\/div><\/div>\n\t\t\t\t<\/li>\n\t\t\t \t<li class=\"event festivaali nayttelyt\">\n\t\t\t\t\t<div class=\"event-date multi-date\"><div class=\"start-date\"><div class=\"event-weekday\">pe<\/div><div class=\"event-day\">20<\/div><div class=\"event-month\">marras<\/div><div class=\"event-year\">2020<\/div><\/div><div class=\"end-date\"><div class=\"event-weekday\">su<\/div><div class=\"event-day\">13<\/div><div class=\"event-month\">joulu<\/div><div class=\"event-year\">2020<\/div><\/div><\/div>\n\t\t\t\t\t<div class=\"event-info multi-day\"><div class=\"event-title\"><h3>Lumoava mets\u00e4<\/h3><\/div><span class=\"event-time\">10:00 - 20:00<\/span><span class=\"event-location\">Kulttuuritalo Valve, Hallituskatu 7, Oulu<\/span><div class=\"event-details\"><p class=\"v1MsoNormal\">Lumoava mets\u00e4 on <strong>Pia Lepp\u00e4nen-Ker\u00e4sen<\/strong> suunnittelema ja oululaisten koululaisten kanssa yhteisty\u00f6ss\u00e4 toteutettu yhteis\u00f6llinen teos, jossa tarkastellaan suomalaisten suhdetta luontoon. Mets\u00e4retkelt\u00e4 ker\u00e4tyn materiaalin pohjalta toteutettu teos on ohjannut koululaisia inspiroitumaan mets\u00e4st\u00e4, pohtimaan omaa suhdettaan mets\u00e4\u00e4n ja sen merkitykseen.<\/p>\n<p class=\"v1MsoNormal\">Teht\u00e4v\u00e4\u00e4 on voitu k\u00e4sitell\u00e4 useilla eri oppitunneilla ja teoksen ohjeistuksessa on ollut mukana my\u00f6s STEAM -tutoropettajia. Valaistuksen teokseen toteuttaa <strong>Jari Haavikko<\/strong>. Teokseen on osallistunut 8 eri koulua ymp\u00e4ri Oulun kaupunkia ja lis\u00e4ksi koulu Haapaj\u00e4rvelt\u00e4 asti. Osia teoksessa on reilut 300, jotka koululaiset ovat toteuttaneet hiilell\u00e4 piirt\u00e4en tai musteella maalaten.<\/p>\n<p class=\"v1MsoNormal\">Teos on esill\u00e4 Kulttuuritalo Valveella, iso ikkuna Hallituskadun puolella, 20.11-13.12.2020. Teos on valaistuna klo15-22.00.<\/p>\n<\/div><\/div>\n\t\t\t\t<\/li>\n\t\t\t \t<li class=\"event festivaali nayttelyt center sarjakuvagalleria\">\n\t\t\t\t\t<div class=\"event-date multi-date\"><div class=\"start-date\"><div class=\"event-weekday\">pe<\/div><div class=\"event-day\">20<\/div><div class=\"event-month\">marras<\/div><div class=\"event-year\">2020<\/div><\/div><div class=\"end-date\"><div class=\"event-weekday\">to<\/div><div class=\"event-day\">31<\/div><div class=\"event-month\">joulu<\/div><div class=\"event-year\">2020<\/div><\/div><\/div>\n\t\t\t\t\t<div class=\"event-info multi-day\"><div class=\"event-title\"><h3>Aarre - Treasure: Oulun Pohjoismaisen Sarjakuvakilpailun 2020 -n\u00e4yttely<\/h3><\/div><span class=\"event-time\">10:00 - 20:00<\/span><span class=\"event-location\">Sarjakuvagalleria! | Comics Gallery!, Hallituskatu 7, Oulu<\/span><div class=\"event-details\"><p><img loading=\"lazy\" decoding=\"async\" class=\"alignright wp-image-4969\" src=\"http:\/\/www.oulucomics.com\/wp-content\/uploads\/2020\/10\/kilpailu20_kuva.jpg\" alt=\"\" width=\"300\" height=\"424\" srcset=\"https:\/\/www.oulucomics.com\/wp-content\/uploads\/2020\/10\/kilpailu20_kuva.jpg 724w, https:\/\/www.oulucomics.com\/wp-content\/uploads\/2020\/10\/kilpailu20_kuva-212x300.jpg 212w\" sizes=\"auto, (max-width: 300px) 100vw, 300px\" \/><span style=\"font-weight: 400;\">N\u00e4yttelyaikaa jatkettu 18.3. saakka koronaepidemian vuoksi. Sarjakuvagalleria!<\/span><\/p>\n<p>Oulun Pohjoismaisen Sarjakuvakilpailun vuoden 2020 teemana oli lastensarjakuva. Kilpailun tulokset ratkeavat Oulun Sarjakuvafestivaalilla. N\u00e4yttelyinformaatio julkaistaan kilpailun palkintojenjaon yhteydess\u00e4.<\/p>\n<p><strong><span style=\"color: #800000;\">Aarre-Treasure: The Oulu Nordic Comics Competition 2020 exhibition.<\/span><\/strong><\/p>\n<p><span style=\"color: #800000;\">The Nordic Comics Competition 2020 theme \u00a0was comics for kids. The winners of a competition 2020 will be announced at Oulu Comics Festival. Exhibition information will be announced at same time.<\/span><\/p>\n<\/div><\/div>\n\t\t\t\t<\/li><\/ul>\n\t\t\t\t<\/div>\n","protected":false},"excerpt":{"rendered":"<p>[event-list cat_filter=festivaali&amp;nayttelyt initial_date=2020 show_filterbar=false link_to_event=false add_feed_link=false]&#8230;<\/p>\n","protected":false},"author":1,"featured_media":0,"parent":12,"menu_order":0,"comment_status":"closed","ping_status":"closed","template":"","meta":{"footnotes":""},"categories":[],"tags":[],"class_list":["post-4810","page","type-page","status-publish","hentry"],"_links":{"self":[{"href":"https:\/\/www.oulucomics.com\/fi\/wp-json\/wp\/v2\/pages\/4810","targetHints":{"allow":["GET"]}}],"collection":[{"href":"https:\/\/www.oulucomics.com\/fi\/wp-json\/wp\/v2\/pages"}],"about":[{"href":"https:\/\/www.oulucomics.com\/fi\/wp-json\/wp\/v2\/types\/page"}],"author":[{"embeddable":true,"href":"https:\/\/www.oulucomics.com\/fi\/wp-json\/wp\/v2\/users\/1"}],"replies":[{"embeddable":true,"href":"https:\/\/www.oulucomics.com\/fi\/wp-json\/wp\/v2\/comments?post=4810"}],"version-history":[{"count":2,"href":"https:\/\/www.oulucomics.com\/fi\/wp-json\/wp\/v2\/pages\/4810\/revisions"}],"predecessor-version":[{"id":5763,"href":"https:\/\/www.oulucomics.com\/fi\/wp-json\/wp\/v2\/pages\/4810\/revisions\/5763"}],"up":[{"embeddable":true,"href":"https:\/\/www.oulucomics.com\/fi\/wp-json\/wp\/v2\/pages\/12"}],"wp:attachment":[{"href":"https:\/\/www.oulucomics.com\/fi\/wp-json\/wp\/v2\/media?parent=4810"}],"wp:term":[{"taxonomy":"category","embeddable":true,"href":"https:\/\/www.oulucomics.com\/fi\/wp-json\/wp\/v2\/categories?post=4810"},{"taxonomy":"post_tag","embeddable":true,"href":"https:\/\/www.oulucomics.com\/fi\/wp-json\/wp\/v2\/tags?post=4810"}],"curies":[{"name":"wp","href":"https:\/\/api.w.org\/{rel}","templated":true}]}}