{"id":4804,"date":"2020-08-13T15:26:49","date_gmt":"2020-08-13T12:26:49","guid":{"rendered":"http:\/\/www.oulucomics.com\/?page_id=4804"},"modified":"2021-01-28T16:30:53","modified_gmt":"2021-01-28T14:30:53","slug":"lapset2020","status":"publish","type":"page","link":"https:\/\/www.oulucomics.com\/fi\/fest\/past\/2020-2\/lapset2020\/","title":{"rendered":"Ohjelmaa lapsille ja perheille 2020"},"content":{"rendered":"<p>T\u00e4lle sivulle olemme ker\u00e4nneet lapsille ja lapsenmielisille sopivaa n\u00e4ht\u00e4v\u00e4\u00e4 ja koettavaa. Vuonna 2020 festivaalin teemana on lastensarjakuva.<\/p>\n\n\t\t\t\t<div class=\"event-list\">\n\t\t\t\t<ul class=\"event-list-view\">\n\t\t\t \t<li class=\"event festivaali lapset nayttelyt center\">\n\t\t\t\t\t<div class=\"event-date multi-date\"><div class=\"start-date\"><div class=\"event-weekday\">ke<\/div><div class=\"event-day\">18<\/div><div class=\"event-month\">marras<\/div><div class=\"event-year\">2020<\/div><\/div><div class=\"end-date\"><div class=\"event-weekday\">ma<\/div><div class=\"event-day\">30<\/div><div class=\"event-month\">marras<\/div><div class=\"event-year\">2020<\/div><\/div><\/div>\n\t\t\t\t\t<div class=\"event-info multi-day\"><div class=\"event-title\"><h3>Kalle Hakkola &amp; Mari Ahokoivu: Sanni ja Joonas - Mets\u00e4retki<\/h3><\/div><span class=\"event-time\">10:00 - 20:00<\/span><span class=\"event-location\">Valvegalleria | Valve gallery, Hallituskatu 7, Oulu<\/span><div class=\"event-details\"><p><img loading=\"lazy\" decoding=\"async\" class=\"alignright size-full wp-image-4152\" src=\"http:\/\/www.oulucomics.com\/wp-content\/uploads\/2019\/10\/ahokoivu_hakkola_sannijajoonasmetsaretki.jpg\" alt=\"\" width=\"300\" height=\"377\" srcset=\"https:\/\/www.oulucomics.com\/wp-content\/uploads\/2019\/10\/ahokoivu_hakkola_sannijajoonasmetsaretki.jpg 300w, https:\/\/www.oulucomics.com\/wp-content\/uploads\/2019\/10\/ahokoivu_hakkola_sannijajoonasmetsaretki-239x300.jpg 239w\" sizes=\"auto, (max-width: 300px) 100vw, 300px\" \/>N\u00e4yttely jouduttiin keskeytt\u00e4m\u00e4\u00e4n 31.11.2020!<\/p>\n<p>Sanni ja Joonas on Ahokoivun ja Hakkolan luoma lastensarjakuvasarja, josta toistaiseksi on ilmestynyt kolme kirjaa. Ensimm\u00e4inen osa on my\u00f6s k\u00e4\u00e4nnetty ruotsiksi, koreaksi, ranskaksi ja englanniksi. Lis\u00e4ksi sarja on ilmestynyt lyhyemm\u00e4ss\u00e4 muodossa Koululainen-lehdess\u00e4, Ilta-sanomissa ja koulukirjoissa. Sarjakuva kertoo sisaruksista Sannista ja Joonaksesta. Mukana seikkailee my\u00f6s muita hahmoja, kuten sisarusten \u00e4iti ja \u00e4idin puoliso, iltap\u00e4iv\u00e4kerholaiset sek\u00e4 Sannin ja Joonaksen Hugo-serkku. Keski\u00f6ss\u00e4 ovat kuitenkin sisarukset. Keskeisess\u00e4 osassa on erilainen l\u00f6yt\u00e4misen ilo ja kielell\u00e4 leikkiminen. Sarjan keskeisin\u00e4 teemoina toimivat luonto ja lapsia ymp\u00e4r\u00f6iv\u00e4t asiat.<\/p>\n<p>Mets\u00e4retki n\u00e4yttely keskittyy samannimisess\u00e4 kirjassa julkaisuihin lyhyempiin tarinoihin. Mukana on niin yhden sivun tarinoita kuin perinteisi\u00e4 kolmen ruudun strippej\u00e4. Sivun mittaisista tarinoista l\u00f6ytyy sarjakuvien lis\u00e4ksi, ruokaohjeita ja jopa lautapeli.<\/p>\n<\/div><\/div>\n\t\t\t\t<\/li>\n\t\t\t \t<li class=\"event festivaali lapset nayttelyt center\">\n\t\t\t\t\t<div class=\"event-date multi-date\"><div class=\"start-date\"><div class=\"event-weekday\">ke<\/div><div class=\"event-day\">18<\/div><div class=\"event-month\">marras<\/div><div class=\"event-year\">2020<\/div><\/div><div class=\"end-date\"><div class=\"event-weekday\">ma<\/div><div class=\"event-day\">30<\/div><div class=\"event-month\">marras<\/div><div class=\"event-year\">2020<\/div><\/div><\/div>\n\t\t\t\t\t<div class=\"event-info multi-day\"><div class=\"event-title\"><h3>Vanha kunnon Jaska Jokunen \u2013 Tenavat 60 vuotta Suomessa<\/h3><\/div><span class=\"event-time\">10:00 - 20:00<\/span><span class=\"event-location\">Valvegalleria | Valve gallery, Hallituskatu 7, Oulu<\/span><div class=\"event-details\"><p><img loading=\"lazy\" decoding=\"async\" class=\"alignright wp-image-4986\" src=\"http:\/\/www.oulucomics.com\/wp-content\/uploads\/2020\/11\/Tenavat_mainos_oulu.jpg\" alt=\"\" width=\"300\" height=\"424\" srcset=\"https:\/\/www.oulucomics.com\/wp-content\/uploads\/2020\/11\/Tenavat_mainos_oulu.jpg 900w, https:\/\/www.oulucomics.com\/wp-content\/uploads\/2020\/11\/Tenavat_mainos_oulu-212x300.jpg 212w, https:\/\/www.oulucomics.com\/wp-content\/uploads\/2020\/11\/Tenavat_mainos_oulu-724x1024.jpg 724w, https:\/\/www.oulucomics.com\/wp-content\/uploads\/2020\/11\/Tenavat_mainos_oulu-768x1086.jpg 768w\" sizes=\"auto, (max-width: 300px) 100vw, 300px\" \/>N\u00e4yttely jouduttiin keskeytt\u00e4m\u00e4\u00e4n 31.11.2020!<\/p>\n<p>Jaska Jokunen l\u00f6ysi tiens\u00e4 suomalaisten syd\u00e4miin 60 vuotta sitten. Pallop\u00e4isen pikkupojan suomenkielisen nimen keksi hahmoon ihastunut Aatos Erkko itse.\u00a0<strong>Charles M. Schulzin<\/strong> Tenavat on sanomalehtisarjakuvien ehdoton klassikko, joka ilmestyi vuosina 1950\u20132000.<\/p>\n<p>Suomessa Tenavat alkoi ilmesty\u00e4 vuonna 1959 Ilta-Sanomissa ja saman kustantajan Viikkosanomissa. Ilta-Sanomat julkaisee Tenavia edelleen, ja lehden sarjakuvatoimittaja ja Tenavien k\u00e4\u00e4nt\u00e4j\u00e4 Juhani Tolvanen kokosi n\u00e4yttelyn sen kunniaksi, ett\u00e4 sarjakuva on ilmestynyt Suomessa 60 vuotta.<\/p>\n<p>Lis\u00e4n\u00e4 n\u00e4yttelyss\u00e4 on suomalaisten sarjakuvantekij\u00f6iden Tenavat-tribuuttistrippej\u00e4, jotka ilmestyiv\u00e4t Ilta-Sanomien kuukauden kotimaisena sarjakuvana marraskuussa 2019.<\/p>\n<p>N\u00e4yttelyn on koonnut el\u00e4m\u00e4nty\u00f6ns\u00e4 Tenavien parissa tehnyt sarjakuvaneuvos Juhani Tolvanen. H\u00e4n on k\u00e4\u00e4nt\u00e4nyt kaikki Ilta-Sanomissa julkaistut Tenavat vuosina 1979\u20132019.<\/p>\n<\/div><\/div>\n\t\t\t\t<\/li>\n\t\t\t \t<li class=\"event festivaali lapset nayttelyt center\">\n\t\t\t\t\t<div class=\"event-date multi-date\"><div class=\"start-date\"><div class=\"event-weekday\">ke<\/div><div class=\"event-day\">18<\/div><div class=\"event-month\">marras<\/div><div class=\"event-year\">2020<\/div><\/div><div class=\"end-date\"><div class=\"event-weekday\">ma<\/div><div class=\"event-day\">30<\/div><div class=\"event-month\">marras<\/div><div class=\"event-year\">2020<\/div><\/div><\/div>\n\t\t\t\t\t<div class=\"event-info multi-day\"><div class=\"event-title\"><h3>Anu ja Jari Terho: Mukula - parasta vuosikertaa<\/h3><\/div><span class=\"event-time\">10:00 - 20:00<\/span><span class=\"event-location\">Valvegalleria | Valve gallery, Hallituskatu 7, Oulu<\/span><div class=\"event-details\"><p><img loading=\"lazy\" decoding=\"async\" class=\"alignright size-medium wp-image-4984\" src=\"http:\/\/www.oulucomics.com\/wp-content\/uploads\/2020\/11\/mukulu3-kansi-net-300x300.jpg\" alt=\"\" width=\"300\" height=\"300\" srcset=\"https:\/\/www.oulucomics.com\/wp-content\/uploads\/2020\/11\/mukulu3-kansi-net-300x300.jpg 300w, https:\/\/www.oulucomics.com\/wp-content\/uploads\/2020\/11\/mukulu3-kansi-net-150x150.jpg 150w, https:\/\/www.oulucomics.com\/wp-content\/uploads\/2020\/11\/mukulu3-kansi-net-768x768.jpg 768w, https:\/\/www.oulucomics.com\/wp-content\/uploads\/2020\/11\/mukulu3-kansi-net.jpg 900w\" sizes=\"auto, (max-width: 300px) 100vw, 300px\" \/>N\u00e4yttely jouduttiin keskeytt\u00e4m\u00e4\u00e4n 31.11.2020!<\/p>\n<p>Mukula on seikkaillut sanomalehdiss\u00e4 l\u00e4hes 10 vuotta. Sarjan kolmas sarjakuvakirja <em>Mukula - parasta vuosikertaa<\/em> (omakustanne, 2020) ilmestyy Oulun Sarjakuvafestivaalilla.<\/p>\n<p>Kulttuuritalo Valveella esill\u00e4 olevaan n\u00e4yttelyyn on koottu otteita Simon el\u00e4m\u00e4st\u00e4 uuden vuoden lupauksista joulun pettymyksiin ja aurinkomatkoista kuumatkoihin.<\/p>\n<p>Meille selvi\u00e4\u00e4 vastauksia kysymyksiin, joita emme ole ymm\u00e4rt\u00e4neet esitt\u00e4\u00e4. Mit\u00e4 onkaan paukkupakkanen? Ent\u00e4 koulukiusaus tai korvasieni? Voiko l\u00e4pp\u00e4riin pyyhki\u00e4?<\/p>\n<\/div><\/div>\n\t\t\t\t<\/li>\n\t\t\t \t<li class=\"event festivaali lapset nayttelyt center\">\n\t\t\t\t\t<div class=\"event-date multi-date\"><div class=\"start-date\"><div class=\"event-weekday\">ke<\/div><div class=\"event-day\">18<\/div><div class=\"event-month\">marras<\/div><div class=\"event-year\">2020<\/div><\/div><div class=\"end-date\"><div class=\"event-weekday\">ma<\/div><div class=\"event-day\">30<\/div><div class=\"event-month\">marras<\/div><div class=\"event-year\">2020<\/div><\/div><\/div>\n\t\t\t\t\t<div class=\"event-info multi-day\"><div class=\"event-title\"><h3>Minun kotiseutuni - Pohjoispohjalaisten lasten sarjakuvia -n\u00e4yttely<\/h3><\/div><span class=\"event-time\">10:00 - 20:00<\/span><span class=\"event-location\">Valvegalleria | Valve gallery, Hallituskatu 7, Oulu<\/span><div class=\"event-details\"><p><img loading=\"lazy\" decoding=\"async\" class=\"alignright size-medium wp-image-4971\" src=\"http:\/\/www.oulucomics.com\/wp-content\/uploads\/2020\/10\/pp2020kilpailu-net-300x225.jpg\" alt=\"\" width=\"300\" height=\"225\" srcset=\"https:\/\/www.oulucomics.com\/wp-content\/uploads\/2020\/10\/pp2020kilpailu-net-300x225.jpg 300w, https:\/\/www.oulucomics.com\/wp-content\/uploads\/2020\/10\/pp2020kilpailu-net-1024x768.jpg 1024w, https:\/\/www.oulucomics.com\/wp-content\/uploads\/2020\/10\/pp2020kilpailu-net-768x576.jpg 768w, https:\/\/www.oulucomics.com\/wp-content\/uploads\/2020\/10\/pp2020kilpailu-net-1050x788.jpg 1050w, https:\/\/www.oulucomics.com\/wp-content\/uploads\/2020\/10\/pp2020kilpailu-net.jpg 1365w\" sizes=\"auto, (max-width: 300px) 100vw, 300px\" \/>N\u00e4yttely jouduttiin keskeytt\u00e4m\u00e4\u00e4n 31.11.2020!<\/p>\n<p>Oulun Sarjakuvakeskus j\u00e4rjesti sarjakuvakilpailun kaikille 12-vuotiaille tai sit\u00e4 nuoremmille pohjoispohjalaisille. Kilpailun teemana oli <em>minun kotiseutuni<\/em>.<\/p>\n<p>Kilpailuun saapui yli 400 mahtavaa sarjakuvaa, eri puolilta maakuntaa. Tuomaristo valitsi niist\u00e4 voittajat valtaisan luku-urakan p\u00e4\u00e4tteeksi. Kilpailun tulokset julkaistaan Oulun Sarjakuvafestivaalilla.<\/p>\n<p>N\u00e4yttelyss\u00e4 on esill\u00e4 tuomariston valitsemat 16 sarjakuvaa, jotka erottuivat joukosta edukseen.<\/p>\n<\/div><\/div>\n\t\t\t\t<\/li>\n\t\t\t \t<li class=\"event festivaali fsun festivaalilava lapset center\">\n\t\t\t\t\t<div class=\"event-date\"><div class=\"end-date\"><div class=\"event-weekday\">su<\/div><div class=\"event-day\">22<\/div><div class=\"event-month\">marras<\/div><div class=\"event-year\">2020<\/div><\/div><\/div>\n\t\t\t\t\t<div class=\"event-info multi-day\"><div class=\"event-title\"><h3>Festivaalisunnuntain ohjelmisto | Festivals&#039; sunday program<\/h3><\/div><span class=\"event-time\">12:00 - 15:00<\/span><span class=\"event-location\">P\u00e4\u00e4kirjasto | Main library, Kaarlenv\u00e4yl\u00e4 3, Oulu<\/span><div class=\"event-details\"><p><iframe loading=\"lazy\" src=\"https:\/\/www.youtube.com\/embed\/S7PUId89gN8\" width=\"560\" height=\"315\" frameborder=\"0\" allowfullscreen=\"allowfullscreen\"><\/iframe><\/p>\n<h4>12:00 - <span style=\"color: #0000ff;\">FI<\/span> - <span style=\"font-weight: 400;\">Lasten sarjakuvakilpailun Pohjois-pohjanmaalla satoa<\/span><\/h4>\n<p><div class=\"show_more\"><p class=\"wpsm-show\" style=\"color: #cc0000; font-size: 100%; text-align: left;\"> lis\u00e4\u00e4\/more<\/p><div class=\"wpsm-content\"><\/p>\n<p><span style=\"font-weight: 400;\"><img loading=\"lazy\" decoding=\"async\" class=\"alignright size-medium wp-image-4971\" src=\"http:\/\/www.oulucomics.com\/wp-content\/uploads\/2020\/10\/pp2020kilpailu-net-300x225.jpg\" alt=\"\" width=\"300\" height=\"225\" srcset=\"https:\/\/www.oulucomics.com\/wp-content\/uploads\/2020\/10\/pp2020kilpailu-net-300x225.jpg 300w, https:\/\/www.oulucomics.com\/wp-content\/uploads\/2020\/10\/pp2020kilpailu-net-1024x768.jpg 1024w, https:\/\/www.oulucomics.com\/wp-content\/uploads\/2020\/10\/pp2020kilpailu-net-768x576.jpg 768w, https:\/\/www.oulucomics.com\/wp-content\/uploads\/2020\/10\/pp2020kilpailu-net-1050x788.jpg 1050w, https:\/\/www.oulucomics.com\/wp-content\/uploads\/2020\/10\/pp2020kilpailu-net.jpg 1365w\" sizes=\"auto, (max-width: 300px) 100vw, 300px\" \/>Oulun Sarjakuvakeskus j\u00e4rjesti syksyll\u00e4 2020 pohjoispohjalaisille lapsille suunnatun sarjakuvakilpailun. Siihen osallistui yli 200 alle 12-vuotiasta nuorta sarjakuvataiteilijaa. Oulun Sarjakuvakeskuksen toiminnanjohtaja esitttelee kilpailun satoa.<\/span><\/p>\n<p> <p class=\"wpsm-hide\" style=\"color: #cc0000; font-size: 100%; text-align: left;\"> piilota\/hide<\/p><\/div><\/div><\/p>\n<h4>12:15 - <span style=\"color: #0000ff;\">FI<\/span> - <span style=\"font-weight: 400;\">N\u00e4yttelykierros Kulttuuritalo Valveella<\/span><\/h4>\n<p><div class=\"show_more\"><p class=\"wpsm-show\" style=\"color: #cc0000; font-size: 100%; text-align: left;\"> lis\u00e4\u00e4\/more<\/p><div class=\"wpsm-content\"><\/p>\n<p><span style=\"font-weight: 400;\">Kulttuuritalo Valveen n\u00e4yttelykierroksella tutustutaan kaikkiin Oulun Sarjakuvafestivaalin aikana esill\u00e4 oleviin n\u00e4yttelyihin. Osa taiteilijoista on paikalla esittelem\u00e4ss\u00e4 n\u00e4yttely\u00e4\u00e4n. Tarkasta kaikki <a href=\"http:\/\/www.oulucomics.com\/fi\/fest\/exhibitions2020\/valve\/\">Kulttuuritalo Valveella sijaitsevat<\/a><\/span>\u00a0<span style=\"font-weight: 400;\">festivaalin\u00e4yttelyt. T\u00e4n\u00e4 vuonna n\u00e4yttelykierrosta voi seurata vain livestriimin v\u00e4lityksell\u00e4.<\/span><\/p>\n<p><span style=\"color: #800000;\"><span style=\"font-weight: 400;\">The exhibition tour at Cultural Centre Valve introduces all the exhibitions during the Oulu Comics Festival. Some of the artists are presenting their exhibition. Check out all the <\/span><a href=\"http:\/\/www.oulucomics.com\/fi\/fest\/exhibitions2020\/valve\/\"><span style=\"font-weight: 400;\">festival exhibitions in the <\/span><\/a><span style=\"font-weight: 400;\">Cultural Centre Valve.<\/span><\/span><\/p>\n<p> <p class=\"wpsm-hide\" style=\"color: #cc0000; font-size: 100%; text-align: left;\"> piilota\/hide<\/p><\/div><\/div><\/p>\n<h4>12:45 - <span style=\"color: #0000ff;\">FI<\/span> - <span style=\"font-weight: 400;\">Kersantti Napalmin lastensarjakuva<\/span><\/h4>\n<p><div class=\"show_more\"><p class=\"wpsm-show\" style=\"color: #cc0000; font-size: 100%; text-align: left;\"> lis\u00e4\u00e4\/more<\/p><div class=\"wpsm-content\"><\/p>\n<p><span style=\"font-weight: 400;\"><a href=\"http:\/\/www.oulucomics.com\/wp-content\/uploads\/2020\/10\/kersanttinapalm.gif\"><img loading=\"lazy\" decoding=\"async\" class=\"alignright wp-image-4955\" src=\"http:\/\/www.oulucomics.com\/wp-content\/uploads\/2020\/10\/kersanttinapalm.gif\" alt=\"\" width=\"300\" height=\"300\" \/><\/a>Kaikkien lapsien on jossakin vaiheessa tehnyt mieli tarttua vanhempiensa sarjakuvahyllyiss\u00e4 komeileviin kersantti Napalm-sarjakuviin, mutta valveutuneet vanhemmat ovat yleens\u00e4 torpanneet lastensa aikeet. <\/span><\/p>\n<p><span style=\"font-weight: 400;\">Nyt kersantti Napalmista on julkaistu aivan upouusi lapsille suunnattu versio!\u00a0<\/span><span style=\"font-weight: 400;\">Tarinat ovat reippaita ja kasvatuksellisia, kuvitus on iloisen v\u00e4rillist\u00e4 ja teksti hyv\u00e4\u00e4 suomenkielt\u00e4. Mukana my\u00f6s lapsille suunnattuja teht\u00e4vi\u00e4! Rusinana pullassa on viel\u00e4 supersuosittu Per\u00e4smiehen Poika oheissarjana!<\/span><\/p>\n<p><span style=\"font-weight: 400;\">K\u00e4sikirjoittaja <strong>Vesa Vitikainen<\/strong>, kuvitus Juho Sihvonen, Samuli Lahtinen, <strong>Markus Tuppurainen<\/strong> ja <strong>Timo Kokkila<\/strong>.\u00a0<\/span><\/p>\n<p><span style=\"font-weight: 400;\">T\u00e4t\u00e4 uutuutta ei viel\u00e4 muualta saa!<\/span><\/p>\n<p> <p class=\"wpsm-hide\" style=\"color: #cc0000; font-size: 100%; text-align: left;\"> piilota\/hide<\/p><\/div><\/div><\/p>\n<h4>13:15 - <span style=\"color: #0000ff;\">FI<\/span> - <span style=\"font-weight: 400;\">Juliana Hyrri ja keskustelua lastensarjakuvasta<\/span><\/h4>\n<p><div class=\"show_more\"><p class=\"wpsm-show\" style=\"color: #cc0000; font-size: 100%; text-align: left;\"> lis\u00e4\u00e4\/more<\/p><div class=\"wpsm-content\"><\/p>\n<p><span style=\"font-weight: 400;\"><a href=\"http:\/\/www.oulucomics.com\/wp-content\/uploads\/2019\/10\/hyrri_kallio_kallepallosello.jpg\"><img loading=\"lazy\" decoding=\"async\" class=\"alignright size-medium wp-image-4154\" src=\"http:\/\/www.oulucomics.com\/wp-content\/uploads\/2019\/10\/hyrri_kallio_kallepallosello-253x300.jpg\" alt=\"\" width=\"253\" height=\"300\" srcset=\"https:\/\/www.oulucomics.com\/wp-content\/uploads\/2019\/10\/hyrri_kallio_kallepallosello-253x300.jpg 253w, https:\/\/www.oulucomics.com\/wp-content\/uploads\/2019\/10\/hyrri_kallio_kallepallosello.jpg 300w\" sizes=\"auto, (max-width: 253px) 100vw, 253px\" \/><\/a>Sarjakuvantekij\u00e4 <strong>Juliana Hyrrin<\/strong> piirt\u00e4m\u00e4 ja Pauli Kallion kirjoittama <\/span><i><span style=\"font-weight: 400;\">Kalle, pallo ja sello<\/span><\/i><span style=\"font-weight: 400;\"> (Suuri Kurpitsa, 2019) kertoo alakouluik\u00e4isest\u00e4 Kallesta, joka pelaa jalkapalloa ja soittaa selloa yht\u00e4l\u00e4isell\u00e4 innolla. Kalle tasapainoilee tarinassa iloisesti pallon ja sellon v\u00e4lill\u00e4. <\/span><\/p>\n<p><span style=\"font-weight: 400;\">Hyrri keskustelee lastensarjakuvista k\u00e4sikirjoittaja <strong>Kalle Hakkolan<\/strong> ja sarjakuvantekij\u00f6iden <strong>Harri Filpan<\/strong> ja <strong>Timo Kokkilan<\/strong> kanssa. Suomalainen lastensarjakuva on ollut l\u00e4hes harvinaisuus, mutta edellisien vuosien aikana niit\u00e4 on ilmestynyt useampia.\u00a0<\/span><\/p>\n<p>Vaikka monet pit\u00e4v\u00e4tkin sarjakuvaa lastenkulttuurina niin todellisuudessa sit\u00e4 on sarjakuvataiteesta vain murto-osa.<\/p>\n<p><iframe loading=\"lazy\" src=\"https:\/\/www.youtube.com\/embed\/3sG4UVvcgug\" width=\"560\" height=\"315\" frameborder=\"0\" allowfullscreen=\"allowfullscreen\"><\/iframe><\/p>\n<p class=\"title style-scope ytd-video-primary-info-renderer\"><em>Sarjakuvan luentaesitys: Kalle, Pallo ja Sello Anita Bangin kanssa Helsingin Sarjakuvafestivaaleilla 5.9.2020.<\/em><\/p>\n<p> <p class=\"wpsm-hide\" style=\"color: #cc0000; font-size: 100%; text-align: left;\"> piilota\/hide<\/p><\/div><\/div><\/p>\n<h4>13:45 - <span style=\"color: #0000ff;\">FI<\/span> - Anu ja <span style=\"font-weight: 400;\">Jari Terho - Mukula<\/span><\/h4>\n<p><div class=\"show_more\"><p class=\"wpsm-show\" style=\"color: #cc0000; font-size: 100%; text-align: left;\"> lis\u00e4\u00e4\/more<\/p><div class=\"wpsm-content\"><\/p>\n<p><span style=\"font-weight: 400;\"><img loading=\"lazy\" decoding=\"async\" class=\"alignright wp-image-4984\" src=\"http:\/\/www.oulucomics.com\/wp-content\/uploads\/2020\/11\/mukulu3-kansi-net-300x300.jpg\" alt=\"\" width=\"212\" height=\"212\" srcset=\"https:\/\/www.oulucomics.com\/wp-content\/uploads\/2020\/11\/mukulu3-kansi-net-300x300.jpg 300w, https:\/\/www.oulucomics.com\/wp-content\/uploads\/2020\/11\/mukulu3-kansi-net-150x150.jpg 150w, https:\/\/www.oulucomics.com\/wp-content\/uploads\/2020\/11\/mukulu3-kansi-net-768x768.jpg 768w, https:\/\/www.oulucomics.com\/wp-content\/uploads\/2020\/11\/mukulu3-kansi-net.jpg 900w\" sizes=\"auto, (max-width: 212px) 100vw, 212px\" \/>Mukula sarjakuvistaan tunnetut <strong>Anu ja Jari Terho<\/strong> kertovat Mukulan vaiheista. Vuosien varrelle mahtuu yhteisty\u00f6t\u00e4 sanomalehtien kanssa ja kolme kokoelma-albumia, joista viimeisin julkaistaan t\u00e4m\u00e4n vuoden Oulun Sarjakuvafestivaalilla. <\/span><\/p>\n<p>Mukula on seikkaillut sanomalehdiss\u00e4 l\u00e4hes 10 vuotta. Sarjan kolmas sarjakuvakirja <em>Mukula - parasta vuosikertaa<\/em> (omakustanne, 2020) sis\u00e4lt\u00e4\u00e4 vuosien varrella ilmestyneit\u00e4 sunnuntaistrippej\u00e4. Niist\u00e4 meille selvi\u00e4\u00e4 vastauksia kysymyksiin, joita emme ole ymm\u00e4rt\u00e4neet esitt\u00e4\u00e4. Mit\u00e4 onkaan paukkupakkanen? Ent\u00e4 koulukiusaus tai korvasieni? Voiko l\u00e4pp\u00e4riin pyyhki\u00e4?<\/p>\n<p> <p class=\"wpsm-hide\" style=\"color: #cc0000; font-size: 100%; text-align: left;\"> piilota\/hide<\/p><\/div><\/div><\/p>\n<h4><span style=\"color: #ff0000;\">14:15 - FI - <span style=\"font-weight: 400;\">Kalle Hakkola &amp; Mari Ahokoivu - Sanni &amp; Joonas<\/span><\/span><\/h4>\n<p><div class=\"show_more\"><p class=\"wpsm-show\" style=\"color: #cc0000; font-size: 100%; text-align: left;\"> lis\u00e4\u00e4\/more<\/p><div class=\"wpsm-content\"><\/p>\n<p><span style=\"font-weight: 400;\"><a href=\"http:\/\/www.oulucomics.com\/wp-content\/uploads\/2019\/10\/ahokoivu_hakkola_sannijajoonasmetsaretki.jpg\"><img loading=\"lazy\" decoding=\"async\" class=\"alignright size-medium wp-image-4152\" src=\"http:\/\/www.oulucomics.com\/wp-content\/uploads\/2019\/10\/ahokoivu_hakkola_sannijajoonasmetsaretki-239x300.jpg\" alt=\"\" width=\"239\" height=\"300\" srcset=\"https:\/\/www.oulucomics.com\/wp-content\/uploads\/2019\/10\/ahokoivu_hakkola_sannijajoonasmetsaretki-239x300.jpg 239w, https:\/\/www.oulucomics.com\/wp-content\/uploads\/2019\/10\/ahokoivu_hakkola_sannijajoonasmetsaretki.jpg 300w\" sizes=\"auto, (max-width: 239px) 100vw, 239px\" \/><\/a><\/span><\/p>\n<p><span style=\"color: #ff0000;\"><strong>Ylitsep\u00e4\u00e4semitt\u00f6mist\u00e4 syist\u00e4 joudumme perumaan t\u00e4m\u00e4n ohjelman, mutta sarjakuvanyst\u00e4ville on luvassa joulukuun aika Sannin &amp; Joonaksen yll\u00e4tys Oulun Sarjakuvafestivaalin sosiaalisessa mediassa ja internet-sivuilla.<\/strong><\/span><\/p>\n<p><span style=\"font-weight: 400;\">Sarjakuvantekij\u00e4 <strong>Mari Ahokoivu<\/strong> ja k\u00e4sikirjoittaja <strong>Kalle Hakkola<\/strong> ovat pitk\u00e4n linjan tekij\u00f6it\u00e4 sarjakuva-alalla. Heid\u00e4n loihtimansa lastensarjakuva valloittaa maailmaa ja siit\u00e4 on tehty k\u00e4\u00e4nn\u00f6ksi\u00e4 jo useille kielille.<\/span><\/p>\n<p><span style=\"font-weight: 400;\">Sanni &amp; Joonas sarjakuvat k\u00e4sittelev\u00e4t lasten maailmaa.\u00a0Hupailevien sisarusten, Sannin ja Joonaksen tarinoista on ilmestynyt kaksi albumia, joista tuoreimpana <\/span><i><span style=\"font-weight: 400;\">Sanni &amp; Joonas - Mets\u00e4retki<\/span><\/i><span style=\"font-weight: 400;\"> (Kumiorava, 2019). Sanni &amp; Joonas sarjakuvaa on julkaistu my\u00f6s Koululainen -lehdess\u00e4 vuodesta 2017 alkaen. <\/span><\/p>\n<p><span style=\"font-weight: 400;\">Keskustelussa pohditaan mm. mik\u00e4 lapsia sarjakuvassa vieh\u00e4tt\u00e4\u00e4 ja millaisena tekij\u00e4t n\u00e4kev\u00e4t lastensarjakuvan tulevaisuuden.<\/span><\/p>\n<p><iframe loading=\"lazy\" src=\"https:\/\/www.youtube.com\/embed\/fa8MGagGGVA\" width=\"560\" height=\"315\" frameborder=\"0\" allowfullscreen=\"allowfullscreen\" data-mce-fragment=\"1\"><\/iframe><\/p>\n<p> <p class=\"wpsm-hide\" style=\"color: #cc0000; font-size: 100%; text-align: left;\"> piilota\/hide<\/p><\/div><\/div><\/p>\n<h4><\/h4>\n<\/div><\/div>\n\t\t\t\t<\/li><\/ul>\n\t\t\t\t<\/div>\n","protected":false},"excerpt":{"rendered":"<p>T\u00e4lle sivulle olemme ker\u00e4nneet lapsille ja lapsenmielisille sopivaa n\u00e4ht\u00e4v\u00e4\u00e4 ja koettavaa. Vuonna 2020 festivaalin teemana on lastensarjakuva.<\/p>\n<p>[event-list cat_filter=festivaali&amp;lapset initial_date=2020 show_filterbar=false link_to_event=false ad&#8230;<\/p>\n","protected":false},"author":1,"featured_media":0,"parent":5079,"menu_order":0,"comment_status":"closed","ping_status":"closed","template":"","meta":{"footnotes":""},"categories":[],"tags":[],"class_list":["post-4804","page","type-page","status-publish","hentry"],"_links":{"self":[{"href":"https:\/\/www.oulucomics.com\/fi\/wp-json\/wp\/v2\/pages\/4804","targetHints":{"allow":["GET"]}}],"collection":[{"href":"https:\/\/www.oulucomics.com\/fi\/wp-json\/wp\/v2\/pages"}],"about":[{"href":"https:\/\/www.oulucomics.com\/fi\/wp-json\/wp\/v2\/types\/page"}],"author":[{"embeddable":true,"href":"https:\/\/www.oulucomics.com\/fi\/wp-json\/wp\/v2\/users\/1"}],"replies":[{"embeddable":true,"href":"https:\/\/www.oulucomics.com\/fi\/wp-json\/wp\/v2\/comments?post=4804"}],"version-history":[{"count":2,"href":"https:\/\/www.oulucomics.com\/fi\/wp-json\/wp\/v2\/pages\/4804\/revisions"}],"predecessor-version":[{"id":5090,"href":"https:\/\/www.oulucomics.com\/fi\/wp-json\/wp\/v2\/pages\/4804\/revisions\/5090"}],"up":[{"embeddable":true,"href":"https:\/\/www.oulucomics.com\/fi\/wp-json\/wp\/v2\/pages\/5079"}],"wp:attachment":[{"href":"https:\/\/www.oulucomics.com\/fi\/wp-json\/wp\/v2\/media?parent=4804"}],"wp:term":[{"taxonomy":"category","embeddable":true,"href":"https:\/\/www.oulucomics.com\/fi\/wp-json\/wp\/v2\/categories?post=4804"},{"taxonomy":"post_tag","embeddable":true,"href":"https:\/\/www.oulucomics.com\/fi\/wp-json\/wp\/v2\/tags?post=4804"}],"curies":[{"name":"wp","href":"https:\/\/api.w.org\/{rel}","templated":true}]}}