{"id":4522,"date":"2020-04-23T15:10:52","date_gmt":"2020-04-23T12:10:52","guid":{"rendered":"http:\/\/www.oulucomics.com\/?page_id=4522"},"modified":"2021-02-26T14:19:54","modified_gmt":"2021-02-26T12:19:54","slug":"sarjakuvakeidas-2020","status":"publish","type":"page","link":"https:\/\/www.oulucomics.com\/fi\/fest\/sarjakuvakeidas-2020\/","title":{"rendered":"Sarjakuvakeidas 2020"},"content":{"rendered":"<p class=\"p1\">Sarjakuvakeidas on avoinna lauantaina 21.11. klo 11-19 Oulun p\u00e4\u00e4kirjaston ala-aulassa ja lehtisalissa. Keidas antaa vierailijoille mahdollisuuden tehd\u00e4 sarjakuval\u00f6yt\u00f6j\u00e4. Keitaalla on myynniss\u00e4 sarjakuvakirjoja, tulosteita, oheistuotteita ja muuta materiaalia lukuisilla p\u00f6ydill\u00e4, joiden takaa l\u00f6ytyy itsen\u00e4isi\u00e4 tekij\u00f6it\u00e4, yrityksi\u00e4 ja yhteis\u00f6j\u00e4. Sarjakuvakeidas sijaitsee Oulun kaupunginkirjaston p\u00e4\u00e4kirjastolla.<\/p>\n<h3 class=\"p1\">N\u00e4ytteilleasettajat<\/h3>\n<ul>\n<li>Varaa paikkasi: sarjakuvaoulu@gmail.com<\/li>\n<\/ul>\n<p>T\u00e4n\u00e4 vuonna j\u00e4rjest\u00e4mme my\u00f6s Lastensarjakuvakeitaan sunnuntaina 22.11. klo 12-16 Kauppakeskus Valkean kes\u00e4kadulla! Lis\u00e4tietoa luvassa my\u00f6hemmin.<\/p>\n<p><img loading=\"lazy\" decoding=\"async\" class=\"aligncenter size-full wp-image-4140\" src=\"http:\/\/www.oulucomics.com\/wp-content\/uploads\/2019\/08\/sarjakuvakeidas_19_web.jpg\" alt=\"sarjakuvakeidas_19_web\" width=\"600\" height=\"321\" srcset=\"https:\/\/www.oulucomics.com\/wp-content\/uploads\/2019\/08\/sarjakuvakeidas_19_web.jpg 600w, https:\/\/www.oulucomics.com\/wp-content\/uploads\/2019\/08\/sarjakuvakeidas_19_web-300x161.jpg 300w\" sizes=\"auto, (max-width: 600px) 100vw, 600px\" \/><br \/>\n\n\t\t\t\t<div class=\"event-list\">\n\t\t\t\t<ul class=\"event-list-view\">\n\t\t\t \t<li class=\"event festivaali fest-en fsat fsun sarjasto signing\">\n\t\t\t\t\t<div class=\"event-date multi-date\"><div class=\"start-date\"><div class=\"event-weekday\">la<\/div><div class=\"event-day\">21<\/div><div class=\"event-month\">marras<\/div><div class=\"event-year\">2020<\/div><\/div><div class=\"end-date\"><div class=\"event-weekday\">su<\/div><div class=\"event-day\">22<\/div><div class=\"event-month\">marras<\/div><div class=\"event-year\">2020<\/div><\/div><\/div>\n\t\t\t\t\t<div class=\"event-info multi-day\"><div class=\"event-title\"><h3> Sarjakuvakeidas | Comics Oasis<\/h3><\/div><span class=\"event-location\">P\u00e4\u00e4kirjasto | Main library, Kaarlenv\u00e4yl\u00e4 3, Oulu<\/span><div class=\"event-details\"><p class=\"p1\">Sarjakuvakeidas on avoinna lauantaina 21.11. klo 11-18:30 ja sunnuntaina 22.11. klo 12-15:30. Keidas antaa vierailijoille mahdollisuuden tehd\u00e4 sarjakuval\u00f6yt\u00f6j\u00e4. Keitaalla on myynniss\u00e4 sarjakuvakirjoja, tulosteita, oheistuotteita ja muuta materiaalia lukuisilla p\u00f6ydill\u00e4, joiden takaa l\u00f6ytyy itsen\u00e4isi\u00e4 tekij\u00f6it\u00e4, yrityksi\u00e4 ja yhteis\u00f6j\u00e4. Sarjakuvakeidas sijaitsee Oulun kaupunginkirjaston p\u00e4\u00e4kirjastolla.<\/p>\n<p><strong>N\u00e4ytteilleasettajat vuonna 2020<\/strong><\/p>\n<ul>\n<li>Turun Sarjakuvakauppa<\/li>\n<li>T\u00e4ysi k\u00e4si<\/li>\n<li>Nispero kustannus<\/li>\n<li>Suuri kurpitsa (vain lauantai)<\/li>\n<li>Pokuto - pohjoinen kustannustoiminta<\/li>\n<li>Musta Ritari kustannus ja Tarinoita Muinaisesta Pohjolasta<\/li>\n<li>Ilpo Koskela<\/li>\n<li>Limingan taidekoulu<\/li>\n<li>Jiipu Uusitalo<\/li>\n<li>Elontaival \/ Tuomas Moisanen<\/li>\n<li>Matti Reijonen (vain lauantai)<\/li>\n<li>Emma Haapam\u00e4ki<\/li>\n<\/ul>\n<\/div><\/div>\n\t\t\t\t<\/li>\n\t\t\t \t<li class=\"event festivaali fest-en fsat fsun sarjasto signing\">\n\t\t\t\t\t<div class=\"event-date multi-date\"><div class=\"start-date\"><div class=\"event-weekday\">la<\/div><div class=\"event-day\">21<\/div><div class=\"event-month\">marras<\/div><div class=\"event-year\">2020<\/div><\/div><div class=\"end-date\"><div class=\"event-weekday\">su<\/div><div class=\"event-day\">22<\/div><div class=\"event-month\">marras<\/div><div class=\"event-year\">2020<\/div><\/div><\/div>\n\t\t\t\t\t<div class=\"event-info multi-day\"><div class=\"event-title\"><h3>Signeeraukset<\/h3><\/div><span class=\"event-location\">P\u00e4\u00e4kirjasto | Main library, Kaarlenv\u00e4yl\u00e4 3, Oulu<\/span><div class=\"event-details\"><p><strong>LAUANTAI 21.11.<\/strong><\/p>\n<p><strong>12:00<\/strong><br \/>\nKalervo Pulkkinen, Turun Sarjakuvakauppa<br \/>\n<strong>12:30<\/strong><br \/>\nEmmi Valve, Turun Sarjakuvakauppa<br \/>\n<strong>13:00<\/strong><br \/>\nKevyt metallin tekij\u00f6it\u00e4, Musta Ritari<br \/>\n<strong>13:00<\/strong><br \/>\nTuomas Myllyl\u00e4, Turun Sarjakuvakauppa<br \/>\n<strong>13:40<\/strong><br \/>\nPauli Kallio tavattavissa lauantain aikana, Suuri Kurpitsa<br \/>\n<strong>14:00<\/strong><br \/>\nJaana Suorsa, Turun Sarjakuvakauppa<br \/>\n<strong>14:45<\/strong><br \/>\nJuba Tuomola, Turun Sarjakuvakauppa<br \/>\n<strong>15:20<\/strong><br \/>\nKatkenneita lankoja tekij\u00f6it\u00e4, Turun Sarjakuvakauppa<br \/>\n<strong>15:55<\/strong><br \/>\nJyrki M\u00e4ki, Turun Sarjakuvakauppa<br \/>\n<strong>16:25<\/strong><br \/>\nJukka Takalo &amp; Mika Lahtonen, Pokuto<br \/>\n<strong>16:55<\/strong><br \/>\nEmilia Laatikainen, Suuri Kurpitsa<br \/>\n<strong>17:30<\/strong><br \/>\nSami Nyyss\u00f6l\u00e4, Pokuto<br \/>\n<strong>18:10<\/strong><br \/>\nPetteri Tikkanen, Turun Sarjakuvakauppa<\/p>\n<p><strong>SUNNUNTAI 22.11.<\/strong><\/p>\n<p><strong>13:15<\/strong><br \/>\nKersantti Napalmin tekij\u00f6it\u00e4, Musta Ritari<br \/>\n<strong>14:15<\/strong><br \/>\nJari Terho, Turun Sarjakuvakauppa<\/p>\n<\/div><\/div>\n\t\t\t\t<\/li>\n\t\t\t \t<li class=\"event festivaali fsat sarjasto signing\">\n\t\t\t\t\t<div class=\"event-date\"><div class=\"end-date\"><div class=\"event-weekday\">la<\/div><div class=\"event-day\">21<\/div><div class=\"event-month\">marras<\/div><div class=\"event-year\">2020<\/div><\/div><\/div>\n\t\t\t\t\t<div class=\"event-info multi-day\"><div class=\"event-title\"><h3>Piirr\u00e4t\u00e4 itsest\u00e4si karikatyyri<\/h3><\/div><span class=\"event-time\">11:30 - 16:30<\/span><span class=\"event-location\">P\u00e4\u00e4kirjasto (ala-aula), Kaarlenv\u00e4yl\u00e4 3, Oulu<\/span><div class=\"event-details\"><p><span style=\"font-weight: 400;\">Sarjakuvataiteilijat loihtivat karikatyyrej\u00e4 festivaalihinnalla. Karikatyyripiste sijaitsee Festivaali-infossa P\u00e4\u00e4kirjaston ala-aulassa.<\/span><\/p>\n<p><strong>11:00-15:00<\/strong><br \/>\n<strong>Tessa Astre (10e\/kpl)<\/strong><\/p>\n<p><strong>15:30-16:30<\/strong><br \/>\n<strong>Juba Tuomola (5e \/kpl)<\/strong><\/p>\n<\/div><\/div>\n\t\t\t\t<\/li><\/ul>\n\t\t\t\t<\/div><\/p>\n","protected":false},"excerpt":{"rendered":"<p class=\"p1\">Sarjakuvakeidas on avoinna lauantaina 21.11. klo 11-19 Oulun p\u00e4\u00e4kirjaston ala-aulassa ja lehtisalissa. Keidas antaa vierailijoille mahdollisuuden tehd\u00e4 sarjakuval\u00f6yt\u00f6j\u00e4. Keitaalla on myynniss\u00e4 sarjakuvakirjoja, tulosteita, oheistuotteit&#8230;<\/p>\n","protected":false},"author":1,"featured_media":0,"parent":12,"menu_order":0,"comment_status":"closed","ping_status":"closed","template":"","meta":{"footnotes":""},"categories":[],"tags":[],"class_list":["post-4522","page","type-page","status-publish","hentry"],"_links":{"self":[{"href":"https:\/\/www.oulucomics.com\/fi\/wp-json\/wp\/v2\/pages\/4522","targetHints":{"allow":["GET"]}}],"collection":[{"href":"https:\/\/www.oulucomics.com\/fi\/wp-json\/wp\/v2\/pages"}],"about":[{"href":"https:\/\/www.oulucomics.com\/fi\/wp-json\/wp\/v2\/types\/page"}],"author":[{"embeddable":true,"href":"https:\/\/www.oulucomics.com\/fi\/wp-json\/wp\/v2\/users\/1"}],"replies":[{"embeddable":true,"href":"https:\/\/www.oulucomics.com\/fi\/wp-json\/wp\/v2\/comments?post=4522"}],"version-history":[{"count":3,"href":"https:\/\/www.oulucomics.com\/fi\/wp-json\/wp\/v2\/pages\/4522\/revisions"}],"predecessor-version":[{"id":5435,"href":"https:\/\/www.oulucomics.com\/fi\/wp-json\/wp\/v2\/pages\/4522\/revisions\/5435"}],"up":[{"embeddable":true,"href":"https:\/\/www.oulucomics.com\/fi\/wp-json\/wp\/v2\/pages\/12"}],"wp:attachment":[{"href":"https:\/\/www.oulucomics.com\/fi\/wp-json\/wp\/v2\/media?parent=4522"}],"wp:term":[{"taxonomy":"category","embeddable":true,"href":"https:\/\/www.oulucomics.com\/fi\/wp-json\/wp\/v2\/categories?post=4522"},{"taxonomy":"post_tag","embeddable":true,"href":"https:\/\/www.oulucomics.com\/fi\/wp-json\/wp\/v2\/tags?post=4522"}],"curies":[{"name":"wp","href":"https:\/\/api.w.org\/{rel}","templated":true}]}}