{"id":4428,"date":"2020-04-08T16:27:55","date_gmt":"2020-04-08T13:27:55","guid":{"rendered":"http:\/\/www.oulucomics.com\/?page_id=4428"},"modified":"2021-02-25T10:03:40","modified_gmt":"2021-02-25T08:03:40","slug":"ohjelma","status":"publish","type":"page","link":"https:\/\/www.oulucomics.com\/fi\/viraali\/ohjelma\/","title":{"rendered":"Viraalisarjakuvafestivaali - ohjelma"},"content":{"rendered":"<p><a href=\"http:\/\/www.oulucomics.com\/viraali\/\"><strong>P\u00c4\u00c4SIVU<\/strong><\/a>&nbsp;***&nbsp;<strong>OHJELMA 2020<\/strong><\/p>\n<p><strong>K\u00e4tev\u00e4n linkki listan, aikaj\u00e4rjestyksess\u00e4 l\u00f6yd\u00e4t osoitteesta:&nbsp;<a href=\"https:\/\/linktr.ee\/viraali\" target=\"_blank\" rel=\"noopener noreferrer\">https:\/\/linktr.ee\/viraali<\/a><\/strong><\/p>\n<p><strong>Et\u00e4con<\/strong> <span style=\"font-weight: 400;\">on avoinna koko Viraalisarjakuvafestivaalin ajan osoitteissa: <\/span><span style=\"font-weight: 400;\"><a href=\"https:\/\/www.instagram.com\/explore\/tags\/et%C3%A4con\/\" target=\"_blank\" rel=\"noopener noreferrer\">https:\/\/www.instagram.com\/explore\/tags\/et%C3%A4con\/<\/a>&nbsp;<\/span><span style=\"font-weight: 400;\">ja <\/span><span style=\"font-weight: 400;\"><a href=\"https:\/\/linktr.ee\/etacon\" target=\"_blank\" rel=\"noopener noreferrer\">https:\/\/linktr.ee\/etacon<\/a>&nbsp;<\/span><\/p>\n<p><strong>Turun Sarjakuvakaupasta<\/strong><span style=\"font-weight: 400;\"> l\u00f6yd\u00e4t festivaalivalikoimaa: <\/span><span style=\"font-weight: 400;\"><a href=\"https:\/\/www.sarjakuvakauppa.fi\/viraalisarjakuvafestivaali.html\" target=\"_blank\" rel=\"noopener noreferrer\">https:\/\/www.sarjakuvakauppa.fi\/viraalisarjakuvafestivaali.html<\/a>&nbsp;<\/span><span style=\"font-weight: 400;\">Muistathan, ett\u00e4 saat nyt tilaukset postikuluitta valtakunnan rajojen sis\u00e4ll\u00e4!<\/span><\/p>\n<p><strong>Sarjisfestaribaari<\/strong> on Viraalisarjakuvafestivaalia varten perustettu kohtaamispaikka. Klikkaa ja liity joukkoon!&nbsp;<a href=\"https:\/\/www.facebook.com\/groups\/1149479628723511\/\" target=\"_blank\" rel=\"noopener noreferrer\">https:\/\/www.facebook.com\/groups\/1149479628723511\/<\/a><\/p>\n<div class=\"freebirdFormviewerViewItemsTextItemWrapper freebirdFormviewerViewItemsTextTextItemContainer\">\n<div class=\"freebirdFormviewerViewItemsTextShortText freebirdFormviewerViewItemsTextDisabledText freebirdThemedInput\"><strong>Kummaconin et\u00e4taidekujalla<\/strong>&nbsp;p\u00e4\u00e4set ihastelemaan taidekujalaisten nettigallerioita ja shoppailemaan tuotteita kotoa k\u00e4sin: <a href=\"http:\/\/koomalaama.net\/kummakuja\/\" target=\"_blank\" rel=\"noopener noreferrer\">http:\/\/koomalaama.net\/kummakuja\/<\/a>!<\/div>\n<\/div>\n<div class=\"freebirdFormviewerViewItemsTextItemWrapper freebirdFormviewerViewItemsTextTextItemContainer\">\n<h2 class=\"freebirdFormviewerViewItemsTextShortText freebirdFormviewerViewItemsTextDisabledText freebirdThemedInput\">Perjantai 10.4.<\/h2>\n<\/div>\n<p><strong>11:00 TALLENNE: Kamala luonto: Vinkkej\u00e4 sarjakuvan tekoon<\/strong><\/p>\n<p><span style=\"font-weight: 400;\"><div class=\"show_more\"><p class=\"wpsm-show\" style=\"color: #cc0000; font-size: 100%; text-align: left;\"> lis\u00e4\u00e4\/more<\/p><div class=\"wpsm-content\"><\/span><\/p>\n<p><span style=\"font-weight: 400;\">Kamala luonto -sarjakuvan tekij\u00e4t Jarkko Vehni\u00e4inen ja Marja Lappalainen antavat vinkkej\u00e4 sarjakuvan tekoon. Videota saa k\u00e4ytt\u00e4\u00e4 ei-kaupallisessa opetuksessa.<br \/><\/span><em><span style=\"font-weight: 400;\">Linkki: <\/span><span style=\"font-weight: 400;\"><a href=\"\nhttps:\/\/www.youtube.com\/watch?v=rtaK2AEENg4\"\n target=\"_blank\" rel=\"noopener noreferrer\">https:\/\/www.youtube.com\/watch?v=rtaK2AEENg4<\/a>&nbsp;<\/span><\/em><\/p>\n<p> <p class=\"wpsm-hide\" style=\"color: #cc0000; font-size: 100%; text-align: left;\"> piilota\/hide<\/p><\/div><\/div><\/p>\n<p><strong>11:10 TALLENNE: Sarjakuvapaja &#8211; Sarjakuvan perusteet<\/strong><\/p>\n<p><span style=\"font-weight: 400;\"><div class=\"show_more\"><p class=\"wpsm-show\" style=\"color: #cc0000; font-size: 100%; text-align: left;\"> lis\u00e4\u00e4\/more<\/p><div class=\"wpsm-content\"><\/span><\/p>\n<p><span style=\"font-weight: 400;\">Oulun Sarjakuvakeskuksen toteuttamaan sarjakuvapajaan voi jokainen vapaasti osallistua ja sukeltaa sarjakuvan maailmaan. Sarjakuvan perusteet -sarjakuvapaja on suunnattu kaikille, jotka haluavat inspiroitua kuvia ja sanoja yhdist\u00e4v\u00e4\u00e4n taiteeseen.<\/span><\/p>\n<p><span style=\"font-weight: 400;\">J\u00e4rjest\u00e4j\u00e4: Oulun Sarjakuvakeskus<br \/><\/span><em><span style=\"font-weight: 400;\">Linkki:&nbsp;<a href=\"https:\/\/www.youtube.com\/watch?v=S8CvboWY3kU\" target=\"_blank\" rel=\"noopener noreferrer\">https:\/\/www.youtube.com\/watch?v=S8CvboWY3kU<\/a><\/span><span style=\"font-weight: 400;\">&nbsp;ja <\/span><span style=\"font-weight: 400;\"><a href=\"http:\/\/www.oulucomics.com\/fi\/paja\/\" target=\"_blank\" rel=\"noopener noreferrer\">http:\/\/www.oulucomics.com\/fi\/paja\/<\/a>&nbsp;<\/span><\/em><\/p>\n<p> <p class=\"wpsm-hide\" style=\"color: #cc0000; font-size: 100%; text-align: left;\"> piilota\/hide<\/p><\/div><\/div><\/p>\n<p><strong>Sarjakuvahaasteen sarjakuvan\u00e4yttelyt<\/strong><\/p>\n<p><span style=\"font-weight: 400;\"><div class=\"show_more\"><p class=\"wpsm-show\" style=\"color: #cc0000; font-size: 100%; text-align: left;\"> lis\u00e4\u00e4\/more<\/p><div class=\"wpsm-content\"><\/span><\/p>\n<p><a href=\"https:\/\/www.instagram.com\/explore\/tags\/sarjakuva1\/\" target=\"_blank\" rel=\"noopener noreferrer\"><b>#sarjakuva1<\/b><\/a><span style=\"font-weight: 400;\"> \u2013 Lasten tekem\u00e4t teokset<br \/><\/span><a href=\"https:\/\/www.instagram.com\/explore\/tags\/sarjakuva2\/\" target=\"_blank\" rel=\"noopener noreferrer\"><b>#sarjakuva2<\/b><\/a><span style=\"font-weight: 400;\"> \u2013 Nuorten taiteilut<br \/><\/span><a href=\"https:\/\/www.instagram.com\/explore\/tags\/sarjakuva3\/\" target=\"_blank\" rel=\"noopener noreferrer\"><b>#sarjakuva3<\/b><\/a><span style=\"font-weight: 400;\"> \u2013 Aikuisten kuvitetut tarinat<\/span><\/p>\n<p> <p class=\"wpsm-hide\" style=\"color: #cc0000; font-size: 100%; text-align: left;\"> piilota\/hide<\/p><\/div><\/div><\/p>\n<p><strong>12:00 TALLENNE: Sarjakuvailmaisun oppitunteja<\/strong><\/p>\n<p><span style=\"font-weight: 400;\"><div class=\"show_more\"><p class=\"wpsm-show\" style=\"color: #cc0000; font-size: 100%; text-align: left;\"> lis\u00e4\u00e4\/more<\/p><div class=\"wpsm-content\"><\/span><\/p>\n<p><span style=\"font-weight: 400;\">Sarjakuvakeskuksen Sarjakuvailmaisun kev\u00e4\u00e4n et\u00e4tunnit n\u00e4ht\u00e4v\u00e4n\u00e4 kaikille. Kolme et\u00e4tuntia k\u00e4sittelev\u00e4t tunteita, kehollisuutta ja esineiden kuvaamista sarjakuvissa. Opettajana toimii Jesse Matilainen. Tunnit ovat osa Sarjakuvailmaisun opetusta. Kurssi starttaa taas uusilla jutuilla syksyll\u00e4!<\/span><\/p>\n<p><span style=\"font-weight: 400;\">J\u00e4rjest\u00e4j\u00e4: Jesse Matilainen ja Sarjakuvakeskus, Helsinki<br \/><\/span><em><span style=\"font-weight: 400;\">Linkki: <\/span><span style=\"font-weight: 400;\"><a href=\"\nhttps:\/\/www.youtube.com\/playlist?list=PLF7aHSFFrxd9yeH-0XKgiAw8zs0kQFEGi\"\n target=\"_blank\" rel=\"noopener noreferrer\">https:\/\/www.youtube.com\/playlist?list=PLF7aHSFFrxd9yeH-0XKgiAw8zs0kQFEGi<\/a>&nbsp;<\/span><span style=\"font-weight: 400;\">&nbsp;<\/span><\/em><\/p>\n<p><span style=\"font-weight: 400;\">Saatavuustiedot: https:\/\/sarjakuvakeskus.fi\/kurssit<\/span><\/p>\n<p> <p class=\"wpsm-hide\" style=\"color: #cc0000; font-size: 100%; text-align: left;\"> piilota\/hide<\/p><\/div><\/div><\/p>\n<p><strong>13:00 LIVE: Pupu-live krokii<\/strong><\/p>\n<p><span style=\"font-weight: 400;\"><div class=\"show_more\"><p class=\"wpsm-show\" style=\"color: #cc0000; font-size: 100%; text-align: left;\"> lis\u00e4\u00e4\/more<\/p><div class=\"wpsm-content\"><\/span><\/p>\n<p><span style=\"font-weight: 400;\">Limingan Taidekoulu striimaa croquis piirt\u00e4mist\u00e4, mallinaan ihan oikea pupu. Opettajat Tessa Astre ja Mikko Jylh\u00e4 ohjeistavat krokin, eli nopean luonnosmaisen piirroksen tekemiseen.<\/span><\/p>\n<p><span style=\"font-weight: 400;\">J\u00e4rjest\u00e4j\u00e4: Limingan Taidekoulu, Sarjakuvalinja \/ Tessa Astre ja Mikko Jylh\u00e4<br \/><\/span><i><span style=\"font-weight: 400;\">Linkki: <\/span><\/i><i><span style=\"font-weight: 400;\"><a href=\"https:\/\/www.instagram.com\/limingantaidekoulu\/?hl=fi\" target=\"_blank\" rel=\"noopener noreferrer\">https:\/\/www.instagram.com\/limingantaidekoulu\/?hl=fi<\/a>&nbsp;<\/span><\/i><\/p>\n<p> <p class=\"wpsm-hide\" style=\"color: #cc0000; font-size: 100%; text-align: left;\"> piilota\/hide<\/p><\/div><\/div><\/p>\n<p><strong>15:00 Tallenne: Ylen Uutisluokan sarjakuvan lukutreenit<\/strong><\/p>\n<p><span style=\"font-weight: 400;\"><div class=\"show_more\"><p class=\"wpsm-show\" style=\"color: #cc0000; font-size: 100%; text-align: left;\"> lis\u00e4\u00e4\/more<\/p><div class=\"wpsm-content\"><\/span><\/p>\n<p><span style=\"font-weight: 400;\">Ylen uutisluokassa tutustutaan kirjallisuuden lajiin, jossa tekstin lis\u00e4ksi kuvilla on suuri merkitys. Aluksi sarjakuvia pidettiin vain lastenkirjallisuutena, mutta nyky\u00e4\u00e4n niit\u00e4 lukevat kaikenik\u00e4iset. Sarjakuvasta juttelemassa sarjakuvantekij\u00e4 Tuuli Hyp\u00e9n.<\/span><\/p>\n<p><span style=\"font-weight: 400;\">J\u00e4rjest\u00e4j\u00e4: Yle areena<br \/><\/span><i><span style=\"font-weight: 400;\">Linkki: <\/span><\/i><i><span style=\"font-weight: 400;\"><a href=\"https:\/\/areena.yle.fi\/1-50425993\" target=\"_blank\" rel=\"noopener noreferrer\">https:\/\/areena.yle.fi\/1-50425993<\/a>&nbsp;<\/span><\/i><\/p>\n<p> <p class=\"wpsm-hide\" style=\"color: #cc0000; font-size: 100%; text-align: left;\"> piilota\/hide<\/p><\/div><\/div><\/p>\n<p><strong>16:00 TALLENNE: Sarjakuvasivun anatomia<\/strong><\/p>\n<p><span style=\"font-weight: 400;\"><div class=\"show_more\"><p class=\"wpsm-show\" style=\"color: #cc0000; font-size: 100%; text-align: left;\"> lis\u00e4\u00e4\/more<\/p><div class=\"wpsm-content\"><\/span><\/p>\n<p><span style=\"font-weight: 400;\">Tuomas Myllyl\u00e4 ja Sari Sariola tekev\u00e4t nettisarjakuvansa Fenlandsin sivun alusta loppuun. Videolla tehd\u00e4\u00e4n sivu k\u00e4sikirjoituksesta piirroksen, tussauksen, tekstauksen ja v\u00e4rien kautta valmiiksi sivuksi.&nbsp;<\/span><\/p>\n<p><span style=\"font-weight: 400;\">J\u00e4rjest\u00e4j\u00e4: Tuomas Myllyl\u00e4 ja Sari Sariola<br \/><\/span><i><span style=\"font-weight: 400;\">Linkki: <\/span><\/i><i><span style=\"font-weight: 400;\"><a href=\"http:\/\/www.fenlandscomic.com\/\" target=\"_blank\" rel=\"noopener noreferrer\">http:\/\/www.fenlandscomic.com\/<\/a>&nbsp;<\/span><\/i><i><span style=\"font-weight: 400;\">ja <\/span><\/i><i><span style=\"font-weight: 400;\"><a href=\"https:\/\/www.facebook.com\/fenlandscomic\" target=\"_blank\" rel=\"noopener noreferrer\">https:\/\/www.facebook.com\/fenlandscomic<\/a>&nbsp;<\/span><\/i><i><span style=\"font-weight: 400;\"><br \/><\/span><\/i><span style=\"font-weight: 400;\">Saatavuustiedot: <\/span><i><span style=\"font-weight: 400;\"><a href=\"http:\/\/www.fenlandscomic.com\/\" target=\"_blank\" rel=\"noopener noreferrer\">http:\/\/www.fenlandscomic.com\/<\/a>&nbsp;<\/span><\/i><\/p>\n<p> <p class=\"wpsm-hide\" style=\"color: #cc0000; font-size: 100%; text-align: left;\"> piilota\/hide<\/p><\/div><\/div><\/p>\n<p><strong>17:00 TALLENNE Reima M\u00e4kinen &#8211; Mannerheim-sarjakuvaa tekem\u00e4ss\u00e4<\/strong><\/p>\n<div class=\"show_more\"><p class=\"wpsm-show\" style=\"color: #cc0000; font-size: 100%; text-align: left;\"> lis\u00e4\u00e4\/more<\/p><div class=\"wpsm-content\"><\/p>\n<p>Vlogisarja sarjakuva-albumin tekemisest\u00e4, kustantamisesta ja markkinoimisesta vuosina 2009-2019. TOIM. HUOM. M\u00e4kinen sanoi tuotannolle, ett\u00e4 valitkaa vapaasti festivaalilla esitett\u00e4v\u00e4 video. Totesimme, ett\u00e4 videoita on paljon ja p\u00e4\u00e4timme nostaa esille yhden soittolistan.<br \/>J\u00e4rjest\u00e4j\u00e4: Reima M\u00e4kinen<br \/>Linkki:&nbsp;<a href=\"https:\/\/www.youtube.com\/playlist?list=PLVs48SHVcboKvcvyj5L1KoiT06grs42wE\" target=\"_blank\" rel=\"noopener noreferrer\">https:\/\/www.youtube.com\/playlist?list=PLVs48SHVcboKvcvyj5L1KoiT06grs42wE<\/a><br \/>Saatavuustiedot:<\/p>\n<p> <p class=\"wpsm-hide\" style=\"color: #cc0000; font-size: 100%; text-align: left;\"> piilota\/hide<\/p><\/div><\/div>\n<p><strong>Vastarannan Siilin ajanvietesivu<\/strong><\/p>\n<p><span style=\"font-weight: 400;\"><div class=\"show_more\"><p class=\"wpsm-show\" style=\"color: #cc0000; font-size: 100%; text-align: left;\"> lis\u00e4\u00e4\/more<\/p><div class=\"wpsm-content\"><\/span><\/p>\n<p><span style=\"font-weight: 400;\">Vastarannan Siili joutui Siiliveljens\u00e4 kanssa koronaviruksen vuoksi j\u00e4\u00e4m\u00e4\u00e4n perheens\u00e4 kanssa kotiin ja hetkess\u00e4 he huomasivat, ett\u00e4 aika k\u00e4y toisinaan pitk\u00e4ksi. Samalla sohvalla aikaansa kuluttava sarjakuvantekij\u00e4 Harri Filppa p\u00e4\u00e4tti, ett\u00e4 jotain on nyt teht\u00e4v\u00e4, koska televisiosta loppuu jo n\u00e4ht\u00e4v\u00e4!<\/span><\/p>\n<p><span style=\"font-weight: 400;\">J\u00e4rjest\u00e4j\u00e4: Vastarannan Siili ja Harri Filppa<br \/><\/span><i><span style=\"font-weight: 400;\">Linkki: <\/span><\/i><i><span style=\"font-weight: 400;\"><a href=\"http:\/\/filppa.com\/siili\/ajanvietetta\/\" target=\"_blank\" rel=\"noopener noreferrer\">http:\/\/filppa.com\/siili\/ajanvietetta\/<\/a>&nbsp;<\/span><\/i><i><span style=\"font-weight: 400;\"><br \/><\/span><\/i><span style=\"font-weight: 400;\">Saatavauustiedot: <\/span><span style=\"font-weight: 400;\"><a href=\"https:\/\/www.sarjakuvakauppa.fi\/catalogsearch\/result\/?q=vastarannan+siili\" target=\"_blank\" rel=\"noopener noreferrer\">https:\/\/www.sarjakuvakauppa.fi\/catalogsearch\/result\/?q=vastarannan+siili<\/a>&nbsp;<\/span><\/p>\n<p><i><\/i> <p class=\"wpsm-hide\" style=\"color: #cc0000; font-size: 100%; text-align: left;\"> piilota\/hide<\/p><\/div><\/div><\/p>\n<h2>Lauantai&nbsp;11.4.<\/h2>\n<p><strong>N\u00e4yttely: Ahava &#8211; Ensimm\u00e4inen lippu<\/strong><\/p>\n<p><span style=\"font-weight: 400;\"><div class=\"show_more\"><p class=\"wpsm-show\" style=\"color: #cc0000; font-size: 100%; text-align: left;\"> lis\u00e4\u00e4\/more<\/p><div class=\"wpsm-content\"><\/span><\/p>\n<p><span style=\"font-weight: 400;\">N\u00e4ytesivuja Matti-Pekka Heikuran ja Veli-Matti Uralin tulevasta tositapahtumiin perustuvasta sarjakuvaromaanista &#8220;Ahava &#8211; Ensimm\u00e4inen lippu&#8221;<\/span><\/p>\n<p><span style=\"font-weight: 400;\">J\u00e4rjest\u00e4j\u00e4t: Veli-Matti Ural ja Matti-Pekka Heikura<br \/><\/span><i><span style=\"font-weight: 400;\">Linkki: <\/span><\/i><i><span style=\"font-weight: 400;\"><a href=\"https:\/\/issuu.com\/velimatti.ural\/docs\/ahava_prologi\" target=\"_blank\" rel=\"noopener noreferrer\">https:\/\/issuu.com\/velimatti.ural\/docs\/ahava_prologi<\/a>&nbsp;<\/span><\/i><\/p>\n<p> <p class=\"wpsm-hide\" style=\"color: #cc0000; font-size: 100%; text-align: left;\"> piilota\/hide<\/p><\/div><\/div><\/p>\n<p><strong>N\u00e4yttely:&nbsp;16 &#8211; Ei-kenenk\u00e4\u00e4n aika<\/strong><\/p>\n<p><span style=\"font-weight: 400;\"><div class=\"show_more\"><p class=\"wpsm-show\" style=\"color: #cc0000; font-size: 100%; text-align: left;\"> lis\u00e4\u00e4\/more<\/p><div class=\"wpsm-content\"><\/span><\/p>\n<div class=\"freebirdFormviewerViewItemsTextTextItemContainer\">\n<div class=\"freebirdFormviewerViewItemsTextLongText freebirdFormviewerViewItemsTextDisabledText freebirdThemedInput\">Tulen, j\u00e4\u00e4n ja kermatoffeen makuinen kuvitustarina aikakaudesta, joka ei kuulunut kenellek\u00e4\u00e4n ja jolloin ei kuulunut kenellek\u00e4\u00e4n.<\/div>\n<div class=\"freebirdFormviewerViewItemsTextLongText freebirdFormviewerViewItemsTextDisabledText freebirdThemedInput\">J\u00e4rjest\u00e4j\u00e4t:&nbsp;Riika Ruottinen<\/div>\n<\/div>\n<p><i><span style=\"font-weight: 400;\">Linkki:&nbsp;<a href=\"https:\/\/issuu.com\/riika.ruottinen\/docs\/16_viiminen\/s\/10423629\" target=\"_blank\" rel=\"noopener noreferrer\">https:\/\/issuu.com\/riika.ruottinen\/docs\/16_viiminen\/s\/10423629<br \/><\/a>Saatavuustiedot: <a href=\"http:\/\/www.sarjakuvakauppa.fi\/\" target=\"_blank\" rel=\"noopener noreferrer\">http:\/\/www.sarjakuvakauppa.fi\/<\/a><\/span><\/i><\/p>\n<p> <p class=\"wpsm-hide\" style=\"color: #cc0000; font-size: 100%; text-align: left;\"> piilota\/hide<\/p><\/div><\/div><\/p>\n<p><strong>N\u00e4yttely:&nbsp;Porno sijainen &#8211; hetkitt\u00e4in<\/strong><\/p>\n<p><span style=\"font-weight: 400;\"><div class=\"show_more\"><p class=\"wpsm-show\" style=\"color: #cc0000; font-size: 100%; text-align: left;\"> lis\u00e4\u00e4\/more<\/p><div class=\"wpsm-content\"><\/span><\/p>\n<div class=\"freebirdFormviewerViewItemsTextTextItemContainer\">\n<div class=\"freebirdFormviewerViewItemsTextLongText freebirdFormviewerViewItemsTextDisabledText freebirdThemedInput\">\n<div class=\"freebirdFormviewerViewItemsTextTextItemContainer\">\n<div class=\"freebirdFormviewerViewItemsTextLongText freebirdFormviewerViewItemsTextDisabledText freebirdThemedInput\">Kuvia ja kuvatuksia Porno sijaisen vaihtelevista el\u00e4m\u00e4nviivoista. Mukana my\u00f6s kirjan syntyvaiheisiin liittyvi\u00e4 hetki\u00e4.<\/div>\n<\/div>\n<\/div>\n<div class=\"freebirdFormviewerViewItemsTextLongText freebirdFormviewerViewItemsTextDisabledText freebirdThemedInput\">J\u00e4rjest\u00e4j\u00e4t:&nbsp;Riika Ruottinen<\/div>\n<\/div>\n<p><i><span style=\"font-weight: 400;\">Linkki:&nbsp;<a href=\"https:\/\/www.instagram.com\/explore\/tags\/pornosijainen\/\" target=\"_blank\" rel=\"noopener noreferrer\">https:\/\/www.instagram.com\/explore\/tags\/pornosijainen\/<\/a><a href=\"https:\/\/issuu.com\/riika.ruottinen\/docs\/16_viiminen\/s\/10423629\" target=\"_blank\" rel=\"noopener noreferrer\"><br \/><\/a>Saatavuustiedot:&nbsp;<a href=\"http:\/\/www.sarjakuvakauppa.fi\/\" target=\"_blank\" rel=\"noopener noreferrer\">http:\/\/www.sarjakuvakauppa.fi\/<\/a><\/span><\/i><\/p>\n<p> <p class=\"wpsm-hide\" style=\"color: #cc0000; font-size: 100%; text-align: left;\"> piilota\/hide<\/p><\/div><\/div><\/p>\n<p><strong>10:00 TALLENNE: KirjastoLive: Vieraana Lauri Ahtinen<\/strong><\/p>\n<div class=\"show_more\"><p class=\"wpsm-show\" style=\"color: #cc0000; font-size: 100%; text-align: left;\"> lis\u00e4\u00e4\/more<\/p><div class=\"wpsm-content\"><\/p>\n<div class=\"freebirdFormviewerViewItemsTextTextItemContainer\">\n<div class=\"freebirdFormviewerViewItemsTextLongText freebirdFormviewerViewItemsTextDisabledText freebirdThemedInput\">Oulun kaupunginkirjaston KirjastoLive joka arkip\u00e4iv\u00e4 klo 12.00. KirjastoLiven ensimm\u00e4inen vieras oli oululainen sarjakuvataiteilija Lauri Ahtinen!<\/div>\n<div class=\"freebirdFormviewerViewItemsTextLongText freebirdFormviewerViewItemsTextDisabledText freebirdThemedInput\">J\u00e4rjest\u00e4j\u00e4t:&nbsp;Sarjasto \/ Oulun kaupunginkirjasto<\/div>\n<\/div>\n<p><i><span style=\"font-weight: 400;\">Linkki:&nbsp;<a href=\"https:\/\/www.youtube.com\/watch?v=Kf7wXj62-fE\" target=\"_blank\" rel=\"noopener noreferrer\">https:\/\/www.youtube.com\/watch?v=Kf7wXj62-fE<\/a><a href=\"https:\/\/issuu.com\/riika.ruottinen\/docs\/16_viiminen\/s\/10423629\" target=\"_blank\" rel=\"noopener noreferrer\"><br \/><\/a>Saatavuustiedot:&nbsp;<a href=\"http:\/\/www.sarjakuvakauppa.fi\/\" target=\"_blank\" rel=\"noopener noreferrer\">http:\/\/www.sarjakuvakauppa.fi\/<\/a><\/span><\/i><\/p>\n<p> <p class=\"wpsm-hide\" style=\"color: #cc0000; font-size: 100%; text-align: left;\"> piilota\/hide<\/p><\/div><\/div>\n<p><strong>11:15 TALLENNE: SarjakuvaTV:n Smurffi-spesiaali, vieraana Heikki Kaukoranta<\/strong><\/p>\n<p><span style=\"font-weight: 400;\"><div class=\"show_more\"><p class=\"wpsm-show\" style=\"color: #cc0000; font-size: 100%; text-align: left;\"> lis\u00e4\u00e4\/more<\/p><div class=\"wpsm-content\"><\/span><\/p>\n<p><span style=\"font-weight: 400;\">Sarjakuva-tv:n toimittajat Retsi ja Tertsi keskustelevat mm. Otavan Smurffi-integraalista yhdess\u00e4 Heikki Kaukorannan kanssa.&nbsp;<\/span><\/p>\n<p><span style=\"font-weight: 400;\">J\u00e4rjest\u00e4j\u00e4: Sarjakuvatelevisio<br \/><\/span><i><span style=\"font-weight: 400;\">Linkki:&nbsp;<a href=\"\nhttps:\/\/youtu.be\/wkybbCHgLLY\"\n target=\"_blank\" rel=\"noopener noreferrer\">https:\/\/youtu.be\/wkybbCHgLLY<\/a><\/span><\/i><\/p>\n<p> <p class=\"wpsm-hide\" style=\"color: #cc0000; font-size: 100%; text-align: left;\"> piilota\/hide<\/p><\/div><\/div><\/p>\n<p><strong>12:00 LIVE: Viraalisarjakuvafestivaalin puheenvuoro<\/strong><\/p>\n<p><span style=\"font-weight: 400;\"><div class=\"show_more\"><p class=\"wpsm-show\" style=\"color: #cc0000; font-size: 100%; text-align: left;\"> lis\u00e4\u00e4\/more<\/p><div class=\"wpsm-content\"><\/span><\/p>\n<p><span style=\"font-weight: 400;\">Viraalisarjakuvafestivaalin puolesta ohjelma alkaa Oulun Sarjakuvakeskuksen toiminnanjohtajan puheenvuorolla.<\/span><\/p>\n<p><i><span style=\"font-weight: 400;\">Linkki: <\/span><\/i><i><span style=\"font-weight: 400;\"><a href=\"https:\/\/www.youtube.com\/watch?v=a_zLvktZxew\" target=\"_blank\" rel=\"noopener noreferrer\">https:\/\/www.youtube.com\/watch?v=a_zLvktZxew<\/a>&nbsp;<\/span><\/i><\/p>\n<p> <p class=\"wpsm-hide\" style=\"color: #cc0000; font-size: 100%; text-align: left;\"> piilota\/hide<\/p><\/div><\/div><\/p>\n<p><strong>12:15 LIVE: FUgrics &#8211; sarjakuvia suomalais-ugrilaisesta maailmasta-kirjan esittely<\/strong><\/p>\n<p><span style=\"font-weight: 400;\"><div class=\"show_more\"><p class=\"wpsm-show\" style=\"color: #cc0000; font-size: 100%; text-align: left;\"> lis\u00e4\u00e4\/more<\/p><div class=\"wpsm-content\"><\/span><\/p>\n<p><span style=\"font-weight: 400;\">Tuore FUgrics-kirja on kokoelma suomalais-ugrilaisten v\u00e4hemmist\u00f6kielten puhujien sarjakuvia Ven\u00e4j\u00e4lt\u00e4, Suomesta, Norjasta ja Virosta. Kirja on osa El\u00e4v\u00e4 kieli -yhteis\u00f6taideprojektia, jonka tarkoituksena on tukea uhanalaisia kieli\u00e4 sarjakuvan avulla. Sarjakuvien tekij\u00e4t ovat toimittajia, opettajia, kirjastojen, p\u00e4iv\u00e4kotien ja museoiden ty\u00f6ntekij\u00f6it\u00e4, kulttuuritoimijoita ja j\u00e4rjest\u00f6aktiiveja. Kirjan sarjakuvista rakentuu kiehtova kuva pienten kieliryhmien historiasta, perinteist\u00e4 ja nykyp\u00e4iv\u00e4st\u00e4 valtakulttuurin puristuksessa. Projektin vet\u00e4j\u00e4t Sanna Hukkanen ja Anna Voronkova kertovat kirjasta fb-livestreamin kautta.<\/span><\/p>\n<p><span style=\"font-weight: 400;\">J\u00e4rjest\u00e4j\u00e4t: El\u00e4v\u00e4 kieli-projekti, Sanna Hukkanen ja Anna Voronkova<br \/><\/span><i><span style=\"font-weight: 400;\">Linkki: <\/span><\/i><i><span style=\"font-weight: 400;\"><a href=\"https:\/\/www.facebook.com\/finnougriccomics\/\" target=\"_blank\" rel=\"noopener noreferrer\">https:\/\/www.facebook.com\/finnougriccomics\/<\/a><br \/><\/span><\/i><span style=\"font-weight: 400;\">Saatavuustiedot: <a href=\"https:\/\/www.rauhanpuolustajat.org\/kirja\/fugrics-sarjakuvia-suomalais-ugrilaisesta-maailmasta\/\" target=\"_blank\" rel=\"noopener noreferrer\">https:\/\/www.rauhanpuolustajat.org\/kirja\/fugrics-sarjakuvia-suomalais-ugrilaisesta-maailmasta\/<\/a>&nbsp;<\/span><\/p>\n<p> <p class=\"wpsm-hide\" style=\"color: #cc0000; font-size: 100%; text-align: left;\"> piilota\/hide<\/p><\/div><\/div><\/p>\n<p><strong>13:00 LIVE: Mari Ahokoivu: Sound OFF<\/strong><\/p>\n<p><span style=\"font-weight: 400;\"><div class=\"show_more\"><p class=\"wpsm-show\" style=\"color: #cc0000; font-size: 100%; text-align: left;\"> lis\u00e4\u00e4\/more<\/p><div class=\"wpsm-content\"><\/span><\/p>\n<p><span style=\"font-weight: 400;\">Sarjakuvataiteilija Mari Ahokoivu kertoo uusimmasta verkkosarjakuvastaan Sound OFF:ista ja vastailee kysymyksiin sarjakuvataiteilijan ty\u00f6st\u00e4. Kysymyksi\u00e4 voi l\u00e4hett\u00e4\u00e4 etuk\u00e4teen IG:n kautta tai s\u00e4hk\u00f6postilla mari.ahokoivu@gmail.com. Mari Ahokoivu on oululaisl\u00e4ht\u00f6inen sarjakuvataiteilija ja kuvittaja. H\u00e4net tunnetaan parhaiten sarjakuvaromaaneista Oksi (2018) ja L\u00f6yd\u00e4 minut t\u00e4st\u00e4 kaupungista (2009). H\u00e4nen uusin verkkosarjakuvansa Sound OFF kertoo pienest\u00e4 pallokalasta joka k\u00e4rsii misofoniasta.<\/span><\/p>\n<p><span style=\"font-weight: 400;\">J\u00e4rjest\u00e4j\u00e4: Mari Ahokoivu<br \/><\/span><i><span style=\"font-weight: 400;\">Linkki: <\/span><\/i><i><span style=\"font-weight: 400;\"><a href=\"http:\/\/instagram.com\/ahokoivu\" target=\"_blank\" rel=\"noopener noreferrer\">http:\/\/instagram.com\/ahokoivu<\/a>&nbsp;<\/span><\/i><\/p>\n<p><span style=\"font-weight: 400;\">Saatavuustiedot: <\/span><span style=\"font-weight: 400;\"><a href=\"http:\/\/instagram.com\/soundoffcomic\" target=\"_blank\" rel=\"noopener noreferrer\">http:\/\/instagram.com\/soundoffcomic<\/a><\/span><span style=\"font-weight: 400;\">, <\/span><span style=\"font-weight: 400;\"><a href=\"https:\/\/tapas.io\/series\/Sound-OFF\" target=\"_blank\" rel=\"noopener noreferrer\">https:\/\/tapas.io\/series\/Sound-OFF<\/a><\/span><span style=\"font-weight: 400;\">, <\/span><span style=\"font-weight: 400;\"><a href=\"https:\/\/www.facebook.com\/soundoffcomic\" target=\"_blank\" rel=\"noopener noreferrer\">https:\/\/www.facebook.com\/soundoffcomic<\/a>&nbsp;<\/span><span style=\"font-weight: 400;\">ja&nbsp; <\/span><span style=\"font-weight: 400;\"><a href=\"https:\/\/www.webtoons.com\/en\/challenge\/sound-off\/list?title_no=382528\" target=\"_blank\" rel=\"noopener noreferrer\">https:\/\/www.webtoons.com\/en\/challenge\/sound-off\/list?title_no=382528<\/a>&nbsp;<\/span><\/p>\n<p> <p class=\"wpsm-hide\" style=\"color: #cc0000; font-size: 100%; text-align: left;\"> piilota\/hide<\/p><\/div><\/div><\/p>\n<p><strong>13:30 TALLENNE: WordPress-sivu sarjakuvalle: esittelyss\u00e4 Webcomic ja Toocheke<\/strong><\/p>\n<p><span style=\"font-weight: 400;\"><div class=\"show_more\"><p class=\"wpsm-show\" style=\"color: #cc0000; font-size: 100%; text-align: left;\"> lis\u00e4\u00e4\/more<\/p><div class=\"wpsm-content\"><\/span><\/p>\n<p><span style=\"font-weight: 400;\">Verkkosarjakuvan julkaisemiseen on nyky\u00e4\u00e4n monia erinomaisia vaihtoehtoja Webtoonista Instagramiin, mutta oma verkkosivu toimii edelleen vakaana tukikohtana julkaisemallesi materiaalille. WordPress-pohjainen sivusto on helppo luoda, mutta miten tehd\u00e4 siit\u00e4 k\u00e4ytt\u00e4j\u00e4yst\u00e4v\u00e4llinen sarjakuvien lukemisen kannalta? Katariina Lappi kertoo omista kokemuksistaan sarjakuvaverkkosivun luomisesta harrastelijapohjalta. Videolla esitell\u00e4\u00e4n yleisluontoisesti Webcomic-lis\u00e4osan sek\u00e4 Toocheke-sivupohjan ja Toocheke Companion -lis\u00e4osan pohjalta luodut verkkosivut ja niiden k\u00e4ytt\u00f6.<\/span><\/p>\n<p><span style=\"font-weight: 400;\">J\u00e4rjest\u00e4j\u00e4: Katariina Lappi, Sumea haku -sarjakuvan piirt\u00e4j\u00e4 ja k\u00e4sikirjoittaja<br \/><\/span><i><span style=\"font-weight: 400;\">Linkki: <\/span><\/i><i><span style=\"font-weight: 400;\"><a href=\"https:\/\/www.sumeahaku.fi\/muualla-nahtya\/\" target=\"_blank\" rel=\"noopener noreferrer\">https:\/\/www.sumeahaku.fi\/muualla-nahtya\/<\/a><br \/><\/span><\/i><span style=\"font-weight: 400;\">Teoksen saatavuus: <\/span><span style=\"font-weight: 400;\"><a href=\"https:\/\/www.sumeahaku.fi\/osta-kirja\/\" target=\"_blank\" rel=\"noopener noreferrer\">https:\/\/www.sumeahaku.fi\/osta-kirja\/<\/a>&nbsp;<\/span><\/p>\n<p> <p class=\"wpsm-hide\" style=\"color: #cc0000; font-size: 100%; text-align: left;\"> piilota\/hide<\/p><\/div><\/div><\/p>\n<p><strong>14:00 LIVE: Emmi Valve &amp; Apila Pepita ja omael\u00e4m\u00e4kerrallinen sarjakuva<\/strong><\/p>\n<p><span style=\"font-weight: 400;\"><div class=\"show_more\"><p class=\"wpsm-show\" style=\"color: #cc0000; font-size: 100%; text-align: left;\"> lis\u00e4\u00e4\/more<\/p><div class=\"wpsm-content\"><\/span><\/p>\n<p><span style=\"font-weight: 400;\">Sarjakuvataiteilijat Emmi Valve ja Apila Pepita puhuvat omael\u00e4m\u00e4kerrallisen sarjakuvan tekemisest\u00e4. Miksi kertoa omasta el\u00e4m\u00e4st\u00e4, mit\u00e4 j\u00e4tet\u00e4\u00e4n kertomatta, mist\u00e4 l\u00f6ytyy draaman kaari? Vastauksia n\u00e4ihin ja moniin muihin kysymyksiin.<\/span><\/p>\n<p><span style=\"font-weight: 400;\">J\u00e4rjest\u00e4j\u00e4t: Emmi Valve ja Apila Pepita<br \/><\/span><span style=\"font-weight: 400;\"><em>Linkki: <a href=\"https:\/\/www.facebook.com\/FeministinenSarjakuvatoiminta\/\" target=\"_blank\" rel=\"noopener noreferrer\">https:\/\/www.facebook.com\/FeministinenSarjakuvatoiminta\/<\/a><\/em><br \/><\/span><span style=\"font-weight: 400;\">Saavatuustiedot: <\/span><span style=\"font-weight: 400;\"><a href=\"https:\/\/www.sarjakuvakauppa.fi\/rikkinaisen-mielen-kuvat.html\" target=\"_blank\" rel=\"noopener noreferrer\">https:\/\/www.sarjakuvakauppa.fi\/rikkinaisen-mielen-kuvat.html<\/a>&nbsp;ja&nbsp;<\/span><span style=\"font-weight: 400;\"><a href=\"https:\/\/www.sarjakuvakauppa.fi\/sit-kun-sun-naama-rajahtaa.html\" target=\"_blank\" rel=\"noopener noreferrer\">https:\/\/www.sarjakuvakauppa.fi\/sit-kun-sun-naama-rajahtaa.html<\/a>&nbsp;<\/span><\/p>\n<p> <p class=\"wpsm-hide\" style=\"color: #cc0000; font-size: 100%; text-align: left;\"> piilota\/hide<\/p><\/div><\/div><\/p>\n<p><strong>15:00 LIVE: Kuutamo ja Muita Kertomuksia &#8211; Tie sarjakuvan syntyyn<\/strong><\/p>\n<p><span style=\"font-weight: 400;\"><div class=\"show_more\"><p class=\"wpsm-show\" style=\"color: #cc0000; font-size: 100%; text-align: left;\"> lis\u00e4\u00e4\/more<\/p><div class=\"wpsm-content\"><\/span><\/p>\n<p><span style=\"font-weight: 400;\">Sarjakuvataiteilija Tuisku Hiltunen kertoo Kuutamo ja Muita kertomuksia sarjakuvan synnyst\u00e4, miten h\u00e4nest\u00e4 tuli sarjakuvapiirt\u00e4j\u00e4 ja vastaa kysymyksiin Instagramiss\u00e4 liven\u00e4.<\/span><\/p>\n<p><span style=\"font-weight: 400;\">J\u00e4rjest\u00e4j\u00e4: sarjakuvataiteilija Tuisku Hiltunen ja Suuri Kurpitsa<br \/><\/span><i><span style=\"font-weight: 400;\">Linkki: <\/span><\/i><i><span style=\"font-weight: 400;\"><a href=\"https:\/\/www.instagram.com\/tuisku_hiltunen\/\" target=\"_blank\" rel=\"noopener noreferrer\">https:\/\/www.instagram.com\/tuisku_hiltunen\/<\/a><\/span><\/i><i><span style=\"font-weight: 400;\"><br \/><\/span><\/i><span style=\"font-weight: 400;\">Saatavuustiedot: <\/span><span style=\"font-weight: 400;\"><a href=\"http:\/\/www.suurikurpitsa.fi\/sarjakuvat\/teos\/kuutamo-ja-muita-kertomuksia\/\" target=\"_blank\" rel=\"noopener noreferrer\">http:\/\/www.suurikurpitsa.fi\/sarjakuvat\/teos\/kuutamo-ja-muita-kertomuksia\/<\/a>&nbsp;<\/span><span style=\"font-weight: 400;\">ja <\/span><span style=\"font-weight: 400;\"><a href=\"https:\/\/www.sarjakuvakauppa.fi\/kuutamo-ja-muita-kertomuksia.html\">https:\/\/www.sarjakuvakauppa.fi\/kuutamo-ja-muita-kertomuksia.html<\/a>&nbsp;<\/span><\/p>\n<p> <p class=\"wpsm-hide\" style=\"color: #cc0000; font-size: 100%; text-align: left;\"> piilota\/hide<\/p><\/div><\/div><\/p>\n<p><strong>16:00 LIVE: Avi Heikkinen &#8211; Kyselytunti&nbsp;<\/strong><\/p>\n<p><span style=\"font-weight: 400;\"><div class=\"show_more\"><p class=\"wpsm-show\" style=\"color: #cc0000; font-size: 100%; text-align: left;\"> lis\u00e4\u00e4\/more<\/p><div class=\"wpsm-content\"><\/span><\/p>\n<p><span style=\"font-weight: 400;\">Kysyk\u00e4\u00e4 mit\u00e4 vaan mist\u00e4 vaan ja Avi vastaa.&nbsp;<\/span><\/p>\n<p><span style=\"font-weight: 400;\">J\u00e4rjest\u00e4j\u00e4: Avi Heikkinen<br \/><\/span><i><span style=\"font-weight: 400;\">Linkki: <\/span><\/i><i><span style=\"font-weight: 400;\"><a href=\"https:\/\/www.instagram.com\/outonaapuri\/\" target=\"_blank\" rel=\"noopener noreferrer\">https:\/\/www.instagram.com\/outonaapuri\/<\/a><br \/><\/span><\/i><span style=\"font-weight: 400;\">Saatavuustiedot: <\/span><span style=\"font-weight: 400;\"><a href=\"https:\/\/aviheikkinen.com\/kauppa\/\" target=\"_blank\" rel=\"noopener noreferrer\">https:\/\/aviheikkinen.com\/kauppa\/<\/a>&nbsp;<\/span><\/p>\n<p> <p class=\"wpsm-hide\" style=\"color: #cc0000; font-size: 100%; text-align: left;\"> piilota\/hide<\/p><\/div><\/div><\/p>\n<p><strong>16:00&nbsp;<\/strong><strong>LIVE: Apila Pepita taiteilijaesittely<\/strong><\/p>\n<div class=\"show_more\"><p class=\"wpsm-show\" style=\"color: #cc0000; font-size: 100%; text-align: left;\"> lis\u00e4\u00e4\/more<\/p><div class=\"wpsm-content\"><\/p>\n<p>Tessa Astre haastattelee Apila Pepitaa. Apila esittelee ty\u00f6huonettaan kotonaan ja kertoo viimeisimmist\u00e4 kuvitus- ja sarjakuvaprojekteistaan. Millaista sarjakuvaromaania Apila nyt ty\u00f6st\u00e4\u00e4? Millaisia kirjoja h\u00e4n on viime aikoina kuvittanut?<\/p>\n<p>J\u00e4rjest\u00e4j\u00e4t: Apila Pepita ja Tessa Astre<br \/><i>Linkki: <\/i><i><a href=\"https:\/\/www.instagram.com\/apilapepita\/\" target=\"_blank\" rel=\"noopener noreferrer\">https:\/\/www.instagram.com\/apilapepita\/<\/a><br \/><\/i>Saatavuustiedot: <a href=\"https:\/\/apilapepita.storenvy.com\/\" target=\"_blank\" rel=\"noopener noreferrer\">https:\/\/apilapepita.storenvy.com\/<\/a><\/p>\n<p> <p class=\"wpsm-hide\" style=\"color: #cc0000; font-size: 100%; text-align: left;\"> piilota\/hide<\/p><\/div><\/div>\n<p><strong>17:00 LIVE-keskustelu: Jesse Matilainen ja Mari Ahokoivu&nbsp;<\/strong><\/p>\n<p><span style=\"font-weight: 400;\"><div class=\"show_more\"><p class=\"wpsm-show\" style=\"color: #cc0000; font-size: 100%; text-align: left;\"> lis\u00e4\u00e4\/more<\/p><div class=\"wpsm-content\"><\/span><\/p>\n<p><span style=\"font-weight: 400;\">Live-keskustelu. Sarjakuvataiteilijat Jesse Matilainen ja Mari Ahokoivu keskustelevat pitkien tarinoiden ja verkkosarjakuvien tekemisest\u00e4 sek\u00e4 siit\u00e4 mik\u00e4 heit\u00e4 inspiroi juuri t\u00e4ll\u00e4 hetkell\u00e4. Samalla katsellaan Matilaisen ja Ahokoivun tekemi\u00e4 piirrosvideoita.&nbsp;<\/span><\/p>\n<p><span style=\"font-weight: 400;\">Mari Ahokoivu on oululaisl\u00e4ht\u00f6inen sarjakuvataiteilija ja kuvittaja. H\u00e4net tunnetaan parhaiten sarjakuvaromaaneista Oksi (2018) ja L\u00f6yd\u00e4 minut t\u00e4st\u00e4 kaupungista (2009). Ahokoivu aloitti sarjakuvabloginsa vuonna 2005 ja onkin yksi ensimm\u00e4isi\u00e4 suomalaisia sarjakuvabloggaajia. H\u00e4nen uusin verkkosarjakuvansa Sound OFF kertoo pienest\u00e4 pallokalasta joka k\u00e4rsii misofoniasta. www.mariahokoivu.com&nbsp;<\/span><\/p>\n<p><span style=\"font-weight: 400;\">Jesse Matilainen on Kuopiosta kotoisin oleva sarjakuvataiteilija. H\u00e4nelt\u00e4 on julkaistu Lohik\u00e4\u00e4rmeen Kaupunki (2014) ja Suomen Suurin Kommunisti (2017). Matilainen aloitti sarjakuvablogaamisen vuonna 2008. H\u00e4n my\u00f6s opettaa sarjakuvailmaisua Sarjakuvakeskuksella. Jesse ty\u00f6st\u00e4\u00e4 t\u00e4ll\u00e4 hetkell\u00e4 historiallista sarjakuvaa L. Onervasta ja Eino Leinosta ja koittaa saada valmiiksi scifisarjista Jupiterin kuista. sarjis.nallem.net<\/span><\/p>\n<p><span style=\"font-weight: 400;\">J\u00e4rjest\u00e4j\u00e4: Mari Ahokoivu ja Jesse Matilainen<br \/><\/span><i><span style=\"font-weight: 400;\">Linkki l\u00e4hetykseen: <\/span><\/i><i><span style=\"font-weight: 400;\"><a href=\"https:\/\/youtu.be\/90lS46xF-PE\" target=\"_blank\" rel=\"noopener noreferrer\">https:\/\/youtu.be\/90lS46xF-PE<\/a><br \/><\/span><\/i><span style=\"font-weight: 400;\">Teoksien saatavuus:<br \/><\/span><span style=\"font-weight: 400;\">Jesse Matilainen Patreon patreon.com\/nallem Suomen suurin kommunisti <\/span><span style=\"font-weight: 400;\"><a href=\"http:\/\/www.suurikurpitsa.fi\/sarjakuvat\/teos\/suomen-suurin-kommunisti\/\" target=\"_blank\" rel=\"noopener noreferrer\">http:\/\/www.suurikurpitsa.fi\/sarjakuvat\/teos\/suomen-suurin-kommunisti\/<\/a><br \/><\/span><span style=\"font-weight: 400;\">OKSI <\/span><span style=\"font-weight: 400;\"><a href=\"https:\/\/www.sarjakuvakauppa.fi\/oksi.html\" target=\"_blank\" rel=\"noopener noreferrer\">https:\/\/www.sarjakuvakauppa.fi\/oksi.html<\/a><br \/><\/span><span style=\"font-weight: 400;\">Sound OFF <\/span><span style=\"font-weight: 400;\"><a href=\"http:\/\/instagram.com\/soundoffcomic\" target=\"_blank\" rel=\"noopener noreferrer\">http:\/\/instagram.com\/soundoffcomic<\/a>&nbsp;<\/span><\/p>\n<p> <p class=\"wpsm-hide\" style=\"color: #cc0000; font-size: 100%; text-align: left;\"> piilota\/hide<\/p><\/div><\/div><\/p>\n<p><strong>18:00 LIVE: Helene \u2013 Maalarin matka, Taina Hakalan lukuesitys<\/strong><\/p>\n<div class=\"show_more\"><p class=\"wpsm-show\" style=\"color: #cc0000; font-size: 100%; text-align: left;\"> lis\u00e4\u00e4\/more<\/p><div class=\"wpsm-content\"><\/p>\n<p>Sarjakuvan lukuesitys (n. 20 min.) kertoo nuoren Helene Schjerfbeckin vaiheista ja naisten taideopinnoista 1880-luvun Pariisissa. Taiteilija Taina Hakalan 2019 valmistuneen zinen lukuesitys nyt suomeksi.<\/p>\n<p>J\u00e4rjest\u00e4j\u00e4: Taina Hakala<br \/><i>Linkki: <\/i><i><a href=\"https:\/\/www.instagram.com\/tainatar\/?hl=en\" target=\"_blank\" rel=\"noopener noreferrer\">https:\/\/www.instagram.com\/tainatar\/?hl=en<\/a>&nbsp;<\/i><\/p>\n<p> <p class=\"wpsm-hide\" style=\"color: #cc0000; font-size: 100%; text-align: left;\"> piilota\/hide<\/p><\/div><\/div>\n<p><strong>18:30 LIVE: Sarjakuvantekij\u00e4 Aapo Kukko puhuu ty\u00f6skentelyst\u00e4\u00e4n&nbsp;<\/strong><\/p>\n<p><span style=\"font-weight: 400;\"><div class=\"show_more\"><p class=\"wpsm-show\" style=\"color: #cc0000; font-size: 100%; text-align: left;\"> lis\u00e4\u00e4\/more<\/p><div class=\"wpsm-content\"><\/span><\/p>\n<p>Sarjakuvantekij\u00e4 Aapo Kukko kertoo ty\u00f6skentelymetodeistaan ja luovan ty\u00f6n koukeroisista mutta palkitsevista hetkist\u00e4.<\/p>\n<p><span style=\"font-weight: 400;\">J\u00e4rjest\u00e4j\u00e4: Aapo Kukko<br \/><\/span><i><span style=\"font-weight: 400;\">Linkki: <a href=\"https:\/\/www.youtube.com\/watch?v=BlbfbpVjDkc\" target=\"_blank\" rel=\"noopener noreferrer\">https:\/\/www.youtube.com\/watch?v=BlbfbpVjDkc<\/a><br \/><\/span><\/i><span style=\"font-weight: 400;\">Teoksien saatavuus: <\/span><span style=\"font-weight: 400;\"><a href=\"https:\/\/www.sarjakuvakauppa.fi\/catalogsearch\/result\/index\/?dir=desc&amp;order=created_at&amp;q=aapo+kukko\" target=\"_blank\" rel=\"noopener noreferrer\">https:\/\/www.sarjakuvakauppa.fi\/catalogsearch\/result\/index\/?dir=desc&amp;order=created_at&amp;q=aapo+kukko<\/a>&nbsp;<\/span><\/p>\n<p> <p class=\"wpsm-hide\" style=\"color: #cc0000; font-size: 100%; text-align: left;\"> piilota\/hide<\/p><\/div><\/div><\/p>\n<p><strong>19:45 Tallenne: Petteri Tikkanen ja Black Peider<\/strong><\/p>\n<p><span style=\"font-weight: 400;\"><div class=\"show_more\"><p class=\"wpsm-show\" style=\"color: #cc0000; font-size: 100%; text-align: left;\"> lis\u00e4\u00e4\/more<\/p><div class=\"wpsm-content\"><\/span><\/p>\n<p><em><span style=\"font-weight: 400;\">Linkki: <\/span><\/em><a href=\"https:\/\/www.youtube.com\/watch?v=4NGCAF0OmFY\" target=\"_blank\" rel=\"noopener noreferrer\"><span style=\"font-weight: 400;\"><em>https:\/\/www.youtube.com\/watch?v=4NGCAF0OmFY&nbsp;<\/em><br \/><\/span><\/a><span style=\"font-weight: 400;\">Saatavuustiedot: <\/span><span style=\"font-weight: 400;\"><a href=\"https:\/\/www.sarjakuvakauppa.fi\/catalogsearch\/result\/?q=petteri+tikkanen\" target=\"_blank\" rel=\"noopener noreferrer\">https:\/\/www.sarjakuvakauppa.fi\/catalogsearch\/result\/?q=petteri+tikkanen<\/a>&nbsp;<\/span><\/p>\n<p> <p class=\"wpsm-hide\" style=\"color: #cc0000; font-size: 100%; text-align: left;\"> piilota\/hide<\/p><\/div><\/div><\/p>\n<p><strong>20:00 LIVE: Mik\u00e4 on sateenkaarisarjakuvaa?<\/strong><\/p>\n<p><span style=\"font-weight: 400;\"><div class=\"show_more\"><p class=\"wpsm-show\" style=\"color: #cc0000; font-size: 100%; text-align: left;\"> lis\u00e4\u00e4\/more<\/p><div class=\"wpsm-content\"><\/span><\/p>\n<p><span style=\"font-weight: 400;\">Kirjastoihimme on ilmestynyt sateenkaarihyllyj\u00e4, sarjakuvantekij\u00f6ist\u00e4mme yh\u00e4 suurempi osa on jollain tavalla seksuaali- tai sukupuoliv\u00e4hemmist\u00f6ihin kuuluvia ja tematiikka n\u00e4kyy kaikessa mediassa yh\u00e4 keskeisemm\u00e4ss\u00e4 osassa. T\u00e4ss\u00e4 kohtaa lieneekin asiallista pys\u00e4hty\u00e4 miettim\u00e4\u00e4n mik\u00e4 erityisesti sateenkaarevaa sarjakuvaa ja mik\u00e4 sivuaa aihetta muuten vain? Onko t\u00e4ll\u00e4 bibliografian ja sarjakuvan arkistoinnin kannalta merkityst\u00e4? Teemasta keskustelemassa itseoikeutettuja sateenkaarisarjakuvantekij\u00f6it\u00e4.<\/span><\/p>\n<p><span style=\"font-weight: 400;\">J\u00e4rjest\u00e4j\u00e4: Pii anttonen<br \/><\/span><i><span style=\"font-weight: 400;\">Linkki l\u00e4hetykseen: <\/span><\/i><i><span style=\"font-weight: 400;\"><a href=\"https:\/\/youtu.be\/cGEMZ4EoD5g\" target=\"_blank\" rel=\"noopener noreferrer\">https:\/\/youtu.be\/cGEMZ4EoD5g<\/a>&nbsp;<\/span><\/i><\/p>\n<p> <p class=\"wpsm-hide\" style=\"color: #cc0000; font-size: 100%; text-align: left;\"> piilota\/hide<\/p><\/div><\/div><\/p>\n<p><strong>21:00 LIVE: Otto V. &amp; Esko Heikkil\u00e4 comic music duo: Todellisuus n\u00e4ytt\u00e4\u00e4 kauniilta concert&nbsp;<\/strong><\/p>\n<p><span style=\"font-weight: 400;\"><div class=\"show_more\"><p class=\"wpsm-show\" style=\"color: #cc0000; font-size: 100%; text-align: left;\"> lis\u00e4\u00e4\/more<\/p><div class=\"wpsm-content\"><\/span><\/p>\n<p>Otto V:n ja Esko Heikkil\u00e4n Todellisuus n\u00e4ytt\u00e4\u00e4 kauniilta -concert on Instagramin kautta j\u00e4rjestett\u00e4v\u00e4 Live-striimaus, jossa yhdistyy musiikki ja visuaalinen taide. Otto esitt\u00e4\u00e4 laulujaan Tampereelta k\u00e4sin ja Esko tuo lauluista syntyv\u00e4n mielikuvan paperille Kouvolassa. Yhdess\u00e4 l\u00e4hetyksess\u00e4 n\u00e4kyy kahden taiteen yhteent\u00f6rm\u00e4ys. Otto V. on tamperelainen muusikko. H\u00e4nen ensimm\u00e4inen soololevyns\u00e4 ilmestyi vuonna 2018 ja uusi ilmestyy t\u00e4n\u00e4 vuonna. Esko Heikkil\u00e4 on Kouvolassa asustava sarjakuvatekij\u00e4. H\u00e4n julkaisee aktiivisesti pienkustannuksia, joista tunnetuin on Hiski -sarjakuvalehti.<\/p>\n<p><span style=\"font-weight: 400;\">J\u00e4rjest\u00e4j\u00e4t: Esko Heikkil\u00e4 ja Otto V.<br \/><\/span><em><span style=\"font-weight: 400;\">Linkki:&nbsp;<\/span><b><a href=\"https:\/\/www.instagram.com\/eskopheikkila\/?hl=en\" target=\"_blank\" rel=\"noopener noreferrer\">https:\/\/www.instagram.com\/eskopheikkila\/?hl=en<br \/><\/a><\/b><\/em>Muut linkit:&nbsp;<b><a href=\"https:\/\/instagram.com\/ottoveenline?igshid=tgnp1cpm9ayn\" target=\"_blank\" rel=\"noopener noreferrer\">https:\/\/instagram.com\/ottoveenline?igshid=tgnp1cpm9ayn<\/a>&nbsp;<\/b><\/p>\n<p> <p class=\"wpsm-hide\" style=\"color: #cc0000; font-size: 100%; text-align: left;\"> piilota\/hide<\/p><\/div><\/div><\/p>\n<h2><b>Sunnuntai 12.4.<\/b><\/h2>\n<p><strong>NETTISARJAKUVA: Rakas Kuolema &#8211; Graafinen novelli<\/strong><\/p>\n<p><span style=\"font-weight: 400;\"><div class=\"show_more\"><p class=\"wpsm-show\" style=\"color: #cc0000; font-size: 100%; text-align: left;\"> lis\u00e4\u00e4\/more<\/p><div class=\"wpsm-content\"><\/span><\/p>\n<p><span style=\"font-weight: 400;\">18-sivuisessa sarjakuvanovellissa v\u00e4synyt underground- sarjakuvataiteilija yritt\u00e4\u00e4 saada uusinta albumiaan valmiiksi, mutta flirttaileva Kuolema, kissa nimelt\u00e4 Pumpuli ja puhuvat pehmolelut tekev\u00e4t ty\u00f6skentelyst\u00e4 jokseenkin mahdotonta. &#8220;Tarinankerronnan ja rytmittelyn mestariteos&#8221; &#8220;Kauniisti piirretty ja mietiskelev\u00e4 tarina&#8221;&nbsp;<\/span><\/p>\n<p><span style=\"font-weight: 400;\">J\u00e4rjest\u00e4j\u00e4: Tiina M. Vanhapelto, omakustanne<br \/><\/span><i><span style=\"font-weight: 400;\">Linkki: <\/span><\/i><i><span style=\"font-weight: 400;\"><a href=\"https:\/\/www.dropbox.com\/s\/is6k0dsuh7iieyv\/sarjakuvalehti.pdf?dl=0\" target=\"_blank\" rel=\"noopener noreferrer\">https:\/\/www.dropbox.com\/s\/is6k0dsuh7iieyv\/sarjakuvalehti.pdf?dl=0<\/a><br \/><\/span><\/i><span style=\"font-weight: 400;\">Saatavuustiedot: <\/span><span style=\"font-weight: 400;\"><a href=\"http:\/\/jukkanousiainen.net\/kauppa\/tuote\/rakas-kuolema-sarjakuvazine\/\" target=\"_blank\" rel=\"noopener noreferrer\">http:\/\/jukkanousiainen.net\/kauppa\/tuote\/rakas-kuolema-sarjakuvazine\/<\/a>&nbsp;<\/span><\/p>\n<p> <p class=\"wpsm-hide\" style=\"color: #cc0000; font-size: 100%; text-align: left;\"> piilota\/hide<\/p><\/div><\/div><\/p>\n<p><strong>9:30 TALLENNE: Piirretty\u00e4 \u00e4\u00e4nt\u00e4 \u2013 musiikki osana sarjakuvaa<\/strong><\/p>\n<p><span style=\"font-weight: 400;\"><div class=\"show_more\"><p class=\"wpsm-show\" style=\"color: #cc0000; font-size: 100%; text-align: left;\"> lis\u00e4\u00e4\/more<\/p><div class=\"wpsm-content\"><\/span><\/p>\n<p><span style=\"font-weight: 400;\">Miten yhdist\u00e4\u00e4 sarjakuva ja musiikki ilmaisumuotoina, kun sarjakuvasta puuttuu \u00e4\u00e4ni ja musiikista puuttuvat kuvat? Monet sarjakuvantekij\u00e4t ovat liitt\u00e4neet musiikkia teoksiinsa niin kuvan kuin tekstin keinoin. Mill\u00e4 tavalla esimerkiksi soitettu musiikki, laulutekstit tai kokemus rokkikeikalta v\u00e4littyv\u00e4t sarjakuvan kautta? Ja miten nykyteknologian tuomat mahdollisuudet n\u00e4kyv\u00e4t sarjakuvissa, vai n\u00e4kyv\u00e4tk\u00f6? Alun perin Tampere Kuplii -tapahtumaan aiottua luentoaihetta pohtimassa ovat Sumea haku -sarjakuvan tekij\u00e4t Katariina ja Ilkka Lappi.<\/span><\/p>\n<p><span style=\"font-weight: 400;\">J\u00e4rjest\u00e4j\u00e4: Lappi &amp; Lappi<br \/><\/span><i><span style=\"font-weight: 400;\">Linkki: <\/span><\/i><i><span style=\"font-weight: 400;\"><a href=\"https:\/\/www.sumeahaku.fi\/muualla-nahtya\/\" target=\"_blank\" rel=\"noopener noreferrer\">https:\/\/www.sumeahaku.fi\/muualla-nahtya\/<\/a>&nbsp;<\/span><\/i><\/p>\n<p> <p class=\"wpsm-hide\" style=\"color: #cc0000; font-size: 100%; text-align: left;\"> piilota\/hide<\/p><\/div><\/div><\/p>\n<p><strong>10:00 TALLENNE: Sarjakuvapaja &#8211; Ruudusta ruutuun<\/strong><\/p>\n<div class=\"show_more\"><p class=\"wpsm-show\" style=\"color: #cc0000; font-size: 100%; text-align: left;\"> lis\u00e4\u00e4\/more<\/p><div class=\"wpsm-content\"><\/p>\n<p>Oulun Sarjakuvakeskuksen toteuttamaan sarjakuvapajaan voi jokainen vapaasti osallistua ja sukeltaa sarjakuvan maailmaan.&nbsp;Ruudusta ruutuun&nbsp;-sarjakuvapaja on suunnattu sarjakuvan perusteista askeleen edenneille harrastajille, jotka haluavat inspiroitua kuvia ja sanoja yhdist\u00e4v\u00e4st\u00e4 taiteesta uudelleen ja uudelleen.<\/p>\n<p>J\u00e4rjest\u00e4j\u00e4: Oulun Sarjakuvakeskus<br \/><em>Linkki:&nbsp;Ilmoitetaan my\u00f6hemmin&#8230;<\/em><\/p>\n<p> <p class=\"wpsm-hide\" style=\"color: #cc0000; font-size: 100%; text-align: left;\"> piilota\/hide<\/p><\/div><\/div>\n<p><strong>11:00 LIVE: Apila Pepita vinkkaa: parhaat uudet pienlehdet<\/strong><\/p>\n<p><span style=\"font-weight: 400;\"><div class=\"show_more\"><p class=\"wpsm-show\" style=\"color: #cc0000; font-size: 100%; text-align: left;\"> lis\u00e4\u00e4\/more<\/p><div class=\"wpsm-content\"><\/span><\/p>\n<p><span style=\"font-weight: 400;\">Apila Pepita vinkkaa suosikki sarjakuva- ja taidepienlehti\u00e4\u00e4n. Esille p\u00e4\u00e4see monenlaisia pientekij\u00f6iden zinej\u00e4. L\u00f6yd\u00e4 uusia kiinnostavia lukuvinkkej\u00e4 Suomen v\u00e4rikk\u00e4\u00e4st\u00e4 zine kulttuurista!<\/span><\/p>\n<p><span style=\"font-weight: 400;\">J\u00e4rjest\u00e4j\u00e4: Apila Pepita<br \/><\/span><i><span style=\"font-weight: 400;\">Linkki: <\/span><\/i><i><span style=\"font-weight: 400;\"><a href=\"https:\/\/www.instagram.com\/apilapepita\/\" target=\"_blank\" rel=\"noopener noreferrer\">https:\/\/www.instagram.com\/apilapepita\/<\/a><br \/><\/span><\/i><span style=\"font-weight: 400;\">Lis\u00e4tietoa: <\/span><span style=\"font-weight: 400;\"><a href=\"https:\/\/linktr.ee\/etacon\" target=\"_blank\" rel=\"noopener noreferrer\">https:\/\/linktr.ee\/etacon<\/a>&nbsp;<\/span><\/p>\n<p> <p class=\"wpsm-hide\" style=\"color: #cc0000; font-size: 100%; text-align: left;\"> piilota\/hide<\/p><\/div><\/div><\/p>\n<p><strong>11:45&nbsp;TALLENNE: Kymppiegee<\/strong><\/p>\n<p><span style=\"font-weight: 400;\"><div class=\"show_more\"><p class=\"wpsm-show\" style=\"color: #cc0000; font-size: 100%; text-align: left;\"> lis\u00e4\u00e4\/more<\/p><div class=\"wpsm-content\"><\/span><\/p>\n<div class=\"freebirdFormviewerViewItemsTextTextItemContainer\">\n<div class=\"freebirdFormviewerViewItemsTextLongText freebirdFormviewerViewItemsTextDisabledText freebirdThemedInput\">Tauri Oksala kertoo Helsinkiin sijoittuvasta Kymppiegee sarjakuva-albumistaan ja tekeill\u00e4 olevasta sarjakuvastaan.<\/div>\n<\/div>\n<p><span style=\"font-weight: 400;\">J\u00e4rjest\u00e4j\u00e4: Tauri Oksala ja Suuri Kurpitsa<\/span><i><span style=\"font-weight: 400;\"><br \/>Linkki: <a href=\"https:\/\/www.facebook.com\/Kymppiegee\/\" target=\"_blank\" rel=\"noopener noreferrer\">https:\/\/www.facebook.com\/Kymppiegee\/<br \/><\/a><\/span><\/i><span style=\"font-weight: 400;\">Saatavuustiedot:&nbsp;<a href=\"http:\/\/www.suurikurpitsa.fi\/sarjakuvat\/teos\/kymppiegee\/\" target=\"_blank\" rel=\"noopener noreferrer\">http:\/\/www.suurikurpitsa.fi\/sarjakuvat\/teos\/kymppiegee\/<\/a> ja <a href=\"https:\/\/www.sarjakuvakauppa.fi\/kymppiegee.html\" target=\"_blank\" rel=\"noopener noreferrer\">https:\/\/www.sarjakuvakauppa.fi\/kymppiegee.html<\/a><br \/><\/span><\/p>\n<p> <p class=\"wpsm-hide\" style=\"color: #cc0000; font-size: 100%; text-align: left;\"> piilota\/hide<\/p><\/div><\/div><\/p>\n<p><strong>Virtuaalinen n\u00e4yttely: Trullit<\/strong><\/p>\n<p><span style=\"font-weight: 400;\"><div class=\"show_more\"><p class=\"wpsm-show\" style=\"color: #cc0000; font-size: 100%; text-align: left;\"> lis\u00e4\u00e4\/more<\/p><div class=\"wpsm-content\"><\/span><\/p>\n<p><span style=\"font-weight: 400;\">Perinnetietoa sarjakuvan keinoin, aiheena vaaralliset Trullit.<\/span><\/p>\n<p><span style=\"font-weight: 400;\">J\u00e4rjest\u00e4j\u00e4: Anni Hyyryl\u00e4inen<br \/><\/span><i><span style=\"font-weight: 400;\">Linkki: <\/span><\/i><i><span style=\"font-weight: 400;\"><a href=\"http:\/\/anninjorinat.blogspot.com\/2018\/\" target=\"_blank\" rel=\"noopener noreferrer\">http:\/\/anninjorinat.blogspot.com\/2018\/<\/a>&nbsp;<\/span><\/i><\/p>\n<p> <p class=\"wpsm-hide\" style=\"color: #cc0000; font-size: 100%; text-align: left;\"> piilota\/hide<\/p><\/div><\/div><\/p>\n<p><strong>12:00 LIVE:&nbsp;Amr Talaat, Cara Bean and Tessa Astre: TALK<\/strong><\/p>\n<p><span style=\"font-weight: 400;\"><div class=\"show_more\"><p class=\"wpsm-show\" style=\"color: #cc0000; font-size: 100%; text-align: left;\"> lis\u00e4\u00e4\/more<\/p><div class=\"wpsm-content\"><\/span><\/p>\n<div class=\"freebirdFormviewerViewItemsTextTextItemContainer\">\n<div class=\"freebirdFormviewerViewItemsTextLongText freebirdFormviewerViewItemsTextDisabledText freebirdThemedInput\">This stream is between Liminka, Cairo and Boston! Liminka School of arts hosted a recidence for comic artist in 2017 and 2018, and our selected guests then, mr. Amr Talaat from Egypt and ms. Cara Bean from Boston US are now telling stuff they&#8217;ve done and inspired since then!<\/div>\n<\/div>\n<p><span style=\"font-weight: 400; text-indent: 0em;\">J\u00e4rjest\u00e4j\u00e4:&nbsp;Tessa Astre, artists and Oulu Comics Center<br \/><em>Suoralinkki LIVEen:&nbsp;<a href=\"https:\/\/www.instagram.com\/limingantaidekoulu\/\" target=\"_blank\" rel=\"noopener noreferrer\">https:\/\/www.instagram.com\/limingantaidekoulu\/<\/a><\/em><br \/><\/span><em>Linkki:&nbsp;<\/em><strong><em><a href=\"https:\/\/www.facebook.com\/limingantaidekoulu\/live\/\" target=\"_blank\" rel=\"noopener noreferrer\">https:\/\/www.facebook.com\/limingantaidekoulu\/live\/<br \/><\/a><\/em><\/strong>Saatavuustiedot: Cara Bean <a href=\"https:\/\/www.carabeancomics.com\/\" target=\"_blank\" rel=\"noopener noreferrer\">https:\/\/www.carabeancomics.com\/<\/a>&nbsp;ja Amr Talaat <a href=\"https:\/\/www.facebook.com\/amr.talaat.127\" target=\"_blank\" rel=\"noopener noreferrer\">https:\/\/www.facebook.com\/amr.talaat.127<\/a><\/p>\n<p> <p class=\"wpsm-hide\" style=\"color: #cc0000; font-size: 100%; text-align: left;\"> piilota\/hide<\/p><\/div><\/div><\/p>\n<p><strong>13:00 Tallenne: FEMSKT piirt\u00e4\u00e4!<\/strong><\/p>\n<p><span style=\"font-weight: 400;\"><div class=\"show_more\"><p class=\"wpsm-show\" style=\"color: #cc0000; font-size: 100%; text-align: left;\"> lis\u00e4\u00e4\/more<\/p><div class=\"wpsm-content\"><\/span><\/p>\n<p><span style=\"font-weight: 400;\">Sarjakuvataiteilijat kertovat suhteestaan feminismiin ja piirt\u00e4v\u00e4t tai esittelev\u00e4t t\u00f6it\u00e4\u00e4n.<\/span><\/p>\n<p><span style=\"font-weight: 400;\">J\u00e4rjest\u00e4j\u00e4: FEMSKT Feministinen Sarjakuvatoiminta toteuttaa Jesse Matilainen<br \/><\/span><em><span style=\"font-weight: 400;\">Linkit: <\/span><span style=\"font-weight: 400;\"><a href=\"https:\/\/www.youtube.com\/channel\/UCkfrc3DVf8rtuDy9qc4LsMg\/\" target=\"_blank\" rel=\"noopener noreferrer\">https:\/\/www.youtube.com\/channel\/UCkfrc3DVf8rtuDy9qc4LsMg\/<\/a>&nbsp;<\/span><span style=\"font-weight: 400;\">ja <\/span><span style=\"font-weight: 400;\"><a href=\"https:\/\/www.facebook.com\/groups\/femicomix\/\" target=\"_blank\" rel=\"noopener noreferrer\">https:\/\/www.facebook.com\/groups\/femicomix\/<\/a>&nbsp;<\/span><\/em><\/p>\n<p> <p class=\"wpsm-hide\" style=\"color: #cc0000; font-size: 100%; text-align: left;\"> piilota\/hide<\/p><\/div><\/div><\/p>\n<p><strong>14:00 LIVE: MILLA T\u00c4TI KERTOO JA KUVITTAA SADUN<\/strong><\/p>\n<div class=\"show_more\"><p class=\"wpsm-show\" style=\"color: #cc0000; font-size: 100%; text-align: left;\"> lis\u00e4\u00e4\/more<\/p><div class=\"wpsm-content\"><\/p>\n<p>Interaktiivinen Kylli-t\u00e4ti-henkinen livekuvitettu sadunkerrontahetki Millamaisella otteella lapsille ja lapsenmielisille. Olkaa valmiina kommentoimaan, miten tarina etenee!<\/p>\n<p>J\u00e4rjest\u00e4j\u00e4: Milla Paloniemi<br \/><i>Linkki: <\/i><i><a href=\"https:\/\/www.facebook.com\/profile.php?id=708563100\" target=\"_blank\" rel=\"noopener noreferrer\">https:\/\/www.facebook.com\/profile.php?id=708563100<\/a>&nbsp;<\/i><i>&nbsp;<\/i><\/p>\n<p> <p class=\"wpsm-hide\" style=\"color: #cc0000; font-size: 100%; text-align: left;\"> piilota\/hide<\/p><\/div><\/div>\n<p><strong>15:00 LIVE: Lukupiiri: Richard Scarryn touhukas maailmankuva<\/strong><\/p>\n<p><span style=\"font-weight: 400;\"><div class=\"show_more\"><p class=\"wpsm-show\" style=\"color: #cc0000; font-size: 100%; text-align: left;\"> lis\u00e4\u00e4\/more<\/p><div class=\"wpsm-content\"><\/span><\/p>\n<p><span style=\"font-weight: 400;\">Lukupiiriss\u00e4 Jarkko Korpua, Matti A. Kemi ja Aapo Kukko keskustelevat lastenkirjoista tunnetun Richard Scarryn tuotannosta. Mit\u00e4 Touhulassa todella tapahtuu? Mink\u00e4lainen maailmankuva Scarryn teoksien kautta v\u00e4littyy?<\/span><\/p>\n<p><span style=\"font-weight: 400;\">J\u00e4rjest\u00e4j\u00e4t: Aapo Kukko, Jarkko Korpua ja Matti A. Kemi<br \/>Yhteisty\u00f6ss\u00e4: Huutomerkki ry<br \/><\/span><i><span style=\"font-weight: 400;\">Linkki:&nbsp;<a href=\"https:\/\/www.youtube.com\/watch?v=IxN7NJzTZaM\" target=\"_blank\" rel=\"noopener noreferrer\">https:\/\/www.youtube.com\/watch?v=IxN7NJzTZaM<\/a><\/span><\/i><\/p>\n<p> <p class=\"wpsm-hide\" style=\"color: #cc0000; font-size: 100%; text-align: left;\"> piilota\/hide<\/p><\/div><\/div><\/p>\n<p><strong>15:00 LIVE: Norppille uusia seikkailuja<\/strong><\/p>\n<p><span style=\"font-weight: 400;\"><div class=\"show_more\"><p class=\"wpsm-show\" style=\"color: #cc0000; font-size: 100%; text-align: left;\"> lis\u00e4\u00e4\/more<\/p><div class=\"wpsm-content\"><\/span><\/p>\n<p><span style=\"font-weight: 400;\">Norppa sarjakuvan piirt\u00e4misest\u00e4<\/span><\/p>\n<p><span style=\"font-weight: 400;\">J\u00e4rjest\u00e4j\u00e4: Anni Hyyryl\u00e4inen<br \/><\/span><i><span style=\"font-weight: 400;\">Linkki: <\/span><\/i><i><span style=\"font-weight: 400;\"><a href=\"https:\/\/www.twitch.tv\/pihallla\" target=\"_blank\" rel=\"noopener noreferrer\">https:\/\/www.twitch.tv\/pihallla<\/a>&nbsp;<\/span><\/i><i><span style=\"font-weight: 400;\">&nbsp;<\/span><\/i><\/p>\n<p> <p class=\"wpsm-hide\" style=\"color: #cc0000; font-size: 100%; text-align: left;\"> piilota\/hide<\/p><\/div><\/div><\/p>\n<p><strong>Virtuaalinen n\u00e4yttely: Norppa Sarjakuva<\/strong><\/p>\n<p><span style=\"font-weight: 400;\"><div class=\"show_more\"><p class=\"wpsm-show\" style=\"color: #cc0000; font-size: 100%; text-align: left;\"> lis\u00e4\u00e4\/more<\/p><div class=\"wpsm-content\"><\/span><\/p>\n<p><span style=\"font-weight: 400;\">Norpat sarjakuvassa kerrotaan lis\u00e4tietoa Saimaassa asuvista letkeist\u00e4 nis\u00e4kk\u00e4ist\u00e4, ja reagointia ajankohtaista asioihin sek\u00e4 ihmisten outoihin juttuihin. Unohtamatta huumoria mit\u00e4 norpat voi aiheuttaa strippi sarjakuvissa.<\/span><\/p>\n<p><span style=\"font-weight: 400;\">J\u00e4rjest\u00e4j\u00e4: Anni Hyyryl\u00e4inen<br \/><\/span><i><span style=\"font-weight: 400;\">Linkki: <\/span><\/i><i><span style=\"font-weight: 400;\"><a href=\"https:\/\/www.facebook.com\/pg\/Norppa-Sarjakuva-107056414236333\/posts\/\" target=\"_blank\" rel=\"noopener noreferrer\">https:\/\/www.facebook.com\/pg\/Norppa-Sarjakuva-107056414236333\/posts\/<\/a><br \/><\/span><\/i><span style=\"font-weight: 400;\">Saatavuus: Norppa Sarjakuvasta tukee omakustanne syksylle.<\/span><\/p>\n<p> <p class=\"wpsm-hide\" style=\"color: #cc0000; font-size: 100%; text-align: left;\"> piilota\/hide<\/p><\/div><\/div><\/p>\n<p><strong>16:00 LIVE: Keijjon ja Tessan taidetunti<\/strong><\/p>\n<p><span style=\"font-weight: 400;\"><div class=\"show_more\"><p class=\"wpsm-show\" style=\"color: #cc0000; font-size: 100%; text-align: left;\"> lis\u00e4\u00e4\/more<\/p><div class=\"wpsm-content\"><\/span><\/p>\n<p><span style=\"font-weight: 400;\">Yst\u00e4v\u00e4t ja kollegat Sarjakuvaneuvos Keijjo Ahlqvist sek\u00e4 sarjakuvaopettaja Tessa Astre keskustelevat asioista jotka mahdollistavat sarjakuvantekemisen, ja pohtivat mit\u00e4 taiteen tekeminen ihmiselle aiheuttaa. Limingan Taidekoulun sarjakuvalinja yhdist\u00e4\u00e4 n\u00e4it\u00e4 kahta yst\u00e4v\u00e4\u00e4.<\/span><\/p>\n<p><span style=\"font-weight: 400;\">J\u00e4rjest\u00e4j\u00e4: Limingan Taidekoulu, <a href=\"http:\/\/www.limingantaidekoulu.fi\/\" target=\"_blank\" rel=\"noopener noreferrer\">http:\/\/www.limingantaidekoulu.fi\/<\/a>&nbsp;ja&nbsp;<\/span><span style=\"font-weight: 400;\">Keijjo Ahlqvist, <a href=\"https:\/\/www.instagram.com\/keijjoahlqvist\/?hl=fi\" target=\"_blank\" rel=\"noopener noreferrer\">https:\/\/www.instagram.com\/keijjoahlqvist\/?hl=fi<br \/><\/a><\/span><i><span style=\"font-weight: 400;\">Linkki:&nbsp;<a href=\"https:\/\/www.instagram.com\/limingantaidekoulu\/\" target=\"_blank\" rel=\"noopener noreferrer\">https:\/\/www.instagram.com\/limingantaidekoulu\/<\/a><\/span><\/i><\/p>\n<p> <p class=\"wpsm-hide\" style=\"color: #cc0000; font-size: 100%; text-align: left;\"> piilota\/hide<\/p><\/div><\/div><\/p>\n<p><strong>17:00 LIVE: NAAN, Elvi and Tessa: About Comics and Quarantine<\/strong><\/p>\n<p><span style=\"font-weight: 400;\"><div class=\"show_more\"><p class=\"wpsm-show\" style=\"color: #cc0000; font-size: 100%; text-align: left;\"> lis\u00e4\u00e4\/more<\/p><div class=\"wpsm-content\"><\/span><\/p>\n<p><span style=\"font-weight: 400;\">Nancy NAAN Costa spend time in Liminka School of Arts recidency last semester autumn 2019. Student of the comics department Elvi Suonper\u00e4 and teacher of the comics division Tessa Astre call her to ask how things are going in Iowa and what&#8217;s up with NAAN&#8217;s comics now! Livestream at Instagram.<\/span><\/p>\n<p><i><span style=\"font-weight: 400;\">Linkki: <\/span><\/i><i><span style=\"font-weight: 400;\"><a href=\"https:\/\/www.instagram.com\/limingantaidekoulu\/\" target=\"_blank\" rel=\"noopener noreferrer\">https:\/\/www.instagram.com\/limingantaidekoulu\/<\/a><br \/><\/span><\/i><span style=\"font-weight: 400;\">Lis\u00e4tietoa: <a href=\"https:\/\/www.instagram.com\/jadinerhine\/\" target=\"_blank\" rel=\"noopener noreferrer\">https:\/\/www.instagram.com\/jadinerhine\/<\/a><\/span><\/p>\n<p> <p class=\"wpsm-hide\" style=\"color: #cc0000; font-size: 100%; text-align: left;\"> piilota\/hide<\/p><\/div><\/div><\/p>\n<p><strong>17:45 TALLENNE: Sami Nyyss\u00f6l\u00e4: Kuinka tehtiin: Hiilijalanj\u00e4lkeen j\u00e4\u00e4neet<\/strong><\/p>\n<p><span style=\"font-weight: 400;\"><div class=\"show_more\"><p class=\"wpsm-show\" style=\"color: #cc0000; font-size: 100%; text-align: left;\"> lis\u00e4\u00e4\/more<\/p><div class=\"wpsm-content\"><\/span><\/p>\n<p><span style=\"font-weight: 400;\">Kuinka sujui k\u00e4sikirjoittaminen ilmastonmuutoksesta? Kuinka piirsin ja taitoin 120-sivuisen tarinan tehokkaasti yhden hengen voimin?<\/span><\/p>\n<p><span style=\"font-weight: 400;\">J\u00e4rjest\u00e4j\u00e4: Sami Nyyss\u00f6l\u00e4, Pokuto ry<br \/><\/span><i><span style=\"font-weight: 400;\">Linkki:&nbsp;<a href=\"https:\/\/www.youtube.com\/watch?v=_NBRkf1Smfs\" target=\"_blank\" rel=\"noopener noreferrer\">https:\/\/www.youtube.com\/watch?v=_NBRkf1Smfs<\/a><a href=\"https:\/\/drive.google.com\/file\/d\/1AMy3Ue5m5nobnIInhnfFJiGZQOs5tT1D\/view\" target=\"_blank\" rel=\"noopener noreferrer\"><br \/><\/a><\/span><\/i><span style=\"font-weight: 400;\">Teoksen saatavuus: <a href=\"https:\/\/www.sarjakuvakauppa.fi\/sarjakuvat\/pokuto\/hiilijalanjalkeen-jaaneet.html\" target=\"_blank\" rel=\"noopener noreferrer\">https:\/\/www.sarjakuvakauppa.fi\/sarjakuvat\/pokuto\/hiilijalanjalkeen-jaaneet.html<\/a><\/span><\/p>\n<p> <p class=\"wpsm-hide\" style=\"color: #cc0000; font-size: 100%; text-align: left;\"> piilota\/hide<\/p><\/div><\/div><\/p>\n<p><strong>18:00-20:00 LIVE: Jasu Hakala: Taikinan piirtely\u00e4 ja biitintekoa<\/strong><\/p>\n<p><span style=\"font-weight: 400;\"><div class=\"show_more\"><p class=\"wpsm-show\" style=\"color: #cc0000; font-size: 100%; text-align: left;\"> lis\u00e4\u00e4\/more<\/p><div class=\"wpsm-content\"><\/span><\/p>\n<p><span style=\"font-weight: 400;\">Striimattua piirt\u00e4mist\u00e4 ja musisointia (vuorotellen sek\u00e4 limitt\u00e4in) sek\u00e4 ehk\u00e4 omista projekteista h\u00f6p\u00f6tt\u00e4mist\u00e4.&nbsp;<\/span><\/p>\n<p><span style=\"font-weight: 400;\">J\u00e4rjest\u00e4j\u00e4: Jasu Hakala<\/span><\/p>\n<p><i><span style=\"font-weight: 400;\">Linkki: <\/span><\/i><a href=\"https:\/\/www.instagram.com\/taikinataikina\/\" target=\"_blank\" rel=\"noopener noreferrer\"><i><span style=\"font-weight: 400;\">https:\/\/www.instagram.com\/taikinataikina\/<\/span><\/i><\/a><i><span style=\"font-weight: 400;\">&nbsp;<\/span><\/i><\/p>\n<p> <p class=\"wpsm-hide\" style=\"color: #cc0000; font-size: 100%; text-align: left;\"> piilota\/hide<\/p><\/div><\/div><\/p>\n<div class=\"freebirdFormviewerViewItemsTextItemWrapper freebirdFormviewerViewItemsTextTextItemContainer\">\n<h2 class=\"freebirdFormviewerViewItemsTextShortText freebirdFormviewerViewItemsTextDisabledText freebirdThemedInput\"><b>Yle areena<\/b><\/h2>\n<\/div>\n<div class=\"freebirdFormviewerViewItemsTextItemWrapper freebirdFormviewerViewItemsTextTextItemContainer\">&nbsp;<\/div>\n<p><strong>Suomalaisia sarjakuvataiteilijoita &#8211; sukella sarjakuvan maailmaan.&nbsp;<\/strong><\/p>\n<p><span style=\"font-weight: 400;\"><div class=\"show_more\"><p class=\"wpsm-show\" style=\"color: #cc0000; font-size: 100%; text-align: left;\"> lis\u00e4\u00e4\/more<\/p><div class=\"wpsm-content\"><\/span><\/p>\n<p>Sukella kotimaisen nykysarjakuvan maailmaan! Suomalaisia sarjakuvataitelijoita -sarja tarjoaa keinon ottaa nopeasti haltuun t\u00e4m\u00e4 kukoistava taiteenala. Sarjassa keskeiset tekij\u00e4t kertovat parhaista sarjakuvistaan, ja p\u00e4\u00e4set katsomaan heid\u00e4n ty\u00f6tapojaan, tekniikoitaan ja ty\u00f6huoneitaan.<\/p>\n<p><span style=\"font-weight: 400;\">Mukana: Hanneriina Moisseinen, Matti Hagelberg, Tommi Musturi, Ville Pirinen, Tiitu Takalo, Roope Eronen, Emmi Valve, Petri Hiltunen, Leo Kuikka, Viivi Rintanen, Marko Turunen, Suvi Ermil\u00e4, Petteri Tikkanen ja Jyrki Nissinen<\/span><\/p>\n<p><em><span style=\"font-weight: 400;\">Linkki:&nbsp;<a href=\"https:\/\/areena.yle.fi\/1-4385124\" target=\"_blank\" rel=\"noopener noreferrer\">https:\/\/areena.yle.fi\/1-4385124<\/a>&nbsp;<\/span><\/em><\/p>\n<p> <p class=\"wpsm-hide\" style=\"color: #cc0000; font-size: 100%; text-align: left;\"> piilota\/hide<\/p><\/div><\/div><\/p>\n<p><strong>Sarjakuvael\u00e4m\u00e4\u00e4<\/strong><\/p>\n<p><span style=\"font-weight: 400;\"><div class=\"show_more\"><p class=\"wpsm-show\" style=\"color: #cc0000; font-size: 100%; text-align: left;\"> lis\u00e4\u00e4\/more<\/p><div class=\"wpsm-content\"><\/span><\/p>\n<p>Sarjakuvael\u00e4m\u00e4\u00e4-dokumenteissa n\u00e4emme kotimaisen taidesarjakuvan k\u00e4rkinimet ty\u00f6n touhussa. K\u00e4rkinimist\u00e4 mukana ovat mm. Matti Hagelberg, Tiitu Takalo ja Hanneriina Moisseinen. Dokumenttisarja kuvaa samalla koko sarjakuvakulttuuria, kustantajia, festivaaleja ja yhteis\u00f6\u00e4.<\/p>\n<p><em><span style=\"font-weight: 400;\">Linkki:&nbsp;<a href=\"https:\/\/areena.yle.fi\/1-4441007\" target=\"_blank\" rel=\"noopener noreferrer\">https:\/\/areena.yle.fi\/1-4441007<\/a><\/span><\/em><\/p>\n<p> <p class=\"wpsm-hide\" style=\"color: #cc0000; font-size: 100%; text-align: left;\"> piilota\/hide<\/p><\/div><\/div><\/p>\n<p><strong>Opastettu kierros Muumimuseossa<\/strong><\/p>\n<p><span style=\"font-weight: 400;\"><div class=\"show_more\"><p class=\"wpsm-show\" style=\"color: #cc0000; font-size: 100%; text-align: left;\"> lis\u00e4\u00e4\/more<\/p><div class=\"wpsm-content\"><\/span><\/p>\n<p>Muumimuseo esittelee kuusi teosta kokoelmastaan, jota ei tavallisesti saa kuvata lainkaan. Tove Janssonin muumiteokset heijastelevat my\u00f6s maailman tapahtumia ja taiteilijan yksityisel\u00e4m\u00e4\u00e4.<\/p>\n<p><em><span style=\"font-weight: 400;\">Linkki: <a href=\"https:\/\/areena.yle.fi\/1-50495147\" target=\"_blank\" rel=\"noopener noreferrer\">https:\/\/areena.yle.fi\/1-50495147<\/a><\/span><\/em><\/p>\n<p> <p class=\"wpsm-hide\" style=\"color: #cc0000; font-size: 100%; text-align: left;\"> piilota\/hide<\/p><\/div><\/div><\/p>\n\n\n<p>#jarkkovehniainen #marjalappalainen #jessematilainen #tessaastre #mikkojylha #tuulihypen #tuomasmyllyla #sarisariola #reimamakinen #harrifilppa #mattipekkaheikura #velimattiural #riikaruottinen #lauriahtinen #sannahukkanen #annavoronkova #mariahokoivu #katariinalappi #ilkkalappi #apilapepita #tuiskuhiltunen #aviheikkinen #tainahakala #aapokukko #petteritikkanen #blackpeider #piianttonen #eskoheikkila #ottov #tiinamvanhapelto #taurioksala #annihyyrylainen #amrtalaat #carabean #naan #millapaloniemi #jarkkokorpua #mattiakemi #keijoahlqvist #elvisuonpera #saminyyssola #jasuhakala<\/p>\n","protected":false},"excerpt":{"rendered":"<p><a href=\"http:\/\/www.oulucomics.com\/viraali\/\"><strong>P\u00c4\u00c4SIVU<\/strong><\/a>&nbsp;***&nbsp;<strong>OHJELMA 2020<\/strong><\/p>\n<p><strong>K\u00e4tev\u00e4n linkki listan, aikaj\u00e4rjestyksess\u00e4 l\u00f6yd\u00e4t osoitteesta:&nbsp;<a href=\"https:\/\/linktr.ee\/viraali\" target=\"_bl...\n<\/p>\n","protected":false},"author":1,"featured_media":0,"parent":4378,"menu_order":0,"comment_status":"closed","ping_status":"closed","template":"","meta":{"footnotes":""},"categories":[],"tags":[42,79,64,78,67,69,72,80,85,74,58,66,82,49,87,51,65,84,62,46,50,83,59,53,47,81,75,71,73,57,61,86,63,56,48,70,77,52,76,68,55,54,60],"class_list":["post-4428","page","type-page","status-publish","hentry","tag-aapokukko","tag-amrtalaat","tag-annavoronkova","tag-annihyyrylainen","tag-apilapepita","tag-aviheikkinen","tag-blackpeider","tag-carabean","tag-elvisuonpera","tag-eskoheikkila","tag-harrifilppa","tag-ilkkalappi","tag-jarkkokorpua","tag-jarkkovehniainen","tag-jasuhakala","tag-jessematilainen","tag-katariinalappi","tag-keijoahlqvist","tag-lauriahtinen","tag-mariahokoivu","tag-marjalappalainen","tag-mattiakemi","tag-mattipekkaheikura","tag-mikkojylha","tag-millapaloniemi","tag-naan","tag-ottov","tag-petteritikkanen","tag-piianttonen","tag-reimamakinen","tag-riikaruottinen","tag-saminyyssola","tag-sannahukkanen","tag-sarisariola","tag-sarjakuva1","tag-tainahakala","tag-taurioksala","tag-tessaastre","tag-tiinamvanhapelto","tag-tuiskuhiltunen","tag-tuomasmyllyla","tag-tuulihypen","tag-velimattiural"],"_links":{"self":[{"href":"https:\/\/www.oulucomics.com\/fi\/wp-json\/wp\/v2\/pages\/4428","targetHints":{"allow":["GET"]}}],"collection":[{"href":"https:\/\/www.oulucomics.com\/fi\/wp-json\/wp\/v2\/pages"}],"about":[{"href":"https:\/\/www.oulucomics.com\/fi\/wp-json\/wp\/v2\/types\/page"}],"author":[{"embeddable":true,"href":"https:\/\/www.oulucomics.com\/fi\/wp-json\/wp\/v2\/users\/1"}],"replies":[{"embeddable":true,"href":"https:\/\/www.oulucomics.com\/fi\/wp-json\/wp\/v2\/comments?post=4428"}],"version-history":[{"count":61,"href":"https:\/\/www.oulucomics.com\/fi\/wp-json\/wp\/v2\/pages\/4428\/revisions"}],"predecessor-version":[{"id":5765,"href":"https:\/\/www.oulucomics.com\/fi\/wp-json\/wp\/v2\/pages\/4428\/revisions\/5765"}],"up":[{"embeddable":true,"href":"https:\/\/www.oulucomics.com\/fi\/wp-json\/wp\/v2\/pages\/4378"}],"wp:attachment":[{"href":"https:\/\/www.oulucomics.com\/fi\/wp-json\/wp\/v2\/media?parent=4428"}],"wp:term":[{"taxonomy":"category","embeddable":true,"href":"https:\/\/www.oulucomics.com\/fi\/wp-json\/wp\/v2\/categories?post=4428"},{"taxonomy":"post_tag","embeddable":true,"href":"https:\/\/www.oulucomics.com\/fi\/wp-json\/wp\/v2\/tags?post=4428"}],"curies":[{"name":"wp","href":"https:\/\/api.w.org\/{rel}","templated":true}]}}