{"id":4378,"date":"2020-03-26T11:51:47","date_gmt":"2020-03-26T09:51:47","guid":{"rendered":"http:\/\/www.oulucomics.com\/?page_id=4378"},"modified":"2022-03-01T13:49:04","modified_gmt":"2022-03-01T11:49:04","slug":"viraali","status":"publish","type":"page","link":"https:\/\/www.oulucomics.com\/fi\/viraali\/","title":{"rendered":"Viraalisarjakuvafestivaali 11.-12.4.2020"},"content":{"rendered":"<p><strong>P\u00c4\u00c4SIVU<\/strong>\u00a0*** <a href=\"http:\/\/www.oulucomics.com\/viraali\/ohjelma\/\">OHJELMA 2020<\/a><\/p>\n<p><strong>Mit\u00e4:<\/strong><span style=\"font-weight: 400;\"> Sarjakuvafestivaali<br \/><\/span><strong>Miss\u00e4: <\/strong><span style=\"font-weight: 400;\">Internetiss\u00e4<br \/><\/span><strong>Milloin:<\/strong><span style=\"font-weight: 400;\"> 11.-12.4.2020<\/span><\/p>\n<p>Koronapandemian aiheuttaman poikkeustilan johdosta loimme peruuntuneita sarjakuvatapahtumia korvaamaan t\u00e4n\u00e4 vuonna Viraalisarjakuvafestivaali, joka on uudenlainen sosiaalisen median sarjakuvatapahtuma.<\/p>\n<p>Virtuaalisella festivaalilla on n\u00e4ht\u00e4v\u00e4n\u00e4 sek\u00e4 live-esityksi\u00e4 ett\u00e4 valmiiksi tallennettua sis\u00e4lt\u00f6\u00e4. Festivaali on taiteilijavetoinen ja sen toteutamme talkooty\u00f6n\u00e4, rakkaudesta sarjakuvaan. Toivotamme kaikki sarjakuvanyst\u00e4v\u00e4t, -tekij\u00e4t ja -kustantajat l\u00e4mpim\u00e4sti tervetulleeksi seuraamaan ja toteuttamaan festivaalia sosiaalisen median kanaviimme <a href=\"https:\/\/www.instagram.com\/oulucomics\/\" target=\"_blank\" rel=\"noopener noreferrer\">##oulucomics<\/a> <a href=\"https:\/\/www.instagram.com\/explore\/tags\/viraalifestivaali\/\" target=\"_blank\" rel=\"noopener noreferrer\">##viraalifestivaali<\/a>.<\/p>\n<p>T\u00e4h\u00e4n ensimm\u00e4iseen ja todenn\u00e4k\u00f6isesti ainoaan Viraalisarjakuvafestivaaliin j\u00e4rjest\u00e4v\u00e4taho odotti noin viitt\u00e4 ilmoittautumista, mutta loppujen lopuksi niit\u00e4 saapui reilusti yli 30. Nauttikaa sis\u00e4ll\u00f6st\u00e4!<\/p>\n<h2><a href=\"http:\/\/www.oulucomics.com\/viraali\/ohjelma\/\"><strong>Viraalisarjakuvafestivaalin ohjelmaan p\u00e4\u00e4set klikkaamalla t\u00e4st\u00e4&#8230;<\/strong><\/a><\/h2>\n<p>Tapahtuma facebookissa:\u00a0<a href=\"https:\/\/www.facebook.com\/events\/2613144905571691\/\" target=\"_blank\" rel=\"noopener noreferrer\">https:\/\/www.facebook.com\/events\/2613144905571691\/<\/a><\/p>\n<p><iframe loading=\"lazy\" src=\"https:\/\/www.youtube.com\/embed\/rr3cOhMZhu8\" width=\"560\" height=\"315\" frameborder=\"0\" allowfullscreen=\"allowfullscreen\"><\/iframe><\/p>\n<p><em>Oulun Sarjakuvafestivaalin taiteellisen johtajan kutsu viett\u00e4m\u00e4\u00e4n Viraalisarjakuvafestivaalia!<\/em><\/p>\n<p>Viraalisarjakuvafestivaalin kuvituksen ovat toteuttaneet <strong>Aapo Kukko<\/strong>, <strong>Mari Ahokoivu<\/strong> ja <strong>Milla Paloniemi<\/strong>.<\/p>\n\n\n<p>#aapokukko #mariahokoivu #millapaloniemi<\/p>\n","protected":false},"excerpt":{"rendered":"<p><strong>P\u00c4\u00c4SIVU<\/strong>\u00a0*** <a href=\"http:\/\/www.oulucomics.com\/viraali\/ohjelma\/\">OHJELMA 2020<\/a><\/p>\n<p><strong>Mit\u00e4:<\/strong><span style=\"font-weight: 400;\"> Sarjakuvafestivaali<br \/><\/span><strong>Miss\u00e4: <\/strong><span style=\"font-weight: 400;...\n<\/p>\n","protected":false},"author":1,"featured_media":0,"parent":0,"menu_order":999,"comment_status":"closed","ping_status":"closed","template":"","meta":{"footnotes":""},"categories":[1],"tags":[42,46,47],"class_list":["post-4378","page","type-page","status-publish","hentry","category-yleinen","tag-aapokukko","tag-mariahokoivu","tag-millapaloniemi"],"_links":{"self":[{"href":"https:\/\/www.oulucomics.com\/fi\/wp-json\/wp\/v2\/pages\/4378","targetHints":{"allow":["GET"]}}],"collection":[{"href":"https:\/\/www.oulucomics.com\/fi\/wp-json\/wp\/v2\/pages"}],"about":[{"href":"https:\/\/www.oulucomics.com\/fi\/wp-json\/wp\/v2\/types\/page"}],"author":[{"embeddable":true,"href":"https:\/\/www.oulucomics.com\/fi\/wp-json\/wp\/v2\/users\/1"}],"replies":[{"embeddable":true,"href":"https:\/\/www.oulucomics.com\/fi\/wp-json\/wp\/v2\/comments?post=4378"}],"version-history":[{"count":22,"href":"https:\/\/www.oulucomics.com\/fi\/wp-json\/wp\/v2\/pages\/4378\/revisions"}],"predecessor-version":[{"id":6606,"href":"https:\/\/www.oulucomics.com\/fi\/wp-json\/wp\/v2\/pages\/4378\/revisions\/6606"}],"wp:attachment":[{"href":"https:\/\/www.oulucomics.com\/fi\/wp-json\/wp\/v2\/media?parent=4378"}],"wp:term":[{"taxonomy":"category","embeddable":true,"href":"https:\/\/www.oulucomics.com\/fi\/wp-json\/wp\/v2\/categories?post=4378"},{"taxonomy":"post_tag","embeddable":true,"href":"https:\/\/www.oulucomics.com\/fi\/wp-json\/wp\/v2\/tags?post=4378"}],"curies":[{"name":"wp","href":"https:\/\/api.w.org\/{rel}","templated":true}]}}