{"id":4044,"date":"2019-09-12T12:48:39","date_gmt":"2019-09-12T09:48:39","guid":{"rendered":"http:\/\/www.oulucomics.com\/?page_id=4044"},"modified":"2019-10-20T00:25:42","modified_gmt":"2019-10-19T21:25:42","slug":"sat","status":"publish","type":"page","link":"https:\/\/www.oulucomics.com\/fi\/fest\/program2019\/sat\/","title":{"rendered":"Ohjelmisto 2019 - Lauantai"},"content":{"rendered":"<ul>\n<li><a href=\"http:\/\/www.oulucomics.com\/fest\/program2019\/fri\/\">Perjantain 22.11. ohjelmisto<\/a><\/li>\n<li><strong>Lauantain 23.11. ohjelmisto<\/strong><\/li>\n<li><a href=\"http:\/\/www.oulucomics.com\/fest\/program2019\/sun\/\">Sunnuntain 24.11. ohjelmisto<\/a><\/li>\n<li><a href=\"http:\/\/www.oulucomics.com\/fest\/program2019\/week\/\">Viikko-ohjelma<\/a><\/li>\n<\/ul>\n<h3>Lauantain\u00a0ohjelmisto:<\/h3>\n\n\t\t\t\t<div class=\"event-list\">\n\t\t\t\t<ul class=\"event-list-view\">\n\t\t\t \t<li class=\"event festivaali fest-en fsat fsun lapset sarjasto signing\">\n\t\t\t\t\t<div class=\"event-date multi-date\"><div class=\"start-date\"><div class=\"event-weekday\">la<\/div><div class=\"event-day\">23<\/div><div class=\"event-month\">marras<\/div><div class=\"event-year\">2019<\/div><\/div><div class=\"end-date\"><div class=\"event-weekday\">su<\/div><div class=\"event-day\">24<\/div><div class=\"event-month\">marras<\/div><div class=\"event-year\">2019<\/div><\/div><\/div>\n\t\t\t\t\t<div class=\"event-info multi-day\"><div class=\"event-title\"><h3>Sarjakuvakeidas | Comics Oasis<\/h3><\/div><span class=\"event-location\">P\u00e4\u00e4kirjasto | Main library, Kaarlenv\u00e4yl\u00e4 3, 1. krs, Oulu<\/span><div class=\"event-details\"><p><img loading=\"lazy\" decoding=\"async\" class=\"alignright wp-image-4139\" src=\"http:\/\/www.oulucomics.com\/wp-content\/uploads\/2019\/10\/skk.jpg\" alt=\"skk\" width=\"237\" height=\"300\" srcset=\"https:\/\/www.oulucomics.com\/wp-content\/uploads\/2019\/10\/skk.jpg 300w, https:\/\/www.oulucomics.com\/wp-content\/uploads\/2019\/10\/skk-237x300.jpg 237w\" sizes=\"auto, (max-width: 237px) 100vw, 237px\" \/><img loading=\"lazy\" decoding=\"async\" class=\"alignleft size-full wp-image-2956\" src=\"http:\/\/www.oulucomics.com\/wp-content\/uploads\/2017\/10\/fi.jpg\" alt=\"fi\" width=\"23\" height=\"20\" \/><\/p>\n<p class=\"p1\">Sarjakuvakeidas on avoinna 23.11. klo 11-19 ja 24.11. klo 12-15:30. Keidas\u00a0antaa vierailijoille mahdollisuuden tehd\u00e4 sarjakuval\u00f6yt\u00f6j\u00e4. Keitaalla on myynniss\u00e4 sarjakuvakirjoja, tulosteita, oheistuotteita ja muuta materiaalia lukuisilla p\u00f6ydill\u00e4, joiden takaa l\u00f6ytyy itsen\u00e4isi\u00e4 tekij\u00f6it\u00e4, yrityksi\u00e4 ja yhteis\u00f6j\u00e4. Sarjakuvakeidas sijaitsee Oulun kaupunginkirjaston p\u00e4\u00e4kirjastolla.<\/p>\n<p><img loading=\"lazy\" decoding=\"async\" class=\"alignleft size-full wp-image-2955\" src=\"http:\/\/www.oulucomics.com\/wp-content\/uploads\/2017\/10\/en.jpg\" alt=\"en\" width=\"23\" height=\"20\" \/><\/p>\n<p><span style=\"color: #0000ff;\">On Saturday November 23th the Comics Oasis is open between 11am and 7pm and sunday Nov 24th between 12pm and 3:30pm. Oasis\u00a0gives a pleasant opportunity to find all kinds of comic books from mainstream to alternative. There are also prints and other goodies on sale by different authors, companies and communities. The Comics Oasis is located at the Oulu city library's main library.<\/span><\/p>\n<p><span style=\"color: #ff0000;\"><a style=\"color: #ff0000;\" href=\"http:\/\/www.oulucomics.com\/fest\/program2019\/sarjakuvakeidas-2019\/\"><strong>N\u00e4ytteilleasettajat \/\/\/ Exhibitors<\/strong><\/a><\/span><\/p>\n<\/div><\/div>\n\t\t\t\t<\/li>\n\t\t\t \t<li class=\"event festivaali fest-en fsat lapset sarjasto\">\n\t\t\t\t\t<div class=\"event-date\"><div class=\"end-date\"><div class=\"event-weekday\">la<\/div><div class=\"event-day\">23<\/div><div class=\"event-month\">marras<\/div><div class=\"event-year\">2019<\/div><\/div><\/div>\n\t\t\t\t\t<div class=\"event-info multi-day\"><div class=\"event-title\"><h3>Oulun p\u00e4\u00e4kirjastolla 23.11. - Oulun Sarjakuvafestivaali 2019<\/h3><\/div><span class=\"event-time\">10:55 - 19:00<\/span><span class=\"event-location\">P\u00e4\u00e4kirjasto | Main library, Kaarlenv\u00e4yl\u00e4 3, Oulu<\/span><div class=\"event-details\"><p>Oulun Sarjakuvafestivaalin lauantain ohjelmisto on monipuolinen. Oulun kaupunginkirjastolta l\u00f6ytyy festivaalip\u00e4iv\u00e4n aikana iso m\u00e4\u00e4r\u00e4 n\u00e4yttelyit\u00e4, Sarjakuvakeidas on avoinna 23.11. klo 11-19. Kahvila Tarina on avoinna 23.11. klo 9:00-17:00<\/p>\n<p><img loading=\"lazy\" decoding=\"async\" class=\"alignleft size-full wp-image-2955\" src=\"http:\/\/www.oulucomics.com\/wp-content\/uploads\/2017\/10\/en.jpg\" alt=\"en\" width=\"23\" height=\"20\" \/><\/p>\n<p><span style=\"color: #000080;\">A lot of program also in english<\/span><\/p>\n<h4>11:00 -\u00a0Laituri: Kevyt Metalli no 6\u00a0&amp; Kersantti Napalm:\u00a0 Erikoisagentin ABC<\/h4>\n<p><div class=\"show_more\"><p class=\"wpsm-show\" style=\"color: #cc0000; font-size: 100%; text-align: left;\"> lis\u00e4\u00e4\/more<\/p><div class=\"wpsm-content\"><\/p>\n<p><img loading=\"lazy\" decoding=\"async\" class=\"alignright wp-image-4161\" src=\"http:\/\/www.oulucomics.com\/wp-content\/uploads\/2019\/10\/kevytmetalli6.jpg\" alt=\"kevytmetalli6\" width=\"150\" height=\"213\" srcset=\"https:\/\/www.oulucomics.com\/wp-content\/uploads\/2019\/10\/kevytmetalli6.jpg 300w, https:\/\/www.oulucomics.com\/wp-content\/uploads\/2019\/10\/kevytmetalli6-211x300.jpg 211w\" sizes=\"auto, (max-width: 150px) 100vw, 150px\" \/><img loading=\"lazy\" decoding=\"async\" class=\"alignleft size-full wp-image-2956\" src=\"http:\/\/www.oulucomics.com\/wp-content\/uploads\/2017\/10\/fi.jpg\" alt=\"fi\" width=\"23\" height=\"20\" \/><\/p>\n<p><span style=\"font-weight: 400;\">Musta Ritari kustannuksen kirjauutuuksia<\/span><i><span style=\"font-weight: 400;\"> Kevyt Metalli no 6 <\/span><\/i><span style=\"font-weight: 400;\">(Musta Ritari kustannus, 2019) ja <\/span><i><span style=\"font-weight: 400;\">Kersantti Napalm: Erikoisagentin ABC! <\/span><\/i><span style=\"font-weight: 400;\">(Musta Ritari kustannus, 2019)<\/span><i><span style=\"font-weight: 400;\"> ovat<\/span><\/i><span style=\"font-weight: 400;\"> esittelem\u00e4ss\u00e4 <\/span><b>Vesa Vitikainen<\/b><span style=\"font-weight: 400;\">, <\/span><b>Tuomas Koivurinne<\/b><span style=\"font-weight: 400;\"> ja <\/span><b>Markus Tuppurainen<\/b><span style=\"font-weight: 400;\">. Lis\u00e4vahvistuksena yksi Kevyt Metallin tekij\u00f6ist\u00e4,<\/span><b> Ilpo Koskela <\/b><span style=\"font-weight: 400;\">esittelee osuuttaan.<\/span><\/p>\n<p><i><span style=\"font-weight: 400;\">Kevyt Metalli<\/span><\/i><span style=\"font-weight: 400;\"> on Suomen kevyin spekulatiivisen fiktion sarjakuvalehti, mukana scifi\u00e4, fantasiaa ja seikkailua alan huipuilta! Esittelem\u00e4ss\u00e4 p\u00e4\u00e4toimittaja Vesa Vitikainen, Esitys sis\u00e4lt\u00e4\u00e4 kuvia ja \u00e4\u00e4nt\u00e4!<\/span><\/p>\n<p><i><span style=\"font-weight: 400;\">Kersantti Napalm<\/span><\/i><span style=\"font-weight: 400;\"> on monien nimelt\u00e4 tuntema, mutta harvojen lukema supersankari. Nyt t\u00e4m\u00e4n jo vuosikymmeni\u00e4\u00a0 seikkailleen operaattorin tarinoihin p\u00e4\u00e4see n\u00e4pp\u00e4r\u00e4sti mukaan uuden esittelyj\u00e4, teht\u00e4vi\u00e4 ja sarjakuvaa sis\u00e4lt\u00e4v\u00e4n <\/span><i><span style=\"font-weight: 400;\">Erikoisagentin ABC<\/span><\/i><span style=\"font-weight: 400;\">:n avulla! Opiskele sin\u00e4kin erikoisagentiksi!<\/span><\/p>\n<p><span style=\"color: #0000ff;\"><b><img loading=\"lazy\" decoding=\"async\" class=\"wp-image-4160 alignleft\" src=\"http:\/\/www.oulucomics.com\/wp-content\/uploads\/2019\/10\/kersantti_napalm_erikoisagentinabc.jpg\" alt=\"kersantti_napalm_erikoisagentinabc\" width=\"150\" height=\"202\" srcset=\"https:\/\/www.oulucomics.com\/wp-content\/uploads\/2019\/10\/kersantti_napalm_erikoisagentinabc.jpg 300w, https:\/\/www.oulucomics.com\/wp-content\/uploads\/2019\/10\/kersantti_napalm_erikoisagentinabc-223x300.jpg 223w\" sizes=\"auto, (max-width: 150px) 100vw, 150px\" \/>Vesa Vitikainen<\/b><span style=\"font-weight: 400;\">,<\/span><b> Tuomas Koivurinne <\/b><span style=\"font-weight: 400;\">and<\/span><b> Markus Tuppurainen <\/b><span style=\"font-weight: 400;\">showcase the most recent books published by Musta Ritari. One of the artists behind the sixth edition of <\/span><i><span style=\"font-weight: 400;\">Kevyt Metalli <\/span><\/i><span style=\"font-weight: 400;\">(Musta Ritari kustannus, 2019) <\/span><b>Ilpo Koskela <\/b><span style=\"font-weight: 400;\">introduces his portion in the comic book magazine.<\/span><span style=\"font-weight: 400;\">\u00a0<\/span><\/span><\/p>\n<p><span style=\"color: #0000ff;\"><i><span style=\"font-weight: 400;\">Sergeant Napalm<\/span><\/i><span style=\"font-weight: 400;\">\u2019s adventures from the past decades can be now read from the <\/span><i><span style=\"font-weight: 400;\">Special Agents ABC <\/span><\/i><span style=\"font-weight: 400;\">which includes exercises and comics. Now you can learn to become a special agent too!<\/span><\/span><\/p>\n<p><i><\/i> <p class=\"wpsm-hide\" style=\"color: #cc0000; font-size: 100%; text-align: left;\"> piilota\/hide<\/p><\/div><\/div><\/p>\n<h4>11:30 - Pakkala-sali: Elves at the Airport - Finnish-Icelandic comics workshop<\/h4>\n<p><div class=\"show_more\"><p class=\"wpsm-show\" style=\"color: #cc0000; font-size: 100%; text-align: left;\"> lis\u00e4\u00e4\/more<\/p><div class=\"wpsm-content\"><\/p>\n<p><img loading=\"lazy\" decoding=\"async\" class=\"alignleft size-full wp-image-2955\" src=\"http:\/\/www.oulucomics.com\/wp-content\/uploads\/2017\/10\/en.jpg\" alt=\"en\" width=\"23\" height=\"20\" \/><i><\/i><\/p>\n<p><span style=\"color: #0000ff;\">Workshop called <i>Elves at the Airport<\/i>, which took place at Helsinki Comics Center and Loukko subculture space in september 2019. Comics were created as pairs of artists. Each group included both a Finnish and an Icelandic artist. Stories uses folklore from Finland and Iceland as primary sources of inspiration.<\/span><\/p>\n<p><span style=\"color: #0000ff;\"><img loading=\"lazy\" decoding=\"async\" class=\"alignright size-thumbnail wp-image-4172\" src=\"http:\/\/www.oulucomics.com\/wp-content\/uploads\/2019\/10\/suomi-islanti-piirtamassa-150x150.jpg\" alt=\"suomi-islanti-piirtamassa\" width=\"150\" height=\"150\" srcset=\"https:\/\/www.oulucomics.com\/wp-content\/uploads\/2019\/10\/suomi-islanti-piirtamassa-150x150.jpg 150w, https:\/\/www.oulucomics.com\/wp-content\/uploads\/2019\/10\/suomi-islanti-piirtamassa.jpg 300w\" sizes=\"auto, (max-width: 150px) 100vw, 150px\" \/>During the festival, an exhibition of the workshop to be exhibited at the Oulu main library\u2019s lobby. <b>Apila Pepita Miettinen<\/b> <del>and <b>El\u00edsabet R\u00fan <\/b>(Iceland)<\/del>, who participated in the project talks about the workshop\u2019s background and finished comics of the workshop.\u00a0<\/span><\/p>\n<p><span style=\"color: #0000ff;\">The workshop was made possible by a grant from the Finnish-Icelandic Cultural Foundation and and a sponsorship from Hiveworks Comics. The workshop is a collaboration with the Karelian Women\u2019s Association and the Finnish Comics Society.<\/span><br \/>\n<img loading=\"lazy\" decoding=\"async\" class=\"aligncenter size-full wp-image-4173\" src=\"http:\/\/www.oulucomics.com\/wp-content\/uploads\/2019\/10\/suomi-islanti-ryhmakuva.jpg\" alt=\"suomi-islanti-ryhmakuva\" width=\"600\" height=\"366\" srcset=\"https:\/\/www.oulucomics.com\/wp-content\/uploads\/2019\/10\/suomi-islanti-ryhmakuva.jpg 600w, https:\/\/www.oulucomics.com\/wp-content\/uploads\/2019\/10\/suomi-islanti-ryhmakuva-300x183.jpg 300w\" sizes=\"auto, (max-width: 600px) 100vw, 600px\" \/><\/p>\n<p><span style=\"font-weight: 400;\">Helsingin Sarjakuvakeskuksella ja Loukko Alakulttuurikeskuksella\u00a0<\/span><span style=\"font-weight: 400;\">j\u00e4rjestettiin syyskuussa 2019 sarjakuvaty\u00f6paja, jossa luotiin kansantaruista inspiroituneita teoksia taitelijapareina. Jokaisessa ty\u00f6parissa oli mukana sek\u00e4 suomalainen ett\u00e4 islantilainen sarjakuvantekij\u00e4.<\/span><\/p>\n<p><span style=\"font-weight: 400;\">Oulun p\u00e4\u00e4kirjaston ala-aulan vitriineiss\u00e4 on festivaaliaikaan esill\u00e4\u00a0<\/span><span style=\"font-weight: 400;\">ty\u00f6pajassa luoduista teoksista koottu n\u00e4yttely. Ty\u00f6pajan taustoista, tapahtumista ja\u00a0<\/span><span style=\"font-weight: 400;\">valmiista sarjakuvista on kertomassa projektiin osallistuneista\u00a0<\/span><span style=\"font-weight: 400;\">taiteilijoista <\/span><b>Apila Pepita Miettinen<\/b><del><span style=\"font-weight: 400;\"> ja <\/span><b>El\u00edsabet R\u00fan<\/b><span style=\"font-weight: 400;\">\u00a0<\/span><span style=\"font-weight: 400;\">(Islanti).<\/span><\/del><\/p>\n<p><span style=\"font-weight: 400;\">Ty\u00f6paja mahdollistettiin Islantilais-suomalaisen kulttuurirahaston\u00a0<\/span><span style=\"font-weight: 400;\">apurahalla sek\u00e4 Hiveworks Comicsin sponsorituella. Ty\u00f6paja\u00a0<\/span><span style=\"font-weight: 400;\">toteutettiin yhteisty\u00f6ss\u00e4 Kalevalaisten Naisten Liiton ja Suomen\u00a0<\/span><span style=\"font-weight: 400;\">Sarjakuvaseuran kanssa.<\/span><\/p>\n<p> <p class=\"wpsm-hide\" style=\"color: #cc0000; font-size: 100%; text-align: left;\"> piilota\/hide<\/p><\/div><\/div><\/p>\n<h4>11:35\u00a0-\u00a0<span style=\"font-weight: 400;\">Laituri: Lappi\u00a0&amp;\u00a0Lappi: Mist\u00e4 toi on? \u2013 Kun on alkuun p\u00e4\u00e4sty<\/span><\/h4>\n<p><div class=\"show_more\"><p class=\"wpsm-show\" style=\"color: #cc0000; font-size: 100%; text-align: left;\"> lis\u00e4\u00e4\/more<\/p><div class=\"wpsm-content\"><\/p>\n<p><img loading=\"lazy\" decoding=\"async\" class=\"alignright wp-image-4162 size-thumbnail\" src=\"http:\/\/www.oulucomics.com\/wp-content\/uploads\/2019\/10\/lappi_lappi_mistatoion-150x150.jpg\" alt=\"lappi_lappi_mistatoion\" width=\"150\" height=\"150\" srcset=\"https:\/\/www.oulucomics.com\/wp-content\/uploads\/2019\/10\/lappi_lappi_mistatoion-150x150.jpg 150w, https:\/\/www.oulucomics.com\/wp-content\/uploads\/2019\/10\/lappi_lappi_mistatoion.jpg 300w\" sizes=\"auto, (max-width: 150px) 100vw, 150px\" \/><img loading=\"lazy\" decoding=\"async\" class=\"alignleft size-full wp-image-2956\" src=\"http:\/\/www.oulucomics.com\/wp-content\/uploads\/2017\/10\/fi.jpg\" alt=\"fi\" width=\"23\" height=\"20\" \/><\/p>\n<p><span style=\"font-weight: 400;\">Tekij\u00e4pariskunta <\/span><b>Katariina <\/b><span style=\"font-weight: 400;\">ja<\/span><b> Ilkka Lapin<\/b> <i><span style=\"font-weight: 400;\">Mist\u00e4 toi on?<\/span><\/i><span style=\"font-weight: 400;\"> -sarjakuvaa on julkaistu turkulaisessa Aamuset-kaupunkimediassa vuodesta 2017 alkaen. <\/span><i><span style=\"font-weight: 400;\">Mist\u00e4 toi on? \u2013 Kun on alkuun p\u00e4\u00e4sty <\/span><\/i><span style=\"font-weight: 400;\">(Pokuto, 2019)<\/span><i><span style=\"font-weight: 400;\"> -teoksen <\/span><\/i><span style=\"font-weight: 400;\">sarjakuvastrippien viimeisest\u00e4 ruudusta l\u00f6ytyv\u00e4 biisilainaus kruunaa jokaisen stripin, mutta muutkin kuin musadiggarit voivat tutustua sarjakuvan henkil\u00f6ihin ja heid\u00e4n el\u00e4m\u00e4\u00e4ns\u00e4. Tekij\u00e4pariskuntaa festivaalilavalla haastattelee Anssi Vieruaho.<\/span><\/p>\n<p><span style=\"color: #0000ff;\"><span style=\"font-weight: 400;\">Artist couple <\/span><b>Katariina <\/b><span style=\"font-weight: 400;\">and <\/span><b>Ilkka Lappi <\/b><span style=\"font-weight: 400;\">talk about their comic book <\/span><i><span style=\"font-weight: 400;\">Mist\u00e4 toi on? - Kun on alkuun p\u00e4\u00e4sty <\/span><\/i><span style=\"font-weight: 400;\">(Pokuto, 2019) where every strip integrates a musical reference in the final panel.\u00a0<\/span><\/span><\/p>\n<p><i><\/i> <p class=\"wpsm-hide\" style=\"color: #cc0000; font-size: 100%; text-align: left;\"> piilota\/hide<\/p><\/div><\/div><\/p>\n<h4>12:00 -\u00a0<span style=\"font-weight: 400;\">Pakkala-sali: Sprinttistripin SM 2019 \/ Sprint strip's Finnish Championship 2019<\/span><\/h4>\n<p><div class=\"show_more\"><p class=\"wpsm-show\" style=\"color: #cc0000; font-size: 100%; text-align: left;\"> lis\u00e4\u00e4\/more<\/p><div class=\"wpsm-content\"><\/p>\n<p><img loading=\"lazy\" decoding=\"async\" class=\"alignleft wp-image-3722\" src=\"http:\/\/www.oulucomics.com\/wp-content\/uploads\/2018\/10\/ss_sm-226x300.jpg\" alt=\"ss_sm\" width=\"150\" height=\"200\" srcset=\"https:\/\/www.oulucomics.com\/wp-content\/uploads\/2018\/10\/ss_sm-226x300.jpg 226w, https:\/\/www.oulucomics.com\/wp-content\/uploads\/2018\/10\/ss_sm.jpg 451w\" sizes=\"auto, (max-width: 150px) 100vw, 150px\" \/><img loading=\"lazy\" decoding=\"async\" class=\"size-full wp-image-2956 alignleft\" src=\"http:\/\/www.oulucomics.com\/wp-content\/uploads\/2017\/10\/fi.jpg\" alt=\"fi\" width=\"23\" height=\"20\" \/><\/p>\n<p><a href=\"http:\/\/www.oulucomics.com\/fest\/ohjelmisto-2019\/sprinttistrippi-2019\/\">Lis\u00e4tietoa Sprinttistripin SM kilpailun omalta sivulta...<\/a><\/p>\n<p><img loading=\"lazy\" decoding=\"async\" class=\"alignleft size-full wp-image-2955\" src=\"http:\/\/www.oulucomics.com\/wp-content\/uploads\/2017\/10\/en.jpg\" alt=\"en\" width=\"23\" height=\"20\" \/><\/p>\n<p><a href=\"http:\/\/www.oulucomics.com\/fest\/ohjelmisto-2019\/sprinttistrippi-2019\/\">More information...<\/a><\/p>\n<p><span style=\"text-indent: 0em;\"> <p class=\"wpsm-hide\" style=\"color: #cc0000; font-size: 100%; text-align: left;\"> piilota\/hide<\/p><\/div><\/div><\/span><\/p>\n<h4>12:10 -\u00a0<span style=\"font-weight: 400;\">Laituri: Sami Nyyss\u00f6l\u00e4: Hiilijalanj\u00e4lkeen j\u00e4\u00e4neet<\/span><\/h4>\n<p><div class=\"show_more\"><p class=\"wpsm-show\" style=\"color: #cc0000; font-size: 100%; text-align: left;\"> lis\u00e4\u00e4\/more<\/p><div class=\"wpsm-content\"><\/p>\n<p><img loading=\"lazy\" decoding=\"async\" class=\"alignright wp-image-4163\" src=\"http:\/\/www.oulucomics.com\/wp-content\/uploads\/2019\/10\/nyyssola_hjj-213x300.jpg\" alt=\"nyyssola_hjj\" width=\"150\" height=\"212\" srcset=\"https:\/\/www.oulucomics.com\/wp-content\/uploads\/2019\/10\/nyyssola_hjj-213x300.jpg 213w, https:\/\/www.oulucomics.com\/wp-content\/uploads\/2019\/10\/nyyssola_hjj.jpg 300w\" sizes=\"auto, (max-width: 150px) 100vw, 150px\" \/><img loading=\"lazy\" decoding=\"async\" class=\"alignleft size-full wp-image-2956\" src=\"http:\/\/www.oulucomics.com\/wp-content\/uploads\/2017\/10\/fi.jpg\" alt=\"fi\" width=\"23\" height=\"20\" \/><\/p>\n<p><b>Sami Nyyss\u00f6l\u00e4n<\/b> <i><span style=\"font-weight: 400;\">Hiilijalanj\u00e4lkeen j\u00e4\u00e4neet<\/span><\/i><span style=\"font-weight: 400;\"> (Pokuto, 2019) on sarjakuvaromaani l\u00e4hitulevaisuudesta, jossa ilmaston puolesta ei tarvitse en\u00e4\u00e4 pel\u00e4t\u00e4. Ihmiskunta muuttaa uudelle planeetalle, mutta 12-vuotias Jantta j\u00e4\u00e4 vahingossa yksin maahan. Nyyss\u00f6l\u00e4\u00e4 haastattelemassa Anssi Vieruaho.<\/span><\/p>\n<p><span style=\"color: #0000ff;\"><b>Sami Nyyss\u00f6l\u00e4<\/b><span style=\"font-weight: 400;\">\u2019s graphic novel <\/span><i><span style=\"font-weight: 400;\">Hiilijalanj\u00e4lkeen j\u00e4\u00e4neet <\/span><\/i><span style=\"font-weight: 400;\">(Pokuto, 2019) tells a story set in the not too distant future where people have moved to a new planet because of global climate change. One girl called Jantta is left to Earth alone by accident.<\/span><\/span><\/p>\n<p><i><\/i> <p class=\"wpsm-hide\" style=\"color: #cc0000; font-size: 100%; text-align: left;\"> piilota\/hide<\/p><\/div><\/div><\/p>\n<h4>12:45 -\u00a0<span style=\"font-weight: 400;\">Laituri: Jaana Suorsa: Nauris sateessa<\/span><\/h4>\n<p><div class=\"show_more\"><p class=\"wpsm-show\" style=\"color: #cc0000; font-size: 100%; text-align: left;\"> lis\u00e4\u00e4\/more<\/p><div class=\"wpsm-content\"><\/p>\n<p><img loading=\"lazy\" decoding=\"async\" class=\"alignright wp-image-4164\" src=\"http:\/\/www.oulucomics.com\/wp-content\/uploads\/2019\/10\/suorsa_nauris-265x300.jpg\" alt=\"suorsa_nauris\" width=\"150\" height=\"169\" srcset=\"https:\/\/www.oulucomics.com\/wp-content\/uploads\/2019\/10\/suorsa_nauris-265x300.jpg 265w, https:\/\/www.oulucomics.com\/wp-content\/uploads\/2019\/10\/suorsa_nauris.jpg 300w\" sizes=\"auto, (max-width: 150px) 100vw, 150px\" \/><img loading=\"lazy\" decoding=\"async\" class=\"alignleft size-full wp-image-2956\" src=\"http:\/\/www.oulucomics.com\/wp-content\/uploads\/2017\/10\/fi.jpg\" alt=\"fi\" width=\"23\" height=\"20\" \/><\/p>\n<p><b>Jaana Suorsan<\/b> <i><span style=\"font-weight: 400;\">Nauris sateessa <\/span><\/i><span style=\"font-weight: 400;\">(Kumiorava, 2019)<\/span> <span style=\"font-weight: 400;\">on iloisen v\u00e4rik\u00e4s lorukirja, jonka sivuilla eksoottiset hedelm\u00e4t ja erikoiset el\u00e4imet touhuavat hassuja veikeiden lorujen rytmitt\u00e4min\u00e4. Kuinka sujuu sammakon putkiretki? Mit\u00e4 sanoo kielitaitoinen karambola? Ent\u00e4 kuka mahtaakaan hiipi\u00e4 hillasuolla? N\u00e4it\u00e4 ja monia muita kysymyksi\u00e4 Suorsalle on esitt\u00e4m\u00e4ss\u00e4<\/span><span style=\"font-weight: 400;\"> Reijo Valta<\/span><span style=\"font-weight: 400;\">.<\/span><\/p>\n<p><span style=\"color: #0000ff;\"><span style=\"font-weight: 400;\">Exotic fruits and peculiar animals fool around in the rhythm of playful rhymes in <\/span><i><span style=\"font-weight: 400;\">Nauris sateessa <\/span><\/i><span style=\"font-weight: 400;\">(Kumiorava, 2019) by <\/span><b>Jaana Suorsa<\/b><span style=\"font-weight: 400;\">. How\u2019s a frog traveling through pipes? What does the distinguished linguist, carambola say? These and many more questions will be answered.\u00a0<\/span><\/span><\/p>\n<p><i><\/i> <p class=\"wpsm-hide\" style=\"color: #cc0000; font-size: 100%; text-align: left;\"> piilota\/hide<\/p><\/div><\/div><\/p>\n<h4>13:00 - Pakkala-sali: MOOMINVALLEY \u00a0-movie<\/h4>\n<p><div class=\"show_more\"><p class=\"wpsm-show\" style=\"color: #cc0000; font-size: 100%; text-align: left;\"> lis\u00e4\u00e4\/more<\/p><div class=\"wpsm-content\"><\/p>\n<p><a href=\"http:\/\/www.oulucomics.com\/fest\/ohjelmisto-2019\/sarjakuvapitchaus-2019\/\"><img loading=\"lazy\" decoding=\"async\" class=\"alignleft size-full wp-image-2955\" src=\"http:\/\/www.oulucomics.com\/wp-content\/uploads\/2017\/10\/en.jpg\" alt=\"en\" width=\"23\" height=\"20\" \/><\/a><\/p>\n<p><span style=\"color: #0000ff;\">64 min In English\u00a0<\/span><br \/>\n<span style=\"color: #0000ff;\">NOT FOR PERSONS UNDER 7\u00a0<\/span><\/p>\n<p><span style=\"color: #0000ff;\">Secret of The Hattifatteners\u00a0<\/span><br \/>\n<span style=\"color: #0000ff;\">Night of TheGroke\u00a0<\/span><br \/>\n<span style=\"color: #0000ff;\">GhostStory\u00a0<\/span><\/p>\n<p><span style=\"color: #0000ff;\">FREE ENTRY\u00a0<\/span><br \/>\n <p class=\"wpsm-hide\" style=\"color: #cc0000; font-size: 100%; text-align: left;\"> piilota\/hide<\/p><\/div><\/div><\/p>\n<h4>13:15 -\u00a0Laituri: Juliana Hyrri ja Pauli Kallio<\/h4>\n<p><div class=\"show_more\"><p class=\"wpsm-show\" style=\"color: #cc0000; font-size: 100%; text-align: left;\"> lis\u00e4\u00e4\/more<\/p><div class=\"wpsm-content\"><\/p>\n<p><img loading=\"lazy\" decoding=\"async\" class=\"alignright wp-image-4154\" src=\"http:\/\/www.oulucomics.com\/wp-content\/uploads\/2019\/10\/hyrri_kallio_kallepallosello-253x300.jpg\" alt=\"hyrri_kallio_kallepallosello\" width=\"150\" height=\"178\" srcset=\"https:\/\/www.oulucomics.com\/wp-content\/uploads\/2019\/10\/hyrri_kallio_kallepallosello-253x300.jpg 253w, https:\/\/www.oulucomics.com\/wp-content\/uploads\/2019\/10\/hyrri_kallio_kallepallosello.jpg 300w\" sizes=\"auto, (max-width: 150px) 100vw, 150px\" \/><img loading=\"lazy\" decoding=\"async\" class=\"alignleft size-full wp-image-2956\" src=\"http:\/\/www.oulucomics.com\/wp-content\/uploads\/2017\/10\/fi.jpg\" alt=\"fi\" width=\"23\" height=\"20\" \/><\/p>\n<p><span style=\"font-weight: 400;\">Sarjakuvantekij\u00e4 <\/span><b>Juliana Hyrri<\/b><span style=\"font-weight: 400;\"> ja sarjakuvak\u00e4sikirjoittaja, -k\u00e4\u00e4nt\u00e4j\u00e4 ja -julkaisija <\/span><b>Pauli Kallio<\/b><span style=\"font-weight: 400;\"> saapuvat haastateltavaksi tuoreen lastensarjakuvakirja merkeiss\u00e4 <\/span><i><span style=\"font-weight: 400;\">Kalle, pallo ja sello<\/span><\/i><span style=\"font-weight: 400;\"> (Suuri Kurpitsa, 2019)<\/span><i><span style=\"font-weight: 400;\">.<\/span><\/i><span style=\"font-weight: 400;\"> Teos kertoo alakouluik\u00e4isest\u00e4 Kallesta, joka pelaa jalkapalloa ja soittaa selloa yht\u00e4l\u00e4isell\u00e4 innolla. Kalle tasapainoilee tarinassa iloisesti pallon ja sellon v\u00e4lill\u00e4.<\/span><\/p>\n<p><span style=\"font-weight: 400;\">Juliana Hyrrill\u00e4 on festivaalin aikana n\u00e4yttely Sarjasto -sarjakuvakirjastossa. N\u00e4yttelyn painopisteen\u00e4 on h\u00e4nelt\u00e4 aiemmin t\u00e4n\u00e4 vuonna ilmestynyt sarjakuva-albuminsa <\/span><i><span style=\"font-weight: 400;\">Satakieli joka ei laulanut <\/span><\/i><span style=\"font-weight: 400;\">(Suuri Kurpitsa, 2019). My\u00f6s t\u00e4h\u00e4n teokseen paneudutaan tarkemmin Jyrki Liikan haastattelemana.<\/span><\/p>\n<p><span style=\"color: #0000ff;\"><span style=\"font-weight: 400;\"><img loading=\"lazy\" decoding=\"async\" class=\"alignleft wp-image-4165\" src=\"http:\/\/www.oulucomics.com\/wp-content\/uploads\/2019\/10\/hyrri_satakielijokaeilaulanut-212x300.jpg\" alt=\"hyrri_satakielijokaeilaulanut\" width=\"150\" height=\"212\" srcset=\"https:\/\/www.oulucomics.com\/wp-content\/uploads\/2019\/10\/hyrri_satakielijokaeilaulanut-212x300.jpg 212w, https:\/\/www.oulucomics.com\/wp-content\/uploads\/2019\/10\/hyrri_satakielijokaeilaulanut.jpg 300w\" sizes=\"auto, (max-width: 150px) 100vw, 150px\" \/>Comics artist <\/span><b>Juliana Hyrri<\/b><span style=\"font-weight: 400;\"> and Comic book writer <\/span><b>Pauli Kallio<\/b><span style=\"font-weight: 400;\"> talk about their latest comic book for children: <\/span><i><span style=\"font-weight: 400;\">Kalle, pallo ja sello<\/span><\/i><span style=\"font-weight: 400;\"> (Suuri Kurpitsa, 2019). The book tells a story of Kalle, a primary school student who plays both soccer and chello with equal passion.<\/span><span style=\"font-weight: 400;\"><br \/>\n<\/span><span style=\"font-weight: 400;\"><br \/>\n<\/span><span style=\"font-weight: 400;\">In Comics Library Sarjasto there is an exhibition which displays a comic book by Hyrri published earlier this year called <\/span><i><span style=\"font-weight: 400;\">Satakieli joka ei laulanut <\/span><\/i><span style=\"font-weight: 400;\">(Suuri Kurpitsa, 2019).<\/span><\/span><\/p>\n<p><span style=\"color: #0000ff;\"><span style=\"font-weight: 400;\">Hyrri and Kallio are interviewed by Jyrki Liikka<\/span><b>.<\/b><\/span><\/p>\n<p><i><\/i> <p class=\"wpsm-hide\" style=\"color: #cc0000; font-size: 100%; text-align: left;\"> piilota\/hide<\/p><\/div><\/div><\/p>\n<h4>14:00 -\u00a0Laituri: Keskustelu omael\u00e4m\u00e4nkerrallisuudesta - Ahtinen, Ruottinen, Filppa ja Stoor<\/h4>\n<p><div class=\"show_more\"><p class=\"wpsm-show\" style=\"color: #cc0000; font-size: 100%; text-align: left;\"> lis\u00e4\u00e4\/more<\/p><div class=\"wpsm-content\"><\/p>\n<p><img loading=\"lazy\" decoding=\"async\" class=\"alignleft size-full wp-image-2956\" src=\"http:\/\/www.oulucomics.com\/wp-content\/uploads\/2017\/10\/fi.jpg\" alt=\"fi\" width=\"23\" height=\"20\" \/><\/p>\n<p><span style=\"font-weight: 400;\">Omael\u00e4m\u00e4nkerrallisuudesta ja muista suurista tarinallisista kysymyksist\u00e4 keskustelevat sarjakuvantekij\u00e4t <\/span><b>Lauri Ahtinen<\/b><span style=\"font-weight: 400;\">, <\/span><b>Riika Ruottinen<\/b><span style=\"font-weight: 400;\">, <\/span><b>Harri Filppa<\/b><span style=\"font-weight: 400;\"> ja kirjailija <\/span><b>Jarmo Stoor<\/b><span style=\"font-weight: 400;\">. Keskustelijoiden tuotannosta l\u00f6ytyy keskustelua her\u00e4tt\u00e4neit\u00e4 omael\u00e4m\u00e4nkerrallisia teoksia ja keskustelun aiheet tulevat varmasti olemaan kaikkea el\u00e4m\u00e4n ja kuoleman v\u00e4lilt\u00e4.<\/span><\/p>\n<p><span style=\"font-weight: 400;\"><img loading=\"lazy\" decoding=\"async\" class=\"alignleft wp-image-4166\" src=\"http:\/\/www.oulucomics.com\/wp-content\/uploads\/2019\/10\/ruottinen_pornosijainen-217x300.jpg\" alt=\"ruottinen_pornosijainen\" width=\"150\" height=\"207\" srcset=\"https:\/\/www.oulucomics.com\/wp-content\/uploads\/2019\/10\/ruottinen_pornosijainen-217x300.jpg 217w, https:\/\/www.oulucomics.com\/wp-content\/uploads\/2019\/10\/ruottinen_pornosijainen.jpg 300w\" sizes=\"auto, (max-width: 150px) 100vw, 150px\" \/>Uutuusteoksena esille nousee erityisesti Riika Ruottisen <\/span><i><span style=\"font-weight: 400;\">Porno sijainen - sarjakuvia ty\u00f6el\u00e4m\u00e4st\u00e4 <\/span><\/i><span style=\"font-weight: 400;\">(Pokuto 2019)<\/span><i><span style=\"font-weight: 400;\">. <\/span><\/i><span style=\"font-weight: 400;\">Porno sijainen on n\u00e4hnyt homekoulut, opettajanhuoneiden kahvip\u00f6yd\u00e4t ja kustannustehokkaimmat kotoutumiskoulutukset. Nyt h\u00e4n kertoo, mit\u00e4 on olla oman alansa jakoj\u00e4\u00e4nn\u00f6s, tarvittaessa k\u00e4ytt\u00f6\u00f6n otettava resurssi. Ruottisen omakohtaisiin kokemuksiin pohjaava sarjakuva-albumi k\u00e4sittelee opetusalan p\u00e4tk\u00e4ty\u00f6l\u00e4isyytt\u00e4 ja kuvaa aihetta viistossa valossa. Siin\u00e4 tulee n\u00e4kyviin alan rujo arki niin jokap\u00e4iv\u00e4isen\u00e4 ja vinona kuin se on, mutta my\u00f6s p\u00e4\u00e4henkil\u00f6n herkkyys, joka tahtoo kasvaa annetuista rooleista ja p\u00e4tkist\u00e4 ulos.<\/span><\/p>\n<p><span style=\"font-weight: 400;\">Muilta keskusteluun osallistuvilta tekij\u00f6ilt\u00e4 nostettakoon esille muun muassa. Lauri Ahtisen tuorein omael\u00e4m\u00e4nkerrallinen teos <\/span><i><span style=\"font-weight: 400;\">Erop\u00e4iv\u00e4kirja <\/span><\/i><span style=\"font-weight: 400;\">(Like, 2019)<\/span><i><span style=\"font-weight: 400;\">.<\/span><\/i> <span style=\"font-weight: 400;\">Alkaako Ahtisella kirjassa uusi el\u00e4m\u00e4 t\u00e4ynn\u00e4 biletyst\u00e4 ja vapautta? <\/span><span style=\"font-weight: 400;\">Harri Filpan Sarjakuva-Finlandia-tunnustuspalkinnon ett\u00e4 Botnia-kirjallisuuspalkinnon ehdokkaana ollut <\/span><i><span style=\"font-weight: 400;\">Kuolema meid\u00e4t erotti <\/span><\/i><span style=\"font-weight: 400;\">(Pokuto, 2017). Sarjakuvak\u00e4sikirjoittanakin kunnostautuneen Jarmo Stoorin omael\u00e4m\u00e4nkerrallisesta tuotannosta nostettakoon esille romaani <\/span><i><span style=\"font-weight: 400;\">Sieluh\u00e4kki <\/span><\/i><span style=\"font-weight: 400;\">(Into, 2013).<\/span><\/p>\n<p><img loading=\"lazy\" decoding=\"async\" class=\"alignleft wp-image-3879\" src=\"http:\/\/www.oulucomics.com\/wp-content\/uploads\/2019\/05\/eropva-212x300.jpeg\" alt=\"eropva\" width=\"120\" height=\"170\" srcset=\"https:\/\/www.oulucomics.com\/wp-content\/uploads\/2019\/05\/eropva-212x300.jpeg 212w, https:\/\/www.oulucomics.com\/wp-content\/uploads\/2019\/05\/eropva.jpeg 600w\" sizes=\"auto, (max-width: 120px) 100vw, 120px\" \/><img loading=\"lazy\" decoding=\"async\" class=\"alignleft wp-image-2959\" src=\"http:\/\/www.oulucomics.com\/wp-content\/uploads\/2017\/10\/death_did_us_part-211x300.jpg\" alt=\"death_did_us_part\" width=\"120\" height=\"170\" srcset=\"https:\/\/www.oulucomics.com\/wp-content\/uploads\/2017\/10\/death_did_us_part-211x300.jpg 211w, https:\/\/www.oulucomics.com\/wp-content\/uploads\/2017\/10\/death_did_us_part-768x1090.jpg 768w, https:\/\/www.oulucomics.com\/wp-content\/uploads\/2017\/10\/death_did_us_part-722x1024.jpg 722w, https:\/\/www.oulucomics.com\/wp-content\/uploads\/2017\/10\/death_did_us_part.jpg 874w\" sizes=\"auto, (max-width: 120px) 100vw, 120px\" \/><img loading=\"lazy\" decoding=\"async\" class=\"alignleft wp-image-4167\" src=\"http:\/\/www.oulucomics.com\/wp-content\/uploads\/2019\/10\/stoor_sieluhakki-211x300.jpg\" alt=\"stoor_sieluhakki\" width=\"120\" height=\"170\" srcset=\"https:\/\/www.oulucomics.com\/wp-content\/uploads\/2019\/10\/stoor_sieluhakki-211x300.jpg 211w, https:\/\/www.oulucomics.com\/wp-content\/uploads\/2019\/10\/stoor_sieluhakki.jpg 300w\" sizes=\"auto, (max-width: 120px) 100vw, 120px\" \/><\/p>\n<hr \/>\n<p><span style=\"color: #0000ff;\"><span style=\"font-weight: 400;\">Discussion of autobiography and other huge storytelling things by cartoonist <\/span><b>Lauri Ahtinen<\/b><span style=\"font-weight: 400;\">, <\/span><b>Riika Ruottinen<\/b><span style=\"font-weight: 400;\">, <\/span><b>Harri Filppa<\/b><span style=\"font-weight: 400;\"> and author <\/span><b>Jarmo Stoor<\/b><span style=\"font-weight: 400;\">. Their works contains controversial autobiographical books. The topic of discussion will surely be everything from life to death.<\/span><\/span><\/p>\n<p><span style=\"color: #0000ff;\"><span style=\"font-weight: 400;\">New release at festival is Riika Ruottinen\u2019s graphic novel <\/span><i><span style=\"font-weight: 400;\">Porno sijainen - sarjakuvia ty\u00f6el\u00e4m\u00e4st\u00e4 <\/span><\/i><span style=\"font-weight: 400;\">(Pokuto 2019)<\/span><i><span style=\"font-weight: 400;\">. <\/span><\/i><span style=\"font-weight: 400;\">Personal experiences based album deals with the short-term employment of the education sector and describes the theme in oblique light.<\/span><\/span><\/p>\n<p><span style=\"color: #0000ff;\"><span style=\"font-weight: 400;\">Lauri Ahtinen's recent autobiographical book <\/span><i><span style=\"font-weight: 400;\">Erop\u00e4iv\u00e4kirja<\/span><\/i><span style=\"font-weight: 400;\"> (Like, 2019) is exactly the diary of his divorce. Harri Filppa\u2019s graphic novel <\/span><i><span style=\"font-weight: 400;\">Death Did Us Part<\/span><\/i><span style=\"font-weight: 400;\"> (Pokuto, 2017) <\/span><span style=\"font-weight: 400;\">tells a story of a young widowed man. The book is based on the artist\u2019s notes \u2013 writings, drawings and comics that were created during the grief process. Book was Comics Finlandia nominee and Botnia literary prize nominee in year 2018. <\/span><span style=\"font-weight: 400;\">Author and nowadays also comic book writer Jarmo Stoor\u2019s production contains a lot of autobiographical books. The novel <\/span><i><span style=\"font-weight: 400;\">Sieluh\u00e4kki<\/span><\/i><span style=\"font-weight: 400;\"> (Into, 2013) can be highlighted.<\/span><\/span><\/p>\n<p><i><\/i> <p class=\"wpsm-hide\" style=\"color: #cc0000; font-size: 100%; text-align: left;\"> piilota\/hide<\/p><\/div><\/div><\/p>\n<h4>14:45 -\u00a0Laituri: Politiikkaa sarjakuvissa: Keijo Ahlqvist ja Sira Moksi<\/h4>\n<p><div class=\"show_more\"><p class=\"wpsm-show\" style=\"color: #cc0000; font-size: 100%; text-align: left;\"> lis\u00e4\u00e4\/more<\/p><div class=\"wpsm-content\"><\/p>\n<p><img loading=\"lazy\" decoding=\"async\" class=\"alignleft size-full wp-image-2956\" src=\"http:\/\/www.oulucomics.com\/wp-content\/uploads\/2017\/10\/fi.jpg\" alt=\"fi\" width=\"23\" height=\"20\" \/><\/p>\n<p><span style=\"font-weight: 400;\">Sarjakuvien polittiisiin teemoihin viritt\u00e4ydyt\u00e4\u00e4n <\/span><b>Keijo Ahlqvistin<\/b><span style=\"font-weight: 400;\"> ja <\/span><b>Sira Moksin<\/b><span style=\"font-weight: 400;\"> keskustelussa, jota vet\u00e4\u00e4 Reijo Valta.\u00a0<\/span><\/p>\n<p>Festivaaliuutuutena p\u00e4iv\u00e4nvalon n\u00e4kee Keijo Ahlqvistin <i>Kaunakirja <\/i>(Zum Teufel, 2019)<i>.<\/i><\/p>\n<p><span style=\"font-weight: 400;\">Sarjakuvataiteilija ja sarjakuvaneuvos Keijo Ahlqvistin jo ennen ilmestymist\u00e4\u00e4n mieli\u00e4 pahoittaneen teoksen <\/span><i><span style=\"font-weight: 400;\">K ei joo<\/span><\/i><span style=\"font-weight: 400;\"> (T\u00e4ysi K\u00e4si, 2019) satiirivisiot ja sarjakuvarunoelmat haastavat vakiintuneet k\u00e4sitykset ja herjaavat niit\u00e4, jotka esiintyv\u00e4t toisia parempina ja k\u00e4yv\u00e4t v\u00e4kivalloin viattomien kimppuun. Kokoelma on ilke\u00e4 parkaisu suoraan lukijan silmille.<\/span><\/p>\n<p><img loading=\"lazy\" decoding=\"async\" class=\"wp-image-4211 alignleft\" src=\"http:\/\/www.oulucomics.com\/wp-content\/uploads\/2019\/10\/keijo_kaunakirja-210x300.jpg\" alt=\"keijo_kaunakirja\" width=\"140\" height=\"200\" srcset=\"https:\/\/www.oulucomics.com\/wp-content\/uploads\/2019\/10\/keijo_kaunakirja-210x300.jpg 210w, https:\/\/www.oulucomics.com\/wp-content\/uploads\/2019\/10\/keijo_kaunakirja.jpg 300w\" sizes=\"auto, (max-width: 140px) 100vw, 140px\" \/><img loading=\"lazy\" decoding=\"async\" class=\"alignleft wp-image-4168\" src=\"http:\/\/www.oulucomics.com\/wp-content\/uploads\/2019\/10\/keijoo.jpg\" alt=\"keijoo\" width=\"200\" height=\"200\" srcset=\"https:\/\/www.oulucomics.com\/wp-content\/uploads\/2019\/10\/keijoo.jpg 300w, https:\/\/www.oulucomics.com\/wp-content\/uploads\/2019\/10\/keijoo-150x150.jpg 150w\" sizes=\"auto, (max-width: 200px) 100vw, 200px\" \/><img loading=\"lazy\" decoding=\"async\" class=\"alignleft wp-image-4169\" src=\"http:\/\/www.oulucomics.com\/wp-content\/uploads\/2019\/10\/moksi_koyhiensota.jpg\" alt=\"moksi_koyhiensota\" width=\"200\" height=\"200\" srcset=\"https:\/\/www.oulucomics.com\/wp-content\/uploads\/2019\/10\/moksi_koyhiensota.jpg 300w, https:\/\/www.oulucomics.com\/wp-content\/uploads\/2019\/10\/moksi_koyhiensota-150x150.jpg 150w\" sizes=\"auto, (max-width: 200px) 100vw, 200px\" \/><\/p>\n<hr \/>\n<p><span style=\"font-weight: 400;\">Sira Moksin teos <\/span><i><span style=\"font-weight: 400;\">K\u00f6yhien sota <\/span><\/i><span style=\"font-weight: 400;\">(T\u00e4ysi K\u00e4si, 2019) sis\u00e4lt\u00e4\u00e4 poliittisia pilakuvia. Perinteiset suomalaiset pilakuvat kiteytt\u00e4v\u00e4t sanomansa vitsiksi, joka hym\u00e4hdytt\u00e4\u00e4 lukijaa, mutta Sira Moksin kuvat eiv\u00e4t edusta perinteisint\u00e4 linjaa. Ne ottavat aiheensa henkil\u00f6kohtaisesti, iskev\u00e4t avok\u00e4mmenell\u00e4 p\u00e4in n\u00e4k\u00f6\u00e4 ja naurattavat harvoin. Vitsit j\u00e4\u00e4v\u00e4t kurkkuun, kun taiteilija suolistaa kohteensa todellisen olemuksen kaiken kansan n\u00e4ht\u00e4v\u00e4ksi.<\/span><\/p>\n<p><span style=\"color: #0000ff;\"><b>Keijo Ahlqvist <\/b><span style=\"font-weight: 400;\">and <\/span><b>Sira Moksi <\/b><span style=\"font-weight: 400;\">discuss about politics in comics.\u00a0<\/span><\/span><\/p>\n<p><span style=\"color: #0000ff;\"><span style=\"font-weight: 400;\">A lot of people got their feelings hurt even before Ahlqvist\u2019s comic book <\/span><i><span style=\"font-weight: 400;\">K ei joo <\/span><\/i><span style=\"font-weight: 400;\">(T\u00e4ysi k\u00e4si, 2019) hit the shelves. Satirical visions and sequential poems of K ei joo challenge the established conventions. They defame those who put themselves above everyone else and hurt the innocent.<\/span><\/span><\/p>\n<p><span style=\"color: #0000ff;\"><span style=\"font-weight: 400;\">Political cartoons in <\/span><i><span style=\"font-weight: 400;\">K\u00f6yhien sota <\/span><\/i><span style=\"font-weight: 400;\">(T\u00e4ysi K\u00e4si, 2019) by Sira Moksi, don\u2019t represent the traditional finnish satirical cartoons. They take their topics personally, hit the reader right in the face and rarely make you laugh. The artist slaughters reality for all the people to see.<\/span><\/span><\/p>\n<p><i><\/i> <p class=\"wpsm-hide\" style=\"color: #cc0000; font-size: 100%; text-align: left;\"> piilota\/hide<\/p><\/div><\/div><\/p>\n<h4>15:30 -\u00a0Laituri: John S. Jamtli and Ola Olsen Lysgaard (Norway)<\/h4>\n<p><div class=\"show_more\"><p class=\"wpsm-show\" style=\"color: #cc0000; font-size: 100%; text-align: left;\"> lis\u00e4\u00e4\/more<\/p><div class=\"wpsm-content\"><\/p>\n<p><img loading=\"lazy\" decoding=\"async\" class=\"alignleft size-full wp-image-2955\" src=\"http:\/\/www.oulucomics.com\/wp-content\/uploads\/2017\/10\/en.jpg\" alt=\"en\" width=\"23\" height=\"20\" \/><i><\/i><\/p>\n<p><span style=\"color: #0000ff;\"><b>John S. Jamtli<\/b><span style=\"font-weight: 400;\"> and <\/span><b>Ola Lysgaard<\/b><span style=\"font-weight: 400;\"> present contemporary Norwegian comics through their own works. Lauri Ahtinen is interviewing artists.<\/span><\/span><\/p>\n<p><span style=\"color: #0000ff;\"><b><img loading=\"lazy\" decoding=\"async\" class=\"alignleft wp-image-4183\" src=\"http:\/\/www.oulucomics.com\/wp-content\/uploads\/2019\/10\/John_S_Jamtli-300x190.jpg\" alt=\"John_S_Jamtli\" width=\"332\" height=\"210\" \/><br \/>\n<\/b><\/span><\/p>\n<hr \/>\n<p><span style=\"color: #0000ff;\"><b><img loading=\"lazy\" decoding=\"async\" class=\"wp-image-4184 alignright\" src=\"http:\/\/www.oulucomics.com\/wp-content\/uploads\/2019\/10\/john_s_jamtli_sabotor.jpg\" alt=\"john_s_jamtli_sabotor\" width=\"155\" height=\"210\" \/>John Sigvart Jamtli <\/b><span style=\"font-weight: 400;\">(Norway) is a comic book creator and an illustrator. From 2007 he has worked as an illustrator on a variety of projects like for example; GI- Joe action figures, The Sims social, and the Hansel and Grethel: Witch hunters movie, but from 2016 he has focused more and more on writing and illustrating comic books. His latest album is <\/span><i><span style=\"font-weight: 400;\">Sabot\u00f8r - Operasjon Muskedunder<\/span><\/i><span style=\"font-weight: 400;\"> (Cappelen Damm, 2019).\u00a0<\/span><\/span><\/p>\n<p><img loading=\"lazy\" decoding=\"async\" class=\"wp-image-4185 alignleft\" src=\"http:\/\/www.oulucomics.com\/wp-content\/uploads\/2019\/10\/Ola-Photo_by_\u00c5dne_Dyrnesli-300x300.jpg\" alt=\"Ola-Photo_by_\u00c5dne_Dyrnesli\" width=\"210\" height=\"210\" srcset=\"https:\/\/www.oulucomics.com\/wp-content\/uploads\/2019\/10\/Ola-Photo_by_\u00c5dne_Dyrnesli-300x300.jpg 300w, https:\/\/www.oulucomics.com\/wp-content\/uploads\/2019\/10\/Ola-Photo_by_\u00c5dne_Dyrnesli-150x150.jpg 150w, https:\/\/www.oulucomics.com\/wp-content\/uploads\/2019\/10\/Ola-Photo_by_\u00c5dne_Dyrnesli-768x768.jpg 768w, https:\/\/www.oulucomics.com\/wp-content\/uploads\/2019\/10\/Ola-Photo_by_\u00c5dne_Dyrnesli.jpg 960w\" sizes=\"auto, (max-width: 210px) 100vw, 210px\" \/><\/p>\n<hr \/>\n<p><span style=\"color: #0000ff;\"><b>Ola Lysgaard<\/b><span style=\"font-weight: 400;\"> (Norway) is a comic book artist with a wide range of both drawing styles and comic projects. In the past he has made everything from humor comics for newspapers to action-fantasy published on <\/span><i><span style=\"font-weight: 400;\">\u00dcberpress<\/span><\/i><span style=\"font-weight: 400;\">, but these days his work is more art-comic focused, with a passion for experimenting in the comic medium. His latest books were a collection of shorter stories and a book commissioned by the Norwegian government to explain the art of Haukeland Hospital to the admitted teenagers. Although comics is the main passion, he also does work in related fields like animation, design, public installation and illustration, and his style is mostly defined by this mix of ever-changing influences.<\/span><\/span><\/p>\n<p><span style=\"font-weight: 400;\">Norjalaista nykyp\u00e4iv\u00e4n sarjakuvaa festivaalilla tuovat omien t\u00f6idens\u00e4 v\u00e4lityksell\u00e4 esille <\/span><b>John S. Jamtli<\/b><span style=\"font-weight: 400;\"> ja <\/span><b>Ola Lysgaard<\/b><span style=\"font-weight: 400;\">.\u00a0T<\/span><span style=\"font-weight: 400;\">aiteilijoita haastattelemassa Lauri Ahtinen.<\/span><\/p>\n<p><b>John S. Jamtli <\/b><span style=\"font-weight: 400;\">(Norja) on sarjakuvataiteilija, joka on toiminut kuvittajana useissa erilaisissa projekteissa. Vuodesta 2016 l\u00e4htien h\u00e4n on toiminut yh\u00e4 enemm\u00e4n sarjakuvantekij\u00e4n\u00e4: sek\u00e4 piirt\u00e4j\u00e4n\u00e4 ett\u00e4 k\u00e4sikirjoittajana. H\u00e4nen uusin albuminsa on juuri ilmestynyt <\/span><i><span style=\"font-weight: 400;\">Sabot\u00f8r - Operasjon Muskedunder<\/span><\/i><span style=\"font-weight: 400;\"> (Cappelen Damm, 2019).<\/span><\/p>\n<p><span style=\"font-weight: 400;\">Sarjakuvantekij\u00e4 <\/span><b>Ola Lysgaardilla<\/b><span style=\"font-weight: 400;\"> (Norja) on useita piirrostyylej\u00e4 hallussaan ja useita sarjakuvaprojekteja harteillaan. Uransa aikana h\u00e4n on luonut huumorisarjakuvaa sanomalehdille ja toimintafantasiaa \u00dcberpress -sarjakuvamedialle. T\u00e4n\u00e4 p\u00e4iv\u00e4n\u00e4 Lysgaard keskittyy enemm\u00e4n taidesarjakuvaan, intohimonaan sarjakuvailmaisulla kokeilu. H\u00e4nen viimeisimm\u00e4t kirjansa ovat Norjan hallituksen tilaamia teineille kohdennettuja antologioita. Sarjakuva on Lysgaardin todellinen intohimo, mutta h\u00e4n ty\u00f6skentelee my\u00f6s animaation, suunnittelun, installaation ja kuvituksen parissa.<\/span><\/p>\n<p> <p class=\"wpsm-hide\" style=\"color: #cc0000; font-size: 100%; text-align: left;\"> piilota\/hide<\/p><\/div><\/div><\/p>\n<h4>15:30 -\u00a0<span style=\"font-weight: 400;\">Pakkala-sali: Apurahakeskustelu<\/span><\/h4>\n<p><div class=\"show_more\"><p class=\"wpsm-show\" style=\"color: #cc0000; font-size: 100%; text-align: left;\"> lis\u00e4\u00e4\/more<\/p><div class=\"wpsm-content\"><\/p>\n<p><img loading=\"lazy\" decoding=\"async\" class=\"alignleft size-full wp-image-2956\" src=\"http:\/\/www.oulucomics.com\/wp-content\/uploads\/2017\/10\/fi.jpg\" alt=\"fi\" width=\"23\" height=\"20\" \/><\/p>\n<p><span style=\"font-weight: 400;\">Apurahahakemuksen k\u00e4sittelyprosessi ja arviointikriteerit her\u00e4tt\u00e4v\u00e4t aina keskustelua hakijoiden keskuudessa. Keskustelemassa hyv\u00e4n hakemuksen rakentamisesta visuaalisen taiteen n\u00e4k\u00f6kulmasta Sarjakuvan l\u00e4\u00e4nintaiteilija <\/span><b>Ville Pirinen<\/b><span style=\"font-weight: 400;\">, Pohjois-Pohjanmaan ja Kainuun taidetoimikunnan varapuheenjohtaja <\/span><b>Alla R\u00e4is\u00e4nen<\/b><span style=\"font-weight: 400;\"> (toiminnanjohtaja) ja Visuaalisten taiteiden toimikunnan j\u00e4sen <\/span><b>Kari S\u00f6d\u00f6<\/b><span style=\"font-weight: 400;\"> (kuvataiteilija).<\/span><\/p>\n<p><span style=\"color: #0000ff;\"><span style=\"font-weight: 400;\">Arts Promotion Centre Finland\u2019s grant forum focuses on applying fundings for visual arts, the decision process and the evaluation criterias. The discussion is in Finnish and participants are Arts Promotion Centre Finland\u2019s regional artist of comics <\/span><b>Ville Pirinen<\/b><span style=\"font-weight: 400;\">, Deputy Chairperson of Arts Council of Northern Ostrobothnia and Kainuu <\/span><b>Alla R\u00e4is\u00e4nen<\/b><span style=\"font-weight: 400;\"> (Executive Director)<\/span><span style=\"font-weight: 400;\"> and Member of National Council for the Visual Arts <\/span><b>Kari S\u00f6d\u00f6<\/b><span style=\"font-weight: 400;\"> (Artist).<\/span><\/span><\/p>\n<p><i><\/i> <p class=\"wpsm-hide\" style=\"color: #cc0000; font-size: 100%; text-align: left;\"> piilota\/hide<\/p><\/div><\/div><\/p>\n<h4>16:10 -\u00a0Laituri: ILLUSTORY - Alexander Cornix, Elena Gnedkova and Kristina Takarchuk (Russia)<\/h4>\n<p><div class=\"show_more\"><p class=\"wpsm-show\" style=\"color: #cc0000; font-size: 100%; text-align: left;\"> lis\u00e4\u00e4\/more<\/p><div class=\"wpsm-content\"><\/p>\n<p><img loading=\"lazy\" decoding=\"async\" class=\"alignleft size-full wp-image-2955\" src=\"http:\/\/www.oulucomics.com\/wp-content\/uploads\/2017\/10\/en.jpg\" alt=\"en\" width=\"23\" height=\"20\" \/><i><\/i><\/p>\n<p><span style=\"color: #0000ff;\"><span style=\"font-weight: 400;\"><img loading=\"lazy\" decoding=\"async\" class=\"alignright wp-image-4213\" src=\"http:\/\/www.oulucomics.com\/wp-content\/uploads\/2019\/10\/illustory.jpg\" alt=\"illustory\" width=\"200\" height=\"200\" srcset=\"https:\/\/www.oulucomics.com\/wp-content\/uploads\/2019\/10\/illustory.jpg 300w, https:\/\/www.oulucomics.com\/wp-content\/uploads\/2019\/10\/illustory-150x150.jpg 150w\" sizes=\"auto, (max-width: 200px) 100vw, 200px\" \/>ILLUSTORY is a group of artists from Russia. They work in different art techniques and often collaborate with each other. <\/span><b>Elena Gnedkova<\/b><span style=\"font-weight: 400;\"> and <\/span><b>Alexander Cornix<\/b><span style=\"font-weight: 400;\"> have been working together for more than ten years.\u00a0<\/span><\/span><\/p>\n<p><span style=\"color: #0000ff;\"><span style=\"font-weight: 400;\">Now they have a new member <\/span><b>Kristina Takarchuk<\/b><span style=\"font-weight: 400;\">, who took a huge part in <\/span><i><span style=\"font-weight: 400;\">Journey Journal: Scandinavian Summer<\/span><\/i><span style=\"font-weight: 400;\">\u00a0(Illustory, 2019) -comic book which will be presented for the first time in English at Oulu Comics Festival.<\/span><\/span><\/p>\n<p><span style=\"font-weight: 400; color: #0000ff;\">These artists working nowadays as freelance illustrators, creating cozy and magical illustrations for children's books, board games, postcards and magazines. In the last five years they have participated in lots of exhibitions and festivals, including New York Expo, Comic Con Russia, Comic Con Saint Petersburg, PolarCon, StarCon, EpicCon, many others and now at Oulu Comics Festival. ILLUSTORY have own table at Comics Oasis.<\/span><\/p>\n<p><span style=\"color: #0000ff;\">The artists\u00a0are interviewed by Jarkko Korpua.<\/span><\/p>\n<p><span style=\"font-weight: 400;\"><img loading=\"lazy\" decoding=\"async\" class=\"aligncenter size-full wp-image-4214\" src=\"http:\/\/www.oulucomics.com\/wp-content\/uploads\/2019\/10\/illustory-journey_journal_scandinavian_summer.jpg\" alt=\"illustory-journey_journal_scandinavian_summer\" width=\"300\" height=\"300\" srcset=\"https:\/\/www.oulucomics.com\/wp-content\/uploads\/2019\/10\/illustory-journey_journal_scandinavian_summer.jpg 300w, https:\/\/www.oulucomics.com\/wp-content\/uploads\/2019\/10\/illustory-journey_journal_scandinavian_summer-150x150.jpg 150w\" sizes=\"auto, (max-width: 300px) 100vw, 300px\" \/>ILLUSTORY on taiteilijakollektiivi Ven\u00e4j\u00e4lt\u00e4. <\/span><b>Elena Gnedkova<\/b><span style=\"font-weight: 400;\"> ja <\/span><b>Alexander Cornix<\/b><span style=\"font-weight: 400;\"> ovat ty\u00f6skennelleet yhdess\u00e4 jo yli vuosikymmenen. Ryhm\u00e4n uusin j\u00e4sen on <\/span><b>Kristina Takarchuk<\/b><span style=\"font-weight: 400;\">.<\/span> <span style=\"font-weight: 400;\">H\u00e4nell\u00e4 on ollut merkitt\u00e4v\u00e4 rooli <\/span><i><span style=\"font-weight: 400;\">Journey Journal: Scandinavian Summer <\/span><\/i><span style=\"font-weight: 400;\">(Illustory, 2019)\u00a0<\/span><span style=\"font-weight: 400;\">-sarjakuvakirjan tekemisess\u00e4. Kirjan englanninkielinen painos n\u00e4kee p\u00e4iv\u00e4n valon ensimm\u00e4ist\u00e4 kertaa Oulun Sarjakuvafestivaalilla.<\/span><\/p>\n<p><span style=\"font-weight: 400;\">Useita sarjakuvafestivaaleja kiert\u00e4neen taiteilijaryhm\u00e4n j\u00e4senet toimivat freelancer -kuvittajina. Heid\u00e4n tuotantoonsa kuuluu lastenkirjoja, lautapelej\u00e4, postikortteja ja lehti\u00e4. L\u00f6yd\u00e4t ILLUSTORYn p\u00f6yd\u00e4n Sarjakuvakeitaalta.<\/span><\/p>\n<p>Taiteilijoita haastattelee Jarkko Korpua.<\/p>\n<p> <p class=\"wpsm-hide\" style=\"color: #cc0000; font-size: 100%; text-align: left;\"> piilota\/hide<\/p><\/div><\/div><\/p>\n<h4>16:50 - Laituri:\u00a0<span style=\"font-weight: 400;\">Allan Haverholm and Karoline Stjernfelt (Denmark)<\/span><\/h4>\n<p><div class=\"show_more\"><p class=\"wpsm-show\" style=\"color: #cc0000; font-size: 100%; text-align: left;\"> lis\u00e4\u00e4\/more<\/p><div class=\"wpsm-content\"><\/p>\n<p><img loading=\"lazy\" decoding=\"async\" class=\"alignleft size-full wp-image-2955\" src=\"http:\/\/www.oulucomics.com\/wp-content\/uploads\/2017\/10\/en.jpg\" alt=\"en\" width=\"23\" height=\"20\" \/><i><\/i><\/p>\n<p><span style=\"color: #0000ff;\"><b>Allan Haverholm<\/b><span style=\"font-weight: 400;\"> and <\/span><b>Karoline Stjernfelt<\/b><span style=\"font-weight: 400;\"> (Denmark) are comic artists both originally from Denmark. As artists they have very different styles. Artists are interviewed together about their creative work by the acclaimed comic artist Mari Ahokoivu who also has lived in Denmark for many years.<\/span><\/span><\/p>\n<p><img loading=\"lazy\" decoding=\"async\" class=\"wp-image-4171 size-full alignleft\" src=\"http:\/\/www.oulucomics.com\/wp-content\/uploads\/2019\/10\/Karoline_Stjernfelt2.jpg\" width=\"300\" height=\"300\" srcset=\"https:\/\/www.oulucomics.com\/wp-content\/uploads\/2019\/10\/Karoline_Stjernfelt2.jpg 300w, https:\/\/www.oulucomics.com\/wp-content\/uploads\/2019\/10\/Karoline_Stjernfelt2-150x150.jpg 150w\" sizes=\"auto, (max-width: 300px) 100vw, 300px\" \/><img loading=\"lazy\" decoding=\"async\" class=\"alignleft size-medium wp-image-4182\" src=\"http:\/\/www.oulucomics.com\/wp-content\/uploads\/2019\/10\/I-morgen-bliver-bedre-214x300.jpg\" alt=\"I-morgen-bliver-bedre\" width=\"214\" height=\"300\" srcset=\"https:\/\/www.oulucomics.com\/wp-content\/uploads\/2019\/10\/I-morgen-bliver-bedre-214x300.jpg 214w, https:\/\/www.oulucomics.com\/wp-content\/uploads\/2019\/10\/I-morgen-bliver-bedre.jpg 500w\" sizes=\"auto, (max-width: 214px) 100vw, 214px\" \/><\/p>\n<hr \/>\n<p><span style=\"color: #0000ff;\"><span style=\"font-weight: 400;\">Karoline Stjernfelt is <\/span><span style=\"font-weight: 400;\">comic book artist and illustrator and <\/span><span style=\"font-weight: 400;\">working in Copenhagen, Denmark. Her main body of work is the critically acclaimed 18th century graphic novel trilogy, <\/span><i><span style=\"font-weight: 400;\">I Morgen Bliver Bedre (english: Tomorrow Will Be Better) <\/span><\/i><span style=\"font-weight: 400;\">(Cobolt, 2015). <\/span><span style=\"font-weight: 400;\">It is a dramatic story about love, lust, power and an impossible quest for freedom.<\/span><span style=\"font-weight: 400;\"> She is currently working on the second volume.<\/span><\/span><\/p>\n<p><span style=\"font-weight: 400; color: #0000ff;\"><img loading=\"lazy\" decoding=\"async\" class=\"size-medium wp-image-4170 aligncenter\" src=\"http:\/\/www.oulucomics.com\/wp-content\/uploads\/2019\/10\/Allan_Haverholm_photo-300x200.jpg\" alt=\"Allan_Haverholm_photo\" width=\"300\" height=\"200\" \/>Allan Haverholm is a visual artist (MA, Visual Culture) working to expand practices and erase disciplinary borders. He started out in comics a couple of decades ago and, although he has long abandoned the cultural genre aspects of comics, their formal basis persist in his work: montage and accumulative juxtaposition of visual elements.<\/span><\/p>\n<p><span style=\"font-weight: 400; color: #0000ff;\">Juxtaposition serves as a visual model of abstract concepts such as the combinatory nature of creative processes, and the sometimes fraught means of conveying subjective experience between people.<\/span><\/p>\n<p><span style=\"font-weight: 400; color: #0000ff;\">Through reduction of motive and narrative, Haverholm has arrived at his current non-figurative collage work. He sees that development as a freedom to express oneself in a form unfettered by story or linearity \u2013 a reading experience more like that of maps than of text, and as an exploration rather than finding the quickest way from A to B.<\/span><\/p>\n<p><span style=\"font-weight: 400; color: #0000ff;\">He creates worlds for a reader to get lost and find their own way in. Haverholm remains fascinated with printed and bound media, which he considers pocket (or coffee table) galleries.<\/span><\/p>\n<p><b>Allan Haverholmin<\/b><span style=\"font-weight: 400;\"> ja <\/span><b>Karoline Stjernfeltin<\/b><span style=\"font-weight: 400;\"> (Tanska) tuotannot erottuvat toisistaan, mutta nykyp\u00e4iv\u00e4n\u00e4 K\u00f6\u00f6penhaminassa ty\u00f6skentelev\u00e4n oululaisl\u00e4ht\u00f6isen sarjakuvantekij\u00e4 Mari Ahokoivun haastattelussa k\u00e4yd\u00e4\u00e4n luovasti l\u00e4vitse molempien taiteilijoiden luovaa ty\u00f6skentely\u00e4.<\/span><\/p>\n<p><span style=\"font-weight: 400;\">Karoline Stjernfelt on K\u00f6\u00f6penhaminassa toimiva sarjakuvataiteilija ja kuvittaja. H\u00e4nen uransa p\u00e4\u00e4teoksena voi pit\u00e4\u00e4 kriitikkojen ylist\u00e4m\u00e4\u00e4 sarjakuvaromaanitrilogiaa <\/span><i><span style=\"font-weight: 400;\">I Morgen Bliver Bedre <\/span><\/i><span style=\"font-weight: 400;\">(Cobolt, 2015)<\/span><i><span style=\"font-weight: 400;\">, <\/span><\/i><span style=\"font-weight: 400;\">joka on dramaattinen tarina rakkaudesta, himosta, vallasta ja ep\u00e4toivoisesta vapauden tavoittelusta. Stjernfelt ty\u00f6st\u00e4\u00e4 parhaillaan sarjan toista osaa.<\/span><\/p>\n<p><span style=\"font-weight: 400;\">Allan Haverholm on rajoja rikkova ja k\u00e4yt\u00e4nt\u00f6\u00e4 laajentava kuvataiteilija. Jo muutaman vuosikymmenen ajan sarjakuvantekij\u00e4n\u00e4 toiminut Haverholm on hyl\u00e4nnyt vakiintuneet sarjakuvan genret vaikka toisaalta niiden peruspohja s\u00e4ilyy h\u00e4nen tuotannossaan visuaalisten elementtien montaasin ja akkumulatiivisen jukstaposition muodossa. <\/span><span style=\"font-weight: 400;\"><br \/>\n<\/span><span style=\"font-weight: 400;\"><br \/>\n<\/span><span style=\"font-weight: 400;\">Haverholm luo maailmoja, joihin lukija saattaa eksy\u00e4 joutuen l\u00f6yt\u00e4m\u00e4\u00e4n itse tiens\u00e4 ulos. Taiteilija on on yh\u00e4 lumoutunut painetusta ja sidotusta mediasta.<\/span><\/p>\n<p> <p class=\"wpsm-hide\" style=\"color: #cc0000; font-size: 100%; text-align: left;\"> piilota\/hide<\/p><\/div><\/div><\/p>\n<h4>17:00 - Pakkala-sali:\u00a0Sprinttistripin SM 2019 - palkintojenjako<\/h4>\n<p><div class=\"show_more\"><p class=\"wpsm-show\" style=\"color: #cc0000; font-size: 100%; text-align: left;\"> lis\u00e4\u00e4\/more<\/p><div class=\"wpsm-content\"><\/p>\n<p><img loading=\"lazy\" decoding=\"async\" class=\"alignleft size-full wp-image-2956\" src=\"http:\/\/www.oulucomics.com\/wp-content\/uploads\/2017\/10\/fi.jpg\" alt=\"fi\" width=\"23\" height=\"20\" \/><\/p>\n<p><i><\/i> <p class=\"wpsm-hide\" style=\"color: #cc0000; font-size: 100%; text-align: left;\"> piilota\/hide<\/p><\/div><\/div><\/p>\n<h4>17:30 -\u00a0Laituri: Aapo Kukko: Karmea tarina &amp; Sosialisti ja nihilisti<\/h4>\n<p><div class=\"show_more\"><p class=\"wpsm-show\" style=\"color: #cc0000; font-size: 100%; text-align: left;\"> lis\u00e4\u00e4\/more<\/p><div class=\"wpsm-content\"><\/p>\n<p><img loading=\"lazy\" decoding=\"async\" class=\"alignleft size-full wp-image-2956\" src=\"http:\/\/www.oulucomics.com\/wp-content\/uploads\/2017\/10\/fi.jpg\" alt=\"fi\" width=\"23\" height=\"20\" \/><\/p>\n<p><span style=\"font-weight: 400;\">Sarjakuvataiteilija <\/span><b>Aapo Kukko<\/b><span style=\"font-weight: 400;\"> avaa sarjakuvataiteensa saloja k\u00e4sikirjoittamisen kautta. T\u00e4n\u00e4 syksyn\u00e4 Kukolta ovat ilmestyneet teokset <\/span><i><span style=\"font-weight: 400;\">Karmea tarina \u2013 Kertomus Kongosta<\/span><\/i><span style=\"font-weight: 400;\"> (Zum Teufel, 2019) ja <\/span><i><span style=\"font-weight: 400;\">Sosialisti ja nihilisti <\/span><\/i><span style=\"font-weight: 400;\">(Arktinen Banaani \/ Zum Teufel \/ T\u00e4ysi K\u00e4si, 2019).\u00a0<\/span><span style=\"font-weight: 400;\"><br \/>\nTuottelias vuonna 1991 syntynyt taiteilija on toteuttanut urallaan jo lukuisia teoksia, joissa k\u00e4sitell\u00e4\u00e4n yksil\u00f6\u00e4 isojen tapahtumien \u00e4\u00e4rell\u00e4. Sotaisan kuvaston taustalta l\u00f6ytyy kuitenkin rauhallinen ja mietteli\u00e4s k\u00e4sikirjoittaja ja sarjakuvataiteilija, joka pohtii muun muassa puhekuplien pelkistetty\u00e4 kielt\u00e4 ja kuvan symmetriaa. Kukkoa haastattelee vapaa kriitikko Matti A. Kemi.<\/span><\/p>\n<p><span style=\"font-weight: 400;\">Karmea tarina kertoo ajasta, jolloin Kongon vapaavaltio oli Belgian kuninkaan Leopold II:n yksityinen maa-alue Afrikassa vuosina 1885\u20131908. Siell\u00e4 tapahtui karmeita asioita. Teoksen p\u00e4\u00e4henkil\u00f6 on pappi, joka n\u00e4kee maassa tapahtuvan kuoleman ja h\u00e4vityksen. Miksi t\u00e4m\u00e4n annetaan tapahtua ja kuka siihen voi puuttua?<\/span><\/p>\n<p><img loading=\"lazy\" decoding=\"async\" class=\"alignleft wp-image-4215\" src=\"http:\/\/www.oulucomics.com\/wp-content\/uploads\/2019\/10\/aapo_kukko_karmea_tarina-kertomuskongosta-208x300.jpg\" alt=\"aapo_kukko_karmea_tarina-kertomuskongosta\" width=\"149\" height=\"215\" srcset=\"https:\/\/www.oulucomics.com\/wp-content\/uploads\/2019\/10\/aapo_kukko_karmea_tarina-kertomuskongosta-208x300.jpg 208w, https:\/\/www.oulucomics.com\/wp-content\/uploads\/2019\/10\/aapo_kukko_karmea_tarina-kertomuskongosta.jpg 300w\" sizes=\"auto, (max-width: 149px) 100vw, 149px\" \/><img loading=\"lazy\" decoding=\"async\" class=\"alignleft wp-image-3925\" src=\"http:\/\/www.oulucomics.com\/wp-content\/uploads\/2019\/07\/Aapo-Kukko-Sosialisti-ja-nihilisti-210x300.jpg\" alt=\"Aapo-Kukko-Sosialisti-ja-nihilisti\" width=\"150\" height=\"215\" srcset=\"https:\/\/www.oulucomics.com\/wp-content\/uploads\/2019\/07\/Aapo-Kukko-Sosialisti-ja-nihilisti-210x300.jpg 210w, https:\/\/www.oulucomics.com\/wp-content\/uploads\/2019\/07\/Aapo-Kukko-Sosialisti-ja-nihilisti.jpg 700w\" sizes=\"auto, (max-width: 150px) 100vw, 150px\" \/><\/p>\n<hr \/>\n<p><span style=\"font-weight: 400;\">Sosialisti ja nihilisti on sarjakuvaromaani kahden sotatraumojensa kanssa painiskelevan taiteilijan matkasta Italiaan ja itseens\u00e4. Keski-ik\u00e4inen runoilija-sosialisti ja nuori kuvataiteilija-nihilisti kohtaavat toisensa Helsingiss\u00e4 alkuvuodesta 1948. He saavat p\u00e4\u00e4h\u00e4npiston l\u00e4hte\u00e4 yhdess\u00e4 maailmalle, pois talvisesta Suomesta. Pitk\u00e4 reissu muuttaa molempia niin persoonina kuin taiteilijoina.\u00a0<\/span><\/p>\n<p><span style=\"color: #0000ff;\"><span style=\"font-weight: 400;\">Comic book master <\/span><b>Aapo Kukko <\/b><span style=\"font-weight: 400;\">reveals his secrets in the craft of writing a script for his comics. This autumn the world has been blessed by two books from the artist: <\/span><i><span style=\"font-weight: 400;\">Karmea tarina \u2013 Kertomus Kongosta<\/span><\/i><span style=\"font-weight: 400;\"> (Zum Teufel, 2019) and <\/span><i><span style=\"font-weight: 400;\">Sosialisti ja nihilisti <\/span><\/i><span style=\"font-weight: 400;\">(Arktinen Banaani \/ Zum Teufel \/ T\u00e4ysi K\u00e4si, 2019). <\/span><\/span><\/p>\n<p><span style=\"font-weight: 400; color: #0000ff;\">Kukko writes stories about individuals in the middle of gigantic events. Behind the belligerent visuals one can find a peaceful and thoughtful artist who ponders the simplicity in his bubbles and symmetry in his panels.<\/span><\/p>\n<p><span style=\"font-weight: 400; color: #0000ff;\">Karmea tarina -book is literally a terrible story about a priest who sees the death and destruction that took place in Kongo under the rule of king Leopold the second. <\/span><\/p>\n<p><span style=\"font-weight: 400; color: #0000ff;\">Sosialisti ja nihilisti -graphic novel is about two artists suffering from war-related stress. They take a journey together to Italy and into themselves. Long voyage transforms both characters as artists and as people.<\/span><\/p>\n<p><i><\/i> <p class=\"wpsm-hide\" style=\"color: #cc0000; font-size: 100%; text-align: left;\"> piilota\/hide<\/p><\/div><\/div><\/p>\n<h4>17:30 - Pakkala-sali non stop: QUEER BODIES<\/h4>\n<p><div class=\"show_more\"><p class=\"wpsm-show\" style=\"color: #cc0000; font-size: 100%; text-align: left;\"> lis\u00e4\u00e4\/more<\/p><div class=\"wpsm-content\"><\/p>\n<p><img loading=\"lazy\" decoding=\"async\" class=\"alignleft size-full wp-image-2956\" src=\"http:\/\/www.oulucomics.com\/wp-content\/uploads\/2017\/10\/fi.jpg\" alt=\"fi\" width=\"23\" height=\"20\" \/><\/p>\n<p>27 min suomeksi<br \/>\nSUOSITUS: YLI 12-VUOTIAILLE<\/p>\n<p>Kokonaisuuteen kuuluu viisi sukupuolen ja kehon moninaisuutta k\u00e4sittelev\u00e4\u00e4 teosta. Teokset haastavat sukupuoliin, seksuaalisuuksiin ja kehoihin liittyvi\u00e4 normeja ja oletuksia ja piirt\u00e4v\u00e4t samalla esiin n\u00e4iden m\u00e4\u00e4rittelyn poliittisuutta.<\/p>\n<p>- Poikatytt\u00f6, 2002<br \/>\n- Squeaky Toys, 2017<br \/>\n- Swole, 2018<br \/>\n- Finnish Guy Dancing, 2013<br \/>\n- Sleeveless\/Fearless, 2015<br \/>\n <p class=\"wpsm-hide\" style=\"color: #cc0000; font-size: 100%; text-align: left;\"> piilota\/hide<\/p><\/div><\/div><\/p>\n<h4>18:15 -\u00a0Laituri: \u00a0Nancy A. Acosta (USA) <del>and El\u00edsabet R\u00fan (Iceland)<\/del><\/h4>\n<p><div class=\"show_more\"><p class=\"wpsm-show\" style=\"color: #cc0000; font-size: 100%; text-align: left;\"> lis\u00e4\u00e4\/more<\/p><div class=\"wpsm-content\"><\/p>\n<p><img loading=\"lazy\" decoding=\"async\" class=\"alignleft size-full wp-image-2955\" src=\"http:\/\/www.oulucomics.com\/wp-content\/uploads\/2017\/10\/en.jpg\" alt=\"en\" width=\"23\" height=\"20\" \/><i><\/i><\/p>\n<p><span style=\"color: #0000ff;\"><span style=\"font-weight: 400;\">In a joint interview with Oulu Comics Center\u2019s and Liminka Art School\u2019s this year's residency artists. The interview focuses on their comics and, above all, their experiences in northern Finland. The artists are interviewed by <\/span><b>Tessa Astre<\/b><span style=\"font-weight: 400;\">.<\/span><\/span><\/p>\n<p><span style=\"color: #0000ff;\"><span style=\"font-weight: 400;\"><img loading=\"lazy\" decoding=\"async\" class=\"alignright size-thumbnail wp-image-4024\" src=\"http:\/\/www.oulucomics.com\/wp-content\/uploads\/2019\/03\/author_naan-150x150.png\" alt=\"author_naan\" width=\"150\" height=\"150\" srcset=\"https:\/\/www.oulucomics.com\/wp-content\/uploads\/2019\/03\/author_naan-150x150.png 150w, https:\/\/www.oulucomics.com\/wp-content\/uploads\/2019\/03\/author_naan.png 300w\" sizes=\"auto, (max-width: 150px) 100vw, 150px\" \/>Originally from Puerto Rico, <\/span><b>Nancy A. Acosta<\/b><span style=\"font-weight: 400;\"> aka <\/span><b>NAAN <\/b><span style=\"font-weight: 400;\">(USA) now resides in the Midwest. Fluent in Spanish and English, she graduated from Iowa State University in 2011 with a Bachelor\u2019s Degree in Linguistics with Russian Studies and a Bachelor\u2019s in German. As of 2018, she also now holds a Master\u2019s in Graphic Design from the same university. She is currently working on her webcomic <\/span><i><span style=\"font-weight: 400;\">Legendary Beings Ara &amp; Celi<\/span><\/i><span style=\"font-weight: 400;\"> among other stories. Likes Dadaism, mythology\/religion readings, linguistics, decorative fonts, 80s new wave, the jpop band globe and Falco of Austria.<\/span><\/span><\/p>\n<p><del><span style=\"color: #0000ff;\"><b>El\u00edsabet R\u00fan <\/b><span style=\"font-weight: 400;\">(Iceland) is a comic artist and illustrator from Reykjav\u00edk, holding diplomas in drawing from the Reykjav\u00edk School of Visual Arts and in comics from \u00c9ESI in Angoul\u00eame. <\/span><span style=\"font-weight: 400;\">Mainly focusing on non-fiction, El\u00edsabet's work on politics, gender and mental health has been featured on The Nib and nominated for the Cartoonist Studio Prize.\u00a0<\/span><\/span><\/del><\/p>\n<p>Yhteishaastattelussa Oulun Sarjakuvakeskuksen ja Limingan taidekoulun t\u00e4m\u00e4n vuoden residenssitaiteilijat. Haastattelussa keskityt\u00e4\u00e4n heid\u00e4n sarjakuviinsa ja ennen kaikkea kokemuksiin pohjoisesta suomesta. Taiteilijoita haastattelee Tessa Astre.<\/p>\n<p>Alkujaan Puerto Ricosta kotoisin oleva <b>Nancy A. Acosta<\/b> alias <b>NAAN<\/b> (Yhdysvallat) ty\u00f6skentelee nyky\u00e4\u00e4n keskil\u00e4nness\u00e4 Yhdysvalloissa. H\u00e4n on Iowan yliopistosta vuonna 2018 valmistunut graafisen suunnittelun maisteri, joka ty\u00f6st\u00e4\u00e4 omaa nettisarjakuvaansa <i>Legendary Beings Ara &amp; Celi <\/i>muiden projektien lomassa.<\/p>\n<p><del><b>El\u00edsabet R\u00fan<\/b> (Islanti) on sarjakuvataiteilija ja kuvittaja Reykjavikista. Taiteilija keskittyy ty\u00f6ss\u00e4\u00e4n p\u00e4\u00e4asiassa ei-fiktiiviseen tarinankerrontaan. H\u00e4nen politiikkaan, genreen ja mielenterveyteen liittyvi\u00e4 t\u00f6it\u00e4ns\u00e4 on esitelty The Nib -verkkojulkaisussa. R\u00fan on my\u00f6s ollut ehdolla Cartoonist Studio Prize -palkinnon saajaksi.<\/del><\/p>\n<p> <p class=\"wpsm-hide\" style=\"color: #cc0000; font-size: 100%; text-align: left;\"> piilota\/hide<\/p><\/div><\/div><\/p>\n<p>&nbsp;<\/p>\n<\/div><\/div>\n\t\t\t\t<\/li>\n\t\t\t \t<li class=\"event festivaali fsat muu seura\">\n\t\t\t\t\t<div class=\"event-date\"><div class=\"end-date\"><div class=\"event-weekday\">la<\/div><div class=\"event-day\">23<\/div><div class=\"event-month\">marras<\/div><div class=\"event-year\">2019<\/div><\/div><\/div>\n\t\t\t\t\t<div class=\"event-info multi-day\"><div class=\"event-title\"><h3>Fingerpori -elokuva (erikoisn\u00e4yt\u00f6s)<\/h3><\/div><span class=\"event-time\">19:30<\/span><span class=\"event-location\">Elokuvateatteri Star, Kalliotie 6, 90500 Oulu<\/span><div class=\"event-details\"><p><img loading=\"lazy\" decoding=\"async\" class=\"alignleft size-full wp-image-2195\" src=\"http:\/\/www.oulucomics.com\/wp-content\/uploads\/2016\/08\/fi.png\" alt=\"fi\" width=\"29\" height=\"26\" \/><\/p>\n<p>Oulun Sarjakuvafestivaalin yhteydess\u00e4 koetaan Elokuvateatteri Starissa Fingerpori -elokuvan erikoisn\u00e4yt\u00f6s. Elokuvan p\u00e4\u00e4tteeksi menestyssarjakuvan luojaa\u00a0<strong>Pertti Jarlaa<\/strong> haastattelee elokuvasta ja Fingerporista Vesa Kataisto.<\/p>\n<p><span style=\"color: #0000ff;\">A special film screening of the Fingerpori movie.\u00a0In the end of the film, the creator of the success comic\u00a0strip Pertti Jarla will be interviewed by Vesa Kataisto. Fingerpori is l<\/span><span style=\"color: #0000ff;\">ive action comedy about a fictional town and it's uncommon people, based on a comic strip by Pertti Jarla.<\/span><\/p>\n<p>Liput tulevat myyntiin festivaalien l\u00e4hestyess\u00e4:\u00a0<a href=\"http:\/\/www.elokuvateatteristar.fi\/\" target=\"_blank\">http:\/\/www.elokuvateatteristar.fi\/<\/a><\/p>\n<p><iframe loading=\"lazy\" src=\"https:\/\/www.youtube.com\/embed\/07qhxAjaaVI\" width=\"560\" height=\"315\" frameborder=\"0\" allowfullscreen=\"allowfullscreen\"><\/iframe><\/p>\n<h3>Fingerpori -elokuva<\/h3>\n<ul>\n<li>Rooleissa:\u00a0Kari V\u00e4\u00e4n\u00e4nen \u2013 Homelius, Jenni Kokander \u2013 Rivo-Riitta, Santtu Karvonen \u2013 Heimo Vesa, Pirjo Lonka \u2013 Krapula-P\u00e4ivi, Aku Hirviniemi \u2013 Allan Kurma<\/li>\n<li>Ohjaus:\u00a0Mikko Kouki<\/li>\n<li>K\u00e4sikirjoitus:\u00a0Petja L\u00e4hde ja Mikko Kouki<\/li>\n<\/ul>\n<p>Fingerpori on komedia ikiaikaisesta vitsauksesta nimelt\u00e4 rakkaus. Nelj\u00e4n toisiinsa niveltyv\u00e4n episodin kautta n\u00e4emme, kuinka rakkauden n\u00e4lk\u00e4 sys\u00e4\u00e4 korruptoituneen kaupunginjohtajan Aulis Homeliuksen, saamattoman tutkijan Heimo Vesan, r\u00e4\u00e4v\u00e4suisen baarinpit\u00e4j\u00e4n Rivo-Riitan ja p\u00e4ihdeongelmaisen l\u00e4hihoitajan Krapula-P\u00e4ivin toimintaan, josta ei absurdia Fingerpori-komiikkaa saati noloja tilanteita puutu. Kaikella on hintansa, mutta mik\u00e4 on rakkauden?<\/p>\n<\/div><\/div>\n\t\t\t\t<\/li>\n\t\t\t \t<li class=\"event festivaali fest-en fsat klubi seura\">\n\t\t\t\t\t<div class=\"event-date\"><div class=\"end-date\"><div class=\"event-weekday\">la<\/div><div class=\"event-day\">23<\/div><div class=\"event-month\">marras<\/div><div class=\"event-year\">2019<\/div><\/div><\/div>\n\t\t\t\t\t<div class=\"event-info multi-day\"><div class=\"event-title\"><h3>Sarjakuvaklubi | Comics Club<\/h3><\/div><span class=\"event-time\">20:00 -<\/span><span class=\"event-location\">Snooker Time, Asemakatu 28, Oulu<\/span><div class=\"event-details\"><p><img loading=\"lazy\" decoding=\"async\" class=\"size-full wp-image-2956 alignleft\" src=\"http:\/\/www.oulucomics.com\/wp-content\/uploads\/2017\/10\/fi.jpg\" alt=\"fi\" width=\"23\" height=\"20\" \/><\/p>\n<p><span style=\"font-weight: 400;\">Sarjakuvaklubi kutsuu viett\u00e4m\u00e4\u00e4n iltaa ja tutustumaan sarjakuvantekij\u00f6ihin. Snooker Time anniskeluravintolassa tarjolla on virvokkeita, musiikkia, monenlaista ohjelmaa ja hyvi\u00e4 keskusteluja!<\/span><\/p>\n<p><span style=\"font-weight: 400;\">Illan ohjelma alkaa Snookerissa esill\u00e4 oleva<\/span><span style=\"font-weight: 400;\">n <em>Kaikki ei nyt ole ihan kunnossa: Kadonneet suomalaiset<\/em> -n\u00e4yttelyn <\/span><span style=\"font-weight: 400;\">esittelyll\u00e4 ja taiteilija <\/span><b>Emilia Laatikaisen<\/b><span style=\"font-weight: 400;\"> haastattelulla. Ohjelma jatkuu sarjakuvakeitaalta saalistettujen kirjojen \u00e4\u00e4neenluvulla. <\/span><b>Aapo Kukko<\/b><span style=\"font-weight: 400;\"> ja <\/span><b>Veli-Matti Ural<\/b><span style=\"font-weight: 400;\"> tulkitsevat otteita myynniss\u00e4 olevista tuotteista.<\/span><\/p>\n<p><em>Duo Sira Moksi &amp; Aapo Kukko<\/em>\u00a0esitt\u00e4v\u00e4t pari valloittavaa laulua klubiyleis\u00f6n nautittavaksi. Luvassa aamuy\u00f6n tunnelmien kuvausta ja yhteiskunnallista sanomaa.<\/p>\n<p><figure id=\"attachment_4174\" aria-describedby=\"caption-attachment-4174\" style=\"width: 600px\" class=\"wp-caption aligncenter\"><img loading=\"lazy\" decoding=\"async\" class=\"size-full wp-image-4174\" src=\"http:\/\/www.oulucomics.com\/wp-content\/uploads\/2019\/10\/Gronvall_Haverholm_concert.jpg\" alt=\"dav\" width=\"600\" height=\"300\" srcset=\"https:\/\/www.oulucomics.com\/wp-content\/uploads\/2019\/10\/Gronvall_Haverholm_concert.jpg 600w, https:\/\/www.oulucomics.com\/wp-content\/uploads\/2019\/10\/Gronvall_Haverholm_concert-300x150.jpg 300w\" sizes=\"auto, (max-width: 600px) 100vw, 600px\" \/><figcaption id=\"caption-attachment-4174\" class=\"wp-caption-text\">dav<\/figcaption><\/figure><\/p>\n<p><span style=\"font-weight: 400;\">Illan musiikkia ja taidetta ennen DJ:t\u00e4 tarjoilee <\/span><i><span style=\"font-weight: 400;\">Gr\u00f8nvall.Haverholm.<\/span><\/i><span style=\"font-weight: 400;\"> Esitys on improvisaatioon perustuva medioita sekoittava esitys, joka yhdist\u00e4\u00e4 livemusiikkia, piirt\u00e4mist\u00e4 sek\u00e4 asiaankuuluvaa s\u00e4r\u00f6\u00e4, ett\u00e4 tausta projisointia. <\/span><b>Allan Gr\u00f8nvallilla<\/b><span style=\"font-weight: 400;\"> (basso \/ kitarat) on monipuolinen musiikkitausta 90-luvun tanskalaisessa metal-undergroundissa. <\/span><b>Allan Haverholm<\/b><span style=\"font-weight: 400;\"> (puuhiili \/ maalit) on kuvataiteilija ja toimittaja. H\u00e4nen sarjakuvataustansa ulottuu pitk\u00e4lle ja vie musiikin t\u00e4ysin uudelle tasolle.<\/span><\/p>\n<p><a href=\"https:\/\/gronvall.haverholm.com\" target=\"_blank\">https:\/\/gronvall.haverholm.com<\/a><\/p>\n<p><span style=\"font-weight: 400;\">Vapaa p\u00e4\u00e4sy, Ik\u00e4raja 18<\/span><\/p>\n<p><img loading=\"lazy\" decoding=\"async\" class=\"alignleft size-full wp-image-2955\" src=\"http:\/\/www.oulucomics.com\/wp-content\/uploads\/2017\/10\/en.jpg\" alt=\"en\" width=\"23\" height=\"20\" \/><\/p>\n<p><span style=\"color: #0000ff;\">Come spend the evening at the Comics Club! Get to know some comic artists! The licensed restaurant Snooker Time serves refreshments, music, a variety of programs and good conversations!<\/span><\/p>\n<p><span style=\"color: #0000ff;\"><span style=\"font-weight: 400;\">The evening program will start with <\/span><span style=\"font-weight: 400;\">Presentation of the exhibition in Snooker Time and interview with artist <\/span><b>Emilia Laatikainen<\/b><span style=\"font-weight: 400;\">. <\/span><span style=\"font-weight: 400;\">Program continues while <\/span><b>Aapo Kukko<\/b><span style=\"font-weight: 400;\"> and <\/span><b>Veli-Matti Ural<\/b><span style=\"font-weight: 400;\"> read out loud from books fetched from the Comics Oasis.\u00a0<\/span><\/span><\/p>\n<p><span style=\"color: #0000ff;\"><em>Duo Sira Moksi &amp; Aapo Kukko<\/em> perform adorable songs for the club audience to enjoy. Expect early morning moods description and social messages.<\/span><\/p>\n<p><span style=\"color: #0000ff;\"><span style=\"font-weight: 400;\">Before the DJ music and art will provide <\/span><i><span style=\"font-weight: 400;\">Gr\u00f8nvall.Haverholm<\/span><\/i><span style=\"font-weight: 400;\"> band. It is an improvisational, crossover-media act combining live music and drawing with appropriate amplification \u2013 distortion and back projection.<\/span><\/span><\/p>\n<p><span style=\"color: #0000ff;\"><b>Allan Gr\u00f8nvall<\/b><span style=\"font-weight: 400;\"> (bass \/ guitars) has a varied musical background in the Danish metal underground of the 90s. In Gr\u00f8nvall.Haverholm he's taken the DIY-mentality and lo-fi focus from back then to a new level.<\/span><\/span><\/p>\n<p><span style=\"color: #0000ff;\"><b>Allan Haverholm<\/b><span style=\"font-weight: 400;\"> (charcoal \/ paints) is a visual artist and editor. Moving from graphic novels via musical expressions in comics onto his current, abstract expressionist work, his work remains deeply moored in comics.<\/span><\/span><\/p>\n<p><span style=\"font-weight: 400; color: #0000ff;\">Giving concerts since early 2015, the duo have joined their individual fort\u00e9s in avant-garde comics and extreme music into a unique, creative performance.<\/span><\/p>\n<p><a href=\"https:\/\/gronvall.haverholm.com\" target=\"_blank\"><span style=\"font-weight: 400;\">https:\/\/gronvall.haverholm.com<\/span><\/a><\/p>\n<p><span style=\"font-weight: 400; color: #0000ff;\">Free access, age limit is 18<\/span><\/p>\n<\/div><\/div>\n\t\t\t\t<\/li><\/ul>\n\t\t\t\t<\/div>\n","protected":false},"excerpt":{"rendered":"<ul>\n<li><a href=\"http:\/\/www.oulucomics.com\/fest\/program2019\/fri\/\">Perjantain 22.11. ohjelmisto<\/a><\/li>\n<li><strong>Lauantain 23.11. ohjelmisto<\/strong><\/li>\n<li><a href=\"http:\/\/www.oulucomics.com\/fest\/program2019\/sun\/\">Sunnuntain 24.11. ohjelmisto<\/a>&#8230;<br \/>\n","protected":false},"author":1,"featured_media":0,"parent":3961,"menu_order":0,"comment_status":"closed","ping_status":"closed","template":"","meta":{"footnotes":""},"categories":[],"tags":[],"class_list":["post-4044","page","type-page","status-publish","hentry"],"_links":{"self":[{"href":"https:\/\/www.oulucomics.com\/fi\/wp-json\/wp\/v2\/pages\/4044","targetHints":{"allow":["GET"]}}],"collection":[{"href":"https:\/\/www.oulucomics.com\/fi\/wp-json\/wp\/v2\/pages"}],"about":[{"href":"https:\/\/www.oulucomics.com\/fi\/wp-json\/wp\/v2\/types\/page"}],"author":[{"embeddable":true,"href":"https:\/\/www.oulucomics.com\/fi\/wp-json\/wp\/v2\/users\/1"}],"replies":[{"embeddable":true,"href":"https:\/\/www.oulucomics.com\/fi\/wp-json\/wp\/v2\/comments?post=4044"}],"version-history":[{"count":9,"href":"https:\/\/www.oulucomics.com\/fi\/wp-json\/wp\/v2\/pages\/4044\/revisions"}],"predecessor-version":[{"id":4200,"href":"https:\/\/www.oulucomics.com\/fi\/wp-json\/wp\/v2\/pages\/4044\/revisions\/4200"}],"up":[{"embeddable":true,"href":"https:\/\/www.oulucomics.com\/fi\/wp-json\/wp\/v2\/pages\/3961"}],"wp:attachment":[{"href":"https:\/\/www.oulucomics.com\/fi\/wp-json\/wp\/v2\/media?parent=4044"}],"wp:term":[{"taxonomy":"category","embeddable":true,"href":"https:\/\/www.oulucomics.com\/fi\/wp-json\/wp\/v2\/categories?post=4044"},{"taxonomy":"post_tag","embeddable":true,"href":"https:\/\/www.oulucomics.com\/fi\/wp-json\/wp\/v2\/tags?post=4044"}],"curies":[{"name":"wp","href":"https:\/\/api.w.org\/{rel}","templated":true}]}}