{"id":3572,"date":"2018-09-20T12:17:06","date_gmt":"2018-09-20T09:17:06","guid":{"rendered":"http:\/\/www.oulucomics.com\/?page_id=3572"},"modified":"2018-09-20T14:17:05","modified_gmt":"2018-09-20T11:17:05","slug":"kids","status":"publish","type":"page","link":"https:\/\/www.oulucomics.com\/fi\/fest\/program2018\/kids\/","title":{"rendered":"Lasten kulttuurikaupunki"},"content":{"rendered":"<p><img loading=\"lazy\" decoding=\"async\" class=\"alignright size-full wp-image-3573\" src=\"http:\/\/www.oulucomics.com\/wp-content\/uploads\/2018\/09\/lkko.png\" alt=\"lkko\" width=\"100\" height=\"100\"\/><\/p>\n<p>T\u00e4lle sivulle olemme ker\u00e4nneet lapsille ja lapsenmielisille sopivaa n\u00e4ht\u00e4v\u00e4\u00e4 ja koettavaa. Oulun Sarjakuvafestivaali on osa Lasten Kulttuurikaupunki Oulun ohjelmistoa:&nbsp;<span class=\"s1\"><a href=\"http:\/\/www.lastenkulttuurioulu.fi\/\" target=\"_blank\" rel=\"noopener noreferrer\">www.lastenkulttuurioulu.fi<\/a><\/span><\/p>\n\n\t\t\t\t<div class=\"event-list\">\n\t\t\t\t<ul class=\"event-list-view\">\n\t\t\t \t<li class=\"event festivaali fsat lapset sarjasto\">\n\t\t\t\t\t<div class=\"event-date\"><div class=\"start-date\"><div class=\"event-weekday\">la<\/div><div class=\"event-day\">24<\/div><div class=\"event-month\">marras<\/div><div class=\"event-year\">2018<\/div><\/div><\/div>\n\t\t\t\t\t<div class=\"event-info single-day\"><div class=\"event-title\"><h3>Oulun p\u00e4\u00e4kirjastolla 24.11. - Oulun Sarjakuvafestivaali 2018<\/h3><\/div><span class=\"event-time\">10:50 - 19:00<\/span><span class=\"event-location\">P\u00e4\u00e4kirjasto | Main library, Kaarlenv\u00e4yl\u00e4 3, Oulu<\/span><div class=\"event-details\"><p>Oulun Sarjakuvafestivaalin lauantain ohjelmisto on monipuolinen. Oulun kaupunginkirjastolta l\u00f6ytyy festivaalip\u00e4iv\u00e4n aikana iso m\u00e4\u00e4r\u00e4 n\u00e4yttelyit\u00e4, Sarjakuvakeidas on avoinna klo 11-19.<\/p>\n<p><img loading=\"lazy\" decoding=\"async\" class=\"alignleft size-full wp-image-2955\" src=\"http:\/\/www.oulucomics.com\/wp-content\/uploads\/2017\/10\/en.jpg\" alt=\"en\" width=\"23\" height=\"20\" \/><\/p>\n<p><span style=\"color: #000080;\">A lot of program also in english<\/span><\/p>\n<h4>11:00 - Laituri: Veli-Matti Ural ja Esa Niskanen: Taivalkoskelta ilmataisteluihin<\/h4>\n<p><div class=\"show_more\"><p class=\"wpsm-show\" style=\"color: #cc0000; font-size: 100%; text-align: left;\"> lis\u00e4\u00e4\/more<\/p><div class=\"wpsm-content\"><\/p>\n<p><img loading=\"lazy\" decoding=\"async\" class=\"alignleft size-full wp-image-2956\" src=\"http:\/\/www.oulucomics.com\/wp-content\/uploads\/2017\/10\/fi.jpg\" alt=\"fi\" width=\"23\" height=\"20\" \/><\/p>\n<p><i><span style=\"font-weight: 400;\">Taivalkoskelta ilmataisteluihin (Zum Teufel, 2018)\u00a0<\/span><\/i><span style=\"font-weight: 400;\">-sarjakuvateos on kesytt\u00e4m\u00e4t\u00f6n kuvaus sodasta, rakkaudesta ja velvollisuudesta talvisodan syttyess\u00e4.\u00a0<\/span><span style=\"text-decoration: underline;\">Veli-Matti Uralin<\/span>\u00a0lennokas viiva ja\u00a0<span style=\"text-decoration: underline;\">Esa Niskasen<\/span>\u00a0lennokkiharrastus saattelevat kiidolla ilmaan Taivalkosken kairasta rep\u00e4istyn nuoren metsurin. Haastattelussa pohditaan sodan kuvaamista sarjakuvissa tuoreen teoksen v\u00e4lityksell\u00e4 sarjakuvantekij\u00e4\u00a0<span style=\"text-decoration: underline;\">Aapo Kukon<\/span><span style=\"font-weight: 400;\">\u00a0siivitt\u00e4m\u00e4n\u00e4.<\/span><\/p>\n<p><img loading=\"lazy\" decoding=\"async\" class=\"aligncenter size-medium wp-image-3727\" src=\"http:\/\/www.oulucomics.com\/wp-content\/uploads\/2018\/11\/Taivalkoskelta_ilmataisteluihin_web-213x300.jpg\" alt=\"Taivalkoskelta_ilmataisteluihin_web\" width=\"213\" height=\"300\" srcset=\"https:\/\/www.oulucomics.com\/wp-content\/uploads\/2018\/11\/Taivalkoskelta_ilmataisteluihin_web-213x300.jpg 213w, https:\/\/www.oulucomics.com\/wp-content\/uploads\/2018\/11\/Taivalkoskelta_ilmataisteluihin_web.jpg 426w\" sizes=\"auto, (max-width: 213px) 100vw, 213px\" \/><\/p>\n<p><span style=\"color: #0000ff;\"><i><span style=\"font-weight: 400;\">Taivalkoskelta ilmataisteluihin <\/span><\/i><span style=\"font-weight: 400;\">(Zum Teufel, 2018) -comic book is a story about war, love and obligation during the time when The Winter War was about to broke out<span style=\"color: #0000ff;\">. Lively lines made by<\/span><\/span><span style=\"font-weight: 400;\"><span style=\"color: #0000ff;\"><span style=\"text-decoration: underline;\"> Veli-Matti Ural<\/span> and <span style=\"text-decoration: underline;\">Esa Niskanen<\/span>\u2019s interest of model aircraft come together creating the story of a young lumber<\/span>jack\u2019s journey to airbattles of 1939. The artists will discuss how war is described in comics through this recent work. Interviewer: <span style=\"text-decoration: underline;\">Aapo Kukko<\/span><br \/>\n<\/span><\/span><\/p>\n<p> <p class=\"wpsm-hide\" style=\"color: #cc0000; font-size: 100%; text-align: left;\"> piilota\/hide<\/p><\/div><\/div><\/p>\n<h4><span style=\"font-weight: 400;\">11:40 - Laituri:<\/span> Pentti Otsamo ja Pauli Kallio: Huuhkajia ja Helmareita<\/h4>\n<p><div class=\"show_more\"><p class=\"wpsm-show\" style=\"color: #cc0000; font-size: 100%; text-align: left;\"> lis\u00e4\u00e4\/more<\/p><div class=\"wpsm-content\"><\/p>\n<p><img loading=\"lazy\" decoding=\"async\" class=\"alignleft size-full wp-image-2956\" src=\"http:\/\/www.oulucomics.com\/wp-content\/uploads\/2017\/10\/fi.jpg\" alt=\"fi\" width=\"23\" height=\"20\" \/><\/p>\n<p><span style=\"text-decoration: underline;\">Pentti Otsamon<\/span>\u00a0ja<span style=\"text-decoration: underline;\">\u00a0Pauli Kallion\u00a0<\/span>sarjakuva-albumissa<i><span style=\"font-weight: 400;\">\u00a0Huuhkajia ja Helmareita (Suuri kurpitsa, 2018)<\/span><\/i>\u00a0kirjan ruuduissa kirmaavat takavuosien suuruudet Jari Litmasesta Laura \u00d6sterberg Kalmariin ja t\u00e4m\u00e4n p\u00e4iv\u00e4n t\u00e4hdet Tinni Korpelasta Teemu Pukkiin. Vaikka tarinan k\u00e4\u00e4nteet seuraavat tarkasti todellisia tapahtumia niin mukaan mahtuu jatkuvuutta ja iloista jalkapallohulluutta tuovia sarjakuvahenkil\u00f6it\u00e4 tekij\u00f6iden FC Palloseura -sarjasta. Haastattelussa tarkastellaan, kuinka jalkapallon ruohonjuuritason arki muokkautui Suomen Palloliiton 111-vuotista toimintaa juhlistavaksi teokseksi.<\/p>\n<p><span style=\"color: #0000ff;\"><img loading=\"lazy\" decoding=\"async\" class=\"aligncenter size-medium wp-image-3701\" src=\"http:\/\/www.oulucomics.com\/wp-content\/uploads\/2018\/11\/huuhkajia-212x300.jpg\" alt=\"huuhkajia\" width=\"212\" height=\"300\" srcset=\"https:\/\/www.oulucomics.com\/wp-content\/uploads\/2018\/11\/huuhkajia-212x300.jpg 212w, https:\/\/www.oulucomics.com\/wp-content\/uploads\/2018\/11\/huuhkajia.jpg 424w\" sizes=\"auto, (max-width: 212px) 100vw, 212px\" \/><\/span><\/p>\n<p><span style=\"color: #0000ff;\"><em>Huuhkajia ja Helmareita<\/em> (Suuri Kurpitsa, 2018), a comic book by <span style=\"text-decoration: underline;\">Pentti Otsamo<\/span> and <span style=\"text-decoration: underline;\">Pauli Kallio<\/span> showcases last years magnitudes from Jari Litmanen to Laura \u00d6sterberg Kalmari and the current stars from Tinni Korpela to Teemu Pukki.<\/span><\/p>\n<p><span style=\"color: #0000ff;\">Even though the storyline follows closely actual events, there is also room for the joys of football madness bringing back characters from the FC Palloseura series. How the daily life of grassroot football shaped into a book celebrating 111 years of Finnish Football Union. Come see the interview and find out!<\/span><\/p>\n<p> <p class=\"wpsm-hide\" style=\"color: #cc0000; font-size: 100%; text-align: left;\"> piilota\/hide<\/p><\/div><\/div><\/p>\n<h4>11:45 -\u00a0Pakkala-sali:\u00a0\u00a0Animaatio: Karl Magnus &amp; Helvetin Viimeinen Vitsaus<\/h4>\n<p><div class=\"show_more\"><p class=\"wpsm-show\" style=\"color: #cc0000; font-size: 100%; text-align: left;\"> lis\u00e4\u00e4\/more<\/p><div class=\"wpsm-content\"><\/p>\n<p><img loading=\"lazy\" decoding=\"async\" class=\"alignleft size-full wp-image-2956\" src=\"http:\/\/www.oulucomics.com\/wp-content\/uploads\/2017\/10\/fi.jpg\" alt=\"fi\" width=\"23\" height=\"20\" \/><\/p>\n<p><span style=\"font-weight: 400;\">Esityksess\u00e4 ja esittelyss\u00e4\u00a0<\/span><span style=\"text-decoration: underline;\"><b>Juho Sihvosen<\/b><\/span><span style=\"font-weight: 400;\">\u00a0ja\u00a0<\/span><span style=\"text-decoration: underline;\"><b>Annamari Kinnusen<\/b><\/span><span style=\"font-weight: 400;\">\u00a0animaatio\u00a0<\/span><i><span style=\"font-weight: 400;\">Karl Magnus &amp; Helvetin Viimeinen Vitsaus<\/span><\/i><span style=\"font-weight: 400;\">, jossa yhdistyv\u00e4t unenomaisuus ja painajaismaiset n\u00e4kym\u00e4t. Animaatioksi muotoutuneen projektin taustalla ovat minimalistiset performanssit, joissa p\u00e4\u00e4paino on ollut urkuharmonilla luodun \u00e4\u00e4nimaiseman yhdist\u00e4minen runonlausuntaan. Animaatio jatkaa aikaisempien teemojen k\u00e4sittely\u00e4, mutta laajentaa ilmaisua tuoden kerrontaan uusia tasoja kuvallisen ilmaisun kautta. Animaation kesto n. 2,5 min<\/span><\/p>\n<p><span style=\"color: #0000ff;\"><span style=\"text-decoration: underline;\">Juha Sihvonen's<\/span> and <span style=\"text-decoration: underline;\">Annamari Kinnunen's<\/span> animation <em>Karl Magnus &amp; Helvetin Viimeinen Vitsaus<\/em> smashes dreamlike and nightmarish views together. The animated project is based on minimalist performances where the main focus combines the harmonium's sound landscape with poetry readings.The animation creates new levels of storytelling through the visual expression. Duration of the animation is approx. 2.5 min<\/span><\/p>\n<p> <p class=\"wpsm-hide\" style=\"color: #cc0000; font-size: 100%; text-align: left;\"> piilota\/hide<\/p><\/div><\/div><\/p>\n<h4>12:00 -\u00a0Pakkala-sali:\u00a0Sprinttistripin SM<\/h4>\n<p><div class=\"show_more\"><p class=\"wpsm-show\" style=\"color: #cc0000; font-size: 100%; text-align: left;\"> lis\u00e4\u00e4\/more<\/p><div class=\"wpsm-content\"><\/p>\n<p><img loading=\"lazy\" decoding=\"async\" class=\"alignleft size-full wp-image-2956\" src=\"http:\/\/www.oulucomics.com\/wp-content\/uploads\/2017\/10\/fi.jpg\" alt=\"fi\" width=\"23\" height=\"20\" \/><\/p>\n<p>Vuonna 2018 j\u00e4rjestet\u00e4\u00e4n Oulun Sarjakuvafestivaalilla yhteisty\u00f6ss\u00e4 Kemin Sarjakuvakeskuksen ja Pohjoisen Kulttuurilehti Kaltion kanssa jo Kemin Sarjakuvap\u00e4ivilt\u00e4\u00a0tuttu Sprinttistripin SM.\u00a0<a href=\"http:\/\/www.oulucomics.com\/fest\/program2018\/sprinttistripin-sm-2018\/\">Lue lis\u00e4\u00e4 SM-kilpailusta...<\/a><\/p>\n<p><span style=\"color: #0000ff;\">In the 2018 Oulu Comics Festival will co-organise a known Sprint Strip Finnish Championship with Kemi Comics Center and North Finnish cultural magazine Kaltio.\u00a0<a style=\"color: #0000ff;\" href=\"http:\/\/www.oulucomics.com\/fest\/program2018\/sprinttistripin-sm-2018\/\">Read more about the championship...<\/a><\/span><\/p>\n<p> <p class=\"wpsm-hide\" style=\"color: #cc0000; font-size: 100%; text-align: left;\"> piilota\/hide<\/p><\/div><\/div><\/p>\n<h4>12:20\u00a0-\u00a0Laituri: Sami Nyyss\u00f6l\u00e4: Learn finnish without studying<\/h4>\n<p><div class=\"show_more\"><p class=\"wpsm-show\" style=\"color: #cc0000; font-size: 100%; text-align: left;\"> lis\u00e4\u00e4\/more<\/p><div class=\"wpsm-content\"><\/p>\n<p><img loading=\"lazy\" decoding=\"async\" class=\"alignleft size-full wp-image-2956\" src=\"http:\/\/www.oulucomics.com\/wp-content\/uploads\/2017\/10\/fi.jpg\" alt=\"fi\" width=\"23\" height=\"20\" \/><\/p>\n<p><span style=\"text-decoration: underline;\"><b>Sami Nyyss\u00f6l\u00e4n<\/b><\/span><span style=\"font-weight: 400;\">\u00a0uutuusteos\u00a0<em>L<\/em><\/span><em><span style=\"font-weight: 400;\">earn finnish without studying (Pokuto, 2018)<\/span><\/em><span style=\"font-weight: 400;\">\u00a0tutustuttaa suomalaisiin ja suomen kieleen. Teos opettaa puhumaan sanatta ja l\u00f6yt\u00e4m\u00e4\u00e4n k\u00e4rsiv\u00e4llisyyden vauhdikkuuden.\u00a0Haastattelussa k\u00e4sitell\u00e4\u00e4n sek\u00e4 tuoretta tuoretta teosta, ett\u00e4\u00a0pohditaan suomalaisuutta, suomenkielt\u00e4 ja niiden haastavuutta isossa maailmassa.<\/span><\/p>\n<p><span style=\"color: #0000ff;\"><span style=\"text-decoration: underline;\"><b><img loading=\"lazy\" decoding=\"async\" class=\"aligncenter size-medium wp-image-3703\" src=\"http:\/\/www.oulucomics.com\/wp-content\/uploads\/2018\/11\/LFWS_Kansi-214x300.jpg\" alt=\"LFWS_Kansi_A2\" width=\"214\" height=\"300\" srcset=\"https:\/\/www.oulucomics.com\/wp-content\/uploads\/2018\/11\/LFWS_Kansi-214x300.jpg 214w, https:\/\/www.oulucomics.com\/wp-content\/uploads\/2018\/11\/LFWS_Kansi.jpg 427w\" sizes=\"auto, (max-width: 214px) 100vw, 214px\" \/><span style=\"font-weight: 400;\">Sami Nyyss\u00f6l\u00e4's<\/span><\/b><\/span><b><span style=\"font-weight: 400;\"> new comic book <\/span><\/b><b><i><span style=\"font-weight: 400;\">Learn Finnish without studying (Pokuto, 2018)<\/span><\/i><\/b><b><span style=\"font-weight: 400;\"> introduces Finnish people and Finnish language. The work teaches how to speak without words and how to find the speed in patience. In the interview artist talks about the new book and ponders of being a Finn, Finnish language and the Finn\u2019s challenge in the big world.<\/span><\/b><span style=\"text-decoration: underline;\"><b><br \/>\n<\/b><\/span><\/span><\/p>\n<p><a href=\"http:\/\/sami.segersvardcomics.net\/\" target=\"_blank\">Sami Nyyss\u00f6l\u00e4<\/a><\/p>\n<p> <p class=\"wpsm-hide\" style=\"color: #cc0000; font-size: 100%; text-align: left;\"> piilota\/hide<\/p><\/div><\/div><\/p>\n<h4><span style=\"font-weight: 400;\">13:00 - Laituri:\u00a0<\/span>Mari Ahokoivu: Oksi<\/h4>\n<p><div class=\"show_more\"><p class=\"wpsm-show\" style=\"color: #cc0000; font-size: 100%; text-align: left;\"> lis\u00e4\u00e4\/more<\/p><div class=\"wpsm-content\"><\/p>\n<p><img loading=\"lazy\" decoding=\"async\" class=\"alignleft size-full wp-image-2956\" src=\"http:\/\/www.oulucomics.com\/wp-content\/uploads\/2017\/10\/fi.jpg\" alt=\"fi\" width=\"23\" height=\"20\" \/><\/p>\n<p><span style=\"font-weight: 400;\">Oululaisl\u00e4ht\u00f6isen\u00a0<\/span><span style=\"text-decoration: underline;\"><b>Mari Ahokoivun<\/b><\/span><span style=\"font-weight: 400;\">\u00a0t\u00e4h\u00e4nastisen uran p\u00e4\u00e4teos,\u00a0<\/span><i><span style=\"font-weight: 400;\">Oksi (Asema kustannus, 2018)<\/span><\/i><span style=\"font-weight: 400;\">\u00a0n\u00e4ki p\u00e4iv\u00e4nvalon syksyll\u00e4 ja ensimm\u00e4inen painos myytiin nopeasti loppuun. Oksi on kertomus<\/span><span style=\"font-weight: 400;\">\u00a0\u00e4ideist\u00e4 ja tytt\u00e4rist\u00e4, t\u00e4hdist\u00e4 ja myyteist\u00e4. Tarina pohtii \u00e4idin ja lapsen v\u00e4list\u00e4 suhdetta muinaisen karhunsyntymyytin kautta. Ahokoivua haastattelee kuvataiteilija\u00a0<\/span><span style=\"text-decoration: underline;\"><b>Antti Tenetz<\/b><\/span><span style=\"font-weight: 400;\">, joka on tutkinut Siperiassa alueen karhukultteja.\u00a0<\/span><span style=\"font-weight: 400;\">Siperiassa el\u00e4\u00e4 yh\u00e4 suomensukuisia kansoja, jotka kunnioittavat karhun voimaa ja harjoittavat sen pyyntiin liittyvi\u00e4 rituaaleja.\u00a0<\/span><span style=\"font-weight: 400;\">Karhukultti el\u00e4\u00e4 ja Oksi her\u00e4tt\u00e4\u00e4 myyttisen mets\u00e4n eloon.<\/span><\/p>\n<p><span style=\"color: #3366ff;\"><span style=\"font-weight: 400;\"><img loading=\"lazy\" decoding=\"async\" class=\"size-medium wp-image-3700 aligncenter\" src=\"http:\/\/www.oulucomics.com\/wp-content\/uploads\/2018\/11\/oksi-229x300.jpg\" alt=\"oksi\" width=\"229\" height=\"300\" srcset=\"https:\/\/www.oulucomics.com\/wp-content\/uploads\/2018\/11\/oksi-229x300.jpg 229w, https:\/\/www.oulucomics.com\/wp-content\/uploads\/2018\/11\/oksi.jpg 458w\" sizes=\"auto, (max-width: 229px) 100vw, 229px\" \/>The lead work of\u00a0<\/span><b>M<span style=\"text-decoration: underline;\">ari Ahokoivu<\/span><\/b><span style=\"font-weight: 400;\"><span style=\"text-decoration: underline;\">'<\/span>s career is\u00a0<\/span><i><span style=\"font-weight: 400;\">Oksi (Asema kustannus, 2018)<\/span><\/i><span style=\"font-weight: 400;\">\u00a0which saw the daylight this fall. Oksi is a story about mothers and daughters, stars and myths. The story ponders the relationship between the mother and a child through the ancient bearbirth myth. Ahokoivu is interviewed by a visual artist\u00a0<\/span><span style=\"text-decoration: underline;\"><b>Antti Tenetz<\/b><\/span><span style=\"font-weight: 400;\">, who has explored bear cults in Siberia. Finnish related people still live there, who respect the power of the bear and they engage hunting rituals associated with it.\u00a0<\/span><span style=\"font-weight: 400;\">The bear cult lives and Oksi brings the mythical forest to life.<\/span><\/span><\/p>\n<p><a href=\"https:\/\/mariahokoivu.com\/\" target=\"_blank\">Mari Ahokoivu<\/a><\/p>\n<p> <p class=\"wpsm-hide\" style=\"color: #cc0000; font-size: 100%; text-align: left;\"> piilota\/hide<\/p><\/div><\/div><\/p>\n<h4>13:45 - Laituri:\u00a0Harri Filppa ja Jukka Takalo: Kek\u00e4 kommeiten kuolee<\/h4>\n<p><div class=\"show_more\"><p class=\"wpsm-show\" style=\"color: #cc0000; font-size: 100%; text-align: left;\"> lis\u00e4\u00e4\/more<\/p><div class=\"wpsm-content\"><\/p>\n<p><img loading=\"lazy\" decoding=\"async\" class=\"alignleft size-full wp-image-2956\" src=\"http:\/\/www.oulucomics.com\/wp-content\/uploads\/2017\/10\/fi.jpg\" alt=\"fi\" width=\"23\" height=\"20\" \/><\/p>\n<p><span style=\"font-weight: 400;\">Eiv\u00e4t ole kaukanakaan ne ajat kun jokemme valjastettiin s\u00e4hk\u00f6ntuotantoon ja ihmiset joutuivat l\u00e4htem\u00e4\u00e4n kotirannoiltaan.\u00a0<\/span><span style=\"text-decoration: underline;\"><b>Harri Filpan<\/b><\/span><span style=\"font-weight: 400;\">\u00a0ja\u00a0<\/span><span style=\"text-decoration: underline;\"><b>Jukka Takalon<\/b><\/span><span style=\"font-weight: 400;\">\u00a0uutuusteos\u00a0<\/span><i><span style=\"font-weight: 400;\">Kek\u00e4 kommeiten kuolee (Pokuto, 2018)<\/span><\/i><span style=\"font-weight: 400;\">\u00a0k\u00e4sittelee sit\u00e4, kun ihmisten talot ja elanto j\u00e4iv\u00e4t suuryhti\u00f6iden patoaltaiden vesimassojen alle ja koskien kuohut vangittiin vessanp\u00f6ntt\u00f6ihin. Haastattelussa kuullaan taustoja teokselle, jossa Ruotsiin siirtolaiseksi ajetun isois\u00e4n ja h\u00e4nen ruotsalaistuneen tytt\u00e4rens\u00e4 poika matkaavat tarujen ja kes\u00e4lomien kesytt\u00f6m\u00e4\u00e4n Suomeen.<\/span><\/p>\n<p><span style=\"color: #3366ff;\"><span style=\"font-weight: 400;\"><img loading=\"lazy\" decoding=\"async\" class=\"aligncenter size-medium wp-image-3704\" src=\"http:\/\/www.oulucomics.com\/wp-content\/uploads\/2018\/11\/keka_kommeiten_kuolee-212x300.jpg\" alt=\"keka_kommeiten_kuolee\" width=\"212\" height=\"300\" srcset=\"https:\/\/www.oulucomics.com\/wp-content\/uploads\/2018\/11\/keka_kommeiten_kuolee-212x300.jpg 212w, https:\/\/www.oulucomics.com\/wp-content\/uploads\/2018\/11\/keka_kommeiten_kuolee.jpg 424w\" sizes=\"auto, (max-width: 212px) 100vw, 212px\" \/>Those times aren't far away when our rivers were taken by power production and people had to leave their homes.\u00a0<\/span><span style=\"text-decoration: underline;\"><b>Harri Filppa<\/b><\/span>'s<span style=\"font-weight: 400;\">\u00a0and\u00a0<\/span><b>Jukka\u00a0<span style=\"text-decoration: underline;\">Takalo<\/span><\/b>'s<span style=\"font-weight: 400;\">\u00a0new comic book\u00a0<\/span><i><span style=\"font-weight: 400;\">Kek\u00e4 kommeiten kuolee (Pokuto, 2018)<\/span><\/i><span style=\"font-weight: 400;\">\u00a0deals with the fact that the houses and livelihood of humans were left under the water by reservoirs of large companies and rapids were imprisoned to toilets. In the interview we will hear some background about the work, a grandfather once forced to migrate to Sweden and his grandson will now travel to the fairy-tale like and wild Finland.<\/span><\/span><\/p>\n<p><a href=\"http:\/\/www.jukkatakalo.fi\/\" target=\"_blank\">Jukka Takalo<\/a> ja <a href=\"http:\/\/www.filppa.com\/\" target=\"_blank\">Harri Filppa<\/a><\/p>\n<p> <p class=\"wpsm-hide\" style=\"color: #cc0000; font-size: 100%; text-align: left;\"> piilota\/hide<\/p><\/div><\/div><\/p>\n<h4>14:20\u00a0- Laituri:\u00a0Jarkko Vehni\u00e4inen ja Marja Lappalainen: Kamala luonto<\/h4>\n<p><div class=\"show_more\"><p class=\"wpsm-show\" style=\"color: #cc0000; font-size: 100%; text-align: left;\"> lis\u00e4\u00e4\/more<\/p><div class=\"wpsm-content\"><\/p>\n<p><img loading=\"lazy\" decoding=\"async\" class=\"alignleft size-full wp-image-2956\" src=\"http:\/\/www.oulucomics.com\/wp-content\/uploads\/2017\/10\/fi.jpg\" alt=\"fi\" width=\"23\" height=\"20\" \/>Kamala luonto -sarjakuva leikittelee nimens\u00e4 mukaisella huumorilla, ajatelmilla ja naurattaa my\u00f6s isompina annoksina. Haastateltavaksi saapuu sarjakuvan taustalta l\u00f6ytyv\u00e4 pariskunta,<span style=\"text-decoration: underline;\"><strong> Jarkko Vehni\u00e4inen<\/strong><\/span> ja <span style=\"text-decoration: underline;\"><strong>Marja Lappalainen<\/strong><\/span>. Heid\u00e4n tuorein teoksensa <em>Kamala luonto - Juhlakirja (Otava, 2018) <\/em>luo kattauksen sarjan 10-vuotiseen historiaan. Juhlan kunniaksi uusin albumi sis\u00e4lt\u00e4\u00e4 riemastuttavien uutuussarjojen lis\u00e4ksi taustatietoa sarjan synnyst\u00e4 sek\u00e4 harvinaisia kuvituksia vuosien varrelta. Kamalassa luonnossa pohditaan yst\u00e4vyytt\u00e4, el\u00e4inten suhteita, omaa tilaa sek\u00e4 onnellisuutta \u2013 kuten vain Kamala luonto sen osaa tehd\u00e4!<\/p>\n<p><span style=\"color: #3366ff;\"><span style=\"font-weight: 400;\"><img loading=\"lazy\" decoding=\"async\" class=\"aligncenter size-medium wp-image-3737\" src=\"http:\/\/www.oulucomics.com\/wp-content\/uploads\/2018\/11\/kamalaluonto-251x300.jpg\" alt=\"kamalaluonto\" width=\"251\" height=\"300\" srcset=\"https:\/\/www.oulucomics.com\/wp-content\/uploads\/2018\/11\/kamalaluonto-251x300.jpg 251w, https:\/\/www.oulucomics.com\/wp-content\/uploads\/2018\/11\/kamalaluonto-768x920.jpg 768w, https:\/\/www.oulucomics.com\/wp-content\/uploads\/2018\/11\/kamalaluonto.jpg 835w\" sizes=\"auto, (max-width: 251px) 100vw, 251px\" \/><br \/>\nThe \u201cKamala Luonto\u201d comic book plays with humor, thoughts and makes you laugh a lot.\u00a0<\/span><span style=\"text-decoration: underline;\"><b>Jarkko Vehni\u00e4inen<\/b><\/span><span style=\"font-weight: 400;\">\u00a0and\u00a0<\/span><span style=\"text-decoration: underline;\"><b>Marja Lappalainen<\/b><\/span><span style=\"font-weight: 400;\">, the couple behind the comic arrives to be interviewed. Their latest book <em>Kamala luonto -\u00a0<\/em><\/span><em>Juhlakirja\u00a0(Otava 2018)<\/em><span style=\"font-weight: 400;\"><em>\u00a0<\/em>includes a collection of strips that deal with friendship, relationships of animals, own space and also happiness - just everything what we can expect from Kamala luonto!<\/span><\/span><\/p>\n<p><a href=\"http:\/\/www.jarkkovehniainen.fi\/\" target=\"_blank\">Jarkko Vehni\u00e4inen<\/a><\/p>\n<p> <p class=\"wpsm-hide\" style=\"color: #cc0000; font-size: 100%; text-align: left;\"> piilota\/hide<\/p><\/div><\/div><\/p>\n<h4>15:05\u00a0- Laituri:\u00a0Wolf Kankare: Subdimensionaalinen portti<\/h4>\n<p><div class=\"show_more\"><p class=\"wpsm-show\" style=\"color: #cc0000; font-size: 100%; text-align: left;\"> lis\u00e4\u00e4\/more<\/p><div class=\"wpsm-content\"><\/p>\n<p><img loading=\"lazy\" decoding=\"async\" class=\"alignleft size-full wp-image-2956\" src=\"http:\/\/www.oulucomics.com\/wp-content\/uploads\/2017\/10\/fi.jpg\" alt=\"fi\" width=\"23\" height=\"20\" \/><\/p>\n<p><span style=\"font-weight: 400;\">Haastattelussa juuri oululaistunut sarjakuvataiteilija\u00a0<\/span><span style=\"text-decoration: underline;\"><b>Wolf Kankare<\/b><\/span><span style=\"font-weight: 400;\">.\u00a0<\/span><span style=\"font-weight: 400;\">H\u00e4nen kolmas sarjakuvakirja\u00a0<\/span><i><span style=\"font-weight: 400;\">Subdimensionaalinen portti (Suuri kurpitsa, 2018)<\/span><\/i><span style=\"font-weight: 400;\">\u00a0kertoo tyydytt\u00e4m\u00e4tt\u00e4 j\u00e4\u00e4v\u00e4st\u00e4 rakkaudenn\u00e4l\u00e4st\u00e4 ja sen yll\u00e4 roikkuvasta h\u00e4pe\u00e4st\u00e4. Fiktioksi naamioitu omael\u00e4m\u00e4kerrallinen tarina liikkuu nelj\u00e4ll\u00e4 aikatasolla. Se nivoo yhteen tilanteita, tunteita ja ihmissuhteita, etsii niiden l\u00e4pi kulkevaa punaista lankaa tai opetusta - jotakin, mik\u00e4 antaisi t\u00e4lle kaikelle merkityksen. Miksi olen t\u00e4ss\u00e4 ja t\u00e4llainen?<\/span><\/p>\n<p><span style=\"color: #3366ff;\"><span style=\"text-decoration: underline;\"><b><img loading=\"lazy\" decoding=\"async\" class=\"aligncenter size-medium wp-image-3706\" src=\"http:\/\/www.oulucomics.com\/wp-content\/uploads\/2018\/11\/wolf-214x300.jpg\" alt=\"wolf\" width=\"214\" height=\"300\" srcset=\"https:\/\/www.oulucomics.com\/wp-content\/uploads\/2018\/11\/wolf-214x300.jpg 214w, https:\/\/www.oulucomics.com\/wp-content\/uploads\/2018\/11\/wolf.jpg 428w\" sizes=\"auto, (max-width: 214px) 100vw, 214px\" \/>Wolf Kankare<\/b><\/span><span style=\"font-weight: 400;\">\u00a0who has lived in Oulu for a while. Wolf\u2019s third comic book\u00a0<\/span><i><span style=\"font-weight: 400;\">Subdimensionaalinen portti (Suuri kurpitsa, 2018)<\/span><\/i><span style=\"font-weight: 400;\">\u00a0tells about the unsatisfied hungry for love and the shame hanging above it. The autobiographical story covered with fiction flows through four timelines. It brings together situations, emotions and relationships. It looks for the red yarn which would give meaning for all of this. Why am I here and like this?<\/span><\/span><\/p>\n<p><a href=\"http:\/\/susiajasoraa.sarjakuvablogit.com\/\" target=\"_blank\">Wolf Kankare<\/a><\/p>\n<p> <p class=\"wpsm-hide\" style=\"color: #cc0000; font-size: 100%; text-align: left;\"> piilota\/hide<\/p><\/div><\/div><\/p>\n<h4>15:35\u00a0- Laituri:\u00a0Ville Ranta: Kuningas menett\u00e4\u00e4 p\u00e4\u00e4ns\u00e4<\/h4>\n<p><div class=\"show_more\"><p class=\"wpsm-show\" style=\"color: #cc0000; font-size: 100%; text-align: left;\"> lis\u00e4\u00e4\/more<\/p><div class=\"wpsm-content\"><\/p>\n<p><img loading=\"lazy\" decoding=\"async\" class=\"alignleft size-full wp-image-2956\" src=\"http:\/\/www.oulucomics.com\/wp-content\/uploads\/2017\/10\/fi.jpg\" alt=\"fi\" width=\"23\" height=\"20\" \/><\/p>\n<p><span style=\"text-decoration: underline;\"><b>Ville Rannan<\/b><\/span>\u00a0<i><span style=\"font-weight: 400;\">Kuningas menett\u00e4\u00e4 p\u00e4\u00e4ns\u00e4 (WSOY, 2018)\u00a0<\/span><\/i><span style=\"font-weight: 400;\">pilkkoo miehen\u00e4 olemisen pieniksi paloiksi ja meno yltyy p\u00e4\u00e4tt\u00f6m\u00e4ksi.\u00a0<\/span><span style=\"font-weight: 400;\">Upeissa akvarellis\u00e4vyiss\u00e4 hehkuvassa ja absurdissa suurteoksessa Ranta sahaa p\u00e4\u00e4n irti vuosituhantiselta valkoiselta heteromiehelt\u00e4. Mutta mit\u00e4 helvetti\u00e4? Eik\u00f6 Ranta ole itsekin samaa jatkumoa?! P\u00e4\u00e4 poikki!<\/span><\/p>\n<p><span style=\"color: #3366ff;\"><b><span style=\"text-decoration: underline;\"><img loading=\"lazy\" decoding=\"async\" class=\"aligncenter size-medium wp-image-3707\" src=\"http:\/\/www.oulucomics.com\/wp-content\/uploads\/2018\/11\/kuningas-206x300.jpg\" alt=\"kuningas\" width=\"206\" height=\"300\" srcset=\"https:\/\/www.oulucomics.com\/wp-content\/uploads\/2018\/11\/kuningas-206x300.jpg 206w, https:\/\/www.oulucomics.com\/wp-content\/uploads\/2018\/11\/kuningas.jpg 411w\" sizes=\"auto, (max-width: 206px) 100vw, 206px\" \/>Ville Ranta<\/span>'s<\/b>\u00a0<i><span style=\"font-weight: 400;\">Kuningas menett\u00e4\u00e4 p\u00e4\u00e4ns\u00e4 (WSOY, 2018)<\/span><\/i><span style=\"font-weight: 400;\">\u00a0chops the role of the Man into little pieces. Things get a bit headless. In the absurd masterpiece which glows in gorgeous aquarelles Ranta saws off the head of the millennium years old white straight man. But what the hell? Isn't Ranta himself like the same continuum?! Off with his head!<\/span><\/span><\/p>\n<p><a href=\"https:\/\/www.villeranta.com\/\" target=\"_blank\">Ville Ranta<\/a><\/p>\n<p> <p class=\"wpsm-hide\" style=\"color: #cc0000; font-size: 100%; text-align: left;\"> piilota\/hide<\/p><\/div><\/div><\/p>\n<h4>16:15\u00a0- Laituri:\u00a0Stine Spedsbjerg (Tanska\/Denmark)<\/h4>\n<p><div class=\"show_more\"><p class=\"wpsm-show\" style=\"color: #cc0000; font-size: 100%; text-align: left;\"> lis\u00e4\u00e4\/more<\/p><div class=\"wpsm-content\"><\/p>\n<p><b><img loading=\"lazy\" decoding=\"async\" class=\"alignleft size-full wp-image-2955\" src=\"http:\/\/www.oulucomics.com\/wp-content\/uploads\/2017\/10\/en.jpg\" alt=\"en\" width=\"23\" height=\"20\" \/><span style=\"text-decoration: underline;\"><span style=\"color: #3366ff; text-decoration: underline;\">Stine Spedsbjerg<\/span><\/span><\/b><span style=\"color: #3366ff;\"><span style=\"font-weight: 400;\">\u00a0is from Denmark. She makes cartoons, children\u2019s\u00a0<\/span><span style=\"font-weight: 400;\">books, comics, illustrations, manuscripts and copywriting. She stepped into\u00a0<\/span><span style=\"font-weight: 400;\">the comic\u2019s scene with the diary webcomic StineStregen, that ran for 7\u00a0<\/span><span style=\"font-weight: 400;\">years and won the first award for Best Danish Webcomic ever, and also\u00a0<\/span><span style=\"font-weight: 400;\">resulted in the book\u00a0<\/span><i><span style=\"font-weight: 400;\">K\u00e6restesorg (Heart Break)<\/span><\/i><span style=\"font-weight: 400;\">. In 2016 Stine won best\u00a0<\/span><span style=\"font-weight: 400;\">Danish Cartoonist and also published her first illustrated Children\u2019s book.<\/span><\/span><\/p>\n<p><img loading=\"lazy\" decoding=\"async\" class=\"aligncenter wp-image-3728 size-full\" src=\"http:\/\/www.oulucomics.com\/wp-content\/uploads\/2018\/11\/stine_600.jpg\" alt=\"stine_600\" width=\"600\" height=\"243\" srcset=\"https:\/\/www.oulucomics.com\/wp-content\/uploads\/2018\/11\/stine_600.jpg 600w, https:\/\/www.oulucomics.com\/wp-content\/uploads\/2018\/11\/stine_600-300x122.jpg 300w\" sizes=\"auto, (max-width: 600px) 100vw, 600px\" \/><\/p>\n<p><span style=\"font-weight: 400;\">Tanskalainen\u00a0<\/span><span style=\"text-decoration: underline;\"><b>Stine Spedsbjerg<\/b><\/span><span style=\"font-weight: 400;\">\u00a0tekee sarjakuvia, lastenkirjoja, kuvituksia, k\u00e4sikirjoituksia ja sis\u00e4ll\u00f6ntuotantoa. H\u00e4n astui sarjakuvien maailmaan netiss\u00e4 julkaistavalla p\u00e4iv\u00e4kirjasarjakuvallaan StineStregen, jota h\u00e4n piirsi 7 vuotta ja voitti sill\u00e4 ensimm\u00e4isen palkinnon parhaana tanskalaisena nettisarjakuvana. H\u00e4n on my\u00f6s luonut sarjakuvakirjan<\/span><i><span style=\"font-weight: 400;\">\u00a0K\u00e6restesorg<\/span><\/i>\u00a0<i><span style=\"font-weight: 400;\">(Heart Break).<\/span><\/i><span style=\"font-weight: 400;\">\u00a0Vuonna 2016 Stine voitti tittelin parhaana tanskalaisena sarjakuvapiirt\u00e4j\u00e4n\u00e4 ja julkaisi my\u00f6s h\u00e4nen ensimm\u00e4isen kuvittamansa lastenkirjan.<\/span><\/p>\n<p><a href=\"http:\/\/www.stinestregen.dk\/\" target=\"_blank\">Stine Spedsbjerg<\/a><\/p>\n<p> <p class=\"wpsm-hide\" style=\"color: #cc0000; font-size: 100%; text-align: left;\"> piilota\/hide<\/p><\/div><\/div><\/p>\n<h4>16:50\u00a0- Laituri:\u00a0Mattias Elftorp (Ruotsi\/Sweden) ja Lauri Ahtinen<\/h4>\n<p><div class=\"show_more\"><p class=\"wpsm-show\" style=\"color: #cc0000; font-size: 100%; text-align: left;\"> lis\u00e4\u00e4\/more<\/p><div class=\"wpsm-content\"><\/p>\n<p><span style=\"font-weight: 400;\"><img loading=\"lazy\" decoding=\"async\" class=\"alignleft size-full wp-image-2955\" src=\"http:\/\/www.oulucomics.com\/wp-content\/uploads\/2017\/10\/en.jpg\" alt=\"en\" width=\"23\" height=\"20\" \/><\/span><\/p>\n<p><span style=\"color: #0000ff;\"><span style=\"font-weight: 400;\">Current societal issues are the core of the conversation when\u00a0<\/span><span style=\"text-decoration: underline;\"><b>Mattias Elftorp<\/b><\/span><span style=\"font-weight: 400;\">\u00a0and\u00a0<\/span><span style=\"text-decoration: underline;\"><b>Lauri Ahtinen<\/b><\/span><span style=\"font-weight: 400;\">\u00a0hit the stage. The present and the future will face each other. The decathlete of the comics industry Elftrop, is best-known for\u00a0the\u00a0post-apocalyptic comic series\u00a0<\/span><i><span style=\"font-weight: 400;\">Piracy is Liberation (Wormgod)<\/span><\/i><span style=\"font-weight: 400;\">. Lauri Ahtinen's\u00a0<\/span><i><span style=\"font-weight: 400;\">Elias (Kustamo S&amp;S, 2018)<\/span><\/i><span style=\"font-weight: 400;\">\u00a0is a comic about a boy who came to Finland alone. The story is based on interviews with asylum seekers and experts from the industry.<\/span><\/span><\/p>\n<p><span style=\"color: #3366ff;\"><img loading=\"lazy\" decoding=\"async\" class=\"size-medium wp-image-3708 alignnone\" src=\"http:\/\/www.oulucomics.com\/wp-content\/uploads\/2018\/11\/elias-211x300.jpg\" alt=\"elias\" width=\"211\" height=\"300\" srcset=\"https:\/\/www.oulucomics.com\/wp-content\/uploads\/2018\/11\/elias-211x300.jpg 211w, https:\/\/www.oulucomics.com\/wp-content\/uploads\/2018\/11\/elias.jpg 246w\" sizes=\"auto, (max-width: 211px) 100vw, 211px\" \/> <img loading=\"lazy\" decoding=\"async\" class=\"size-medium wp-image-3709 alignnone\" src=\"http:\/\/www.oulucomics.com\/wp-content\/uploads\/2018\/11\/piracy2-231x300.jpg\" alt=\"piracy2\" width=\"231\" height=\"300\" srcset=\"https:\/\/www.oulucomics.com\/wp-content\/uploads\/2018\/11\/piracy2-231x300.jpg 231w, https:\/\/www.oulucomics.com\/wp-content\/uploads\/2018\/11\/piracy2.jpg 270w\" sizes=\"auto, (max-width: 231px) 100vw, 231px\" \/><\/span><\/p>\n<p><span style=\"color: #000000;\">Keskustelun ytimen\u00e4 ovat nyt yhteiskunnalliset asiat, kun lavalle p\u00e4\u00e4sev\u00e4t\u00a0<span style=\"text-decoration: underline;\"><b>Mattias Elftorp<\/b><\/span>\u00a0ja\u00a0<span style=\"text-decoration: underline;\"><b>Lauri Ahtinen<\/b><\/span>. Keskustelussa nykyp\u00e4iv\u00e4 ja tulevaisuus kohtaavat. Post-apokalyptisest\u00e4\u00a0<i>Piracy is Liberation (Wormgod)<\/i>\u00a0-sarjakuvasarjasta parhaiten tunnettu tuottelias sarjakuvataiteilija Elftorp on alan moniottelija. Lauri Ahtisen\u00a0<i>Elias (Kustantamo S&amp;S, 2018)<\/i>\u00a0on sarjakuvaromaani yksin Suomeen tulleesta pojasta. Tarina pohjautuu turvapaikanhakijoiden ja alan asiantuntijoiden haastatteluihin.<\/span><\/p>\n<p><a href=\"http:\/\/www.lauriahtinen.com\/\" target=\"_blank\">Lauri Ahtinen<\/a>\u00a0&amp;<a href=\"https:\/\/www.elftorp.com\/\" target=\"_blank\"> Mattias Elftorp<\/a><\/p>\n<p> <p class=\"wpsm-hide\" style=\"color: #cc0000; font-size: 100%; text-align: left;\"> piilota\/hide<\/p><\/div><\/div><\/p>\n<h4>17:10 - Pakkala-sali:\u00a0Sprinttistripin SM 2018 palkintojenkako<\/h4>\n<p><div class=\"show_more\"><p class=\"wpsm-show\" style=\"color: #cc0000; font-size: 100%; text-align: left;\"> lis\u00e4\u00e4\/more<\/p><div class=\"wpsm-content\"><\/p>\n<p><img loading=\"lazy\" decoding=\"async\" class=\"alignleft size-full wp-image-2956\" src=\"http:\/\/www.oulucomics.com\/wp-content\/uploads\/2017\/10\/fi.jpg\" alt=\"fi\" width=\"23\" height=\"20\" \/><\/p>\n<p><span style=\"font-weight: 400;\">Juhlatunnelma huipentuu, kun Sprinttistripin Suomen mestaruuden voittaja julkistetaan. Tule kuulemaan palkitut, tuomariston perustelut ja katsomaan nostoja kilpailunsadosta!<\/span><\/p>\n<p><span style=\"color: #3366ff;\">The celebration culminates when the winner of the Sprint strip's Finnish Championship is revealed. Come hear the announcement of the winners, the jury's justifications and see the competition entries!<\/span><\/p>\n<p> <p class=\"wpsm-hide\" style=\"color: #cc0000; font-size: 100%; text-align: left;\"> piilota\/hide<\/p><\/div><\/div><\/p>\n<h4>17:30 - Pakkala-sali:\u00a0Jussi Hukkanen: Maailman paskin nalle - Koko kooma<\/h4>\n<p><div class=\"show_more\"><p class=\"wpsm-show\" style=\"color: #cc0000; font-size: 100%; text-align: left;\"> lis\u00e4\u00e4\/more<\/p><div class=\"wpsm-content\"><\/p>\n<p><img loading=\"lazy\" decoding=\"async\" class=\"alignleft size-full wp-image-2956\" src=\"http:\/\/www.oulucomics.com\/wp-content\/uploads\/2017\/10\/fi.jpg\" alt=\"fi\" width=\"23\" height=\"20\" \/><\/p>\n<p><span style=\"font-weight: 400;\">Maailman suurimpiin ja pienimpiin asioihin puuttuva antisankari on p\u00e4\u00e4ssyt kirjankansien v\u00e4liin.\u00a0<\/span><span style=\"text-decoration: underline;\"><b>Jussi Hukkasen<\/b><\/span>\u00a0<i><span style=\"font-weight: 400;\">Maailman paskin nalle - Koko kooma (Pokuto, 2018)<\/span><\/i><span style=\"font-weight: 400;\">\u00a0julistetaan livekuvituksien kera. Hukkanen loihtii teoksessa toteutuvan \"Yksi kuva kertoo enemm\u00e4n kuin tuhat sanaa\" idiooman mukaisesti ja nallen innoittamana vastaukset h\u00e4nelle esitettyihin kysymyksiin kuvitettuina.<\/span><\/p>\n<p><span style=\"font-weight: 400;\">Maailman Paskin Nalle on enemm\u00e4n k\u00e4site kuin konkreettinen hahmo. H\u00e4n on sukupuoleton, vaikka n\u00e4ytt\u00e4ytyykin lukijalle is\u00e4hahmona. Nalle voi olla tarinoissa pelastava enkeli tai paskamainen ja kiros\u00e4keit\u00e4 heittelev\u00e4 punasolun kaveri. N\u00e4ht\u00e4v\u00e4ksi j\u00e4\u00e4 mit\u00e4 valkokankaalta l\u00f6ytyyk\u00e4\u00e4n!<\/span><\/p>\n<p><span style=\"color: #3366ff;\"><span style=\"font-weight: 400;\">The anti-hero intervening in world's biggest and smallest problems has made the leap into a book.\u00a0<\/span><span style=\"text-decoration: underline;\"><b>Jussi Hukkanen<\/b><\/span>'s<b>\u00a0<\/b><i><span style=\"font-weight: 400;\">Maailman paskin nalle - Koko kooma (Pokuto,2018)<\/span><\/i><span style=\"font-weight: 400;\">\u00a0will be published alongside live drawing. The artist will answer to audience's questions with illustrations because as we all know \"One picture tells more than a thousand words\". Live drawing will be made by Hukkanen while channeling his character: The World\u2019s crappiest Teddy.<\/span><\/span><\/p>\n<p><span style=\"color: #3366ff;\">The World\u2019s crappiest Teddy is more of a concept than a concrete character. He is genderless even though Teddy might seem like father figure to the readers. Teddy can be a saving angel or a jackass who curses a lot. Come and see what will be drawn on the silver screen!<\/span><\/p>\n<p><a href=\"http:\/\/www.jussihukkanen.com\/\" target=\"_blank\">Jussi Hukkanen<\/a><\/p>\n<p> <p class=\"wpsm-hide\" style=\"color: #cc0000; font-size: 100%; text-align: left;\"> piilota\/hide<\/p><\/div><\/div><\/p>\n<h4>17:35\u00a0- Laituri:\u00a0Martin Ernstsen &amp; Sigbj\u00f8rn Lilleeng (Norja\/Norway)<\/h4>\n<p><div class=\"show_more\"><p class=\"wpsm-show\" style=\"color: #cc0000; font-size: 100%; text-align: left;\"> lis\u00e4\u00e4\/more<\/p><div class=\"wpsm-content\"><\/p>\n<p><b><br \/>\n<img loading=\"lazy\" decoding=\"async\" class=\"alignleft size-full wp-image-2955\" src=\"http:\/\/www.oulucomics.com\/wp-content\/uploads\/2017\/10\/en.jpg\" alt=\"en\" width=\"23\" height=\"20\" \/><span style=\"text-decoration: underline; color: #3366ff;\">Martin Ernstsen<\/span><\/b><span style=\"font-weight: 400; color: #3366ff;\">\u00a0is a comic artist and illustrator based in Oslo, Norway. He has published several comic albums with Jippi Comics, and two children's book with Cappelen Damm. Some of his books have been translated into Danish, Polish, Finnish, and Swedish. Currently he is working on a comic adaptation of Knut Hamsun's novel \"Hunger\" from 1890. It will be published in Norway by Minuskel and in Germany by Avant Verlag in 2019.<\/span><\/p>\n<p><span style=\"color: #3366ff;\"><span style=\"text-decoration: underline;\"><b>Sigbj\u00f8rn Lilleeng<\/b><\/span><span style=\"font-weight: 400;\">\u00a0has been publishing comics in Norway since 2005. He is trying to create \"traditional\" action\/adventure comics inspired by BD, japanese manga, and american underground, but always with a personal touch. Sigbj\u00f8rn works as an illustrator and teaches comic classes.<\/span><\/span><\/p>\n<p><b><img loading=\"lazy\" decoding=\"async\" class=\"size-medium wp-image-3729 alignleft\" src=\"http:\/\/www.oulucomics.com\/wp-content\/uploads\/2018\/11\/martin_net-212x300.jpg\" alt=\"martin_net\" width=\"212\" height=\"300\" srcset=\"https:\/\/www.oulucomics.com\/wp-content\/uploads\/2018\/11\/martin_net-212x300.jpg 212w, https:\/\/www.oulucomics.com\/wp-content\/uploads\/2018\/11\/martin_net.jpg 424w\" sizes=\"auto, (max-width: 212px) 100vw, 212px\" \/><\/b><\/p>\n<p><span style=\"text-decoration: underline;\"><b><img loading=\"lazy\" decoding=\"async\" class=\"size-medium wp-image-3730 alignnone\" src=\"http:\/\/www.oulucomics.com\/wp-content\/uploads\/2018\/11\/lilleeng_1_small-212x300.jpg\" alt=\"lilleeng_1_small\" width=\"212\" height=\"300\" srcset=\"https:\/\/www.oulucomics.com\/wp-content\/uploads\/2018\/11\/lilleeng_1_small-212x300.jpg 212w, https:\/\/www.oulucomics.com\/wp-content\/uploads\/2018\/11\/lilleeng_1_small.jpg 423w\" sizes=\"auto, (max-width: 212px) 100vw, 212px\" \/><\/b><\/span><\/p>\n<p><span style=\"text-decoration: underline;\"><b>Martin Ernstsen<\/b><\/span><span style=\"font-weight: 400;\">\u00a0sarjakuvataiteilija ja kuvittaja Norjasta Oslon seudulta. H\u00e4n on julkaissut useita sarjakuva-albumeita Jippi Comics:n kanssa ja Cappelen Damm:n kanssa kaksi lastenkirjaa. Jotkut h\u00e4nen kirjoistaan on k\u00e4\u00e4nnetty tanskaksi, puolaksi, suomeksi ja ruotsiksi. T\u00e4ll\u00e4 hetkell\u00e4 h\u00e4n ty\u00f6st\u00e4\u00e4 sarjakuva-adaptaatiota Knut Hamsunin novellista \u201cHunger\u201d vuodelta 1890. Teoksen julkaisee Norjassa kustannusyhti\u00f6 Minuskel ja Avant Verlag Saksassa vuonna 2019.<\/span><\/p>\n<p><span style=\"text-decoration: underline;\"><b>Sigbj\u00f8rn Lilleeng\u00a0<\/b><\/span><span style=\"font-weight: 400;\">on julkaissut sarjakuviaan Norjassa jo vuodesta 2005. H\u00e4n pyrkii luomaan perinteisi\u00e4 toimintaan\/seikkailuun perustuvia sarjakuvia BD:n, japanilaisen mangan ja Amerikan undergroundin innoittamana (omaan kuvitustyyliins\u00e4 sovitettuna, tietysti). Sigbj\u00f8rn ty\u00f6skentelee kuvittajana ja sarjakuvaopettajana.<\/span><\/p>\n<p> <p class=\"wpsm-hide\" style=\"color: #cc0000; font-size: 100%; text-align: left;\"> piilota\/hide<\/p><\/div><\/div><\/p>\n<h4>18:15 - Pakkala-sali:\u00a0Cara Bean (USA) and Tessa Astre<\/h4>\n<p><div class=\"show_more\"><p class=\"wpsm-show\" style=\"color: #cc0000; font-size: 100%; text-align: left;\"> lis\u00e4\u00e4\/more<\/p><div class=\"wpsm-content\"><\/p>\n<p><span style=\"font-weight: 400;\"><img loading=\"lazy\" decoding=\"async\" class=\"alignleft size-full wp-image-2955\" src=\"http:\/\/www.oulucomics.com\/wp-content\/uploads\/2017\/10\/en.jpg\" alt=\"en\" width=\"23\" height=\"20\" \/><span style=\"color: #3366ff;\">Teaching comic artist - how to combine two lives: A discussion with\u00a0<\/span><\/span><span style=\"color: #3366ff;\"><span style=\"text-decoration: underline;\"><b>Cara Bean<\/b><\/span><span style=\"font-weight: 400;\">\u00a0and\u00a0<\/span><span style=\"text-decoration: underline;\"><b>Tessa Astre<\/b><\/span><span style=\"font-weight: 400;\">. We invite you to this lively discussion about the realizations and challenges of teaching artists.<\/span><\/span><\/p>\n<p><span style=\"font-weight: 400;\">Sarjakuvataiteilija opettajana - kuinka yhdist\u00e4\u00e4 kaksi el\u00e4m\u00e4\u00e4:\u00a0<b><span style=\"text-decoration: underline;\">Cara Bean<\/span><\/b>\u00a0ja<b>\u00a0<span style=\"text-decoration: underline;\">Tessa Astre<\/span><\/b>.\u00a0<\/span><span style=\"font-weight: 400;\">Keskustelutilaisuus opettavan taiteilijan oivalluksista ja haasteista. Kaikki ovat tervetulleita osallistumaan.<\/span><\/p>\n<p><a href=\"https:\/\/www.carabeancomics.com\/\" target=\"_blank\">Cara Bean<\/a><\/p>\n<p> <p class=\"wpsm-hide\" style=\"color: #cc0000; font-size: 100%; text-align: left;\"> piilota\/hide<\/p><\/div><\/div><\/p>\n<h4>18:20 - Laituri:\u00a0Avi Heikkinen: Valotusaika<\/h4>\n<p><div class=\"show_more\"><p class=\"wpsm-show\" style=\"color: #cc0000; font-size: 100%; text-align: left;\"> lis\u00e4\u00e4\/more<\/p><div class=\"wpsm-content\"><\/p>\n<p><img loading=\"lazy\" decoding=\"async\" class=\"alignleft size-full wp-image-2956\" src=\"http:\/\/www.oulucomics.com\/wp-content\/uploads\/2017\/10\/fi.jpg\" alt=\"fi\" width=\"23\" height=\"20\" \/><\/p>\n<p><span style=\"font-weight: 400;\">Mielen nyrj\u00e4ytt\u00e4v\u00e4 scifidekkari on tarina rutik\u00f6yh\u00e4n pikkurikollisen seikkailuista.\u00a0<\/span><span style=\"text-decoration: underline;\"><b>Avi Heikkisen<\/b><\/span>\u00a0<i><span style=\"font-weight: 400;\">Valotusaika (Pokuto, 2018)<\/span><\/i><span style=\"font-weight: 400;\">\u00a0on kokonaisuudessaan toteutettu aidoissa oloissa otetuilla k\u00e4sitellyill\u00e4 valokuvilla. T\u00e4m\u00e4 tehokeino liittyy olennaisesti tarinan mysteeriin, joka kietoutuu varastetun kameran ymp\u00e4rille. Heikkinen kertoo ty\u00f6skentelyst\u00e4\u00e4n ja esittelee mielenkiintoisella tavalla menetelmi\u00e4\u00e4n valokuvan hy\u00f6dynt\u00e4misess\u00e4 sarjakuvan kuvakerronnan rakentamisessa. Valotusaika-albumi ilmestyy joulukuussa 2018.<\/span><\/p>\n<p><span style=\"color: #3366ff;\"><span style=\"font-weight: 400;\"><img loading=\"lazy\" decoding=\"async\" class=\"aligncenter size-medium wp-image-3710\" src=\"http:\/\/www.oulucomics.com\/wp-content\/uploads\/2018\/11\/valotusaika-214x300.jpg\" alt=\"valotusaika\" width=\"214\" height=\"300\" srcset=\"https:\/\/www.oulucomics.com\/wp-content\/uploads\/2018\/11\/valotusaika-214x300.jpg 214w, https:\/\/www.oulucomics.com\/wp-content\/uploads\/2018\/11\/valotusaika.jpg 427w\" sizes=\"auto, (max-width: 214px) 100vw, 214px\" \/>This mind-blowing scifi whodunit comic book is a story about the adventures of a dirt poor little thief.\u00a0<\/span><span style=\"text-decoration: underline;\"><b>Avi Heikkinen<\/b><\/span><span style=\"font-weight: 400;\">'s\u00a0<\/span><i><span style=\"font-weight: 400;\">Valotusaika (Pokuto, 2018)<\/span><\/i><span style=\"font-weight: 400;\">\u00a0has been completely made with modified photographs taken in natural conditions. This storytelling device is an important key-object to solving a mystery which includes a stolen camera.\u00a0<\/span>Heikkinen tells how he worked with this comic project and presents some interesting methods how to put modifieds photos into comic's visual narrative.<\/span><\/p>\n<p> <p class=\"wpsm-hide\" style=\"color: #cc0000; font-size: 100%; text-align: left;\"> piilota\/hide<\/p><\/div><\/div><\/p>\n<\/div><\/div>\n\t\t\t\t<\/li>\n\t\t\t \t<li class=\"event festivaali fsun lapset center\">\n\t\t\t\t\t<div class=\"event-date\"><div class=\"start-date\"><div class=\"event-weekday\">su<\/div><div class=\"event-day\">25<\/div><div class=\"event-month\">marras<\/div><div class=\"event-year\">2018<\/div><\/div><\/div>\n\t\t\t\t\t<div class=\"event-info single-day\"><div class=\"event-title\"><h3>N\u00e4in syntyv\u00e4t sarjakuvahahmot<\/h3><\/div><span class=\"event-time\">14:00 - 15:30<\/span><span class=\"event-location\">Kulttuuritalo Valve, Konst O. Deli, Hallituskatu 7, Oulu<\/span><div class=\"event-details\"><p><img loading=\"lazy\" decoding=\"async\" class=\"alignleft size-full wp-image-2956\" src=\"http:\/\/www.oulucomics.com\/wp-content\/uploads\/2017\/10\/fi.jpg\" alt=\"fi\" width=\"23\" height=\"20\" \/>Koko perheen Oulun Sarjakuvafestivaalitapahtumassa sarjakuvantekij\u00e4t ja kuvittajat kertovat ja piirt\u00e4v\u00e4t haastatteluiden siivitt\u00e4m\u00e4n\u00e4 sarjakuvahahmojaan.<\/p>\n<p>Tilaisuudessa hahmoja papereille loihtivat seuraavat taiteilijat, mainituista teoksistaan:<\/p>\n<ul>\n<ul>\n<li><strong>Timo Kokkila<\/strong>: <em>Per\u00e4smiehen poika 002 (Sarvakuja, 2018)<\/em><\/li>\n<li><strong>Mari Ahokoivu<\/strong>: <em>Sanni &amp; Joonas: Hugo-serkku (Kumiorava, 2016)<\/em><\/li>\n<li><strong>Jii Roikonen<\/strong>: <em>Soivan Siilin joulu nuottikirja (Nispero, 2018)<\/em><\/li>\n<li><strong>Harri Filppa<\/strong>: <em>Vastarannan Siili piipert\u00e4\u00e4 (Soiva Siili, 2017)<\/em><\/li>\n<\/ul>\n<\/ul>\n<p>Tilaisuuden aikana on my\u00f6s hyv\u00e4 hetkinautia <a href=\"http:\/\/www.konstodeli.fi\/\" target=\"_blank\">Konst O. Delin<\/a> herkuista.<\/p>\n<p><img loading=\"lazy\" decoding=\"async\" class=\"aligncenter size-full wp-image-3750\" src=\"http:\/\/www.oulucomics.com\/wp-content\/uploads\/2018\/11\/nssh_net.jpg\" alt=\"nssh_net\" width=\"600\" height=\"300\" srcset=\"https:\/\/www.oulucomics.com\/wp-content\/uploads\/2018\/11\/nssh_net.jpg 600w, https:\/\/www.oulucomics.com\/wp-content\/uploads\/2018\/11\/nssh_net-300x150.jpg 300w\" sizes=\"auto, (max-width: 600px) 100vw, 600px\" \/><\/p>\n<p>Taiteilijoiden teoksia voi tilaisuudessa tiedustella signeerattuna tekij\u00f6ilt\u00e4 tai vaihtoehtoisesti niit\u00e4 on saatavilla<a href=\"https:\/\/www.sarjakuvakauppa.fi\/\" target=\"_blank\"> Turun Sarjakuvakaupan Oulun toimipisteest\u00e4<\/a>.<\/p>\n<h4><span style=\"color: #0000ff;\">How comic characters are made<\/span><\/h4>\n<p><span style=\"color: #0000ff;\">Comic makers and illustrators will be\u00a0telling and drawing something of\u00a0 their comic characters through the interviews at the whole family's event Oulu Comics Festival.<\/span><\/p>\n<p><span style=\"color: #0000ff;\">At the event will the following artist draw their characters on the paper\u00a0from their own works:\u00a0<\/span><\/p>\n<ul>\n<ul>\n<li><span style=\"color: #0000ff;\"><strong>Timo Kokkila<\/strong>: <em>Per\u00e4smiehen poika 002 (Sarvakuja, 2018)<\/em><\/span><\/li>\n<li><span style=\"color: #0000ff;\"><strong>Mari Ahokoivu<\/strong>: <em>Sanni &amp; Joonas: Hugo-serkku (Kumiorava, 2016)<\/em><\/span><\/li>\n<li><span style=\"color: #0000ff;\"><strong>Jii Roikonen<\/strong>: <em>Soivan Siilin joulu nuottikirja (Nispero, 2018)<\/em><\/span><\/li>\n<li><span style=\"color: #0000ff;\"><strong>Harri Filppa<\/strong>: <em>Vastarannan Siili piipert\u00e4\u00e4 (Soiva Siili, 2017)<\/em><\/span><\/li>\n<\/ul>\n<\/ul>\n<p><span style=\"color: #0000ff;\">During the event there is\u00a0also a good time to enjoy the delights of <strong>Konst O. Deli<\/strong>.<\/span><\/p>\n<p><span style=\"color: #0000ff;\">Artist's works can be asked by signatories from the creators or, alternatively, they are available at the<\/span> <a href=\"https:\/\/www.sarjakuvakauppa.fi\/?___store=default_en&amp;___from_store=default\">Turku Comic Shop's Oulu store<\/a>.<\/p>\n<\/div><\/div>\n\t\t\t\t<\/li>\n\t\t\t \t<li class=\"event festivaali fsun lapset\">\n\t\t\t\t\t<div class=\"event-date\"><div class=\"start-date\"><div class=\"event-weekday\">su<\/div><div class=\"event-day\">25<\/div><div class=\"event-month\">marras<\/div><div class=\"event-year\">2018<\/div><\/div><\/div>\n\t\t\t\t\t<div class=\"event-info single-day\"><div class=\"event-title\"><h3>Flow-sirkus: Sirkusteltan naisen fantastinen show<\/h3><\/div><span class=\"event-time\">16:00 - 16:30<\/span><span class=\"event-location\">Kulttuuritalo Valve, Valvesali, Hallituskatu 7, Oulu<\/span><div class=\"event-details\"><p><img loading=\"lazy\" decoding=\"async\" class=\"alignleft size-full wp-image-2956\" src=\"http:\/\/www.oulucomics.com\/wp-content\/uploads\/2017\/10\/fi.jpg\" alt=\"fi\" width=\"23\" height=\"20\" \/>Sirkusteltan naisen isojen hameiden alle k\u00e4tkeytyy pieni sirkus, joka on t\u00e4ynn\u00e4 leluja, nukkeja, sulkia, viuhkoja, pieni\u00e4 valkoisia palloja, hattuja ja naamioita. Jokaiselle hameelle on oma shownsa miniel\u00e4intarhasta lumoavaan sormijalkaiseen nuorallatanssijaan.<\/p>\n<p>Kahden ranskalaisen sirkustaiteilijan visuaalisesi kiehtova teos, ranskalaiselta nimelt\u00e4\u00e4n Les attractions extraordinaires de la femme chapiteau\u00a0 kuljettaa katsojat musiikillisesti maailman ymp\u00e4ri ja houkuttelee perheen pienimm\u00e4t vanhempineen iki-ihanalle mielikuvitusmatkalle.<\/p>\n<p><a href=\"http:\/\/www.kulttuurivalve.fi\/sivu\/fi\/tapahtumat\/tapahtumahaku\/?type=1&amp;location=&amp;id=4048&amp;action=show_one&amp;lang=fi\" target=\"_blank\">Lis\u00e4tietoa Kultturitalo Valveen sivuilta...<\/a><\/p>\n<p><img loading=\"lazy\" decoding=\"async\" class=\"alignleft size-full wp-image-2955\" src=\"http:\/\/www.oulucomics.com\/wp-content\/uploads\/2017\/10\/en.jpg\" alt=\"en\" width=\"23\" height=\"20\" \/><strong><span style=\"color: #0000ff;\">Flow-circus: The Fantastic Show of the Big-top Woman<\/span><\/strong><\/p>\n<p><span style=\"color: #0000ff;\">Hidden under the big skirts of the big-top woman is a tiny circus full of puppets and toys, feathers and fans, little white balls, hats, and masks. Every skirt is its very own show; an enchanting performance by a ropedancer, for example, or a miniature zoo!<\/span><br \/>\n<span style=\"color: #0000ff;\"> \u201cThe Fantastic Show of the Big-top Woman\u201d \u2013 originally called Les attractions extraordinaires de la femme chapiteau \u2013 is a visually intriguing performance by two French circus artists that induces the little ones, as well as their parents, on a divine imaginary journey and to travel musically around the world.<\/span><\/p>\n<p><a href=\"http:\/\/www.kulttuurivalve.fi\/sivu\/fi\/tapahtumat\/tapahtumahaku\/?type=1&amp;location=&amp;id=4048&amp;action=show_one&amp;lang=fi\">More information\u00a0on Cultural Centre Valve's website...<\/a><\/p>\n<\/div><\/div>\n\t\t\t\t<\/li><\/ul>\n\t\t\t\t<\/div>\n","protected":false},"excerpt":{"rendered":"<p><img loading=\"lazy\" decoding=\"async\" class=\"alignright size-full wp-image-3573\" src=\"http:\/\/www.oulucomics.com\/wp-content\/uploads\/2018\/09\/lkko.png\" alt=\"lkko\" width=\"100\" height=\"100\"><\/p>\n<p>T\u00e4lle sivulle olemme ker\u00e4nneet lapsille ja lapsenmielisille sopivaa n\u00e4ht\u00e4v\u00e4\u00e4 ja koettavaa. Oulun&#8230;<\/p>\n","protected":false},"author":1,"featured_media":0,"parent":3531,"menu_order":0,"comment_status":"closed","ping_status":"closed","template":"","meta":{"footnotes":""},"categories":[],"tags":[],"class_list":["post-3572","page","type-page","status-publish","hentry"],"_links":{"self":[{"href":"https:\/\/www.oulucomics.com\/fi\/wp-json\/wp\/v2\/pages\/3572","targetHints":{"allow":["GET"]}}],"collection":[{"href":"https:\/\/www.oulucomics.com\/fi\/wp-json\/wp\/v2\/pages"}],"about":[{"href":"https:\/\/www.oulucomics.com\/fi\/wp-json\/wp\/v2\/types\/page"}],"author":[{"embeddable":true,"href":"https:\/\/www.oulucomics.com\/fi\/wp-json\/wp\/v2\/users\/1"}],"replies":[{"embeddable":true,"href":"https:\/\/www.oulucomics.com\/fi\/wp-json\/wp\/v2\/comments?post=3572"}],"version-history":[{"count":5,"href":"https:\/\/www.oulucomics.com\/fi\/wp-json\/wp\/v2\/pages\/3572\/revisions"}],"predecessor-version":[{"id":3617,"href":"https:\/\/www.oulucomics.com\/fi\/wp-json\/wp\/v2\/pages\/3572\/revisions\/3617"}],"up":[{"embeddable":true,"href":"https:\/\/www.oulucomics.com\/fi\/wp-json\/wp\/v2\/pages\/3531"}],"wp:attachment":[{"href":"https:\/\/www.oulucomics.com\/fi\/wp-json\/wp\/v2\/media?parent=3572"}],"wp:term":[{"taxonomy":"category","embeddable":true,"href":"https:\/\/www.oulucomics.com\/fi\/wp-json\/wp\/v2\/categories?post=3572"},{"taxonomy":"post_tag","embeddable":true,"href":"https:\/\/www.oulucomics.com\/fi\/wp-json\/wp\/v2\/tags?post=3572"}],"curies":[{"name":"wp","href":"https:\/\/api.w.org\/{rel}","templated":true}]}}