{"id":4802,"date":"2020-08-13T15:20:13","date_gmt":"2020-08-13T12:20:13","guid":{"rendered":"http:\/\/www.oulucomics.com\/?page_id=4802"},"modified":"2021-01-28T16:31:02","modified_gmt":"2021-01-28T14:31:02","slug":"english-friendly-program-2020","status":"publish","type":"page","link":"https:\/\/www.oulucomics.com\/en_US\/fest\/past\/2020-2\/english-friendly-program-2020\/","title":{"rendered":"English friendly program 2020"},"content":{"rendered":"\n\t\t\t\t<div class=\"event-list\">\n\t\t\t\t<ul class=\"event-list-view\">\n\t\t\t \t<li class=\"event festivaali fest-en ffri festivaalilava sarjasto\">\n\t\t\t\t\t<div class=\"event-date\"><div class=\"end-date\"><div class=\"event-weekday\">Fri<\/div><div class=\"event-day\">20<\/div><div class=\"event-month\">Nov<\/div><div class=\"event-year\">2020<\/div><\/div><\/div>\n\t\t\t\t\t<div class=\"event-info multi-day\"><div class=\"event-title\"><h3>Festivaaliperjantain ohjelmisto | Festivals&#039; friday program<\/h3><\/div><span class=\"event-time\">17:00 - 19:00<\/span><span class=\"event-location\">P\u00e4\u00e4kirjasto | Main library, Pakkala sali, Kaarlenv\u00e4yl\u00e4 3, Oulu<\/span><div class=\"event-details\"><p><iframe loading=\"lazy\" src=\"https:\/\/www.youtube.com\/embed\/tWz2c1UX0wg\" width=\"560\" height=\"315\" frameborder=\"0\" allowfullscreen=\"allowfullscreen\"><\/iframe><\/p>\n<h4>16:30 - <span style=\"color: #0000ff;\">FI<\/span> - Pohjoismaisen Sarjakuvakilpailun palkintojen jako<\/h4>\n<p><div class=\"show_more\"><p class=\"wpsm-show\" style=\"color: #cc0000; font-size: 100%; text-align: left;\"> lis\u00e4\u00e4\/more<\/p><div class=\"wpsm-content\"><\/p>\n<p><img loading=\"lazy\" decoding=\"async\" class=\"alignright size-medium wp-image-4969\" src=\"http:\/\/www.oulucomics.com\/wp-content\/uploads\/2020\/10\/kilpailu20_kuva-212x300.jpg\" alt=\"\" width=\"212\" height=\"300\" srcset=\"https:\/\/www.oulucomics.com\/wp-content\/uploads\/2020\/10\/kilpailu20_kuva-212x300.jpg 212w, https:\/\/www.oulucomics.com\/wp-content\/uploads\/2020\/10\/kilpailu20_kuva.jpg 724w\" sizes=\"auto, (max-width: 212px) 100vw, 212px\" \/>Vuoden 2020 Pohjoismaisen sarjakuvakilpailun voittajat julkistetaan. Sarjakuva-albumi, joka sis\u00e4lt\u00e4\u00e4 kolme palkittua sarjakuvaa ja kunniamaininnan julkistetaan.<\/p>\n<p><span style=\"color: #800000;\">The winners of the Oulu Nordic Comics Competition 2020 will be revealed. The comic album which includes the three winners and honorary mention will be available.\u00a0<\/span><\/p>\n<p> <p class=\"wpsm-hide\" style=\"color: #cc0000; font-size: 100%; text-align: left;\"> piilota\/hide<\/p><\/div><\/div><\/p>\n<h4>17:00 - <span style=\"color: #0000ff;\">FI <\/span>- Skrew You! -tunnustuspalkinnon jako<\/h4>\n<p><div class=\"show_more\"><p class=\"wpsm-show\" style=\"color: #cc0000; font-size: 100%; text-align: left;\"> lis\u00e4\u00e4\/more<\/p><div class=\"wpsm-content\"><\/p>\n<p>Oulun Sarjakuvaseura my\u00f6nt\u00e4\u00e4 vuosittain Skrew You! -tunnustuspalkinnon pohjoissuomalaisen sarjakuvan eteen tehdyst\u00e4 ty\u00f6st\u00e4. T\u00e4m\u00e4n vuoden palkinnonsaaja julkistetaan 20.11. klo 17:00.<\/p>\n<p><img loading=\"lazy\" decoding=\"async\" class=\"alignleft wp-image-1416\" src=\"http:\/\/www.oulucomics.com\/wp-content\/uploads\/2016\/11\/skrew_header-1024x316.jpg\" alt=\"\" width=\"600\" height=\"185\" srcset=\"https:\/\/www.oulucomics.com\/wp-content\/uploads\/2016\/11\/skrew_header-1024x316.jpg 1024w, https:\/\/www.oulucomics.com\/wp-content\/uploads\/2016\/11\/skrew_header-300x93.jpg 300w, https:\/\/www.oulucomics.com\/wp-content\/uploads\/2016\/11\/skrew_header-768x237.jpg 768w, https:\/\/www.oulucomics.com\/wp-content\/uploads\/2016\/11\/skrew_header-1440x444.jpg 1440w, https:\/\/www.oulucomics.com\/wp-content\/uploads\/2016\/11\/skrew_header.jpg 1800w\" sizes=\"auto, (max-width: 600px) 100vw, 600px\" \/><\/p>\n<p> <p class=\"wpsm-hide\" style=\"color: #cc0000; font-size: 100%; text-align: left;\"> piilota\/hide<\/p><\/div><\/div><\/p>\n<h4>17:15 - <span style=\"color: #0000ff;\">FI <\/span>- Vuoden Sarjakuvateko 2019 -palkinnon luovuttaminen<\/h4>\n<p><div class=\"show_more\"><p class=\"wpsm-show\" style=\"color: #cc0000; font-size: 100%; text-align: left;\"> lis\u00e4\u00e4\/more<\/p><div class=\"wpsm-content\"><\/p>\n<p>Sarjakuvantekij\u00e4t ry palkitsi Vuoden sarjakuvateko 2019 -palkinnolla Oulun sarjakuvafestivaalin. Palkinto oli tarkoitus luovuttaa Tampere Kuplii -sarjakuvafestivaalien yhteydess\u00e4 21.3.2020, mutta yleis\u00f6tapahtumien perumisen takia tilaisuus muuttuikin julkistukseksi. Palkinto luovutetaan poikkeusolojen vuoksi vasta nyt.<\/p>\n<p><iframe loading=\"lazy\" src=\"https:\/\/www.youtube.com\/embed\/TdORyQfpuKw\" width=\"560\" height=\"315\" frameborder=\"0\" allowfullscreen=\"allowfullscreen\"><\/iframe><\/p>\n<p class=\"title style-scope ytd-video-primary-info-renderer\"><em>Vuoden sarjakuvateko 2019 -palkinnon kiitospuhe, 21.3.2020<\/em><\/p>\n<p> <p class=\"wpsm-hide\" style=\"color: #cc0000; font-size: 100%; text-align: left;\"> piilota\/hide<\/p><\/div><\/div><\/p>\n<h4>17:30 - <span style=\"color: #0000ff;\">FI <\/span>- N\u00e4yttelykierros Oulun p\u00e4\u00e4kirjastolla | Exhibition tour at Main library<\/h4>\n<p><div class=\"show_more\"><p class=\"wpsm-show\" style=\"color: #cc0000; font-size: 100%; text-align: left;\"> lis\u00e4\u00e4\/more<\/p><div class=\"wpsm-content\"><\/p>\n<p><span style=\"font-weight: 400;\">Oulun p\u00e4\u00e4kirjaston n\u00e4yttelykierroksella tutustutaan kaikkiin Oulun Sarjakuvafestivaalin aikana esill\u00e4 oleviin n\u00e4yttelyihin. Osa taiteilijoista on paikalla esittelem\u00e4ss\u00e4 n\u00e4yttely\u00e4\u00e4n. Tarkasta kaikki <a href=\"http:\/\/www.oulucomics.com\/fi\/fest\/exhibitions2020\/mainlibrary\/\">p\u00e4\u00e4kirjaston festivaalin\u00e4yttelyt<\/a>. T\u00e4n\u00e4 vuonna n\u00e4yttelykierrosta voi seurata vain livestriimin v\u00e4lityksell\u00e4.<\/span><\/p>\n<p><span style=\"color: #800000;\">The exhibition tour at Oulu Main Library introduces all the exhibitions during the Oulu Comics Festival. Some of the artists are presenting their exhibition. Check out all the <a style=\"color: #800000;\" href=\"http:\/\/www.oulucomics.com\/fi\/fest\/exhibitions2020\/mainlibrary\/\">festival exhibitions in the main library<\/a>.<\/span><\/p>\n<p><img loading=\"lazy\" decoding=\"async\" class=\"alignleft size-full wp-image-4146\" src=\"http:\/\/www.oulucomics.com\/wp-content\/uploads\/2019\/10\/nayttelykierros2018.jpg\" alt=\"\" width=\"600\" height=\"229\" srcset=\"https:\/\/www.oulucomics.com\/wp-content\/uploads\/2019\/10\/nayttelykierros2018.jpg 600w, https:\/\/www.oulucomics.com\/wp-content\/uploads\/2019\/10\/nayttelykierros2018-300x115.jpg 300w\" sizes=\"auto, (max-width: 600px) 100vw, 600px\" \/><\/p>\n<p> <p class=\"wpsm-hide\" style=\"color: #cc0000; font-size: 100%; text-align: left;\"> piilota\/hide<\/p><\/div><\/div><\/p>\n<h4>18:00 - <strong><span style=\"color: #ff0000;\">EN <\/span><\/strong>- Soiva Siili -piirroskonsertti | Soiva Siili -drawing concert<\/h4>\n<p><div class=\"show_more\"><p class=\"wpsm-show\" style=\"color: #cc0000; font-size: 100%; text-align: left;\"> lis\u00e4\u00e4\/more<\/p><div class=\"wpsm-content\"><\/p>\n<p><em>Soiva Siili<\/em> soi ja <strong>Harri Filppa<\/strong> piirt\u00e4\u00e4. Soiva Siili on lastenkulttuurin valtionpalkittu (2014) lastenmusiikkiduo. <strong>Ky\u00f6sti Salmij\u00e4rven<\/strong> ja <strong>Markus Lampelan<\/strong> perustaman duon musiikki on folkhenkist\u00e4 ja hieman irkkuvaikutteistakin. Soivalla Siilill\u00e4 on 25. juhlavuosi meneill\u00e4\u00e4n. Harri Filppa on oululainen sarjakuvantekij\u00e4.<\/p>\n<p>Konsertti toteutetaan yhteisty\u00f6ss\u00e4 The Irish Festival of Oulun kanssa.<\/p>\n<p><span style=\"color: #800000;\"><em>Soiva Siili<\/em> sings and <strong>Harri Filppa<\/strong> draws. Soiva Siili (The Singing Hedgehog) is a Finnish State Awarded (2014) children\u2019s music duo, founded by <strong>Ky\u00f6sti Salmij\u00e4rvi<\/strong> and <strong>Markus Lampela<\/strong>. Their songs are folk music inspired with irish trad music flavour. Soiva Siili celebrates 25th anniversary. Harri Filppa is a cartoonist from Oulu, Finland. <\/span><\/p>\n<p><span style=\"color: #800000;\">This concert is organized together with The Irish Festival of Oulu. <\/span><\/p>\n<p><span style=\"color: #800000;\">Ky\u00f6sti Salmij\u00e4rvi - vocals, guitar <\/span><br \/>\n<span style=\"color: #800000;\">Markus Lampela - vocals, tin whistles, uilleann pipes, harmonica <\/span><br \/>\n<span style=\"color: #800000;\">Harri Filppa - drawings<\/span><\/p>\n<p> <p class=\"wpsm-hide\" style=\"color: #cc0000; font-size: 100%; text-align: left;\"> piilota\/hide<\/p><\/div><\/div><\/p>\n<\/div><\/div>\n\t\t\t\t<\/li>\n\t\t\t \t<li class=\"event festivaali fest-en fsat klubi seura\">\n\t\t\t\t\t<div class=\"event-date\"><div class=\"end-date\"><div class=\"event-weekday\">Fri<\/div><div class=\"event-day\">20<\/div><div class=\"event-month\">Nov<\/div><div class=\"event-year\">2020<\/div><\/div><\/div>\n\t\t\t\t\t<div class=\"event-info multi-day\"><div class=\"event-title\"><h3>Sarjakuvaklubi | Comics Club<\/h3><\/div><span class=\"event-time\">20:00 -<\/span><span class=\"event-location\">Snooker Time, Asemakatu 28, Oulu<\/span><div class=\"event-details\"><p>More information later...<\/p>\n<\/div><\/div>\n\t\t\t\t<\/li>\n\t\t\t \t<li class=\"event festivaali fest-en fsat fsun sarjasto signing\">\n\t\t\t\t\t<div class=\"event-date multi-date\"><div class=\"start-date\"><div class=\"event-weekday\">Sat<\/div><div class=\"event-day\">21<\/div><div class=\"event-month\">Nov<\/div><div class=\"event-year\">2020<\/div><\/div><div class=\"end-date\"><div class=\"event-weekday\">Sun<\/div><div class=\"event-day\">22<\/div><div class=\"event-month\">Nov<\/div><div class=\"event-year\">2020<\/div><\/div><\/div>\n\t\t\t\t\t<div class=\"event-info multi-day\"><div class=\"event-title\"><h3> Sarjakuvakeidas | Comics Oasis<\/h3><\/div><span class=\"event-location\">P\u00e4\u00e4kirjasto | Main library, Kaarlenv\u00e4yl\u00e4 3, Oulu<\/span><div class=\"event-details\"><p class=\"p1\">Sarjakuvakeidas on avoinna lauantaina 21.11. klo 11-18:30 ja sunnuntaina 22.11. klo 12-15:30. Keidas antaa vierailijoille mahdollisuuden tehd\u00e4 sarjakuval\u00f6yt\u00f6j\u00e4. Keitaalla on myynniss\u00e4 sarjakuvakirjoja, tulosteita, oheistuotteita ja muuta materiaalia lukuisilla p\u00f6ydill\u00e4, joiden takaa l\u00f6ytyy itsen\u00e4isi\u00e4 tekij\u00f6it\u00e4, yrityksi\u00e4 ja yhteis\u00f6j\u00e4. Sarjakuvakeidas sijaitsee Oulun kaupunginkirjaston p\u00e4\u00e4kirjastolla.<\/p>\n<p><strong>N\u00e4ytteilleasettajat vuonna 2020<\/strong><\/p>\n<ul>\n<li>Turun Sarjakuvakauppa<\/li>\n<li>T\u00e4ysi k\u00e4si<\/li>\n<li>Nispero kustannus<\/li>\n<li>Suuri kurpitsa (vain lauantai)<\/li>\n<li>Pokuto - pohjoinen kustannustoiminta<\/li>\n<li>Musta Ritari kustannus ja Tarinoita Muinaisesta Pohjolasta<\/li>\n<li>Ilpo Koskela<\/li>\n<li>Limingan taidekoulu<\/li>\n<li>Jiipu Uusitalo<\/li>\n<li>Elontaival \/ Tuomas Moisanen<\/li>\n<li>Matti Reijonen (vain lauantai)<\/li>\n<li>Emma Haapam\u00e4ki<\/li>\n<\/ul>\n<\/div><\/div>\n\t\t\t\t<\/li>\n\t\t\t \t<li class=\"event festivaali fest-en fsat fsun sarjasto signing\">\n\t\t\t\t\t<div class=\"event-date multi-date\"><div class=\"start-date\"><div class=\"event-weekday\">Sat<\/div><div class=\"event-day\">21<\/div><div class=\"event-month\">Nov<\/div><div class=\"event-year\">2020<\/div><\/div><div class=\"end-date\"><div class=\"event-weekday\">Sun<\/div><div class=\"event-day\">22<\/div><div class=\"event-month\">Nov<\/div><div class=\"event-year\">2020<\/div><\/div><\/div>\n\t\t\t\t\t<div class=\"event-info multi-day\"><div class=\"event-title\"><h3>Signeeraukset<\/h3><\/div><span class=\"event-location\">P\u00e4\u00e4kirjasto | Main library, Kaarlenv\u00e4yl\u00e4 3, Oulu<\/span><div class=\"event-details\"><p><strong>LAUANTAI 21.11.<\/strong><\/p>\n<p><strong>12:00<\/strong><br \/>\nKalervo Pulkkinen, Turun Sarjakuvakauppa<br \/>\n<strong>12:30<\/strong><br \/>\nEmmi Valve, Turun Sarjakuvakauppa<br \/>\n<strong>13:00<\/strong><br \/>\nKevyt metallin tekij\u00f6it\u00e4, Musta Ritari<br \/>\n<strong>13:00<\/strong><br \/>\nTuomas Myllyl\u00e4, Turun Sarjakuvakauppa<br \/>\n<strong>13:40<\/strong><br \/>\nPauli Kallio tavattavissa lauantain aikana, Suuri Kurpitsa<br \/>\n<strong>14:00<\/strong><br \/>\nJaana Suorsa, Turun Sarjakuvakauppa<br \/>\n<strong>14:45<\/strong><br \/>\nJuba Tuomola, Turun Sarjakuvakauppa<br \/>\n<strong>15:20<\/strong><br \/>\nKatkenneita lankoja tekij\u00f6it\u00e4, Turun Sarjakuvakauppa<br \/>\n<strong>15:55<\/strong><br \/>\nJyrki M\u00e4ki, Turun Sarjakuvakauppa<br \/>\n<strong>16:25<\/strong><br \/>\nJukka Takalo &amp; Mika Lahtonen, Pokuto<br \/>\n<strong>16:55<\/strong><br \/>\nEmilia Laatikainen, Suuri Kurpitsa<br \/>\n<strong>17:30<\/strong><br \/>\nSami Nyyss\u00f6l\u00e4, Pokuto<br \/>\n<strong>18:10<\/strong><br \/>\nPetteri Tikkanen, Turun Sarjakuvakauppa<\/p>\n<p><strong>SUNNUNTAI 22.11.<\/strong><\/p>\n<p><strong>13:15<\/strong><br \/>\nKersantti Napalmin tekij\u00f6it\u00e4, Musta Ritari<br \/>\n<strong>14:15<\/strong><br \/>\nJari Terho, Turun Sarjakuvakauppa<\/p>\n<\/div><\/div>\n\t\t\t\t<\/li>\n\t\t\t \t<li class=\"event festivaali fest-en fsat festivaalilava sarjasto\">\n\t\t\t\t\t<div class=\"event-date\"><div class=\"end-date\"><div class=\"event-weekday\">Sat<\/div><div class=\"event-day\">21<\/div><div class=\"event-month\">Nov<\/div><div class=\"event-year\">2020<\/div><\/div><\/div>\n\t\t\t\t\t<div class=\"event-info multi-day\"><div class=\"event-title\"><h3>Festivaalilauantain ohjelmisto | Festivals&#039; saturday program<\/h3><\/div><span class=\"event-time\">11:00 - 19:00<\/span><span class=\"event-location\">P\u00e4\u00e4kirjasto | Main library, Kaarlenv\u00e4yl\u00e4 3, Oulu<\/span><div class=\"event-details\"><p><iframe loading=\"lazy\" src=\"https:\/\/www.youtube.com\/embed\/dxzKhRwms1A\" width=\"560\" height=\"315\" frameborder=\"0\" allowfullscreen=\"allowfullscreen\"><\/iframe><\/p>\n<h4>11:00 - <span style=\"color: #0000ff;\">FI<\/span> - Hankala muusa - kun aforismi kohtaa kuvan<\/h4>\n<p><div class=\"show_more\"><p class=\"wpsm-show\" style=\"color: #cc0000; font-size: 100%; text-align: left;\"> lis\u00e4\u00e4\/more<\/p><div class=\"wpsm-content\"><\/p>\n<p>Sarjakuvapiirt\u00e4j\u00e4 <strong>Epe Niiranen<\/strong> ja aforistikko <strong>Eero Suvilehto<\/strong> keskustelevat aforismin muuntumisesta sarjakuvaksi ja piirrokseksi - kuvalliseksi n\u00e4yksi. Meneek\u00f6 piirretty kuva suoristamaan aforismin?<\/p>\n<p><img loading=\"lazy\" decoding=\"async\" class=\"alignleft wp-image-4966\" src=\"http:\/\/www.oulucomics.com\/wp-content\/uploads\/2020\/10\/epe_eero_aforismi-1024x601.jpg\" alt=\"\" width=\"600\" height=\"352\" srcset=\"https:\/\/www.oulucomics.com\/wp-content\/uploads\/2020\/10\/epe_eero_aforismi-1024x601.jpg 1024w, https:\/\/www.oulucomics.com\/wp-content\/uploads\/2020\/10\/epe_eero_aforismi-300x176.jpg 300w, https:\/\/www.oulucomics.com\/wp-content\/uploads\/2020\/10\/epe_eero_aforismi-768x451.jpg 768w, https:\/\/www.oulucomics.com\/wp-content\/uploads\/2020\/10\/epe_eero_aforismi-1536x901.jpg 1536w, https:\/\/www.oulucomics.com\/wp-content\/uploads\/2020\/10\/epe_eero_aforismi-2048x1202.jpg 2048w, https:\/\/www.oulucomics.com\/wp-content\/uploads\/2020\/10\/epe_eero_aforismi-1440x845.jpg 1440w, https:\/\/www.oulucomics.com\/wp-content\/uploads\/2020\/10\/epe_eero_aforismi-1050x616.jpg 1050w\" sizes=\"auto, (max-width: 600px) 100vw, 600px\" \/><\/p>\n<p> <p class=\"wpsm-hide\" style=\"color: #cc0000; font-size: 100%; text-align: left;\"> piilota\/hide<\/p><\/div><\/div><\/p>\n<h4>11:15 - <span style=\"color: #0000ff;\">FI<\/span> - Oulun Sarjakuvaseura ry:n stipendinsaajat 2020<\/h4>\n<p><div class=\"show_more\"><p class=\"wpsm-show\" style=\"color: #cc0000; font-size: 100%; text-align: left;\"> lis\u00e4\u00e4\/more<\/p><div class=\"wpsm-content\"><\/p>\n<p><span style=\"font-weight: 400;\">Oulun Sarjakuvaseura ry jakoi t\u00e4n\u00e4 vuonna ensimm\u00e4ist\u00e4 kertaa stipendej\u00e4 <\/span><span style=\"font-weight: 400;\">Pohjois-Pohjanmaalla, Kainuussa ja Lapissa asuville tai alueelta l\u00e4ht\u00f6isin oleville tekij\u00f6ille sarjakuva-albumeiden julkaisemiseen omakustanteina. Tavoitteena on sarjakuvantekij\u00f6iden tukeminen ja heid\u00e4n osaamisensa esille nostaminen.\u00a0<\/span><\/p>\n<p><span style=\"font-weight: 400;\">Stipendien saajat kertovat tulevista omakustanteistaan:<\/span><\/p>\n<p><span style=\"font-weight: 400;\"><strong>Epe Niiranen<\/strong> -<\/span><i><span style=\"font-weight: 400;\"> Atte Ankka ja Yleisjakkaralemmikki \u2013 Atteuspassio<\/span><\/i><span style=\"font-weight: 400;\"> (omakustanne, 2020)<\/span><span style=\"font-weight: 400;\"><br \/>\n<\/span><span style=\"font-weight: 400;\"><strong>A. Laukka<\/strong> - <\/span><i><span style=\"font-weight: 400;\">Pallolla -kuvap\u00e4iv\u00e4kirja<\/span><\/i><span style=\"font-weight: 400;\"> (omakustanne, 2020)<\/span><\/p>\n<p><span style=\"font-weight: 400;\">Vuoden 2021 stipendin haku on k\u00e4ynniss\u00e4 ja sit\u00e4 tulee hakea 31.7.2021 menness\u00e4: <a href=\"http:\/\/www.oulucomics.com\/fi\/keskus\/seura\/stipendi\/\" target=\"_blank\" rel=\"noopener\">www.oulucomics.com\/fi\/keskus\/seura\/stipendi\/<\/a><\/span><\/p>\n<p> <p class=\"wpsm-hide\" style=\"color: #cc0000; font-size: 100%; text-align: left;\"> piilota\/hide<\/p><\/div><\/div><\/p>\n<h4>11:30 - <span style=\"color: #0000ff;\">FI<\/span> - Kalervo Pulkkinen - Tom of Finland: V\u00e4l\u00e4hdyksi\u00e4 nimimerkin takaa<\/h4>\n<p><div class=\"show_more\"><p class=\"wpsm-show\" style=\"color: #cc0000; font-size: 100%; text-align: left;\"> lis\u00e4\u00e4\/more<\/p><div class=\"wpsm-content\"><\/p>\n<p><span style=\"font-weight: 400;\"><img loading=\"lazy\" decoding=\"async\" class=\"alignright size-medium wp-image-4964\" src=\"http:\/\/www.oulucomics.com\/wp-content\/uploads\/2020\/10\/pulkkinen-tomoffinland-207x300.jpg\" alt=\"\" width=\"207\" height=\"300\" srcset=\"https:\/\/www.oulucomics.com\/wp-content\/uploads\/2020\/10\/pulkkinen-tomoffinland-207x300.jpg 207w, https:\/\/www.oulucomics.com\/wp-content\/uploads\/2020\/10\/pulkkinen-tomoffinland.jpg 707w\" sizes=\"auto, (max-width: 207px) 100vw, 207px\" \/>Sarjakuvantekij\u00e4 Touko Laaksosen (1920-1991) syntym\u00e4st\u00e4 on kulunut 100 vuotta. Tietokirjailija ja sarjakuvaneuvos <strong>Kalervo Pulkkisen<\/strong> toimittama teos Tom of Finland - v\u00e4l\u00e4hdyksi\u00e4 nimimerkin takaa valottaa Laaksosen sotasankaruutta, uraa ja yksityisel\u00e4m\u00e4\u00e4 viihdytt\u00e4v\u00e4sti ja hauskasti. <\/span><\/p>\n<p><span style=\"font-weight: 400;\">Tietokirjailija Reijo Vallan haastattelussa tarkastellaan taiteilijaa nahkahousuisten Tom-miesten v\u00e4lityksell\u00e4.\u00a0<\/span><\/p>\n<p> <p class=\"wpsm-hide\" style=\"color: #cc0000; font-size: 100%; text-align: left;\"> piilota\/hide<\/p><\/div><\/div><\/p>\n<h4>12:00 - <span style=\"color: #0000ff;\">FI<\/span> - Emmi Valve &amp; Tessa Astre -Nepsyjen Taiteilijoiden vinkit toiminnanohjaukseen<\/h4>\n<p><div class=\"show_more\"><p class=\"wpsm-show\" style=\"color: #cc0000; font-size: 100%; text-align: left;\"> lis\u00e4\u00e4\/more<\/p><div class=\"wpsm-content\"><\/p>\n<p>Nepsy tarkoittaa neuroep\u00e4tyypillisesti maailmaa aistivaa ja siin\u00e4 toimivaa henkil\u00f6\u00e4. Sarjakuvataiteilija <strong>Emmi Valve<\/strong> ja taiteilija\/taideopettaja <strong>Tessa Astre<\/strong> jakavat keskustelussaan toiminnanohjauksen vinkkej\u00e4 sarjakuvantekij\u00f6ille ja taiteilijoille omasta kokemusn\u00e4k\u00f6kulmastansa. Kuinka hallita arkea ja saada aikaiseksi?<\/p>\n<p> <p class=\"wpsm-hide\" style=\"color: #cc0000; font-size: 100%; text-align: left;\"> piilota\/hide<\/p><\/div><\/div><\/p>\n<h4>12:30 - <span style=\"color: #0000ff;\">FI<\/span> - Tuomas Myllyl\u00e4 - Jumalsurma: Ensimm\u00e4inen kirja<\/h4>\n<p><div class=\"show_more\"><p class=\"wpsm-show\" style=\"color: #cc0000; font-size: 100%; text-align: left;\"> lis\u00e4\u00e4\/more<\/p><div class=\"wpsm-content\"><\/p>\n<p><span style=\"font-weight: 400;\"><img loading=\"lazy\" decoding=\"async\" class=\"alignright size-medium wp-image-4965\" src=\"http:\/\/www.oulucomics.com\/wp-content\/uploads\/2020\/10\/myllyla-jumalsurma1-209x300.jpg\" alt=\"\" width=\"209\" height=\"300\" srcset=\"https:\/\/www.oulucomics.com\/wp-content\/uploads\/2020\/10\/myllyla-jumalsurma1-209x300.jpg 209w, https:\/\/www.oulucomics.com\/wp-content\/uploads\/2020\/10\/myllyla-jumalsurma1.jpg 697w\" sizes=\"auto, (max-width: 209px) 100vw, 209px\" \/>Sarjakuvantekij\u00e4 <strong>Tuomas Myllyl\u00e4n<\/strong> <em>Jumalsurma - Ensimm\u00e4inen kirja<\/em> (Zum Teufel, 2020) on yksi Oulun Sarjakuvafestivaalin uutuuksista.\u00a0<\/span><\/p>\n<p><span style=\"font-weight: 400;\">Kauan sitten berserkki Hrotgar teki anteeksiantamattoman synnin: lopettaakseen tuhoisan sodan h\u00e4n surmasi jumalan, johon oli valalla sitonut itsens\u00e4. Kun kaukaa etel\u00e4st\u00e4 saapuneet valloittajat asettuivat pohjolaan, Hrotgar itse vet\u00e4ytyi kauas peikkomaille, sivilisaation ulottumattomiin. Mutta teoilla on seurauksensa, ja joitain velkoja ei voi sovittaa kuin verell\u00e4. Kun pohjolan jumalat puhaltelevat liekkiin uutta sotaa, vanha berserkki joutuu viel\u00e4 kerran tarttumaan kirveeseens\u00e4 p\u00e4\u00e4tt\u00e4\u00e4kseen verikoston ja tuhon kierteen: h\u00e4n aikoo tappaa kaikki jumalat.<\/span><\/p>\n<p> <p class=\"wpsm-hide\" style=\"color: #cc0000; font-size: 100%; text-align: left;\"> piilota\/hide<\/p><\/div><\/div><\/p>\n<h4>13:00 - <span style=\"color: #0000ff;\">FI<\/span> - Kevyt Metalli<\/h4>\n<p><div class=\"show_more\"><p class=\"wpsm-show\" style=\"color: #cc0000; font-size: 100%; text-align: left;\"> lis\u00e4\u00e4\/more<\/p><div class=\"wpsm-content\"><\/p>\n<p><span style=\"font-weight: 400;\"><em><img loading=\"lazy\" decoding=\"async\" class=\"alignright size-full wp-image-4967\" src=\"http:\/\/www.oulucomics.com\/wp-content\/uploads\/2020\/10\/kevytmetalli8kansi.jpg\" alt=\"\" width=\"211\" height=\"300\" \/>Kevyt Metalli<\/em> on spekulatiivisen fiktion sarjakuvalehti. Mukana on siis scifi\u00e4, fantasiaa, vaihtoehtohistoriaa, kauhua ja vaikkapa uuskummaa. P\u00e4\u00e4asiassa sarjakuvaa, mutta my\u00f6s lyhytnovelleja ja artikkeleita. Lehte\u00e4 julkaisee Musta Ritari kustannus.<\/span><\/p>\n<p>Julkaisusarjan tuoreimmassa <em>Kevyt metalli 8<\/em> (Musta Ritari, 2020) -lehdess\u00e4 tekij\u00f6in\u00e4 ovat Julia Riitijoki, Tuomas Koivurinne, Ilpo Koskela, Mikael M\u00e4kinen, Aleksi Kuutio, Mauri Tuure, Markus Tuppurainen, Vesa Vitikainen, Anssi Rauhala, Ninni Aalto ja Antti Kosonen.<\/p>\n<p><span style=\"font-weight: 400;\">Lehti on ilmestynyt jo 2018 alkaen ja vuodessa on julkaistu aina 2-4 numeroa. T\u00e4h\u00e4n menness\u00e4 joka toinen numero on ollut v\u00e4reiss\u00e4. Uusimmasta numerosta kertoo p\u00e4\u00e4toimittaja ja sarjakuvak\u00e4sikirjoittaja <strong>Vesa Vitikainen<\/strong>, haastattelijana Jaana Suorsa. <\/span><\/p>\n<p> <p class=\"wpsm-hide\" style=\"color: #cc0000; font-size: 100%; text-align: left;\"> piilota\/hide<\/p><\/div><\/div><\/p>\n<h4>13:10 - <span style=\"color: #0000ff;\">FI<\/span> - Pauli Kallio - Ammatti: k\u00e4sikirjoittaja<\/h4>\n<p><div class=\"show_more\"><p class=\"wpsm-show\" style=\"color: #cc0000; font-size: 100%; text-align: left;\"> lis\u00e4\u00e4\/more<\/p><div class=\"wpsm-content\"><\/p>\n<p><span style=\"font-weight: 400;\"><strong><img loading=\"lazy\" decoding=\"async\" class=\"alignright size-medium wp-image-4963\" src=\"http:\/\/www.oulucomics.com\/wp-content\/uploads\/2020\/10\/kallio-ammatti-284x300.jpg\" alt=\"\" width=\"284\" height=\"300\" srcset=\"https:\/\/www.oulucomics.com\/wp-content\/uploads\/2020\/10\/kallio-ammatti-284x300.jpg 284w, https:\/\/www.oulucomics.com\/wp-content\/uploads\/2020\/10\/kallio-ammatti-969x1024.jpg 969w, https:\/\/www.oulucomics.com\/wp-content\/uploads\/2020\/10\/kallio-ammatti-768x812.jpg 768w, https:\/\/www.oulucomics.com\/wp-content\/uploads\/2020\/10\/kallio-ammatti.jpg 1000w\" sizes=\"auto, (max-width: 284px) 100vw, 284px\" \/>Pauli Kallio<\/strong> ei tiennyt pienen\u00e4, mik\u00e4 h\u00e4nest\u00e4 tulee isona. Ep\u00e4tietoinen taiteilijasielu keksi vasta kolmikymppisen\u00e4 ty\u00f6n, joka sopii h\u00e4nen lahjoilleen ja luonteelleen: h\u00e4nest\u00e4 tuli Suomen ensimm\u00e4inen ja ainoa p\u00e4\u00e4toiminen sarjakuvien k\u00e4sikirjoittaja.<\/span><\/p>\n<p><span style=\"font-weight: 400;\">Muhkea ja tietokirjamainen <\/span><i><span style=\"font-weight: 400;\">Ammatti: k\u00e4sikirjoittaja<\/span><\/i><span style=\"font-weight: 400;\"> (Suuri kurpitsa, 2020) -teos kokoaa yhteen parikymment\u00e4 Kallion kirjoittamaa lehtisarjakuvaa. Kuinka sarjakuvat syntyv\u00e4t k\u00e4sikirjoittajan ja piirt\u00e4j\u00e4n yhteisty\u00f6n\u00e4?\u00a0<\/span><\/p>\n<p><span style=\"font-weight: 400;\">Suomalaisen lehtisarjakuvan l\u00e4hihistoriaa, nykyisyytt\u00e4 ja tulevaisuutta kuvaavassa albumissa ovat mukana sarjakuvantekij\u00e4t JP Ahonen, Saila Juuti, Ulf K, Jussi Karjalainen, Kati Kov\u00e1cs, Maarit Kyt\u00f6harju, Karri Laitinen, Mika Lietz\u00e9n, Jan Lindstr\u00f6m, Reetta Niemensivu, Christer Nuutinen, Pentti Otsamo, Ville Pirinen, Tomi Riionheimo, Jii Roikonen, Tiitu Takalo, Petteri Tikkanen, J. Tilsa, Piipa Toivonen, Sami Toivonen, Katja Tukiainen ja Sami V\u00e4h\u00e4-Aho.<\/span><\/p>\n<p> <p class=\"wpsm-hide\" style=\"color: #cc0000; font-size: 100%; text-align: left;\"> piilota\/hide<\/p><\/div><\/div><\/p>\n<h4>13:40 - <span style=\"color: #0000ff;\">FI<\/span> - Jaana Suorsa - Ekopuusti<\/h4>\n<p><div class=\"show_more\"><p class=\"wpsm-show\" style=\"color: #cc0000; font-size: 100%; text-align: left;\"> lis\u00e4\u00e4\/more<\/p><div class=\"wpsm-content\"><\/p>\n<p><span style=\"font-weight: 400;\"><img loading=\"lazy\" decoding=\"async\" class=\"alignright size-medium wp-image-4962\" src=\"http:\/\/www.oulucomics.com\/wp-content\/uploads\/2020\/10\/suorsa-ekopuusti-282x300.jpg\" alt=\"\" width=\"282\" height=\"300\" srcset=\"https:\/\/www.oulucomics.com\/wp-content\/uploads\/2020\/10\/suorsa-ekopuusti-282x300.jpg 282w, https:\/\/www.oulucomics.com\/wp-content\/uploads\/2020\/10\/suorsa-ekopuusti.jpg 600w\" sizes=\"auto, (max-width: 282px) 100vw, 282px\" \/>Sarjakuvataiteilija, lastenkirjailija ja kulttuurituottaja <strong>Jaana Suorsan<\/strong> uunituore teos <\/span><i><span style=\"font-weight: 400;\">Ekopuusti<\/span><\/i><span style=\"font-weight: 400;\"> (Like, 2020) tarjoaa<\/span> <span style=\"font-weight: 400;\">Arjen vinkkej\u00e4 luonnon ja kukkaron hyv\u00e4ksi. Minimoi hiilijalanj\u00e4lkesi vanhan kansan vinkein\u200b. Nokkela pieni kirja sis\u00e4lt\u00e4\u00e4 entisajan kodinhoitovinkkej\u00e4 sek\u00e4 uusia niksej\u00e4 suosittujen Life Hacks -youtubevideoiden hengess\u00e4. \u200b<\/span><\/p>\n<p><span style=\"font-weight: 400;\">Haastattelun lomassa Suorsa tarjoilee katsojille silm\u00e4niloa my\u00f6s livepiirt\u00e4misen merkeiss\u00e4. Kari Suomalaisen tyyliset kuvitukset johdattelevat katsojat <a href=\"https:\/\/www.visavuori.com\/mustahattuinen-mies-pilakuvanaytelma-visavuoressa\/\" target=\"_blank\" rel=\"noopener\">Visavuoressa esitettyyn Mustahattuinen mies -pilakuvan\u00e4ytelm\u00e4\u00e4n<\/a>, jossa h\u00e4n toimi livepiirt\u00e4j\u00e4n\u00e4.\u00a0<\/span><\/p>\n<p> <p class=\"wpsm-hide\" style=\"color: #cc0000; font-size: 100%; text-align: left;\"> piilota\/hide<\/p><\/div><\/div><\/p>\n<h4>14:00 - <span style=\"color: #0000ff;\">FI<\/span> - Juba Tuomola - Hurja-Hilda<\/h4>\n<p><div class=\"show_more\"><p class=\"wpsm-show\" style=\"color: #cc0000; font-size: 100%; text-align: left;\"> lis\u00e4\u00e4\/more<\/p><div class=\"wpsm-content\"><\/p>\n<p><span style=\"font-weight: 400;\"><strong><img loading=\"lazy\" decoding=\"async\" class=\"alignright size-medium wp-image-4961\" src=\"http:\/\/www.oulucomics.com\/wp-content\/uploads\/2020\/10\/juba-hurja-hilda-215x300.jpg\" alt=\"\" width=\"215\" height=\"300\" srcset=\"https:\/\/www.oulucomics.com\/wp-content\/uploads\/2020\/10\/juba-hurja-hilda-215x300.jpg 215w, https:\/\/www.oulucomics.com\/wp-content\/uploads\/2020\/10\/juba-hurja-hilda.jpg 600w\" sizes=\"auto, (max-width: 215px) 100vw, 215px\" \/>Juba Tuomolan<\/strong> tuorein teos <\/span><i><span style=\"font-weight: 400;\">Hurja-Hilda<\/span><\/i><span style=\"font-weight: 400;\"> (Zum Teufel, 2020), jossa kaltoin kohdeltu lujatahtoinen villin l\u00e4nnen nainen janoaa kostoa<\/span><span style=\"font-weight: 400;\">, eik\u00e4 h\u00e4n aio j\u00e4tt\u00e4\u00e4 kostamista herran haltuun - herra kun on niin hidas vet\u00e4m\u00e4\u00e4n.\u00a0<\/span><\/p>\n<p><span style=\"font-weight: 400;\">Viivi ja Wagner -sarjakuvastaan tuttu Juba on yksi Suomen suosituimmista sarjakuvapiirt\u00e4jist\u00e4. Viivin ja Wagnerin suosio alkoi vuonna 1997, kun Helsingin sanomat alkoi julkaisemaan strippej\u00e4. H\u00e4nelle on my\u00f6nnetty my\u00f6s Lempi- ja Puup\u00e4\u00e4hattu -palkinnot.<\/span><\/p>\n<p><span style=\"font-weight: 400;\">Tuomolan haastattelussa luodaan Hurja-Hildan lis\u00e4ksi katsaus sek\u00e4 Viivin ja Wagnerin pariin ett\u00e4 taiteilijan muuhun tuotantoon ja tulevaisuuden n\u00e4kymiin.<\/span><\/p>\n<p> <p class=\"wpsm-hide\" style=\"color: #cc0000; font-size: 100%; text-align: left;\"> piilota\/hide<\/p><\/div><\/div><\/p>\n<h4>14:45 - <span style=\"color: #0000ff;\">FI<\/span> - Katkenneita lankoja - tarinoita loppuunpalamisesta<\/h4>\n<p><div class=\"show_more\"><p class=\"wpsm-show\" style=\"color: #cc0000; font-size: 100%; text-align: left;\"> lis\u00e4\u00e4\/more<\/p><div class=\"wpsm-content\"><\/p>\n<p><i><span style=\"font-weight: 400;\"><img loading=\"lazy\" decoding=\"async\" class=\"alignright size-medium wp-image-4968\" src=\"http:\/\/www.oulucomics.com\/wp-content\/uploads\/2020\/10\/katkenneita_lankoja-209x300.jpg\" alt=\"\" width=\"209\" height=\"300\" srcset=\"https:\/\/www.oulucomics.com\/wp-content\/uploads\/2020\/10\/katkenneita_lankoja-209x300.jpg 209w, https:\/\/www.oulucomics.com\/wp-content\/uploads\/2020\/10\/katkenneita_lankoja.jpg 500w\" sizes=\"auto, (max-width: 209px) 100vw, 209px\" \/>Katkenneita lankoja - tarinoita loppuunpalamisesta<\/span><\/i><span style=\"font-weight: 400;\">\u00a0(Atena, 2020) kokoaa yhteen kokemuksia ty\u00f6n aiheuttamasta uupumuksesta. Antologiassa ovat mukana sarjakuvillaan sarjakuvantekij\u00e4t <\/span><span style=\"font-weight: 400;\"><strong>Tuisku Hiltunen<\/strong>, <strong>Emmi Nieminen<\/strong>, <strong>Sami Nyyss\u00f6l\u00e4<\/strong>, <strong>Niko-Petteri Niva<\/strong>, <strong>Mari Ahokoivu<\/strong>, <strong>Milla Paloniemi<\/strong>, <strong>Henri Tervapuro<\/strong>, <strong>Avi Heikkinen<\/strong> ja <strong>Anssi Vieruaho<\/strong>.<\/span><\/p>\n<p><span style=\"font-weight: 400;\">N\u00e4iden yhdeksa\u0308n taiteilijan sarjakuvat perustuvat seka\u0308 omakohtaisiin etta\u0308 kera\u0308ttyihin kokemuksiin tyo\u0308uupumuksesta. Uutuusalbumin ovat toimittaneet Anssi Vieruaho ja <strong>Karoliina Korhonen<\/strong>, ja sen tuotosta lahjoitetaan 75 prosenttia mielenterveystyo\u0308ho\u0308n.<\/span><\/p>\n<p> <p class=\"wpsm-hide\" style=\"color: #cc0000; font-size: 100%; text-align: left;\"> piilota\/hide<\/p><\/div><\/div><\/p>\n<h4>15:20 - <span style=\"color: #0000ff;\">FI<\/span> - Jyrki M\u00e4ki - Nurinkurin<\/h4>\n<p><div class=\"show_more\"><p class=\"wpsm-show\" style=\"color: #cc0000; font-size: 100%; text-align: left;\"> lis\u00e4\u00e4\/more<\/p><div class=\"wpsm-content\"><\/p>\n<p><span style=\"font-weight: 400;\"><img loading=\"lazy\" decoding=\"async\" class=\"alignright size-medium wp-image-4960\" src=\"http:\/\/www.oulucomics.com\/wp-content\/uploads\/2020\/10\/maki-nurinkuri-192x300.jpg\" alt=\"\" width=\"192\" height=\"300\" srcset=\"https:\/\/www.oulucomics.com\/wp-content\/uploads\/2020\/10\/maki-nurinkuri-192x300.jpg 192w, https:\/\/www.oulucomics.com\/wp-content\/uploads\/2020\/10\/maki-nurinkuri.jpg 657w\" sizes=\"auto, (max-width: 192px) 100vw, 192px\" \/>Sarjakuvataiteilijan ja kulttuurin sekaty\u00f6l\u00e4isen <strong>Jyrki Anselmi M\u00e4en <\/strong><\/span><i><span style=\"font-weight: 400;\">Nurinkurin<\/span><\/i><span style=\"font-weight: 400;\"> (Nispero, 2020) -uutuusteoksessa asiat ovat p\u00e4\u00e4laellaan. Maailmaa ja varsinkin ihmisen toimintaa tarkastellaan yll\u00e4tt\u00e4vist\u00e4 n\u00e4k\u00f6kulmista. Mets\u00e4st\u00e4j\u00e4 onkin saalis, merenpohjasta l\u00f6ytyy paahteinen aavikko ja helvetti osoittautuu taivaaksi \u2013 tai toisinp\u00e4in.\u00a0\u00a0<\/span><\/p>\n<p><span style=\"font-weight: 400;\">Nurinkurin-piirroksia voi kutsua \u201dyhden kuvan tarinoiksi\u201d. Kuinka tilanteeseen on p\u00e4\u00e4dytty? Mihin tapahtuma johtaa?\u00a0<\/span><\/p>\n<p><span style=\"font-weight: 400;\">Tietokirjailija Reijo Vallan luotsaamaan haastatteluun johdatellaan Radiopuhelimet -yhtyeen tuoreen Naapurit -musiikkivideon merkeiss\u00e4.<\/span><\/p>\n<p><iframe loading=\"lazy\" src=\"https:\/\/www.youtube.com\/embed\/u3s_Pl1cMJc\" width=\"560\" height=\"315\" frameborder=\"0\" allowfullscreen=\"allowfullscreen\"><\/iframe><\/p>\n<p> <p class=\"wpsm-hide\" style=\"color: #cc0000; font-size: 100%; text-align: left;\"> piilota\/hide<\/p><\/div><\/div><\/p>\n<h4>15:55 - <span style=\"color: #0000ff;\">FI<\/span> - Jukka Takalo &amp;\u00a0 Mika Lahtonen - Kukaan ei ole t\u00e4ydellinen eli p\u00f6lynimurikauppiaan uudet kuviot<\/h4>\n<p><div class=\"show_more\"><p class=\"wpsm-show\" style=\"color: #cc0000; font-size: 100%; text-align: left;\"> lis\u00e4\u00e4\/more<\/p><div class=\"wpsm-content\"><\/p>\n<p><span style=\"font-weight: 400;\"><strong><img loading=\"lazy\" decoding=\"async\" class=\"alignright size-medium wp-image-4959\" src=\"http:\/\/www.oulucomics.com\/wp-content\/uploads\/2020\/10\/takalo_lahtonen-kukaan_ei_ole_taydellinen-212x300.jpg\" alt=\"\" width=\"212\" height=\"300\" srcset=\"https:\/\/www.oulucomics.com\/wp-content\/uploads\/2020\/10\/takalo_lahtonen-kukaan_ei_ole_taydellinen-212x300.jpg 212w, https:\/\/www.oulucomics.com\/wp-content\/uploads\/2020\/10\/takalo_lahtonen-kukaan_ei_ole_taydellinen.jpg 600w\" sizes=\"auto, (max-width: 212px) 100vw, 212px\" \/>Jukka Takalon<\/strong> k\u00e4sikirjoittama ja <strong>Mika Lahtosen<\/strong> kuvittama sarjakuva-albumi <\/span><i><span style=\"font-weight: 400;\">Kukaan ei ole t\u00e4ydellinen eli p\u00f6lynimurikauppiaan uudet kuviot<\/span><\/i><span style=\"font-weight: 400;\"> (Pokuto, 2020) on tarina p\u00f6lynimurikauppiaasta, joka huomaa aikojen muuttuneen. Er\u00e4\u00e4n\u00e4 p\u00e4iv\u00e4n\u00e4 kohtalo ojentaa h\u00e4nelle auttavan k\u00e4tens\u00e4 ja johdattelee takaisin ajan hermolle ja vuosikausia hiotut kaupparatsun taidot palkitaan. <\/span><\/p>\n<p> <p class=\"wpsm-hide\" style=\"color: #cc0000; font-size: 100%; text-align: left;\"> piilota\/hide<\/p><\/div><\/div><\/p>\n<h4>16:25 - <span style=\"color: #0000ff;\">FI<\/span> - Emilia Laatikainen - Kadonneet<\/h4>\n<p><div class=\"show_more\"><p class=\"wpsm-show\" style=\"color: #cc0000; font-size: 100%; text-align: left;\"> lis\u00e4\u00e4\/more<\/p><div class=\"wpsm-content\"><\/p>\n<p><span style=\"font-weight: 400;\"><img loading=\"lazy\" decoding=\"async\" class=\"alignright size-medium wp-image-4957\" src=\"http:\/\/www.oulucomics.com\/wp-content\/uploads\/2020\/10\/laatikainen-kadonneet-212x300.jpg\" alt=\"\" width=\"212\" height=\"300\" srcset=\"https:\/\/www.oulucomics.com\/wp-content\/uploads\/2020\/10\/laatikainen-kadonneet-212x300.jpg 212w, https:\/\/www.oulucomics.com\/wp-content\/uploads\/2020\/10\/laatikainen-kadonneet-724x1024.jpg 724w, https:\/\/www.oulucomics.com\/wp-content\/uploads\/2020\/10\/laatikainen-kadonneet-768x1086.jpg 768w, https:\/\/www.oulucomics.com\/wp-content\/uploads\/2020\/10\/laatikainen-kadonneet.jpg 800w\" sizes=\"auto, (max-width: 212px) 100vw, 212px\" \/>Esikoisalbuminsa <\/span><i><span style=\"font-weight: 400;\">Kadonneet<\/span><\/i><span style=\"font-weight: 400;\"> (Suuri Kurpitsa, 2020) merkeiss\u00e4 Oulun Sarjakuvafestivaalille saapuu oululaisl\u00e4ht\u00f6inen ja nykyisin Rovaniemell\u00e4 asuva <\/span><span style=\"font-weight: 400;\">sarjakuvantekij\u00e4, kuvataiteilija ja kuvataideopettaja<\/span><span style=\"font-weight: 400;\"><strong> Emilia Laatikainen<\/strong>.\u00a0<\/span><\/p>\n<p><span style=\"font-weight: 400;\">Kadonnut henkil\u00f6 voidaan Suomen lain mukaan julistaa kuolleeksi viiden vuoden kuluttua siit\u00e4, kun h\u00e4n ollut tiett\u00e4v\u00e4sti viimeksi elossa. Suomessa katoaa vuosittain lyhytaikaisesti jopa tuhansia ihmisi\u00e4, joista noin 20 j\u00e4\u00e4 selitt\u00e4m\u00e4tt\u00f6m\u00e4sti kateisiin. Jokaisella kadonneella on oikeus tulla l\u00f6ydetyksi riippumatta taustastaan, elintavoistaan ja virkavallan resursseista. N\u00e4iden sarjakuvien tarkoitus ei ole luoda skandaaleja, etsi\u00e4 syyllisi\u00e4 tai kauhistella kenenk\u00e4\u00e4n el\u00e4m\u00e4nvalintoja. Tavoite on j\u00e4sent\u00e4\u00e4 tieto yhdelle sivulle, jotta katoaminen saisi ansaitsemansa huomion, ja joku ehk\u00e4 muistaisi lis\u00e4\u00e4.<\/span><\/p>\n<p> <p class=\"wpsm-hide\" style=\"color: #cc0000; font-size: 100%; text-align: left;\"> piilota\/hide<\/p><\/div><\/div><\/p>\n<h4>17:00 - <strong><span style=\"color: #ff0000;\">EN <\/span><\/strong>- Comic Strip World Championship 2020 - <span style=\"font-weight: 400;\">Awards ceremony<\/span><\/h4>\n<p><div class=\"show_more\"><p class=\"wpsm-show\" style=\"color: #cc0000; font-size: 100%; text-align: left;\"> lis\u00e4\u00e4\/more<\/p><div class=\"wpsm-content\"><\/p>\n<p><span style=\"color: #800000;\"><span style=\"font-weight: 400;\">The Oulu Comics Festival presents the first <\/span><b>Comic Strip World Championship<\/b><span style=\"font-weight: 400;\">! In this competition, the contestants had five day\u2019s time to create a comic strip for the Corona Vaccine theme.\u00a0<\/span><\/span><\/p>\n<p><a href=\"https:\/\/www.instagram.com\/explore\/tags\/coronacomicstrip\/\" target=\"_blank\" rel=\"noopener\"><span style=\"font-weight: 400;\">You can read all the participanted comic strips from instagram #coronacomicstrip.<\/span><\/a><\/p>\n<p><span style=\"font-weight: 400;\"><span style=\"color: #800000;\">The winners will be announced at the Oulu Comics Festival on November 21, 2020 at 5:00 pm (Finnish time zone). Winners will be released also at Comic Strip World Championships website:<\/span> <a href=\"http:\/\/www.oulucomics.com\/fi\/cswc2020\/\" target=\"_blank\" rel=\"noopener\">www.oulucomics.com\/fi\/cswc2020\/<\/a><\/span><\/p>\n<p><span style=\"color: #800000;\"><span style=\"font-weight: 400;\">This year\u2019s jury was: <\/span><b>Aapo Kukko<\/b><span style=\"font-weight: 400;\"> (Finland), <\/span><b>L\u00f3a Hj\u00e1lmt\u00fdsd\u00f3ttir<\/b><span style=\"font-weight: 400;\"> (Iceland), <\/span><b>Fredrik Str\u00f6mberg<\/b><span style=\"font-weight: 400;\"> (Sweden), <\/span><b>Cara Bean<\/b><span style=\"font-weight: 400;\"> (USA) and <\/span><b>Amr Talaat <\/b><span style=\"font-weight: 400;\">(Egypt).<\/span><\/span><\/p>\n<p><img loading=\"lazy\" decoding=\"async\" class=\"wp-image-4912 alignleft\" src=\"http:\/\/www.oulucomics.com\/wp-content\/uploads\/2020\/10\/cswc2020_logo-1024x536.jpg\" alt=\"\" width=\"600\" height=\"314\" srcset=\"https:\/\/www.oulucomics.com\/wp-content\/uploads\/2020\/10\/cswc2020_logo-1024x536.jpg 1024w, https:\/\/www.oulucomics.com\/wp-content\/uploads\/2020\/10\/cswc2020_logo-300x157.jpg 300w, https:\/\/www.oulucomics.com\/wp-content\/uploads\/2020\/10\/cswc2020_logo-768x402.jpg 768w, https:\/\/www.oulucomics.com\/wp-content\/uploads\/2020\/10\/cswc2020_logo-1536x804.jpg 1536w, https:\/\/www.oulucomics.com\/wp-content\/uploads\/2020\/10\/cswc2020_logo-2048x1072.jpg 2048w, https:\/\/www.oulucomics.com\/wp-content\/uploads\/2020\/10\/cswc2020_logo-1440x754.jpg 1440w, https:\/\/www.oulucomics.com\/wp-content\/uploads\/2020\/10\/cswc2020_logo-1050x550.jpg 1050w\" sizes=\"auto, (max-width: 600px) 100vw, 600px\" \/><\/p>\n<p> <p class=\"wpsm-hide\" style=\"color: #cc0000; font-size: 100%; text-align: left;\"> piilota\/hide<\/p><\/div><\/div><\/p>\n<h4>17:30 - <strong><span style=\"color: #ff0000;\">EN <\/span><\/strong>- Black Peider<\/h4>\n<p><div class=\"show_more\"><p class=\"wpsm-show\" style=\"color: #cc0000; font-size: 100%; text-align: left;\"> lis\u00e4\u00e4\/more<\/p><div class=\"wpsm-content\"><\/p>\n<p><span style=\"font-weight: 400;\">Black Peider takes over the stage. \u201dSuperhero wrestler\u201d born as the alter ego of finnish comic artist Petteri Tikkanen. The character adventures in Tikkanen's comics and also introduces himself to the audience through music.<\/span><\/p>\n<p><span style=\"font-weight: 400;\">At the Oulu Comics Festival 2020, you\u2019ll see both an original interview and music from the black leotard superhero.\u00a0<\/span><\/p>\n<p><span style=\"font-weight: 400;\">Tightly marginalized, Black Peider infuriates and delights with his music, which contains attitude, passion and physicality.\u00a0<\/span><\/p>\n<p><iframe loading=\"lazy\" src=\"https:\/\/www.youtube.com\/embed\/3m8qLtsHyGo\" width=\"560\" height=\"315\" frameborder=\"0\" allowfullscreen=\"allowfullscreen\"><\/iframe><\/p>\n<p> <p class=\"wpsm-hide\" style=\"color: #cc0000; font-size: 100%; text-align: left;\"> piilota\/hide<\/p><\/div><\/div><\/p>\n<h4>18:05 - <strong><span style=\"color: #ff0000;\">EN <\/span><\/strong>- Sami Nyyss\u00f6l\u00e4 - Be Finnish Without Suffering<\/h4>\n<p><div class=\"show_more\"><p class=\"wpsm-show\" style=\"color: #cc0000; font-size: 100%; text-align: left;\"> lis\u00e4\u00e4\/more<\/p><div class=\"wpsm-content\"><\/p>\n<p><span style=\"font-weight: 400;\"><strong><img loading=\"lazy\" decoding=\"async\" class=\"alignright wp-image-4956 size-medium\" src=\"http:\/\/www.oulucomics.com\/wp-content\/uploads\/2020\/10\/nyyssola_befinnish-212x300.jpg\" alt=\"\" width=\"212\" height=\"300\" srcset=\"https:\/\/www.oulucomics.com\/wp-content\/uploads\/2020\/10\/nyyssola_befinnish-212x300.jpg 212w, https:\/\/www.oulucomics.com\/wp-content\/uploads\/2020\/10\/nyyssola_befinnish.jpg 600w\" sizes=\"auto, (max-width: 212px) 100vw, 212px\" \/>Sami Nyyss\u00f6l\u00e4<\/strong>'s recent comic book<\/span><i><span style=\"font-weight: 400;\"> Be Finnish Without Suffering<\/span><\/i><span style=\"font-weight: 400;\"> (Pokuto, 2020) studies Finnishness. The book is kinf of a sequel to previously published <\/span><i><span style=\"font-weight: 400;\">Learn Finnish Without Studying<\/span><\/i><span style=\"font-weight: 400;\"> (Pokuto, 2018) -album.<\/span><\/p>\n<p><span style=\"font-weight: 400;\">Is suffering an unavoidable part of life on an arctic marshland peninsula or could you be Finnish... without suffering? If you\u2019re curious about how Finns are, or want to deepen your relationship to the frowning folk, this book is literally made for you.<\/span><\/p>\n<p> <p class=\"wpsm-hide\" style=\"color: #cc0000; font-size: 100%; text-align: left;\"> piilota\/hide<\/p><\/div><\/div><\/p>\n<h4>18:35 - <span style=\"color: #0000ff;\">FI<\/span> - Elina Lahdenper\u00e4 - Ty\u00f6nimi: <span class=\"s1\">Kun tuntuu, ett\u00e4 happi loppuu<\/span><\/h4>\n<p><div class=\"show_more\"><p class=\"wpsm-show\" style=\"color: #cc0000; font-size: 100%; text-align: left;\"> lis\u00e4\u00e4\/more<\/p><div class=\"wpsm-content\"><\/p>\n<p><span style=\"font-weight: 400;\"><img loading=\"lazy\" decoding=\"async\" class=\"alignright size-medium wp-image-4958\" src=\"http:\/\/www.oulucomics.com\/wp-content\/uploads\/2020\/10\/Lahdenpera-Naytekuvasaatana1-184x300.jpg\" alt=\"\" width=\"184\" height=\"300\" srcset=\"https:\/\/www.oulucomics.com\/wp-content\/uploads\/2020\/10\/Lahdenpera-Naytekuvasaatana1-184x300.jpg 184w, https:\/\/www.oulucomics.com\/wp-content\/uploads\/2020\/10\/Lahdenpera-Naytekuvasaatana1.jpg 368w\" sizes=\"auto, (max-width: 184px) 100vw, 184px\" \/>Turun AMK:n Taideakatemiaan p\u00e4\u00e4tt\u00f6ty\u00f6t\u00e4\u00e4n tekev\u00e4 <strong>Elina Lahdenper\u00e4<\/strong> esittelee ty\u00f6h\u00f6ns\u00e4 liittyv\u00e4\u00e4 kauhusarjakuvaa, joka kertoo kahdesta teini-ik\u00e4isest\u00e4 rakastavaisesta. Trauman kuvaamiseen keskittyv\u00e4ss\u00e4 tutkielmassa Lahdenper\u00e4 on tarkastellut omaa ty\u00f6skentely\u00e4\u00e4n muun muassa Junji Iton sarjakuvien v\u00e4lityksell\u00e4.<\/span><\/p>\n<p><span style=\"font-weight: 400;\">Elina Lahdenper\u00e4n \"Kun tuntuu, ett\u00e4 happi loppuu\" -sarjakuvan\u00e4yttely on esill\u00e4 Snooker Time -anniskeluravintolassa 20.11-31.12.2020 v\u00e4lisen\u00e4 aikana.<\/span><\/p>\n<p> <p class=\"wpsm-hide\" style=\"color: #cc0000; font-size: 100%; text-align: left;\"> piilota\/hide<\/p><\/div><\/div><\/p>\n<\/div><\/div>\n\t\t\t\t<\/li><\/ul>\n\t\t\t\t<\/div>\n","protected":false},"excerpt":{"rendered":"<p>&#8230;<\/p>\n","protected":false},"author":1,"featured_media":0,"parent":5079,"menu_order":0,"comment_status":"closed","ping_status":"closed","template":"","meta":{"footnotes":""},"categories":[],"tags":[],"class_list":["post-4802","page","type-page","status-publish","hentry"],"_links":{"self":[{"href":"https:\/\/www.oulucomics.com\/en_US\/wp-json\/wp\/v2\/pages\/4802","targetHints":{"allow":["GET"]}}],"collection":[{"href":"https:\/\/www.oulucomics.com\/en_US\/wp-json\/wp\/v2\/pages"}],"about":[{"href":"https:\/\/www.oulucomics.com\/en_US\/wp-json\/wp\/v2\/types\/page"}],"author":[{"embeddable":true,"href":"https:\/\/www.oulucomics.com\/en_US\/wp-json\/wp\/v2\/users\/1"}],"replies":[{"embeddable":true,"href":"https:\/\/www.oulucomics.com\/en_US\/wp-json\/wp\/v2\/comments?post=4802"}],"version-history":[{"count":3,"href":"https:\/\/www.oulucomics.com\/en_US\/wp-json\/wp\/v2\/pages\/4802\/revisions"}],"predecessor-version":[{"id":5761,"href":"https:\/\/www.oulucomics.com\/en_US\/wp-json\/wp\/v2\/pages\/4802\/revisions\/5761"}],"up":[{"embeddable":true,"href":"https:\/\/www.oulucomics.com\/en_US\/wp-json\/wp\/v2\/pages\/5079"}],"wp:attachment":[{"href":"https:\/\/www.oulucomics.com\/en_US\/wp-json\/wp\/v2\/media?parent=4802"}],"wp:term":[{"taxonomy":"category","embeddable":true,"href":"https:\/\/www.oulucomics.com\/en_US\/wp-json\/wp\/v2\/categories?post=4802"},{"taxonomy":"post_tag","embeddable":true,"href":"https:\/\/www.oulucomics.com\/en_US\/wp-json\/wp\/v2\/tags?post=4802"}],"curies":[{"name":"wp","href":"https:\/\/api.w.org\/{rel}","templated":true}]}}