{"id":4055,"date":"2019-09-12T12:54:53","date_gmt":"2019-09-12T09:54:53","guid":{"rendered":"http:\/\/www.oulucomics.com\/?page_id=4055"},"modified":"2019-10-20T00:24:27","modified_gmt":"2019-10-19T21:24:27","slug":"sun","status":"publish","type":"page","link":"https:\/\/www.oulucomics.com\/en_US\/fest\/program2019\/sun\/","title":{"rendered":"Program 2019 - Sunday"},"content":{"rendered":"<ul>\n<li><a href=\"http:\/\/www.oulucomics.com\/fest\/program2019\/fri\/\">Friday 22.11.<\/a><\/li>\n<li><a href=\"http:\/\/www.oulucomics.com\/fest\/program2019\/sat\/\">Saturday 23.11.<\/a><\/li>\n<li><strong>Sunday 24.11.<\/strong><\/li>\n<li><a href=\"http:\/\/www.oulucomics.com\/fest\/program2019\/week\/\">Festival Week<\/a><\/li>\n<\/ul>\n<h3>Sunday&#8217;s\u00a0program:<\/h3>\n\n\t\t\t\t<div class=\"event-list\">\n\t\t\t\t<ul class=\"event-list-view\">\n\t\t\t \t<li class=\"event festivaali fest-en fsat fsun lapset sarjasto signing\">\n\t\t\t\t\t<div class=\"event-date multi-date\"><div class=\"start-date\"><div class=\"event-weekday\">Sat<\/div><div class=\"event-day\">23<\/div><div class=\"event-month\">Nov<\/div><div class=\"event-year\">2019<\/div><\/div><div class=\"end-date\"><div class=\"event-weekday\">Sun<\/div><div class=\"event-day\">24<\/div><div class=\"event-month\">Nov<\/div><div class=\"event-year\">2019<\/div><\/div><\/div>\n\t\t\t\t\t<div class=\"event-info multi-day\"><div class=\"event-title\"><h3>Sarjakuvakeidas | Comics Oasis<\/h3><\/div><span class=\"event-location\">P\u00e4\u00e4kirjasto | Main library, Kaarlenv\u00e4yl\u00e4 3, 1. krs, Oulu<\/span><div class=\"event-details\"><p><img loading=\"lazy\" decoding=\"async\" class=\"alignright wp-image-4139\" src=\"http:\/\/www.oulucomics.com\/wp-content\/uploads\/2019\/10\/skk.jpg\" alt=\"skk\" width=\"237\" height=\"300\" srcset=\"https:\/\/www.oulucomics.com\/wp-content\/uploads\/2019\/10\/skk.jpg 300w, https:\/\/www.oulucomics.com\/wp-content\/uploads\/2019\/10\/skk-237x300.jpg 237w\" sizes=\"auto, (max-width: 237px) 100vw, 237px\" \/><img loading=\"lazy\" decoding=\"async\" class=\"alignleft size-full wp-image-2956\" src=\"http:\/\/www.oulucomics.com\/wp-content\/uploads\/2017\/10\/fi.jpg\" alt=\"fi\" width=\"23\" height=\"20\" \/><\/p>\n<p class=\"p1\">Sarjakuvakeidas on avoinna 23.11. klo 11-19 ja 24.11. klo 12-15:30. Keidas\u00a0antaa vierailijoille mahdollisuuden tehd\u00e4 sarjakuval\u00f6yt\u00f6j\u00e4. Keitaalla on myynniss\u00e4 sarjakuvakirjoja, tulosteita, oheistuotteita ja muuta materiaalia lukuisilla p\u00f6ydill\u00e4, joiden takaa l\u00f6ytyy itsen\u00e4isi\u00e4 tekij\u00f6it\u00e4, yrityksi\u00e4 ja yhteis\u00f6j\u00e4. Sarjakuvakeidas sijaitsee Oulun kaupunginkirjaston p\u00e4\u00e4kirjastolla.<\/p>\n<p><img loading=\"lazy\" decoding=\"async\" class=\"alignleft size-full wp-image-2955\" src=\"http:\/\/www.oulucomics.com\/wp-content\/uploads\/2017\/10\/en.jpg\" alt=\"en\" width=\"23\" height=\"20\" \/><\/p>\n<p><span style=\"color: #0000ff;\">On Saturday November 23th the Comics Oasis is open between 11am and 7pm and sunday Nov 24th between 12pm and 3:30pm. Oasis\u00a0gives a pleasant opportunity to find all kinds of comic books from mainstream to alternative. There are also prints and other goodies on sale by different authors, companies and communities. The Comics Oasis is located at the Oulu city library's main library.<\/span><\/p>\n<p><span style=\"color: #ff0000;\"><a style=\"color: #ff0000;\" href=\"http:\/\/www.oulucomics.com\/fest\/program2019\/sarjakuvakeidas-2019\/\"><strong>N\u00e4ytteilleasettajat \/\/\/ Exhibitors<\/strong><\/a><\/span><\/p>\n<\/div><\/div>\n\t\t\t\t<\/li>\n\t\t\t \t<li class=\"event festivaali fsun lapset sarjasto\">\n\t\t\t\t\t<div class=\"event-date\"><div class=\"end-date\"><div class=\"event-weekday\">Sun<\/div><div class=\"event-day\">24<\/div><div class=\"event-month\">Nov<\/div><div class=\"event-year\">2019<\/div><\/div><\/div>\n\t\t\t\t\t<div class=\"event-info multi-day\"><div class=\"event-title\"><h3>Oulun p\u00e4\u00e4kirjastolla 24.11. - Oulun Sarjakuvafestivaali 2019<\/h3><\/div><span class=\"event-time\">12:00 - 15:30<\/span><span class=\"event-location\">P\u00e4\u00e4kirjasto | Main library, Kaarlenv\u00e4yl\u00e4 3, Oulu<\/span><div class=\"event-details\"><p>Oulun Sarjakuvafestivaalin\u00a0sunnuntain\u00a0ohjelmisto on edellisiin vuosiin verrattuna uudistunut! Oulun kaupunginkirjastolta l\u00f6ytyy festivaalip\u00e4iv\u00e4n aikana my\u00f6s iso m\u00e4\u00e4r\u00e4 n\u00e4yttelyit\u00e4 ja Sarjakuvakeidas on avoinna 24.11. klo 12-15:30.\u00a0Kahvila Tarina on avoinna 24.11. klo 12:00-15:00.<\/p>\n<h4>12:00 - Laituri:\u00a0Late ja Kumppanit<\/h4>\n<p><div class=\"show_more\"><p class=\"wpsm-show\" style=\"color: #cc0000; font-size: 100%; text-align: left;\"> lis\u00e4\u00e4\/more<\/p><div class=\"wpsm-content\"><\/p>\n<p><img loading=\"lazy\" decoding=\"async\" class=\"alignright size-full wp-image-4158\" src=\"http:\/\/www.oulucomics.com\/wp-content\/uploads\/2019\/10\/vastatuulensaluuna.jpg\" alt=\"vastatuulensaluuna\" width=\"300\" height=\"300\" srcset=\"https:\/\/www.oulucomics.com\/wp-content\/uploads\/2019\/10\/vastatuulensaluuna.jpg 300w, https:\/\/www.oulucomics.com\/wp-content\/uploads\/2019\/10\/vastatuulensaluuna-150x150.jpg 150w\" sizes=\"auto, (max-width: 300px) 100vw, 300px\" \/><img loading=\"lazy\" decoding=\"async\" class=\"alignleft size-full wp-image-2956\" src=\"http:\/\/www.oulucomics.com\/wp-content\/uploads\/2017\/10\/fi.jpg\" alt=\"fi\" width=\"23\" height=\"20\" \/><\/p>\n<p><i><span style=\"font-weight: 400;\">Late ja kumppanit<\/span><\/i><span style=\"font-weight: 400;\"> on varmasti useille Oulun ja Suomen muiden sarjakuvafestivaalien k\u00e4vij\u00f6ille festivaalip\u00f6yd\u00e4n takaa tuttuja. Haastateltavana <\/span><i><span style=\"font-weight: 400;\">Vastatuulen saluuna<\/span><\/i><span style=\"font-weight: 400;\"> -sarjakuvalehden tuottaja <\/span><b>Kaisa \u00c5strand<\/b><span style=\"font-weight: 400;\"> ja lehden ulkoasuvastaava <\/span><b>Marko Lappalainen<\/b><span style=\"font-weight: 400;\">. Latea ja kumppaneita on haastattelemassa Veli-Matti Ural. Laten ja kumppanit l\u00f6yt\u00e4\u00e4 my\u00f6s t\u00e4n\u00e4 vuonna Sarjakuvakeitaalta.<\/span><\/p>\n<p><span style=\"color: #0000ff;\"><span style=\"font-weight: 400;\">You might recognize a group of artists called <\/span><i><span style=\"font-weight: 400;\">Late ja kumppanit<\/span><\/i><span style=\"font-weight: 400;\"> as the happy bunch behind a festival table at the Oulu Comics Festival. <\/span><b>Kaisa \u00c5strand <\/b><span style=\"font-weight: 400;\">the producer of the comic magazine <\/span><i><span style=\"font-weight: 400;\">Vastatuulen saluuna <\/span><\/i><span style=\"font-weight: 400;\">and <\/span><b>Marko Lappalainen <\/b><span style=\"font-weight: 400;\">the man responsible for the visual design of the magazine are interviewed by Veli-Matti Ural. Late ja kumppanit have a table at the Comics Oasis once again.<\/span><\/span><\/p>\n<p><i><\/i> <p class=\"wpsm-hide\" style=\"color: #cc0000; font-size: 100%; text-align: left;\"> piilota\/hide<\/p><\/div><\/div><\/p>\n<h4>12:00 - Sarjasto:\u00a0<strong><span style=\"font-weight: 400;\">Pokuto - Pohjoinen Kustannustoiminta esitt\u00e4ytyy<\/span><\/strong><\/h4>\n<p><div class=\"show_more\"><p class=\"wpsm-show\" style=\"color: #cc0000; font-size: 100%; text-align: left;\"> lis\u00e4\u00e4\/more<\/p><div class=\"wpsm-content\"><\/p>\n<p><img loading=\"lazy\" decoding=\"async\" class=\"alignleft size-full wp-image-2956\" src=\"http:\/\/www.oulucomics.com\/wp-content\/uploads\/2017\/10\/fi.jpg\" alt=\"fi\" width=\"23\" height=\"20\" \/><\/p>\n<p>Pokuto - Pohjoinen Kustannustoiminta ry on taiteilijayhteis\u00f6, joka on keskittynyt sarjakuvien julkaisuun. Pokuton linja alusta asti on ollut, ett\u00e4 jokainen taiteilija hoitaa itse omat asiansa. Pokuto ei my\u00f6sk\u00e4\u00e4n omista taiteilijoiden t\u00f6it\u00e4, eik\u00e4 omaa niihin k\u00e4ytt\u00f6oikeuksia. Tulot myydyist\u00e4 albumeista menev\u00e4t aina taiteilijalle itselleen. Yhteis\u00f6 valitsee itse j\u00e4senens\u00e4.<\/p>\n<p><img loading=\"lazy\" decoding=\"async\" class=\"alignright wp-image-4150\" src=\"http:\/\/www.oulucomics.com\/wp-content\/uploads\/2019\/10\/pokuto_logo_web.jpg\" alt=\"pokuto_logo_\" width=\"151\" height=\"92\" \/><\/p>\n<p>Pokuto kehitettiin vaihtoehdoksi perinteiselle omakustantamiselle, rikkaasta diversiteetist\u00e4 nauttiville kotimaan sarjakuvamarkkinoille. Taloudelliset tulokset yhteis\u00f6n j\u00e4senille ovat olleet hyvi\u00e4.<\/p>\n<p>Etsimme joukkoomme uusia tekij\u00f6it\u00e4, tule kuulemaan menestystarinamme ja liity mukaan! Pokutosta ja pokutolaisten kanssa p\u00e4\u00e4see keskustelemaan festivaalien aikana Sarjakuvakeitaalla, p\u00e4\u00e4kirjaston ala-aulassa.<\/p>\n<p><span style=\"color: #0000ff;\"><strong>Introducing: Pokuto<\/strong><\/span><\/p>\n<p><span style=\"color: #0000ff;\">Pokuto - Pohjoinen kustannustoiminta association is a group of artists that has dedicated itself to publish comic books. The policy of Pokuto is as follows: Every artist deals with their own. Pokuto doesn\u2019t own the products of the artist nor access rights to them. The proceeds of the sales go directly to the artists. <\/span><\/p>\n<p><span style=\"color: #0000ff;\">The artist group is looking for new members. Come and hear their story of rising to success. Pokuto also has a table at the Comics Oasis.\u00a0<\/span><\/p>\n<p><i><\/i> <p class=\"wpsm-hide\" style=\"color: #cc0000; font-size: 100%; text-align: left;\"> piilota\/hide<\/p><\/div><\/div><\/p>\n<h4>12:15 - Sarjasto: Sarjakuvapitchaus | Comics Pitching<\/h4>\n<p><div class=\"show_more\"><p class=\"wpsm-show\" style=\"color: #cc0000; font-size: 100%; text-align: left;\"> lis\u00e4\u00e4\/more<\/p><div class=\"wpsm-content\"><\/p>\n<p><img loading=\"lazy\" decoding=\"async\" class=\"alignleft size-full wp-image-2956\" src=\"http:\/\/www.oulucomics.com\/wp-content\/uploads\/2017\/10\/fi.jpg\" alt=\"fi\" width=\"23\" height=\"20\" \/><\/p>\n<p><a href=\"http:\/\/www.oulucomics.com\/fest\/ohjelmisto-2019\/sarjakuvapitchaus-2019\/\">Lis\u00e4tietoa Sarjakuvapitchauksesta sen tapahtuman\u00a0alasivulta!!!<\/a><\/p>\n<p><a href=\"http:\/\/www.oulucomics.com\/fest\/ohjelmisto-2019\/sarjakuvapitchaus-2019\/\"><img loading=\"lazy\" decoding=\"async\" class=\"alignleft size-full wp-image-2955\" src=\"http:\/\/www.oulucomics.com\/wp-content\/uploads\/2017\/10\/en.jpg\" alt=\"en\" width=\"23\" height=\"20\" \/>More info about Comics Pitching\u00a0on the events page\u00a0!!!<\/a><br \/>\n <p class=\"wpsm-hide\" style=\"color: #cc0000; font-size: 100%; text-align: left;\"> piilota\/hide<\/p><\/div><\/div><\/p>\n<h4>12:15 - Pakkala-sali nonstop: ANIMOITUJA TARINOITA<\/h4>\n<p><div class=\"show_more\"><p class=\"wpsm-show\" style=\"color: #cc0000; font-size: 100%; text-align: left;\"> lis\u00e4\u00e4\/more<\/p><div class=\"wpsm-content\"><\/p>\n<p><img loading=\"lazy\" decoding=\"async\" class=\"alignleft size-full wp-image-2956\" src=\"http:\/\/www.oulucomics.com\/wp-content\/uploads\/2017\/10\/fi.jpg\" alt=\"fi\" width=\"23\" height=\"20\" \/><\/p>\n<p><a href=\"http:\/\/www.oulucomics.com\/fest\/ohjelmisto-2019\/sarjakuvapitchaus-2019\/\"><img loading=\"lazy\" decoding=\"async\" class=\"alignleft size-full wp-image-2955\" src=\"http:\/\/www.oulucomics.com\/wp-content\/uploads\/2017\/10\/en.jpg\" alt=\"en\" width=\"23\" height=\"20\" \/><\/a><\/p>\n<p>52 min<br \/>\nSUOSITUS: YLI 8-VUOTIAILLE TEKSTITYKSEN VUOKSI<br \/>\nEnglanninkielinen, tekstitetty: suomi<\/p>\n<p>Kettu ja j\u00e4nis seikkailevat yst\u00e4vineen mets\u00e4ss\u00e4, yhden perheen kaikki j\u00e4senet ovat muodoltaan muuttuvia ja n\u00e4emme my\u00f6s sen, miten j\u00e4niksen olomuoto muuttuu sen siirtyess\u00e4 tuonpuoleiseen.<br \/>\n- Kettu ja j\u00e4nis: Voittaja, Alankomaat 2019<br \/>\n- Risteys \u2013 Junction, Liettua 2016<br \/>\n- Kettu ja j\u00e4nis: Koti-ik\u00e4v\u00e4, Alankomaat 2019<br \/>\n- Valottaret \u2013 RunningLights, Liettua 2017<br \/>\n- Kettu ja j\u00e4nis: Aarre, Alankomaat 2019<br \/>\n <p class=\"wpsm-hide\" style=\"color: #cc0000; font-size: 100%; text-align: left;\"> piilota\/hide<\/p><\/div><\/div><\/p>\n<h4>12:30 - Laituri:\u00a0<span style=\"font-weight: 400;\">Kalevala sarjakuvissa<\/span><\/h4>\n<p><div class=\"show_more\"><p class=\"wpsm-show\" style=\"color: #cc0000; font-size: 100%; text-align: left;\"> lis\u00e4\u00e4\/more<\/p><div class=\"wpsm-content\"><\/p>\n<p><img loading=\"lazy\" decoding=\"async\" class=\"alignleft size-full wp-image-2956\" src=\"http:\/\/www.oulucomics.com\/wp-content\/uploads\/2017\/10\/fi.jpg\" alt=\"fi\" width=\"23\" height=\"20\" \/><\/p>\n<p><span style=\"font-weight: 400;\">Meille suomalaisille Kalevalan kansalliseepos on niin syv\u00e4lle juurrutettu arkeemme, ett\u00e4 emme v\u00e4ltt\u00e4m\u00e4tt\u00e4 edes tiedosta kuinka vakuutusyhti\u00f6mme ja j\u00e4\u00e4nmurtajamme on nimetty mytologiamme mukaan. Mutta jos itse aikoo tehd\u00e4 Kalevalaista sarjakuvaa, on parempi kiinnostaa mit\u00e4 kaikkea aiheesta on jo tehty. Ja siit\u00e4 on tehty paljon! Mit\u00e4 kaikkea, siit\u00e4 meille kertoo sarjakuvak\u00e4sikirjoittaja <\/span><b>Vesa Vitikainen<\/b><span style=\"font-weight: 400;\">. (kuvitus <\/span><b>Tuomas Myllyl\u00e4<\/b><span style=\"font-weight: 400;\">)<\/span><\/p>\n<p><img loading=\"lazy\" decoding=\"async\" class=\"aligncenter size-full wp-image-4155\" src=\"http:\/\/www.oulucomics.com\/wp-content\/uploads\/2019\/10\/kaleva_tuomas_myllyla.jpg\" alt=\"kaleva_tuomas_myllyla\" width=\"600\" height=\"866\" srcset=\"https:\/\/www.oulucomics.com\/wp-content\/uploads\/2019\/10\/kaleva_tuomas_myllyla.jpg 600w, https:\/\/www.oulucomics.com\/wp-content\/uploads\/2019\/10\/kaleva_tuomas_myllyla-208x300.jpg 208w\" sizes=\"auto, (max-width: 600px) 100vw, 600px\" \/><\/p>\n<p><span style=\"color: #0000ff;\"><span style=\"font-weight: 400;\">To the Finns Kalevala is so deeply rooted in our every day culture that they might not even be aware how their insurance companies and icebreakers have taken their names from Finlands national epic. But if one decides to make a Kalevala comic one must know the Kalevala comics that came before. And there is a bunch of them! Comic book writer <\/span><b>Vesa Vitikainen<\/b><span style=\"font-weight: 400;\"> is ready to tell you all about it. (illustrations by <\/span><b>Tuomas Myllyl\u00e4)<\/b><\/span><\/p>\n<p> <p class=\"wpsm-hide\" style=\"color: #cc0000; font-size: 100%; text-align: left;\"> piilota\/hide<\/p><\/div><\/div><\/p>\n<h4>13:00 - Laituri:\u00a0<span style=\"font-weight: 400;\">Jiipu Uusitalo: Kukkaisruoska<\/span><\/h4>\n<p><div class=\"show_more\"><p class=\"wpsm-show\" style=\"color: #cc0000; font-size: 100%; text-align: left;\"> lis\u00e4\u00e4\/more<\/p><div class=\"wpsm-content\"><\/p>\n<p><img loading=\"lazy\" decoding=\"async\" class=\"alignright size-full wp-image-4156\" src=\"http:\/\/www.oulucomics.com\/wp-content\/uploads\/2019\/10\/uusitalo_kukkaisruoska.jpg\" alt=\"uusitalo_kukkaisruoska\" width=\"300\" height=\"424\" srcset=\"https:\/\/www.oulucomics.com\/wp-content\/uploads\/2019\/10\/uusitalo_kukkaisruoska.jpg 300w, https:\/\/www.oulucomics.com\/wp-content\/uploads\/2019\/10\/uusitalo_kukkaisruoska-212x300.jpg 212w\" sizes=\"auto, (max-width: 300px) 100vw, 300px\" \/><img loading=\"lazy\" decoding=\"async\" class=\"alignleft size-full wp-image-2956\" src=\"http:\/\/www.oulucomics.com\/wp-content\/uploads\/2017\/10\/fi.jpg\" alt=\"fi\" width=\"23\" height=\"20\" \/><\/p>\n<p><b>Jiipu Uusitalon<\/b><span style=\"font-weight: 400;\"> uutuusteos <\/span><i><span style=\"font-weight: 400;\">Kukkaisruoska <\/span><\/i><span style=\"font-weight: 400;\">(T\u00e4ysi k\u00e4si, 2019)<\/span><span style=\"font-weight: 400;\"> sis\u00e4lt\u00e4\u00e4 tarinoita rankaisuvallasta. V\u00e4rikk\u00e4it\u00e4 satuja sek\u00e4 kertomuksia siit\u00e4, miten ihmisi\u00e4 ja el\u00e4imi\u00e4 on kautta aikojen rangaistu ja mit\u00e4 sill\u00e4 on saavutettu. Teoksessa Uusitalo pohtii eri yhteiskuntamuotojen normien asettelua ja sit\u00e4, olisiko \u201dperinteisille\u201d rangaistuksille vaihtoehtoja. Kaikki t\u00e4m\u00e4 kerrotaan el\u00e4m\u00e4niloisten, mutta ei suinkaan virheett\u00f6mien hahmojen kautta. Taiteilijaa haastattelemassa Reijo Valta.<\/span><\/p>\n<p><span style=\"color: #0000ff;\"><span style=\"font-weight: 400;\">How have both animals and people have been punished with violence throughout history? What has been accomplished by doing so? Could there be alternatives to the \u201ctraditional\u201d ways of punishment? All this is told through cheerful characters that are not without their flaws in a new book by <\/span><b>Jiipu Uusitalo<\/b> <i><span style=\"font-weight: 400;\">Kukkaisruoska<\/span><\/i><span style=\"font-weight: 400;\"> (T\u00e4ysi k\u00e4si, 2019). Reijo Valta interviews the artist.<\/span><\/span><\/p>\n<p><i><\/i> <p class=\"wpsm-hide\" style=\"color: #cc0000; font-size: 100%; text-align: left;\"> piilota\/hide<\/p><\/div><\/div><\/p>\n<h4>13:30 - Laituri:\u00a0<span style=\"font-weight: 400;\">Keskustelu lastensarjakuvista - Ahokoivu, Filppa ja Hyrri<\/span><\/h4>\n<p><div class=\"show_more\"><p class=\"wpsm-show\" style=\"color: #cc0000; font-size: 100%; text-align: left;\"> lis\u00e4\u00e4\/more<\/p><div class=\"wpsm-content\"><\/p>\n<p><img loading=\"lazy\" decoding=\"async\" class=\"alignleft size-full wp-image-2956\" src=\"http:\/\/www.oulucomics.com\/wp-content\/uploads\/2017\/10\/fi.jpg\" alt=\"fi\" width=\"23\" height=\"20\" \/><\/p>\n<p><span style=\"font-weight: 400;\">Lavalle astelevat keskustelemaan lasten- ja nuorten sarjakuvista tuoreiden albumiensa merkeiss\u00e4 <\/span><b>Mari Ahokoivu<\/b><span style=\"font-weight: 400;\">,<\/span> <b>Harri Filppa<\/b><span style=\"font-weight: 400;\"> ja <\/span><b>Juliana Hyrri<\/b><span style=\"font-weight: 400;\">. Keskustelu johdattelee my\u00f6s vuoden 2020 Oulun Sarjakuvafestivaalin teeman, joka on lastensarjakuva.<\/span><\/p>\n<p><span style=\"color: #0000ff;\"><b>Mari Ahokoivu<\/b><span style=\"font-weight: 400;\">, <\/span><b>Harri Filppa<\/b><span style=\"font-weight: 400;\"> and <\/span><b>Juliana Hyrri<\/b><span style=\"font-weight: 400;\"> enter to the stage to discuss about kids comics through of their recent albums. The talk will lead to the theme of the Oulu Comics Festival in 2020, which is kids comics.<\/span><\/span><\/p>\n<p><span style=\"font-weight: 400;\"><img loading=\"lazy\" decoding=\"async\" class=\"alignright wp-image-4152\" src=\"http:\/\/www.oulucomics.com\/wp-content\/uploads\/2019\/10\/ahokoivu_hakkola_sannijajoonasmetsaretki.jpg\" alt=\"ahokoivu_hakkola_sannijajoonasmetsaretki\" width=\"150\" height=\"189\" srcset=\"https:\/\/www.oulucomics.com\/wp-content\/uploads\/2019\/10\/ahokoivu_hakkola_sannijajoonasmetsaretki.jpg 300w, https:\/\/www.oulucomics.com\/wp-content\/uploads\/2019\/10\/ahokoivu_hakkola_sannijajoonasmetsaretki-239x300.jpg 239w\" sizes=\"auto, (max-width: 150px) 100vw, 150px\" \/>Kalle Hakkolan &amp; Mari Ahokoivun <\/span><i><span style=\"font-weight: 400;\">Sanni ja Joonas - Mets\u00e4retki <\/span><\/i><span style=\"font-weight: 400;\">(Kumiorava, 2019) -sarjakuva-albumissa <\/span><span style=\"font-weight: 400;\">Sanni ja Joonas suuntaavat raikkaan syksyiselle mets\u00e4retkelle, josta muodostuu mielenkiintoisten luontohavaintojen ja vilkkaan mielikuvituksen rikastuttama v\u00e4rik\u00e4s seikkailu! Mielikuvitus on koetuksella my\u00f6s pitk\u00e4ll\u00e4 junamatkalla. Keksiv\u00e4tk\u00f6 lapset mieluisaa ajankulua, vai uhkaako matkasta tulla pitk\u00e4veteinen? T\u00e4ss\u00e4 kirjassa Sanni ja Joonas seikkailevat my\u00f6s lyhyemmiss\u00e4 tarinoissa, joita on julkaistu aiemmin Ilta-Sanomissa ja Koululaisessa.<\/span><\/p>\n<p><span style=\"font-weight: 400;\"><img loading=\"lazy\" decoding=\"async\" class=\"alignleft wp-image-4157 size-thumbnail\" src=\"http:\/\/www.oulucomics.com\/wp-content\/uploads\/2019\/10\/vastarannan_siili_varikas_silta-150x150.jpg\" alt=\"vastarannan_siili_varikas_silta\" width=\"150\" height=\"150\" srcset=\"https:\/\/www.oulucomics.com\/wp-content\/uploads\/2019\/10\/vastarannan_siili_varikas_silta-150x150.jpg 150w, https:\/\/www.oulucomics.com\/wp-content\/uploads\/2019\/10\/vastarannan_siili_varikas_silta.jpg 300w\" sizes=\"auto, (max-width: 150px) 100vw, 150px\" \/>Harri Filpan lastensarjakuva-albumissa <\/span><i><span style=\"font-weight: 400;\">Vastarannan Siili - V\u00e4rik\u00e4s silta <\/span><\/i><span style=\"font-weight: 400;\">(Soiva Siili, 2019) sateen j\u00e4lkeen on Vastarannan taivaalle syntynyt lumoava sateenkaari. Vastarannan siili ja h\u00e4nen veljens\u00e4 mielest\u00e4 sen p\u00e4\u00e4st\u00e4 voisi l\u00f6yty\u00e4 aarre. Is\u00e4 kertoo lapsille monta tarinaa taivaalle piirtyv\u00e4st\u00e4 v\u00e4rikk\u00e4\u00e4st\u00e4 sillasta, joka on aina yht\u00e4 kiehtova ilmestys. Saippuakuplien ja vanhojen tarujen v\u00e4lityksell\u00e4 kirja suorastaan v\u00e4ritt\u00e4\u00e4 tarinan sateenkaaresta. Mihin sinun mielest\u00e4si v\u00e4rik\u00e4s silta johtaa?<\/span><\/p>\n<p><span style=\"font-weight: 400;\"><img loading=\"lazy\" decoding=\"async\" class=\"alignright wp-image-4154\" src=\"http:\/\/www.oulucomics.com\/wp-content\/uploads\/2019\/10\/hyrri_kallio_kallepallosello.jpg\" alt=\"hyrri_kallio_kallepallosello\" width=\"150\" height=\"178\" srcset=\"https:\/\/www.oulucomics.com\/wp-content\/uploads\/2019\/10\/hyrri_kallio_kallepallosello.jpg 300w, https:\/\/www.oulucomics.com\/wp-content\/uploads\/2019\/10\/hyrri_kallio_kallepallosello-253x300.jpg 253w\" sizes=\"auto, (max-width: 150px) 100vw, 150px\" \/>Juliana Hyrrin ja Pauli Kallion <\/span><i><span style=\"font-weight: 400;\">Kalle, pallo ja sello<\/span><\/i><span style=\"font-weight: 400;\"> (Suuri Kurpitsa, 2019) -albumissa<\/span> <span style=\"font-weight: 400;\">Kalle on alakouluik\u00e4inen poika, joka pelaa jalkapalloa ja soittaa selloa yht\u00e4l\u00e4isell\u00e4 innolla. Harrastusten yhteensovittaminen aiheuttaa kommelluksia ja ongelmiakin, ja lahjakkaaseen poikaan kohdistuu paineita keskitty\u00e4 jompaankumpaan. Soitonopettaja Jemina Jousikolla ja valmentaja Pontus Bollanderilla lienee asiasta omat mielipiteens\u00e4. Kalle kuitenkin tasapainoilee iloisesti pallon ja sellon v\u00e4lill\u00e4 ja saa my\u00f6s parhaan pelikaverinsa Kanelin kiinnostumaan soittamisesta. Er\u00e4\u00e4n\u00e4 p\u00e4iv\u00e4n\u00e4 yst\u00e4vykset t\u00f6rm\u00e4\u00e4v\u00e4t Eicca Toppiseen, joka on Kallen suuri selloidoli. Fantasiajaksoissa Kallea opastavat jalkapallon saloihin Messi, Ronaldo, Zlatan ja Teemu Pukki. <\/span><\/p>\n<p> <p class=\"wpsm-hide\" style=\"color: #cc0000; font-size: 100%; text-align: left;\"> piilota\/hide<\/p><\/div><\/div><\/p>\n<h4>14:00 - Pakkala-sali:\u00a0Pertti Jarla - Fingerpori<\/h4>\n<p><img loading=\"lazy\" decoding=\"async\" class=\"aligncenter wp-image-4151\" src=\"http:\/\/www.oulucomics.com\/wp-content\/uploads\/2019\/10\/fingerpori.jpg\" alt=\"fingerpori\" width=\"600\" height=\"221\" srcset=\"https:\/\/www.oulucomics.com\/wp-content\/uploads\/2019\/10\/fingerpori.jpg 650w, https:\/\/www.oulucomics.com\/wp-content\/uploads\/2019\/10\/fingerpori-300x110.jpg 300w\" sizes=\"auto, (max-width: 600px) 100vw, 600px\" \/><\/p>\n<p><div class=\"show_more\"><p class=\"wpsm-show\" style=\"color: #cc0000; font-size: 100%; text-align: left;\"> lis\u00e4\u00e4\/more<\/p><div class=\"wpsm-content\"><\/p>\n<p><img loading=\"lazy\" decoding=\"async\" class=\"alignleft size-full wp-image-2956\" src=\"http:\/\/www.oulucomics.com\/wp-content\/uploads\/2017\/10\/fi.jpg\" alt=\"fi\" width=\"23\" height=\"20\" \/><\/p>\n<p><span style=\"font-weight: 400;\">Ihmekaupunki Fingerporin luoja <\/span><b>Pertti Jarla<\/b><span style=\"font-weight: 400;\"> saapuu pitkien vaiheiden j\u00e4lkeen j\u00e4lleen pohjoiseen. Jarlan <\/span><i><span style=\"font-weight: 400;\">Karl-Barks-Stadt<\/span><\/i><span style=\"font-weight: 400;\"> sijoittui Kemin pohjoismaisen sarjakuvakilpailun strippikategoriassa kolmanneksi vuonna 2006 ja oli Ilta-sanomien kuukauden kotimaisena sarjakuva marraskuussa 2006.\u00a0<\/span><\/p>\n<p><img loading=\"lazy\" decoding=\"async\" class=\"aligncenter wp-image-4153 size-full\" src=\"http:\/\/www.oulucomics.com\/wp-content\/uploads\/2019\/10\/fingerpori_juhannussimaa_1334.jpg\" alt=\"fingerpori_juhannussimaa_1334\" width=\"600\" height=\"185\" srcset=\"https:\/\/www.oulucomics.com\/wp-content\/uploads\/2019\/10\/fingerpori_juhannussimaa_1334.jpg 600w, https:\/\/www.oulucomics.com\/wp-content\/uploads\/2019\/10\/fingerpori_juhannussimaa_1334-300x93.jpg 300w\" sizes=\"auto, (max-width: 600px) 100vw, 600px\" \/><\/p>\n<p><span style=\"font-weight: 400;\">Sarjakuvan nimi vaihtui Fingerporiksi, koska Helsingin sanomat halusi sille lyhyemm\u00e4n ja selke\u00e4mm\u00e4n nimen. Ensimm\u00e4inen Fingerpori -sarjakuva ilmestyi lehdess\u00e4 5.2.2007.<\/span><\/p>\n<p><span style=\"font-weight: 400;\">Maanviljelij\u00e4perheess\u00e4 Nastolassa kasvanut Jarla havaitsi jo varhain, ett\u00e4 h\u00e4n on kiinnostunut vain piirt\u00e4misest\u00e4. Pitk\u00e4aikaisesta huumorilehti Pahkasian avustajasta kasvoi Jari Sarasvuon luentovisualisoija, joka my\u00f6s kuvitti h\u00e4nen yrityskoulutuskirjan.<\/span><\/p>\n<p><span style=\"font-weight: 400;\">Nykyisin Jarlan luoma strippisarjakuva <\/span><i><span style=\"font-weight: 400;\">Fingerpori<\/span><\/i><span style=\"font-weight: 400;\"> ilmestyy useissa lehdiss\u00e4 ja loppu ei edes h\u00e4\u00e4m\u00f6t\u00e4. V\u00e4lill\u00e4 Jarla tutkailee hermoissaan olisiko juttujen tasossa tapahtunut laskua, mutta ei silt\u00e4 n\u00e4yt\u00e4. Fingerpori.orgin mukaan, tasaista j\u00f6\u00f6ti\u00e4 on ollut. Kuuden stripin viikkotahtiin p\u00e4\u00e4semiseksi Jarlalle lukijoilta tulevat ideat ovat arvokkaita.\u00a0<\/span><\/p>\n<p><span style=\"font-weight: 400;\">Jarlan kanssa Fingerporista on tarinoimassa Vesa Kataisto.<\/span><\/p>\n<p><span style=\"font-weight: 400;\"><img loading=\"lazy\" decoding=\"async\" class=\"alignright size-full wp-image-4159\" src=\"http:\/\/www.oulucomics.com\/wp-content\/uploads\/2019\/10\/jarla_fingerporin-koko-kuva-7.jpg\" alt=\"jarla_fingerporin-koko-kuva-7\" width=\"300\" height=\"359\" srcset=\"https:\/\/www.oulucomics.com\/wp-content\/uploads\/2019\/10\/jarla_fingerporin-koko-kuva-7.jpg 300w, https:\/\/www.oulucomics.com\/wp-content\/uploads\/2019\/10\/jarla_fingerporin-koko-kuva-7-251x300.jpg 251w\" sizes=\"auto, (max-width: 300px) 100vw, 300px\" \/>Tuoreimpana Fingerpori-albumina Pertti Jarlalta on ilmestynyt <\/span><i><span style=\"font-weight: 400;\">Fingerporin koko kuva 7 - P\u00e4ivien kimallus <\/span><\/i><span style=\"font-weight: 400;\">(Like, 2019). <\/span><span style=\"font-weight: 400;\">Kirjaan on koottu neliv\u00e4risin\u00e4 kaikki vuosien 2014\u20132015 stripit, joista osa julkaistaan nyt ensimm\u00e4ist\u00e4 kertaa albumissa. Kirsikkana kakun p\u00e4\u00e4ll\u00e4 aivan uusi, pitk\u00e4 sarjakuvatarina Mikko Koukin ohjaaman Fingerpori-elokuvan tekemisest\u00e4.<\/span><\/p>\n<p><span style=\"color: #0000ff;\"><span style=\"font-weight: 400;\">Comic artist and creator of <\/span><i><span style=\"font-weight: 400;\">Fingerpori <\/span><\/i><b>Pertti Jarla <\/b><span style=\"font-weight: 400;\">arrives to north after a very long time. Jarla\u2019s <\/span><i><span style=\"font-weight: 400;\">Karl-Barks-Stadt<\/span><\/i><span style=\"font-weight: 400;\"> placed third in the strip category of the Kemi Nordic Comics Competition in 2006.\u00a0<\/span><\/span><\/p>\n<p><span style=\"color: #0000ff;\"><span style=\"font-weight: 400;\">The name of the comic was changed to Fingerpori because the Helsingin sanomat newspaper wanted a shorter and clearer name for it. <\/span><span style=\"font-weight: 400;\">Nowadays comic strip appears in numerous magazines with no end in sight. According to the Fingerpori website the comic is as strong as ever. Idea suggestions from the readers of the comic have been very precious to Jarla while keeping the pace of making six comic strips each week.<\/span><\/span><\/p>\n<p><span style=\"color: #0000ff;\"><span style=\"font-weight: 400;\">Jarla is interviewed by Vesa Kataisto.<\/span><span style=\"font-weight: 400;\"><br \/>\n<\/span><span style=\"font-weight: 400;\"><br \/>\n<\/span><span style=\"font-weight: 400;\">The latest Fingerpori comic album is called <\/span><i><span style=\"font-weight: 400;\">Fingerporin koko kuva 7 - P\u00e4ivien kimallus <\/span><\/i><span style=\"font-weight: 400;\">(Like, 2019) which consists of all the strips published from 2014 to 2015. The book also includes a never before seen comic story about the making of Fingerpori the movie, directed by Mikko Kouki.<\/span><\/span><\/p>\n<p><i><\/i> <p class=\"wpsm-hide\" style=\"color: #cc0000; font-size: 100%; text-align: left;\"> piilota\/hide<\/p><\/div><\/div><\/p>\n<h4><\/h4>\n<\/div><\/div>\n\t\t\t\t<\/li>\n\t\t\t \t<li class=\"event festivaali fsun paja sarjasto\">\n\t\t\t\t\t<div class=\"event-date\"><div class=\"end-date\"><div class=\"event-weekday\">Sun<\/div><div class=\"event-day\">24<\/div><div class=\"event-month\">Nov<\/div><div class=\"event-year\">2019<\/div><\/div><\/div>\n\t\t\t\t\t<div class=\"event-info multi-day\"><div class=\"event-title\"><h3>Sarjakuvapitchaus | Comics Pitching<\/h3><\/div><span class=\"event-time\">12:15 - 13:30<\/span><span class=\"event-location\">P\u00e4\u00e4kirjasto, Sarjasto | Main library, Kaarlenv\u00e4yl\u00e4 3, 3. krs, Oulu<\/span><div class=\"event-details\"><p><img loading=\"lazy\" decoding=\"async\" class=\"alignright size-medium wp-image-4142\" src=\"http:\/\/www.oulucomics.com\/wp-content\/uploads\/2019\/08\/sarjakuvapitsaus_web-300x181.jpg\" alt=\"sarjakuvapitsaus_web\" width=\"300\" height=\"181\" srcset=\"https:\/\/www.oulucomics.com\/wp-content\/uploads\/2019\/08\/sarjakuvapitsaus_web-300x181.jpg 300w, https:\/\/www.oulucomics.com\/wp-content\/uploads\/2019\/08\/sarjakuvapitsaus_web.jpg 600w\" sizes=\"auto, (max-width: 300px) 100vw, 300px\" \/><img loading=\"lazy\" decoding=\"async\" class=\"alignleft size-full wp-image-2956\" src=\"http:\/\/www.oulucomics.com\/wp-content\/uploads\/2017\/10\/fi.jpg\" alt=\"fi\" width=\"23\" height=\"20\" \/><\/p>\n<p>Sarjakuvapitchaus tuo taiteilijat ja kustantajat yhteen. Se on tilaisuus, jossa sarjakuvantekij\u00e4t p\u00e4\u00e4sev\u00e4t esittelem\u00e4\u00e4n ideoitaan ja projektejaan raadille, joka koostuu useiden kustantajien edustajista.<\/p>\n<p><a href=\"http:\/\/www.oulucomics.com\/fest\/ohjelmisto-2019\/sarjakuvapitchaus-2019\/\">Lis\u00e4tietoa Sarjakuvapitchauksesta sen tapahtuman\u00a0alasivulta!!!<\/a><\/p>\n<p><a href=\"http:\/\/www.oulucomics.com\/fest\/ohjelmisto-2019\/sarjakuvapitchaus-2019\/\"><img loading=\"lazy\" decoding=\"async\" class=\"alignleft size-full wp-image-2955\" src=\"http:\/\/www.oulucomics.com\/wp-content\/uploads\/2017\/10\/en.jpg\" alt=\"en\" width=\"23\" height=\"20\" \/>More info about Comics Pitching\u00a0on the events page\u00a0!!!<\/a><\/p>\n<\/div><\/div>\n\t\t\t\t<\/li>\n\t\t\t \t<li class=\"event festivaali fsun lapset paja sarjasto\">\n\t\t\t\t\t<div class=\"event-date\"><div class=\"end-date\"><div class=\"event-weekday\">Sun<\/div><div class=\"event-day\">24<\/div><div class=\"event-month\">Nov<\/div><div class=\"event-year\">2019<\/div><\/div><\/div>\n\t\t\t\t\t<div class=\"event-info multi-day\"><div class=\"event-title\"><h3>N\u00e4in syntyv\u00e4t sarjakuvat ja sarjakuvahahmot<\/h3><\/div><span class=\"event-time\">14:00 - 15:30<\/span><span class=\"event-location\">P\u00e4\u00e4kirjasto, Sarjasto, Kaarlenv\u00e4yl\u00e4 3, 3. krs, Oulu<\/span><div class=\"event-details\"><p><img loading=\"lazy\" decoding=\"async\" class=\"alignleft size-full wp-image-2956\" src=\"http:\/\/www.oulucomics.com\/wp-content\/uploads\/2017\/10\/fi.jpg\" alt=\"fi\" width=\"23\" height=\"20\" \/><\/p>\n<p><span style=\"font-weight: 400;\">Koko perheen Oulun Sarjakuvafestivaalitapahtumassa Sarjakuvantekij\u00e4 <\/span><b>Veli-Matti Ural<\/b><span style=\"font-weight: 400;\"> opastaa k\u00e4vij\u00f6it\u00e4 avoimessa sarjakuvapajassa sarjakuvan saloihin.\u00a0<\/span><\/p>\n<p><span style=\"font-weight: 400;\"><img loading=\"lazy\" decoding=\"async\" class=\"aligncenter size-full wp-image-4186\" src=\"http:\/\/www.oulucomics.com\/wp-content\/uploads\/2019\/10\/lastenkulttuurikaupunkioulu2019_web.jpg\" alt=\"lastenkulttuurikaupunkioulu2019_web\" width=\"600\" height=\"300\" srcset=\"https:\/\/www.oulucomics.com\/wp-content\/uploads\/2019\/10\/lastenkulttuurikaupunkioulu2019_web.jpg 600w, https:\/\/www.oulucomics.com\/wp-content\/uploads\/2019\/10\/lastenkulttuurikaupunkioulu2019_web-300x150.jpg 300w\" sizes=\"auto, (max-width: 600px) 100vw, 600px\" \/>Taustalla sarjakuvantekij\u00e4t piirt\u00e4v\u00e4t omien lapsille ja nuorille suunnattujen sarjakuviensa hahmoja. Tilaisuudessa hahmoja isolle kankaalle loihtivat sarjakuvantekij\u00e4t:<\/span><\/p>\n<ul>\n<li><strong>Juliana Hyrri:<\/strong><i><i> Kalle, pallo ja sello <\/i><\/i>(Suuri Kurpitsa, 2019)<\/li>\n<li><strong>Harri Filppa<\/strong><span style=\"font-weight: 400;\">: <\/span><i><span style=\"font-weight: 400;\">Vastarannan Siili - V\u00e4rik\u00e4s silta <\/span><\/i><span style=\"font-weight: 400;\">(Soiva Siili, 2019)<\/span><\/li>\n<li><strong>Mari Ahokoivu<\/strong>: <i>Sanni ja Joonas - Mets\u00e4retki <\/i>(Kumiorava, 2019)<\/li>\n<\/ul>\n<p><span style=\"font-weight: 400;\"><img loading=\"lazy\" decoding=\"async\" class=\"alignright size-full wp-image-3573\" src=\"http:\/\/www.oulucomics.com\/wp-content\/uploads\/2018\/09\/lkko.png\" alt=\"lkko\" width=\"100\" height=\"100\" \/>Kaikki ovat tervetulleita piirt\u00e4m\u00e4\u00e4n, kuuntelemaan ja katselemaan! Tarvittavat v\u00e4lineet l\u00f6ytyv\u00e4t Sarjastolta ja osallistuminen ei vaadi aikaisempaa kokemusta.<\/span><\/p>\n<p>Tapahtuman musiikillisesta annista huolehtii <em>Vastarannan Siili<\/em>!<\/p>\n<p><span style=\"color: #0000ff;\"><span style=\"font-weight: 400;\">Comics Workshop for the whole family. Open and free for everyone to join.<\/span><\/span><\/p>\n<p><span style=\"color: #0000ff;\"><span style=\"font-weight: 400;\">In the background comic artist draw characters for children. The characters will be projected on to a big screen. The artists include:\u00a0<\/span><strong>Mari Ahokoivu<\/strong>,\u00a0<strong>Harri Filppa<\/strong> and\u00a0<strong>Juliana Hyrri<\/strong><i>.<\/i><\/span><\/p>\n<p>&nbsp;<\/p>\n<p><span style=\"font-weight: 400; color: #0000ff;\">All of you are more than welcome to join to draw to listen and to watch.<\/span><\/p>\n<\/div><\/div>\n\t\t\t\t<\/li>\n\t\t\t \t<li class=\"event festivaali fsun paja sarjasto\">\n\t\t\t\t\t<div class=\"event-date\"><div class=\"end-date\"><div class=\"event-weekday\">Sun<\/div><div class=\"event-day\">24<\/div><div class=\"event-month\">Nov<\/div><div class=\"event-year\">2019<\/div><\/div><\/div>\n\t\t\t\t\t<div class=\"event-info multi-day\"><div class=\"event-title\"><h3>Suomen sarjakuvatutkimuksen nykytila<\/h3><\/div><span class=\"event-time\">14:00 - 15:45<\/span><span class=\"event-location\">P\u00e4\u00e4kirjasto, Laituri | Main library, Kaarlenv\u00e4yl\u00e4 3, 1. krs, Oulu<\/span><div class=\"event-details\"><p><img loading=\"lazy\" decoding=\"async\" class=\"alignright size-full wp-image-4138\" src=\"http:\/\/www.oulucomics.com\/wp-content\/uploads\/2019\/10\/suomen_sarjakuvatutkimuksen_nykyila19_net2.jpg\" alt=\"suomen_sarjakuvatutkimuksen_nykyila19_net2\" width=\"300\" height=\"443\" srcset=\"https:\/\/www.oulucomics.com\/wp-content\/uploads\/2019\/10\/suomen_sarjakuvatutkimuksen_nykyila19_net2.jpg 300w, https:\/\/www.oulucomics.com\/wp-content\/uploads\/2019\/10\/suomen_sarjakuvatutkimuksen_nykyila19_net2-203x300.jpg 203w\" sizes=\"auto, (max-width: 300px) 100vw, 300px\" \/><img loading=\"lazy\" decoding=\"async\" class=\"alignleft size-full wp-image-2956\" src=\"http:\/\/www.oulucomics.com\/wp-content\/uploads\/2017\/10\/fi.jpg\" alt=\"fi\" width=\"23\" height=\"20\" \/><\/p>\n<p><span style=\"font-weight: 400;\">Viime vuonna Oulun Sarjakuvafestivaalilla alkanut ja suuren suosion saanut Suomen sarjakuvatutkimuksen nykytila -keskustelu saa t\u00e4n\u00e4 vuonna jatkoa.\u00a0<\/span><\/p>\n<p><span style=\"font-weight: 400;\">Mit\u00e4 kuuluu Suomen sarjakuvatutkimukselle juuri t\u00e4ll\u00e4 hetkell\u00e4? Kuka sarjakuvaa tutkii ja miss\u00e4? Miten sarjakuvaa voi ylip\u00e4\u00e4t\u00e4\u00e4n tutkia ja mist\u00e4 n\u00e4k\u00f6kulmista? Tule kuuntelemaan ja konsultoimaan asiantuntijoita. Jos tutkijuus kiinnostaa, t\u00e4m\u00e4 on oikea paikka!<\/span><\/p>\n<p><span style=\"font-weight: 400;\">Tilaisuuden aluksi <strong>Harri Filppa<\/strong> esittelee Lapin yliopistolle toteuttamansa sarjakuvitetun artikkelin ja kertoo sen syntyprosessista. Ohjelma jatkuu <strong>Katja Kontturin<\/strong> esitelless\u00e4 tulevaa Kalevalan sarjakuva-adaptaatioiden tutkimustaan. Kalevalaseuralta saadun apurahan voimin h\u00e4n keskittyy apurahakauden aikana Kullervon tarinaan.<\/span><\/p>\n<p><span style=\"font-weight: 400;\">Paikalla sarjakuvatutkimuksesta kertomassa, keskustelemassa ja konsultoimassa muun muassa Don Rosan Disney -sarjakuvista v\u00e4itellyt Ankkatohtori Katja Kontturi (Jyv\u00e4skyl\u00e4n yliopisto), sarjakuvan ja kirjallisuuden tutkija Filosofian tohtori <strong>Jyrki Korpua<\/strong> (Oulun yliopisto) ja Suomen ensimm\u00e4isen sarjakuvitetun pro gradu -tutkimuksen tehnyt Taiteen maisteri Harri Filppa (Lapin yliopisto).<\/span><\/p>\n<p><span style=\"font-weight: 400;\">Muutaman esimerkin j\u00e4lkeen keskustellaan Suomen sarjakuvatutkimuksen nykytilasta laajemmin. Mik\u00e4li haluat saada tilaisuudessa palautetta omasta tutkimuksestasi niin l\u00e4het\u00e4 suunnitelmasi osoitteeseen sarjakuvaoulu(at)gmail.com 17.11.2018 menness\u00e4.<\/span><\/p>\n<p><span style=\"font-weight: 400;\">Tapahtuma j\u00e4rjestet\u00e4\u00e4n yhteisty\u00f6ss\u00e4 Suomen sarjakuvatutkijoiden kanssa.<\/span><\/p>\n<p><span style=\"color: #0000ff;\"><b>Current state of Finnish comics research<\/b><\/span><\/p>\n<p><span style=\"font-weight: 400; color: #0000ff;\">The annual discussion on Finnish comics research continues also this year at Oulu Comics Festival.\u00a0<\/span><\/p>\n<p><span style=\"font-weight: 400; color: #0000ff;\">What is going on in the comics research right now? Who makes research and where? How can a comics be studied at all and from which perspectives? Come to listen and talk with the experts. If you are interested in comics research, this is the place!<\/span><\/p>\n<p><span style=\"color: #0000ff;\"><span style=\"font-weight: 400;\">Included in the discussion are, among<\/span><span style=\"font-weight: 400;\"> others. <\/span><b>Katja Kontturi<\/b><span style=\"font-weight: 400;\"> (PhD, Contemporary Culture Studies.) She defended her thesis, Don Rosa\u2019s Disney comics as postmodern fantasy in the University of Jyv\u00e4skyl\u00e4. <\/span><b>Jyrki Korpua<\/b><span style=\"font-weight: 400;\"> (PhD, Literature) is a researcher of literature, cultural studies and comics in the University of Oulu. <\/span><b>Harri Filppa<\/b><span style=\"font-weight: 400;\"> (MA, graphic design) is a PhD student in the University of Lapland and made first Master's Thesis in Finland as a comic book<\/span><span style=\"font-weight: 400;\">.\u00a0<\/span><\/span><\/p>\n<p><span style=\"color: #0000ff;\"><span style=\"font-weight: 400;\">The event is organized in cooperation<\/span><span style=\"font-weight: 400;\"> with Finnish comics researchers.<\/span><\/span><\/p>\n<p>&nbsp;<\/p>\n<\/div><\/div>\n\t\t\t\t<\/li>\n\t\t\t \t<li class=\"event festivaali fest-en fsun klubi\">\n\t\t\t\t\t<div class=\"event-date\"><div class=\"end-date\"><div class=\"event-weekday\">Sun<\/div><div class=\"event-day\">24<\/div><div class=\"event-month\">Nov<\/div><div class=\"event-year\">2019<\/div><\/div><\/div>\n\t\t\t\t\t<div class=\"event-info multi-day\"><div class=\"event-title\"><h3>In memoriam Oulu Comics Festival 2019<\/h3><\/div><span class=\"event-time\">16 -<\/span><span class=\"event-location\">Oluthuone Leskinen, Kirkkokatu 10 (Rotuaari), Oulu<\/span><div class=\"event-details\"><p><img loading=\"lazy\" decoding=\"async\" class=\"alignright size-medium wp-image-4135\" src=\"http:\/\/www.oulucomics.com\/wp-content\/uploads\/2019\/10\/ville_pirinen_combat_school-300x300.jpg\" alt=\"ville_pirinen_combat_school\" width=\"300\" height=\"300\" srcset=\"https:\/\/www.oulucomics.com\/wp-content\/uploads\/2019\/10\/ville_pirinen_combat_school-300x300.jpg 300w, https:\/\/www.oulucomics.com\/wp-content\/uploads\/2019\/10\/ville_pirinen_combat_school-150x150.jpg 150w, https:\/\/www.oulucomics.com\/wp-content\/uploads\/2019\/10\/ville_pirinen_combat_school.jpg 600w\" sizes=\"auto, (max-width: 300px) 100vw, 300px\" \/><img loading=\"lazy\" decoding=\"async\" class=\"alignleft size-full wp-image-2195\" src=\"http:\/\/www.oulucomics.com\/wp-content\/uploads\/2016\/08\/fi.png\" alt=\"fi\" width=\"29\" height=\"26\" \/>Perinteisesti festivaaliv\u00e4ki on kokoontunut viel\u00e4 sunnuntaina viimeisenkin ohjelman j\u00e4lkeen rupattelemaan sarjakuvista ja mielt\u00e4 polttavista asioita.\u00a0Toivotamme sarjakuvakansan tervetulleeksi nauttimaan hyv\u00e4st\u00e4 seurasta, viel\u00e4 kerran. Tapahtuman livemusiikista vastaa <em>Ville Pirinen\u00a0Combat School.<\/em><\/p>\n<p>Tapahtuma on p\u00e4\u00e4symaksuton ja K18.<\/p>\n<p><img loading=\"lazy\" decoding=\"async\" class=\"alignleft size-full wp-image-2955\" src=\"http:\/\/www.oulucomics.com\/wp-content\/uploads\/2017\/10\/en.jpg\" alt=\"en\" width=\"23\" height=\"20\" \/><\/p>\n<p><span style=\"color: #0000ff;\">Traditionally, the festival visitors and staff has convened on Sunday evening after the last program. We would like to welcome all visitors, exhibitors, staff, etc\u00a0to enjoy a good company, once again.\u00a0The live music at the event is provided by <em>Ville Pirinen\u00a0Combat School<\/em>.<\/span><\/p>\n<p><span style=\"color: #0000ff;\">The event is free of charge and <span style=\"font-weight: 400;\">age limit is 18<\/span>.<\/span><\/p>\n<\/div><\/div>\n\t\t\t\t<\/li><\/ul>\n\t\t\t\t<\/div>\n","protected":false},"excerpt":{"rendered":"<ul>\n<li><a href=\"http:\/\/www.oulucomics.com\/fest\/program2019\/fri\/\">Friday 22.11.<\/a><\/li>\n<li><a href=\"http:\/\/www.oulucomics.com\/fest\/program2019\/sat\/\">Saturday 23.11.<\/a><\/li>\n<li><strong>Sunday 24.11.<\/strong><\/li>\n<li><a href=\"http:\/\/www.oulucomics.co... \n<br \/>\n","protected":false},"author":1,"featured_media":0,"parent":3961,"menu_order":0,"comment_status":"closed","ping_status":"closed","template":"","meta":{"footnotes":""},"categories":[],"tags":[],"class_list":["post-4055","page","type-page","status-publish","hentry"],"_links":{"self":[{"href":"https:\/\/www.oulucomics.com\/en_US\/wp-json\/wp\/v2\/pages\/4055","targetHints":{"allow":["GET"]}}],"collection":[{"href":"https:\/\/www.oulucomics.com\/en_US\/wp-json\/wp\/v2\/pages"}],"about":[{"href":"https:\/\/www.oulucomics.com\/en_US\/wp-json\/wp\/v2\/types\/page"}],"author":[{"embeddable":true,"href":"https:\/\/www.oulucomics.com\/en_US\/wp-json\/wp\/v2\/users\/1"}],"replies":[{"embeddable":true,"href":"https:\/\/www.oulucomics.com\/en_US\/wp-json\/wp\/v2\/comments?post=4055"}],"version-history":[{"count":9,"href":"https:\/\/www.oulucomics.com\/en_US\/wp-json\/wp\/v2\/pages\/4055\/revisions"}],"predecessor-version":[{"id":4196,"href":"https:\/\/www.oulucomics.com\/en_US\/wp-json\/wp\/v2\/pages\/4055\/revisions\/4196"}],"up":[{"embeddable":true,"href":"https:\/\/www.oulucomics.com\/en_US\/wp-json\/wp\/v2\/pages\/3961"}],"wp:attachment":[{"href":"https:\/\/www.oulucomics.com\/en_US\/wp-json\/wp\/v2\/media?parent=4055"}],"wp:term":[{"taxonomy":"category","embeddable":true,"href":"https:\/\/www.oulucomics.com\/en_US\/wp-json\/wp\/v2\/categories?post=4055"},{"taxonomy":"post_tag","embeddable":true,"href":"https:\/\/www.oulucomics.com\/en_US\/wp-json\/wp\/v2\/tags?post=4055"}],"curies":[{"name":"wp","href":"https:\/\/api.w.org\/{rel}","templated":true}]}}