{"id":3542,"date":"2018-09-20T11:45:35","date_gmt":"2018-09-20T08:45:35","guid":{"rendered":"http:\/\/www.oulucomics.com\/?page_id=3542"},"modified":"2018-09-20T14:10:27","modified_gmt":"2018-09-20T11:10:27","slug":"week","status":"publish","type":"page","link":"https:\/\/www.oulucomics.com\/en_US\/fest\/program2018\/week\/","title":{"rendered":"Week"},"content":{"rendered":"<ul>\n<li><a href=\"http:\/\/www.oulucomics.com\/fest\/program2018\/fri\/\">Friday 23.11.<\/a><\/li>\n<li><a href=\"http:\/\/www.oulucomics.com\/fest\/program2018\/sat\/\">Saturday 24.11.<\/a><\/li>\n<li><a href=\"http:\/\/www.oulucomics.com\/fest\/program2018\/sun\/\">Sunday 25.11.<\/a><\/li>\n<li>Festival week<\/li>\n<\/ul>\n<p><img loading=\"lazy\" decoding=\"async\" class=\"size-full wp-image-2955 alignleft\" src=\"http:\/\/www.oulucomics.com\/wp-content\/uploads\/2017\/10\/en.jpg\" alt=\"en\" width=\"23\" height=\"20\" \/><\/p>\n<p><span style=\"color: #000080;\"><strong>We have marked to the program the content which is at least partly in English.<\/strong><\/span><\/p>\n<h2>Week&#8217;s\u00a0program:<\/h2>\n\n\t\t\t\t<div class=\"event-list\">\n\t\t\t\t<style type=\"text\/css\">\n\t\t\t\t\t.filterbar { display:table; width:100% }\n\t\t\t\t\t.filterbar > div { display:table-cell }\n\t\t\t\t<\/style>\n\t\t\t\t<!--[if lte IE 7]>\n\t\t\t\t<style>.filterbar > div { float:left }<\/style>\n\t\t\t\t<![endif]-->\n\t\t\t\t<div class=\"filterbar subsubsub\">\n\t\t\t\t\t<div style=\"text-align:left\"><ul class=\"hlist\"><li><a href=\"https:\/\/www.oulucomics.com\/en_US\/fest\/program2018\/week\/?date1=all\">All<\/a><\/li><li><a href=\"https:\/\/www.oulucomics.com\/en_US\/fest\/program2018\/week\/?date1=upcoming\">Upcoming<\/a><\/li><li><a href=\"https:\/\/www.oulucomics.com\/en_US\/fest\/program2018\/week\/?date1=2017\">2017<\/a><\/li><li><strong>2018<\/strong><\/li><li><a href=\"https:\/\/www.oulucomics.com\/en_US\/fest\/program2018\/week\/?date1=2019\">2019<\/a><\/li><li><a href=\"https:\/\/www.oulucomics.com\/en_US\/fest\/program2018\/week\/?date1=2021\">2021<\/a><\/li><li><a href=\"https:\/\/www.oulucomics.com\/en_US\/fest\/program2018\/week\/?date1=2022\">2022<\/a><\/li><\/ul>\n\t\t\t\t\t<\/div><\/div>\n\t\t\t\t<ul class=\"event-list-view\">\n\t\t\t \t<li class=\"event festivaali fwee nayttelyt\">\n\t\t\t\t\t<div class=\"event-date multi-date\"><div class=\"start-date\"><div class=\"event-weekday\">Thu<\/div><div class=\"event-day\">01<\/div><div class=\"event-month\">Nov<\/div><div class=\"event-year\">2018<\/div><\/div><div class=\"end-date\"><div class=\"event-weekday\">Sat<\/div><div class=\"event-day\">24<\/div><div class=\"event-month\">Nov<\/div><div class=\"event-year\">2018<\/div><\/div><\/div>\n\t\t\t\t\t<div class=\"event-info multi-day\"><div class=\"event-title\"><h3>Lakeuden sarjakuvia<\/h3><\/div><span class=\"event-location\">Oulunsalon kirjasto, Karhuojantie 2, Oulunsalo<\/span><div class=\"event-details\"><p>Lakeuden sarjakuvia on <strong>Avi Heikkisen<\/strong>, <strong>Harri Filpan<\/strong> ja <strong>Sami Nyyss\u00f6l\u00e4n<\/strong> sarjakuvan\u00e4yttely, jossa on esill\u00e4 otteita tekij\u00f6idens\u00e4 teoksista. Tekij\u00f6it\u00e4 yhdist\u00e4\u00e4, ett\u00e4 he ovat kaikki syntyneet tai kasvaneet Oulunsalossa tai Kempeleess\u00e4.<\/p>\n<p><img loading=\"lazy\" decoding=\"async\" class=\"aligncenter size-full wp-image-3713\" src=\"http:\/\/www.oulucomics.com\/wp-content\/uploads\/2018\/11\/oulunsalo_pokuto2.jpg\" alt=\"oulunsalo_pokuto2\" width=\"600\" height=\"338\" srcset=\"https:\/\/www.oulucomics.com\/wp-content\/uploads\/2018\/11\/oulunsalo_pokuto2.jpg 600w, https:\/\/www.oulucomics.com\/wp-content\/uploads\/2018\/11\/oulunsalo_pokuto2-300x169.jpg 300w\" sizes=\"auto, (max-width: 600px) 100vw, 600px\" \/><\/p>\n<p><em>Valotusaika on (Pokuto, 2018)<\/em>\u00a0on <strong>Avi Heikkisen<\/strong> joulukuussa 2018 julkaistava sarjakuvaromaani, jonka tekotapa on poikkeuksellinen: jokaisen sarjakuvaruudun kuva on alunperin valokuva, joka on j\u00e4lkik\u00e4sitelty n\u00e4ytt\u00e4m\u00e4\u00e4n piirretylt\u00e4. N\u00e4yttely esittelee teoksen tekemist\u00e4 aina ideoinnista k\u00e4sikirjoitukseen ja kuvauksista lopullisiin viimeisteltyihin sivuihin.<\/p>\n<p><strong>Harri Filpan<\/strong> <em>Kuolema meid\u00e4t erotti (Pokuto, 2017)<\/em> albumiin pohjautuva n\u00e4yttely on omael\u00e4m\u00e4nkerrallinen ja k\u00e4sittelee puolison kuoleman tuomaa odottamatonta k\u00e4\u00e4nnett\u00e4 el\u00e4m\u00e4ss\u00e4. Suurten sarjakuvasivuvedosten rinnalla n\u00e4yttelyss\u00e4 kuullaan kertomuksia teoksen taustasta sek\u00e4 albumin ulkopuolelle j\u00e4\u00e4neist\u00e4 kohtaamisista. Puolison \u00e4killinen kuolema tuo surun ja kaipuun, jonka lopullisuutta on vaikea ymm\u00e4rt\u00e4\u00e4. Kuolema meid\u00e4t erotti -teos oli vuonna 2018 Sarjakuva-Finlandia- ja Botnia-kirjallisuuspalkintoehdokkaana.<\/p>\n<p><em>Learn Finnish without studying - Opi suomi opiskelematta (Pokuto, 2018)<\/em>\u00a0on <strong>Sami Nyyss\u00f6l\u00e4n<\/strong>\u00a023.11.2018 julkaistava sarjakuvaopas. Jos sin\u00e4 tai joku tuntemasi haluaa tutustua suomen kieleen opiskelematta, t\u00e4m\u00e4 kirja on kirjaimellisesti sit\u00e4 varten tehty.<\/p>\n<\/div><\/div>\n\t\t\t\t<\/li>\n\t\t\t \t<li class=\"event festivaali fwee nayttelyt\">\n\t\t\t\t\t<div class=\"event-date multi-date\"><div class=\"start-date\"><div class=\"event-weekday\">Thu<\/div><div class=\"event-day\">01<\/div><div class=\"event-month\">Nov<\/div><div class=\"event-year\">2018<\/div><\/div><div class=\"end-date\"><div class=\"event-weekday\">Fri<\/div><div class=\"event-day\">30<\/div><div class=\"event-month\">Nov<\/div><div class=\"event-year\">2018<\/div><\/div><\/div>\n\t\t\t\t\t<div class=\"event-info multi-day\"><div class=\"event-title\"><h3>Cara Bean: Brain World -exhibition<\/h3><\/div><span class=\"event-location\">Limingan kirjasto, Tupoksentie 5, Liminka<\/span><div class=\"event-details\"><p><img loading=\"lazy\" decoding=\"async\" class=\"size-medium wp-image-3711 alignright\" src=\"http:\/\/www.oulucomics.com\/wp-content\/uploads\/2018\/11\/Brain-World-232x300.jpg\" alt=\"Brain-World\" width=\"232\" height=\"300\" srcset=\"https:\/\/www.oulucomics.com\/wp-content\/uploads\/2018\/11\/Brain-World-232x300.jpg 232w, https:\/\/www.oulucomics.com\/wp-content\/uploads\/2018\/11\/Brain-World.jpg 618w\" sizes=\"auto, (max-width: 232px) 100vw, 232px\" \/><\/p>\n<p><span style=\"color: #0000ff;\"><b>Cara Bean<\/b><span style=\"font-weight: 400;\">, Artist in Residence at the Oulu Comics Center and Liminka School of Art is currently working on a graphic novel about mental health for kids. She uses the art form of comics as an expressive teaching tool to explain anxiety, depression, and substance abuse. The Liminka School library will have on display her sketches and preliminary sketches for the chapters of her book in process.<\/span><\/span><\/p>\n<p><span style=\"font-weight: 400; color: #0000ff;\">Bean will be exhibiting images of the metaphors and storytelling devices that she is using to educate about anxiety, depression, trauma, coping mechanisms, and treatment that she has generated while being an artist in residence.<\/span><\/p>\n<p><span style=\"font-weight: 400; color: #0000ff;\">A smaller version of the Brain World exhibition will be available 24th of November in the Oulu City Library<\/span><\/p>\n<p><span style=\"font-weight: 400;\">Oulun Sarjakuvakeskuksen ja Limingan taidekoulun residenssitaiteilija <\/span><b>Cara Bean<\/b><span style=\"font-weight: 400;\"> ty\u00f6st\u00e4\u00e4 lasten mielenterveytt\u00e4 k\u00e4sittelev\u00e4\u00e4 sarjakuvaromaania. H\u00e4n k\u00e4ytt\u00e4\u00e4 sarjakuvataidetta ilmaisullisena opetusv\u00e4lineen\u00e4, jonka avulla h\u00e4n selitt\u00e4\u00e4 asioita ahdistuksesta, masennuksesta ja l\u00e4\u00e4kkeiden v\u00e4\u00e4rink\u00e4yt\u00f6st\u00e4. Tulevaan kirjaan liittyvi\u00e4 piirroksia ja luonnoksia on esill\u00e4 Limingan taidekoulun kirjastosta l\u00f6ytyv\u00e4ss\u00e4 taiden\u00e4yttelyss\u00e4. N\u00e4yttely esittelee ahdistusta, masennusta, traumaa ja selviytymiskeinoja k\u00e4sittelevi\u00e4 metaforia ja tarinankerronnallisia ratkaisuja, joita Bean on p\u00e4\u00e4tt\u00e4nyt k\u00e4ytt\u00e4\u00e4 kirjassaan.<\/span><\/p>\n<p>Brain World -n\u00e4yttelyn suppeampi versio on n\u00e4ht\u00e4vill\u00e4 Oulun Kaupunginkirjastolla 24.11.2018.<\/p>\n<\/div><\/div>\n\t\t\t\t<\/li>\n\t\t\t \t<li class=\"event festivaali fwee nayttelyt\">\n\t\t\t\t\t<div class=\"event-date\"><div class=\"end-date\"><div class=\"event-weekday\">Wed<\/div><div class=\"event-day\">21<\/div><div class=\"event-month\">Nov<\/div><div class=\"event-year\">2018<\/div><\/div><\/div>\n\t\t\t\t\t<div class=\"event-info multi-day\"><div class=\"event-title\"><h3>Cara Bean: Brain World interview<\/h3><\/div><span class=\"event-time\">17:30 - 18:30<\/span><span class=\"event-location\">Limingan kirjasto, Tupoksentie 5, Liminka<\/span><div class=\"event-details\"><p><img loading=\"lazy\" decoding=\"async\" class=\"size-medium wp-image-3711 alignright\" src=\"http:\/\/www.oulucomics.com\/wp-content\/uploads\/2018\/11\/Brain-World-232x300.jpg\" alt=\"Brain-World\" width=\"232\" height=\"300\" srcset=\"https:\/\/www.oulucomics.com\/wp-content\/uploads\/2018\/11\/Brain-World-232x300.jpg 232w, https:\/\/www.oulucomics.com\/wp-content\/uploads\/2018\/11\/Brain-World.jpg 618w\" sizes=\"auto, (max-width: 232px) 100vw, 232px\" \/><span style=\"color: #0000ff;\"><b><img loading=\"lazy\" decoding=\"async\" class=\"size-full wp-image-2955 alignleft\" src=\"http:\/\/www.oulucomics.com\/wp-content\/uploads\/2017\/10\/en.jpg\" alt=\"en\" width=\"23\" height=\"20\" \/>Cara Bean<\/b> talks<span style=\"font-weight: 400;\">\u00a0about her exhibition. Bean, Artist in Residence at the Oulu Comics Center and Liminka School of Art is currently working on a graphic novel about mental health for kids. She uses the art form of comics as an expressive teaching tool to explain anxiety, depression, and substance abuse. The Liminka School library will have on display her sketches and preliminary sketches for the chapters of her book in process.<\/span><\/span><\/p>\n<p><span style=\"font-weight: 400; color: #0000ff;\">Bean will be exhibiting images of the metaphors and storytelling devices that she is using to educate about anxiety, depression, trauma, coping mechanisms, and treatment that she has generated while being an artist in residence.<\/span><\/p>\n<p><span style=\"font-weight: 400; color: #0000ff;\">A smaller version of the Brain World exhibition will be available 24th of November in the Oulu City Library<\/span><\/p>\n<p><span style=\"font-weight: 400;\"><strong>Cara Bean<\/strong> esittelee n\u00e4yttelyns\u00e4 ja kertoo ty\u00f6skentelyst\u00e4\u00e4n. Oulun Sarjakuvakeskuksen ja Limingan taidekoulun residenssitaiteilija <\/span>Bean<span style=\"font-weight: 400;\"> ty\u00f6st\u00e4\u00e4 lasten mielenterveytt\u00e4 k\u00e4sittelev\u00e4\u00e4 sarjakuvaromaania. H\u00e4n k\u00e4ytt\u00e4\u00e4 sarjakuvataidetta ilmaisullisena opetusv\u00e4lineen\u00e4, jonka avulla h\u00e4n selitt\u00e4\u00e4 asioita ahdistuksesta, masennuksesta ja l\u00e4\u00e4kkeiden v\u00e4\u00e4rink\u00e4yt\u00f6st\u00e4. Tulevaan kirjaan liittyvi\u00e4 piirroksia ja luonnoksia on esill\u00e4 Limingan taidekoulun kirjastosta l\u00f6ytyv\u00e4ss\u00e4 taiden\u00e4yttelyss\u00e4. N\u00e4yttely esittelee ahdistusta, masennusta, traumaa ja selviytymiskeinoja k\u00e4sittelevi\u00e4 metaforia ja tarinankerronnallisia ratkaisuja, joita Bean on p\u00e4\u00e4tt\u00e4nyt k\u00e4ytt\u00e4\u00e4 kirjassaan.<\/span><\/p>\n<\/div><\/div>\n\t\t\t\t<\/li>\n\t\t\t \t<li class=\"event festivaali fwee seura\">\n\t\t\t\t\t<div class=\"event-date\"><div class=\"end-date\"><div class=\"event-weekday\">Wed<\/div><div class=\"event-day\">21<\/div><div class=\"event-month\">Nov<\/div><div class=\"event-year\">2018<\/div><\/div><\/div>\n\t\t\t\t\t<div class=\"event-info multi-day\"><div class=\"event-title\"><h3>Open stage Drink&#039;n&#039;Draw<\/h3><\/div><span class=\"event-time\">19:00 - 23:00<\/span><span class=\"event-location\">Limingan nuorisoseuran talo, Liminka<\/span><div class=\"event-details\"><p class=\"p1\"><img loading=\"lazy\" decoding=\"async\" class=\"alignleft size-full wp-image-2956\" src=\"http:\/\/www.oulucomics.com\/wp-content\/uploads\/2017\/10\/fi.jpg\" alt=\"fi\" width=\"23\" height=\"20\" \/>Limingan nuorisoseuran talolla kuukausittain j\u00e4rjestett\u00e4v\u00e4 Open Stage ker\u00e4\u00e4 Oulun sarjakuvafestareiden viikolla yhteen j\u00e4lleen monimuotoisia esityksi\u00e4.<\/p>\n<p class=\"p1\">Kuka vain voi ilmoittautua esiintym\u00e4\u00e4n, mutta p\u00e4\u00e4paino on livepiirt\u00e4misell\u00e4 ja sarjakuva-aiheilla. Osaatko soittaa, laulaa, stand-upata, performoida, esiinty\u00e4 kyllit\u00e4tin\u00e4 ja tai burleskit\u00e4hten\u00e4?<\/p>\n<p class=\"p1\">Ennakkoilmoittaumiset : <a href=\"mailto:tessa.astre@gmail.com\"><span class=\"s1\">tessa.astre@gmail.com<\/span><\/a>, my\u00f6s paikan p\u00e4\u00e4ll\u00e4 voi ilmoittautua. Tykki, dokkakamera, \u00e4\u00e4nentoisto l\u00f6ytyy, omat piirtov\u00e4lineet ja soittimet esiintyjilt\u00e4 itselt\u00e4\u00e4n.<\/p>\n<p class=\"p1\">Narikka 1\u20ac, baari palvelee normaalein asiakashinnoin.<\/p>\n<p class=\"p1\"><img loading=\"lazy\" decoding=\"async\" class=\"aligncenter size-full wp-image-3734\" src=\"http:\/\/www.oulucomics.com\/wp-content\/uploads\/2018\/11\/openstage2111_small.jpg\" alt=\"openstage2111_small\" width=\"600\" height=\"424\" srcset=\"https:\/\/www.oulucomics.com\/wp-content\/uploads\/2018\/11\/openstage2111_small.jpg 600w, https:\/\/www.oulucomics.com\/wp-content\/uploads\/2018\/11\/openstage2111_small-300x212.jpg 300w\" sizes=\"auto, (max-width: 600px) 100vw, 600px\" \/><\/p>\n<p><img loading=\"lazy\" decoding=\"async\" class=\"alignleft size-full wp-image-2955\" src=\"http:\/\/www.oulucomics.com\/wp-content\/uploads\/2017\/10\/en.jpg\" alt=\"en\" width=\"23\" height=\"20\" \/><br \/>\n<span style=\"color: #0000ff;\">The Open Stage, organized monthly at the Liminka Youth Center, will collect a variety of performances for the Oulu Comics Festival week.<\/span><\/p>\n<p><span style=\"color: #0000ff;\">Anyone can sign up to perform, but the main focus is in live drawing and comic themes.<\/span><\/p>\n<p><span style=\"color: #0000ff;\">Do you have skills to play instruments, sing,\u00a0perform stand up or just perform, draw to audience with no problems and or burlesque?<\/span><\/p>\n<p><span style=\"color: #0000ff;\">Pre-registration: <strong>tessa.astre@gmail.com<\/strong>, can also be registered\u00a0at the center. There is a video projector, a document camera and a sound system, but you have to bring your own drawing tools and musical instruments for your performance.<\/span><\/p>\n<p><span style=\"color: #0000ff;\">Checkroom 1\u20ac, bar serves the standard customer prices.<\/span><\/p>\n<\/div><\/div>\n\t\t\t\t<\/li>\n\t\t\t \t<li class=\"event festivaali fwee sarjasto\">\n\t\t\t\t\t<div class=\"event-date\"><div class=\"end-date\"><div class=\"event-weekday\">Thu<\/div><div class=\"event-day\">22<\/div><div class=\"event-month\">Nov<\/div><div class=\"event-year\">2018<\/div><\/div><\/div>\n\t\t\t\t\t<div class=\"event-info multi-day\"><div class=\"event-title\"><h3>International Comics Cafe | Sarjakuvakielikahvila <\/h3><\/div><span class=\"event-time\">17:00 - 19:00<\/span><span class=\"event-location\">Sarjasto, Kaarlenv\u00e4yl\u00e4 3, 3. krs<\/span><div class=\"event-details\"><p><img loading=\"lazy\" decoding=\"async\" class=\"alignleft size-full wp-image-2955\" src=\"http:\/\/www.oulucomics.com\/wp-content\/uploads\/2017\/10\/en.jpg\" alt=\"en\" width=\"23\" height=\"20\" \/><\/p>\n<p><span style=\"color: #0000ff;\"><img loading=\"lazy\" decoding=\"async\" class=\"alignright size-medium wp-image-3219\" src=\"http:\/\/www.oulucomics.com\/wp-content\/uploads\/2018\/05\/comics_cafe_web-175x300.png\" alt=\"comics_cafe_web\" width=\"175\" height=\"300\" srcset=\"https:\/\/www.oulucomics.com\/wp-content\/uploads\/2018\/05\/comics_cafe_web-175x300.png 175w, https:\/\/www.oulucomics.com\/wp-content\/uploads\/2018\/05\/comics_cafe_web-768x1316.png 768w, https:\/\/www.oulucomics.com\/wp-content\/uploads\/2018\/05\/comics_cafe_web-598x1024.png 598w, https:\/\/www.oulucomics.com\/wp-content\/uploads\/2018\/05\/comics_cafe_web-841x1440.png 841w, https:\/\/www.oulucomics.com\/wp-content\/uploads\/2018\/05\/comics_cafe_web-1050x1799.png 1050w\" sizes=\"auto, (max-width: 175px) 100vw, 175px\" \/>International Comics Cafe gathers\u00a0in Oulu Comics Festival week at thursday 24th November 17:00-19:00 at Sarjasto (Kaarlenv\u00e4yl\u00e4 3, third floor of the Oulu City Library). The Comics Cafe is open to everyone. Participants get to read and draw comics together. In the Cafe we\u00a0communicate\u00a0mainly in Finnish and English. And in the international language of comics of course.<\/span><\/p>\n<p><span style=\"color: #0000ff;\">Let's festival!<\/span><\/p>\n<p><img loading=\"lazy\" decoding=\"async\" class=\"alignleft size-full wp-image-2956\" src=\"http:\/\/www.oulucomics.com\/wp-content\/uploads\/2017\/10\/fi.jpg\" alt=\"fi\" width=\"23\" height=\"20\" \/>Oulun Sarjakuvakeskuksen kielikahvila kokoontuu\u00a0Oulun Sarjakuvafestivaalien merkeiss\u00e4 torstaina 22.11.\u00a0klo 17:00-19:00 Sarjastolla (Oulun Kaupunginkirjasto, Kaarlenv\u00e4yl\u00e4 3, 3. kerros). Kielikahvila on kohdennettu maahanmuuttajille ja turvapaikanhakijoille. Kaikki tapahtumasta kiinnostuneet ovat luonnollisesti tervetulleita. Sarjakuvakielikahvilassa osallistujat p\u00e4\u00e4sev\u00e4t lukemaan ja tekem\u00e4\u00e4n sarjakuvia.\u00a0Kahvilassa keskustellaan p\u00e4\u00e4asiassa suomeksi ja englanniksi sarjakuvan kielt\u00e4 luonnollisesti unohtamatta.<\/p>\n<p>T\u00e4st\u00e4 se festari alkaa!<\/p>\n<p>&nbsp;<\/p>\n<\/div><\/div>\n\t\t\t\t<\/li><\/ul>\n\t\t\t\t<\/div>\n","protected":false},"excerpt":{"rendered":"<ul>\n<li><a href=\"http:\/\/www.oulucomics.com\/fest\/program2018\/fri\/\">Friday 23.11.<\/a><\/li>\n<li><a href=\"http:\/\/www.oulucomics.com\/fest\/program2018\/sat\/\">Saturday 24.11.<\/a><\/li>\n<li><a href=\"http:\/\/www.oulucomics.com\/fest\/program2018\/sun\/\">Su&#8230;<br \/>\n","protected":false},"author":1,"featured_media":0,"parent":3531,"menu_order":3,"comment_status":"closed","ping_status":"closed","template":"","meta":{"footnotes":""},"categories":[],"tags":[],"class_list":["post-3542","page","type-page","status-publish","hentry"],"_links":{"self":[{"href":"https:\/\/www.oulucomics.com\/en_US\/wp-json\/wp\/v2\/pages\/3542","targetHints":{"allow":["GET"]}}],"collection":[{"href":"https:\/\/www.oulucomics.com\/en_US\/wp-json\/wp\/v2\/pages"}],"about":[{"href":"https:\/\/www.oulucomics.com\/en_US\/wp-json\/wp\/v2\/types\/page"}],"author":[{"embeddable":true,"href":"https:\/\/www.oulucomics.com\/en_US\/wp-json\/wp\/v2\/users\/1"}],"replies":[{"embeddable":true,"href":"https:\/\/www.oulucomics.com\/en_US\/wp-json\/wp\/v2\/comments?post=3542"}],"version-history":[{"count":5,"href":"https:\/\/www.oulucomics.com\/en_US\/wp-json\/wp\/v2\/pages\/3542\/revisions"}],"predecessor-version":[{"id":3611,"href":"https:\/\/www.oulucomics.com\/en_US\/wp-json\/wp\/v2\/pages\/3542\/revisions\/3611"}],"up":[{"embeddable":true,"href":"https:\/\/www.oulucomics.com\/en_US\/wp-json\/wp\/v2\/pages\/3531"}],"wp:attachment":[{"href":"https:\/\/www.oulucomics.com\/en_US\/wp-json\/wp\/v2\/media?parent=3542"}],"wp:term":[{"taxonomy":"category","embeddable":true,"href":"https:\/\/www.oulucomics.com\/en_US\/wp-json\/wp\/v2\/categories?post=3542"},{"taxonomy":"post_tag","embeddable":true,"href":"https:\/\/www.oulucomics.com\/en_US\/wp-json\/wp\/v2\/tags?post=3542"}],"curies":[{"name":"wp","href":"https:\/\/api.w.org\/{rel}","templated":true}]}}