{"id":3534,"date":"2018-09-20T11:37:13","date_gmt":"2018-09-20T08:37:13","guid":{"rendered":"http:\/\/www.oulucomics.com\/?page_id=3534"},"modified":"2018-09-20T14:06:16","modified_gmt":"2018-09-20T11:06:16","slug":"fri","status":"publish","type":"page","link":"https:\/\/www.oulucomics.com\/en_US\/fest\/program2018\/fri\/","title":{"rendered":"Friday"},"content":{"rendered":"<ul>\n<li>Friday 23.11.<\/li>\n<li><a href=\"http:\/\/www.oulucomics.com\/fest\/program2018\/sat\/\">Saturday 24.11.<\/a><\/li>\n<li><a href=\"http:\/\/www.oulucomics.com\/fest\/program2018\/sun\/\">Sunday 25.11.<\/a><\/li>\n<li><a href=\"http:\/\/www.oulucomics.com\/fest\/program2018\/week\/\">Festival week<\/a><\/li>\n<\/ul>\n<p><img loading=\"lazy\" decoding=\"async\" class=\"size-full wp-image-2955 alignleft\" src=\"http:\/\/www.oulucomics.com\/wp-content\/uploads\/2017\/10\/en.jpg\" alt=\"en\" width=\"23\" height=\"20\" \/><\/p>\n<p><span style=\"color: #000080;\"><strong>We have marked to the program the content which is at least partly in English.<\/strong><\/span><\/p>\n<h2>Friday&#8217;s\u00a0program:<\/h2>\n\n\t\t\t\t<div class=\"event-list\">\n\t\t\t\t<style type=\"text\/css\">\n\t\t\t\t\t.filterbar { display:table; width:100% }\n\t\t\t\t\t.filterbar > div { display:table-cell }\n\t\t\t\t<\/style>\n\t\t\t\t<!--[if lte IE 7]>\n\t\t\t\t<style>.filterbar > div { float:left }<\/style>\n\t\t\t\t<![endif]-->\n\t\t\t\t<div class=\"filterbar subsubsub\">\n\t\t\t\t\t<div style=\"text-align:left\"><ul class=\"hlist\"><li><a href=\"https:\/\/www.oulucomics.com\/en_US\/fest\/program2018\/fri\/?date1=all\">All<\/a><\/li><li><a href=\"https:\/\/www.oulucomics.com\/en_US\/fest\/program2018\/fri\/?date1=upcoming\">Upcoming<\/a><\/li><li><a href=\"https:\/\/www.oulucomics.com\/en_US\/fest\/program2018\/fri\/?date1=2017\">2017<\/a><\/li><li><strong>2018<\/strong><\/li><li><a href=\"https:\/\/www.oulucomics.com\/en_US\/fest\/program2018\/fri\/?date1=2019\">2019<\/a><\/li><li><a href=\"https:\/\/www.oulucomics.com\/en_US\/fest\/program2018\/fri\/?date1=2020\">2020<\/a><\/li><li><a href=\"https:\/\/www.oulucomics.com\/en_US\/fest\/program2018\/fri\/?date1=2021\">2021<\/a><\/li><li><a href=\"https:\/\/www.oulucomics.com\/en_US\/fest\/program2018\/fri\/?date1=2022\">2022<\/a><\/li><li><a href=\"https:\/\/www.oulucomics.com\/en_US\/fest\/program2018\/fri\/?date1=2023\">2023<\/a><\/li><li><a href=\"https:\/\/www.oulucomics.com\/en_US\/fest\/program2018\/fri\/?date1=2024\">2024<\/a><\/li><li><a href=\"https:\/\/www.oulucomics.com\/en_US\/fest\/program2018\/fri\/?date1=2025\">2025<\/a><\/li><\/ul>\n\t\t\t\t\t<\/div><\/div>\n\t\t\t\t<ul class=\"event-list-view\">\n\t\t\t \t<li class=\"event festivaali ffri nayttelyt sarjasto\">\n\t\t\t\t\t<div class=\"event-date\"><div class=\"start-date\"><div class=\"event-weekday\">Fri<\/div><div class=\"event-day\">23<\/div><div class=\"event-month\">Nov<\/div><div class=\"event-year\">2018<\/div><\/div><\/div>\n\t\t\t\t\t<div class=\"event-info single-day\"><div class=\"event-title\"><h3>N\u00e4yttelykierros Oulun kaupunginkirjastolla | Exhibition tour at the\u00a0Oulu City Library<\/h3><\/div><span class=\"event-time\">16:00 - 17:30<\/span><span class=\"event-location\">P\u00e4\u00e4kirjasto | Main library, Kaarlenv\u00e4yl\u00e4 3, Oulu<\/span><div class=\"event-details\"><p><img loading=\"lazy\" decoding=\"async\" class=\"size-full wp-image-2956 alignleft\" src=\"http:\/\/www.oulucomics.com\/wp-content\/uploads\/2017\/10\/fi.jpg\" alt=\"fi\" width=\"23\" height=\"20\" \/>N\u00e4yttelykierroksella tutustutaan\u00a0mukana olevien\u00a0taiteilijoiden kanssa Oulun kaupunginkirjaston p\u00e4\u00e4kirjastoon sijoitettuun laajaan n\u00e4yttelykokonaisuuteen. Tilaisuus alkaa Sarjastosta (3. krs) ja p\u00e4\u00e4ttyy Laiturin n\u00e4yttelytilaan.<\/p>\n<p>Tapahtuma aloittaa vuoden 2018 Oulun Sarjakuvafestivaali viikonlopun.<\/p>\n<p><img loading=\"lazy\" decoding=\"async\" class=\"alignleft size-full wp-image-2955\" src=\"http:\/\/www.oulucomics.com\/wp-content\/uploads\/2017\/10\/en.jpg\" alt=\"en\" width=\"23\" height=\"20\" \/><\/p>\n<p class=\"p1\"><span class=\"s1\" style=\"color: #0000ff;\">The exhibition tour will be introduced with the participating artists to a large exhibition complex located in the Oulu City Library. The event will start at Sarjasto (3rd floor) and end at the Laituri exhibition space.<\/span><\/p>\n<p><span style=\"color: #0000ff;\">The event launches the 2018 Oulu Comics Festifal\u00a0weekend.<\/span><\/p>\n<\/div><\/div>\n\t\t\t\t<\/li>\n\t\t\t \t<li class=\"event festivaali ffri nayttelyt\">\n\t\t\t\t\t<div class=\"event-date\"><div class=\"start-date\"><div class=\"event-weekday\">Fri<\/div><div class=\"event-day\">23<\/div><div class=\"event-month\">Nov<\/div><div class=\"event-year\">2018<\/div><\/div><\/div>\n\t\t\t\t\t<div class=\"event-info single-day\"><div class=\"event-title\"><h3>Avajaiset | Opening ceremony<\/h3><\/div><span class=\"event-time\">18:00 - 19:00<\/span><span class=\"event-location\">Teuvo Pakkalan patsas, Vaaranpuisto, Oulu<\/span><div class=\"event-details\"><p class=\"p1\"><img loading=\"lazy\" decoding=\"async\" class=\"alignleft size-full wp-image-2956\" src=\"http:\/\/www.oulucomics.com\/wp-content\/uploads\/2017\/10\/fi.jpg\" alt=\"fi\" width=\"23\" height=\"20\" \/><\/p>\n<h3 class=\"p1\">Avajaiset: Sarjakuvia kaamoksessa - valoteos<\/h3>\n<p class=\"p1\"><img loading=\"lazy\" decoding=\"async\" class=\"aligncenter size-medium wp-image-3731\" src=\"http:\/\/www.oulucomics.com\/wp-content\/uploads\/2018\/11\/sammakkotalo2_grey-300x212.jpg\" alt=\"sammakkotalo2_grey\" width=\"300\" height=\"212\" srcset=\"https:\/\/www.oulucomics.com\/wp-content\/uploads\/2018\/11\/sammakkotalo2_grey-300x212.jpg 300w, https:\/\/www.oulucomics.com\/wp-content\/uploads\/2018\/11\/sammakkotalo2_grey-768x543.jpg 768w, https:\/\/www.oulucomics.com\/wp-content\/uploads\/2018\/11\/sammakkotalo2_grey-1024x724.jpg 1024w, https:\/\/www.oulucomics.com\/wp-content\/uploads\/2018\/11\/sammakkotalo2_grey-1440x1018.jpg 1440w, https:\/\/www.oulucomics.com\/wp-content\/uploads\/2018\/11\/sammakkotalo2_grey-1050x742.jpg 1050w, https:\/\/www.oulucomics.com\/wp-content\/uploads\/2018\/11\/sammakkotalo2_grey.jpg 1754w\" sizes=\"auto, (max-width: 300px) 100vw, 300px\" \/><\/p>\n<p class=\"p1\">Oulun pohjoismainen sarjakuvakilpailussa etsittiin t\u00e4n\u00e4 vuonna sarjakuvateoksia osaksi valoteosta.\u00a0Oulun Sarjakuvafestivaali kuljettaa v\u00e4en tervehtim\u00e4\u00e4n Teuvo Pakkalaa.<\/p>\n<p class=\"p1\">Klo 18:00 Toiminnanjohtaja <strong>Harri Filpan<\/strong> avajaispuhe<\/p>\n<p class=\"p1\">Klo 18:10 Oulun Pohjoismaisen Sarjakuvakilpailun voittajien julkistaminen<\/p>\n<p class=\"p1\">Klo 18:15 Valotaideteoksen julkistaminen ja voittajien haastattelut<\/p>\n<p class=\"p1\">Klo 18:40 <strong>Jyrki Korpua<\/strong> luovuttaa jokavuotisen Skrew You -tunnustuspalkinnon<\/p>\n<p class=\"p1\">Tapahtuman p\u00e4\u00e4tteeksi Harri Filppa johdattaa v\u00e4en viett\u00e4m\u00e4\u00e4n iltaa sarjakuvanmerkeiss\u00e4. JAtkopaikkana toimii Cafe KULuMA, Kauppurienkatu 5, Oulu.<\/p>\n<p><img loading=\"lazy\" decoding=\"async\" class=\"alignleft size-full wp-image-2955\" src=\"http:\/\/www.oulucomics.com\/wp-content\/uploads\/2017\/10\/en.jpg\" alt=\"en\" width=\"23\" height=\"20\" \/><\/p>\n<p>&nbsp;<\/p>\n<h3><span style=\"color: #0000ff;\">Opening ceremony: Comics in a polar night - a light\u00a0artwork<\/span><\/h3>\n<p class=\"p1\"><span class=\"s1\" style=\"color: #0000ff;\">This year Oulu Comics Festival\u2019s people are guided to greet Teuvo Pakkala by Oulu Nordic Comics Competition. In the competition we searched for comics to be part of a light artwork.<\/span><\/p>\n<p><span style=\"color: #0000ff;\">6:00 pm Opening speech by <strong>Harri Filppa<\/strong><\/span><\/p>\n<p><span style=\"color: #0000ff;\">6:10 pm Winners of the Oulu Nordic Comics Competition are announced<\/span><\/p>\n<p><span style=\"color: #0000ff;\">6:15 pm Light artwork that includes the winning works is revealed. The\u00a0interview of the winners<\/span><\/p>\n<p><span style=\"color: #0000ff;\">6:40 pm\u00a0 Honorary\u00a0award Skrew You! goes to... ?!!<\/span><\/p>\n<p><span style=\"color: #0000ff;\">After the event Harri Filppa leads everyone to spend the evening at the Cafe KULuMA,\u00a0Kauppurienkatu 5, Oulu<\/span><\/p>\n<\/div><\/div>\n\t\t\t\t<\/li>\n\t\t\t \t<li class=\"event festivaali ffri klubi seura\">\n\t\t\t\t\t<div class=\"event-date\"><div class=\"start-date\"><div class=\"event-weekday\">Fri<\/div><div class=\"event-day\">23<\/div><div class=\"event-month\">Nov<\/div><div class=\"event-year\">2018<\/div><\/div><\/div>\n\t\t\t\t\t<div class=\"event-info single-day\"><div class=\"event-title\"><h3>Drink&#039;n&#039;Draw &amp; Nelj\u00e4n kirjan julkkarit<\/h3><\/div><span class=\"event-time\">19:00 -<\/span><span class=\"event-location\">Cafe KULuMA, Kauppurienkatu 5, Oulu<\/span><div class=\"event-details\"><p><img loading=\"lazy\" decoding=\"async\" class=\"alignleft size-full wp-image-2956\" src=\"http:\/\/www.oulucomics.com\/wp-content\/uploads\/2017\/10\/fi.jpg\" alt=\"fi\" width=\"23\" height=\"20\" \/><span class=\"s1\">Perjantain Oulun Sarjakuvafestivaaliklubin j\u00e4rjest\u00e4v\u00e4t yhteisty\u00f6ss\u00e4 POKUTO - pohjoinen kustannustoiminta ja Zum Teufel. Luvassa on perinteisen Drink\u2019n\u2019Draw:n lis\u00e4ksi my\u00f6s festivaalin uutuuskirjojen julkistamisia...<\/span><\/p>\n<p><strong>Klubilla n\u00e4kev\u00e4t p\u00e4iv\u00e4nvalon teokset:<\/strong><\/p>\n<p><strong>Jussi Hukkanen<\/strong>: <em>Maailman Paskin Nalle: Koko kooma 2013-2018<\/em>\u00a0(POKUTO, 2018)<\/p>\n<p><strong>Harri Filppa<\/strong> &amp; <strong>Jukka Takalo<\/strong>: <em>Kek\u00e4 kommeiten kuolee<\/em> (POKUTO, 2018)<\/p>\n<p><strong>Sami Nyyss\u00f6l\u00e4<\/strong>: <em>Learn Finnish Without Studying<\/em> (POKUTO, 2018)<\/p>\n<p><strong>Veli-Matti Ural<\/strong> &amp;<strong> Esa Niskanen<\/strong>: <em>Taivalkoskelta ilmataisteluihin<\/em> (Zum Teufel, 2018)<\/p>\n<p><img loading=\"lazy\" decoding=\"async\" class=\"aligncenter size-full wp-image-3749\" src=\"http:\/\/www.oulucomics.com\/wp-content\/uploads\/2018\/11\/pe_klubi_tapahtumakuva_small.jpg\" alt=\"pe_klubi_tapahtumakuva_small\" width=\"600\" height=\"371\" srcset=\"https:\/\/www.oulucomics.com\/wp-content\/uploads\/2018\/11\/pe_klubi_tapahtumakuva_small.jpg 600w, https:\/\/www.oulucomics.com\/wp-content\/uploads\/2018\/11\/pe_klubi_tapahtumakuva_small-300x186.jpg 300w\" sizes=\"auto, (max-width: 600px) 100vw, 600px\" \/><\/p>\n<p>Tapahtuma on p\u00e4\u00e4symaksuton ja K18.<\/p>\n<p><img loading=\"lazy\" decoding=\"async\" class=\"alignleft size-full wp-image-2955\" src=\"http:\/\/www.oulucomics.com\/wp-content\/uploads\/2017\/10\/en.jpg\" alt=\"en\" width=\"23\" height=\"20\" \/><\/p>\n<p>&nbsp;<\/p>\n<h3><span style=\"color: #0000ff;\">Drink'n'Draw &amp; Publication of four books<\/span><\/h3>\n<p><span style=\"color: #0000ff;\">Friday's Oulu Comics Festival club will be co-organised by POKUTO and Zum Teufel.\u00a0<\/span><\/p>\n<p><span style=\"color: #0000ff;\"><strong>These\u00a0productions\u00a0will see the daylight at the club:<\/strong><\/span><\/p>\n<p><span style=\"color: #0000ff;\"><strong>Jussi Hukkanen<\/strong>:\u00a0<em>Maailman Paskin Nalle: Koko kooma <\/em>(POKUTO, 2018)<\/span><\/p>\n<p><span style=\"color: #0000ff;\"><strong>Harri Filppa<\/strong>\u00a0&amp;\u00a0<strong>Jukka Takalo<\/strong>:\u00a0<em>Kek\u00e4 kommeiten kuolee<\/em>\u00a0(POKUTO, 2018)<\/span><\/p>\n<p><span style=\"color: #0000ff;\"><strong>Sami Nyyss\u00f6l\u00e4<\/strong>:\u00a0<em>Learn Finnish Without Studying<\/em>\u00a0(POKUTO, 2018)<\/span><\/p>\n<p><span style=\"color: #0000ff;\"><strong>Veli-Matti Ural<\/strong>\u00a0&amp;<strong>\u00a0Esa Niskanen<\/strong>:\u00a0<em>Taivalkoskelta ilmataisteluihin<\/em>\u00a0(Zum Teufel, 2018)<\/span><\/p>\n<p><span style=\"color: #0000ff;\">The event is free of charge. You must be at least 18 years old to attend.<\/span><\/p>\n<\/div><\/div>\n\t\t\t\t<\/li><\/ul>\n\t\t\t\t<\/div>\n","protected":false},"excerpt":{"rendered":"<ul>\n<li>Friday 23.11.<\/li>\n<li><a href=\"http:\/\/www.oulucomics.com\/fest\/program2018\/sat\/\">Saturday 24.11.<\/a><\/li>\n<li><a href=\"http:\/\/www.oulucomics.com\/fest\/program2018\/sun\/\">Sunday 25.11.<\/a><\/li>\n<li><a href=\"http:\/\/www.oulucomics.com... \n<br \/>\n","protected":false},"author":1,"featured_media":0,"parent":3531,"menu_order":0,"comment_status":"closed","ping_status":"closed","template":"","meta":{"footnotes":""},"categories":[],"tags":[],"class_list":["post-3534","page","type-page","status-publish","hentry"],"_links":{"self":[{"href":"https:\/\/www.oulucomics.com\/en_US\/wp-json\/wp\/v2\/pages\/3534","targetHints":{"allow":["GET"]}}],"collection":[{"href":"https:\/\/www.oulucomics.com\/en_US\/wp-json\/wp\/v2\/pages"}],"about":[{"href":"https:\/\/www.oulucomics.com\/en_US\/wp-json\/wp\/v2\/types\/page"}],"author":[{"embeddable":true,"href":"https:\/\/www.oulucomics.com\/en_US\/wp-json\/wp\/v2\/users\/1"}],"replies":[{"embeddable":true,"href":"https:\/\/www.oulucomics.com\/en_US\/wp-json\/wp\/v2\/comments?post=3534"}],"version-history":[{"count":9,"href":"https:\/\/www.oulucomics.com\/en_US\/wp-json\/wp\/v2\/pages\/3534\/revisions"}],"predecessor-version":[{"id":3603,"href":"https:\/\/www.oulucomics.com\/en_US\/wp-json\/wp\/v2\/pages\/3534\/revisions\/3603"}],"up":[{"embeddable":true,"href":"https:\/\/www.oulucomics.com\/en_US\/wp-json\/wp\/v2\/pages\/3531"}],"wp:attachment":[{"href":"https:\/\/www.oulucomics.com\/en_US\/wp-json\/wp\/v2\/media?parent=3534"}],"wp:term":[{"taxonomy":"category","embeddable":true,"href":"https:\/\/www.oulucomics.com\/en_US\/wp-json\/wp\/v2\/categories?post=3534"},{"taxonomy":"post_tag","embeddable":true,"href":"https:\/\/www.oulucomics.com\/en_US\/wp-json\/wp\/v2\/tags?post=3534"}],"curies":[{"name":"wp","href":"https:\/\/api.w.org\/{rel}","templated":true}]}}