{"id":2238,"date":"2017-04-11T12:14:17","date_gmt":"2017-04-11T09:14:17","guid":{"rendered":"http:\/\/www.oulucomics.com\/?page_id=2238"},"modified":"2018-04-04T17:11:41","modified_gmt":"2018-04-04T14:11:41","slug":"program-2017","status":"publish","type":"page","link":"https:\/\/www.oulucomics.com\/en_US\/fest\/program-2017\/","title":{"rendered":"Festival program 2017"},"content":{"rendered":"\n\t\t\t\t<div class=\"event-list\">\n\t\t\t\t<style type=\"text\/css\">\n\t\t\t\t\t.filterbar { display:table; width:100% }\n\t\t\t\t\t.filterbar > div { display:table-cell }\n\t\t\t\t<\/style>\n\t\t\t\t<!--[if lte IE 7]>\n\t\t\t\t<style>.filterbar > div { float:left }<\/style>\n\t\t\t\t<![endif]-->\n\t\t\t\t<div class=\"filterbar subsubsub\">\n\t\t\t\t\t<div style=\"text-align:left\"><ul class=\"hlist\"><li><a href=\"https:\/\/www.oulucomics.com\/en_US\/fest\/program-2017\/?date1=all\">All<\/a><\/li><li><a href=\"https:\/\/www.oulucomics.com\/en_US\/fest\/program-2017\/?date1=upcoming\">Upcoming<\/a><\/li><li><a href=\"https:\/\/www.oulucomics.com\/en_US\/fest\/program-2017\/?date1=2014\">2014<\/a><\/li><li><a href=\"https:\/\/www.oulucomics.com\/en_US\/fest\/program-2017\/?date1=2015\">2015<\/a><\/li><li><a href=\"https:\/\/www.oulucomics.com\/en_US\/fest\/program-2017\/?date1=2016\">2016<\/a><\/li><li><strong>2017<\/strong><\/li><li><a href=\"https:\/\/www.oulucomics.com\/en_US\/fest\/program-2017\/?date1=2018\">2018<\/a><\/li><li><a href=\"https:\/\/www.oulucomics.com\/en_US\/fest\/program-2017\/?date1=2019\">2019<\/a><\/li><li><a href=\"https:\/\/www.oulucomics.com\/en_US\/fest\/program-2017\/?date1=2020\">2020<\/a><\/li><li><a href=\"https:\/\/www.oulucomics.com\/en_US\/fest\/program-2017\/?date1=2021\">2021<\/a><\/li><li><a href=\"https:\/\/www.oulucomics.com\/en_US\/fest\/program-2017\/?date1=2022\">2022<\/a><\/li><li><a href=\"https:\/\/www.oulucomics.com\/en_US\/fest\/program-2017\/?date1=2023\">2023<\/a><\/li><li><a href=\"https:\/\/www.oulucomics.com\/en_US\/fest\/program-2017\/?date1=2024\">2024<\/a><\/li><li><a href=\"https:\/\/www.oulucomics.com\/en_US\/fest\/program-2017\/?date1=2025\">2025<\/a><\/li><\/ul>\n\t\t\t\t\t<\/div><\/div>\n\t\t\t\t<ul class=\"event-list-view\">\n\t\t\t \t<li class=\"event festivaali nayttelyt sarjasto\">\n\t\t\t\t\t<div class=\"event-date multi-date\"><div class=\"start-date\"><div class=\"event-weekday\">Wed<\/div><div class=\"event-day\">15<\/div><div class=\"event-month\">Nov<\/div><div class=\"event-year\">2017<\/div><\/div><div class=\"end-date\"><div class=\"event-weekday\">Sun<\/div><div class=\"event-day\">10<\/div><div class=\"event-month\">Dec<\/div><div class=\"event-year\">2017<\/div><\/div><\/div>\n\t\t\t\t\t<div class=\"event-info multi-day\"><div class=\"event-title\"><h3>Maailman Paskin Nalle: Jussi Hukkanen<\/h3><\/div><span class=\"event-location\">Main library, exhibition area  (Kaarlenv\u00e4yl\u00e4 3)<\/span><div class=\"event-details\"><p><span style=\"font-weight: 400;\">Oululaisen<\/span><span style=\"font-weight: 400;\"> sarjakuvataiteilija Jussi Hukkasen <\/span><i><span style=\"font-weight: 400;\">Maailman Paskin Nalle<\/span><\/i><span style=\"font-weight: 400;\"> -sarjakuva sai alkunsa legendaarisessa anniskeluravintolassa Lent\u00e4v\u00e4ss\u00e4 lautasessa vuonna 2007. Maailman Paskin Nalle -hahmo ja sen ajatukset syntyiv\u00e4t tuopinalusiin piirrettyn \"sarjakuvabattlen\" seurauksena.<\/span><\/p>\n<p>P\u00f6yt\u00e4laatikkoon j\u00e4\u00e4nyt sarjakuva sai p\u00e4iv\u00e4nvalon vuonna 2013 kun sosiaaliseen mediaan syntyi Maailman Paskimman Nallen profiili Hukkasen provokatiivinen nalle kommentoi ajankuvaa ja toimii taiteilijalle v\u00e4yl\u00e4n\u00e4 sanoa suoraan ja ep\u00e4korrektisti. Sarjakuvan varioiva piirrostyyli vaihtelee aina tunteen mukaan, mutta nalle on aina \u00a0tunnistettavissa.<\/p>\n<p>N\u00e4yttelyss\u00e4 n\u00e4hd\u00e4\u00e4nkin nalle eri muodoissa kuten pienoismallina ja suurena \u00f6ljyv\u00e4rimaalauksena ja sarjakuvana. N\u00e4yttelyn avajaisia vietet\u00e4\u00e4n festivaaliperjantaina 1.12. klo 16:00 Sarjastolta alkavan n\u00e4yttelyopastuksen yhteydess\u00e4 ja taiteilija on haastateltavana Oulun Sarjakuvafestivaaleilla lauantaina 2.12. klo 14:30 Sarjaston lavalla.<\/p>\n<p><span style=\"font-weight: 400;\">Maailman Paskin Nalle -strippisarjakuva on Ilta-sanomien marraskuun 2017 kuukauden kotimaisena. Jussi Hukkanen on toiminut my\u00f6s piirt\u00e4j\u00e4n\u00e4 Raimo Tyysk\u00e4n <\/span><i><span style=\"font-weight: 400;\">API<\/span><\/i><span style=\"font-weight: 400;\">-sarjakuvassa.<\/span><\/p>\n<p>&nbsp;<\/p>\n<p><span style=\"font-weight: 400; color: #333399;\">Oulu based comic artist Jussi Hukkanen's \"Maailman Paskin Nalle\" -comic took its first steps at the legendary bar Lent\u00e4v\u00e4 Lautanen in 2007. The character and it's thoughts were born on a beer coasters as a result of a \"comic battle\".<\/span><\/p>\n<p><span style=\"color: #333399;\">The comic was left in a drawer at first, but saw the light of a day in 2013, when Maailman Paskin Nalle -profile appeared in social media, where Hukkanen's provocative bear character commented the modern days and gave the artist a channel to say things straight and not-so-correctly. Drawing style of the comic may vary according to the artist's mood, but the main character stays always recognizable.<\/span><\/p>\n<p><span style=\"color: #333399;\">In the exhibition, Nalle can be seen in many different forms, including a miniature, big oil painting and comics. The show opens on festival friday 1.12. at 4pm as a part of a guided tour, starting from the comics library Sarjasto. The artist himself will be interviewed at the Sarjasto stage on Saturday 2.12. at 2:30pm.<\/span><\/p>\n<p><span style=\"color: #333399;\">Maailman Paskin Nalle is Ilta-sanomat newspaper's finnish comic strip of the month in November 2017. Jussi Hukkanen has also worked as an artist in Raimo Tyysk\u00e4\u2019s API-comics.<\/span><\/p>\n<\/div><\/div>\n\t\t\t\t<\/li>\n\t\t\t \t<li class=\"event festivaali fwee muu nayttelyt\">\n\t\t\t\t\t<div class=\"event-date multi-date\"><div class=\"start-date\"><div class=\"event-weekday\">Fri<\/div><div class=\"event-day\">17<\/div><div class=\"event-month\">Nov<\/div><div class=\"event-year\">2017<\/div><\/div><div class=\"end-date\"><div class=\"event-weekday\">Sat<\/div><div class=\"event-day\">02<\/div><div class=\"event-month\">Dec<\/div><div class=\"event-year\">2017<\/div><\/div><\/div>\n\t\t\t\t\t<div class=\"event-info multi-day\"><div class=\"event-title\"><h3>Lasten sarjakuvapajojen syyssatoa<\/h3><\/div><span class=\"event-location\">Syke-talo, Kirjastokuja 1, Kiiminki<\/span><div class=\"event-details\"><p>N\u00e4yttelyss\u00e4 on esill\u00e4 Oulun Sarjakuvakeskuksen sarjakuvapajojen teoksia. Esill\u00e4 on muun muassa lasten toteuttaman\u00a0<em>Kaatopaikkaperhe ja kadonnut pihatonttu (Oulun Sarjakuvakeskus, 2017)<\/em>\u00a0-kirjan t\u00f6it\u00e4.<\/p>\n<p>&nbsp;<\/p>\n<\/div><\/div>\n\t\t\t\t<\/li>\n\t\t\t \t<li class=\"event festivaali nayttelyt sarjasto\">\n\t\t\t\t\t<div class=\"event-date multi-date\"><div class=\"start-date\"><div class=\"event-weekday\">Wed<\/div><div class=\"event-day\">22<\/div><div class=\"event-month\">Nov<\/div><div class=\"event-year\">2017<\/div><\/div><div class=\"end-date\"><div class=\"event-weekday\">Sun<\/div><div class=\"event-day\">10<\/div><div class=\"event-month\">Dec<\/div><div class=\"event-year\">2017<\/div><\/div><\/div>\n\t\t\t\t\t<div class=\"event-info multi-day\"><div class=\"event-title\"><h3>PANELS AND PLANTS: Line H\u00f8j H\u00f8strup<\/h3><\/div><span class=\"event-location\">Main library, Ala-aulan vitriinit  (Kaarlenv\u00e4yl\u00e4 3)<\/span><div class=\"event-details\"><p><span style=\"color: #333399;\">The exhibition shows the work of Line Hoj Hostrup, a Danish artist, who works in both comics and illustration. Through quirky and colorful artwork, we are introduced to a world of neurotic egomaniacs, feminist adventurers and David Bowie. Her meticulously executed illustrations are as charming and elegant as the comics are loud and absurd.<\/span><\/p>\n<p><img loading=\"lazy\" decoding=\"async\" class=\"aligncenter wp-image-3074 size-large\" src=\"http:\/\/www.oulucomics.com\/wp-content\/uploads\/2017\/11\/page1-724x1024.jpg\" alt=\"page1\" width=\"724\" height=\"1024\" srcset=\"https:\/\/www.oulucomics.com\/wp-content\/uploads\/2017\/11\/page1-724x1024.jpg 724w, https:\/\/www.oulucomics.com\/wp-content\/uploads\/2017\/11\/page1-212x300.jpg 212w, https:\/\/www.oulucomics.com\/wp-content\/uploads\/2017\/11\/page1-768x1086.jpg 768w, https:\/\/www.oulucomics.com\/wp-content\/uploads\/2017\/11\/page1-1018x1440.jpg 1018w, https:\/\/www.oulucomics.com\/wp-content\/uploads\/2017\/11\/page1-1050x1485.jpg 1050w\" sizes=\"auto, (max-width: 724px) 100vw, 724px\" \/><\/p>\n<\/div><\/div>\n\t\t\t\t<\/li>\n\t\t\t \t<li class=\"event festivaali fwee paja\">\n\t\t\t\t\t<div class=\"event-date multi-date\"><div class=\"start-date\"><div class=\"event-weekday\">Mon<\/div><div class=\"event-day\">27<\/div><div class=\"event-month\">Nov<\/div><div class=\"event-year\">2017<\/div><\/div><div class=\"end-date\"><div class=\"event-weekday\">Fri<\/div><div class=\"event-day\">01<\/div><div class=\"event-month\">Dec<\/div><div class=\"event-year\">2017<\/div><\/div><\/div>\n\t\t\t\t\t<div class=\"event-info multi-day\"><div class=\"event-title\"><h3>MASTER COURSE:  Inking with the traditional French\/Belgium style<\/h3><\/div><span class=\"event-time\">09:15<\/span><span class=\"event-location\">Liminka School of Arts, Arvolankuja 1, 91900 Liminka<\/span><div class=\"event-details\"><p><strong>Amr Mohammed Talaat<\/strong> is egyptian cartoonist selected to the first Comic artist in residency programme organized together with Liminka School of Arts and Oulu Comics Center. During the residency Amr is working with his exhibition presented as a part of the Comics Effects exhibition at Oulu Museum of Arts on December 2-10. During his stay Amr is also creating his own comic album that deals the struggle with the visa application.<\/p>\n<p>Amr works vary from children comics to political daily satir. In his graphic stories he has a unique storytelling style to convay two scenario through the story.<\/p>\n<p>During the 5 day long Master Course organized in Liminka School of Arts Amr will guide the participants to charachter design and inking with the traditional French-Belgium style both in wacoom and with traditional nip. The master course will include open lectures, drawing demonstrations and face-to-face guidance. The ready comics will be published on a online comic magazine Ruutukaava hosted by Oulu Comics Center.<\/p>\n<p>Amr Mohammed Talaat (b. 1978) is currently working as Head of Caricature department at Tahrir newspaper in Cairo. He also works as an Instructor in fine arts Mansoura University, Egypt. Amr Mohammed Talaat is also doing caricaturist and Illustrator in several Egyptian and Arabic Magazines. \u00a0He has graduated from the bachelor degrees in Fine Arts from the Faculty of Fine Arts in Cairo, Egypt. Amr is working on his PHD in the program of Faculty of Fine Arts - Helwan University Cairo\/Egypt. Amr is a member of a Syndicate of plastic arts and a member of syndicate of journalists, Cairo, \u00a0Egypt.<\/p>\n<p><strong>Timetable:<\/strong><\/p>\n<p>November 27 to December 1st<br \/>\nMonday 9:15-14:45<br \/>\nTuesday 9:15-14:45<br \/>\nWednesday 9:15-12 (there will be open lecture at the afternoon)<br \/>\nThursday 9:15-14:45<br \/>\nFriday 9:15-11:00<\/p>\n<p><b>Costs:<br \/>\n<\/b>Course fee 72,50\u20ac<\/p>\n<p>Optional:<br \/>\nLunch 6\u20ac (Possibility to bring packed lunch)<br \/>\nAfternoon Coffee 1\u20ac (with a bread of sweet 2\u20ac)<\/p>\n<p>You can get easily to Liminka with bus nro 52 and 53 from Oulu City Center<\/p>\n<p>Sign up by November 22: <a href=\"mailto:taija@oulucomics.com\">taija@oulucomics.com<\/a><\/p>\n<p><img loading=\"lazy\" decoding=\"async\" class=\"aligncenter wp-image-3086\" src=\"http:\/\/www.oulucomics.com\/wp-content\/uploads\/2017\/11\/Amr_Talaat_7_3-212x300.jpg\" alt=\"Amr_Talaat_7_3\" width=\"310\" height=\"438\" srcset=\"https:\/\/www.oulucomics.com\/wp-content\/uploads\/2017\/11\/Amr_Talaat_7_3-212x300.jpg 212w, https:\/\/www.oulucomics.com\/wp-content\/uploads\/2017\/11\/Amr_Talaat_7_3.jpg 724w\" sizes=\"auto, (max-width: 310px) 100vw, 310px\" \/><\/p>\n<\/div><\/div>\n\t\t\t\t<\/li>\n\t\t\t \t<li class=\"event festivaali fwee lapset muu nayttelyt\">\n\t\t\t\t\t<div class=\"event-date multi-date\"><div class=\"start-date\"><div class=\"event-weekday\">Tue<\/div><div class=\"event-day\">28<\/div><div class=\"event-month\">Nov<\/div><div class=\"event-year\">2017<\/div><\/div><div class=\"end-date\"><div class=\"event-weekday\">Sun<\/div><div class=\"event-day\">03<\/div><div class=\"event-month\">Dec<\/div><div class=\"event-year\">2017<\/div><\/div><\/div>\n\t\t\t\t\t<div class=\"event-info multi-day\"><div class=\"event-title\"><h3>Lastensarjakuvia koko perheelle -n\u00e4yttely<\/h3><\/div><span class=\"event-location\">Limingan kirjasto, Liminganraitti 5, Liminka<\/span><div class=\"event-details\"><p><img loading=\"lazy\" decoding=\"async\" class=\"size-medium wp-image-2973 alignright\" src=\"http:\/\/www.oulucomics.com\/wp-content\/uploads\/2017\/10\/07-235x300.jpg\" alt=\"07\" width=\"235\" height=\"300\" srcset=\"https:\/\/www.oulucomics.com\/wp-content\/uploads\/2017\/10\/07-235x300.jpg 235w, https:\/\/www.oulucomics.com\/wp-content\/uploads\/2017\/10\/07.jpg 300w\" sizes=\"auto, (max-width: 235px) 100vw, 235px\" \/><img loading=\"lazy\" decoding=\"async\" class=\"alignleft size-full wp-image-2956\" src=\"http:\/\/www.oulucomics.com\/wp-content\/uploads\/2017\/10\/fi.jpg\" alt=\"fi\" width=\"23\" height=\"20\" \/><\/p>\n<p>Oulun Sarjakuvafestivaalin t\u00e4m\u00e4n vuoden POP UP-n\u00e4yttely ja -tapahtuma j\u00e4rjestet\u00e4\u00e4n Limingan kirjastolla. Lastensarjakuvia koko perheelle\u00a0-n\u00e4yttelyss\u00e4 on esille lastensarjakuvaa aiemmilta vuosilta. N\u00e4yttelyss\u00e4 on esill\u00e4 otteita\u00a0teoksista:<br \/>\n<em>Jukkapalmun salaisuus (Suomen sarjakuvaseura, 2013)<\/em><br \/>\nMari Ahokoivu &amp; Kalle Hakkola: Sanni &amp; Joonas: <em>Hugo -serkku (Kumiorava, 2016)<\/em><br \/>\nHarri Filppa: <em>Vastarannan Siili unten mailla (Soiva Siili, 2016)<\/em><\/p>\n<p><a href=\"http:\/\/www.liminka.fi\/sivu\/fi\/kulttuuri-_ja_vapaa-aika\/kirjasto\/yhteystiedot_ja_aukioloajat\/\" target=\"_blank\">Limingan kirjaston aukioloajat ja tiedot l\u00f6yd\u00e4t t\u00e4st\u00e4 linkist\u00e4...<\/a><\/p>\n<\/div><\/div>\n\t\t\t\t<\/li>\n\t\t\t \t<li class=\"event festivaali fwee lapset nayttelyt\">\n\t\t\t\t\t<div class=\"event-date\"><div class=\"end-date\"><div class=\"event-weekday\">Wed<\/div><div class=\"event-day\">29<\/div><div class=\"event-month\">Nov<\/div><div class=\"event-year\">2017<\/div><\/div><\/div>\n\t\t\t\t\t<div class=\"event-info multi-day\"><div class=\"event-title\"><h3>Sarjakuvap\u00e4iv\u00e4 Limingan kirjastolla<\/h3><\/div><span class=\"event-time\">15:00 - 19:00<\/span><span class=\"event-location\">Limingan kirjasto, Liminganraitti 5, Liminka<\/span><div class=\"event-details\"><p><img loading=\"lazy\" decoding=\"async\" class=\"alignleft size-full wp-image-2956\" src=\"http:\/\/www.oulucomics.com\/wp-content\/uploads\/2017\/10\/fi.jpg\" alt=\"fi\" width=\"23\" height=\"20\" \/><\/p>\n<p>Oulun Sarjakuvafestivaalin POP UP-tapahtuman pisteen\u00e4 on nyt Limingan kirjasto. Kirjastossa 28.11.-3.12.2017\u00a0esill\u00e4 olevan\u00a0Lastensarjakuvia koko perheelle -n\u00e4yttelyn lis\u00e4ksi POP UP -p\u00e4iv\u00e4n ohjelmisto sis\u00e4lt\u00e4\u00e4 pajatoimintaa ja sarjakuvapaneelin.<\/p>\n<p><strong>Klo 11-18 Hop In Sarjakuvapaja<\/strong><br \/>\nKaikille avoimessa Hop In -sarjakuvapajassa kuka tahansa voi tulla piirt\u00e4m\u00e4\u00e4n oman sarjakuvansa<br \/>\n<strong>Klo 18-19 Avoin Sarjakuvapaneeli<\/strong><br \/>\nSarjakuvantekij\u00f6iden paneelikeskustelu johdattelee sarjakuvanmaailmaan.\u00a0Keskustelussa ovat mukana Limingan taidekoululla asuva ja ty\u00f6skentelev\u00e4 Oulun Sarjakuvakeskuksen residenssitaiteilija <strong>Amr Talaat, v<\/strong>ieraileva opettaja <strong>Karstein Volle<\/strong>, sek\u00e4 sarjakuvantekij\u00e4t <strong>Harri Filppa<\/strong>, <strong>Mikko Jylh\u00e4<\/strong> ja <strong>Tessa Astre<\/strong>.<\/p>\n<p><img loading=\"lazy\" decoding=\"async\" class=\"aligncenter size-medium wp-image-3036\" src=\"http:\/\/www.oulucomics.com\/wp-content\/uploads\/2017\/11\/poppari-300x286.png\" alt=\"poppari\" width=\"300\" height=\"286\" srcset=\"https:\/\/www.oulucomics.com\/wp-content\/uploads\/2017\/11\/poppari-300x286.png 300w, https:\/\/www.oulucomics.com\/wp-content\/uploads\/2017\/11\/poppari.png 630w\" sizes=\"auto, (max-width: 300px) 100vw, 300px\" \/><\/p>\n<\/div><\/div>\n\t\t\t\t<\/li>\n\t\t\t \t<li class=\"event festivaali fwee nayttelyt\">\n\t\t\t\t\t<div class=\"event-date\"><div class=\"end-date\"><div class=\"event-weekday\">Thu<\/div><div class=\"event-day\">30<\/div><div class=\"event-month\">Nov<\/div><div class=\"event-year\">2017<\/div><\/div><\/div>\n\t\t\t\t\t<div class=\"event-info multi-day\"><div class=\"event-title\"><h3>Oulun Sarjakuvafestivaalin lasten iltap\u00e4iv\u00e4<\/h3><\/div><span class=\"event-time\">17:00<\/span><span class=\"event-location\">Syke-talo, Kirjastokuja 1, Kiiminki<\/span><div class=\"event-details\"><p>Aluksi esittelemme Galleria Oskari Jauhiaisessa\u00a0esill\u00e4 oleva lasten sarjakuvan\u00e4yttelyn, sek\u00e4 julkaisemme <em>Kaatopaikkaperhe ja kadonnut pihatonttu (Oulun Sarjakuvakeskus, 2017)<\/em> -kirjan. Teos on Oulun sarjakuvakeskuksen kuvakirjakerholaisten toteuttama tarina, joka perustuu Kaunotar ja hirvi\u00f6 satuun.<\/p>\n<p>Piirustusp\u00f6yd\u00e4ll\u00e4 luovuus p\u00e4\u00e4see vallloilleen. Sarjakuvantekij\u00e4t <strong>Veli-Matti \u00dcral<\/strong> ja <strong>Harri Filppa<\/strong> opastavat k\u00e4vij\u00e4t sarjakuvanmaailmaan. Tarjolla on sek\u00e4 helppoja ett\u00e4 haastavia teht\u00e4vi\u00e4 koko perheelle. Kaikki tarvittavat v\u00e4lineet sarjakuvantekemiseen l\u00f6ytyv\u00e4t paikan p\u00e4\u00e4lt\u00e4.<\/p>\n<p>Tapahtumassa on tarjolla pient\u00e4 purtavaa.<\/p>\n<p>Tervetuloa!<\/p>\n<p><img loading=\"lazy\" decoding=\"async\" class=\"aligncenter size-medium wp-image-1425\" src=\"http:\/\/www.oulucomics.com\/wp-content\/uploads\/2016\/11\/km_header-300x93.jpg\" alt=\"km_header\" width=\"300\" height=\"93\" srcset=\"https:\/\/www.oulucomics.com\/wp-content\/uploads\/2016\/11\/km_header-300x93.jpg 300w, https:\/\/www.oulucomics.com\/wp-content\/uploads\/2016\/11\/km_header-768x237.jpg 768w, https:\/\/www.oulucomics.com\/wp-content\/uploads\/2016\/11\/km_header-1024x316.jpg 1024w, https:\/\/www.oulucomics.com\/wp-content\/uploads\/2016\/11\/km_header-1440x444.jpg 1440w, https:\/\/www.oulucomics.com\/wp-content\/uploads\/2016\/11\/km_header.jpg 1800w\" sizes=\"auto, (max-width: 300px) 100vw, 300px\" \/><\/p>\n<p>Tapahtuma on osa Lasten kulttuurikaupunki Oulun ohjelmistoa.<img loading=\"lazy\" decoding=\"async\" class=\"alignright size-full wp-image-2074\" src=\"http:\/\/www.oulucomics.com\/wp-content\/uploads\/2017\/03\/lkko150.png\" alt=\"lkko150\" width=\"150\" height=\"150\" \/><\/p>\n<\/div><\/div>\n\t\t\t\t<\/li>\n\t\t\t \t<li class=\"event festivaali nayttelyt sarjasto\">\n\t\t\t\t\t<div class=\"event-date multi-date\"><div class=\"start-date\"><div class=\"event-weekday\">Fri<\/div><div class=\"event-day\">01<\/div><div class=\"event-month\">Dec<\/div><div class=\"event-year\">2017<\/div><\/div><div class=\"end-date\"><div class=\"event-weekday\">Sat<\/div><div class=\"event-day\">02<\/div><div class=\"event-month\">Dec<\/div><div class=\"event-year\">2017<\/div><\/div><\/div>\n\t\t\t\t\t<div class=\"event-info multi-day\"><div class=\"event-title\"><h3>Hjalmar L\u00f6fving: Monta ruutua tuulta ja sadetta -n\u00e4yttely<\/h3><\/div><span class=\"event-location\">Sarjaston edusta (Kaarlenv\u00e4yl\u00e4 3, 3. krs)<\/span><div class=\"event-details\"><p><img loading=\"lazy\" decoding=\"async\" class=\"size-medium wp-image-3108 alignright\" src=\"http:\/\/www.oulucomics.com\/wp-content\/uploads\/2017\/11\/Hjalmar_Lofving_Porropaa-Iivari-186x300.jpg\" alt=\"Hjalmar L\u00f6fving piirt\u00e4j\u00e4ntakissaan. H\u00e4nell\u00e4 on k\u00e4dess\u00e4 P\u00f6rr\u00f6p\u00e4\u00e4-Iivari-sarjakuvansa originaali.\" width=\"186\" height=\"300\" srcset=\"https:\/\/www.oulucomics.com\/wp-content\/uploads\/2017\/11\/Hjalmar_Lofving_Porropaa-Iivari-186x300.jpg 186w, https:\/\/www.oulucomics.com\/wp-content\/uploads\/2017\/11\/Hjalmar_Lofving_Porropaa-Iivari-768x1241.jpg 768w, https:\/\/www.oulucomics.com\/wp-content\/uploads\/2017\/11\/Hjalmar_Lofving_Porropaa-Iivari-634x1024.jpg 634w, https:\/\/www.oulucomics.com\/wp-content\/uploads\/2017\/11\/Hjalmar_Lofving_Porropaa-Iivari-891x1440.jpg 891w, https:\/\/www.oulucomics.com\/wp-content\/uploads\/2017\/11\/Hjalmar_Lofving_Porropaa-Iivari.jpg 915w\" sizes=\"auto, (max-width: 186px) 100vw, 186px\" \/>Taiteilija Hjalmar Edward L\u00f6fving (26. tammikuuta 1896 \u2013 29. tammikuuta 1968) kuuluu suomalaisen sarjakuvan ja animaation pioneereihin. H\u00e4n oli \u00e4llistytt\u00e4v\u00e4n tuottelias. Tunnetuimman sarjakuvansa Olli Pirte\u00e4n (Sirkka-lehti 1926\u20131945) lis\u00e4ksi L\u00f6fving piirsi eri lehtiin P\u00f6rr\u00f6p\u00e4\u00e4-Iivaria, Pekka Pontevaa, Tommi Typykk\u00e4\u00e4, Mikko Tarmokasta, Pompusta ja N\u00f6k\u00f6\u00e4 \u2013 ja lukemattomia muita.<\/p>\n<p>Nuorena pilapiirt\u00e4j\u00e4n\u00e4 h\u00e4n haki tyyli\u00e4\u00e4n ja avusti k\u00e4yt\u00e4nn\u00f6ss\u00e4 kaikkia merkitt\u00e4vi\u00e4 pilalehti\u00e4\u00a0Kurikasta Tuulisp\u00e4\u00e4h\u00e4n. Ajan mittaan L\u00f6fvingin t\u00e4rkeimm\u00e4ksi julkaisukanavaksi muodostuivat\u00a0lastenlehdet kuten Sirkka, P\u00e4\u00e4skynen ja Valistuksen lastenlehti. L\u00f6fvingin t\u00f6it\u00e4 julkaistiin muun\u00a0muassa kokoelmissa Olli Pirte\u00e4n seikkailut, Matin matka maailmalle ja Bimbo seikkailee sek\u00e4\u00a0useiden lastenkirjojen kuvituksina.<\/p>\n<p>Hyv\u00e4ntuulisten ja viivaltaan persoonallisen py\u00f6reiden animaatioiden ja sarjakuvien lis\u00e4ksi L\u00f6fving piirsi runsaasti kuva-arvoituksia lehtien teht\u00e4v\u00e4sivuille, esiintyi Suomen ensimm\u00e4isiss\u00e4 lasten televisio-ohjelmissa ja kiersi ymp\u00e4ri Suomea tapaamassa lapsia S\u00e4\u00e4st\u00f6pankin Lipas-set\u00e4n\u00e4.<\/p>\n<p>Sarjakuvamuseo ry on tuottanut kierton\u00e4yttelyn L\u00f6fvingin el\u00e4m\u00e4st\u00e4 ja tuotannosta. Kirjallisen ja kuvallisen aineiston ohella n\u00e4yttelyyn on saatu Kansallisen audiovisuaalisen instituutin filmiarkistosta digitoitu lastenfilmi vuodelta 1964, jossa L\u00f6fving esitt\u00e4\u00e4 Set\u00e4 Pim-Pom -hahmoaan. L\u00f6fvingilt\u00e4 on s\u00e4ilynyt useita mainosfilmej\u00e4 ja my\u00f6s varhaisin selluloidi-tekniikalla valmistettu suomalainen animaatio, kolme minuuttia pitk\u00e4 Muutama metri tuulta ja sadetta (1932).<\/p>\n<p><strong>Ville H\u00e4nnisen<\/strong> teos <em>Set\u00e4 Pim-Pom \u2013 Hjalmar L\u00f6fvingin kummat kuvat (Arktinen Banaani, 2016)<\/em> kertoo pitk\u00e4\u00e4n l\u00e4hes unohduksissa olleen L\u00f6fvingin el\u00e4m\u00e4n ja ty\u00f6n tarinan. Kirja on koostettu runsaasta alkuper\u00e4isaineistosta, joka on koottu kirjastoista, yksityiskokoelmista ja suvun hallussa olevasta poikkeuksellisen laajasta aineistosta.<\/p>\n<p>N\u00e4yttelyn on tuottanut Suomen Sarjakuvamuseo. Hjalmar L\u00f6fvingin 120-vuotisjuhlavuotta ovat tukeneet Taiteen edist\u00e4miskeskus, Grafia ry ja Kalevi Kuitusen s\u00e4\u00e4ti\u00f6.<\/p>\n<\/div><\/div>\n\t\t\t\t<\/li>\n\t\t\t \t<li class=\"event festivaali muu nayttelyt\">\n\t\t\t\t\t<div class=\"event-date multi-date\"><div class=\"start-date\"><div class=\"event-weekday\">Fri<\/div><div class=\"event-day\">01<\/div><div class=\"event-month\">Dec<\/div><div class=\"event-year\">2017<\/div><\/div><div class=\"end-date\"><div class=\"event-weekday\">Sat<\/div><div class=\"event-day\">30<\/div><div class=\"event-month\">Dec<\/div><div class=\"event-year\">2017<\/div><\/div><\/div>\n\t\t\t\t\t<div class=\"event-info multi-day\"><div class=\"event-title\"><h3>Mikko Jylh\u00e4: PIEN V\u00c4KE\u00c4 - Sarjakuvaoriginaalin\u00e4yttely<\/h3><\/div><span class=\"event-location\">Kolo bar, Pakkahuoneenkatu 5, Oulu<\/span><div class=\"event-details\"><p><img loading=\"lazy\" decoding=\"async\" class=\"alignleft size-full wp-image-2956\" src=\"http:\/\/www.oulucomics.com\/wp-content\/uploads\/2017\/10\/fi.jpg\" alt=\"fi\" width=\"23\" height=\"20\" \/><\/p>\n<p>&nbsp;<\/p>\n<p><img loading=\"lazy\" decoding=\"async\" class=\"alignright wp-image-2960 size-medium\" src=\"http:\/\/www.oulucomics.com\/wp-content\/uploads\/2017\/10\/pienva_kea-214x300.jpg\" alt=\"pienva_kea\" width=\"214\" height=\"300\" srcset=\"https:\/\/www.oulucomics.com\/wp-content\/uploads\/2017\/10\/pienva_kea-214x300.jpg 214w, https:\/\/www.oulucomics.com\/wp-content\/uploads\/2017\/10\/pienva_kea.jpg 427w\" sizes=\"auto, (max-width: 214px) 100vw, 214px\" \/><strong>Mikko Jylh\u00e4n<\/strong><em> Pien v\u00e4ke\u00e4 (POKUTO, 2017)<\/em> on sarjakuva-album<wbr \/>i mennink\u00e4isist\u00e4,<wbr \/> ty\u00f6l\u00e4isten kapinasta ja luolista. Muun muassa. N\u00e4yttelyss\u00e4 on vesiv\u00e4rein ja tusilla tehtyj\u00e4 originaalisivuj<wbr \/>a albumista.<\/p>\n<p>Avajaisia vietet\u00e4\u00e4n Oulun sarjakuvafestivaalin yhteydess\u00e4 perjantaina 1.12. klo 18.00.<\/p>\n<p>&nbsp;<\/p>\n<\/div><\/div>\n\t\t\t\t<\/li>\n\t\t\t \t<li class=\"event festivaali ffri sarjasto\">\n\t\t\t\t\t<div class=\"event-date\"><div class=\"end-date\"><div class=\"event-weekday\">Fri<\/div><div class=\"event-day\">01<\/div><div class=\"event-month\">Dec<\/div><div class=\"event-year\">2017<\/div><\/div><\/div>\n\t\t\t\t\t<div class=\"event-info multi-day\"><div class=\"event-title\"><h3>LicenseUp: P\u00e4iv\u00e4n avaus<\/h3><\/div><span class=\"event-time\">09:00<\/span><span class=\"event-location\">Main library, Sarjasto (Kaarlenv\u00e4yl\u00e4 3, 3rd floor)<\/span><div class=\"event-details\"><p><img loading=\"lazy\" decoding=\"async\" class=\"alignleft size-full wp-image-2956\" src=\"http:\/\/www.oulucomics.com\/wp-content\/uploads\/2017\/10\/fi.jpg\" alt=\"fi\" width=\"23\" height=\"20\" \/><\/p>\n<p><em>Pertti Pulli, projektip\u00e4\u00e4llikk\u00f6, L\u00e4nsi-Suomen elokuvakomissio<\/em><\/p>\n<p>Kaikille luovien alojen tekij\u00f6ille ja yrityksille syntyy aineettomia oikeuksia, joita voi hy\u00f6dynt\u00e4\u00e4 monin tavoin liiketoiminnassa. Miten sin\u00e4 vaalit tekij\u00e4noikeuksiasi? Miten voisit muuttaa aineettoman oikeudet liiketoiminnaksi? Ent\u00e4 miten agentit auttavat br\u00e4nd\u00e4yksen ja lisensoinnin kehitt\u00e4misess\u00e4? Keski\u00f6ss\u00e4 on erityisesti av- ja peliala sek\u00e4 kirjallisuus ja sarjakuvat.<\/p>\n<p>Oulun kaupunginkirjastolla sijaitsevassa sarjakuvakirjasto Sarjastossa br\u00e4ndi- ja lisensointip\u00e4iv\u00e4ss\u00e4 osana Oulun Sarjakuvafestivaalia. Turku Science Park Oy, BusinessOulu ja Oulun Sarjakuvakeskus.<\/p>\n<\/div><\/div>\n\t\t\t\t<\/li>\n\t\t\t \t<li class=\"event festivaali ffri sarjasto\">\n\t\t\t\t\t<div class=\"event-date\"><div class=\"end-date\"><div class=\"event-weekday\">Fri<\/div><div class=\"event-day\">01<\/div><div class=\"event-month\">Dec<\/div><div class=\"event-year\">2017<\/div><\/div><\/div>\n\t\t\t\t\t<div class=\"event-info multi-day\"><div class=\"event-title\"><h3>LicenseUp: Agenttien ty\u00f6, agenttisopimus ja lisensoinnin perusteet<\/h3><\/div><span class=\"event-time\">09:30<\/span><span class=\"event-location\">Main library, Sarjasto (Kaarlenv\u00e4yl\u00e4 3, 3rd floor)<\/span><div class=\"event-details\"><p><img loading=\"lazy\" decoding=\"async\" class=\"alignleft size-full wp-image-2956\" src=\"http:\/\/www.oulucomics.com\/wp-content\/uploads\/2017\/10\/fi.jpg\" alt=\"fi\" width=\"23\" height=\"20\" \/><\/p>\n<p><em>Kati Uusi-Rauva, director, AGMA ry - <\/em><em>Agents and Managers in Creative Industries<\/em><\/p>\n<h5><em>\u00a0<\/em><\/h5>\n<p>Luovan talouden agentit ja managerit yhdistys ry AGMA edustaa yrityksi\u00e4, jotka toimivat v\u00e4litt\u00e4jin\u00e4 kaikilla luovilla aloilla kuten designin, graafisen suunnittelun, kustannustoiminnan, valokuvauksen, esitt\u00e4vien taiteiden, musiikin, pelien ja median aloilla.<\/p>\n<\/div><\/div>\n\t\t\t\t<\/li>\n\t\t\t \t<li class=\"event festivaali ffri sarjasto\">\n\t\t\t\t\t<div class=\"event-date\"><div class=\"end-date\"><div class=\"event-weekday\">Fri<\/div><div class=\"event-day\">01<\/div><div class=\"event-month\">Dec<\/div><div class=\"event-year\">2017<\/div><\/div><\/div>\n\t\t\t\t\t<div class=\"event-info multi-day\"><div class=\"event-title\"><h3>LicenseUp: Kirjailijan ja sarjakuvantekij\u00e4n aineettomat oikeudet<\/h3><\/div><span class=\"event-time\">10:10<\/span><span class=\"event-location\">Main library, Sarjasto (Kaarlenv\u00e4yl\u00e4 3, 3rd floor)<\/span><div class=\"event-details\"><p><img loading=\"lazy\" decoding=\"async\" class=\"alignleft size-full wp-image-2956\" src=\"http:\/\/www.oulucomics.com\/wp-content\/uploads\/2017\/10\/fi.jpg\" alt=\"fi\" width=\"23\" height=\"20\" \/><\/p>\n<p><em>Maarit Py\u00f6tsi\u00e4, Licensing Executive, Rights &amp; Brands<\/em><\/p>\n<p>Maarit Py\u00f6tsi\u00e4 on pitk\u00e4n linjan kustannusalan ammattilainen. Nuotteja, laulukirjoja,lastenkirjoja, tietokirjoja, oppimateriaaleja \u2013 kaikkea laidasta laitaan. T\u00e4ll\u00e4 hetkell\u00e4 Py\u00f6tsi\u00e4 keskittyy lisensointiin, erityisesti Mauri Kunnaksen oikeuksiin ja teoksiin, jotka ovat suomen myydyimpi\u00e4 kuvakirjoja. Rights &amp; Brands on kirjallisuuteen, taiteeseen ja designiin keskittyv\u00e4 360\u00b0 lisensointiagentuuri, joka vie pohjoismaisia br\u00e4ndej\u00e4 maailmalle muun muassa br\u00e4nd\u00e4yksen, julkaisutoiminnan, PR:n, lisensoinnin ja tuotteistamisen kautta. Maailmanlaajuisesti Rights &amp; Brandsilla on yli 600 asiakasta.<\/p>\n<p>&nbsp;<\/p>\n<\/div><\/div>\n\t\t\t\t<\/li>\n\t\t\t \t<li class=\"event festivaali ffri sarjasto\">\n\t\t\t\t\t<div class=\"event-date\"><div class=\"end-date\"><div class=\"event-weekday\">Fri<\/div><div class=\"event-day\">01<\/div><div class=\"event-month\">Dec<\/div><div class=\"event-year\">2017<\/div><\/div><\/div>\n\t\t\t\t\t<div class=\"event-info multi-day\"><div class=\"event-title\"><h3>LicenseUp: Pelien lisensoinnin mekanismit<\/h3><\/div><span class=\"event-time\">10:50<\/span><span class=\"event-location\">Main library, Sarjasto (Kaarlenv\u00e4yl\u00e4 3, 3rd floor)<\/span><div class=\"event-details\"><p><img loading=\"lazy\" decoding=\"async\" class=\"alignleft size-full wp-image-2956\" src=\"http:\/\/www.oulucomics.com\/wp-content\/uploads\/2017\/10\/fi.jpg\" alt=\"fi\" width=\"23\" height=\"20\" \/><\/p>\n<p><em>Heikki Laaninen, 5th Wave Brands<\/em><\/p>\n<p>Heikki Laaninen on 5th Wave Brands \u2013lisensointitoimiston toimitusjohtaja ja yksi perustajaj\u00e4senist\u00e4. Ennen yritt\u00e4j\u00e4n uraansa Laaninen ty\u00f6skenteli lisensointimanagerina Rovio Entertainmentilla, ja oli alusta asti mukana laatimassa Rovion kansainv\u00e4lisesti menestynytt\u00e4 lisensointiohjelmaa. Laaninen on ty\u00f6skennellyt br\u00e4nditoimistossa Hollannissa ja opiskellut Aalto Yliopiston taideteollisessa korkeakoulussa luovan talouden johtamista.<\/p>\n<p>&nbsp;<\/p>\n<p>&nbsp;<\/p>\n<\/div><\/div>\n\t\t\t\t<\/li>\n\t\t\t \t<li class=\"event festivaali ffri sarjasto\">\n\t\t\t\t\t<div class=\"event-date\"><div class=\"end-date\"><div class=\"event-weekday\">Fri<\/div><div class=\"event-day\">01<\/div><div class=\"event-month\">Dec<\/div><div class=\"event-year\">2017<\/div><\/div><\/div>\n\t\t\t\t\t<div class=\"event-info multi-day\"><div class=\"event-title\"><h3>LicenseUp: Br\u00e4nd\u00e4yksen ja lisensoinnin merkitys hahmo-, av- ja IPR-omaisuudessa<\/h3><\/div><span class=\"event-time\">11:30<\/span><span class=\"event-location\">Main library, Sarjasto (Kaarlenv\u00e4yl\u00e4 3, 3rd floor)<\/span><div class=\"event-details\"><p><img loading=\"lazy\" decoding=\"async\" class=\"alignleft size-full wp-image-2956\" src=\"http:\/\/www.oulucomics.com\/wp-content\/uploads\/2017\/10\/fi.jpg\" alt=\"fi\" width=\"23\" height=\"20\" \/><\/p>\n<p>&nbsp;<\/p>\n<p>&nbsp;<\/p>\n<p>&nbsp;<\/p>\n<p>&nbsp;<\/p>\n<\/div><\/div>\n\t\t\t\t<\/li>\n\t\t\t \t<li class=\"event festivaali ffri sarjasto\">\n\t\t\t\t\t<div class=\"event-date\"><div class=\"end-date\"><div class=\"event-weekday\">Fri<\/div><div class=\"event-day\">01<\/div><div class=\"event-month\">Dec<\/div><div class=\"event-year\">2017<\/div><\/div><\/div>\n\t\t\t\t\t<div class=\"event-info multi-day\"><div class=\"event-title\"><h3>Paneelikeskustelu sarjakuvaopetuksesta \/ Teaching Comics panel<\/h3><\/div><span class=\"event-time\">12:30<\/span><span class=\"event-location\">Main library, Sarjasto (Kaarlenv\u00e4yl\u00e4 3, 3rd floor)<\/span><div class=\"event-details\"><p><img loading=\"lazy\" decoding=\"async\" class=\"alignleft size-full wp-image-2956\" src=\"http:\/\/www.oulucomics.com\/wp-content\/uploads\/2017\/10\/fi.jpg\" alt=\"fi\" width=\"23\" height=\"20\" \/><\/p>\n<p>&nbsp;<\/p>\n<p><img loading=\"lazy\" decoding=\"async\" class=\"aligncenter size-medium wp-image-2678\" src=\"http:\/\/www.oulucomics.com\/wp-content\/uploads\/2016\/08\/2017-04-18-11.17.49-300x169.jpg\" alt=\"2017-04-18 11.17.49\" width=\"300\" height=\"169\" srcset=\"https:\/\/www.oulucomics.com\/wp-content\/uploads\/2016\/08\/2017-04-18-11.17.49-300x169.jpg 300w, https:\/\/www.oulucomics.com\/wp-content\/uploads\/2016\/08\/2017-04-18-11.17.49-768x432.jpg 768w, https:\/\/www.oulucomics.com\/wp-content\/uploads\/2016\/08\/2017-04-18-11.17.49-1024x576.jpg 1024w, https:\/\/www.oulucomics.com\/wp-content\/uploads\/2016\/08\/2017-04-18-11.17.49-1440x810.jpg 1440w, https:\/\/www.oulucomics.com\/wp-content\/uploads\/2016\/08\/2017-04-18-11.17.49-1050x591.jpg 1050w\" sizes=\"auto, (max-width: 300px) 100vw, 300px\" \/>Sarjakuvaopetus on kehittynyt Suomessa edellisien vuosikymmenien aikana ja sen taso on noussut opetusta antavien tahojen m\u00e4\u00e4r\u00e4n kasvaessa. Paneelikeskustelussa k\u00e4yd\u00e4\u00e4n sarjakuvaopetuksen nykytilaa l\u00e4vitse Oulun Sarjakuvakeskuksen toimintavastaava <strong>Veli-Matti Uralin<\/strong> johdolla. Uralin lis\u00e4ksi sarjakuvaopetuksesta ovat keskustelemassa sarjakuvaopettajat \u00a0<strong>Tessa Astre<\/strong> Limingan taidekoulun sarjakuvalinjalta ja <strong>Mika Kolehmainen<\/strong> Oulun taidekoulun sarjakuvalinjalta. Yleis\u00f6ll\u00e4 on mahdollisuus osallistua keskusteluun ja esitt\u00e4\u00e4 vapaamuotoisia kysymyksi\u00e4.<\/p>\n<p>\/\/\/\/\/\/\/\/\/\/<\/p>\n<p><span style=\"color: #333399;\">Teaching of comics has evolved in Finland during the recent decades and the quality has risen due to the rising number of teachers. In this panel<strong> Veli-Matti Ural<\/strong> of Oulu Comics Center talks about the\u00a0present state of teaching comics. Comic teachers <strong>Tessa Astre<\/strong> from Liminka School of Arts and <strong>Mika Kolehmainen<\/strong> of Oulu\u00a0Art School join Ural in the conversation. The audience has an opportunity to ask questions and participate.<\/span><\/p>\n<\/div><\/div>\n\t\t\t\t<\/li>\n\t\t\t \t<li class=\"event festivaali ffri sarjasto\">\n\t\t\t\t\t<div class=\"event-date\"><div class=\"end-date\"><div class=\"event-weekday\">Fri<\/div><div class=\"event-day\">01<\/div><div class=\"event-month\">Dec<\/div><div class=\"event-year\">2017<\/div><\/div><\/div>\n\t\t\t\t\t<div class=\"event-info multi-day\"><div class=\"event-title\"><h3>Limingan taidekoulun sarjakuvalinjan tarina \/ The Story of Comics in Liminka School of Arts<\/h3><\/div><span class=\"event-time\">13:00<\/span><span class=\"event-location\">Main library, Sarjasto (Kaarlenv\u00e4yl\u00e4 3, 3rd floor)<\/span><div class=\"event-details\"><p><img loading=\"lazy\" decoding=\"async\" class=\"alignleft size-full wp-image-2956\" src=\"http:\/\/www.oulucomics.com\/wp-content\/uploads\/2017\/10\/fi.jpg\" alt=\"fi\" width=\"23\" height=\"20\" \/><\/p>\n<p>&nbsp;<\/p>\n<p><img loading=\"lazy\" decoding=\"async\" class=\"aligncenter size-medium wp-image-2500\" src=\"http:\/\/www.oulucomics.com\/wp-content\/uploads\/2017\/05\/viikonloppukurssit-300x145.jpg\" alt=\"viikonloppukurssit\" width=\"300\" height=\"145\" srcset=\"https:\/\/www.oulucomics.com\/wp-content\/uploads\/2017\/05\/viikonloppukurssit-300x145.jpg 300w, https:\/\/www.oulucomics.com\/wp-content\/uploads\/2017\/05\/viikonloppukurssit-768x372.jpg 768w, https:\/\/www.oulucomics.com\/wp-content\/uploads\/2017\/05\/viikonloppukurssit-1024x496.jpg 1024w, https:\/\/www.oulucomics.com\/wp-content\/uploads\/2017\/05\/viikonloppukurssit-1050x509.jpg 1050w, https:\/\/www.oulucomics.com\/wp-content\/uploads\/2017\/05\/viikonloppukurssit.jpg 1151w\" sizes=\"auto, (max-width: 300px) 100vw, 300px\" \/><\/p>\n<p>Limingan taidekoulun sarjakuvalinja on Suomen vanhin sarjakuvaopetusta antava taho, josta valmentuu sarjakuvantekij\u00e4ksi. Nykyp\u00e4iv\u00e4n\u00e4 linja on kaksivuotinen, mutta opiskella voi yhden tai useampia vuosia.<\/p>\n<p>Vasta-alkajat saavat perustaidot, ja harjaantuneemmat l\u00f6yt\u00e4v\u00e4t uusia ideoita ja l\u00e4hestymistapoja sek\u00e4 mahdollisuuden keskitty\u00e4 vuodeksi sarjakuvan tekemiseen.<\/p>\n<p>Sarjakuvalinjalla opiskelee 40 \u2013 50 ihmist\u00e4 vuosittain kahden sarjakuvaan erikoistuneen opettajan opastamana, ja erityiskursseja vet\u00e4m\u00e4\u00e4n kutsutaan alansa osaajia.<\/p>\n<p>Muistoja Limingan taidekoulun historiasta ja tietoa nykyp\u00e4iv\u00e4st\u00e4 ovat antamassa <strong>Keijo Ahlqvist<\/strong>, <strong>Hannu Lukin<\/strong> ja <strong>Tessa Astre<\/strong>.<\/p>\n<p>\/\/\/\/\/\/\/\/\/\/<\/p>\n<p><span style=\"color: #333399;\">The Comics class in Liminka School of Arts is the oldest\u00a0school of comics in Finland, from which you can graduate as a comic artist. In the present day the studies last for two years, but the students can also choose to study for just one year or more.<\/span><\/p>\n<p><span style=\"color: #333399;\">Beginners learn the basics and more advanced students find new ideas and points of view and the opportunity to focus on making comics for a year.<\/span><\/p>\n<p><span style=\"color: #333399;\">In the Comics class study 40-50 students every year with two teachers specialized in comics and guest teachers are invited to hold special courses.<\/span><\/p>\n<p><span style=\"color: #333399;\"><strong>Keijo Ahlqvist<\/strong>, <strong>Hannu Lukin<\/strong> and <strong>Tessa Astre<\/strong> are sharing Liminka School of Arts' memories of the past and information about the present.<\/span><\/p>\n<\/div><\/div>\n\t\t\t\t<\/li>\n\t\t\t \t<li class=\"event festivaali ffri sarjasto\">\n\t\t\t\t\t<div class=\"event-date\"><div class=\"end-date\"><div class=\"event-weekday\">Fri<\/div><div class=\"event-day\">01<\/div><div class=\"event-month\">Dec<\/div><div class=\"event-year\">2017<\/div><\/div><\/div>\n\t\t\t\t\t<div class=\"event-info multi-day\"><div class=\"event-title\"><h3>Ilpo Koskela: Uusi sarjakuvantekij\u00e4n oppikirja<\/h3><\/div><span class=\"event-time\">13:30<\/span><span class=\"event-location\">Main library, Sarjasto (Kaarlenv\u00e4yl\u00e4 3, 3rd floor)<\/span><div class=\"event-details\"><p><img loading=\"lazy\" decoding=\"async\" class=\"alignleft size-full wp-image-2956\" src=\"http:\/\/www.oulucomics.com\/wp-content\/uploads\/2017\/10\/fi.jpg\" alt=\"fi\" width=\"23\" height=\"20\" \/><\/p>\n<p>&nbsp;<\/p>\n<p><strong><img loading=\"lazy\" decoding=\"async\" class=\"alignright size-medium wp-image-2972\" src=\"http:\/\/www.oulucomics.com\/wp-content\/uploads\/2017\/10\/uso-252x300.jpg\" alt=\"uso\" width=\"252\" height=\"300\" srcset=\"https:\/\/www.oulucomics.com\/wp-content\/uploads\/2017\/10\/uso-252x300.jpg 252w, https:\/\/www.oulucomics.com\/wp-content\/uploads\/2017\/10\/uso.jpg 504w\" sizes=\"auto, (max-width: 252px) 100vw, 252px\" \/>Ilpo Koskelan<\/strong> laatima<em>\u00a0Uusi Sarjakuvantekij\u00e4n oppikirja (Arktinen banaani, 2016)<\/em> on katsaus sarjakuvien tekemisen kiehtovaan maailmaan.<\/p>\n<p>Koskela esittelee kuinka teoksessa perehdyt\u00e4\u00e4n tehokkaasti perusasioihin aina ideoinnista ja k\u00e4sikirjoittamisesta sarjakuvan suunnitteluun, luonnosteluun, piirt\u00e4miseen ja v\u00e4ritt\u00e4miseen \u2013 tietotekniikkaa unohtamatta. Lis\u00e4ksi kirjassa esitell\u00e4\u00e4n uusia, kehittyneit\u00e4 ty\u00f6tapoja ja kerrotaan tekij\u00e4noikeuksista, kustantamisesta ja markkinoinnista. Opas sis\u00e4lt\u00e4\u00e4 harjoitusteht\u00e4vi\u00e4.<\/p>\n<p>Ilpo Koskela on oululainen sarjakuvataiteilija, kuvittaja, graafinen suunnittelija ja opettaja. H\u00e4nen sarjakuviaan on julkaistu suomalaisissa sarjakuva-, aikakaus- ja sanomalehdiss\u00e4 jo yli 30 vuoden ajan. Sarjakuvaromaaneja on ilmestynyt kahdeksan ja sarjakuva-alan oppikirjoja kaksi. Koskelan teoksia on julkaistu kahdeksalla vieraalla kielell\u00e4.<\/p>\n<p>H\u00e4n on toiminut sarjakuvan opettajana aina 1980-luvulta saakka ja Suomen lis\u00e4ksi luennoinut sarjakuvataiteesta sek\u00e4 sarjakuvien tekemisest\u00e4 Ruotsissa, Portugalissa, Ven\u00e4j\u00e4ll\u00e4, Ukrainassa ja Algeriassa.<\/p>\n<p>Koskelan t\u00f6it\u00e4 on ollut esill\u00e4 yhteis- ja yksityisn\u00e4yttelyiss\u00e4 eri puolilla Suomea, ulkomailla Portugalissa, Ruotsissa ja Ven\u00e4j\u00e4ll\u00e4. Suomen sarjakuvaseura ry. my\u00f6nsi\u00a0Ilpo Koskelalle\u00a0sarjakuvaneuvoksen arvon vuonna 2011.<\/p>\n<\/div><\/div>\n\t\t\t\t<\/li>\n\t\t\t \t<li class=\"event festivaali ffri sarjasto\">\n\t\t\t\t\t<div class=\"event-date\"><div class=\"end-date\"><div class=\"event-weekday\">Fri<\/div><div class=\"event-day\">01<\/div><div class=\"event-month\">Dec<\/div><div class=\"event-year\">2017<\/div><\/div><\/div>\n\t\t\t\t\t<div class=\"event-info multi-day\"><div class=\"event-title\"><h3>Veli-Matti Ural: Ohjenuoria sarjakuvaopettamiseen \/ Guidelines on Teaching Comics<\/h3><\/div><span class=\"event-time\">14:00<\/span><span class=\"event-location\">Main library, Sarjasto (Kaarlenv\u00e4yl\u00e4 3, 3rd floor)<\/span><div class=\"event-details\"><p><img loading=\"lazy\" decoding=\"async\" class=\"alignleft size-full wp-image-2956\" src=\"http:\/\/www.oulucomics.com\/wp-content\/uploads\/2017\/10\/fi.jpg\" alt=\"fi\" width=\"23\" height=\"20\" \/><\/p>\n<p>&nbsp;<\/p>\n<p>Oulun Sarjakuvakeskuksen toimintavastaava <strong>Veli-Matti Ural\u00a0<\/strong>luennoi ty\u00f6st\u00e4\u00e4n sarjakuvaopettajana ja esittelee Oulun Sarjakuvakeskuksen uutta sarjakuvaopettajan opasta.\u00a0Tilaisuus on tarkoitettu p\u00e4\u00e4asiassa opettajille ja kaikille sarjakuvaopetuksesta ja sarjakuvaty\u00f6pajojen j\u00e4rjest\u00e4misest\u00e4 kiinnostuneille. Luennon aikana pohditaan muun muassa sarjakuvaty\u00f6pajatoiminnan hy\u00f6tyj\u00e4 ja haasteita. Varoitus! Osallistujat saattavat joutua osaksi sarjakuvapajaa itse!<\/p>\n<p>\/\/\/\/\/\/\/\/\/\/<\/p>\n<p><span style=\"color: #333399;\"><strong>Veli-Matti Ural<\/strong> of Oulu Comics Center lectures about his work as a comics teacher and introduces the Oulu Comics Center's new comics teacher's guidebook. The event is intended mainly for teachers and everyone interested in teaching comics and holding comic workshops. The benefits and challenges of comic workshops are explored in the lecture. Warning! The participants may end up as a part of a comic workshop themselves!<\/span><\/p>\n<\/div><\/div>\n\t\t\t\t<\/li>\n\t\t\t \t<li class=\"event festivaali ffri paja\">\n\t\t\t\t\t<div class=\"event-date\"><div class=\"end-date\"><div class=\"event-weekday\">Fri<\/div><div class=\"event-day\">01<\/div><div class=\"event-month\">Dec<\/div><div class=\"event-year\">2017<\/div><\/div><\/div>\n\t\t\t\t\t<div class=\"event-info multi-day\"><div class=\"event-title\"><h3>MASTER COURSE: Coloring and working with layers <\/h3><\/div><span class=\"event-time\">14:00 - 18:00<\/span><span class=\"event-location\">Bystr\u00f6m\u2019s youth cafe - Game and Media space, Hallituskatu 5<\/span><div class=\"event-details\"><p>Comic master course by <strong>JP Ahonen<\/strong> concentrates on the actions after comic has been scanned. JP\u2019s comics are known for their beautiful coloring and detailed landscapes. The course will be a guidance into different coloring techniques and working with layers in Adobe Photoshop CS. On the course you will learn to color a basic newspaper comic strip and there will be guidance to continue working with already colored comics in Adobe Photoshop.<\/p>\n<p>You can bring your own scanned black and white and colored comic to the course and work with them. There will also be samples you can play with, so you don\u2019t need to have your own work in the course. To be able to participate, it is good to have a basic knowledge on Adobe Photosop, so you can just jump into the teaching. In the studyroom you will have all the equipments needed for the course. You can also bring your own laptop with Adobe Photoshop CS5 of newer and your own drawing table.<\/p>\n<p>JP Ahonen (1981) is cartoonist living and working in Tampere. His most famous works are \u00a0Villimpi Pohjola strip comics and political satire published in Puskaradio. Internationally he is known with his Perkeros comic album and Belzebubs online comics. He writes about student life and his music hobby, that are easy to identify whether you\u2019re young or old! He is currently working with new album called Suomen ihmisten historia, a nonfiction book for young people, together with Historian Teemu Keskisarja. The album consists ten novels by Teemu Keskisarja that JP has been illustrated with comic effects.<\/p>\n<p>Language: English<br \/>\nSeats: 10<br \/>\nParticipation fee: 10\u20ac<br \/>\nSign up before November 28th via e-mail: taija@oulucomics.com<\/p>\n<p><figure id=\"attachment_3052\" aria-describedby=\"caption-attachment-3052\" style=\"width: 1000px\" class=\"wp-caption aligncenter\"><img loading=\"lazy\" decoding=\"async\" class=\"wp-image-3052 size-full\" src=\"http:\/\/www.oulucomics.com\/wp-content\/uploads\/2017\/11\/JP_Mestarikurssi_WEB-2.jpg\" width=\"1000\" height=\"750\" srcset=\"https:\/\/www.oulucomics.com\/wp-content\/uploads\/2017\/11\/JP_Mestarikurssi_WEB-2.jpg 1000w, https:\/\/www.oulucomics.com\/wp-content\/uploads\/2017\/11\/JP_Mestarikurssi_WEB-2-300x225.jpg 300w, https:\/\/www.oulucomics.com\/wp-content\/uploads\/2017\/11\/JP_Mestarikurssi_WEB-2-768x576.jpg 768w\" sizes=\"auto, (max-width: 1000px) 100vw, 1000px\" \/><figcaption id=\"caption-attachment-3052\" class=\"wp-caption-text\">Perkeros (WSOY)<\/figcaption><\/figure><\/p>\n<p>\/ \/ \/ \/ \/<\/p>\n<p><strong>MESTARIKURSSI: V\u00e4ritystekniikat sek\u00e4 layer-ty\u00f6skentely sarjakuvissa<\/strong><br \/>\n<strong>JP Ahonen<\/strong><b><br \/>\n<\/b>Perjantai 1.12. klo 14-18<br \/>\nBystr\u00f6min nuorten kahvila - Peli- ja mediatila<br \/>\nHallituskatu 5, Oulu<\/p>\n<p>Sarjakuvantekij\u00e4 <b>JP Ahosen<\/b> sarjakuvan mestarikurssilla keskityt\u00e4\u00e4n piirroksen ty\u00f6st\u00e4miseen skannauksen j\u00e4lkeen. JP Ahosen sarjakuvat ovat tunnettuja niiden upeasta v\u00e4rityksest\u00e4 sek\u00e4 tarkasta ymp\u00e4rist\u00f6jen kuvauksesta. Kurssilla tutustutaan erilaisiin v\u00e4ritystekniikoihin sek\u00e4 layer-ty\u00f6skentelyyn Photoshop CS ohjelman avulla. Kurssilla opetellaan v\u00e4ritt\u00e4m\u00e4\u00e4n mm. tyypillinen sanomalehtistrippi, sek\u00e4 selvitet\u00e4\u00e4n miten k\u00e4sin v\u00e4ritettyj\u00e4 kuvituksia ja sarjakuvia voidaan ty\u00f6st\u00e4\u00e4 digitaalisesti eteenp\u00e4in.<\/p>\n<p>Kurssille voit tulla sek\u00e4 oman skannatun mustavalkosarjakuvan, ett\u00e4 skannatun k\u00e4sin v\u00e4ritetyn sarjakuvan kanssa. Oma aineisto ei ole kuitenkaan pakollinen. Kurssi vaatii Photoshopin perustuntemuksen. Tilasta l\u00f6ytyy tarvittavat laitteet sek\u00e4 ohjelmistot. Halutessasi voit ottaa oman koneen sek\u00e4 piirtop\u00f6yd\u00e4n mukaan. Koneessa tulee olla CS5 tai uudempi Photoshop.<\/p>\n<p>JP Ahonen (1981) on tamperelainen sarjakuvantekij\u00e4 ja kuvittaja, jonka tunnetuimpiin t\u00f6ihin kuuluvat mm. Villimpi Pohjola -strippisarja sek\u00e4 ajankohtaissatiiri Puskaradio. Ulkomailla h\u00e4net tunnetaan seitsem\u00e4lle kielelle k\u00e4\u00e4nnetyst\u00e4 Perkeros-sarjakuvaromaanistaan sek\u00e4 Belzebubs-nettisarjakuvastaan. Ahosen sarjakuvissa n\u00e4hd\u00e4\u00e4n suomalaisille nuorille ja vanhemmille samaistuttavia teemoja. H\u00e4n ammentaa aiheitaan esimerkiksi opiskelijael\u00e4m\u00e4st\u00e4 ja musiikkiharrastuksesta. Ahosen viimeisin kuvitusprojekti, Suomen ihmisten historia, on yhteisty\u00f6ss\u00e4 historioitsija Teemu Keskisarjan kanssa syntynyt nuorten tietokirja. Teos sis\u00e4lt\u00e4\u00e4 kymmenkunta Keskisarjan kirjoittamaa novellia, jotka Ahonen on kuvittanut, osittain sarjakuvallisia tehokeinojakin hy\u00f6dynt\u00e4en.<\/p>\n<p>Kieli: englanti<br \/>\nOsallistumismaksu: 10\u20ac<br \/>\nPaikkoja: 10<br \/>\nIlmoittautuminen 28.11. menness\u00e4 osoitteeseen: taija@oulucomics.com<\/p>\n<\/div><\/div>\n\t\t\t\t<\/li>\n\t\t\t \t<li class=\"event festivaali ffri nayttelyt sarjasto\">\n\t\t\t\t\t<div class=\"event-date\"><div class=\"end-date\"><div class=\"event-weekday\">Fri<\/div><div class=\"event-day\">01<\/div><div class=\"event-month\">Dec<\/div><div class=\"event-year\">2017<\/div><\/div><\/div>\n\t\t\t\t\t<div class=\"event-info multi-day\"><div class=\"event-title\"><h3>Exhibition tour at library \/ N\u00e4yttelykierros kirjastolla<\/h3><\/div><span class=\"event-time\">16:00<\/span><span class=\"event-location\">Main library, Sarjasto (Kaarlenv\u00e4yl\u00e4 3, 3rd floor)<\/span><div class=\"event-details\"><p><img loading=\"lazy\" decoding=\"async\" class=\"alignleft size-full wp-image-2955\" src=\"http:\/\/www.oulucomics.com\/wp-content\/uploads\/2017\/10\/en.jpg\" alt=\"en\" width=\"23\" height=\"20\" \/><\/p>\n<p>&nbsp;<\/p>\n<p><span style=\"color: #333399;\">There are three exhibitions to be seen at Oulu City Library during the Oulu Comics Festival. After the day's activities the visitors have a chance to hear about the exhibitions and the pieces in them from the artists. The artists <strong>Bjarni Hinriksson<\/strong> (Iceland), <strong>Line H\u00f8j H\u00f8strup<\/strong> (Denmark) and <strong>Jussi Hukkanen<\/strong>\u00a0(Finland) are at the event to tell about their exhibitions.<\/span><\/p>\n<p><span style=\"color: #333399;\">After the tour there is a guide to the next activity of the festival.<\/span><\/p>\n<p>\/\/\/\/\/\/\/\/\/<\/p>\n<p>Oulun kaupunginkirjastolla on Oulun Sarjakuvafestivaalien aikaan esill\u00e4 kolme n\u00e4yttely\u00e4. P\u00e4iv\u00e4ohjelman j\u00e4lkeen on yleis\u00f6lle mahdollisuus p\u00e4\u00e4st\u00e4 kuulemaan n\u00e4yttelyist\u00e4 ja niiden teoksista tekij\u00f6iden siivitt\u00e4m\u00e4n\u00e4. Paikalla ovat n\u00e4yttelyiden sarjakuvataiteilijat\u00a0<strong>Bjarni Hinriksson<\/strong> (Islanti),\u00a0<strong>Line H\u00f8j H\u00f8strup<\/strong> (Tanska) ja\u00a0<strong>Jussi Hukkanen<\/strong>\u00a0(Suomi).<\/p>\n<p>N\u00e4yttelykierroksen j\u00e4lkeen festivaaliohjelma jatkuu toisaalla. Paikalta on opastus seuraavaan kohteeseen.<\/p>\n<\/div><\/div>\n\t\t\t\t<\/li>\n\t\t\t \t<li class=\"event festivaali ffri nayttelyt\">\n\t\t\t\t\t<div class=\"event-date\"><div class=\"end-date\"><div class=\"event-weekday\">Fri<\/div><div class=\"event-day\">01<\/div><div class=\"event-month\">Dec<\/div><div class=\"event-year\">2017<\/div><\/div><\/div>\n\t\t\t\t\t<div class=\"event-info multi-day\"><div class=\"event-title\"><h3>Mikko Jylh\u00e4: Pien v\u00e4ke\u00e4 -n\u00e4yttelyn avajaiset \/ exhibition opening<\/h3><\/div><span class=\"event-time\">18:00<\/span><span class=\"event-location\">Kolo bar, Pakkahuoneenkatu 5, Oulu<\/span><div class=\"event-details\"><p><img loading=\"lazy\" decoding=\"async\" class=\"alignleft size-full wp-image-2956\" src=\"http:\/\/www.oulucomics.com\/wp-content\/uploads\/2017\/10\/fi.jpg\" alt=\"fi\" width=\"23\" height=\"20\" \/><\/p>\n<p>&nbsp;<\/p>\n<p><img loading=\"lazy\" decoding=\"async\" class=\"alignright wp-image-2960 size-medium\" src=\"http:\/\/www.oulucomics.com\/wp-content\/uploads\/2017\/10\/pienva_kea-214x300.jpg\" alt=\"pienva_kea\" width=\"214\" height=\"300\" srcset=\"https:\/\/www.oulucomics.com\/wp-content\/uploads\/2017\/10\/pienva_kea-214x300.jpg 214w, https:\/\/www.oulucomics.com\/wp-content\/uploads\/2017\/10\/pienva_kea.jpg 427w\" sizes=\"auto, (max-width: 214px) 100vw, 214px\" \/>Oululaisen <strong>Mikko Jylh\u00e4n<\/strong> <em>Pien v\u00e4ke\u00e4 (Pokuto, 2017)<\/em> on fantasiasarjakuva. Tarina kertoo pienist\u00e4 otuksista, jotka sys\u00e4\u00e4v\u00e4t alulle suuria muutoksia. Myyr\u00e4n pyynti\u00e4, tervahauta ja ty\u00f6t\u00e4tekevien kapina.<\/p>\n<p>N\u00e4yttelynavajaisten aikana on yleis\u00f6ll\u00e4 mahdollisuus nauttia Kolon tarjoamia virvokkeita ja ruokia. <a href=\"http:\/\/kololounge.com\/\" target=\"_blank\">Tutustu Kolon ruoka- ja juomalistaan etuk\u00e4teen...<\/a><\/p>\n<p>N\u00e4yttelyn avajaisista on opastus festivaalin seuraavaan tapahtumaan.<\/p>\n<p>\/\/\/\/\/\/\/\/\/\/<\/p>\n<p><span style=\"color: #333399;\"><strong>Mikko Jylh\u00e4's<\/strong> <em>Pien V\u00e4ke\u00e4 (Pokuto, 2017)<\/em> is a fantasy comic. The story tells about small creatures, that start big changes. Hunting voles, tar pits and rebellion of workers.<\/span><\/p>\n<p><span style=\"color: #333399;\">During the opening of the exhibition the visitors have a chance to enjoy food and drinks served by Kolo. <a style=\"color: #333399;\" href=\"http:\/\/kololounge.com\/\">You can get to know Kolo's menu beforehand...<\/a><\/span><\/p>\n<p><span style=\"color: #333399;\">There is a guide to the next activity of the festival after the exhibition opening.<\/span><\/p>\n<\/div><\/div>\n\t\t\t\t<\/li>\n\t\t\t \t<li class=\"event festivaali ffri nayttelyt\">\n\t\t\t\t\t<div class=\"event-date\"><div class=\"end-date\"><div class=\"event-weekday\">Fri<\/div><div class=\"event-day\">01<\/div><div class=\"event-month\">Dec<\/div><div class=\"event-year\">2017<\/div><\/div><\/div>\n\t\t\t\t\t<div class=\"event-info multi-day\"><div class=\"event-title\"><h3>Arctic Comics Network - Annual meeting<\/h3><\/div><span class=\"event-time\">18:00<\/span><span class=\"event-location\">Kolo bar, Pakkahuoneenkatu 5, Oulu<\/span><div class=\"event-details\"><p><img loading=\"lazy\" decoding=\"async\" class=\"alignleft size-full wp-image-2955\" src=\"http:\/\/www.oulucomics.com\/wp-content\/uploads\/2017\/10\/en.jpg\" alt=\"en\" width=\"23\" height=\"20\" \/><\/p>\n<p>&nbsp;<\/p>\n<p>Arctic Comics Network is getting wider after four years of operation - and expanding continues.<br \/>\nBefore the year 2014,\u00a0 Nordic comics cooperation was not strongly organized outside of the capital city areas in Nordic countries. Oulu Comics Society started the arctic comics cooperation with the first steps of the Arctic Comics Network in 2014.<br \/>\nThe network is ment to promote comic artists and comic organizations and activate comics and visual art scene in Nordic Europe, especially outside the capital areas of northern Nordic and Baltic Countries. It is also to enlighten the practical potential of comics and to spread the information of the Nordic comics scene and events.<br \/>\nThe network activities strengthen the Nordic cooperation and visibility of the northern comics by bringing together cartoonists, comics institutions and associations, and other professionals working with visual art, comics research or education.<br \/>\nThe main event of the network is the annual Arctic Comics Meeting organized during the Oulu Comics Festival. This year the meeting is about future collaboraiton and northern landscape.<br \/>\nThe activities of the Arctic Comics Network include also exchange of comic exhibitions and comic teachers. This can be also a part of POP UP Comics Centers, touring around the Northern Europe and in the Baltics. In the year 2014 Oulu Comics Center organized a POP UP Comics Center in Troms\u00f8, Norway. In October 2016 Oulu Comics visited Reykjav\u00edk City Library. During the trip, new cartoony contacts and plans for the future POP UPs were made. Where to next? Stay tuned!<\/p>\n<\/div><\/div>\n\t\t\t\t<\/li>\n\t\t\t \t<li class=\"event festivaali ffri klubi museo\">\n\t\t\t\t\t<div class=\"event-date\"><div class=\"end-date\"><div class=\"event-weekday\">Fri<\/div><div class=\"event-day\">01<\/div><div class=\"event-month\">Dec<\/div><div class=\"event-year\">2017<\/div><\/div><\/div>\n\t\t\t\t\t<div class=\"event-info multi-day\"><div class=\"event-title\"><h3>Comics Effects n\u00e4yttelyn avajaiset \/ Exhibition opening<\/h3><\/div><span class=\"event-time\">20:00 - 22:00<\/span><span class=\"event-location\">Oulu Museum of Art\u2019s<\/span><div class=\"event-details\"><p><img loading=\"lazy\" decoding=\"async\" class=\"alignleft size-full wp-image-2956\" src=\"http:\/\/www.oulucomics.com\/wp-content\/uploads\/2017\/10\/fi.jpg\" alt=\"fi\" width=\"23\" height=\"20\" \/><img loading=\"lazy\" decoding=\"async\" class=\"alignleft size-full wp-image-2955\" src=\"http:\/\/www.oulucomics.com\/wp-content\/uploads\/2017\/10\/en.jpg\" alt=\"en\" width=\"23\" height=\"20\" \/><\/p>\n<p>&nbsp;<\/p>\n<p><img loading=\"lazy\" decoding=\"async\" class=\"aligncenter size-medium wp-image-1405\" src=\"http:\/\/www.oulucomics.com\/wp-content\/uploads\/2016\/11\/palsa_header-300x93.jpg\" alt=\"palsa_header\" width=\"300\" height=\"93\" srcset=\"https:\/\/www.oulucomics.com\/wp-content\/uploads\/2016\/11\/palsa_header-300x93.jpg 300w, https:\/\/www.oulucomics.com\/wp-content\/uploads\/2016\/11\/palsa_header-768x237.jpg 768w, https:\/\/www.oulucomics.com\/wp-content\/uploads\/2016\/11\/palsa_header-1024x316.jpg 1024w, https:\/\/www.oulucomics.com\/wp-content\/uploads\/2016\/11\/palsa_header-1440x444.jpg 1440w, https:\/\/www.oulucomics.com\/wp-content\/uploads\/2016\/11\/palsa_header.jpg 1800w\" sizes=\"auto, (max-width: 300px) 100vw, 300px\" \/>Comics Effects n\u00e4yttelyn avajaisissa tutustutaan taiteilijoiden v\u00e4lityksell\u00e4 Oulun Taidemuseolla esill\u00e4 olevaan laajaan sarjakuvan\u00e4yttelykokonaisuuteen, jonka Oulun Sarjakuvakeskus on koostanut yhteisty\u00f6kumppaniensa kanssa.<\/p>\n<p>Tilaisuudessa julkistetaan <em>101 sarjakuvaa Suomesta (Zum Teufel, 2017)<\/em> -sarjakuva-albumi, josta l\u00f6ytyv\u00e4t koostettuna kyseisen n\u00e4yttelyn teokset.<\/p>\n<p>Oulun Sarjakuvaseura my\u00f6nt\u00e4\u00e4 vuosittain Skrew You! -tunnustuspalkinnon pohjois-suomalaisen sarjakuvan eteen tehdyst\u00e4 ty\u00f6st\u00e4. Palkinto jaetaan t\u00e4n\u00e4 vuonna Comics Effects -n\u00e4yttelyn avajaisissa.<\/p>\n<p>Paikan p\u00e4\u00e4ll\u00e4 on taiteilijoiden ja muun ohjelmiston lis\u00e4ksi my\u00f6s aiheeseen sopivaa tarjoilua.<\/p>\n<p>Tervetuloa!<\/p>\n<p>\/\/\/\/\/\/\/\/\/\/<\/p>\n<p><span style=\"color: #333399;\">In the opening of the Comics Effects exhibition you can see the several comic exhibitions in the Oulu Museum of Arts with the artists. Oulu Comics Center has arranged the exhibitions with their partners.<\/span><\/p>\n<p><span style=\"color: #333399;\"><em>101 Comics from Finland (Zum Teufel, 2017)<\/em> comic album is announced in the event. From this comic book you can find the pieces of the exhibition.<\/span><\/p>\n<p><span style=\"color: #333399;\">Oulu Comics Center announces the winner of the yearly Skrew You! award for a member of the community who has done great work for the Northern Finnish comic scene. The award is given in the Comics Effects exhibition opening.<\/span><\/p>\n<p><span style=\"color: #333399;\">At the event you can meet artists and also find tasty servings.<\/span><\/p>\n<p><span style=\"color: #333399;\">Welcome!<\/span><\/p>\n<\/div><\/div>\n\t\t\t\t<\/li>\n\t\t\t \t<li class=\"event festivaali ffri klubi muu\">\n\t\t\t\t\t<div class=\"event-date\"><div class=\"end-date\"><div class=\"event-weekday\">Fri<\/div><div class=\"event-day\">01<\/div><div class=\"event-month\">Dec<\/div><div class=\"event-year\">2017<\/div><\/div><\/div>\n\t\t\t\t\t<div class=\"event-info multi-day\"><div class=\"event-title\"><h3>Termos-klubi 8 - Perdition Edition <\/h3><\/div><span class=\"event-time\">21:00 -<\/span><span class=\"event-location\">BINGO, M\u00e4kelininkatu 29<\/span><div class=\"event-details\"><p><a href=\"http:\/\/www.anagutieszca.com\" target=\"_blank\"><strong>Ana Gutieszca<\/strong><\/a><\/p>\n<p><span class=\"_5yl5\">Hiilij\u00e4ljest\u00e4 tulee \u00e4\u00e4ni, \u00e4\u00e4nest\u00e4 v\u00e4ristys. Itserakennettuja soittimia, kuvan l\u00e4pi ohjattua virtaa.<br \/>\n(mukana my\u00f6s Humanimal-duossa sek\u00e4 py\u00f6ritt\u00e4\u00e4 Third Space-galleriaa Helsingiss\u00e4)<br \/>\n<\/span><\/p>\n<p><span class=\"_5yl5\"><strong>Eilatar<\/strong><br \/>\nRunelmia, laulua ja kanteleen kieli\u00e4. Itselle tehtyj\u00e4 lauluja, jotka saattavat singahtaa suoraan syd\u00e4meen. Huolet ja murheet, ilot ja onnet ovat l\u00f6yt\u00e4neet sanallisen, harmoonisen, melodisen ja rytmisen muodon. T\u00e4m\u00e4 kanteletar soittaa sinut joko suohon tai taivaisiin. Jos tykk\u00e4\u00e4t, niin hyv\u00e4, jos et, niin \u00e4l\u00e4 sitten.<\/span><\/p>\n<p><a href=\"https:\/\/jaakkojunnila.bandcamp.com\" target=\"_blank\"><strong>Jaakko Junnila<\/strong><\/a><span class=\"_5yl5\"><br \/>\nErikokoisia \u00e4\u00e4ni\u00e4, musiikkia jostain v\u00e4limatkojen v\u00e4leist\u00e4.<br \/>\n(mukana mm Internet, Tungsten ja Kiva Talo-yhtyeiss\u00e4)<\/span><\/p>\n<p><strong>Antti Kainulainen<\/strong><br \/>\n<span class=\"_5yl5\">Nauhojen maisteri, kokeellisen s\u00e4hk\u00f6-\u00e4\u00e4nenmuodostuksen kokeilja. Lattialta l\u00f6ydettyj\u00e4 nauhoja tai niiden p\u00e4tki\u00e4 soi, koteloi pahviin ja loputtomuuteen.<br \/>\n(mukana my\u00f6s Mato Limiter-teknoryhm\u00e4ss\u00e4)<\/span><br \/>\nKatri Kangas<\/p>\n<p><strong>Sini Silveri<\/strong><br \/>\n<span class=\"_5yl5\">Runous ja kehon kuvitus, liikkeet ja kaihtimet, silmill\u00e4 &amp; silmilt\u00e4.<br \/>\n(mukana my\u00f6s mm. Internet-yhtyeess\u00e4)<\/span><\/p>\n<p><img loading=\"lazy\" decoding=\"async\" class=\"alignleft wp-image-3040 size-full\" src=\"http:\/\/www.oulucomics.com\/wp-content\/uploads\/2017\/11\/23140623_533136903695183_118439923_n.jpg\" alt=\"23140623_533136903695183_118439923_n\" width=\"539\" height=\"960\" srcset=\"https:\/\/www.oulucomics.com\/wp-content\/uploads\/2017\/11\/23140623_533136903695183_118439923_n.jpg 539w, https:\/\/www.oulucomics.com\/wp-content\/uploads\/2017\/11\/23140623_533136903695183_118439923_n-168x300.jpg 168w\" sizes=\"auto, (max-width: 539px) 100vw, 539px\" \/><\/p>\n<\/div><\/div>\n\t\t\t\t<\/li>\n\t\t\t \t<li class=\"event festivaali ffri paja\">\n\t\t\t\t\t<div class=\"event-date\"><div class=\"end-date\"><div class=\"event-weekday\">Fri<\/div><div class=\"event-day\">01<\/div><div class=\"event-month\">Dec<\/div><div class=\"event-year\">2017<\/div><\/div><\/div>\n\t\t\t\t\t<div class=\"event-info multi-day\"><div class=\"event-title\"><h3>MASTER COURSE: When the shape matters - Graphic design and marketing of a comic book<\/h3><\/div><span class=\"event-time\">9:00 - 13:00<\/span><span class=\"event-location\">Valve, Studio, Hallituskatu 7<\/span><div class=\"event-details\"><p>Close your eyes and imagine a comic book, how does it looks like?<\/p>\n<p>Are you ready? Your vision doesn\u2019t probably correspond what Leka\u2019s albums look like. Don\u2019t \u00a0get disappointed. At least not yet.<\/p>\n<p>*<\/p>\n<p>Kaisa and Christoffer Leka\u2019s comic books differ from the basic pattern. The pattern repeated in comic albums is strange for this couple.<\/p>\n<p>For Lekas all the books are individuals and they also look like it. Each albums are well considered combinations which are build up by the terms of the content. When the reader meets the book, the book should feel natural and also give small surprises by the format, paper, typography and binding.<\/p>\n<p>When building a book, Lekas are used to do collaboration with other professionals. Typographers, graphic designers and illustrators has been offering their knowledge to them.<\/p>\n<p>&nbsp;<\/p>\n<p>Couple is highlighting that it is important to recognize that you don\u2019t need to know everything by yourself - the most important thing is the idea and that you will find the right person to make the thing. Ready albums are always made by many hands.<\/p>\n<p>During the years, their team has been collaborating with indian street artists, hindu monks and internationally recognized font designers.<\/p>\n<p>*<\/p>\n<p>By thrusting their own vision, couple has been gathering markable visibility in the field of comics. Albums have been priced both gold and silver prizes and many of the albums have found their place from the best looking books.<\/p>\n<p>*<\/p>\n<p>Lecture based comic master course will present the detailed process from two albums, Time After Time (2014) and Imperfect (2017).<\/p>\n<p>On the course there will be talk about the publication event and organizing an exhibition and marketing campaign. There\u2019s also time for discussion on the course.<\/p>\n<p>*<\/p>\n<p>Cristoffer Leka is a graphic designer and a publisher. He is graduated as MA in arts. He teaches typography and graphic design at the Lahti University of Applied sciences.<\/p>\n<p>Kaisa Leka is a cartoonist and she is known beside the comics about her robot legs. She has also a Bachelor of Media studies.<\/p>\n<p>Language: English<br \/>\nParticipation fee: 10\u20ac<br \/>\nSeats: 45<br \/>\nSign up before November 28th via e-mail: taija@oulucomics.com<\/p>\n<p><figure id=\"attachment_3053\" aria-describedby=\"caption-attachment-3053\" style=\"width: 1024px\" class=\"wp-caption aligncenter\"><img loading=\"lazy\" decoding=\"async\" class=\"wp-image-3053 size-large\" src=\"http:\/\/www.oulucomics.com\/wp-content\/uploads\/2017\/11\/Leka_mestarikurssi-1024x728.jpg\" alt=\"cof\" width=\"1024\" height=\"728\" srcset=\"https:\/\/www.oulucomics.com\/wp-content\/uploads\/2017\/11\/Leka_mestarikurssi-1024x728.jpg 1024w, https:\/\/www.oulucomics.com\/wp-content\/uploads\/2017\/11\/Leka_mestarikurssi-300x213.jpg 300w, https:\/\/www.oulucomics.com\/wp-content\/uploads\/2017\/11\/Leka_mestarikurssi-768x546.jpg 768w, https:\/\/www.oulucomics.com\/wp-content\/uploads\/2017\/11\/Leka_mestarikurssi-1440x1023.jpg 1440w, https:\/\/www.oulucomics.com\/wp-content\/uploads\/2017\/11\/Leka_mestarikurssi-1050x746.jpg 1050w\" sizes=\"auto, (max-width: 1024px) 100vw, 1024px\" \/><figcaption id=\"caption-attachment-3053\" class=\"wp-caption-text\">Imperfect<\/figcaption><\/figure><\/p>\n<p>\/ \/ \/ \/ \/ \/ \/ \/ \/ \/ \/<\/p>\n<p><b>SARJAKUVAN MESTARIKURSSI: Kun muoto on merkityksellinen \u2013sarjakuvakirjan graafinen suunnittelu ja markkinointi <\/b><\/p>\n<p><b>Kaisa ja Cristoffer Leka<br \/>\n<\/b>1.12.2017 klo 9-13<br \/>\nKulttuuritalo Valve,<br \/>\nElokuvateatteri Studio 2krs.<br \/>\nHallituskatu 7, Oulu<\/p>\n<p>Sulje silm\u00e4si ja kuvittele, milt\u00e4 sarjakuvakirja n\u00e4ytt\u00e4\u00e4.<\/p>\n<p>Oletko valmis? Mielikuvasi ei todenn\u00e4k\u00f6isesti vastaa sit\u00e4 milt\u00e4 Lekojen teokset n\u00e4ytt\u00e4v\u00e4t. \u00c4l\u00e4 kuitenkaan pety. Ainakaan ihan viel\u00e4.<\/p>\n<p>*<\/p>\n<p>Kaisa ja Christoffer Lekan suunnittelemat sarjakuvakirjat eroavat perinteisest\u00e4 kaavamaisesta albumiajattelusta. Ajatus siit\u00e4, ett\u00e4 jokainen teos on muodoltaan identtinen toistensa kanssa on pariskunnalle vieras.<\/p>\n<p>Lekoille kirjat ovat yksil\u00f6it\u00e4. Ja n\u00e4in ollen ne my\u00f6s saavat n\u00e4ytt\u00e4\u00e4 yksil\u00f6llisilt\u00e4. Jokainen julkaisu on tarkkaan harkittu kokonaisuus, jossa muoto m\u00e4\u00e4r\u00e4ytyy sis\u00e4ll\u00f6n ehdoilla. Kun lukija aikanaan kohtaa teoksen, tulisi kirjan formaatin, paperin, typografian ja sidosasun tuntua samalla sek\u00e4 luontevalta ett\u00e4 yll\u00e4tykselliselt\u00e4.<\/p>\n<p>Kirjojen toteutuksessa Lekat ovat kunnostautuneet tekem\u00e4ll\u00e4 yhteisty\u00f6t\u00e4 kirjavan ammattilaisjoukon kanssa \u2013 typografit, graafikot ja kuvittajat ovat \u00a0tarjonneet oman osaamisensa kaksikon k\u00e4ytt\u00f6\u00f6n.<\/p>\n<p>Lekat korostavat ty\u00f6skentelyss\u00e4\u00e4n sit\u00e4, miten t\u00e4rke\u00e4\u00e4 on ymm\u00e4rt\u00e4\u00e4 ettei kaikkea tarvitse osata tehd\u00e4 itse \u2013 t\u00e4rkeint\u00e4 on hyv\u00e4 idea ja se, ett\u00e4 idean toteuttamiseen l\u00f6ytyy oikea henkil\u00f6. Valmiit teokset ovat aina monien k\u00e4sien ty\u00f6n tulos.<\/p>\n<p>Vuosien varrella yhteisty\u00f6kumppanien joukkoon onkin kuulunut muun muassa intialaisia katutaiteilijoita, hindumunkkeja sek\u00e4 kansainv\u00e4lisesti arvostettuja fonttisuunnittelijoita.<\/p>\n<p>*<\/p>\n<p>Omaan n\u00e4kemykseens\u00e4 luottaen Lekat ovat vuosien saatossa saavuttaneet sarjakuvakent\u00e4ll\u00e4 poikeuksellista n\u00e4kyvyytt\u00e4 \u2013 pariskunnan teoksia on palkittu niin kulta- kuin hopeahuipuillakin, ja moni niteist\u00e4 on l\u00f6yt\u00e4nyt paikkansa vuoden kauneimpien kirjojen kokoelmasta.<\/p>\n<p>*<\/p>\n<p>Luentomuotoisella mestarikurssilla esitell\u00e4\u00e4n yksityiskohtaisesti kahden sarjakuvakirjan, vuonna 2014 ilmestyneen Time After Timen ja viime kev\u00e4\u00e4n\u00e4 ilmestyneen Imperfectin, suunnitteluprosessia. Mestarikurssin osallistujat p\u00e4\u00e4sev\u00e4t tutustumaan runsaan kuvamateriaalin kautta teoksien syntyyn luonnoksista alkaen.<\/p>\n<p>Mestarikurssilla k\u00e4sitell\u00e4\u00e4n my\u00f6s julkaisutilaisuuden ja sarjakuvan\u00e4yttelyn j\u00e4rjest\u00e4mist\u00e4 sek\u00e4 markkinointikampanjan toteuttamista. Kurssilla varataan my\u00f6s aikaa keskusteluille ja ajatustenvaihdolle.<\/p>\n<p>*<\/p>\n<p>Christoffer Leka on graafinen suunnittelija ja kustantaja, joka jossain vaiheessa opiskeli muun tekemisen ohella taiteen maisteriksi. H\u00e4n opettaa omien t\u00f6idens\u00e4 ohella Lahden Muotoiluinstituutissa typografiaa ja graafista suunnittelua.<\/p>\n<p>Kaisa Leka on sarjakuvapiirt\u00e4j\u00e4, joka on taiteellisen ty\u00f6ns\u00e4 ohella tullut tunnetuksi tyyppin\u00e4, jolla on robottijalat. H\u00e4n on my\u00f6s medianomi.<\/p>\n<p>Osallistumismaksu: 10\u20ac<br \/>\nKieli: englanti<br \/>\nPaikkoja: 45<br \/>\nIlmoittautuminen 28.11. menness\u00e4: <a href=\"mailto:taija@oulucomics.com\">taija@oulucomics.com<\/a><\/p>\n<\/div><\/div>\n\t\t\t\t<\/li>\n\t\t\t \t<li class=\"event festivaali ffri\">\n\t\t\t\t\t<div class=\"event-date\"><div class=\"end-date\"><div class=\"event-weekday\">Fri<\/div><div class=\"event-day\">01<\/div><div class=\"event-month\">Dec<\/div><div class=\"event-year\">2017<\/div><\/div><\/div>\n\t\t\t\t\t<div class=\"event-info multi-day\"><div class=\"event-title\"><h3>Agenttien ty\u00f6, agenttisopimus ja lisensoinnin perusteet<\/h3><\/div><span class=\"event-time\">09:30<\/span><span class=\"event-location\">Main library, Sarjasto (Kaarlenv\u00e4yl\u00e4 3, 3rd floor)<\/span><div class=\"event-details\"><p><em>Kati Uusi-Rauva, director, AGMA ry - <\/em><em>Agents and Managers in Creative Industries<\/em><\/p>\n<p>Luovan talouden agentit ja managerit yhdistys ry AGMA edustaa yrityksi\u00e4, jotka toimivat v\u00e4litt\u00e4jin\u00e4 kaikilla luovilla aloilla kuten designin, graafisen suunnittelun, kustannustoiminnan, valokuvauksen, esitt\u00e4vien taiteiden, musiikin, pelien ja median aloilla.<\/p>\n<\/div><\/div>\n\t\t\t\t<\/li>\n\t\t\t \t<li class=\"event festivaali muu nayttelyt\">\n\t\t\t\t\t<div class=\"event-date multi-date\"><div class=\"start-date\"><div class=\"event-weekday\">Sat<\/div><div class=\"event-day\">02<\/div><div class=\"event-month\">Dec<\/div><div class=\"event-year\">2017<\/div><\/div><div class=\"end-date\"><div class=\"event-weekday\">Sun<\/div><div class=\"event-day\">17<\/div><div class=\"event-month\">Dec<\/div><div class=\"event-year\">2017<\/div><\/div><\/div>\n\t\t\t\t\t<div class=\"event-info multi-day\"><div class=\"event-title\"><h3>Clara Jetsmark&#039;s exhibition<\/h3><\/div><span class=\"event-location\">Asematunneli, Hallituskatu XXX, Oulu<\/span><div class=\"event-details\"><p><strong>Clara Jetsmark<\/strong>, b. 1991, is a cartoonist and illustrator from Denmark. Her work ranges from applied comics and illustration to abstract poetry comics and fantastical short-stories, such as the Ping-prize-winning mini-comic My Dead Mother (Uncivilized Books, 2016).<\/p>\n<p>Whether her subjects are human characters, wild beasts or geometric shapes and lines, Jetsmark often displays a unique sensibility for character-acting and movement, which reveals her interest in theater, dance and above all music. With an upbringing surrounded by the performing arts and culture, she has pursued art, music and theater until she discovered the medium of comics. Now she translates her sense of rhythm into often grid-based and poetic comic pages.<\/p>\n<p>Her clean visual style and simple coloring lets the sometimes heavy themes breathe. And In her often hand-bound sketchbooks she jots down details from the world around her, exploring characters and spaces, to form a library of inspiration for her work.<\/p>\n<p>Her commercial work includes clients such as Reden International, Weekendavisen and journalistic comics website The Nib.\"<\/p>\n<p><img loading=\"lazy\" decoding=\"async\" class=\"aligncenter wp-image-3106 size-large\" src=\"http:\/\/www.oulucomics.com\/wp-content\/uploads\/2017\/11\/Fear_of_Knowledge_spread_-1-1024x724.jpg\" alt=\"Fear_of_Knowledge_spread_ (1)\" width=\"1024\" height=\"724\" srcset=\"https:\/\/www.oulucomics.com\/wp-content\/uploads\/2017\/11\/Fear_of_Knowledge_spread_-1-1024x724.jpg 1024w, https:\/\/www.oulucomics.com\/wp-content\/uploads\/2017\/11\/Fear_of_Knowledge_spread_-1-300x212.jpg 300w, https:\/\/www.oulucomics.com\/wp-content\/uploads\/2017\/11\/Fear_of_Knowledge_spread_-1-768x543.jpg 768w, https:\/\/www.oulucomics.com\/wp-content\/uploads\/2017\/11\/Fear_of_Knowledge_spread_-1-1440x1018.jpg 1440w, https:\/\/www.oulucomics.com\/wp-content\/uploads\/2017\/11\/Fear_of_Knowledge_spread_-1-1050x742.jpg 1050w\" sizes=\"auto, (max-width: 1024px) 100vw, 1024px\" \/><\/p>\n<\/div><\/div>\n\t\t\t\t<\/li>\n\t\t\t \t<li class=\"event festivaali fsat signing\">\n\t\t\t\t\t<div class=\"event-date\"><div class=\"end-date\"><div class=\"event-weekday\">Sat<\/div><div class=\"event-day\">02<\/div><div class=\"event-month\">Dec<\/div><div class=\"event-year\">2017<\/div><\/div><\/div>\n\t\t\t\t\t<div class=\"event-info multi-day\"><div class=\"event-title\"><h3>Oulun pohjoismainen sarjakuvakilpailu 2017 palkintojen jako | Oulu Nordic Comics Competition 2017 awards ceremony<\/h3><\/div><span class=\"event-time\">11:00<\/span><span class=\"event-location\">Main library, main stage  (Kaarlenv\u00e4yl\u00e4 3)<\/span><div class=\"event-details\"><p><img loading=\"lazy\" decoding=\"async\" class=\"alignleft size-full wp-image-2955\" src=\"http:\/\/www.oulucomics.com\/wp-content\/uploads\/2017\/10\/en.jpg\" alt=\"en\" width=\"23\" height=\"20\" \/><\/p>\n<p><span style=\"color: #333399;\"><img loading=\"lazy\" decoding=\"async\" class=\"alignright size-medium wp-image-3047\" src=\"http:\/\/www.oulucomics.com\/wp-content\/uploads\/2017\/11\/greenwater-212x300.jpg\" alt=\"greenwater\" width=\"212\" height=\"300\" srcset=\"https:\/\/www.oulucomics.com\/wp-content\/uploads\/2017\/11\/greenwater-212x300.jpg 212w, https:\/\/www.oulucomics.com\/wp-content\/uploads\/2017\/11\/greenwater.jpg 424w\" sizes=\"auto, (max-width: 212px) 100vw, 212px\" \/>The winners of\u00a0the Oulu Nordic Comics Competition 2017 will be revealed.\u00a0The comic album which includes the three winners and three honorary mentions will be available. Also in the award ceremony the theme of the Oulu Nordic Comics Competition 2018 will be revealed. Veli-Matti Ural interviews the winners.<\/span><\/p>\n<p>\/\/\/\/\/\/\/\/\/\/<\/p>\n<p>Vuoden 2017 Pohjoismaisen sarjakuvakilpailun voittajat julkistetaan. Sarjakuva-albumi, joka sis\u00e4lt\u00e4\u00e4 kolme palkittua sarjakuvaa ja kolme kunniamainintaa julkistetaan. Palkintogaalan yhteydess\u00e4 paljastetaan my\u00f6s vuoden 2018 Pohjoismaisen sarjakuvakilpailun teema. Veli-Matti Ural haastattelee voittajia.<\/p>\n<\/div><\/div>\n\t\t\t\t<\/li>\n\t\t\t \t<li class=\"event festivaali fsat sarjasto signing\">\n\t\t\t\t\t<div class=\"event-date\"><div class=\"end-date\"><div class=\"event-weekday\">Sat<\/div><div class=\"event-day\">02<\/div><div class=\"event-month\">Dec<\/div><div class=\"event-year\">2017<\/div><\/div><\/div>\n\t\t\t\t\t<div class=\"event-info multi-day\"><div class=\"event-title\"><h3>Sarjakuvakeidas \/ Comics Oasis<\/h3><\/div><span class=\"event-time\">11:00 - 18:30<\/span><span class=\"event-location\">Main library (Kaarlenv\u00e4yl\u00e4 3)<\/span><div class=\"event-details\"><p>Lue lis\u00e4\u00e4 Sarjakuvakeitaasta \/ <span style=\"color: #333399;\">Read more about Comics Oasis<\/span>:<\/p>\n<p><a href=\"http:\/\/www.oulucomics.com\/fest\/program-2017\/comics-oasis\/\">http:\/\/www.oulucomics.com\/fest\/program-2017\/comics-oasis\/<\/a><\/p>\n<\/div><\/div>\n\t\t\t\t<\/li>\n\t\t\t \t<li class=\"event festivaali fsat sarjasto\">\n\t\t\t\t\t<div class=\"event-date\"><div class=\"end-date\"><div class=\"event-weekday\">Sat<\/div><div class=\"event-day\">02<\/div><div class=\"event-month\">Dec<\/div><div class=\"event-year\">2017<\/div><\/div><\/div>\n\t\t\t\t\t<div class=\"event-info multi-day\"><div class=\"event-title\"><h3>Lasten sarjakuvanurkkaus<\/h3><\/div><span class=\"event-time\">11:00 - 18:30<\/span><span class=\"event-location\">Main library (Kaarlenv\u00e4yl\u00e4 3)<\/span><div class=\"event-details\"><p>Festivaaleilla on lapsille ja lapsiperheille suunnattu sarjakuvanurkkaus. Tarjolla erilaisia omatoimiteht\u00e4vi\u00e4 sek\u00e4 helppoja ett\u00e4 astetta haastavampia. Tekemisen lis\u00e4ksi touhupisteell\u00e4\u00a0on mahdollisuus tutustua lapsille suunnatuihin sarjakuviin.<\/p>\n<p><img loading=\"lazy\" decoding=\"async\" class=\"size-medium wp-image-3036 aligncenter\" src=\"http:\/\/www.oulucomics.com\/wp-content\/uploads\/2017\/11\/poppari-300x286.png\" alt=\"poppari\" width=\"300\" height=\"286\" srcset=\"https:\/\/www.oulucomics.com\/wp-content\/uploads\/2017\/11\/poppari-300x286.png 300w, https:\/\/www.oulucomics.com\/wp-content\/uploads\/2017\/11\/poppari.png 630w\" sizes=\"auto, (max-width: 300px) 100vw, 300px\" \/><\/p>\n<p>P\u00e4iv\u00e4n aikana syntyv\u00e4t taideteokset voi laittaa esille ilahduttamaan muita festivaalik\u00e4vij\u00f6it\u00e4 tai vied\u00e4 kotiin koristamaan omaa sein\u00e4\u00e4ns\u00e4.<\/p>\n<p>Tapahtuma on osa Lasten kulttuurikaupunki Oulun ohjelmistoa.<img loading=\"lazy\" decoding=\"async\" class=\"alignright size-full wp-image-2074\" src=\"http:\/\/www.oulucomics.com\/wp-content\/uploads\/2017\/03\/lkko150.png\" alt=\"lkko150\" width=\"150\" height=\"150\" \/><\/p>\n<\/div><\/div>\n\t\t\t\t<\/li>\n\t\t\t \t<li class=\"event festivaali fsat sarjasto\">\n\t\t\t\t\t<div class=\"event-date\"><div class=\"end-date\"><div class=\"event-weekday\">Sat<\/div><div class=\"event-day\">02<\/div><div class=\"event-month\">Dec<\/div><div class=\"event-year\">2017<\/div><\/div><\/div>\n\t\t\t\t\t<div class=\"event-info multi-day\"><div class=\"event-title\"><h3>Nina Lappalainen ja Raili Kantola: T\u00e4hti - sarjakuvaoriginaaleja tekstiileist\u00e4<\/h3><\/div><span class=\"event-time\">11:15<\/span><span class=\"event-location\">Main library, Sarjasto (Kaarlenv\u00e4yl\u00e4 3, 3rd floor)<\/span><div class=\"event-details\"><p><img loading=\"lazy\" decoding=\"async\" class=\"alignleft size-full wp-image-2956\" src=\"http:\/\/www.oulucomics.com\/wp-content\/uploads\/2017\/10\/fi.jpg\" alt=\"fi\" width=\"23\" height=\"20\" \/><\/p>\n<p>&nbsp;<\/p>\n<p>T\u00e4hti on sarjakuva pienest\u00e4 merit\u00e4hdest\u00e4 ja sen kautta haaveista, peloista, kaipauksesta ja onnesta. Raili Kantola on applikoinut sarjakuvan jokaisen ruudun suureksi\u00a0 tekstiilitauluksi ja koristellut taulut napeilla, paljeteilla, helmill\u00e4, kirjonnoilla ja muilla pienill\u00e4 yksityiskohdilla.<\/p>\n<p><strong>Nina Lappalaisen<\/strong> k\u00e4sikirjoittama sarjakuva ilmestyi t\u00e4n\u00e4 syksyn\u00e4 ja sen tekstiilitaulut ovat t\u00e4ll\u00e4 hetkell\u00e4\u00a0esill\u00e4 Kemin sarjakuvakeskuksen n\u00e4yttelyss\u00e4.<\/p>\n<p>T\u00e4hte\u00e4 l\u00f6ytyy Laten ja kumppanien pienlehtip\u00f6yd\u00e4st\u00e4 sarjakuvakeitaalta lauantaina 2.12. klo 11-18:30. P\u00f6yd\u00e4ss\u00e4 on\u00a0 runsaasti pienlehti\u00e4 ja omakustanteita yhteiskunnallisista aiheista sek\u00e4 saduista, ja mukaan saattaa ehti\u00e4 my\u00f6s painotuoretta fantasiaa!<\/p>\n<p><img loading=\"lazy\" decoding=\"async\" class=\"aligncenter size-medium wp-image-2975\" src=\"http:\/\/www.oulucomics.com\/wp-content\/uploads\/2017\/10\/tiedotteeseen02-300x241.jpg\" alt=\"tiedotteeseen02\" width=\"300\" height=\"241\" srcset=\"https:\/\/www.oulucomics.com\/wp-content\/uploads\/2017\/10\/tiedotteeseen02-300x241.jpg 300w, https:\/\/www.oulucomics.com\/wp-content\/uploads\/2017\/10\/tiedotteeseen02-768x618.jpg 768w, https:\/\/www.oulucomics.com\/wp-content\/uploads\/2017\/10\/tiedotteeseen02-1024x824.jpg 1024w, https:\/\/www.oulucomics.com\/wp-content\/uploads\/2017\/10\/tiedotteeseen02-1440x1158.jpg 1440w, https:\/\/www.oulucomics.com\/wp-content\/uploads\/2017\/10\/tiedotteeseen02-1050x845.jpg 1050w\" sizes=\"auto, (max-width: 300px) 100vw, 300px\" \/><\/p>\n<\/div><\/div>\n\t\t\t\t<\/li>\n\t\t\t \t<li class=\"event festivaali fsat\">\n\t\t\t\t\t<div class=\"event-date\"><div class=\"end-date\"><div class=\"event-weekday\">Sat<\/div><div class=\"event-day\">02<\/div><div class=\"event-month\">Dec<\/div><div class=\"event-year\">2017<\/div><\/div><\/div>\n\t\t\t\t\t<div class=\"event-info multi-day\"><div class=\"event-title\"><h3>Kristian Hellesund \/ Lecture: New optics on Norwegian comics history<\/h3><\/div><span class=\"event-time\">11:30<\/span><span class=\"event-location\">Main library, main stage  (Kaarlenv\u00e4yl\u00e4 3)<\/span><div class=\"event-details\"><p><span style=\"color: #333399;\"><img loading=\"lazy\" decoding=\"async\" class=\"size-full wp-image-2955 alignleft\" src=\"http:\/\/www.oulucomics.com\/wp-content\/uploads\/2017\/10\/en.jpg\" alt=\"en\" width=\"23\" height=\"20\" \/><\/span><\/p>\n<p>&nbsp;<\/p>\n<p><span style=\"color: #333399;\">Special lecture about history of Norwegian comics and <strong>Kristian Hellesund<\/strong>`s soon-to-be published book.<\/span><\/p>\n<p><span style=\"color: #333399;\">There has been very little research around comics in Norway. There are few papers written by scholars and researchers, and students of literature, arts and history usually pick other subjects than comics for their master or doctoral theses.<\/span><\/p>\n<p><span style=\"color: #333399;\">Most of the work around Norwegian comics history has been done by enthusiasts documenting comic books released by various publishers. The first catalogue of comic book releases in Norway, Norsk Tegneserie Index, was released in 1983. Later there have been seven updated editions of this book. One challenge for researchers is that there are comics published in newspapers and magazines that are not documented in these books.<\/span><\/p>\n<p><span style=\"color: #333399;\">In my lecture I will present some finds from my work on a book chronicling the history of comics in Norway. After research in libraries and archives, I have found rare and sometimes undocumented comics by Norwegian artists. In some cases the artists involved are better known for their work in other fields.<\/span><\/p>\n<p><span style=\"color: #333399;\">I have also documented that what are believed to be early American comic strips and Sunday pages published in Norway, have actually been redrawn and remediated into picture stories with text under the drawings. In my lecture I will present various examples of original American comics and the redrawn versions from Norwegian newspapers, magazines and comic books. I will show the differences through storytelling and remediating and give my thoughts on why this was done. Perhaps some of the artists involved were Norwegian?<\/span><\/p>\n<p><span style=\"color: #333399;\">My hypothesis is that we now need new optics to look at the Norwegian comics history. I will therefore present an updated timeline for Norwegian comics history. This timeline will include works from before World War 2, comics works from the 1950s and 1960s, works by the Norsk MAD and Pyton generation and modern comics strips and graphic novels.<\/span><\/p>\n<p><span style=\"color: #333399;\">Among the important names in my lecture are Olaf Gulbransson, Ragnvald Blix, Jens R. Nilssen, Solveig Muren Sanden, H\u00e5kon Aasnes, Knut Westad, Arild Midthun, Steffen Kverneland, Tommy Syds\u00e6ter, Frode \u00d8verli, Lars Fiske, Lise Myhre, Lene Ask, \u00d8ystein Runde, Ida Neverdahl, Anja Dahle \u00d8verbye and the Dongery collective.<\/span><\/p>\n<\/div><\/div>\n\t\t\t\t<\/li>\n\t\t\t \t<li class=\"event festivaali fsat sarjasto\">\n\t\t\t\t\t<div class=\"event-date\"><div class=\"end-date\"><div class=\"event-weekday\">Sat<\/div><div class=\"event-day\">02<\/div><div class=\"event-month\">Dec<\/div><div class=\"event-year\">2017<\/div><\/div><\/div>\n\t\t\t\t\t<div class=\"event-info multi-day\"><div class=\"event-title\"><h3>Riika Ruottinen: Keskenmenosaappaat<\/h3><\/div><span class=\"event-time\">11:45<\/span><span class=\"event-location\">Main library, Sarjasto (Kaarlenv\u00e4yl\u00e4 3, 3rd floor)<\/span><div class=\"event-details\"><p><img loading=\"lazy\" decoding=\"async\" class=\"alignleft size-full wp-image-2956\" src=\"http:\/\/www.oulucomics.com\/wp-content\/uploads\/2017\/10\/fi.jpg\" alt=\"fi\" width=\"23\" height=\"20\" \/><\/p>\n<p>&nbsp;<\/p>\n<p><strong><img loading=\"lazy\" decoding=\"async\" class=\"alignright size-medium wp-image-2979\" src=\"http:\/\/www.oulucomics.com\/wp-content\/uploads\/2017\/10\/keskenmenosaappaat-226x300.jpg\" alt=\"keskenmenosaappaat\" width=\"226\" height=\"300\" srcset=\"https:\/\/www.oulucomics.com\/wp-content\/uploads\/2017\/10\/keskenmenosaappaat-226x300.jpg 226w, https:\/\/www.oulucomics.com\/wp-content\/uploads\/2017\/10\/keskenmenosaappaat.jpg 294w\" sizes=\"auto, (max-width: 226px) 100vw, 226px\" \/>Riika Ruottisen<\/strong> <em>Keskenmenosaappaat\u00a0- Sarjakuvia lapsettomuudesta (omakustanne, 2011)<\/em> tallaa lapsettomuuden tabun p\u00e4\u00e4lle ja potkiskelee tielt\u00e4\u00e4n ennakkoluuloja lis\u00e4\u00e4ntymisen vaivattomuudesta. N\u00e4ill\u00e4 saappailla on kompuroitu l\u00e4pi hoitojen ja hormonimyrskyjen, ep\u00e4uskon ja eritteiden, pettymyksien ja jostain aina uudelleen kumpuilevan toivon.<\/p>\n<p>Albumissa k\u00e4sitell\u00e4\u00e4n lapsettomuuden kipupisteit\u00e4 omakohtaisesti, kitker\u00e4n ironisesti, rohkeasti ja my\u00f6s koskettavasti. Asia on voimakas ja henkil\u00f6kohtainen, mutta samalla tuhansien ihmisten el\u00e4m\u00e4\u00e4 koskettava. Keskenmenosaappaat koostuu niin lyhyist\u00e4 yksisivuisista kuin muutamista pidemmist\u00e4kin tarinoista.<\/p>\n<p>Ruottinen sai vuonna 2011 Lapsettomien yhdistys Simpukka ry:n Simpukan Helmi -tunnustuksen sarjakuvablogistaan sek\u00e4 sarjakuva-albumistaan Keskenmenosaappaat.\u00a0Tutustu Meinasin kaatua -sarjakuvablogiin ja luo samalla vilkaisu Keskenmenosaappaisiin:\u00a0<a href=\"http:\/\/meinasinkaatua.sarjakuvablogit.com\/\" target=\"_blank\">http:\/\/meinasinkaatua.sarjakuvablogit.com\/<\/a>.<\/p>\n<\/div><\/div>\n\t\t\t\t<\/li>\n\t\t\t \t<li class=\"event festivaali fsat sarjasto\">\n\t\t\t\t\t<div class=\"event-date\"><div class=\"end-date\"><div class=\"event-weekday\">Sat<\/div><div class=\"event-day\">02<\/div><div class=\"event-month\">Dec<\/div><div class=\"event-year\">2017<\/div><\/div><\/div>\n\t\t\t\t\t<div class=\"event-info multi-day\"><div class=\"event-title\"><h3>Suku, Sisu ja sotu - Suomalaisen sosiaaliturvan vaiheita<\/h3><\/div><span class=\"event-time\">12:00<\/span><span class=\"event-location\">Main library, Sarjasto (Kaarlenv\u00e4yl\u00e4 3, 3rd floor)<\/span><div class=\"event-details\"><p><img loading=\"lazy\" decoding=\"async\" class=\"alignleft size-full wp-image-2956\" src=\"http:\/\/www.oulucomics.com\/wp-content\/uploads\/2017\/10\/fi.jpg\" alt=\"fi\" width=\"23\" height=\"20\" \/><\/p>\n<p>&nbsp;<\/p>\n<p>Kelan kustantama Suomen sosiaaliturvan tarina fiktiivisen Valtasen suvun vaiheiden ja el\u00e4m\u00e4n kautta. K\u00e4sikirjoitukse<wbr \/>en on konsultoitu Kelan asiantuntijoita<wbr \/> ja tutkijoita, sarjakuvak\u00e4siki<wbr \/>rjoitus <strong>Jarkko Remahl<\/strong>, piirt\u00e4j\u00e4t kahdenkymmenen vuoden jaksoissa <strong>Aapo Kukko<\/strong>, Petrus Louhio, Iina Silventoinen, <strong>Niilo K\u00e4m\u00e4r\u00e4inen<\/strong>, <strong>Tessa Astre<\/strong> ja <strong>Emu Haapam\u00e4ki<\/strong>.<\/p>\n<p>L\u00e4hes satasivuinen, painettuna ja netiss\u00e4\u00a0pdf:n\u00e4 jaeltava sarjakuvamonume<wbr \/>ntti on el\u00e4m\u00e4nmakuinen ja rehellinen kuvaus yhden kansakunnan vaiheista yhden perheen tarinan kautta kuvailtuna.<\/p>\n<p><img loading=\"lazy\" decoding=\"async\" class=\"alignright wp-image-3038 size-full\" src=\"http:\/\/www.oulucomics.com\/wp-content\/uploads\/2017\/11\/Kela-sarjakuva-Aapo-Kukko_WEB.jpg\" alt=\"Kela sarjakuva Aapo Kukko_WEB\" width=\"673\" height=\"1000\" srcset=\"https:\/\/www.oulucomics.com\/wp-content\/uploads\/2017\/11\/Kela-sarjakuva-Aapo-Kukko_WEB.jpg 673w, https:\/\/www.oulucomics.com\/wp-content\/uploads\/2017\/11\/Kela-sarjakuva-Aapo-Kukko_WEB-202x300.jpg 202w\" sizes=\"auto, (max-width: 673px) 100vw, 673px\" \/><\/p>\n<p>&nbsp;<\/p>\n<\/div><\/div>\n\t\t\t\t<\/li>\n\t\t\t \t<li class=\"event festivaali fsat\">\n\t\t\t\t\t<div class=\"event-date\"><div class=\"end-date\"><div class=\"event-weekday\">Sat<\/div><div class=\"event-day\">02<\/div><div class=\"event-month\">Dec<\/div><div class=\"event-year\">2017<\/div><\/div><\/div>\n\t\t\t\t\t<div class=\"event-info multi-day\"><div class=\"event-title\"><h3>H-P Lehkonen<\/h3><\/div><span class=\"event-time\">12:15<\/span><span class=\"event-location\">Main library, main stage  (Kaarlenv\u00e4yl\u00e4 3)<\/span><div class=\"event-details\"><p><img loading=\"lazy\" decoding=\"async\" class=\"size-full wp-image-2955 alignleft\" src=\"http:\/\/www.oulucomics.com\/wp-content\/uploads\/2017\/10\/en.jpg\" alt=\"en\" width=\"23\" height=\"20\" \/><\/p>\n<p>&nbsp;<\/p>\n<p><img loading=\"lazy\" decoding=\"async\" class=\"alignright size-medium wp-image-2982\" src=\"http:\/\/www.oulucomics.com\/wp-content\/uploads\/2017\/10\/sgs_hp-209x300.jpg\" alt=\"sgs_hp\" width=\"209\" height=\"300\" srcset=\"https:\/\/www.oulucomics.com\/wp-content\/uploads\/2017\/10\/sgs_hp-209x300.jpg 209w, https:\/\/www.oulucomics.com\/wp-content\/uploads\/2017\/10\/sgs_hp.jpg 418w\" sizes=\"auto, (max-width: 209px) 100vw, 209px\" \/><\/p>\n<\/div><\/div>\n\t\t\t\t<\/li>\n\t\t\t \t<li class=\"event festivaali fsat sarjasto signing\">\n\t\t\t\t\t<div class=\"event-date\"><div class=\"end-date\"><div class=\"event-weekday\">Sat<\/div><div class=\"event-day\">02<\/div><div class=\"event-month\">Dec<\/div><div class=\"event-year\">2017<\/div><\/div><\/div>\n\t\t\t\t\t<div class=\"event-info multi-day\"><div class=\"event-title\"><h3>Julkkarit: Tohtori K:n katvealue<\/h3><\/div><span class=\"event-time\">12:30<\/span><span class=\"event-location\">Main library, Sarjasto (Kaarlenv\u00e4yl\u00e4 3, 3rd floor)<\/span><div class=\"event-details\"><p><img loading=\"lazy\" decoding=\"async\" class=\"alignleft size-full wp-image-2956\" src=\"http:\/\/www.oulucomics.com\/wp-content\/uploads\/2017\/10\/fi.jpg\" alt=\"fi\" width=\"23\" height=\"20\" \/><\/p>\n<p>&nbsp;<\/p>\n<p><em>Tohtori K:n Katvealue (Pokuto, 2017)<\/em> saapuu painomusteen tuoksuisena painosta ilahduttamaan festivaalivieraiden lauantaita.<\/p>\n<p><strong><img loading=\"lazy\" decoding=\"async\" class=\"alignright size-medium wp-image-3037\" src=\"http:\/\/www.oulucomics.com\/wp-content\/uploads\/2017\/11\/triK_kansi-300x212.jpg\" alt=\"triK_kansi\" width=\"300\" height=\"212\" srcset=\"https:\/\/www.oulucomics.com\/wp-content\/uploads\/2017\/11\/triK_kansi-300x212.jpg 300w, https:\/\/www.oulucomics.com\/wp-content\/uploads\/2017\/11\/triK_kansi-768x543.jpg 768w, https:\/\/www.oulucomics.com\/wp-content\/uploads\/2017\/11\/triK_kansi.jpg 849w\" sizes=\"auto, (max-width: 300px) 100vw, 300px\" \/>Tohtori K<\/strong> on yksi niist\u00e4 suurista mysteerioista, joita moderni rajatiede ei ole kyennyt viel\u00e4 ratkaisemaan. T\u00e4m\u00e4 harmaa eminenssi kommunikoi yleis\u00f6ns\u00e4 kanssa l\u00e4hes. yksinomaan karkeiden ja monasti el\u00e4m\u00e4n savipuoleen keskittyvien sarjakuvien v\u00e4lityksell\u00e4, aina vain uusia kysymyksi\u00e4 her\u00e4tt\u00e4en.<\/p>\n<p>Mik\u00e4li haluat v\u00e4en v\u00e4ng\u00e4ll\u00e4 v\u00e4\u00e4rist\u00e4\u00e4 kokemusmaailmaasi, pid\u00e4 huivista kiinni Irene ja tule kuuntelemaan lis\u00e4\u00e4 Tohtori K:n Katvealueesta.<\/p>\n<\/div><\/div>\n\t\t\t\t<\/li>\n\t\t\t \t<li class=\"event festivaali fsat\">\n\t\t\t\t\t<div class=\"event-date\"><div class=\"end-date\"><div class=\"event-weekday\">Sat<\/div><div class=\"event-day\">02<\/div><div class=\"event-month\">Dec<\/div><div class=\"event-year\">2017<\/div><\/div><\/div>\n\t\t\t\t\t<div class=\"event-info multi-day\"><div class=\"event-title\"><h3>Karstein Volle (Norway)<\/h3><\/div><span class=\"event-time\">12:45<\/span><span class=\"event-location\">Main library, main stage  (Kaarlenv\u00e4yl\u00e4 3)<\/span><div class=\"event-details\"><p><img loading=\"lazy\" decoding=\"async\" class=\"size-full wp-image-2955 alignleft\" src=\"http:\/\/www.oulucomics.com\/wp-content\/uploads\/2017\/10\/en.jpg\" alt=\"en\" width=\"23\" height=\"20\" \/><\/p>\n<p>&nbsp;<\/p>\n<p><img loading=\"lazy\" decoding=\"async\" class=\"size-medium wp-image-2969\" src=\"http:\/\/www.oulucomics.com\/wp-content\/uploads\/2017\/10\/vinossa-221x300.jpg\" alt=\"muffens-cover-final\" width=\"221\" height=\"300\" \/><\/p>\n<p><span style=\"color: #333399;\">Interview of a Norwegian illustrator and comic artist <strong>Karstein Volle<\/strong>, who has lived in Helsinki since 1999.<\/span><\/p>\n<p><span style=\"color: #333399;\">Volle's newest work is <em>Vinossa (Like, 2015)<\/em>, which he has made in collaboration with Knut N\u00e6rum. Fantastic comic book contains six comic short stories and the frame story, which tells about the alternative world behind the stories. Chilling but sometimes also gentle stories adapt the spirit of 60s-70s science fiction.<\/span><\/p>\n<p>\/\/\/\/\/\/\/\/\/\/<\/p>\n<p>Haastateltavana norjalainen kuvittaja ja sarjakuvataiteilija <strong>Karstein Volle<\/strong>, joka on asunut Helsingiss\u00e4\u00a0vuodesta 1999 alkaen.<\/p>\n<p>H\u00e4nen uusin tuorein teoksensa on\u00a0<em>Vinossa (Like, 2015)<\/em>\u00a0, jonka Volle on toteuttanut yhteisty\u00f6ss\u00e4 N\u00e6rumin kanssa. Fantastinen sarjakuvaromaani\u00a0muodostuu kuudesta sarjakuvanovellista sek\u00e4 kehyskertomuksesta, jossa kuvataan tarinat synnytt\u00e4nytt\u00e4 vaihtoehtomaailmaa. Hyyt\u00e4v\u00e4t ja toisinaan my\u00f6s lempe\u00e4t tarinat mukailevat 60\u201370-luvun tieteisnovellien henke\u00e4.<\/p>\n<\/div><\/div>\n\t\t\t\t<\/li>\n\t\t\t \t<li class=\"event festivaali fsat sarjasto signing\">\n\t\t\t\t\t<div class=\"event-date\"><div class=\"end-date\"><div class=\"event-weekday\">Sat<\/div><div class=\"event-day\">02<\/div><div class=\"event-month\">Dec<\/div><div class=\"event-year\">2017<\/div><\/div><\/div>\n\t\t\t\t\t<div class=\"event-info multi-day\"><div class=\"event-title\"><h3>Uutuus: Kersantti Napalmin juhlajulkaisu<\/h3><\/div><span class=\"event-time\">13:00<\/span><span class=\"event-location\">Main library, Sarjasto (Kaarlenv\u00e4yl\u00e4 3, 3rd floor)<\/span><div class=\"event-details\"><p><img loading=\"lazy\" decoding=\"async\" class=\"alignleft size-full wp-image-2956\" src=\"http:\/\/www.oulucomics.com\/wp-content\/uploads\/2017\/10\/fi.jpg\" alt=\"fi\" width=\"23\" height=\"20\" \/><\/p>\n<p>&nbsp;<\/p>\n<p class=\"p1\"><img loading=\"lazy\" decoding=\"async\" class=\"alignright size-medium wp-image-2957\" src=\"http:\/\/www.oulucomics.com\/wp-content\/uploads\/2017\/10\/napalm_25-211x300.jpg\" alt=\"napalm_25\" width=\"211\" height=\"300\" srcset=\"https:\/\/www.oulucomics.com\/wp-content\/uploads\/2017\/10\/napalm_25-211x300.jpg 211w, https:\/\/www.oulucomics.com\/wp-content\/uploads\/2017\/10\/napalm_25.jpg 246w\" sizes=\"auto, (max-width: 211px) 100vw, 211px\" \/>Esittelyss\u00e4 juuri ennen festivaalia julkaistu <em>Kersantti Napalmin juhlajulkaisu (Musta Ritari, 2017)<\/em>. Teos sis\u00e4lt\u00e4\u00e4 52 sivua Suomen kovinta amerikkalaista supersankarisarjakuvaa! Kirjan kannen on tehnyt Anssi Rauhala, tarinoita on kuvittanut mm. Markus Tuppurainen, Katja Louhio, Henri Tervapuro, Rami Rautkorpi, Jussi Piironen, Kari Sihvonen, Timo Ronkainen, <strong>Mikael M\u00e4kinen<\/strong> ja Hannu Kesola.<\/p>\n<p class=\"p1\">Kersantti Napalmin faneja hellii my\u00f6s liuskalehden mallinen Kersantti Napalmin joulumanteli, jonka on piirt\u00e4nyt Katja Louhio. (Ei sis\u00e4ll\u00e4 aitoa mantelia)<\/p>\n<p class=\"p1\">Esittely\u00e4 johdattaa <strong>Vesa Vitikainen<\/strong>.<\/p>\n<p class=\"p1\"><a href=\"http:\/\/www.mustaritari.fi\" target=\"_blank\">www.mustaritari.fi<\/a><\/p>\n<\/div><\/div>\n\t\t\t\t<\/li>\n\t\t\t \t<li class=\"event festivaali fsat signing\">\n\t\t\t\t\t<div class=\"event-date\"><div class=\"end-date\"><div class=\"event-weekday\">Sat<\/div><div class=\"event-day\">02<\/div><div class=\"event-month\">Dec<\/div><div class=\"event-year\">2017<\/div><\/div><\/div>\n\t\t\t\t\t<div class=\"event-info multi-day\"><div class=\"event-title\"><h3>Book release: Anssi Vieruaho &amp; Sami Nyyss\u00f6l\u00e4: 24 Days - A refugee&#039;s Journey<\/h3><\/div><span class=\"event-time\">13:15<\/span><span class=\"event-location\">Main library, main stage  (Kaarlenv\u00e4yl\u00e4 3)<\/span><div class=\"event-details\"><p><img loading=\"lazy\" decoding=\"async\" class=\"size-full wp-image-2955 alignleft\" src=\"http:\/\/www.oulucomics.com\/wp-content\/uploads\/2017\/10\/en.jpg\" alt=\"en\" width=\"23\" height=\"20\" \/><\/p>\n<p>&nbsp;<\/p>\n<p><em><img loading=\"lazy\" decoding=\"async\" class=\"alignright size-medium wp-image-2961\" src=\"http:\/\/www.oulucomics.com\/wp-content\/uploads\/2017\/10\/24_days_cover-238x300.jpg\" alt=\"24_days_cover\" width=\"238\" height=\"300\" srcset=\"https:\/\/www.oulucomics.com\/wp-content\/uploads\/2017\/10\/24_days_cover-238x300.jpg 238w, https:\/\/www.oulucomics.com\/wp-content\/uploads\/2017\/10\/24_days_cover.jpg 494w\" sizes=\"auto, (max-width: 238px) 100vw, 238px\" \/><span style=\"color: #333399;\">24 Days - A refugee's Journey (Pokuto, 2017)<\/span><\/em><span style=\"color: #333399;\">\u00a0is a story about a 24-day journey from war-torn Iraq to refuge in Finland. It is a fusion of the personal accounts of several interviewed Iraqi refugees.<\/span><\/p>\n<p><span style=\"color: #333399;\">The destinies of these people are astonishing: broken families, wrecked careers, the last twists of a thousand-year-o<wbr \/>ld plotline. The stories capture life, death, hope and despair at their purest. However, there are sparks of love and laughter amidst all the darkness and uncertainty. 24 days \u2013 A Refugee\u2019s Journey is an eye-opening depiction of the world we live in today.<\/span><\/p>\n<p><span style=\"color: #333399;\">In an interview with the authors\u00a0<strong>Sami Nyyss\u00f6l\u00e4<\/strong> and\u00a0<strong>Anssi Vieruaho<\/strong>.<\/span><\/p>\n<\/div><\/div>\n\t\t\t\t<\/li>\n\t\t\t \t<li class=\"event festivaali fsat sarjasto signing\">\n\t\t\t\t\t<div class=\"event-date\"><div class=\"end-date\"><div class=\"event-weekday\">Sat<\/div><div class=\"event-day\">02<\/div><div class=\"event-month\">Dec<\/div><div class=\"event-year\">2017<\/div><\/div><\/div>\n\t\t\t\t\t<div class=\"event-info multi-day\"><div class=\"event-title\"><h3>Juho Sihvonen: Bl\u00e4k\u00e4ri<\/h3><\/div><span class=\"event-time\">13:30<\/span><span class=\"event-location\">Main library, Sarjasto (Kaarlenv\u00e4yl\u00e4 3, 3rd floor)<\/span><div class=\"event-details\"><p><img loading=\"lazy\" decoding=\"async\" class=\"alignleft size-full wp-image-2956\" src=\"http:\/\/www.oulucomics.com\/wp-content\/uploads\/2017\/10\/fi.jpg\" alt=\"fi\" width=\"23\" height=\"20\" \/><\/p>\n<p>&nbsp;<\/p>\n<p><strong><img loading=\"lazy\" decoding=\"async\" class=\"size-medium wp-image-2976 alignright\" src=\"http:\/\/www.oulucomics.com\/wp-content\/uploads\/2017\/10\/blakari_sihvonen_kansi-211x300.jpg\" alt=\"blakari_sihvonen_kansi\" width=\"211\" height=\"300\" srcset=\"https:\/\/www.oulucomics.com\/wp-content\/uploads\/2017\/10\/blakari_sihvonen_kansi-211x300.jpg 211w, https:\/\/www.oulucomics.com\/wp-content\/uploads\/2017\/10\/blakari_sihvonen_kansi-768x1091.jpg 768w, https:\/\/www.oulucomics.com\/wp-content\/uploads\/2017\/10\/blakari_sihvonen_kansi-721x1024.jpg 721w, https:\/\/www.oulucomics.com\/wp-content\/uploads\/2017\/10\/blakari_sihvonen_kansi-1014x1440.jpg 1014w, https:\/\/www.oulucomics.com\/wp-content\/uploads\/2017\/10\/blakari_sihvonen_kansi-1050x1491.jpg 1050w\" sizes=\"auto, (max-width: 211px) 100vw, 211px\" \/>Juho Sihvosen<\/strong><em> Bl\u00e4k\u00e4ri (Rocken Moll, 2017)<\/em> kertoo Jussi S\u00f6der nimisest\u00e4 karhusta ja h\u00e4nen matkastaan pehme\u00e4nsarjan mestariksi, sek\u00e4 h\u00e4nen alam\u00e4est\u00e4\u00e4n huipulta aina alennuslaariin asti.\u00a0Sihvonen on\u00a0hakenut vaikutteita sarjakuvaansa todellisista nyrkkeilyn t\u00e4hdist\u00e4, joista suurimpina esikuvina ovat olleet Rocky Marciano, Sonny Liston sek\u00e4 Jake LaMotta.<\/p>\n<p>&nbsp;<\/p>\n<\/div><\/div>\n\t\t\t\t<\/li>\n\t\t\t \t<li class=\"event festivaali fsat signing\">\n\t\t\t\t\t<div class=\"event-date\"><div class=\"end-date\"><div class=\"event-weekday\">Sat<\/div><div class=\"event-day\">02<\/div><div class=\"event-month\">Dec<\/div><div class=\"event-year\">2017<\/div><\/div><\/div>\n\t\t\t\t\t<div class=\"event-info multi-day\"><div class=\"event-title\"><h3>Book release: Harri Filppa: Death Did Us Part \/ Julkkarit: Kuolema meid\u00e4t erotti<\/h3><\/div><span class=\"event-time\">13:45<\/span><span class=\"event-location\">Main library, main stage  (Kaarlenv\u00e4yl\u00e4 3)<\/span><div class=\"event-details\"><p><img loading=\"lazy\" decoding=\"async\" class=\"size-full wp-image-2955\" src=\"http:\/\/www.oulucomics.com\/wp-content\/uploads\/2017\/10\/en.jpg\" alt=\"en\" width=\"23\" height=\"20\" \/><\/p>\n<p class=\"p1\"><img loading=\"lazy\" decoding=\"async\" class=\"alignright size-medium wp-image-2959\" src=\"http:\/\/www.oulucomics.com\/wp-content\/uploads\/2017\/10\/death_did_us_part-211x300.jpg\" alt=\"death_did_us_part\" width=\"211\" height=\"300\" srcset=\"https:\/\/www.oulucomics.com\/wp-content\/uploads\/2017\/10\/death_did_us_part-211x300.jpg 211w, https:\/\/www.oulucomics.com\/wp-content\/uploads\/2017\/10\/death_did_us_part-768x1090.jpg 768w, https:\/\/www.oulucomics.com\/wp-content\/uploads\/2017\/10\/death_did_us_part-722x1024.jpg 722w, https:\/\/www.oulucomics.com\/wp-content\/uploads\/2017\/10\/death_did_us_part.jpg 874w\" sizes=\"auto, (max-width: 211px) 100vw, 211px\" \/><span style=\"color: #333399;\">The world can change in a blink of an eye. Death creates a change and the finality of it is difficult to understand.<\/span><\/p>\n<p class=\"p1\"><span style=\"color: #333399;\"><em>Death Did Us Part (Pokuto, 2017)<\/em>, an autobiographica<wbr \/>l story by cartoonist\u00a0<strong>Harri Filppa<\/strong>, will be published at the festival.<\/span><\/p>\n<p class=\"p1\"><span style=\"color: #333399;\">Comic-book tells a story of a young widowed man. The story is about grief, happiness, rage and joy although in the end, this book is a survival story. The book is based on the artist\u2019s notes \u2013 writings, drawings and comics that were created during the grief process.<\/span><\/p>\n<p class=\"p1\"><span style=\"color: #333399;\">Filppa will be interviewed by <strong>Jyrki Korpua<\/strong>. The interview will be translated by <strong>Marja Sivonen<\/strong> who has also made the English translation for the book.<\/span><\/p>\n<p><img loading=\"lazy\" decoding=\"async\" class=\"size-full wp-image-2956\" src=\"http:\/\/www.oulucomics.com\/wp-content\/uploads\/2017\/10\/fi.jpg\" alt=\"fi\" width=\"23\" height=\"20\" \/><\/p>\n<p>Maailma voi muuttua silm\u00e4nr\u00e4p\u00e4yksess\u00e4. Kuolema luo muutoksen, jonka lopullisuuden ymm\u00e4rt\u00e4minen on vaikeaa. Festivaalilla julkaistaan\u00a0<strong>Harri Filpan<\/strong>\u00a0tositapahtumiin perustuva\u00a0teos <em>Kuolema Meid\u00e4t Erotti (Pokuto, 2017)<\/em>.<\/p>\n<p>Teos kertoo leskimiehen tarinan ja mukaan mahtuu surua, iloa, raivoa ja riemua, mutta pohjimmiltaan kirja on kuitenkin selviytymistarina.\u00a0Teos on koostettu suruty\u00f6n aikana tekij\u00e4n tuottamista muistiinpanoista - kirjoituksista, piirroksista ja sarjakuvista.<\/p>\n<p class=\"p1\">Filppaa haastattelee <strong>Jyrki Korpua<\/strong> ja haastattelun\u00a0k\u00e4\u00e4nt\u00e4\u00e4 kirjan englanninkielisen k\u00e4\u00e4nn\u00f6ksen toteuttanut <strong>Marja Sivonen<\/strong>.<\/p>\n<\/div><\/div>\n\t\t\t\t<\/li>\n\t\t\t \t<li class=\"event festivaali fsat sarjasto\">\n\t\t\t\t\t<div class=\"event-date\"><div class=\"end-date\"><div class=\"event-weekday\">Sat<\/div><div class=\"event-day\">02<\/div><div class=\"event-month\">Dec<\/div><div class=\"event-year\">2017<\/div><\/div><\/div>\n\t\t\t\t\t<div class=\"event-info multi-day\"><div class=\"event-title\"><h3>40s Detectives<\/h3><\/div><span class=\"event-time\">14:00<\/span><span class=\"event-location\">Main library, Sarjasto (Kaarlenv\u00e4yl\u00e4 3, 3rd floor)<\/span><div class=\"event-details\"><p><img loading=\"lazy\" decoding=\"async\" class=\"alignleft size-full wp-image-2956\" src=\"http:\/\/www.oulucomics.com\/wp-content\/uploads\/2017\/10\/fi.jpg\" alt=\"fi\" width=\"23\" height=\"20\" \/><\/p>\n<p class=\"p1\"><img loading=\"lazy\" decoding=\"async\" class=\"size-medium wp-image-3089 alignright\" src=\"http:\/\/www.oulucomics.com\/wp-content\/uploads\/2017\/11\/esiisa-227x300.jpg\" alt=\"esiisa\" width=\"227\" height=\"300\" srcset=\"https:\/\/www.oulucomics.com\/wp-content\/uploads\/2017\/11\/esiisa-227x300.jpg 227w, https:\/\/www.oulucomics.com\/wp-content\/uploads\/2017\/11\/esiisa.jpg 407w\" sizes=\"auto, (max-width: 227px) 100vw, 227px\" \/>Haastattelussa\u00a0<strong>Marko Vesterberg<\/strong>, jonka k\u00e4siss\u00e4 syntyy yhteisty\u00f6ss\u00e4 k\u00e4sikirjoittaja Secosbillin kanssa <em>40\u00b4s detectives<\/em> sarja. Heid\u00e4t tunnetaan my\u00f6s yhteisest\u00e4 taiteilijanimest\u00e4\u00e4n\u00a0Wessec.\u00a040\u00b4s detectives on 40-luvun etsiv\u00e4 sarja, jossa my\u00f6s\u00a0leikitell\u00e4\u00e4n 40-luvulla. Sarjakuvakeitaalta l\u00f6yd\u00e4t esimerkiksi\u00a0kaksi ala-sarjakuvaa, joista toinen sijoittuu 1840-luvulle, villiinl\u00e4nteen ja toinen 2040-luvulle. J\u00e4lkimm\u00e4inen on tulevaisuuteen sijoittuva scifi-etsiv\u00e4sarja.<\/p>\n<\/div><\/div>\n\t\t\t\t<\/li>\n\t\t\t \t<li class=\"event festivaali fsat\">\n\t\t\t\t\t<div class=\"event-date\"><div class=\"end-date\"><div class=\"event-weekday\">Sat<\/div><div class=\"event-day\">02<\/div><div class=\"event-month\">Dec<\/div><div class=\"event-year\">2017<\/div><\/div><\/div>\n\t\t\t\t\t<div class=\"event-info multi-day\"><div class=\"event-title\"><h3>Clara Jetsmark (Denmark)<\/h3><\/div><span class=\"event-time\">14:30<\/span><span class=\"event-location\">Main library, main stage  (Kaarlenv\u00e4yl\u00e4 3)<\/span><div class=\"event-details\"><p><img loading=\"lazy\" decoding=\"async\" class=\"size-full wp-image-2955\" src=\"http:\/\/www.oulucomics.com\/wp-content\/uploads\/2017\/10\/en.jpg\" alt=\"en\" width=\"23\" height=\"20\" \/><\/p>\n<p><span style=\"color: #333399;\">Interview of Danish comic artist <strong>Clara Jetsmark<\/strong>. She has graduated from the Animation Workshop in Viborg this year and she has been awarded with the Danish Ping Prisen Best Depute Comic award in 2017. Pingprisen is the most prestigious comics and cartoon related award in Denmark. It was founded in 2012 by Dansk Tegneserier\u00e5d and comics magazine Nummer9.dk. It\u2019s a multi-category award with nominations made by critics and winners decided by a jury.<\/span><\/p>\n<p><span style=\"color: #333399;\">An exhibition from Clara Jetsmark can be visited during the Oulu Comics Festival at Oulu Trainstation's station tunnel.<\/span><\/p>\n<p>\/\/\/\/\/\/\/\/\/\/<\/p>\n<p><span style=\"font-weight: 400;\">Haastattelussa\u00a0tanskalainen kuvittaja ja sarjakuvataiteilija<strong> Clara Jetsmark<\/strong>. H\u00e4n on valmistunut Viborgin animaatiokoulusta t\u00e4n\u00e4 vuonna ja h\u00e4net on palkittu tanskalaisella Ping Prisenin parhaimman depyyttisarjakuvan palkinnolla vuonna 2017. Pringprisen on arvostetuin sarjakuva- ja animaatioalan palkinto Tanskassa. Palkinto\u00a0 on perustettu vuonna 2012 Tegneserier\u00e5d kollektiivin ja sarjakuvalehti Nummer9.dk tuottamana ja palkinnon valitsijat on kutsuttu juryn toimesta.<br \/>\n<\/span><\/p>\n<p><span style=\"font-weight: 400;\">Clara Jetsmarkilta n\u00e4hd\u00e4\u00e4n Oulun Sarjakuvafestivaalien aikana n\u00e4yttely Oulun rautatieaseman asematunnelin vitriineiss\u00e4.<\/span><\/p>\n<p><a href=\"http:\/\/www.clarajetsmark.com\" target=\"_blank\">www.clarajetsmark.com<\/a><\/p>\n<\/div><\/div>\n\t\t\t\t<\/li>\n\t\t\t \t<li class=\"event festivaali fsat sarjasto\">\n\t\t\t\t\t<div class=\"event-date\"><div class=\"end-date\"><div class=\"event-weekday\">Sat<\/div><div class=\"event-day\">02<\/div><div class=\"event-month\">Dec<\/div><div class=\"event-year\">2017<\/div><\/div><\/div>\n\t\t\t\t\t<div class=\"event-info multi-day\"><div class=\"event-title\"><h3>Jussi Hukkanen &amp; Maailman Paskin Nalle<\/h3><\/div><span class=\"event-time\">14:30<\/span><span class=\"event-location\">Main library, Sarjasto (Kaarlenv\u00e4yl\u00e4 3, 3rd floor)<\/span><div class=\"event-details\"><p><img loading=\"lazy\" decoding=\"async\" class=\"alignleft size-full wp-image-2956\" src=\"http:\/\/www.oulucomics.com\/wp-content\/uploads\/2017\/10\/fi.jpg\" alt=\"fi\" width=\"23\" height=\"20\" \/><\/p>\n<p>&nbsp;<\/p>\n<p>&nbsp;<\/p>\n<p>Haastattelussa oululainen sarjakuvantekij\u00e4,\u00a0kuvataiteilija, graafinen suunnittelija ja lavastemestari\u00a0<strong>Jussi Hukkanen<\/strong>.<\/p>\n<p><img loading=\"lazy\" decoding=\"async\" class=\"aligncenter size-medium wp-image-3048\" src=\"http:\/\/www.oulucomics.com\/wp-content\/uploads\/2017\/11\/mpn-300x200.jpg\" alt=\"mpn\" width=\"300\" height=\"200\" srcset=\"https:\/\/www.oulucomics.com\/wp-content\/uploads\/2017\/11\/mpn-300x200.jpg 300w, https:\/\/www.oulucomics.com\/wp-content\/uploads\/2017\/11\/mpn.jpg 600w\" sizes=\"auto, (max-width: 300px) 100vw, 300px\" \/>MPN eli Maailman Paskin Nalle on antisankari, joka puuttuu tarpeen tullen pienimm\u00e4st\u00e4 maailman suurimpaan\u00a0asiaan. MPN:n kautta taitelija\u00a0julkaisee v\u00e4litt\u00f6m\u00e4sti tunteet, joita h\u00e4n ei muuten ehtisi tuoda esiin. Oulun Sarjakuvafestivaalien n\u00e4yttelytilassa on esill\u00e4 MPN n\u00e4yttely!<\/p>\n<p>Aiemmin Hukkaselta on ilmestynyt Raimo Tyysk\u00e4n k\u00e4sikirjoittama <em>API - viimeinen testamentti (Arktinen Banaani, 2012).<\/em><\/p>\n<\/div><\/div>\n\t\t\t\t<\/li>\n\t\t\t \t<li class=\"event festivaali fsat sarjasto\">\n\t\t\t\t\t<div class=\"event-date\"><div class=\"end-date\"><div class=\"event-weekday\">Sat<\/div><div class=\"event-day\">02<\/div><div class=\"event-month\">Dec<\/div><div class=\"event-year\">2017<\/div><\/div><\/div>\n\t\t\t\t\t<div class=\"event-info multi-day\"><div class=\"event-title\"><h3>Isku Porkkalaan<\/h3><\/div><span class=\"event-time\">14:45<\/span><span class=\"event-location\">Main library, Sarjasto (Kaarlenv\u00e4yl\u00e4 3, 3rd floor)<\/span><div class=\"event-details\"><p><img loading=\"lazy\" decoding=\"async\" class=\"alignleft size-full wp-image-2956\" src=\"http:\/\/www.oulucomics.com\/wp-content\/uploads\/2017\/10\/fi.jpg\" alt=\"fi\" width=\"23\" height=\"20\" \/><\/p>\n<p>&nbsp;<\/p>\n<p class=\"p1\"><img loading=\"lazy\" decoding=\"async\" class=\"alignright size-medium wp-image-2958\" src=\"http:\/\/www.oulucomics.com\/wp-content\/uploads\/2017\/10\/Isku_Porkkalaan_kansi-203x300.jpg\" alt=\"Isku_Porkkalaan_kansi\" width=\"203\" height=\"300\" srcset=\"https:\/\/www.oulucomics.com\/wp-content\/uploads\/2017\/10\/Isku_Porkkalaan_kansi-203x300.jpg 203w, https:\/\/www.oulucomics.com\/wp-content\/uploads\/2017\/10\/Isku_Porkkalaan_kansi.jpg 237w\" sizes=\"auto, (max-width: 203px) 100vw, 203px\" \/>Haastattelussa\u00a0<strong>Vesa Vitikaisen<\/strong> kirjoittaman <em>Isku Porkkalaan! (Arktinen Banaani, 2017)<\/em> -pokkarin tekij\u00e4kaartia. T\u00e4ss\u00e4 teoksessa <strong>Aapo Kukosta<\/strong> l\u00e4htien l\u00e4hes kaikki suomalaiset sotasarjakuvantekij\u00e4t n\u00e4ytt\u00e4v\u00e4t kyn\u00e4nj\u00e4lke\u00e4\u00e4n. Tarinassa Marski ker\u00e4\u00e4 viimeisen kerran iskujoukon kasaan ja laittaa miehitetyn Porkkalan ojennukseen!<\/p>\n<p class=\"p1\">Teoksen tekij\u00e4kaarti kokonaisuudessaan:\u00a0<strong>Vesa Vitikainen<\/strong>, Tuomas Myllyl\u00e4, Tuomas Koivurinne, Anssi Rauhala, Samuli Lintula, Petri Hiltunen, Jouko Ruokosenm\u00e4ki, Mauri Tuure, <strong>Mikael M\u00e4kinen<\/strong>, <strong>Aapo Kukko<\/strong>, <strong>Veli-Matti Ural<\/strong>, Jussi Piironen, Markus Tuppurainen, P. A. Manninen, Jukka Koivusaari, Reima M\u00e4kinen ja Samuli Lahtinen<\/p>\n<p><a href=\"https:\/\/arktinenbanaani.fi\/tuote\/vesa_vitikainen\/isku_porkkalaan_isopokkari_\/9789522703767\" target=\"_blank\">https:\/\/arktinenbanaani.fi\/tuote\/vesa_vitikainen\/isku_porkkalaan_isopokkari_\/9789522703767<\/a><\/p>\n<\/div><\/div>\n\t\t\t\t<\/li>\n\t\t\t \t<li class=\"event festivaali fsat\">\n\t\t\t\t\t<div class=\"event-date\"><div class=\"end-date\"><div class=\"event-weekday\">Sat<\/div><div class=\"event-day\">02<\/div><div class=\"event-month\">Dec<\/div><div class=\"event-year\">2017<\/div><\/div><\/div>\n\t\t\t\t\t<div class=\"event-info multi-day\"><div class=\"event-title\"><h3>Line H\u00f8j H\u00f8strup (Denmark)<\/h3><\/div><span class=\"event-time\">15:00<\/span><span class=\"event-location\">Main library, main stage  (Kaarlenv\u00e4yl\u00e4 3)<\/span><div class=\"event-details\"><p><img loading=\"lazy\" decoding=\"async\" class=\"size-full wp-image-2955\" src=\"http:\/\/www.oulucomics.com\/wp-content\/uploads\/2017\/10\/en.jpg\" alt=\"en\" width=\"23\" height=\"20\" \/><\/p>\n<p style=\"text-align: left;\"><img loading=\"lazy\" decoding=\"async\" class=\"size-full wp-image-2980 alignright\" src=\"http:\/\/www.oulucomics.com\/wp-content\/uploads\/2017\/10\/Line.jpg\" alt=\"Line\" width=\"288\" height=\"289\" srcset=\"https:\/\/www.oulucomics.com\/wp-content\/uploads\/2017\/10\/Line.jpg 288w, https:\/\/www.oulucomics.com\/wp-content\/uploads\/2017\/10\/Line-150x150.jpg 150w\" sizes=\"auto, (max-width: 288px) 100vw, 288px\" \/><span style=\"color: #333399;\"><strong>Line H\u00f8j H\u00f8strup<\/strong> is a Danish cartoonist recently graduated from Graphic Storytelling at The Animation Workshop, Denmark. Her work ranges from the comical absurd<\/span><br \/>\n<span style=\"color: #333399;\"> to poetic abstractions and onward to the informative journalistic comic. In the interview handels\u00a0Line's working and the latest\u00a0comics.<\/span><\/p>\n<p style=\"text-align: left;\"><strong>Line H\u00f8j H\u00f8strup<\/strong> on tanskalainen The Animation Workshopista juuri valmistunut sarjakuvantekij\u00e4. H\u00e4nen sarjakuvistaan voi l\u00f6yt\u00e4\u00e4 niin absudista, apstraktiin ja journilistisiin sis\u00e4lt\u00f6ihin. Haastattelussa keskustellaan Linen viimeisimm\u00e4st\u00e4 teoksesta sek\u00e4 Oulussa n\u00e4ht\u00e4v\u00e4st\u00e4 n\u00e4yttelyst\u00e4.<\/p>\n<\/div><\/div>\n\t\t\t\t<\/li>\n\t\t\t \t<li class=\"event festivaali fsat lapset muu\">\n\t\t\t\t\t<div class=\"event-date\"><div class=\"end-date\"><div class=\"event-weekday\">Sat<\/div><div class=\"event-day\">02<\/div><div class=\"event-month\">Dec<\/div><div class=\"event-year\">2017<\/div><\/div><\/div>\n\t\t\t\t\t<div class=\"event-info multi-day\"><div class=\"event-title\"><h3>Piirroksia Kaamoksessa \/ Drawings in the Polar Night<\/h3><\/div><span class=\"event-time\">15:00 - 19:00<\/span><span class=\"event-location\">Oulu City Library<\/span><div class=\"event-details\"><p><img loading=\"lazy\" decoding=\"async\" class=\"alignleft size-full wp-image-2956\" src=\"http:\/\/www.oulucomics.com\/wp-content\/uploads\/2017\/10\/fi.jpg\" alt=\"fi\" width=\"23\" height=\"20\" \/> <img loading=\"lazy\" decoding=\"async\" class=\"size-full wp-image-2955 alignleft\" src=\"http:\/\/www.oulucomics.com\/wp-content\/uploads\/2017\/10\/en.jpg\" alt=\"en\" width=\"23\" height=\"20\" \/><\/p>\n<p>&nbsp;<\/p>\n<p>Piirroksia kaamoksessa valaisee Oulun kaupunginkirjaston julkisivun sarjakuvantekij\u00f6iden livepiiroksilla lauantaina 2.12. klo 15-19. Valoteos toistaa reaaliajassa sarjakuvantekij\u00f6iden piirrokset Oulun kaupungin kirjaston p\u00e4\u00e4sis\u00e4\u00e4nk\u00e4ynnin yl\u00e4puolelle.<\/p>\n<p>Piirroksia kaamoksessa on osa Lumo-valofestivaalia: <a href=\"https:\/\/www.ouka.fi\/valoaoulu\" target=\"_blank\">https:\/\/www.ouka.fi\/valoaoulu<\/a><\/p>\n<p>\/\/\/\/\/\/\/\/\/\/<\/p>\n<p><span style=\"color: #333399;\">Drawings in the Polar Night lights up the Oulu City Library on Saturday December 2nd between 3pm and 7pm ! Light art work projects the drawings by the cartoonists in real time to the wall above the main entrance.<\/span><\/p>\n<p><span style=\"color: #333399;\">Drawings in the Polar Night is part of the Lumo light festival\u00a0Oulu: <a style=\"color: #333399;\" href=\"https:\/\/www.ouka.fi\/valoaoulu\" target=\"_blank\">https:\/\/www.ouka.fi\/valoaoulu<\/a><\/span><\/p>\n<p><img loading=\"lazy\" decoding=\"async\" class=\"alignleft wp-image-2981 size-large\" src=\"http:\/\/www.oulucomics.com\/wp-content\/uploads\/2017\/10\/Piirroksia-kaamoksessa_Mika-Lahtonen-1024x637.jpg\" alt=\"Piirroksia kaamoksessa_Mika Lahtonen\" width=\"1024\" height=\"637\" srcset=\"https:\/\/www.oulucomics.com\/wp-content\/uploads\/2017\/10\/Piirroksia-kaamoksessa_Mika-Lahtonen-1024x637.jpg 1024w, https:\/\/www.oulucomics.com\/wp-content\/uploads\/2017\/10\/Piirroksia-kaamoksessa_Mika-Lahtonen-300x187.jpg 300w, https:\/\/www.oulucomics.com\/wp-content\/uploads\/2017\/10\/Piirroksia-kaamoksessa_Mika-Lahtonen-768x477.jpg 768w, https:\/\/www.oulucomics.com\/wp-content\/uploads\/2017\/10\/Piirroksia-kaamoksessa_Mika-Lahtonen-1440x895.jpg 1440w, https:\/\/www.oulucomics.com\/wp-content\/uploads\/2017\/10\/Piirroksia-kaamoksessa_Mika-Lahtonen-1050x653.jpg 1050w\" sizes=\"auto, (max-width: 1024px) 100vw, 1024px\" \/><\/p>\n<\/div><\/div>\n\t\t\t\t<\/li>\n\t\t\t \t<li class=\"event festivaali fsat sarjasto\">\n\t\t\t\t\t<div class=\"event-date\"><div class=\"end-date\"><div class=\"event-weekday\">Sat<\/div><div class=\"event-day\">02<\/div><div class=\"event-month\">Dec<\/div><div class=\"event-year\">2017<\/div><\/div><\/div>\n\t\t\t\t\t<div class=\"event-info multi-day\"><div class=\"event-title\"><h3>Emmi Valve: Armo<\/h3><\/div><span class=\"event-time\">15:15<\/span><span class=\"event-location\">Main library, Sarjasto (Kaarlenv\u00e4yl\u00e4 3, 3rd floor)<\/span><div class=\"event-details\"><p><img loading=\"lazy\" decoding=\"async\" class=\"alignleft size-full wp-image-2956\" src=\"http:\/\/www.oulucomics.com\/wp-content\/uploads\/2017\/10\/fi.jpg\" alt=\"fi\" width=\"23\" height=\"20\" \/><\/p>\n<p>&nbsp;<\/p>\n<p><img loading=\"lazy\" decoding=\"async\" class=\"alignright size-medium wp-image-2967\" src=\"http:\/\/www.oulucomics.com\/wp-content\/uploads\/2017\/10\/armo_kansi_450px-212x300.jpg\" alt=\"armo_kansi_450px\" width=\"212\" height=\"300\" srcset=\"https:\/\/www.oulucomics.com\/wp-content\/uploads\/2017\/10\/armo_kansi_450px-212x300.jpg 212w, https:\/\/www.oulucomics.com\/wp-content\/uploads\/2017\/10\/armo_kansi_450px.jpg 450w\" sizes=\"auto, (max-width: 212px) 100vw, 212px\" \/>Haastattelussa jo lapsena jonkin toiseen ulottuvuuteen kiskaissut porvoolainen <strong>Emmi Valve<\/strong>.\u00a0Toisessa ulottuvuudessa\u00a0asioiden ja toisten ihmisten pime\u00e4t puolet ovat h\u00e4nelle n\u00e4kyvi\u00e4. Ihmisten katseet ja kosketukset tekev\u00e4t h\u00e4neen reiki\u00e4, ja h\u00e4n yritt\u00e4\u00e4 piilottaa kaikkialle tunkeutuvan mustan m\u00f6nj\u00e4n, joka karkaa ulos h\u00e4nen sieraimistaan tai suustaan. Emmin el\u00e4m\u00e4 on helvetti\u00e4. On ollut niin kauan kuin h\u00e4n muistaa. <em>Armo (Asema kustannus, 2017)<\/em> kertoo t\u00e4st\u00e4 el\u00e4m\u00e4st\u00e4, uskomattomista seikkailuista baarien, makuuhuoneiden, v\u00e4kivallantekojen, harhojen ja mielisairaaloiden sy\u00f6vereiss\u00e4.<\/p>\n<p>Valveen omael\u00e4m\u00e4kerrallinen sarjakuvaromaani on suora, karu ja hurja ja h\u00f6ystetty isolla m\u00e4\u00e4r\u00e4ll\u00e4 mustaa huumoria.<\/p>\n<\/div><\/div>\n\t\t\t\t<\/li>\n\t\t\t \t<li class=\"event festivaali fsat\">\n\t\t\t\t\t<div class=\"event-date\"><div class=\"end-date\"><div class=\"event-weekday\">Sat<\/div><div class=\"event-day\">02<\/div><div class=\"event-month\">Dec<\/div><div class=\"event-year\">2017<\/div><\/div><\/div>\n\t\t\t\t\t<div class=\"event-info multi-day\"><div class=\"event-title\"><h3>Bjarni Hinriksson (Iceland)<\/h3><\/div><span class=\"event-time\">15:30<\/span><span class=\"event-location\">Main library, main stage  (Kaarlenv\u00e4yl\u00e4 3)<\/span><div class=\"event-details\"><p><img loading=\"lazy\" decoding=\"async\" class=\"size-full wp-image-2955 alignleft\" src=\"http:\/\/www.oulucomics.com\/wp-content\/uploads\/2017\/10\/en.jpg\" alt=\"en\" width=\"23\" height=\"20\" \/><br \/>\n<img loading=\"lazy\" decoding=\"async\" class=\"alignright\" src=\"http:\/\/www.oulucomics.com\/wp-content\/uploads\/2017\/10\/Hildingur_s%C3%AD%C3%B0a-1-236x300.jpg\" width=\"236\" height=\"300\" \/><\/p>\n<p>Oulun Sarjakuvafestivaaleilla Sarjaston n\u00e4yttelytilassa on n\u00e4ht\u00e4vill\u00e4 <strong>Bjarni Hinrikssonin<\/strong> vuonna 2018 julkaistavan\u00a0<em>Hildingur<\/em>\u00a0-albumin orginaaleja sek\u00e4 luonnoksia.<\/p>\n<p>Islannissa asuvan Hinrikssonin haastattelussa k\u00e4sitell\u00e4\u00e4n sek\u00e4 h\u00e4nen tulevaa albumiaan, ett\u00e4 vaihtelevilla teemoilla ja visuaalisilla tyyleill\u00e4 leikittelev\u00e4n taiteilijan aiempia teoksia.<\/p>\n<p>Lis\u00e4ksi luomme katsauksen kansainv\u00e4lisesti tunnetuun vuonna 1990 perustetuun islantilaiseen GISP! \u2013kollektiiviin, jonka perustajaj\u00e4sen Hinriksson on<\/p>\n<p>During the Oulu Comics festival in the Sarjasto exhibition area there is an exhibition which includes Bjarni Hinriksson's scetches and original pages from the album<em>\u00a0Hildingur<\/em>\u00a0which will be published in the year 2018<\/p>\n<p>Hinriksson who lives in Iceland will discuss both about his soon to be published album and about his previous artistic works which play with changing themes and visual styles when being interviewed.<\/p>\n<p>We are also going to take a look at the 1990 funded Icelandic GISP! -collective, which Hinriksson is the founding member of.<\/p>\n<p>&nbsp;<\/p>\n<p>&nbsp;<\/p>\n<\/div><\/div>\n\t\t\t\t<\/li>\n\t\t\t \t<li class=\"event festivaali fsat\">\n\t\t\t\t\t<div class=\"event-date\"><div class=\"end-date\"><div class=\"event-weekday\">Sat<\/div><div class=\"event-day\">02<\/div><div class=\"event-month\">Dec<\/div><div class=\"event-year\">2017<\/div><\/div><\/div>\n\t\t\t\t\t<div class=\"event-info multi-day\"><div class=\"event-title\"><h3>Kaisa ja Christoffer Leka<\/h3><\/div><span class=\"event-time\">16:00<\/span><span class=\"event-location\">Main library, main stage  (Kaarlenv\u00e4yl\u00e4 3)<\/span><div class=\"event-details\"><p><img loading=\"lazy\" decoding=\"async\" class=\"size-full wp-image-2955\" src=\"http:\/\/www.oulucomics.com\/wp-content\/uploads\/2017\/10\/en.jpg\" alt=\"en\" width=\"23\" height=\"20\" \/><\/p>\n<p><img loading=\"lazy\" decoding=\"async\" class=\"alignright size-medium wp-image-2970\" src=\"http:\/\/www.oulucomics.com\/wp-content\/uploads\/2017\/10\/Imperfect-289x300.jpg\" alt=\"Imperfect\" width=\"289\" height=\"300\" srcset=\"https:\/\/www.oulucomics.com\/wp-content\/uploads\/2017\/10\/Imperfect-289x300.jpg 289w, https:\/\/www.oulucomics.com\/wp-content\/uploads\/2017\/10\/Imperfect.jpg 578w\" sizes=\"auto, (max-width: 289px) 100vw, 289px\" \/>More information later...<\/p>\n<\/div><\/div>\n\t\t\t\t<\/li>\n\t\t\t \t<li class=\"event festivaali fsat sarjasto\">\n\t\t\t\t\t<div class=\"event-date\"><div class=\"end-date\"><div class=\"event-weekday\">Sat<\/div><div class=\"event-day\">02<\/div><div class=\"event-month\">Dec<\/div><div class=\"event-year\">2017<\/div><\/div><\/div>\n\t\t\t\t\t<div class=\"event-info multi-day\"><div class=\"event-title\"><h3>Kukka-Maria Kiuru: Noin satatuhatta solmua<\/h3><\/div><span class=\"event-time\">16:00<\/span><span class=\"event-location\">Main library, Sarjasto (Kaarlenv\u00e4yl\u00e4 3, 3rd floor)<\/span><div class=\"event-details\"><p><img loading=\"lazy\" decoding=\"async\" class=\"alignleft size-full wp-image-2956\" src=\"http:\/\/www.oulucomics.com\/wp-content\/uploads\/2017\/10\/fi.jpg\" alt=\"fi\" width=\"23\" height=\"20\" \/><\/p>\n<p>&nbsp;<\/p>\n<p><strong><img loading=\"lazy\" decoding=\"async\" class=\"alignright size-medium wp-image-2968\" src=\"http:\/\/www.oulucomics.com\/wp-content\/uploads\/2017\/10\/n100000-211x300.jpg\" alt=\"n100000\" width=\"211\" height=\"300\" srcset=\"https:\/\/www.oulucomics.com\/wp-content\/uploads\/2017\/10\/n100000-211x300.jpg 211w, https:\/\/www.oulucomics.com\/wp-content\/uploads\/2017\/10\/n100000.jpg 421w\" sizes=\"auto, (max-width: 211px) 100vw, 211px\" \/>Kukka-Maria Kiuru<\/strong> on Helsingiss\u00e4 asuva graafinen suunnittelija ja taiteilija. Sarjakuvakirjas<wbr \/>saan Noin satatuhatta solmua h\u00e4n kertoo omista el\u00e4m\u00e4nkokemuksi<wbr \/>staan tytt\u00f6n\u00e4 ja naisena ilman hiuksia ja omien vahvuuksiensa l\u00f6yt\u00e4misest\u00e4. Haastattelussa kuullaan ajatuksia teoksen prosessista. +linkki kirjaan<\/p>\n<p><a href=\"http:\/\/noinsatatuhattasolmua.fi\/wp-content\/uploads\/Noinsatatuhattasolmua_%C2%A9kukkamariakiuru2016.pdf\" target=\"_blank\">Lue Noin Satatuhatta Solmua t\u00e4st\u00e4...<\/a><\/p>\n<\/div><\/div>\n\t\t\t\t<\/li>\n\t\t\t \t<li class=\"event festivaali fsat sarjasto\">\n\t\t\t\t\t<div class=\"event-date\"><div class=\"end-date\"><div class=\"event-weekday\">Sat<\/div><div class=\"event-day\">02<\/div><div class=\"event-month\">Dec<\/div><div class=\"event-year\">2017<\/div><\/div><\/div>\n\t\t\t\t\t<div class=\"event-info multi-day\"><div class=\"event-title\"><h3>Kirjan kasvot: Ville H\u00e4nninen<\/h3><\/div><span class=\"event-time\">16:30<\/span><span class=\"event-location\">Main library, Sarjasto (Kaarlenv\u00e4yl\u00e4 3, 3rd floor)<\/span><div class=\"event-details\"><p><img loading=\"lazy\" decoding=\"async\" class=\"alignleft size-full wp-image-2956\" src=\"http:\/\/www.oulucomics.com\/wp-content\/uploads\/2017\/10\/fi.jpg\" alt=\"fi\" width=\"23\" height=\"20\" \/><\/p>\n<p>&nbsp;<\/p>\n<p class=\"p1\"><strong><img loading=\"lazy\" decoding=\"async\" class=\"alignright size-medium wp-image-2978\" src=\"http:\/\/www.oulucomics.com\/wp-content\/uploads\/2017\/10\/kirjan_kasvot-265x300.jpg\" alt=\"kirjan_kasvot\" width=\"265\" height=\"300\" srcset=\"https:\/\/www.oulucomics.com\/wp-content\/uploads\/2017\/10\/kirjan_kasvot-265x300.jpg 265w, https:\/\/www.oulucomics.com\/wp-content\/uploads\/2017\/10\/kirjan_kasvot.jpg 529w\" sizes=\"auto, (max-width: 265px) 100vw, 265px\" \/>Ville H\u00e4nnisen<\/strong> <i>Kirjan kasvot<\/i> (SKS, 2017) tuo valokeilaan kirjojen kansitaiteen. Se kertoo unohdettuja tarinoita ikonisten, kaikkien tuntemien kirjankansien synnyst\u00e4. Se tuo my\u00f6s esiin ihmisi\u00e4 kansien takana \u2013 suomalaisen kirjataiteen mestareita.<\/p>\n<p class=\"p1\">Kaikki tiet\u00e4v\u00e4t, milt\u00e4 V\u00e4in\u00f6 Linnan <i>Tuntemattoman sotilaan<\/i> kansi n\u00e4ytt\u00e4\u00e4. Harva kuitenkaan muistaa Martti Mykk\u00e4st\u00e4, miest\u00e4 ikonisen siluettikannen takana. Ensimm\u00e4inen suomalaisista kirjankansista kertova yleisteos kuvaa Mykk\u00e4sen ja kymmenien muiden unohdettujen kuvittajien ja suunnittelijoiden tuotantoa.<\/p>\n<p class=\"p1\"><i>Kirjan kasvot<\/i> nostaa esiin yhden teoksen kultakin Suomen valtiollisen itsen\u00e4isyyden vuodelta: Yrj\u00f6 Kokon <i>Pessist\u00e4 ja Illusiasta<\/i> Laura Lindstedtin <i>Oneironiin<\/i>, Kirsi Kunnaksen <i>Tiiti\u00e4isen satupuusta<\/i> Hannu Salaman <i>Juhannustansseihin<\/i>. Valitut kannet kuvaavat aikaa ja sen virtauksia, aikansa kansityylej\u00e4 ja -taiteilijoita.<\/p>\n<p class=\"p2\"><b>Ville H\u00e4nninen <\/b>on tietokirjailija, toimittaja ja Suomen kirjataiteen komitean puheenjohtaja. H\u00e4n on kirjoittanut kirjankansista eri lehtiin toistakymment\u00e4 vuotta.<\/p>\n<p class=\"p3\">\n<\/div><\/div>\n\t\t\t\t<\/li>\n\t\t\t \t<li class=\"event festivaali fsat\">\n\t\t\t\t\t<div class=\"event-date\"><div class=\"end-date\"><div class=\"event-weekday\">Sat<\/div><div class=\"event-day\">02<\/div><div class=\"event-month\">Dec<\/div><div class=\"event-year\">2017<\/div><\/div><\/div>\n\t\t\t\t\t<div class=\"event-info multi-day\"><div class=\"event-title\"><h3>JP Ahonen<\/h3><\/div><span class=\"event-time\">16:45<\/span><span class=\"event-location\">Main library, main stage  (Kaarlenv\u00e4yl\u00e4 3)<\/span><div class=\"event-details\"><p><img loading=\"lazy\" decoding=\"async\" class=\"size-full wp-image-2955\" src=\"http:\/\/www.oulucomics.com\/wp-content\/uploads\/2017\/10\/en.jpg\" alt=\"en\" width=\"23\" height=\"20\" \/><\/p>\n<p><img loading=\"lazy\" decoding=\"async\" class=\"alignright size-medium wp-image-2971\" src=\"http:\/\/www.oulucomics.com\/wp-content\/uploads\/2017\/10\/perkeros_colors_web-300x246.jpg\" alt=\"perkeros_colors_web\" width=\"300\" height=\"246\" srcset=\"https:\/\/www.oulucomics.com\/wp-content\/uploads\/2017\/10\/perkeros_colors_web-300x246.jpg 300w, https:\/\/www.oulucomics.com\/wp-content\/uploads\/2017\/10\/perkeros_colors_web.jpg 700w\" sizes=\"auto, (max-width: 300px) 100vw, 300px\" \/>More information later...<\/p>\n<\/div><\/div>\n\t\t\t\t<\/li>\n\t\t\t \t<li class=\"event festivaali fsat sarjasto\">\n\t\t\t\t\t<div class=\"event-date\"><div class=\"end-date\"><div class=\"event-weekday\">Sat<\/div><div class=\"event-day\">02<\/div><div class=\"event-month\">Dec<\/div><div class=\"event-year\">2017<\/div><\/div><\/div>\n\t\t\t\t\t<div class=\"event-info multi-day\"><div class=\"event-title\"><h3>Suuren Kurpitsan syksyn uutuudet<\/h3><\/div><span class=\"event-time\">17:15<\/span><span class=\"event-location\">Main library, Sarjasto (Kaarlenv\u00e4yl\u00e4 3, 3rd floor)<\/span><div class=\"event-details\"><p><img loading=\"lazy\" decoding=\"async\" class=\"alignleft size-full wp-image-2956\" src=\"http:\/\/www.oulucomics.com\/wp-content\/uploads\/2017\/10\/fi.jpg\" alt=\"fi\" width=\"23\" height=\"20\" \/><\/p>\n<p>&nbsp;<\/p>\n<p class=\"p1\"><img loading=\"lazy\" decoding=\"async\" class=\"alignright size-medium wp-image-2966\" src=\"http:\/\/www.oulucomics.com\/wp-content\/uploads\/2017\/10\/k_n-248x300.jpg\" alt=\"k_n\" width=\"248\" height=\"300\" srcset=\"https:\/\/www.oulucomics.com\/wp-content\/uploads\/2017\/10\/k_n-248x300.jpg 248w, https:\/\/www.oulucomics.com\/wp-content\/uploads\/2017\/10\/k_n.jpg 396w\" sizes=\"auto, (max-width: 248px) 100vw, 248px\" \/>Vuodesta 1981 toiminut Suuri Kurpitsa\u00a0on julkaissut syksyll\u00e4 2017 per\u00e4ti\u00a0seitsem\u00e4n sarjakuvakirjaa. Seitsikkoon mahtuu kolme esikoisalbumia ja p\u00e4\u00e4osin tuoreiden tekij\u00f6iden\u00a0t\u00f6ist\u00e4 koottu antologia. Teokset k\u00e4sittelev\u00e4t lapsuutta, nuoruutta, aikuisuutta ja vanhuutta sek\u00e4\u00a0merenlaista fantasiamaailmaa, perhe-el\u00e4m\u00e4\u00e4, punkkia, valokuvausta ja ihmismielen j\u00e4rkkymist\u00e4.<\/p>\n<p class=\"p2\"><strong>Ville Pirisen<\/strong> Haastattelemana\u00a0<strong>Pauli Kallio<\/strong> esittelee teokset:<br \/>\nKallio &amp; Nuutinen: Kramppeja &amp; nyrj\u00e4hdyksi\u00e4 - koko maailman paino <em>(Suuri Kurpitsa, 2017)<\/em><br \/>\nKallio &amp; Ahonen: Maalaispunkin t\u00e4ydennetty p\u00e4iv\u00e4kirja <em>(Suuri Kurpitsa, 2017)\u00a0<\/em><br \/>\nSuvi Ermil\u00e4: <em>Hauho (Suuri Kurpitsa, 2017)<\/em><br \/>\nJussi Waltameri: <em>Samalla kadulla kirkko ja tehdas (Suuri Kurpitsa, 2017)<\/em><br \/>\nApila Pepita Miettinen (Toimittaja): <em>Rikkin\u00e4isen mielen kuvat (Suuri Kurpitsa, 2017)\u00a0<\/em><br \/>\nPallister: <em>Sarjakuvausta! (Suuri Kurpitsa, 2017)<\/em><br \/>\nAntti Ollikainen: Flu3 - <em>Viimeinen aivastus\u00a0(Suuri Kurpitsa, 2017)<\/em><\/p>\n<p class=\"p2\"><a href=\"http:\/\/www.suurikurpitsa.fi\">www.suurikurpitsa.fi<\/a><\/p>\n<\/div><\/div>\n\t\t\t\t<\/li>\n\t\t\t \t<li class=\"event festivaali fsat\">\n\t\t\t\t\t<div class=\"event-date\"><div class=\"end-date\"><div class=\"event-weekday\">Sat<\/div><div class=\"event-day\">02<\/div><div class=\"event-month\">Dec<\/div><div class=\"event-year\">2017<\/div><\/div><\/div>\n\t\t\t\t\t<div class=\"event-info multi-day\"><div class=\"event-title\"><h3>Max Andersson (Sweden)<\/h3><\/div><span class=\"event-time\">17:30<\/span><span class=\"event-location\">Main library, main stage  (Kaarlenv\u00e4yl\u00e4 3)<\/span><div class=\"event-details\"><p><img loading=\"lazy\" decoding=\"async\" class=\"size-full wp-image-2955\" src=\"http:\/\/www.oulucomics.com\/wp-content\/uploads\/2017\/10\/en.jpg\" alt=\"en\" width=\"23\" height=\"20\" \/><\/p>\n<\/div><\/div>\n\t\t\t\t<\/li>\n\t\t\t \t<li class=\"event festivaali fsat\">\n\t\t\t\t\t<div class=\"event-date\"><div class=\"end-date\"><div class=\"event-weekday\">Sat<\/div><div class=\"event-day\">02<\/div><div class=\"event-month\">Dec<\/div><div class=\"event-year\">2017<\/div><\/div><\/div>\n\t\t\t\t\t<div class=\"event-info multi-day\"><div class=\"event-title\"><h3>Sarjakuvantekij\u00e4t Walkersissa \/ Comic Artists at Walkers<\/h3><\/div><span class=\"event-time\">19:00<\/span><span class=\"event-location\">Walkers Oulu, Hallituskatu 11, Oulu<\/span><div class=\"event-details\"><p><img loading=\"lazy\" decoding=\"async\" class=\"alignleft size-full wp-image-2956\" src=\"http:\/\/www.oulucomics.com\/wp-content\/uploads\/2017\/10\/fi.jpg\" alt=\"fi\" width=\"23\" height=\"20\" \/><\/p>\n<p>&nbsp;<\/p>\n<p>Oulun Sarjakuvafestivaali rantautuu t\u00e4n\u00e4 vuonna my\u00f6s nuorisokahvila Walkersiin, Oulussa. Paikalla ovat sarjakuvantekij\u00e4t <strong>Sami Nyyss\u00f6l\u00e4<\/strong> ja <strong>Anssi Vieruaho<\/strong>, joiden yhteisproduktio <em>24 p\u00e4iv\u00e4\u00e4 (Pokuto, 2016)<\/em> ilmestyi edellisen vuoden festivaaleilla.\u00a0Tekij\u00e4t ovat koonneet tarinan haastattelemalla irakilaisia turvapaikanhakijoita. Kertomuksista on muodostunut 24 p\u00e4iv\u00e4n matka Suomeen, yksil\u00f6n tarinana.<\/p>\n<p><img loading=\"lazy\" decoding=\"async\" class=\"aligncenter size-medium wp-image-2974\" src=\"http:\/\/www.oulucomics.com\/wp-content\/uploads\/2017\/10\/sa1-300x148.jpg\" alt=\"sa1\" width=\"300\" height=\"148\" srcset=\"https:\/\/www.oulucomics.com\/wp-content\/uploads\/2017\/10\/sa1-300x148.jpg 300w, https:\/\/www.oulucomics.com\/wp-content\/uploads\/2017\/10\/sa1.jpg 608w\" sizes=\"auto, (max-width: 300px) 100vw, 300px\" \/>Toivotamme kaikki nuoret tervetulleeksi kahville ja\u00a0rupattelemaan tekij\u00f6iden kanssa sek\u00e4 sarjakuvista ett\u00e4 niiden tekemisest\u00e4.<\/p>\n<p><em>Tapahtuma j\u00e4rjestet\u00e4\u00e4n yhteisty\u00f6ss\u00e4 Walkers Oulun kanssa.\u00a0<\/em><\/p>\n<p><em>Walkers-toiminta on Aseman Lapset ry:ss\u00e4 kehitetty nuorisoty\u00f6n muoto, joka perustuu vapaaehtoisten aikuisten antamaan aikaan ja l\u00e4sn\u00e4oloon.\u00a0<\/em><\/p>\n<p><em>Toiminta on ammatillisesti ohjattua ja tarkoitettu kaikille alle 18-vuotiaille nuorille. Perusideana on kaikkia mukana olevia koskeva \u201cOllaan ihmisiksi\u201d.<\/em><\/p>\n<p>\/\/\/\/\/\/\/\/\/\/<\/p>\n<p><span style=\"color: #333399;\">Oulu Comics Festival arrives this year to the Cafe Walkers in Oulu. At the event are comic artists <strong>Sami Nyyss\u00f6l\u00e4<\/strong> and <strong>Anssi Vieruaho<\/strong>, whose collaboration project <em>24 p\u00e4iv\u00e4\u00e4 (Pokuto, 2016)<\/em> was announced in the festival last year. The creators have collected the story by interviewing refugees from Iraq. From these stories formed the 24 day trip to Finland, a story of an individual.<\/span><\/p>\n<p><span style=\"color: #333399;\">We invite all youngsters to join us with some coffee and chat with the creators about comics and making them.<\/span><\/p>\n<p><span style=\"color: #333399;\"><em>The event is held together with Walkers Oulu.<\/em><\/span><\/p>\n<p><span style=\"color: #333399;\"><em>Walkers activities is a form of youth work developed at Asema Lapset ry and it's based on voluntary time and presence of adults.<\/em><\/span><\/p>\n<p><span style=\"color: #333399;\"><em>Activity is professionally guided and intended for all under 18 years old.<\/em><\/span><\/p>\n<\/div><\/div>\n\t\t\t\t<\/li>\n\t\t\t \t<li class=\"event festivaali fsat klubi muu\">\n\t\t\t\t\t<div class=\"event-date\"><div class=\"end-date\"><div class=\"event-weekday\">Sat<\/div><div class=\"event-day\">02<\/div><div class=\"event-month\">Dec<\/div><div class=\"event-year\">2017<\/div><\/div><\/div>\n\t\t\t\t\t<div class=\"event-info multi-day\"><div class=\"event-title\"><h3>3d Comics Club | 3D Sarjakuvaklubi<\/h3><\/div><span class=\"event-time\">19:00 -<\/span><span class=\"event-location\">Snooker Time, Asemakatu 28, Oulu<\/span><div class=\"event-details\"><p><strong>Tervetuloa Sarjakuvaklubille viett\u00e4m\u00e4\u00e4n iltaa ja tutustumaan sarjakuvantekij\u00f6ihin. Kulttuurimy\u00f6nteisess\u00e4 Snooker Time anniskeluravintolassa on tarjolla virvokkeita, musiikkia, monenlaista ohjelmaa ja hyvi\u00e4 keskusteluja!<\/strong><\/p>\n<ul>\n<li>\n<h5>Drink'n'Draw<\/h5>\n<\/li>\n<li>\n<h5>Drawception<\/h5>\n<\/li>\n<li>\n<h5>Danceoke<\/h5>\n<\/li>\n<\/ul>\n<p><strong>Vapaa p\u00e4\u00e4sy<\/strong><br \/>\n<strong>Ik\u00e4raja 18<\/strong><\/p>\n<p>\/ \/ \/ \/ \/<\/p>\n<ul>\n<li>\n<h5>Drink'n'Draw<\/h5>\n<\/li>\n<li>\n<h5>Drawception<\/h5>\n<\/li>\n<li>\n<h5>Danceoke<\/h5>\n<\/li>\n<\/ul>\n<p>Free entry<br \/>\nAge limit 18<\/p>\n<\/div><\/div>\n\t\t\t\t<\/li>\n\t\t\t \t<li class=\"event festivaali muu nayttelyt\">\n\t\t\t\t\t<div class=\"event-date multi-date\"><div class=\"start-date\"><div class=\"event-weekday\">Sat<\/div><div class=\"event-day\">02<\/div><div class=\"event-month\">Dec<\/div><div class=\"event-year\">2017<\/div><\/div><div class=\"end-date\"><div class=\"event-weekday\">Sun<\/div><div class=\"event-day\">31<\/div><div class=\"event-month\">Dec<\/div><div class=\"event-year\">2017<\/div><\/div><\/div>\n\t\t\t\t\t<div class=\"event-info multi-day\"><div class=\"event-title\"><h3>Tohtori K:n Katvealue 2 - Valitamme h\u00e4iri\u00f6t\u00e4 kansallisessa kuvayhteydess\u00e4<\/h3><\/div><span class=\"event-time\">Snooker Time, Asemakatu 28<\/span><span class=\"event-location\">Snooker Time (alakerran tupakkikopissa), Asemakatu 28, Oulu<\/span><div class=\"event-details\"><p><img loading=\"lazy\" decoding=\"async\" class=\"aligncenter wp-image-3088\" src=\"http:\/\/www.oulucomics.com\/wp-content\/uploads\/2017\/11\/trik2-212x300.jpg\" alt=\"trik2\" width=\"310\" height=\"438\" srcset=\"https:\/\/www.oulucomics.com\/wp-content\/uploads\/2017\/11\/trik2-212x300.jpg 212w, https:\/\/www.oulucomics.com\/wp-content\/uploads\/2017\/11\/trik2-768x1086.jpg 768w, https:\/\/www.oulucomics.com\/wp-content\/uploads\/2017\/11\/trik2-724x1024.jpg 724w, https:\/\/www.oulucomics.com\/wp-content\/uploads\/2017\/11\/trik2-1018x1440.jpg 1018w, https:\/\/www.oulucomics.com\/wp-content\/uploads\/2017\/11\/trik2-1050x1485.jpg 1050w, https:\/\/www.oulucomics.com\/wp-content\/uploads\/2017\/11\/trik2.jpg 1448w\" sizes=\"auto, (max-width: 310px) 100vw, 310px\" \/><\/p>\n<\/div><\/div>\n\t\t\t\t<\/li>\n\t\t\t \t<li class=\"event festivaali fsun museo\">\n\t\t\t\t\t<div class=\"event-date\"><div class=\"end-date\"><div class=\"event-weekday\">Sun<\/div><div class=\"event-day\">03<\/div><div class=\"event-month\">Dec<\/div><div class=\"event-year\">2017<\/div><\/div><\/div>\n\t\t\t\t\t<div class=\"event-info multi-day\"><div class=\"event-title\"><h3>Puheenvuoro ja keskustelu sarjakuvataiteesta: Ville Pirinen<\/h3><\/div><span class=\"event-time\">12:00<\/span><span class=\"event-location\">Taidemuseo \/ Art museum, Kasarmintie 9, Oulu<\/span><div class=\"event-details\"><p><img loading=\"lazy\" decoding=\"async\" class=\"alignleft size-full wp-image-2956\" src=\"http:\/\/www.oulucomics.com\/wp-content\/uploads\/2017\/10\/fi.jpg\" alt=\"fi\" width=\"23\" height=\"20\" \/><\/p>\n<p>Festivaalisunnuntain ohjelmisto j\u00e4rjestet\u00e4\u00e4n Oulun Taidemuseolla. Tilaisuudessa k\u00e4sitell\u00e4\u00e4n sarjakuvataidetta sek\u00e4 esill\u00e4 olevien n\u00e4yttelyiden v\u00e4lityksell\u00e4 ett\u00e4 kuvataiteen kautta.<\/p>\n<p><img loading=\"lazy\" decoding=\"async\" class=\"alignright size-medium wp-image-3045\" src=\"http:\/\/www.oulucomics.com\/wp-content\/uploads\/2017\/11\/pirinen-293x300.jpg\" alt=\"pirinen\" width=\"293\" height=\"300\" srcset=\"https:\/\/www.oulucomics.com\/wp-content\/uploads\/2017\/11\/pirinen-293x300.jpg 293w, https:\/\/www.oulucomics.com\/wp-content\/uploads\/2017\/11\/pirinen.jpg 586w\" sizes=\"auto, (max-width: 293px) 100vw, 293px\" \/>P\u00e4iv\u00e4n aloittaa sarjakuvan l\u00e4\u00e4nintaiteilija ja sarjakuvantekij\u00e4 <strong>Ville Pirinen<\/strong>. \u00a0H\u00e4n kertoo meill\u00e4\u00e4n olevista projekteistaan ja ty\u00f6st\u00e4\u00e4n l\u00e4\u00e4nintaiteilija. Mit\u00e4 on sarjakuvataide ja mihin lokeroon se kuuluu?\u00a0Tilaisuudessa voi\u00a0avoimesta\u00a0keskustella\u00a0sarjakuvan sijoittumisesta taiteen kent\u00e4lle.<\/p>\n<p>&nbsp;<\/p>\n<\/div><\/div>\n\t\t\t\t<\/li>\n\t\t\t \t<li class=\"event festivaali fsun museo\">\n\t\t\t\t\t<div class=\"event-date\"><div class=\"end-date\"><div class=\"event-weekday\">Sun<\/div><div class=\"event-day\">03<\/div><div class=\"event-month\">Dec<\/div><div class=\"event-year\">2017<\/div><\/div><\/div>\n\t\t\t\t\t<div class=\"event-info multi-day\"><div class=\"event-title\"><h3>Inspiraatiota taiteesta: Lauri Ahtinen ja Harri Filppa<\/h3><\/div><span class=\"event-time\">12:45<\/span><span class=\"event-location\">Taidemuseo \/ Art museum, Kasarmintie 9, Oulu<\/span><div class=\"event-details\"><p><img loading=\"lazy\" decoding=\"async\" class=\"alignleft size-full wp-image-2956\" src=\"http:\/\/www.oulucomics.com\/wp-content\/uploads\/2017\/10\/fi.jpg\" alt=\"fi\" width=\"23\" height=\"20\" \/><\/p>\n<p>Sarjakuvantekij\u00e4t <strong>Lauri Ahtinen<\/strong> ja <strong>Harri Filppa<\/strong> keskustelevat kuva-, sarjakuva- ja muiden taiteiden\u00a0vaikutuksista heid\u00e4n omaan ty\u00f6skentelyyns\u00e4. Keskustelussa keskikyt\u00e4\u00e4n sek\u00e4 Kalervo Palsaan kuva- ja sarjakuvataiteilijana ett\u00e4 niihin l\u00e4ht\u00f6kohtiin, joista h\u00e4nen tuotantoonsa on uppouduttu.<\/p>\n<p><img loading=\"lazy\" decoding=\"async\" class=\"aligncenter size-medium wp-image-3046\" src=\"http:\/\/www.oulucomics.com\/wp-content\/uploads\/2017\/11\/palsaa-300x142.jpg\" alt=\"palsaa\" width=\"300\" height=\"142\" srcset=\"https:\/\/www.oulucomics.com\/wp-content\/uploads\/2017\/11\/palsaa-300x142.jpg 300w, https:\/\/www.oulucomics.com\/wp-content\/uploads\/2017\/11\/palsaa.jpg 600w\" sizes=\"auto, (max-width: 300px) 100vw, 300px\" \/><\/p>\n<\/div><\/div>\n\t\t\t\t<\/li>\n\t\t\t \t<li class=\"event festivaali fsun museo\">\n\t\t\t\t\t<div class=\"event-date\"><div class=\"end-date\"><div class=\"event-weekday\">Sun<\/div><div class=\"event-day\">03<\/div><div class=\"event-month\">Dec<\/div><div class=\"event-year\">2017<\/div><\/div><\/div>\n\t\t\t\t\t<div class=\"event-info multi-day\"><div class=\"event-title\"><h3>Jorma Pitk\u00e4nen: Jopen juhlakirja<\/h3><\/div><span class=\"event-time\">13:15<\/span><span class=\"event-location\">Taidemuseo \/ Art museum, Kasarmintie 9, Oulu<\/span><div class=\"event-details\"><p><img loading=\"lazy\" decoding=\"async\" class=\"alignleft size-full wp-image-2956\" src=\"http:\/\/www.oulucomics.com\/wp-content\/uploads\/2017\/10\/fi.jpg\" alt=\"fi\" width=\"23\" height=\"20\" \/><\/p>\n<p>&nbsp;<\/p>\n<p style=\"text-align: left;\"><em>\"Savolaiselle ei pit\u00e4isi koskaan antaa kyn\u00e4\u00e4 ja paperia k\u00e4teen, siit\u00e4 meik\u00e4l\u00e4inen on varottava esimerkki.\"<\/em><br \/>\n<em>- JOPE<\/em><\/p>\n<p><img loading=\"lazy\" decoding=\"async\" class=\"alignright size-medium wp-image-3039\" src=\"http:\/\/www.oulucomics.com\/wp-content\/uploads\/2017\/11\/jope_juhlakirja-224x300.jpg\" alt=\"jope_juhlakirja\" width=\"224\" height=\"300\" srcset=\"https:\/\/www.oulucomics.com\/wp-content\/uploads\/2017\/11\/jope_juhlakirja-224x300.jpg 224w, https:\/\/www.oulucomics.com\/wp-content\/uploads\/2017\/11\/jope_juhlakirja.jpg 747w\" sizes=\"auto, (max-width: 224px) 100vw, 224px\" \/>Kuvaty\u00f6n sankari, sarjakuvan stahanovilainen <strong>Jorma Jope Pitk\u00e4nen<\/strong> on saavuttanut miehen i\u00e4n. 70 ik\u00e4vuoteen mahtuu muun el\u00e4m\u00e4n ja el\u00e4m\u00f6innin ohella 40 000 julkaistua sarjakuvaa. Se on maailman mittaluokassakin uskomaton luku.<\/p>\n<p>Jopen hahmot eiv\u00e4t ole sarjakuvasankareita vaan antisankareita: vastarannan kiiski\u00e4, omissa heikkouksissaan rypevi\u00e4 tyyppej\u00e4, jotka kiskovat itse\u00e4\u00e4n suosta savolaisen v\u00e4\u00e4r\u00e4leukaisuuden voimalla. N\u00e4kym\u00e4t\u00f6n Vi\u00e4n\u00e4nen on pontikkaa keitt\u00e4v\u00e4 pirttiviljelij\u00e4, kirjaimellisesti n\u00e4kym\u00e4t\u00f6n tapaus yhteiskunnan laitamailta. Lempi on monissa liemiss\u00e4 keitetty evakkomummo, jonka suuta ei kuolemakaan tukkinut. Naapurin koira Lyyti haukkuu tasapuolisesti kaikki.<\/p>\n<p>T\u00e4sm\u00e4tarpeisiin suunniteltuja sarjoja eri alojen ja alueiden lehtiin on kymmeni\u00e4: Kisko, Paperitiikeri, Vossikka, Muikku-Koponen, Mauno Mansikka... Edes taiteilijael\u00e4kkeen saaminen ei pys\u00e4ytt\u00e4nyt tehtailua. Jopen Juhlakirja on tiivistelm\u00e4 yli 40 vuoden j\u00e4lkeenkin jatkuvasta urasta.<\/p>\n<p><em>Jopen juhlakirjan (Zum Teufel, 2017)<\/em> ovat toimittaneet ja Jopea tapahtumassa jututtavat <strong>Ville H\u00e4nninen<\/strong>, <strong>Vesa Kataisto<\/strong> ja Kari Puikkonen.<\/p>\n<\/div><\/div>\n\t\t\t\t<\/li>\n\t\t\t \t<li class=\"event festivaali fsun museo\">\n\t\t\t\t\t<div class=\"event-date\"><div class=\"end-date\"><div class=\"event-weekday\">Sun<\/div><div class=\"event-day\">03<\/div><div class=\"event-month\">Dec<\/div><div class=\"event-year\">2017<\/div><\/div><\/div>\n\t\t\t\t\t<div class=\"event-info multi-day\"><div class=\"event-title\"><h3>Max Andersonin n\u00e4yttelykierros \/ exhibition tour<\/h3><\/div><span class=\"event-time\">14:00<\/span><span class=\"event-location\">Taidemuseo \/ Art museum, Kasarmintie 9, Oulu<\/span><div class=\"event-details\"><p><img loading=\"lazy\" decoding=\"async\" class=\"alignleft size-full wp-image-2955\" src=\"http:\/\/www.oulucomics.com\/wp-content\/uploads\/2017\/10\/en.jpg\" alt=\"en\" width=\"23\" height=\"20\" \/><\/p>\n<p>&nbsp;<\/p>\n<p>Oulun taidemuseolla esill\u00e4 olevan <strong>Max Anderssonin<\/strong> (Ruotsi) n\u00e4yttelykierros. N\u00e4yttely kierret\u00e4\u00e4n taiteilijan johdolla ja viimeist\u00e4\u00e4n t\u00e4ss\u00e4 vaiheessa kannattaa mielt\u00e4\u00a0painavat kysymykset p\u00e4\u00e4st\u00e4\u00e4 suustaa.<\/p>\n<\/div><\/div>\n\t\t\t\t<\/li>\n\t\t\t \t<li class=\"event festivaali fsun museo\">\n\t\t\t\t\t<div class=\"event-date\"><div class=\"end-date\"><div class=\"event-weekday\">Sun<\/div><div class=\"event-day\">03<\/div><div class=\"event-month\">Dec<\/div><div class=\"event-year\">2017<\/div><\/div><\/div>\n\t\t\t\t\t<div class=\"event-info multi-day\"><div class=\"event-title\"><h3>Amr Mohammed Talaat<\/h3><\/div><span class=\"event-time\">14:30<\/span><span class=\"event-location\">Taidemuseo \/ Art museum, Kasarmintie 9, Oulu<\/span><div class=\"event-details\"><p><img loading=\"lazy\" decoding=\"async\" class=\"alignleft size-full wp-image-2955\" src=\"http:\/\/www.oulucomics.com\/wp-content\/uploads\/2017\/10\/en.jpg\" alt=\"en\" width=\"23\" height=\"20\" \/><\/p>\n<p>Henkil\u00f6haastattelussa Oulun Sarjakuvakeskuksen ja Limingan taidekoulun yhteisty\u00f6ss\u00e4 toteuttaman residenssin taiteilija <strong>Amr Mohammed Talaat<\/strong> (Egypti). Haastattelussa kuullaan h\u00e4nen monipuolisesta urastaan sarjakuvantekij\u00e4n\u00e4 ja lis\u00e4ksi mietteit\u00e4 kahden kuukauden mittaiselta residenssijaksolta.<\/p>\n<p>Tilaisuus p\u00e4\u00e4ttyy Talaatin n\u00e4yttelykierrokseen, jonka j\u00e4lkeen ja ennen tapahtumaa on mahdollisuus tutustua my\u00f6s Comics Effectsin muihin n\u00e4yttelyihin.<\/p>\n<\/div><\/div>\n\t\t\t\t<\/li><\/ul>\n\t\t\t\t<\/div>\n","protected":false},"excerpt":{"rendered":"<p>&#8230;<\/p>\n","protected":false},"author":1,"featured_media":0,"parent":12,"menu_order":0,"comment_status":"closed","ping_status":"closed","template":"","meta":{"footnotes":""},"categories":[],"tags":[],"class_list":["post-2238","page","type-page","status-publish","hentry"],"_links":{"self":[{"href":"https:\/\/www.oulucomics.com\/en_US\/wp-json\/wp\/v2\/pages\/2238","targetHints":{"allow":["GET"]}}],"collection":[{"href":"https:\/\/www.oulucomics.com\/en_US\/wp-json\/wp\/v2\/pages"}],"about":[{"href":"https:\/\/www.oulucomics.com\/en_US\/wp-json\/wp\/v2\/types\/page"}],"author":[{"embeddable":true,"href":"https:\/\/www.oulucomics.com\/en_US\/wp-json\/wp\/v2\/users\/1"}],"replies":[{"embeddable":true,"href":"https:\/\/www.oulucomics.com\/en_US\/wp-json\/wp\/v2\/comments?post=2238"}],"version-history":[{"count":106,"href":"https:\/\/www.oulucomics.com\/en_US\/wp-json\/wp\/v2\/pages\/2238\/revisions"}],"predecessor-version":[{"id":3193,"href":"https:\/\/www.oulucomics.com\/en_US\/wp-json\/wp\/v2\/pages\/2238\/revisions\/3193"}],"up":[{"embeddable":true,"href":"https:\/\/www.oulucomics.com\/en_US\/wp-json\/wp\/v2\/pages\/12"}],"wp:attachment":[{"href":"https:\/\/www.oulucomics.com\/en_US\/wp-json\/wp\/v2\/media?parent=2238"}],"wp:term":[{"taxonomy":"category","embeddable":true,"href":"https:\/\/www.oulucomics.com\/en_US\/wp-json\/wp\/v2\/categories?post=2238"},{"taxonomy":"post_tag","embeddable":true,"href":"https:\/\/www.oulucomics.com\/en_US\/wp-json\/wp\/v2\/tags?post=2238"}],"curies":[{"name":"wp","href":"https:\/\/api.w.org\/{rel}","templated":true}]}}