{"id":135,"date":"2016-08-10T08:55:59","date_gmt":"2016-08-10T05:55:59","guid":{"rendered":"http:\/\/www.oulucomics.com\/?page_id=135"},"modified":"2017-01-17T08:58:24","modified_gmt":"2017-01-17T06:58:24","slug":"menneet-nayttelyt","status":"publish","type":"page","link":"https:\/\/www.oulucomics.com\/en_US\/keskus\/sarjakuvagalleria\/menneet-nayttelyt\/","title":{"rendered":"Past exhibitions"},"content":{"rendered":"\n\t\t\t\t<div class=\"event-list\">\n\t\t\t\t<style type=\"text\/css\">\n\t\t\t\t\t.filterbar { display:table; width:100% }\n\t\t\t\t\t.filterbar > div { display:table-cell }\n\t\t\t\t<\/style>\n\t\t\t\t<!--[if lte IE 7]>\n\t\t\t\t<style>.filterbar > div { float:left }<\/style>\n\t\t\t\t<![endif]-->\n\t\t\t\t<div class=\"filterbar subsubsub\">\n\t\t\t\t\t<div style=\"text-align:left\"><ul class=\"hlist\"><li><a href=\"https:\/\/www.oulucomics.com\/en_US\/keskus\/sarjakuvagalleria\/menneet-nayttelyt\/?date1=all\">All<\/a><\/li><li><a href=\"https:\/\/www.oulucomics.com\/en_US\/keskus\/sarjakuvagalleria\/menneet-nayttelyt\/?date1=upcoming\">Upcoming<\/a><\/li><li><a href=\"https:\/\/www.oulucomics.com\/en_US\/keskus\/sarjakuvagalleria\/menneet-nayttelyt\/?date1=2014\">2014<\/a><\/li><li><a href=\"https:\/\/www.oulucomics.com\/en_US\/keskus\/sarjakuvagalleria\/menneet-nayttelyt\/?date1=2015\">2015<\/a><\/li><li><a href=\"https:\/\/www.oulucomics.com\/en_US\/keskus\/sarjakuvagalleria\/menneet-nayttelyt\/?date1=2016\">2016<\/a><\/li><li><a href=\"https:\/\/www.oulucomics.com\/en_US\/keskus\/sarjakuvagalleria\/menneet-nayttelyt\/?date1=2017\">2017<\/a><\/li><li><a href=\"https:\/\/www.oulucomics.com\/en_US\/keskus\/sarjakuvagalleria\/menneet-nayttelyt\/?date1=2018\">2018<\/a><\/li><li><a href=\"https:\/\/www.oulucomics.com\/en_US\/keskus\/sarjakuvagalleria\/menneet-nayttelyt\/?date1=2019\">2019<\/a><\/li><li><a href=\"https:\/\/www.oulucomics.com\/en_US\/keskus\/sarjakuvagalleria\/menneet-nayttelyt\/?date1=2020\">2020<\/a><\/li><li><a href=\"https:\/\/www.oulucomics.com\/en_US\/keskus\/sarjakuvagalleria\/menneet-nayttelyt\/?date1=2021\">2021<\/a><\/li><li><a href=\"https:\/\/www.oulucomics.com\/en_US\/keskus\/sarjakuvagalleria\/menneet-nayttelyt\/?date1=2022\">2022<\/a><\/li><li><a href=\"https:\/\/www.oulucomics.com\/en_US\/keskus\/sarjakuvagalleria\/menneet-nayttelyt\/?date1=2023\">2023<\/a><\/li><li><a href=\"https:\/\/www.oulucomics.com\/en_US\/keskus\/sarjakuvagalleria\/menneet-nayttelyt\/?date1=2024\">2024<\/a><\/li><li><a href=\"https:\/\/www.oulucomics.com\/en_US\/keskus\/sarjakuvagalleria\/menneet-nayttelyt\/?date1=2025\">2025<\/a><\/li><li><a href=\"https:\/\/www.oulucomics.com\/en_US\/keskus\/sarjakuvagalleria\/menneet-nayttelyt\/?date1=2026\">2026<\/a><\/li><\/ul>\n\t\t\t\t\t<\/div><\/div>\n\t\t\t\t<ul class=\"event-list-view\">\n\t\t\t \t<li class=\"event center sarjakuvagalleria\">\n\t\t\t\t\t<div class=\"event-date multi-date\"><div class=\"start-date\"><div class=\"event-weekday\">Thu<\/div><div class=\"event-day\">09<\/div><div class=\"event-month\">Jan<\/div><div class=\"event-year\">2014<\/div><\/div><div class=\"end-date\"><div class=\"event-weekday\">Wed<\/div><div class=\"event-day\">05<\/div><div class=\"event-month\">Feb<\/div><div class=\"event-year\">2014<\/div><\/div><\/div>\n\t\t\t\t\t<div class=\"event-info multi-day\"><div class=\"event-title\"><h3>Kuun kotimaisia Oulun seudulta<\/h3><\/div><span class=\"event-location\">Oulun Sarjakuvakeskus, Kulttuuritalo Valve, Hallituskatu 7<\/span><div class=\"event-details\"><p>Sarjakuvagalleria!:n ensimm\u00e4inen n\u00e4yttely esittelee Iltasanomien kuukauden kotimaisia vuosien varrelta. Seinille on ker\u00e4tty Oulun seudulla vaikuttavien ja vaikuttaneiden tekij\u00f6iden strippej\u00e4 vuodesta 1986 alkaen.<\/p>\n<p>N\u00e4yttelyn ovat koonneet sarjakuvaneuvos Juhani Tolvanen ja Oulun sarjakuvakeskus<\/p>\n<\/div><\/div>\n\t\t\t\t<\/li>\n\t\t\t \t<li class=\"event center sarjakuvagalleria\">\n\t\t\t\t\t<div class=\"event-date multi-date\"><div class=\"start-date\"><div class=\"event-weekday\">Thu<\/div><div class=\"event-day\">06<\/div><div class=\"event-month\">Mar<\/div><div class=\"event-year\">2014<\/div><\/div><div class=\"end-date\"><div class=\"event-weekday\">Wed<\/div><div class=\"event-day\">02<\/div><div class=\"event-month\">Apr<\/div><div class=\"event-year\">2014<\/div><\/div><\/div>\n\t\t\t\t\t<div class=\"event-info multi-day\"><div class=\"event-title\"><h3>Ilpo Koskela \u2013 Tilaussarjakuvia<\/h3><\/div><span class=\"event-location\">Oulun Sarjakuvakeskus, Kulttuuritalo Valve, Hallituskatu 7<\/span><div class=\"event-details\"><p><img loading=\"lazy\" decoding=\"async\" class=\"alignnone size-full wp-image-2782\" src=\"http:\/\/www.oulucomics.com\/wp-content\/uploads\/2017\/05\/1959051_823010884381408_339311324_o-300x124.jpg\" alt=\"1959051_823010884381408_339311324_o-300x124\" width=\"300\" height=\"124\" \/><\/p>\n<p><strong style=\"font-style: inherit;\"><a style=\"font-weight: inherit; font-style: inherit; color: #000000;\" href=\"https:\/\/www.facebook.com\/events\/285293861626049\/\" target=\"_blank\">https:\/\/www.facebook.com\/events\/285293861626049\/<\/a><\/strong><\/p>\n<div id=\"id_5318759798a6a4758428659\"><em>Tilaussarjakuva on Suomessa v\u00e4h\u00e4n tunnettu sarjakuvan osa-alue, vaikka niit\u00e4 useissa aikakaus- ja erikoisjulkaisuissa ilmestyykin. Tilaussarjakuva r\u00e4\u00e4t\u00e4l\u00f6id\u00e4\u00e4n sit\u00e4 julkaisevaan mediaan julkaisijan toiveet huomioiden, mik\u00e4 usein tarkoittaa tarinan kirjoittamista ja sijoittamista tiettyyn aihepiiriin sek\u00e4 milj\u00f6\u00f6seen. Yleisin tilaussarjakuvan muoto on huumoripitoinen strippi tai puolisivuinen jakso. Pitki\u00e4 jatkuvajuonisia sarjoja on my\u00f6s julkaistu, t\u00e4n\u00e4 p\u00e4iv\u00e4n\u00e4 jo kokonaisia albumeitakin.<\/em><\/div>\n<div><\/div>\n<div><em>Suosittuja sanomalehtistrippikokoelmia lukuun ottamatta suomalaisten sarjakuvajulkaisujen painokset ovat pieni\u00e4. Tekij\u00f6iden on vaikea rakentaa toimeentuloaan pelk\u00e4st\u00e4\u00e4n niiden varaan. Tilaussarjakuvista maksetaan parempi julkaisukorvaus. Puolisenkymment\u00e4 kuukausittain julkaistavaa sarjaa takaavat tekij\u00e4lle jo peruselannon. Aikaa j\u00e4\u00e4 my\u00f6s omaehtoiseen, albumimuotoiseen sarjakuvatuotantoon.<\/em><\/div>\n<div><em>AVAJAISET pidet\u00e4\u00e4n perjantaina 14.3. klo 18.<\/em><br \/>\n<em><em>Taiteilija paikalla, tarjoilua my\u00f6s. TERVETULOA!<br \/>\n<\/em><\/em><\/div>\n<\/div><\/div>\n\t\t\t\t<\/li>\n\t\t\t \t<li class=\"event center sarjakuvagalleria\">\n\t\t\t\t\t<div class=\"event-date multi-date\"><div class=\"start-date\"><div class=\"event-weekday\">Thu<\/div><div class=\"event-day\">03<\/div><div class=\"event-month\">Apr<\/div><div class=\"event-year\">2014<\/div><\/div><div class=\"end-date\"><div class=\"event-weekday\">Tue<\/div><div class=\"event-day\">29<\/div><div class=\"event-month\">Apr<\/div><div class=\"event-year\">2014<\/div><\/div><\/div>\n\t\t\t\t\t<div class=\"event-info multi-day\"><div class=\"event-title\"><h3>Villains at Valve -n\u00e4yttely Studio Korppikelan elokuvatuotannoista<\/h3><\/div><span class=\"event-location\">Oulun Sarjakuvakeskus, Kulttuuritalo Valve, Hallituskatu 7<\/span><div class=\"event-details\"><p>Julia Salmisen valokuvia ja Veli-Matin Uralin kuvituksia.<\/p>\n<\/div><\/div>\n\t\t\t\t<\/li>\n\t\t\t \t<li class=\"event center sarjakuvagalleria\">\n\t\t\t\t\t<div class=\"event-date multi-date\"><div class=\"start-date\"><div class=\"event-weekday\">Fri<\/div><div class=\"event-day\">02<\/div><div class=\"event-month\">May<\/div><div class=\"event-year\">2014<\/div><\/div><div class=\"end-date\"><div class=\"event-weekday\">Tue<\/div><div class=\"event-day\">27<\/div><div class=\"event-month\">May<\/div><div class=\"event-year\">2014<\/div><\/div><\/div>\n\t\t\t\t\t<div class=\"event-info multi-day\"><div class=\"event-title\"><h3>Mari Ahokoivu ja S\u00f8ren Mosdal - Onnellisten ihmisten kaupunki<\/h3><\/div><span class=\"event-location\">Oulun Sarjakuvakeskus, Kulttuuritalo Valve, Hallituskatu 7<\/span><div class=\"event-details\"><p>Py\u00f6r\u00e4t\u00a0ja\u00a0ihmiset.\u00a0Niit\u00e4\u00a0on\u00a0paljon.\u00a0Mari\u00a0Ahokoivu\u00a0muutti\u00a0K\u00f6\u00f6penhaminaan\u00a0pari\u00a0viikkoa\u00a0ennen\u00a0kuin\u00a0uutisissa\u00a0kerrottiin\u00a0taas\u00a0tutkimuksesta, joka\u00a0listasi\u00a0tanskalaiset\u00a0maailman\u00a0onnellisimmiksi\u00a0ihmisiksi.\u00a0Tanskalainen\u00a0S\u00f8ren\u00a0Mosdal\u00a0on\u00a0aina\u00a0kuullut\u00a0samankaltaisia\u00a0uutisia,\u00a0mutta\u00a0pit\u00e4v\u00e4tk\u00f6h\u00e4n\u00a0ne\u00a0kuitenkaan\u00a0t\u00e4ysin\u00a0paikkaansa?\u00a0Voiko\u00a0onnellisuutta\u00a0edes\u00a0mitata?\u00a0Suomalais\u00adtanskalainen\u00a0n\u00e4yttely\u00a0kurkistaa\u00a0onnellisten\u00a0ihmisten\u00a0p\u00e4\u00e4kaupunkiin,\u00a0K\u00f6\u00f6penhaminaan.<\/p>\n<\/div><\/div>\n\t\t\t\t<\/li>\n\t\t\t \t<li class=\"event center sarjakuvagalleria\">\n\t\t\t\t\t<div class=\"event-date multi-date\"><div class=\"start-date\"><div class=\"event-weekday\">Thu<\/div><div class=\"event-day\">29<\/div><div class=\"event-month\">May<\/div><div class=\"event-year\">2014<\/div><\/div><div class=\"end-date\"><div class=\"event-weekday\">Tue<\/div><div class=\"event-day\">24<\/div><div class=\"event-month\">Jun<\/div><div class=\"event-year\">2014<\/div><\/div><\/div>\n\t\t\t\t\t<div class=\"event-info multi-day\"><div class=\"event-title\"><h3>Kiekumisia<\/h3><\/div><span class=\"event-location\">Oulun Sarjakuvakeskus, Kulttuuritalo Valve, Hallituskatu 7<\/span><div class=\"event-details\"><p>Aapo Kukon originaaleja vuosilta 2008-2014. Kukon n\u00e4yttelyss\u00e4 on esill\u00e4 sek\u00e4 sarjakuvasivuja ett\u00e4 yksitt\u00e4isi\u00e4kin originaaleja vuosien varrelta.<\/p>\n<\/div><\/div>\n\t\t\t\t<\/li>\n\t\t\t \t<li class=\"event center sarjakuvagalleria\">\n\t\t\t\t\t<div class=\"event-date multi-date\"><div class=\"start-date\"><div class=\"event-weekday\">Thu<\/div><div class=\"event-day\">26<\/div><div class=\"event-month\">Jun<\/div><div class=\"event-year\">2014<\/div><\/div><div class=\"end-date\"><div class=\"event-weekday\">Tue<\/div><div class=\"event-day\">19<\/div><div class=\"event-month\">Aug<\/div><div class=\"event-year\">2014<\/div><\/div><\/div>\n\t\t\t\t\t<div class=\"event-info multi-day\"><div class=\"event-title\"><h3>Jukkapalmun salaisuus \u2013 Pohjoismaisen lastensarjakuvakilpailun parhaimmistoa<\/h3><\/div><span class=\"event-location\">Oulun Sarjakuvakeskus, Kulttuuritalo Valve, Hallituskatu 7<\/span><div class=\"event-details\"><p>Mik\u00e4 on jukkapalmun salaisuus? Minne \u00e4iti katosi ja mihin tipu on oikein\u00a0matkalla? Voiko kettu opettaa p\u00f6ll\u00f6n lent\u00e4m\u00e4\u00e4n?<\/p>\n<p>Helsingin 28. sarjakuvafestivaalien pohjoismaisen sarjakuvakilpailun 2013\u00a0aiheena oli lastensarjakuva. Kilpailu oli jatkoa aiemmin Kemiss\u00e4\u00a0j\u00e4rjestetylle pohjoismaiselle kilpailulle. Jukkapalmun salaisuus -n\u00e4yttely\u00a0esittelee kilpailun parhaimmistoa printtein\u00e4. Mukana taiteilijat: Mari<br \/>\nAhokoivu, Jutta Kivilompolo, Verna Kuutti, Reetta Laitinen, Jonna Markkula,\u00a0Maarika Martins, Akvil\u00e9 Miseviciute, Elina Ovaskainen, Katri Sipil\u00e4inen,\u00a0Luka Va, Anna \u00c5hl\u00e9n.<\/p>\n<\/div><\/div>\n\t\t\t\t<\/li>\n\t\t\t \t<li class=\"event center sarjakuvagalleria\">\n\t\t\t\t\t<div class=\"event-date multi-date\"><div class=\"start-date\"><div class=\"event-weekday\">Thu<\/div><div class=\"event-day\">21<\/div><div class=\"event-month\">Aug<\/div><div class=\"event-year\">2014<\/div><\/div><div class=\"end-date\"><div class=\"event-weekday\">Tue<\/div><div class=\"event-day\">23<\/div><div class=\"event-month\">Sep<\/div><div class=\"event-year\">2014<\/div><\/div><\/div>\n\t\t\t\t\t<div class=\"event-info multi-day\"><div class=\"event-title\"><h3>Mikko Jylh\u00e4 - Thesis of evil \u2013 originaalit<\/h3><\/div><span class=\"event-location\">Oulun Sarjakuvakeskus, Kulttuuritalo Valve, Hallituskatu 7<\/span><div class=\"event-details\"><p>Sarjakuvan\u00e4yttely \u2019Thesis of evil -originaalit\u2019 on dokumentaatio sarjakuvantekij\u00e4n ty\u00f6skentelyst\u00e4 elokuvanteossa.<\/p>\n<p>Mutant Koala Picturesin \u2019Dr Professors thesis of Evil\u2019 on motion novelle -tekniikalla toteutettu elokuva unelmien t\u00e4rkeydest\u00e4 ja superrikollisesta. Elokuva on tuotettu Oulussa 2011 ja esitetty lukuisilla festivaaleilla koti- ja ulkomailla.<\/p>\n<p>Roolini ty\u00f6ryhm\u00e4ss\u00e4 oli piirt\u00e4\u00e4 sarjakuvasivuja, joita animoitiin. Piirrokset ovat elokuvan takaumakohtauksista, jotka ovat supersankarihenkist\u00e4 sarjakuvaa. Sarjakuvat on elokuvaan tietokonev\u00e4ritetty ja layer -animoitu, mutta n\u00e4yttelyty\u00f6t ovat perinteisi\u00e4 tussioriginaaleja, kokoa A3:sta pienempiin.<\/p>\n<\/div><\/div>\n\t\t\t\t<\/li>\n\t\t\t \t<li class=\"event center sarjakuvagalleria\">\n\t\t\t\t\t<div class=\"event-date multi-date\"><div class=\"start-date\"><div class=\"event-weekday\">Sat<\/div><div class=\"event-day\">27<\/div><div class=\"event-month\">Sep<\/div><div class=\"event-year\">2014<\/div><\/div><div class=\"end-date\"><div class=\"event-weekday\">Sat<\/div><div class=\"event-day\">01<\/div><div class=\"event-month\">Nov<\/div><div class=\"event-year\">2014<\/div><\/div><\/div>\n\t\t\t\t\t<div class=\"event-info multi-day\"><div class=\"event-title\"><h3>Muuttuva maailma<\/h3><\/div><span class=\"event-location\">Oulun Sarjakuvakeskus, Kulttuuritalo Valve, Hallituskatu 7<\/span><div class=\"event-details\"><p>Sarjakuvailmaisu liitt\u00e4\u00e4 sis\u00e4\u00e4ns\u00e4 kuva- ja sanataiteen. Muuttuva maailma \u2013n\u00e4yttely ja ty\u00f6pajasarja murtaa raja-aitoja tarjoamalle uusia n\u00e4k\u00f6kulmia sarjakuvaan ja tukee osallistavan toiminnan v\u00e4lityksell\u00e4 muun muassa kolmiulotteisuuden hahmottamista.<\/p>\n<p>Muuttavassa maailmassa n\u00e4hd\u00e4\u00e4n kolmeulotteisia sarjakuvateoksia, joihin n\u00e4yttelyvieraat voivat puhekuplien v\u00e4lityksell\u00e4 j\u00e4tt\u00e4\u00e4 omia viestej\u00e4\u00e4n ja muokata maailmaa liikuttamalla ruudun sis\u00e4ll\u00e4 sijaitsevia puunukkeja. Teokset ovat k\u00e4yt\u00e4nn\u00f6ss\u00e4 k\u00e4sin kosketeltavissa ja tunnusteltavissa.<\/p>\n<p>Suomen kulttuurirahaston Pohjois-Pohjanmaan rahasto on tukenut n\u00e4yttelyiden ja ty\u00f6pajojen j\u00e4rjest\u00e4mist\u00e4.<\/p>\n<p>Avajaiset 26.9. klo 18:00, Tervetuloa!<\/p>\n<p><img loading=\"lazy\" decoding=\"async\" class=\"alignnone size-full wp-image-2783\" src=\"http:\/\/www.oulucomics.com\/wp-content\/uploads\/2017\/05\/mm_oulu2-212x300.jpg\" alt=\"mm_oulu2-212x300\" width=\"212\" height=\"300\" \/><\/p>\n<\/div><\/div>\n\t\t\t\t<\/li>\n\t\t\t \t<li class=\"event center sarjakuvagalleria\">\n\t\t\t\t\t<div class=\"event-date multi-date\"><div class=\"start-date\"><div class=\"event-weekday\">Mon<\/div><div class=\"event-day\">03<\/div><div class=\"event-month\">Nov<\/div><div class=\"event-year\">2014<\/div><\/div><div class=\"end-date\"><div class=\"event-weekday\">Wed<\/div><div class=\"event-day\">12<\/div><div class=\"event-month\">Nov<\/div><div class=\"event-year\">2014<\/div><\/div><\/div>\n\t\t\t\t\t<div class=\"event-info multi-day\"><div class=\"event-title\"><h3>MAAILMAN SARJAKUVITTAJAT -N\u00c4YTTELY<\/h3><\/div><span class=\"event-location\">Oulun Sarjakuvakeskus, Kulttuuritalo Valve, Hallituskatu 7<\/span><div class=\"event-details\"><p>Maailman Sarjakuvat ry on kehitysyhteisty\u00f6t\u00e4 tekev\u00e4 kansalaisj\u00e4rjest\u00f6, jonka toimintaidea on opettaa ihmisi\u00e4 k\u00e4ytt\u00e4m\u00e4\u00e4n sarjakuvaa mediana ja itseilmaisun v\u00e4lineen\u00e4. J\u00e4rjest\u00f6n ty\u00f6pajoja Afrikassa, Intiassa ja L\u00e4hi-Id\u00e4ss\u00e4 ovat sen 16-vuotisen historian aikana ohjanneet monet suomalaiset eturivin sarjakuvataiteilijat.<\/p>\n<p>N\u00e4yttelyss\u00e4 mukana ovat sarjakuvataiteilijat <strong>Hanna Arvela, Matti Hagelberg, Sanna Hukkanen, Tarmo Koivisto, Kaisa Leka, Leif Packal\u00e9n, Johanna Rojola, Ville Tiet\u00e4v\u00e4inen<\/strong> ja <strong>Katja Tukiainen<\/strong>. Jokainen taiteilija tuo n\u00e4ytteille yhden ohjaamastaan ty\u00f6pajasta itseens\u00e4 vaikutuksen tehneen ty\u00f6n ja yhden oman ty\u00f6ns\u00e4, jossa kehitysyhteisty\u00f6ss\u00e4 saadut kokemukset heijastuvat.<\/p>\n<\/div><\/div>\n\t\t\t\t<\/li>\n\t\t\t \t<li class=\"event center sarjakuvagalleria\">\n\t\t\t\t\t<div class=\"event-date multi-date\"><div class=\"start-date\"><div class=\"event-weekday\">Thu<\/div><div class=\"event-day\">13<\/div><div class=\"event-month\">Nov<\/div><div class=\"event-year\">2014<\/div><\/div><div class=\"end-date\"><div class=\"event-weekday\">Tue<\/div><div class=\"event-day\">02<\/div><div class=\"event-month\">Dec<\/div><div class=\"event-year\">2014<\/div><\/div><\/div>\n\t\t\t\t\t<div class=\"event-info multi-day\"><div class=\"event-title\"><h3>Piirrossankareita Valkokankaalla 80V<\/h3><\/div><span class=\"event-location\">Oulun Sarjakuvakeskus, Kulttuuritalo Valve, Hallituskatu 7<\/span><\/div>\n\t\t\t\t<\/li>\n\t\t\t \t<li class=\"event center sarjakuvagalleria\">\n\t\t\t\t\t<div class=\"event-date multi-date\"><div class=\"start-date\"><div class=\"event-weekday\">Tue<\/div><div class=\"event-day\">09<\/div><div class=\"event-month\">Dec<\/div><div class=\"event-year\">2014<\/div><\/div><div class=\"end-date\"><div class=\"event-weekday\">Tue<\/div><div class=\"event-day\">20<\/div><div class=\"event-month\">Jan<\/div><div class=\"event-year\">2015<\/div><\/div><\/div>\n\t\t\t\t\t<div class=\"event-info multi-day\"><div class=\"event-title\"><h3>a kick in the eye<\/h3><\/div><span class=\"event-location\">Oulun Sarjakuvakeskus, Kulttuuritalo Valve, Hallituskatu 7<\/span><div class=\"event-details\"><p style=\"margin-bottom: 0cm;\">a kick in the eye\u00a0abstraktia sarjakuvaa ja aseemista kirjoitusta.\u00a0a kick in the eye on kahdentoista visuaalisen runoilijan yhteisty\u00f6n\u00e4 syntynyt abstrakti sarjakuvaromaani. Kukin on tehnyt teokseen kaksitoista sivua aloittaen siit\u00e4 mihin toinen on j\u00e4\u00e4nyt. Ensimm\u00e4isen sivun teki ja teokselle lopullisen muodon antoi Tim Gaze. Nimi tulee Bauhausin kappaleesta.<\/p>\n<p style=\"margin-bottom: 0cm;\">\n<p style=\"margin-bottom: 0cm;\">a kick in the eye -n\u00e4yttelyss\u00e4 on esill\u00e4 kaksitoista n\u00e4ytett\u00e4 tuosta teoksesta, yksi sivu kultakin osallistujalta.<\/p>\n<p style=\"margin-bottom: 0cm;\">\n<p style=\"margin-bottom: 0cm;\">Tekij\u00e4t:<\/p>\n<p style=\"margin-bottom: 0cm;\">Marco Giovenale<\/p>\n<p style=\"margin-bottom: 0cm;\">(b. 1969) Rome, Italy<\/p>\n<p style=\"margin-bottom: 0cm;\">www.slowforward.wordpress.com<\/p>\n<p style=\"margin-bottom: 0cm;\">Nico Vassilakis<\/p>\n<p style=\"margin-bottom: 0cm;\">(b.1963) New York City, USA<\/p>\n<p style=\"margin-bottom: 0cm;\">www.staringpoetics.weebly.com<\/p>\n<p style=\"margin-bottom: 0cm;\">Gareth Hopkins<\/p>\n<p style=\"margin-bottom: 0cm;\">(b.1980) Essex, UK<\/p>\n<p style=\"margin-bottom: 0cm;\">www.grthink.com<\/p>\n<p style=\"margin-bottom: 0cm;\">Sergio Uzal<\/p>\n<p style=\"margin-bottom: 0cm;\">(b.1968) Buenos Aires, Argentiina<\/p>\n<p style=\"margin-bottom: 0cm;\">www.sergio-uzal.blogspot.com<\/p>\n<p style=\"margin-bottom: 0cm;\">Satu Kaikkonen<\/p>\n<p style=\"margin-bottom: 0cm;\">(b.1967) Vesilahti, Finland<\/p>\n<p style=\"margin-bottom: 0cm;\">www.kotiposti.net\/kaikkonent\/alku_2.html<\/p>\n<p style=\"margin-bottom: 0cm;\">Lin Tarczynski<\/p>\n<p style=\"margin-bottom: 0cm;\">(b. 1958) Santa Barbara County, USA<\/p>\n<p style=\"margin-bottom: 0cm;\">www.ablackbrick.tumblr.com<\/p>\n<p style=\"margin-bottom: 0cm;\">Orchid Tierney<\/p>\n<p style=\"margin-bottom: 0cm;\">(b.1977) Philadelphia, USA<\/p>\n<p style=\"margin-bottom: 0cm;\">www.orchidtierney.com<\/p>\n<p style=\"margin-bottom: 0cm;\">Rosaire Appel<\/p>\n<p style=\"margin-bottom: 0cm;\">(b. 1944) NYC, USA<\/p>\n<p style=\"margin-bottom: 0cm;\">www.rosaireappel.com<\/p>\n<p style=\"margin-bottom: 0cm;\">Gary Shipley<\/p>\n<p style=\"margin-bottom: 0cm;\">(b.1972) London, England<\/p>\n<p style=\"margin-bottom: 0cm;\">www.garyjshipley.blogspot.com<\/p>\n<p style=\"margin-bottom: 0cm;\">Tim Gaze<\/p>\n<p style=\"margin-bottom: 0cm;\">(b.1964) Adelaide, Australia<\/p>\n<p style=\"margin-bottom: 0cm;\">www.asemic-editions.blogspot.com<\/p>\n<p style=\"margin-bottom: 0cm;\">Christopher Skinner\/Lestaret<\/p>\n<p style=\"margin-bottom: 0cm;\">(b.1968) Norfolk, England<\/p>\n<p style=\"margin-bottom: 0cm;\">www.lestaret.wordpress.com<\/p>\n<p style=\"margin-bottom: 0cm;\">Tony Burhouse<\/p>\n<p style=\"margin-bottom: 0cm;\">(b. 1987) Leeds, England<\/p>\n<p style=\"margin-bottom: 0cm;\">www.genemutation.co.uk<\/p>\n<\/div><\/div>\n\t\t\t\t<\/li>\n\t\t\t \t<li class=\"event center sarjakuvagalleria\">\n\t\t\t\t\t<div class=\"event-date multi-date\"><div class=\"start-date\"><div class=\"event-weekday\">Mon<\/div><div class=\"event-day\">22<\/div><div class=\"event-month\">Dec<\/div><div class=\"event-year\">2014<\/div><\/div><div class=\"end-date\"><div class=\"event-weekday\">Tue<\/div><div class=\"event-day\">24<\/div><div class=\"event-month\">Feb<\/div><div class=\"event-year\">2015<\/div><\/div><\/div>\n\t\t\t\t\t<div class=\"event-info multi-day\"><div class=\"event-title\"><h3>Myyttisten Tarujen Kuvituksia<\/h3><\/div><span class=\"event-location\">Oulun Sarjakuvakeskus, Kulttuuritalo Valve, Hallituskatu 7<\/span><div class=\"event-details\"><p style=\"margin-bottom: 0cm;\">Myyttisten Tarujen Kuvituksia. Mika Kolehmainen.<\/p>\n<\/div><\/div>\n\t\t\t\t<\/li>\n\t\t\t \t<li class=\"event center sarjakuvagalleria\">\n\t\t\t\t\t<div class=\"event-date multi-date\"><div class=\"start-date\"><div class=\"event-weekday\">Thu<\/div><div class=\"event-day\">26<\/div><div class=\"event-month\">Feb<\/div><div class=\"event-year\">2015<\/div><\/div><div class=\"end-date\"><div class=\"event-weekday\">Tue<\/div><div class=\"event-day\">24<\/div><div class=\"event-month\">Mar<\/div><div class=\"event-year\">2015<\/div><\/div><\/div>\n\t\t\t\t\t<div class=\"event-info multi-day\"><div class=\"event-title\"><h3>Turun sarjakuvakerhon 40v-antologian\u00e4yttely<\/h3><\/div><span class=\"event-location\">Oulun Sarjakuvakeskus, Kulttuuritalo Valve, Hallituskatu 7<\/span><div class=\"event-details\"><p style=\"margin-bottom: 0cm;\">Turun sarjakuvakerho t\u00e4ytti 40 vuotta vuonna 2014. Juhlavuonna antologian teemana oli vuosi -74, eli kerhon rekister\u00f6imisvuosi. Antologian 1. painos myytiin loppuun syksyll\u00e4 2014.<\/p>\n<p style=\"margin-bottom: 0cm;\"><img loading=\"lazy\" decoding=\"async\" class=\"alignnone size-full wp-image-2784\" src=\"http:\/\/www.oulucomics.com\/wp-content\/uploads\/2017\/05\/vuonna74.jpg\" alt=\"vuonna74\" width=\"640\" height=\"911\" srcset=\"https:\/\/www.oulucomics.com\/wp-content\/uploads\/2017\/05\/vuonna74.jpg 640w, https:\/\/www.oulucomics.com\/wp-content\/uploads\/2017\/05\/vuonna74-211x300.jpg 211w\" sizes=\"auto, (max-width: 640px) 100vw, 640px\" \/><\/p>\n<\/div><\/div>\n\t\t\t\t<\/li>\n\t\t\t \t<li class=\"event center sarjakuvagalleria\">\n\t\t\t\t\t<div class=\"event-date multi-date\"><div class=\"start-date\"><div class=\"event-weekday\">Thu<\/div><div class=\"event-day\">26<\/div><div class=\"event-month\">Mar<\/div><div class=\"event-year\">2015<\/div><\/div><div class=\"end-date\"><div class=\"event-weekday\">Tue<\/div><div class=\"event-day\">28<\/div><div class=\"event-month\">Apr<\/div><div class=\"event-year\">2015<\/div><\/div><\/div>\n\t\t\t\t\t<div class=\"event-info multi-day\"><div class=\"event-title\"><h3>Tuomas Tiainen: Hani<\/h3><\/div><span class=\"event-location\">Oulun Sarjakuvakeskus, Kulttuuritalo Valve, Hallituskatu 7<\/span><div class=\"event-details\"><p>Albumia ty\u00f6st\u00e4ess\u00e4\u00e4n sarjakuvantekij\u00e4 el\u00e4\u00e4 henkil\u00f6hahmojensa kanssa l\u00e4heisess\u00e4, liki symbioottisessa suhteessa. Taiteilija kuorii hahmojensa luonteen ja historian esiin v\u00e4h\u00e4 v\u00e4h\u00e4lt\u00e4. Ajan mittaan hahmot tulevat tutuiksi. Heid\u00e4n toimintansa alkaa vaikuttaa luontevalta, ajatuksensa oikeilta. He syntyv\u00e4t.<\/p>\n<p>&nbsp;<\/p>\n<p>\u2026<\/p>\n<p>\u201d<i>Olen el\u00e4nyt kuvan naisen kanssa marraskuusta 2013. En tied\u00e4 h\u00e4nen nime\u00e4\u00e4n, tied\u00e4n joitain hajanaisia faktoja. H\u00e4n on t\u00f6iss\u00e4 toimistossa. H\u00e4n laulaa kirkkokuorossa. Luulen, ett\u00e4 uskonto on h\u00e4nelle t\u00e4rke\u00e4\u00e4. Kaulassa riippuu risti. Risti on kehyksiss\u00e4 s\u00e4ngyn vieress\u00e4 sein\u00e4ll\u00e4. H\u00e4n on yksin.<\/i><\/p>\n<p><i>T\u00e4m\u00e4n tied\u00e4n. Mutta on my\u00f6s kysymyksi\u00e4 ja olettamuksia, joita en osaa vahvistaa. Suurin arvoitus on h\u00e4nen kysyv\u00e4 katseensa: Sin\u00e4 teit minut, tee minun el\u00e4m\u00e4ll\u00e4ni jotain arvokasta.<\/i><\/p>\n<p><i>Yrit\u00e4n. T\u00e4m\u00e4 n\u00e4yttely on sinulle, kuvan nimet\u00f6n nainen. Haluan oppia tuntemaan sinut. Kuka sin\u00e4 olet? Mit\u00e4 teet? Mit\u00e4 ajattelet, mit\u00e4 tunnet?\u201d<\/i><\/p>\n<p><img loading=\"lazy\" decoding=\"async\" class=\"alignnone size-full wp-image-2785\" src=\"http:\/\/www.oulucomics.com\/wp-content\/uploads\/2017\/05\/Hani-juliste_WEB.jpg\" alt=\"Hani-juliste_WEB\" width=\"566\" height=\"800\" srcset=\"https:\/\/www.oulucomics.com\/wp-content\/uploads\/2017\/05\/Hani-juliste_WEB.jpg 566w, https:\/\/www.oulucomics.com\/wp-content\/uploads\/2017\/05\/Hani-juliste_WEB-212x300.jpg 212w\" sizes=\"auto, (max-width: 566px) 100vw, 566px\" \/><\/p>\n<p>\u2026<\/p>\n<p><i>Hani<\/i>-n\u00e4yttely perustuu Tuomas Tiaisen kev\u00e4\u00e4ll\u00e4 julkaistavaan <i>Jenny Haniver<\/i> -sarjakuvakirjaan. T\u00e4ysin sanattomassa sarjakuvassa seurataan nelj\u00e4n eri henkil\u00f6n tummas\u00e4vyisi\u00e4, absurdin py\u00f6rteisi\u00e4 el\u00e4m\u00e4kohtaloita yksil\u00f6n massaansa hukuttavassa suurkaupungissa. Yksi kirjan hahmoista on <i>Hani<\/i>-n\u00e4yttelyn p\u00e4\u00e4henkil\u00f6, kirkkokuoron nimet\u00f6n nainen.<\/p>\n<p>Tuomas Tiainen (s. 1980) on Helsingiss\u00e4 vaikuttava sarjakuvapiirt\u00e4j\u00e4, -kriitikko ja -pienkustantaja. <i>Jenny Haniver<\/i> on Tiaisen toinen pitk\u00e4 sarjakuva-albumi. Tekij\u00e4n Underground-henkisi\u00e4 t\u00f6it\u00e4 on julkaistu my\u00f6s antologioissa ja pienlehdiss\u00e4.<\/p>\n<p>Kiitos: Sarjakuvantekij\u00e4t ry, Suomen kulttuurirahasto, HIAP ry, Helsingin kulttuurikeskus<\/p>\n<p>Avajaiset keskiviikkona 25.3.2015 klo 18.00<\/p>\n<\/div><\/div>\n\t\t\t\t<\/li>\n\t\t\t \t<li class=\"event lapset center sarjakuvagalleria\">\n\t\t\t\t\t<div class=\"event-date multi-date\"><div class=\"start-date\"><div class=\"event-weekday\">Thu<\/div><div class=\"event-day\">30<\/div><div class=\"event-month\">Apr<\/div><div class=\"event-year\">2015<\/div><\/div><div class=\"end-date\"><div class=\"event-weekday\">Tue<\/div><div class=\"event-day\">09<\/div><div class=\"event-month\">Jun<\/div><div class=\"event-year\">2015<\/div><\/div><\/div>\n\t\t\t\t\t<div class=\"event-info multi-day\"><div class=\"event-title\"><h3>Soivan Siilin juhlan\u00e4yttely<\/h3><\/div><span class=\"event-location\">Oulun Sarjakuvakeskus, Kulttuuritalo Valve, Hallituskatu 7<\/span><div class=\"event-details\"><p class=\"p1\">Valtionpalkittu, oululaisen lastenmusiikkikulttuurin lippulaiva Soiva Siili juhlistaa 20 vuotista taivaltaan Sarjakuvagalleria!ssa. Tarjolla kuvia, \u00e4\u00e4ni\u00e4, tarinoita, seikkailuja ja tunnelmia matkan varrelta.<\/p>\n<p class=\"p1\">Tervetuloa tutustumaan ja mukanatuhisemaan!<\/p>\n<p class=\"p2\">N\u00e4yttelyn ovat tuottaneet yhteisty\u00f6ss\u00e4 Soiva Siili ja Oulun Sarjakuvakeskus.<\/p>\n<\/div><\/div>\n\t\t\t\t<\/li>\n\t\t\t \t<li class=\"event lapset center sarjakuvagalleria\">\n\t\t\t\t\t<div class=\"event-date multi-date\"><div class=\"start-date\"><div class=\"event-weekday\">Mon<\/div><div class=\"event-day\">03<\/div><div class=\"event-month\">Aug<\/div><div class=\"event-year\">2015<\/div><\/div><div class=\"end-date\"><div class=\"event-weekday\">Wed<\/div><div class=\"event-day\">09<\/div><div class=\"event-month\">Sep<\/div><div class=\"event-year\">2015<\/div><\/div><\/div>\n\t\t\t\t\t<div class=\"event-info multi-day\"><div class=\"event-title\"><h3>Muumien j\u00e4ljill\u00e4 -hahmon\u00e4yttely<\/h3><\/div><span class=\"event-location\">Oulun Sarjakuvakeskus, Kulttuuritalo Valve, Hallituskatu 7<\/span><div class=\"event-details\"><p><strong>Tove\u00a0Janssonin<\/strong> muumihahmojen inspiroima kierton\u00e4yttely saapuu Oulun Sarjakuvagalleria!:an. N\u00e4yttely koostuu kymmenen suomalaisen sarjakuvataiteilijan luomista uusista hahmoista, niiden kuvauksesta tai tarinakatkelmasta. Uuden hahmon Muumilaaksoon ovat luoneet <strong>JP Ahonen<\/strong>, <strong>Terhi Ekebom<\/strong>, <strong>Petri Hiltunen<\/strong>, <strong>Tuuli Hyp\u00e9n<\/strong>, <strong>Aapo Kukko<\/strong>, <strong>Joonas Lehtim\u00e4ki<\/strong>, <strong>Maura Manninen<\/strong>, <strong>Christer Nuutinen<\/strong>, <strong>Tea Tauriainen<\/strong> ja <strong>Emmi Valve<\/strong>.<\/p>\n<p>Tapahtuman j\u00e4rjest\u00e4v\u00e4t yhteisty\u00f6ss\u00e4 Oulun Sarjakuvakeskus, Oulun Elokuvakeskus ja Huutomerkki.<\/p>\n<\/div><\/div>\n\t\t\t\t<\/li>\n\t\t\t \t<li class=\"event center sarjakuvagalleria\">\n\t\t\t\t\t<div class=\"event-date multi-date\"><div class=\"start-date\"><div class=\"event-weekday\">Fri<\/div><div class=\"event-day\">11<\/div><div class=\"event-month\">Sep<\/div><div class=\"event-year\">2015<\/div><\/div><div class=\"end-date\"><div class=\"event-weekday\">Wed<\/div><div class=\"event-day\">07<\/div><div class=\"event-month\">Oct<\/div><div class=\"event-year\">2015<\/div><\/div><\/div>\n\t\t\t\t\t<div class=\"event-info multi-day\"><div class=\"event-title\"><h3>Lauri Ahtinen - Ihmisen j\u00e4lkeen<\/h3><\/div><span class=\"event-location\">Oulun Sarjakuvakeskus, Kulttuuritalo Valve, Hallituskatu 7<\/span><div class=\"event-details\"><p><img loading=\"lazy\" decoding=\"async\" class=\"alignnone size-full wp-image-2788\" src=\"http:\/\/www.oulucomics.com\/wp-content\/uploads\/2017\/05\/ihmisenj\u00e4lkeen-juliste3.jpg\" alt=\"ihmisenj\u00e4lkeen-juliste3\" width=\"1920\" height=\"1080\" srcset=\"https:\/\/www.oulucomics.com\/wp-content\/uploads\/2017\/05\/ihmisenj\u00e4lkeen-juliste3.jpg 1920w, https:\/\/www.oulucomics.com\/wp-content\/uploads\/2017\/05\/ihmisenj\u00e4lkeen-juliste3-300x169.jpg 300w, https:\/\/www.oulucomics.com\/wp-content\/uploads\/2017\/05\/ihmisenj\u00e4lkeen-juliste3-768x432.jpg 768w, https:\/\/www.oulucomics.com\/wp-content\/uploads\/2017\/05\/ihmisenj\u00e4lkeen-juliste3-1024x576.jpg 1024w, https:\/\/www.oulucomics.com\/wp-content\/uploads\/2017\/05\/ihmisenj\u00e4lkeen-juliste3-1440x810.jpg 1440w, https:\/\/www.oulucomics.com\/wp-content\/uploads\/2017\/05\/ihmisenj\u00e4lkeen-juliste3-1050x591.jpg 1050w\" sizes=\"auto, (max-width: 1920px) 100vw, 1920px\" \/><\/p>\n<p>Ihmisen j\u00e4lkeen - valokuvasarja sai alkunsa n\u00e4yst\u00e4 \u00f6iseen Tuiraan. Katselin kerrostalokotini ikkunasta ulos ennen s\u00e4lekaihdinten sulkemista, hein\u00e4kuinen Tuira oli kietonut kaiken hetkeksi l\u00e4mpim\u00e4\u00e4n utuun, aurinko oli laskenut. N\u00e4in talonyhti\u00f6n pihalla, ihmisen rakentamissa kulisseissa, valtavan lokkien muodostaman yhdyskunnan, joka n\u00e4ytti nauttivan y\u00f6n rauhasta; pyr\u00e4hdellen, toisiaan h\u00e4rn\u00e4ten ja ihmiskunnan j\u00e4tteill\u00e4 leikkien. Silloin mieleeni syntyi vahva kuva, graafinen lause tai ajatus siit\u00e4, milt\u00e4 maailma n\u00e4ytt\u00e4isi ihmisen j\u00e4lkeen, kun termiitin lailla maapalloa sy\u00f6v\u00e4 Homo Sapiens on v\u00e4istynyt muiden el\u00e4m\u00e4nmuotojen tielt\u00e4.<\/p>\n<div>ajattelin, ett\u00e4 n\u00e4ill\u00e4 inhimillistyneill\u00e4 el\u00e4imill\u00e4 olisi varmastikin mukavaa, mm. hengellisyyden, taiteen ja rauhallisten teehetkien parissa, ihmisen j\u00e4tt\u00e4miss\u00e4 kulisseissa.<\/div>\n<div><\/div>\n<div>Tervetuloa maailmaan ihmisen j\u00e4lkeen.<\/div>\n<div><\/div>\n<div>Lauri Ahtinen (s.1983) on maalaava, kuvaava ja kirjoittava sarjakuvataiteilija Oulusta.<\/div>\n<\/div><\/div>\n\t\t\t\t<\/li>\n\t\t\t \t<li class=\"event center sarjakuvagalleria\">\n\t\t\t\t\t<div class=\"event-date multi-date\"><div class=\"start-date\"><div class=\"event-weekday\">Fri<\/div><div class=\"event-day\">09<\/div><div class=\"event-month\">Oct<\/div><div class=\"event-year\">2015<\/div><\/div><div class=\"end-date\"><div class=\"event-weekday\">Tue<\/div><div class=\"event-day\">03<\/div><div class=\"event-month\">Nov<\/div><div class=\"event-year\">2015<\/div><\/div><\/div>\n\t\t\t\t\t<div class=\"event-info multi-day\"><div class=\"event-title\"><h3>Asema15 -n\u00e4yttely<\/h3><\/div><span class=\"event-location\">Oulun Sarjakuvakeskus, Kulttuuritalo Valve, Hallituskatu 7<\/span><div class=\"event-details\"><p><span style=\"color: #141823;\">Uusia tulkintoja ja tuunauksia Aseman 15 vuoden aikana julkaisemien teosten kansista. Mukana Christer Nuutinen, Kaisa Leka, Kari Sihvonen, Kati Kov\u00e1cs, Mari Ahokoivu, Olli Hietala, Petteri Tikkanen, Terhi Ekebom, Tommi Musturi ja Tuomas Tiainen.\u00a0<\/span><br style=\"color: #141823;\" \/><br style=\"color: #141823;\" \/><span style=\"color: #141823;\">Asema Kustannus on vuonna 2000 Helsingiss\u00e4 perustettu oululais-turkulainen sarjakuvakustantamo. P\u00e4\u00e4asiassa kotimaisiin tekij\u00f6ihin erikoistunut kustantamo on julkaissut 15-vuotisen taipaleensa aikana monien tekij\u00f6iden esikoisalbumeita sek\u00e4 useita merkitt\u00e4vi\u00e4 sarjakuvateoksia, mm. Puup\u00e4\u00e4hattu-palkittujen Ville Rannan (Kajaani) sek\u00e4 Terhi Ekebomin (Kummituslapsi) keskeiset teokset.<\/span><a style=\"color: #3b5998;\" href=\"http:\/\/www.asemakustannus.com\/\" target=\"_blank\" rel=\"nofollow nofollow\">www.asemakustannus.com.<\/a><\/p>\n<\/div><\/div>\n\t\t\t\t<\/li>\n\t\t\t \t<li class=\"event center sarjakuvagalleria\">\n\t\t\t\t\t<div class=\"event-date multi-date\"><div class=\"start-date\"><div class=\"event-weekday\">Thu<\/div><div class=\"event-day\">05<\/div><div class=\"event-month\">Nov<\/div><div class=\"event-year\">2015<\/div><\/div><div class=\"end-date\"><div class=\"event-weekday\">Wed<\/div><div class=\"event-day\">09<\/div><div class=\"event-month\">Dec<\/div><div class=\"event-year\">2015<\/div><\/div><\/div>\n\t\t\t\t\t<div class=\"event-info multi-day\"><div class=\"event-title\"><h3>Oulun Pohjoismainen Sarjakuvakilpailu 2015 -n\u00e4yttely<\/h3><\/div><span class=\"event-location\">Oulun Sarjakuvakeskus, Kulttuuritalo Valve, Hallituskatu 7<\/span><\/div>\n\t\t\t\t<\/li>\n\t\t\t \t<li class=\"event center sarjakuvagalleria\">\n\t\t\t\t\t<div class=\"event-date multi-date\"><div class=\"start-date\"><div class=\"event-weekday\">Fri<\/div><div class=\"event-day\">11<\/div><div class=\"event-month\">Dec<\/div><div class=\"event-year\">2015<\/div><\/div><div class=\"end-date\"><div class=\"event-weekday\">Wed<\/div><div class=\"event-day\">13<\/div><div class=\"event-month\">Jan<\/div><div class=\"event-year\">2016<\/div><\/div><\/div>\n\t\t\t\t\t<div class=\"event-info multi-day\"><div class=\"event-title\"><h3>Limingan Taidekoulun Sarjakuva- ja animaatiolinja<\/h3><\/div><span class=\"event-location\">Oulun Sarjakuvakeskus, Kulttuuritalo Valve, Hallituskatu 7<\/span><div class=\"event-details\"><p><img loading=\"lazy\" decoding=\"async\" class=\"size-full wp-image-2771 alignleft\" src=\"http:\/\/www.oulucomics.com\/wp-content\/uploads\/2017\/05\/12316208_10153786383763781_1650104556827439154_n-150x150.jpg\" alt=\"12316208_10153786383763781_1650104556827439154_n-150x150\" width=\"150\" height=\"150\" \/>Limingan taidekoulun sarjakuva- ja animaatiolinjan n\u00e4yttelyss\u00e4 on esill\u00e4 originaaleja syksyn 2015 aikana valmistuneista pienlehdist\u00e4, sek\u00e4 lukukappaleet kyseisist\u00e4 lehdist\u00e4. Lehti\u00e4 on my\u00f6s myynniss\u00e4 Sarjakuvakeskuksella Valvella.<\/p>\n<\/div><\/div>\n\t\t\t\t<\/li>\n\t\t\t \t<li class=\"event center sarjakuvagalleria\">\n\t\t\t\t\t<div class=\"event-date multi-date\"><div class=\"start-date\"><div class=\"event-weekday\">Fri<\/div><div class=\"event-day\">15<\/div><div class=\"event-month\">Jan<\/div><div class=\"event-year\">2016<\/div><\/div><div class=\"end-date\"><div class=\"event-weekday\">Fri<\/div><div class=\"event-day\">12<\/div><div class=\"event-month\">Feb<\/div><div class=\"event-year\">2016<\/div><\/div><\/div>\n\t\t\t\t\t<div class=\"event-info multi-day\"><div class=\"event-title\"><h3>Turun Sarjakuvakerhon 40-vuotisjuhlan\u00e4yttely<\/h3><\/div><span class=\"event-location\">Oulun Sarjakuvakeskus, Kulttuuritalo Valve, Hallituskatu 7<\/span><div class=\"event-details\"><p><img loading=\"lazy\" decoding=\"async\" class=\"size-full wp-image-2772 alignleft\" src=\"http:\/\/www.oulucomics.com\/wp-content\/uploads\/2017\/05\/IMG_4220-150x150.jpg\" alt=\"IMG_4220-150x150\" width=\"150\" height=\"150\" \/>T\u00e4m\u00e4 n\u00e4yttely luotaa Turun sarjakuvakerhon historiaa esittelem\u00e4ll\u00e4 sen toiminnassa mukana olleita sarjakuvataiteilijoita. He ovat antaneet oman panostuksensa kerholle vieden sit\u00e4 kohti nykyist\u00e4 muotoaan. Taiteilijat ovat osallistuneet kukin eri tavallaan. He ovat esim. toimineet hallituksessa, luoneet kuvituksellaan kerhon ilmett\u00e4, suunnitelleet ja toteuttaneet ohjelmaa kerhon tapahtumiin sek\u00e4 osallistuneet useana vuotena antologiaan.<\/p>\n<p>Lis\u00e4ksi n\u00e4yttelyss\u00e4 on katsaus kerhon julkaisuihin.<\/p>\n<\/div><\/div>\n\t\t\t\t<\/li>\n\t\t\t \t<li class=\"event center sarjakuvagalleria\">\n\t\t\t\t\t<div class=\"event-date multi-date\"><div class=\"start-date\"><div class=\"event-weekday\">Fri<\/div><div class=\"event-day\">18<\/div><div class=\"event-month\">Mar<\/div><div class=\"event-year\">2016<\/div><\/div><div class=\"end-date\"><div class=\"event-weekday\">Thu<\/div><div class=\"event-day\">14<\/div><div class=\"event-month\">Apr<\/div><div class=\"event-year\">2016<\/div><\/div><\/div>\n\t\t\t\t\t<div class=\"event-info multi-day\"><div class=\"event-title\"><h3>Muurlan opisto: Oma pieni maailma<\/h3><\/div><span class=\"event-location\">Oulun Sarjakuvakeskus, Kulttuuritalo Valve, Hallituskatu 7<\/span><div class=\"event-details\"><p><img loading=\"lazy\" decoding=\"async\" class=\"alignnone size-full wp-image-2774\" src=\"http:\/\/www.oulucomics.com\/wp-content\/uploads\/2017\/05\/opm-juliste-212x300.jpg\" alt=\"opm-juliste-212x300\" width=\"212\" height=\"300\" \/><\/p>\n<p>\"Oma pieni maailma\" on kokoelma Muurlan opiston sarjakuvataiteenlinjan opiskelijoiden\u00a0luomia todellisuuksia, johon tekij\u00e4t ovat valinneet edustavimmat ty\u00f6ns\u00e4.<\/p>\n<p>Sarjakuvat ovat t\u00e4ynn\u00e4 erilaisia tilanteita, tunnelmia, paikkoja ja henkil\u00f6it\u00e4.<br \/>\nJokaisella tekij\u00e4ll\u00e4 on uniikki maailmansa, joita n\u00e4yttelyss\u00e4 p\u00e4\u00e4see tutkimaan.<\/p>\n<p>Katsojalle avataan pala jokaisen piirt\u00e4j\u00e4n mielest\u00e4, joka on pieni, mutta laaja.<\/p>\n<p>&nbsp;<\/p>\n<\/div><\/div>\n\t\t\t\t<\/li>\n\t\t\t \t<li class=\"event center sarjakuvagalleria\">\n\t\t\t\t\t<div class=\"event-date multi-date\"><div class=\"start-date\"><div class=\"event-weekday\">Sat<\/div><div class=\"event-day\">04<\/div><div class=\"event-month\">Jun<\/div><div class=\"event-year\">2016<\/div><\/div><div class=\"end-date\"><div class=\"event-weekday\">Thu<\/div><div class=\"event-day\">30<\/div><div class=\"event-month\">Jun<\/div><div class=\"event-year\">2016<\/div><\/div><\/div>\n\t\t\t\t\t<div class=\"event-info multi-day\"><div class=\"event-title\"><h3>Merja Leppiluoto - Pipii and The Bug<\/h3><\/div><span class=\"event-location\">Oulun Sarjakuvakeskus, Kulttuuritalo Valve, Hallituskatu 7<\/span><div class=\"event-details\"><p class=\"p1\"><img loading=\"lazy\" decoding=\"async\" class=\"alignnone size-full wp-image-2775\" src=\"http:\/\/www.oulucomics.com\/wp-content\/uploads\/2017\/05\/pipii_and_the_bug.jpg\" alt=\"Pipii and the bug_juliste_nettiin\" width=\"637\" height=\"900\" srcset=\"https:\/\/www.oulucomics.com\/wp-content\/uploads\/2017\/05\/pipii_and_the_bug.jpg 637w, https:\/\/www.oulucomics.com\/wp-content\/uploads\/2017\/05\/pipii_and_the_bug-212x300.jpg 212w\" sizes=\"auto, (max-width: 637px) 100vw, 637px\" \/><\/p>\n<p class=\"p1\">Pipii on pieni otus, joka pohtii paljon ja huolestuu helposti.<\/p>\n<p class=\"p1\">- Mist\u00e4 voi tiet\u00e4\u00e4, mik\u00e4 valinta on oikea?<br \/>\n- Onko olemassa helppoa tiet\u00e4?<br \/>\n- Onko avaruudessa aaveita?<br \/>\n- Mik\u00e4 on el\u00e4m\u00e4n tarkoitus?<br \/>\n- Kuka min\u00e4 oikeastaan olen?<\/p>\n<p class=\"p1\">Pieni Pipii ei kuitenkaan ole yksin ajatustensa kanssa, sill\u00e4 vierell\u00e4 kulkee viisas yst\u00e4v\u00e4, \u00d6t\u00f6kk\u00e4. Yhdess\u00e4 he l\u00e4htev\u00e4t moniin seikkailuihin, jotka viev\u00e4t synkist\u00e4 metsist\u00e4 suuriin kivikoihin, merien rannoille ja vuorten yli, joskus jopa avaruuteen asti.<\/p>\n<p class=\"p1\"><em>Tervetuloa n\u00e4yttelynavajaisiin 3.6.2016 klo 18:00.<\/em><\/p>\n<\/div><\/div>\n\t\t\t\t<\/li>\n\t\t\t \t<li class=\"event center sarjakuvagalleria\">\n\t\t\t\t\t<div class=\"event-date multi-date\"><div class=\"start-date\"><div class=\"event-weekday\">Mon<\/div><div class=\"event-day\">01<\/div><div class=\"event-month\">Aug<\/div><div class=\"event-year\">2016<\/div><\/div><div class=\"end-date\"><div class=\"event-weekday\">Wed<\/div><div class=\"event-day\">31<\/div><div class=\"event-month\">Aug<\/div><div class=\"event-year\">2016<\/div><\/div><\/div>\n\t\t\t\t\t<div class=\"event-info multi-day\"><div class=\"event-title\"><h3>Mattias Elftorp (Sweden) - Vasta-aine \/ Antidote<\/h3><\/div><span class=\"event-location\">Oulun Sarjakuvakeskus, Kulttuuritalo Valve, Hallituskatu 7<\/span><div class=\"event-details\"><p><span style=\"color: #4b4f56;\">Sarjakuvagalleria!n syksyn avaa tuottelias ruotsalainen sarjakuvataiteilija Mattias Elftorp, jonka Vasta-aine \/ Antidote-n\u00e4yttely esittelee h\u00e4nen t\u00f6it\u00e4\u00e4n edellisilt\u00e4 vuosilta.\u00a0<\/span><\/p>\n<p><span style=\"color: #4b4f56;\">Post-apokalyptisest\u00e4 \"Piracy is Liberation\" -sarjakuvasarjasta parhaiten tunnettu Elftorp palkittiin Oulun pohjoismaisessa sarjakuvakilpailussa kunniamaininnalla vuonna 2015.\u00a0<\/span><br style=\"color: #4b4f56;\" \/><br style=\"color: #4b4f56;\" \/><span style=\"color: #4b4f56;\">Taiteilija on tavattavissa Oulun Taiteiden Y\u00f6ss\u00e4 18.8.2016. Luvassa taiteilijaesittelyj\u00e4, avointa keskustelua ja signeerattuja teoksia.<\/span><\/p>\n<p><img loading=\"lazy\" decoding=\"async\" class=\"alignnone size-full wp-image-2778\" src=\"http:\/\/www.oulucomics.com\/wp-content\/uploads\/2017\/05\/vasta-aine.jpg\" alt=\"vasta-aine\" width=\"452\" height=\"640\" srcset=\"https:\/\/www.oulucomics.com\/wp-content\/uploads\/2017\/05\/vasta-aine.jpg 452w, https:\/\/www.oulucomics.com\/wp-content\/uploads\/2017\/05\/vasta-aine-212x300.jpg 212w\" sizes=\"auto, (max-width: 452px) 100vw, 452px\" \/><\/p>\n<\/div><\/div>\n\t\t\t\t<\/li>\n\t\t\t \t<li class=\"event center sarjakuvagalleria\">\n\t\t\t\t\t<div class=\"event-date multi-date\"><div class=\"start-date\"><div class=\"event-weekday\">Mon<\/div><div class=\"event-day\">05<\/div><div class=\"event-month\">Sep<\/div><div class=\"event-year\">2016<\/div><\/div><div class=\"end-date\"><div class=\"event-weekday\">Wed<\/div><div class=\"event-day\">05<\/div><div class=\"event-month\">Oct<\/div><div class=\"event-year\">2016<\/div><\/div><\/div>\n\t\t\t\t\t<div class=\"event-info multi-day\"><div class=\"event-title\"><h3>Jens K Styve (Norway)<\/h3><\/div><span class=\"event-location\">Oulun Sarjakuvakeskus, Kulttuuritalo Valve, Hallituskatu 7<\/span><div class=\"event-details\"><p><img loading=\"lazy\" decoding=\"async\" class=\"alignnone size-full wp-image-2780\" src=\"http:\/\/www.oulucomics.com\/wp-content\/uploads\/2017\/05\/Jens_RGB-212x300-1.jpg\" alt=\"VALVE1-20160906131507\" width=\"212\" height=\"300\" \/><\/p>\n<p>Jens K Styve on Tromssalainen sarjakuvantekij\u00e4 sek\u00e4 kirjoittaja. \u00a0H\u00e4nen viimeisin julkaisunsa \" JensK Sesong 1\" (JIPPI Forlag 2015) valittiin Oslo Comics Expossa ehdolle vuoden sarjakuvakirjaksi 2016 Norjassa.\u00a0Viime vuosina suurimman osan sarjakuvistaan omakustanteina julkaisseen Styven teoksia voi ostaa h\u00e4nen sivuiltaan <a href=\"www.jensk.no\" target=\"_blank\">www.jensk.no<\/a>.<\/p>\n<p>Jens K Styve is a writer and comics creator living and working in Troms\u00f8, Norway. His last release was JensK Sesong 1 (JIPPI Forlag, 2015), the book got nominated at Oslo Comics Expo for the award Norwegian Comic Book of the Year. In recent years Jens has been self-publishing most of his comics, they are for sale at <a href=\"www.jensk.no\" target=\"_blank\">www.jensk.no.<\/a>\"<\/p>\n<\/div><\/div>\n\t\t\t\t<\/li>\n\t\t\t \t<li class=\"event center sarjakuvagalleria\">\n\t\t\t\t\t<div class=\"event-date multi-date\"><div class=\"start-date\"><div class=\"event-weekday\">Sat<\/div><div class=\"event-day\">08<\/div><div class=\"event-month\">Oct<\/div><div class=\"event-year\">2016<\/div><\/div><div class=\"end-date\"><div class=\"event-weekday\">Tue<\/div><div class=\"event-day\">01<\/div><div class=\"event-month\">Nov<\/div><div class=\"event-year\">2016<\/div><\/div><\/div>\n\t\t\t\t\t<div class=\"event-info multi-day\"><div class=\"event-title\"><h3>Oulun Elokuvakeskus<\/h3><\/div><span class=\"event-location\">Oulun Sarjakuvakeskus, Kulttuuritalo Valve, Hallituskatu 7<\/span><div class=\"event-details\"><p><strong>35-VUOTIAS OULUN KANSAINV\u00c4LINEN LASTEN- JA NUORTENELOKUVIEN FESTIVAALI ESITT\u00c4\u00c4: IHAN\u00a0 LAPSELLISTA! \u2013ELOKUVAJULISTEN\u00c4YTTELY<\/strong> Sarjakuvagalleriassa 8.10.-1.11.2016<\/p>\n<p><span style=\"color: #000000;\">J\u00e4rjest\u00e4j\u00e4: Oulun Elokuvakeskus ry.<\/span><\/p>\n<p><span style=\"color: #000000;\">Oulun Elokuvakeskus ry. on Suomen vanhin maakunnallinen elokuvakeskus. OEK mm. py\u00f6ritt\u00e4\u00e4 arthouse-elokuvateatteri Studiota, vuokraa 16 mm:n elokuvia, j\u00e4rjest\u00e4\u00e4 tapahtumia, seminaareja ja teemaviikkoja ja marraskuussa jokavuotisen kansainv\u00e4lisen lasten- ja nuortenelokuvien festivaalin sek\u00e4 yll\u00e4pit\u00e4\u00e4 yleis\u00f6lle avointa elokuva-alan kirjastoa.<\/span><\/p>\n<\/div><\/div>\n\t\t\t\t<\/li>\n\t\t\t \t<li class=\"event center sarjakuvagalleria\">\n\t\t\t\t\t<div class=\"event-date multi-date\"><div class=\"start-date\"><div class=\"event-weekday\">Thu<\/div><div class=\"event-day\">03<\/div><div class=\"event-month\">Nov<\/div><div class=\"event-year\">2016<\/div><\/div><div class=\"end-date\"><div class=\"event-weekday\">Thu<\/div><div class=\"event-day\">08<\/div><div class=\"event-month\">Dec<\/div><div class=\"event-year\">2016<\/div><\/div><\/div>\n\t\t\t\t\t<div class=\"event-info multi-day\"><div class=\"event-title\"><h3>The Oulu Nordic Comics Competition exhibition<\/h3><\/div><span class=\"event-location\">Oulun Sarjakuvakeskus, Kulttuuritalo Valve, Hallituskatu 7<\/span><div class=\"event-details\"><p><strong><img loading=\"lazy\" decoding=\"async\" class=\" wp-image-2781 alignleft\" src=\"http:\/\/www.oulucomics.com\/wp-content\/uploads\/2017\/05\/spiral_net.jpg\" alt=\"spiral_net\" width=\"96\" height=\"272\" \/>Oulun Pohjoismaisen Sarjakuvakilpailun vuoden 2016 teemana oli seitsem\u00e4s taide. Kilpailun tulokset ratkeavat Oulun Sarjakuvafestivaaleilla. N\u00e4yttelyinformaatio julkaistaan kilpailun palkintojenjaon yhteydess\u00e4.<\/strong><\/p>\n<p>The Nordic\u00a0Comics Competition 2016 theme \u00a0was a seventh art. The winners of a competition 2016 will be announced at Oulu Comics Festival, at Festival gala 4.11. 2016. Exhibition information will be announced at same time.<\/p>\n<\/div><\/div>\n\t\t\t\t<\/li>\n\t\t\t \t<li class=\"event center sarjakuvagalleria\">\n\t\t\t\t\t<div class=\"event-date multi-date\"><div class=\"start-date\"><div class=\"event-weekday\">Sat<\/div><div class=\"event-day\">10<\/div><div class=\"event-month\">Dec<\/div><div class=\"event-year\">2016<\/div><\/div><div class=\"end-date\"><div class=\"event-weekday\">Thu<\/div><div class=\"event-day\">12<\/div><div class=\"event-month\">Jan<\/div><div class=\"event-year\">2017<\/div><\/div><\/div>\n\t\t\t\t\t<div class=\"event-info multi-day\"><div class=\"event-title\"><h3>Pohjois-Suomen feministinen sarjakuvatoiminta<\/h3><\/div><span class=\"event-location\">Oulun Sarjakuvakeskus, Kulttuuritalo Valve, Hallituskatu 7<\/span><\/div>\n\t\t\t\t<\/li>\n\t\t\t \t<li class=\"event nayttelyt sarjakuvagalleria\">\n\t\t\t\t\t<div class=\"event-date multi-date\"><div class=\"start-date\"><div class=\"event-weekday\">Sat<\/div><div class=\"event-day\">14<\/div><div class=\"event-month\">Jan<\/div><div class=\"event-year\">2017<\/div><\/div><div class=\"end-date\"><div class=\"event-weekday\">Thu<\/div><div class=\"event-day\">09<\/div><div class=\"event-month\">Feb<\/div><div class=\"event-year\">2017<\/div><\/div><\/div>\n\t\t\t\t\t<div class=\"event-info multi-day\"><div class=\"event-title\"><h3>Afri Kuti \u2013 Afrikkalaisen nykysarjakuvan n\u00e4yttely<\/h3><\/div><span class=\"event-time\">10:00 - 20:00<\/span><span class=\"event-location\">Oulun Sarjakuvakeskus, Kulttuuritalo Valve, Hallituskatu 7<\/span><div class=\"event-details\"><p>Afrikkalainen nykysarjakuva on suomalaiselle yleis\u00f6lle toistaiseksi tuiki tuntematonta. Afri Kuti -n\u00e4yttely korjaa tilannetta esittelem\u00e4ll\u00e4 sarjakuvaprinttej\u00e4 15 tekij\u00e4lt\u00e4 eri puolilta maanosaa. Sarjakuvat julkaistaan my\u00f6s Kuti-lehden Afrikka-teemanumerossa.<\/p>\n<p>Lukija voi huomata eroja l\u00e4nsimaiseen sarjakuvaan niin teosten sanomissa, tarkoitusperiss\u00e4 kuin k\u00e4ytt\u00f6tavoissa. Afri Kutin sarjakuvat ovat koonneet mosambikilais-norjalainen Rui Tenreiro ja etel\u00e4afrikkalainen Jonah Sack.<\/p>\n<p>Sarjakuvataiteilijat: Jonah Sack (Etel\u00e4-Afrikka), KIF (Etel\u00e4-Afrikka), Koffi Roger N\u2019Guessan (Norsunluurannikko), Mongo Sis\u00e9 (Kongon tasavalta), Philip Ndunguru (Tansania), Michael Maqungo (Etel\u00e4-Afrikka), S\u00e9rgio Zimba (Mosambik), Mark Kannemeyer (Etel\u00e4-Afrikka), Motshumi Mogorosi (Etel\u00e4-Afrikka), Jimga Jimoh Ganiyu (Nigeria), Sunday Mgakama &amp; Sanna Hukkanen (Tansania\/Suomi), Theophil R. Mnyavanu (Tansania), Nicko Odinyo (Kenia), Ree Treweek (Etel\u00e4-Afrikka), Joanne Bloch (Etel\u00e4-Afrikka)<\/p>\n<p class=\"p1\" style=\"color: #666668;\"><a href=\"http:\/\/www.oulucomics.com\/keskus\/wp-content\/uploads\/2016\/11\/afri-kuti-slideshow.jpg\"><img loading=\"lazy\" decoding=\"async\" class=\"alignnone wp-image-1155\" src=\"http:\/\/www.oulucomics.com\/keskus\/wp-content\/uploads\/2016\/11\/afri-kuti-slideshow-300x126.jpg\" alt=\"afri-kuti-slideshow\" width=\"450\" height=\"189\" \/><\/a><\/p>\n<p class=\"p1\" style=\"color: #666668;\"><em style=\"color: #262627;\">N\u00e4ytekuva:\u00a0Michael Maqungo<\/em><\/p>\n<p class=\"p1\" style=\"color: #666668;\">Afri-Kuti on luettavissa netiss\u00e4:\u00a0<a style=\"color: #fe634a;\" href=\"http:\/\/issuu.com\/kutikuti\/docs\/kuti41_pages\/1\">http:\/\/issuu.com\/kutikuti\/docs\/kuti41_pages\/1<\/a>\u00a0tai\u00a0<a style=\"color: #fe634a;\" href=\"http:\/\/www.kutikuti.com\/kuti_pdf\/Kuti41_spreads.pdf\">http:\/\/www.kutikuti.com\/kuti_pdf\/Kuti41_spreads.pdf<\/a><\/p>\n<p class=\"p1\" style=\"color: #666668;\">Kutikuti on suomalainen nykysarjakuvan kollektiivi. Kuti-lehte\u00e4 voi tukea my\u00f6s tilaamalla sen.<\/p>\n<p class=\"p1\" style=\"color: #666668;\"><a style=\"color: #fe634a;\" href=\"https:\/\/kutikutisf.wordpress.com\/\">https:\/\/kutikutisf.wordpress.com<\/a><\/p>\n<p class=\"p1\" style=\"color: #666668;\"><a style=\"color: #fe634a;\" href=\"http:\/\/sarjakuvakeskus.fi\/blogi\/850-rui-tenreiro-afrikkalaisesta-nykysarjakuvasta-afri-kuti-lehdessa-valitsemani-sarjakuvataiteilijat-pakenevat-tavanomaista-jollain-tavalla\">Afri-Kutin p\u00e4\u00e4toimittaja Rui Tenreiron haastattelu blogissa.<\/a><\/p>\n<\/div><\/div>\n\t\t\t\t<\/li>\n\t\t\t \t<li class=\"event nayttelyt sarjakuvagalleria\">\n\t\t\t\t\t<div class=\"event-date multi-date\"><div class=\"start-date\"><div class=\"event-weekday\">Sat<\/div><div class=\"event-day\">18<\/div><div class=\"event-month\">Mar<\/div><div class=\"event-year\">2017<\/div><\/div><div class=\"end-date\"><div class=\"event-weekday\">Thu<\/div><div class=\"event-day\">13<\/div><div class=\"event-month\">Apr<\/div><div class=\"event-year\">2017<\/div><\/div><\/div>\n\t\t\t\t\t<div class=\"event-info multi-day\"><div class=\"event-title\"><h3>Vintil piirretyi \u2013 Turun piirtovintin satoa<\/h3><\/div><span class=\"event-time\">10:00 - 20:00<\/span><span class=\"event-location\">Oulun Sarjakuvakeskus, Kulttuuritalo Valve, Hallituskatu 7<\/span><div class=\"event-details\"><p><img loading=\"lazy\" decoding=\"async\" class=\"alignnone size-medium wp-image-2093\" src=\"http:\/\/www.oulucomics.com\/wp-content\/uploads\/2017\/03\/vintil_info_small-300x169.jpg\" alt=\"vintil_info_small\" width=\"300\" height=\"169\" srcset=\"https:\/\/www.oulucomics.com\/wp-content\/uploads\/2017\/03\/vintil_info_small-300x169.jpg 300w, https:\/\/www.oulucomics.com\/wp-content\/uploads\/2017\/03\/vintil_info_small-768x432.jpg 768w, https:\/\/www.oulucomics.com\/wp-content\/uploads\/2017\/03\/vintil_info_small.jpg 800w\" sizes=\"auto, (max-width: 300px) 100vw, 300px\" \/><\/p>\n<p>Piirtovintti on Turun Sarjakuvakerho ry:n tukema pieni, viihtyis\u00e4, ilmainen ja kaikille avoin piirustusiltama, joka j\u00e4rjestet\u00e4\u00e4n parillisten viikkojen keskiviikkona Turun Sarjakuvakaupan yl\u00e4kerrassa. Piirtovintti\u00e4 ovat vet\u00e4neet Muura Parkkinen, Frida Lindholm, Jasmiina Heikkil\u00e4 ja Petra Nordlund, ja nyky\u00e4\u00e4n iltamia j\u00e4rjest\u00e4\u00e4 Kaj Jansson. Piirtovintin tarkoituksena on innostaa k\u00e4vij\u00f6it\u00e4 piirt\u00e4m\u00e4\u00e4n ja viett\u00e4m\u00e4\u00e4n aikaa erilaisten ihmisten kanssa. Jokaisessa vintiss\u00e4 on jokin k\u00e4vij\u00f6iden toivoma teema, jonka tarkoitus on antaa inspiraatiota piirt\u00e4miseen.<\/p>\n<p>Piirtovintti\u00e4 on j\u00e4rjestetty alkuvuodesta 2013 l\u00e4htien, ja k\u00e4vij\u00e4m\u00e4\u00e4r\u00e4t ovat vaihdelleet muutamasta hengest\u00e4 pariinkymmeneen. Ajoittaisen viikonloppuvintin lis\u00e4ksi Piirtovintin oheistapahtumaksi on my\u00f6s vakiintumassa satunnaisesti j\u00e4rjestetty ruotsinkielinen Ritkv\u00e4ll. Tapahtumassa on osallistujille kahvi- ja teetarjoilu ja pient\u00e4 purtavaa, ja Vintin k\u00e4yt\u00f6ss\u00e4 on Sarjakuvakerhon piirustusv\u00e4lineist\u00f6. Tapahtuman historian aikana on tuotettu jopa satoja piirustuksia, joista moni on n\u00e4ht\u00e4viss\u00e4 Piirtovintin virallisessa Facebook-ryhm\u00e4ss\u00e4: facebook.com\/groups\/piirtovintti.<\/p>\n<p>Piirtovintill\u00e4 on ollut aiemmin kolme kehuttua n\u00e4yttely\u00e4, kaksi Turun Sarjakuvakaupalla ja yksi Turun p\u00e4\u00e4kirjastossa. Piirtovintin tulevaisuuden suunnitelmiin kuuluu ruotsinkielisen toiminnan kehitt\u00e4minen sek\u00e4 croquis-vintit.<\/p>\n<p>N\u00e4yttely koostuu erilaisista Piirtovintiss\u00e4 tehdyist\u00e4 teoksista.<\/p>\n<\/div><\/div>\n\t\t\t\t<\/li>\n\t\t\t \t<li class=\"event lapset nayttelyt sarjakuvagalleria\">\n\t\t\t\t\t<div class=\"event-date multi-date\"><div class=\"start-date\"><div class=\"event-weekday\">Sat<\/div><div class=\"event-day\">22<\/div><div class=\"event-month\">Apr<\/div><div class=\"event-year\">2017<\/div><\/div><div class=\"end-date\"><div class=\"event-weekday\">Thu<\/div><div class=\"event-day\">08<\/div><div class=\"event-month\">Jun<\/div><div class=\"event-year\">2017<\/div><\/div><\/div>\n\t\t\t\t\t<div class=\"event-info multi-day\"><div class=\"event-title\"><h3>RIIMIKISSAN KOTIKOLO<\/h3><\/div><span class=\"event-time\">10:00 - 20:00<\/span><span class=\"event-location\">Oulun Sarjakuvakeskus, Kulttuuritalo Valve, Hallituskatu 7<\/span><div class=\"event-details\"><p style=\"color: #000000;\"><img loading=\"lazy\" decoding=\"async\" class=\"alignnone\" src=\"http:\/\/www.lumotutsanat.fi\/wp-content\/uploads\/2017\/03\/riimikissa.jpg\" alt=\"\" width=\"550\" height=\"428\" \/><\/p>\n<p style=\"color: #000000;\">Riimikissan kotikolossa saa pujahtaa ja p\u00f6tk\u00f6tell\u00e4, kokata ja k\u00f6ll\u00f6tell\u00e4. Ja tietysti my\u00f6s lukea ja leikki\u00e4 runoja!<\/p>\n<p style=\"color: #000000;\">Riimikissa on Valveen sanataidekoulun oma runollinen el\u00e4inyst\u00e4v\u00e4, joka ensiesiintyi\u00a0<strong>Anna Anttosen<\/strong>\u00a0ja\u00a0<strong>Kati Inkalan<\/strong>\u00a0kokoamassa runoleikkikirjassa\u00a0<em>Riimikissa kikattaa<\/em>\u00a0(Tammi 2013). Nyt Riimikissa tuo suosikkileikkipaikkansa Lumottujen sanojen yleis\u00f6n iloksi. Riimikissan kotikoloon on valikoitu elementtej\u00e4 vuoden 2014 Lumotut sanat -festivaalin kuvitusn\u00e4yttelyst\u00e4 Riimikissa karkuteill\u00e4, joka esittelee<strong>\u00a0Karoliina Pertamon<\/strong>\u00a0kirjakuvituksia.<\/p>\n<\/div><\/div>\n\t\t\t\t<\/li>\n\t\t\t \t<li class=\"event nayttelyt sarjakuvagalleria\">\n\t\t\t\t\t<div class=\"event-date multi-date\"><div class=\"start-date\"><div class=\"event-weekday\">Mon<\/div><div class=\"event-day\">12<\/div><div class=\"event-month\">Jun<\/div><div class=\"event-year\">2017<\/div><\/div><div class=\"end-date\"><div class=\"event-weekday\">Fri<\/div><div class=\"event-day\">30<\/div><div class=\"event-month\">Jun<\/div><div class=\"event-year\">2017<\/div><\/div><\/div>\n\t\t\t\t\t<div class=\"event-info multi-day\"><div class=\"event-title\"><h3>Laura Lehtinen - Retardaatio, Animalisaatio ja Kaktuksen el\u00e4m\u00e4\u00e4<\/h3><\/div><span class=\"event-time\">10:00 - 20:00<\/span><span class=\"event-location\">Oulun Sarjakuvakeskus, Kulttuuritalo Valve, Hallituskatu 7<\/span><div class=\"event-details\"><p class=\"p1\"><img loading=\"lazy\" decoding=\"async\" class=\"alignnone size-full wp-image-2834\" src=\"http:\/\/www.oulucomics.com\/wp-content\/uploads\/2017\/06\/llehtinen.jpg\" alt=\"llehtinen\" width=\"400\" height=\"500\" srcset=\"https:\/\/www.oulucomics.com\/wp-content\/uploads\/2017\/06\/llehtinen.jpg 400w, https:\/\/www.oulucomics.com\/wp-content\/uploads\/2017\/06\/llehtinen-240x300.jpg 240w\" sizes=\"auto, (max-width: 400px) 100vw, 400px\" \/><\/p>\n<p class=\"p1\">\u201dRetardaatio, Animalisaatio ja Kaktuksen el\u00e4m\u00e4\u00e4\u201d on Laura Elina Lehtisen kolmas yksityisn\u00e4yttely Oulussa. Teokset ovat valmistuneet vuosina 2015-2017. Teokset k\u00e4sittelev\u00e4t paheita, hyveit\u00e4 ja niiden ristiriidan aiheuttamaa maailman mielett\u00f6myytt\u00e4. Mik\u00e4\u00e4n ei ole mustavalkoista; ja kun enkeli istuu toisella ja piru toisella olkap\u00e4\u00e4ll\u00e4, on vaikeaa katsoa suoraan eteenp\u00e4in. Liiallinen ajattelu aiheuttaa ryppyj\u00e4 ja p\u00e4\u00e4ns\u00e4rky\u00e4, ja joskus itsel\u00e4\u00e4kitys on paikallaan. Putkiaivoilla on helpompaa.<\/p>\n<\/div><\/div>\n\t\t\t\t<\/li>\n\t\t\t \t<li class=\"event nayttelyt sarjakuvagalleria\">\n\t\t\t\t\t<div class=\"event-date multi-date\"><div class=\"start-date\"><div class=\"event-weekday\">Wed<\/div><div class=\"event-day\">05<\/div><div class=\"event-month\">Jul<\/div><div class=\"event-year\">2017<\/div><\/div><div class=\"end-date\"><div class=\"event-weekday\">Sun<\/div><div class=\"event-day\">16<\/div><div class=\"event-month\">Jul<\/div><div class=\"event-year\">2017<\/div><\/div><\/div>\n\t\t\t\t\t<div class=\"event-info multi-day\"><div class=\"event-title\"><h3>Mika Lahtonen<\/h3><\/div><span class=\"event-location\">Oulun Sarjakuvakeskus, Kulttuuritalo Valve, Hallituskatu 7<\/span><\/div>\n\t\t\t\t<\/li>\n\t\t\t \t<li class=\"event nayttelyt sarjakuvagalleria\">\n\t\t\t\t\t<div class=\"event-date multi-date\"><div class=\"start-date\"><div class=\"event-weekday\">Wed<\/div><div class=\"event-day\">02<\/div><div class=\"event-month\">Aug<\/div><div class=\"event-year\">2017<\/div><\/div><div class=\"end-date\"><div class=\"event-weekday\">Thu<\/div><div class=\"event-day\">07<\/div><div class=\"event-month\">Sep<\/div><div class=\"event-year\">2017<\/div><\/div><\/div>\n\t\t\t\t\t<div class=\"event-info multi-day\"><div class=\"event-title\"><h3>Pentti Otsamon sarjakuvan\u00e4yttely<\/h3><\/div><span class=\"event-time\">10:00 - 20:00<\/span><span class=\"event-location\">Oulun Sarjakuvakeskus, Kulttuuritalo Valve, Hallituskatu 7<\/span><div class=\"event-details\"><p><img loading=\"lazy\" decoding=\"async\" class=\"alignnone size-full wp-image-2861\" src=\"http:\/\/www.oulucomics.com\/wp-content\/uploads\/2017\/08\/PenttiOtsamo.jpg\" alt=\"PenttiOtsamo\" width=\"500\" height=\"507\" srcset=\"https:\/\/www.oulucomics.com\/wp-content\/uploads\/2017\/08\/PenttiOtsamo.jpg 500w, https:\/\/www.oulucomics.com\/wp-content\/uploads\/2017\/08\/PenttiOtsamo-296x300.jpg 296w\" sizes=\"auto, (max-width: 500px) 100vw, 500px\" \/><\/p>\n<p><strong>Pentti Otsamo<\/strong> on oululaisl\u00e4ht\u00f6inen ja nyky\u00e4\u00e4n Maaningalla asuva sarjakuvataiteilija ja graafinen suunnittelija, joka on tunnettu erityisesti arkiel\u00e4m\u00e4\u00e4 ja sen absurdeja k\u00e4\u00e4nteit\u00e4 l\u00e4mminhenkisesti kuvaavista sarjakuvistaan. H\u00e4nen tunnetuimmat sarjakuva-albuminsa kertovat kuudennessa divisioonassa pelaavasta FC Palloseurasta.<\/p>\n<p>Sarjakuvagalleria!ssa on esill\u00e4 Otsamon originaaleja viime vuosilta. Taiteilija on tavattavissa Oulun Sarjakuvakeskuksella Oulun muusajuhlien aikana perjantaina 11.8. klo 15:00.<\/p>\n<p>Tervetuloa!<\/p>\n<\/div><\/div>\n\t\t\t\t<\/li>\n\t\t\t \t<li class=\"event nayttelyt sarjakuvagalleria\">\n\t\t\t\t\t<div class=\"event-date multi-date\"><div class=\"start-date\"><div class=\"event-weekday\">Sat<\/div><div class=\"event-day\">09<\/div><div class=\"event-month\">Sep<\/div><div class=\"event-year\">2017<\/div><\/div><div class=\"end-date\"><div class=\"event-weekday\">Thu<\/div><div class=\"event-day\">05<\/div><div class=\"event-month\">Oct<\/div><div class=\"event-year\">2017<\/div><\/div><\/div>\n\t\t\t\t\t<div class=\"event-info multi-day\"><div class=\"event-title\"><h3>Arto H\u00e4gg - Pitk\u00e4nokka<\/h3><\/div><span class=\"event-time\">10:00 - 20:00<\/span><span class=\"event-location\">Oulun Sarjakuvakeskus, Kulttuuritalo Valve, Hallituskatu 7<\/span><div class=\"event-details\"><p>Arto H\u00e4gg on oululaissyntyinen, nykyisin Nurmij\u00e4rvell\u00e4 asuva insin\u00f6\u00f6ri,<br \/>\nkunnallispoliitikko ja sarjakuvan harrastaja. H\u00e4gg avusti parikymment\u00e4<br \/>\nvuotta kulttimaineen saavuttanutta Pahkasika-huumorilehte\u00e4 sarjakuvillaan ja k\u00e4sikirjoittajana. Pitk\u00e4nokka, jota my\u00f6s tekij\u00e4ns\u00e4 alte<img loading=\"lazy\" decoding=\"async\" class=\"alignright size-medium wp-image-2881\" src=\"http:\/\/www.oulucomics.com\/wp-content\/uploads\/2017\/08\/pitk\u00e4nokat-300x225.jpg\" alt=\"pitk\u00e4nokat\" width=\"300\" height=\"225\" srcset=\"https:\/\/www.oulucomics.com\/wp-content\/uploads\/2017\/08\/pitk\u00e4nokat-300x225.jpg 300w, https:\/\/www.oulucomics.com\/wp-content\/uploads\/2017\/08\/pitk\u00e4nokat-768x576.jpg 768w, https:\/\/www.oulucomics.com\/wp-content\/uploads\/2017\/08\/pitk\u00e4nokat-1024x768.jpg 1024w, https:\/\/www.oulucomics.com\/wp-content\/uploads\/2017\/08\/pitk\u00e4nokat-1440x1080.jpg 1440w, https:\/\/www.oulucomics.com\/wp-content\/uploads\/2017\/08\/pitk\u00e4nokat-1050x788.jpg 1050w, https:\/\/www.oulucomics.com\/wp-content\/uploads\/2017\/08\/pitk\u00e4nokat.jpg 2048w\" sizes=\"auto, (max-width: 300px) 100vw, 300px\" \/>r egoksi on arveltu,<br \/>\nesiintyi my\u00f6s Pahkiksen sivuilla.<\/p>\n<p>Pitk\u00e4nokka-strippialbumi ilmestyi<br \/>\nkev\u00e4\u00e4ll\u00e4 2016. Nykyisin hahmo ilmeentyy ep\u00e4s\u00e4\u00e4nn\u00f6llisesti tekij\u00e4ns\u00e4<br \/>\nweb-sivuilla.<\/p>\n<p>Avajaiset 8.9. sarjakuvakeskuksella klo.17:00 alkaen, tervetuloa!<\/p>\n<p>N\u00e4yttely sarjakuvagalleriassa 9.9.-5.10.2017<\/p>\n<\/div><\/div>\n\t\t\t\t<\/li>\n\t\t\t \t<li class=\"event nayttelyt sarjakuvagalleria\">\n\t\t\t\t\t<div class=\"event-date multi-date\"><div class=\"start-date\"><div class=\"event-weekday\">Sat<\/div><div class=\"event-day\">07<\/div><div class=\"event-month\">Oct<\/div><div class=\"event-year\">2017<\/div><\/div><div class=\"end-date\"><div class=\"event-weekday\">Thu<\/div><div class=\"event-day\">02<\/div><div class=\"event-month\">Nov<\/div><div class=\"event-year\">2017<\/div><\/div><\/div>\n\t\t\t\t\t<div class=\"event-info multi-day\"><div class=\"event-title\"><h3>Anna Viro - Olmi<\/h3><\/div><span class=\"event-time\">10:00 - 20:00<\/span><span class=\"event-location\">Oulun Sarjakuvakeskus, Kulttuuritalo Valve, Hallituskatu 7<\/span><div class=\"event-details\"><p><span style=\"font-weight: 400;\">Tosiel\u00e4m\u00e4n olmi on v\u00e4rit\u00f6n, yksin\u00e4isiss\u00e4 luolissa asuva salamanteri - siis\u00a0<\/span><span style=\"font-weight: 400;\">oikea el\u00e4inmaailman n\u00e4kym\u00e4t\u00f6n kummajainen. My\u00f6s sarjakuvan Olmi on silm\u00e4t\u00f6n,\u00a0k\u00e4det\u00f6n, huomaamaton ja mit\u00e4t\u00f6n. Mutta onko Olmi silti onneton? Se, mik\u00e4 on\u00a0toisen puute, on toisen voima. Onko katsojan teht\u00e4v\u00e4n\u00e4 surkutella Olmin\u00a0vajaavaisuutta? Vai onko Olmi sittenkin se, joka selviytyy kaikesta olemalla\u00a0juuri olmi?<\/span><\/p>\n<p><span style=\"font-weight: 400;\">N\u00e4yttelyss\u00e4 on valikoituja strippej\u00e4 Olmin el\u00e4m\u00e4st\u00e4 vuosilta 2008-2016.<\/span><\/p>\n<p><img loading=\"lazy\" decoding=\"async\" class=\"aligncenter size-medium wp-image-2917\" src=\"http:\/\/www.oulucomics.com\/wp-content\/uploads\/2017\/09\/Olmi_n\u00e4yttely_face-event_1920x1080-300x169.jpg\" alt=\"Olmi_n\u00e4yttely_face-event_1920x1080\" width=\"300\" height=\"169\" srcset=\"https:\/\/www.oulucomics.com\/wp-content\/uploads\/2017\/09\/Olmi_n\u00e4yttely_face-event_1920x1080-300x169.jpg 300w, https:\/\/www.oulucomics.com\/wp-content\/uploads\/2017\/09\/Olmi_n\u00e4yttely_face-event_1920x1080-768x432.jpg 768w, https:\/\/www.oulucomics.com\/wp-content\/uploads\/2017\/09\/Olmi_n\u00e4yttely_face-event_1920x1080-1024x576.jpg 1024w, https:\/\/www.oulucomics.com\/wp-content\/uploads\/2017\/09\/Olmi_n\u00e4yttely_face-event_1920x1080-1440x810.jpg 1440w, https:\/\/www.oulucomics.com\/wp-content\/uploads\/2017\/09\/Olmi_n\u00e4yttely_face-event_1920x1080-1050x591.jpg 1050w, https:\/\/www.oulucomics.com\/wp-content\/uploads\/2017\/09\/Olmi_n\u00e4yttely_face-event_1920x1080.jpg 1920w\" sizes=\"auto, (max-width: 300px) 100vw, 300px\" \/><\/p>\n<\/div><\/div>\n\t\t\t\t<\/li>\n\t\t\t \t<li class=\"event nayttelyt center sarjakuvagalleria\">\n\t\t\t\t\t<div class=\"event-date multi-date\"><div class=\"start-date\"><div class=\"event-weekday\">Sat<\/div><div class=\"event-day\">04<\/div><div class=\"event-month\">Nov<\/div><div class=\"event-year\">2017<\/div><\/div><div class=\"end-date\"><div class=\"event-weekday\">Wed<\/div><div class=\"event-day\">29<\/div><div class=\"event-month\">Nov<\/div><div class=\"event-year\">2017<\/div><\/div><\/div>\n\t\t\t\t\t<div class=\"event-info multi-day\"><div class=\"event-title\"><h3>Oulun kansainv\u00e4linen lasten- ja nuortenelokuvien festivaali -n\u00e4yttely<\/h3><\/div><span class=\"event-time\">10:00 - 20:00<\/span><span class=\"event-location\">Oulun Sarjakuvakeskus, Kulttuuritalo Valve, Hallituskatu 7<\/span><\/div>\n\t\t\t\t<\/li>\n\t\t\t \t<li class=\"event nayttelyt center sarjakuvagalleria\">\n\t\t\t\t\t<div class=\"event-date multi-date\"><div class=\"start-date\"><div class=\"event-weekday\">Sat<\/div><div class=\"event-day\">02<\/div><div class=\"event-month\">Dec<\/div><div class=\"event-year\">2017<\/div><\/div><div class=\"end-date\"><div class=\"event-weekday\">Thu<\/div><div class=\"event-day\">11<\/div><div class=\"event-month\">Jan<\/div><div class=\"event-year\">2018<\/div><\/div><\/div>\n\t\t\t\t\t<div class=\"event-info multi-day\"><div class=\"event-title\"><h3>Oulun pohjoismainen sarjakuvakilpailu 2017 n\u00e4yttely | Oulu Nordic Comics Competition 2017 Exhibition<\/h3><\/div><span class=\"event-time\">10:00 - 20:00<\/span><span class=\"event-location\">Sarjakuvagalleria! \/ Comics Gallery!, Hallituskatu 7<\/span><div class=\"event-details\"><p><span style=\"color: #333399;\"><img loading=\"lazy\" decoding=\"async\" class=\"alignright size-medium wp-image-3047\" src=\"http:\/\/www.oulucomics.com\/wp-content\/uploads\/2017\/11\/greenwater-212x300.jpg\" alt=\"greenwater\" width=\"212\" height=\"300\" srcset=\"https:\/\/www.oulucomics.com\/wp-content\/uploads\/2017\/11\/greenwater-212x300.jpg 212w, https:\/\/www.oulucomics.com\/wp-content\/uploads\/2017\/11\/greenwater.jpg 424w\" sizes=\"auto, (max-width: 212px) 100vw, 212px\" \/>The Nordic\u00a0Comics Competition 2017 theme \u00a0was hundred. The winners of a competition 2017 will be announced at Oulu Comics Festival, 2nd December clock 11:00. Exhibition information will be announced at same time.<\/span><\/p>\n<p>\/\/\/\/\/\/\/\/\/\/<\/p>\n<p>Oulun Pohjoismaisen Sarjakuvakilpailun vuoden 2017 teemana oli sata. Kilpailun tulokset ratkeavat Oulun Sarjakuvafestivaaleilla. N\u00e4yttelyinformaatio julkaistaan kilpailun palkintojenjaon yhteydess\u00e4 2.12. klo 11:00.<\/p>\n<\/div><\/div>\n\t\t\t\t<\/li>\n\t\t\t \t<li class=\"event nayttelyt sarjakuvagalleria\">\n\t\t\t\t\t<div class=\"event-date multi-date\"><div class=\"start-date\"><div class=\"event-weekday\">Wed<\/div><div class=\"event-day\">17<\/div><div class=\"event-month\">Jan<\/div><div class=\"event-year\">2018<\/div><\/div><div class=\"end-date\"><div class=\"event-weekday\">Thu<\/div><div class=\"event-day\">15<\/div><div class=\"event-month\">Feb<\/div><div class=\"event-year\">2018<\/div><\/div><\/div>\n\t\t\t\t\t<div class=\"event-info multi-day\"><div class=\"event-title\"><h3>Perttu Kemppaisen tussit\u00f6it\u00e4<\/h3><\/div><span class=\"event-time\">10:00 - 20:00<\/span><span class=\"event-location\">Sarjakuvagalleria!, Hallituskatu 7, Oulu<\/span><div class=\"event-details\"><p>Sarjakuvagalleria!n vuoden 2018 ensimm\u00e4isen\u00e4 n\u00e4yttelyn\u00e4 n\u00e4hd\u00e4\u00e4n oululaisen Perttu Kemppaisen tussit\u00f6ist\u00e4 koostettu n\u00e4yttely. Tervetuloa!<\/p>\n<p><img loading=\"lazy\" decoding=\"async\" class=\"aligncenter wp-image-3126\" src=\"http:\/\/www.oulucomics.com\/wp-content\/uploads\/2018\/01\/Sarjakuvag_webmainos-300x212.jpg\" alt=\"Sarjakuvag_webmainos\" width=\"440\" height=\"311\" srcset=\"https:\/\/www.oulucomics.com\/wp-content\/uploads\/2018\/01\/Sarjakuvag_webmainos-300x212.jpg 300w, https:\/\/www.oulucomics.com\/wp-content\/uploads\/2018\/01\/Sarjakuvag_webmainos-768x543.jpg 768w, https:\/\/www.oulucomics.com\/wp-content\/uploads\/2018\/01\/Sarjakuvag_webmainos.jpg 900w\" sizes=\"auto, (max-width: 440px) 100vw, 440px\" \/><\/p>\n<\/div><\/div>\n\t\t\t\t<\/li>\n\t\t\t \t<li class=\"event nayttelyt sarjakuvagalleria\">\n\t\t\t\t\t<div class=\"event-date multi-date\"><div class=\"start-date\"><div class=\"event-weekday\">Sat<\/div><div class=\"event-day\">17<\/div><div class=\"event-month\">Feb<\/div><div class=\"event-year\">2018<\/div><\/div><div class=\"end-date\"><div class=\"event-weekday\">Thu<\/div><div class=\"event-day\">15<\/div><div class=\"event-month\">Mar<\/div><div class=\"event-year\">2018<\/div><\/div><\/div>\n\t\t\t\t\t<div class=\"event-info multi-day\"><div class=\"event-title\"><h3>AJAN KUVIA - Sira Moksin poliittisia kuvia<\/h3><\/div><span class=\"event-time\">10:00 - 20:00<\/span><span class=\"event-location\">Sarjakuvagalleria!, Hallituskatu 7, Oulu<\/span><div class=\"event-details\"><p class=\"p1\"><img loading=\"lazy\" decoding=\"async\" class=\"aligncenter wp-image-3134 size-full\" src=\"http:\/\/www.oulucomics.com\/wp-content\/uploads\/2018\/01\/MOKSI_LILLI.jpg\" alt=\"MOKSI_LILLI\" width=\"595\" height=\"388\" srcset=\"https:\/\/www.oulucomics.com\/wp-content\/uploads\/2018\/01\/MOKSI_LILLI.jpg 595w, https:\/\/www.oulucomics.com\/wp-content\/uploads\/2018\/01\/MOKSI_LILLI-300x196.jpg 300w\" sizes=\"auto, (max-width: 595px) 100vw, 595px\" \/><\/p>\n<p class=\"p1\">AJAN KUVIA - Oululaisen Sira Moksin poliittisia piirroksia ajasta, jossa el\u00e4mme. Vuosina 2015-2018 syntyneet piirrokset ovat kansalaisaktivistin visuaalisia reaktioita p\u00e4iv\u00e4n poliittisiin tapahtumiin. Moksi piirt\u00e4\u00e4 my\u00f6s Kansan Tahto-lehteen. N\u00e4yttely n\u00e4hd\u00e4\u00e4n loppuvuodesta my\u00f6s Helsingin sarjakuvakeskuksessa.<\/p>\n<p class=\"p2\"><span class=\"s1\"><a href=\"http:\/\/www.siramoksi.fi\/\" target=\"_blank\">www.siramoksi.fi<\/a><\/span><\/p>\n<\/div><\/div>\n\t\t\t\t<\/li>\n\t\t\t \t<li class=\"event nayttelyt sarjakuvagalleria\">\n\t\t\t\t\t<div class=\"event-date multi-date\"><div class=\"start-date\"><div class=\"event-weekday\">Sat<\/div><div class=\"event-day\">17<\/div><div class=\"event-month\">Mar<\/div><div class=\"event-year\">2018<\/div><\/div><div class=\"end-date\"><div class=\"event-weekday\">Wed<\/div><div class=\"event-day\">18<\/div><div class=\"event-month\">Apr<\/div><div class=\"event-year\">2018<\/div><\/div><\/div>\n\t\t\t\t\t<div class=\"event-info multi-day\"><div class=\"event-title\"><h3>Johanna Jasmine - Kummituksia ja muita pikkuruisia asioita<\/h3><\/div><span class=\"event-time\">10:00 - 20:00<\/span><span class=\"event-location\">Sarjakuvagalleria!, Hallituskatu 7, Oulu<\/span><div class=\"event-details\"><p><img loading=\"lazy\" decoding=\"async\" class=\"alignright size-medium wp-image-3181\" src=\"http:\/\/www.oulucomics.com\/wp-content\/uploads\/2018\/03\/kasakasa-300x300.png\" alt=\"kasakasa\" width=\"300\" height=\"300\" srcset=\"https:\/\/www.oulucomics.com\/wp-content\/uploads\/2018\/03\/kasakasa-300x300.png 300w, https:\/\/www.oulucomics.com\/wp-content\/uploads\/2018\/03\/kasakasa-150x150.png 150w, https:\/\/www.oulucomics.com\/wp-content\/uploads\/2018\/03\/kasakasa.png 1000w\" sizes=\"auto, (max-width: 300px) 100vw, 300px\" \/><br \/>\nJohanna Jasminen n\u00e4yttelyss\u00e4 on<br \/>\nesill\u00e4 Kummitus-sarjakuvaoriginaaleja sek\u00e4 vesiv\u00e4rit\u00f6it\u00e4<\/p>\n<\/div><\/div>\n\t\t\t\t<\/li>\n\t\t\t \t<li class=\"event lapset nayttelyt sarjakuvagalleria\">\n\t\t\t\t\t<div class=\"event-date multi-date\"><div class=\"start-date\"><div class=\"event-weekday\">Sat<\/div><div class=\"event-day\">21<\/div><div class=\"event-month\">Apr<\/div><div class=\"event-year\">2018<\/div><\/div><div class=\"end-date\"><div class=\"event-weekday\">Thu<\/div><div class=\"event-day\">07<\/div><div class=\"event-month\">Jun<\/div><div class=\"event-year\">2018<\/div><\/div><\/div>\n\t\t\t\t\t<div class=\"event-info multi-day\"><div class=\"event-title\"><h3>Vastarannan Siili - \u0401\u0436\u0438\u043a \u0438\u0437 \u041f\u0440\u043e\u0442\u0438\u0432\u043e\u0440\u0435\u0447\u044c\u044f<\/h3><\/div><span class=\"event-time\">10:00 - 20:00<\/span><span class=\"event-location\">Sarjakuvagalleria!, Hallituskatu 7, Oulu<\/span><div class=\"event-details\"><p class=\"p1\">Osana Lumotut Sanat -sanataideviikkoa j\u00e4rjestet\u00e4\u00e4n Sarjakuvagalleria!ssa Vastarannan Siilin (\u0401\u0436\u0438\u043a \u0438\u0437 \u041f\u0440\u043e\u0442\u0438\u0432\u043e\u0440\u0435\u0447\u044c\u044f) seikkailuihin sukeltava suomen- ja ven\u00e4j\u00e4n kielinen n\u00e4yttely.<\/p>\n<p class=\"p1\"><img loading=\"lazy\" decoding=\"async\" class=\"size-medium wp-image-3207 aligncenter\" src=\"http:\/\/www.oulucomics.com\/wp-content\/uploads\/2018\/04\/nayttelykuva3_small-286x300.jpg\" alt=\"nayttelykuva3_small\" width=\"286\" height=\"300\" srcset=\"https:\/\/www.oulucomics.com\/wp-content\/uploads\/2018\/04\/nayttelykuva3_small-286x300.jpg 286w, https:\/\/www.oulucomics.com\/wp-content\/uploads\/2018\/04\/nayttelykuva3_small.jpg 640w\" sizes=\"auto, (max-width: 286px) 100vw, 286px\" \/><\/p>\n<p class=\"p1\">Mukaan mahtuu sek\u00e4 valmista n\u00e4ht\u00e4v\u00e4\u00e4 ja koettavaa ett\u00e4 puuhanurkkaus. Kes\u00e4kuussa Petroskoihin matkaava Siili tarjoilee maistiaisia lumottujen sanojen k\u00e4vij\u00f6ille ja mahdollisuuden sukeltaa kaksikieliseen maailmaan.<\/p>\n<p class=\"p1\">N\u00e4yttelyn j\u00e4rjest\u00e4mist\u00e4 ovat tukeneet Taiteen edist\u00e4miskeskus\u00a0ja Koneen S\u00e4\u00e4ti\u00f6.<\/p>\n<hr \/>\n<p class=\"p1\">Avajaisia vietet\u00e4\u00e4n 22.4. klo 16:00- Sarjakuvagalleria!ssa ja Konst O. Deliss\u00e4\u00a0Vastarannan Siili livepiirustuskonsertin merkeiss\u00e4. Sunnuntain piristykseksi Vastarannan Siili orkesteri tarjoilee livepiirustuskonsertin, jossa sarjakuvantekij\u00e4 Harri Filppa loihtii musiikin s\u00e4estyksell\u00e4 sarjakuvan Siilin matkasta. Viihdytt\u00e4v\u00e4\u00e4n musiikki- ja piirroshetkeen mahtuu my\u00f6s pient\u00e4 tarjoilua ja mahdollisuus p\u00e4\u00e4st\u00e4\u00e4 oma luovuuskin valloilleen.<\/p>\n<\/div><\/div>\n\t\t\t\t<\/li>\n\t\t\t \t<li class=\"event nayttelyt sarjakuvagalleria\">\n\t\t\t\t\t<div class=\"event-date multi-date\"><div class=\"start-date\"><div class=\"event-weekday\">Fri<\/div><div class=\"event-day\">08<\/div><div class=\"event-month\">Jun<\/div><div class=\"event-year\">2018<\/div><\/div><div class=\"end-date\"><div class=\"event-weekday\">Sun<\/div><div class=\"event-day\">08<\/div><div class=\"event-month\">Jul<\/div><div class=\"event-year\">2018<\/div><\/div><\/div>\n\t\t\t\t\t<div class=\"event-info multi-day\"><div class=\"event-title\"><h3>UUSI H\u00d6LM\u00d6L\u00c4 - NEW HOELMOELAE<\/h3><\/div><span class=\"event-time\">10:00 - 20:00<\/span><span class=\"event-location\">Sarjakuvagalleria!, Hallituskatu 7, Oulu<\/span><div class=\"event-details\"><p class=\"p1\"><i>\u201dPidennet\u00e4\u00e4n ty\u00f6p\u00e4iv\u00e4\u00e4 yhden kissavideon verran!\u201d <\/i><\/p>\n<p class=\"p1\">Suomen kansan uusia h\u00f6lm\u00f6l\u00e4istarinoita sarjakuvina esittelev\u00e4 n\u00e4yttely <b>Uusi H\u00f6lm\u00f6l\u00e4 \u2013 New Hoelmoela<\/b> on n\u00e4ht\u00e4viss\u00e4 Oulun sarjakuvakeskuksen Sarjakuvagalleria!ssa 9.6.\u20138.7.2018. Sarjakuvamuotoon toteutetut kertomukset perustuvat l\u00f6yh\u00e4sti perinteisiin h\u00f6lm\u00f6l\u00e4istarinoihin ja kommentoivat nyky-yhteiskunnan absurditeetteja. L\u00e4ht\u00f6kohtia uusille h\u00f6lm\u00f6l\u00e4issarjakuville ovat muun muassa nykyrakentaminen, vihapuheen nostattama populismi, nykynaiskuvan ulottuvuudet, ty\u00f6tt\u00f6mien kohtelu ja jatkuva poliittisten p\u00e4\u00e4t\u00f6sten py\u00f6rt\u00e4minen. Aiemmin n\u00e4yttely on ollut esill\u00e4 Helsingiss\u00e4, Tampereella ja Joensuussa.<\/p>\n<p class=\"p1\"><img loading=\"lazy\" decoding=\"async\" class=\"size-medium wp-image-3227 aligncenter\" src=\"http:\/\/www.oulucomics.com\/wp-content\/uploads\/2018\/05\/Joonas_Rinta_Kanto_detalji_small-300x289.jpg\" alt=\"Joonas_Rinta_Kanto_detalji_small\" width=\"300\" height=\"289\" srcset=\"https:\/\/www.oulucomics.com\/wp-content\/uploads\/2018\/05\/Joonas_Rinta_Kanto_detalji_small-300x289.jpg 300w, https:\/\/www.oulucomics.com\/wp-content\/uploads\/2018\/05\/Joonas_Rinta_Kanto_detalji_small.jpg 640w\" sizes=\"auto, (max-width: 300px) 100vw, 300px\" \/><\/p>\n<p class=\"p1\">Uusien h\u00f6lm\u00f6l\u00e4istarinoiden takana on joukko maan k\u00e4rkikastiin kuuluvia sarjakuvantekij\u00f6it\u00e4. N\u00e4yttelyyn ovat piirt\u00e4neet ja k\u00e4sikirjoittaneet Riikka Ala-Harja, Terhi Ekebom, Matti Hagelberg, Pertti Jarla, Leo Kuikka, Reijo K\u00e4rkk\u00e4inen, Karri Laitinen, Tiina Lehikoinen, Lauri M\u00e4kimurto, Reetta Niemensivu, Christer Nuutinen, Ville Pirinen, Aapo Rapi, Kati Rapia, Hannele Richert, Joonas Rinta-Kanto, Heikki R\u00f6nkk\u00f6, Tuomas Tiainen, Emmi Valve, Helena Vierikko ja Amanda V\u00e4h\u00e4m\u00e4ki.<\/p>\n<p class=\"p1\">N\u00e4yttelyn h\u00f6lm\u00f6l\u00e4istarinat ovat ilmestyneet my\u00f6s sarjakuvalehti Kutin syksyn 2017 numerossa. Uuden sarjakuvan julkaisukanavaksi vuonna 2006 perustettua Kuti-lehte\u00e4 julkaisee nykysarjakuvayhdistys Kutikuti. Lehte\u00e4 jaetaan kotimaassa 14 kaupungissa ja ulkomailla lukuisissa kansainv\u00e4lisiss\u00e4 tapahtumissa.<\/p>\n<p class=\"p4\">Uusi H\u00f6lm\u00f6l\u00e4 - New Hoelmoelae<span class=\"Apple-converted-space\">\u00a0 <\/span>-n\u00e4yttely<\/p>\n<p class=\"p4\">9.6.-8.7.2018<\/p>\n<p class=\"p4\">Sarjakuvagalleria! (Hallituskatu 7, Oulu)<\/p>\n<p class=\"p4\">N\u00e4yttely on avoinna p\u00e4ivitt\u00e4in klo 10-20.<\/p>\n<p class=\"p4\">Avajaiset 8.6.2018<\/p>\n<\/div><\/div>\n\t\t\t\t<\/li>\n\t\t\t \t<li class=\"event nayttelyt sarjakuvagalleria\">\n\t\t\t\t\t<div class=\"event-date multi-date\"><div class=\"start-date\"><div class=\"event-weekday\">Wed<\/div><div class=\"event-day\">01<\/div><div class=\"event-month\">Aug<\/div><div class=\"event-year\">2018<\/div><\/div><div class=\"end-date\"><div class=\"event-weekday\">Thu<\/div><div class=\"event-day\">30<\/div><div class=\"event-month\">Aug<\/div><div class=\"event-year\">2018<\/div><\/div><\/div>\n\t\t\t\t\t<div class=\"event-info multi-day\"><div class=\"event-title\"><h3>Jyrki M\u00e4en sarjakuvan\u00e4yttely<\/h3><\/div><span class=\"event-time\">10:00 - 20:00<\/span><span class=\"event-location\">Sarjakuvagalleria!, Hallituskatu 7, Oulu<\/span><div class=\"event-details\"><p><strong>Jyrki Anselmi M\u00e4ki<\/strong> on sarjakuvapiirt\u00e4j\u00e4, kuvataiteilija ja kulttuurin sekaty\u00f6l\u00e4inen. H\u00e4net tunnetaan my\u00f6s Radiopuhelimet-yhtyeen laulajana ja toisena p\u00e4\u00e4sanoittajana.<\/p>\n<p>M\u00e4elt\u00e4 on t\u00e4h\u00e4n menness\u00e4 julkaistu kolme sarjakuvaromaania: <i><b>Hermolomamatka<\/b><\/i> (Like 2011), <i><b>Kiskoja<\/b><\/i> (Like 2014) ja <i><b>Musta lipas<\/b><\/i><i> <\/i>(Like 2016). Esikoisteos oli Sarjakuva-Finlandia-ehdokkaana. Nelj\u00e4s sarjakuvaromaani on paraikaa ty\u00f6n alla.<\/p>\n<p><img loading=\"lazy\" decoding=\"async\" class=\"alignleft size-medium wp-image-3312\" src=\"http:\/\/www.oulucomics.com\/wp-content\/uploads\/2018\/06\/Maki_Nurinkurin2018-300x180.jpg\" alt=\"Maki_Nurinkurin2018\" width=\"300\" height=\"180\" srcset=\"https:\/\/www.oulucomics.com\/wp-content\/uploads\/2018\/06\/Maki_Nurinkurin2018-300x180.jpg 300w, https:\/\/www.oulucomics.com\/wp-content\/uploads\/2018\/06\/Maki_Nurinkurin2018-768x460.jpg 768w, https:\/\/www.oulucomics.com\/wp-content\/uploads\/2018\/06\/Maki_Nurinkurin2018-1024x614.jpg 1024w, https:\/\/www.oulucomics.com\/wp-content\/uploads\/2018\/06\/Maki_Nurinkurin2018-1440x863.jpg 1440w, https:\/\/www.oulucomics.com\/wp-content\/uploads\/2018\/06\/Maki_Nurinkurin2018-1050x629.jpg 1050w\" sizes=\"auto, (max-width: 300px) 100vw, 300px\" \/><\/p>\n<p>Vuodesta 2014 on <em>Rantapohja-lehdess\u00e4 viikoittain ilmestynyt M\u00e4en piirt\u00e4m\u00e4 \u201dyhden ruudun sarjakuva\u201d <\/em><em><i><b>Nurinkurin<\/b><\/i><\/em><em><b>.\u00a0<\/b><\/em><\/p>\n<p><em>Oulun Sarjakuvakeskuksen n\u00e4yttelyyn on valikoitu<\/em><em><b> Nurinkurin<\/b><\/em><em><b>-<\/b><\/em><em>piirroksia vuosilta 2014 \u2013 2018.<\/em><\/p>\n<p>---<\/p>\n<p>Kotisivu: <span style=\"color: #000080;\"><span lang=\"zxx\"><u><a href=\"http:\/\/www.kolumbus.fi\/jyrki.maki\/\">http:\/\/www.kolumbus.fi\/jyrki.maki\/<\/a><\/u><\/span><\/span>, kustantajan sivu: <span style=\"color: #000080;\"><span lang=\"zxx\"><u><a href=\"http:\/\/like.fi\/kirjailijat\/j-a-maki\/\">http:\/\/like.fi\/kirjailijat\/j-a-maki\/<\/a><\/u><\/span><\/span>, Facebook: J. A. M\u00e4ki \u2013 Art<\/p>\n<\/div><\/div>\n\t\t\t\t<\/li>\n\t\t\t \t<li class=\"event nayttelyt sarjakuvagalleria\">\n\t\t\t\t\t<div class=\"event-date multi-date\"><div class=\"start-date\"><div class=\"event-weekday\">Sat<\/div><div class=\"event-day\">01<\/div><div class=\"event-month\">Sep<\/div><div class=\"event-year\">2018<\/div><\/div><div class=\"end-date\"><div class=\"event-weekday\">Thu<\/div><div class=\"event-day\">27<\/div><div class=\"event-month\">Sep<\/div><div class=\"event-year\">2018<\/div><\/div><\/div>\n\t\t\t\t\t<div class=\"event-info multi-day\"><div class=\"event-title\"><h3>Karkkola &amp; Sainio: Sarsaparillan Salaisuus<\/h3><\/div><span class=\"event-time\">10:00 - 20:00<\/span><span class=\"event-location\">Sarjakuvagalleria!, Hallituskatu 7, Oulu<\/span><div class=\"event-details\"><p>El\u00e4mme dystopiassa, hyv\u00e4t kansalaiset.\u00a0Alkoholilain\u00a0uudistus on tehnyt v\u00e4kijuomien\u00a0nauttimisesta paitsi kielletty\u00e4, my\u00f6s mahdotonta. Ja mik\u00e4 pahinta, perinteisen sarsaparillan kaltaiset kotikutoiset keitoksetkin alkavat olla jo katoavaa kansanperinnett\u00e4.<\/p>\n<p>Kaverukset Karkkola ja Sainio ajautuvat keskelle j\u00e4nnitt\u00e4v\u00e4\u00e4 seikkailua yritt\u00e4ess\u00e4\u00e4n nostaa ennen niin suositun nautintoaineen takaisin kansan tietouteen. Pala alkuper\u00e4ist\u00e4 resepti\u00e4 tarjoaa johtolangan, mutta parivaljakko on autuaan\u00a0tiet\u00e4m\u00e4t\u00f6n heit\u00e4 varjoista tarkkailevasta pahuudesta, joka\u00a0on valmis tekem\u00e4\u00e4n kaikkensa, jottei sarsaparillan salaisuus koskaan en\u00e4\u00e4 n\u00e4e p\u00e4iv\u00e4nvaloa.<\/p>\n<p><img loading=\"lazy\" decoding=\"async\" class=\"aligncenter size-large wp-image-3241\" src=\"http:\/\/www.oulucomics.com\/wp-content\/uploads\/2018\/06\/Ruutu-1024x490.jpg\" alt=\"Ruutu\" width=\"1024\" height=\"490\" srcset=\"https:\/\/www.oulucomics.com\/wp-content\/uploads\/2018\/06\/Ruutu-1024x490.jpg 1024w, https:\/\/www.oulucomics.com\/wp-content\/uploads\/2018\/06\/Ruutu-300x144.jpg 300w, https:\/\/www.oulucomics.com\/wp-content\/uploads\/2018\/06\/Ruutu-768x368.jpg 768w, https:\/\/www.oulucomics.com\/wp-content\/uploads\/2018\/06\/Ruutu-1440x689.jpg 1440w, https:\/\/www.oulucomics.com\/wp-content\/uploads\/2018\/06\/Ruutu-1050x502.jpg 1050w, https:\/\/www.oulucomics.com\/wp-content\/uploads\/2018\/06\/Ruutu.jpg 2048w\" sizes=\"auto, (max-width: 1024px) 100vw, 1024px\" \/><\/p>\n<p><em>Karkkola ja Sainio: Sarsaparillan salaisuus<\/em> on kahden oululaisen sarjakuvataiteilijan luomus. Tarina perustuu Veli-Matti Uralin kyn\u00e4ilem\u00e4\u00e4n k\u00e4sikirjoitukseen. Upeat piirrokset on loihtinut Mika Lahtonen. Kuukausittan p\u00e4ivittyv\u00e4 jatkotarina on luettavissa <a href=\"https:\/\/sarsaparillansalaisuus.wordpress.com\/\">Sarsaparillan Salaisuus -sivustolla.<\/a><\/p>\n<\/div><\/div>\n\t\t\t\t<\/li>\n\t\t\t \t<li class=\"event nayttelyt sarjakuvagalleria\">\n\t\t\t\t\t<div class=\"event-date multi-date\"><div class=\"start-date\"><div class=\"event-weekday\">Sat<\/div><div class=\"event-day\">29<\/div><div class=\"event-month\">Sep<\/div><div class=\"event-year\">2018<\/div><\/div><div class=\"end-date\"><div class=\"event-weekday\">Thu<\/div><div class=\"event-day\">25<\/div><div class=\"event-month\">Oct<\/div><div class=\"event-year\">2018<\/div><\/div><\/div>\n\t\t\t\t\t<div class=\"event-info multi-day\"><div class=\"event-title\"><h3>Avi Heikkinen - Valotusaika<\/h3><\/div><span class=\"event-time\">10:00 - 20:00<\/span><span class=\"event-location\">Sarjakuvagalleria!, Hallituskatu 7, Oulu<\/span><div class=\"event-details\"><p>&nbsp;<\/p>\n<p><img loading=\"lazy\" decoding=\"async\" class=\"alignleft size-medium wp-image-3308\" src=\"http:\/\/www.oulucomics.com\/wp-content\/uploads\/2018\/06\/Avi_Valotusaika_N\u00e4yttelyjuliste-213x300.jpg\" alt=\"Avi_Valotusaika_N\u00e4yttelyjuliste\" width=\"213\" height=\"300\" srcset=\"https:\/\/www.oulucomics.com\/wp-content\/uploads\/2018\/06\/Avi_Valotusaika_N\u00e4yttelyjuliste-213x300.jpg 213w, https:\/\/www.oulucomics.com\/wp-content\/uploads\/2018\/06\/Avi_Valotusaika_N\u00e4yttelyjuliste-768x1080.jpg 768w, https:\/\/www.oulucomics.com\/wp-content\/uploads\/2018\/06\/Avi_Valotusaika_N\u00e4yttelyjuliste-728x1024.jpg 728w, https:\/\/www.oulucomics.com\/wp-content\/uploads\/2018\/06\/Avi_Valotusaika_N\u00e4yttelyjuliste-1024x1440.jpg 1024w, https:\/\/www.oulucomics.com\/wp-content\/uploads\/2018\/06\/Avi_Valotusaika_N\u00e4yttelyjuliste-1050x1477.jpg 1050w, https:\/\/www.oulucomics.com\/wp-content\/uploads\/2018\/06\/Avi_Valotusaika_N\u00e4yttelyjuliste.jpg 1240w\" sizes=\"auto, (max-width: 213px) 100vw, 213px\" \/>Voiko valokuvilla tehd\u00e4 sarjakuvia? Jyv\u00e4skyl\u00e4l\u00e4inen sarjakuvantekij\u00e4 Avi<br \/>\nHeikkinen halusi murtaa sarjakuvanteon perinteit\u00e4 ja teki jotain<br \/>\npoikkeuksellista: kokonaisen graafisen romaanin valokuvilla. N\u00e4yttely<br \/>\nesittelee omaper\u00e4ist\u00e4 teosta ja sen tekotapoja.<br \/>\n<em>Valotusaika<\/em> (Pokuto, 2018) on syksyll\u00e4 2018 julkaistava Avin esikoisalbumi.<\/p>\n<p>Uki Arkkitehdit on tukenut n\u00e4yttelyn j\u00e4rjest\u00e4mist\u00e4.<\/p>\n<\/div><\/div>\n\t\t\t\t<\/li>\n\t\t\t \t<li class=\"event nayttelyt sarjakuvagalleria\">\n\t\t\t\t\t<div class=\"event-date multi-date\"><div class=\"start-date\"><div class=\"event-weekday\">Sat<\/div><div class=\"event-day\">27<\/div><div class=\"event-month\">Oct<\/div><div class=\"event-year\">2018<\/div><\/div><div class=\"end-date\"><div class=\"event-weekday\">Sun<\/div><div class=\"event-day\">18<\/div><div class=\"event-month\">Nov<\/div><div class=\"event-year\">2018<\/div><\/div><\/div>\n\t\t\t\t\t<div class=\"event-info multi-day\"><div class=\"event-title\"><h3>Virolaisten lastenelokuvajulisteiden n\u00e4yttely<\/h3><\/div><span class=\"event-time\">10:00 - 20:00<\/span><span class=\"event-location\">Sarjakuvagalleria!, Hallituskatu 7, Oulu<\/span><div class=\"event-details\"><p>Esittelyss\u00e4 Viro 100 -juhlavuoden kunniaksi satumaisia ja retrotyylisi\u00e4 julisteita virolaisista lastenelokuvista. N\u00e4yttelyn j\u00e4rjest\u00e4j\u00e4n\u00e4 toimii 37. Oulun kansainv\u00e4linen lasten- ja nuortenelokuvien festivaali.<\/p>\n<p><img loading=\"lazy\" decoding=\"async\" class=\"size-medium wp-image-3666 alignleft\" src=\"http:\/\/www.oulucomics.com\/wp-content\/uploads\/2018\/10\/viro_n\u00e4yttely_juliste-212x300.jpg\" alt=\"viro_n\u00e4yttely_juliste\" width=\"212\" height=\"300\" srcset=\"https:\/\/www.oulucomics.com\/wp-content\/uploads\/2018\/10\/viro_n\u00e4yttely_juliste-212x300.jpg 212w, https:\/\/www.oulucomics.com\/wp-content\/uploads\/2018\/10\/viro_n\u00e4yttely_juliste-768x1087.jpg 768w, https:\/\/www.oulucomics.com\/wp-content\/uploads\/2018\/10\/viro_n\u00e4yttely_juliste-724x1024.jpg 724w, https:\/\/www.oulucomics.com\/wp-content\/uploads\/2018\/10\/viro_n\u00e4yttely_juliste.jpg 841w\" sizes=\"auto, (max-width: 212px) 100vw, 212px\" \/><\/p>\n<\/div><\/div>\n\t\t\t\t<\/li>\n\t\t\t \t<li class=\"event nayttelyt center sarjakuvagalleria\">\n\t\t\t\t\t<div class=\"event-date multi-date\"><div class=\"start-date\"><div class=\"event-weekday\">Fri<\/div><div class=\"event-day\">23<\/div><div class=\"event-month\">Nov<\/div><div class=\"event-year\">2018<\/div><\/div><div class=\"end-date\"><div class=\"event-weekday\">Thu<\/div><div class=\"event-day\">10<\/div><div class=\"event-month\">Jan<\/div><div class=\"event-year\">2019<\/div><\/div><\/div>\n\t\t\t\t\t<div class=\"event-info multi-day\"><div class=\"event-title\"><h3>Ilpo Koskela: Lights on! Historia eloon sarjakuvan keinoin<\/h3><\/div><span class=\"event-time\">10:00 - 20:00<\/span><span class=\"event-location\">Sarjakuvagalleria!, Hallituskatu 7, Oulu<\/span><div class=\"event-details\"><p>Suomen ja Viron Mets\u00e4hallitusten Lights On! -projektissa muinaiskohteiden historiaa tuodaan esille kuvitusten ja sarjakuvan avulla. Valmiit ty\u00f6t k\u00e4\u00e4nn\u00f6ksineen ovat luettavissa 100 cm leve\u00e4n\u00e4 tauluna itse paikassa, johon tarina tunnistettavasti liittyy.\u00a0Osa t\u00f6ist\u00e4 esitell\u00e4\u00e4n mobiiliversioiden kuvituksina, joita vieraat p\u00e4\u00e4sev\u00e4t tutkimaan paikan p\u00e4\u00e4ll\u00e4 QR-koodin omaan \u00e4lylaitteeseensa kuvaamalla. Kohteita on nelj\u00e4 Suomessa ja nelj\u00e4 Virossa.<\/p>\n<p><img loading=\"lazy\" decoding=\"async\" class=\"size-medium wp-image-3689 aligncenter\" src=\"http:\/\/www.oulucomics.com\/wp-content\/uploads\/2018\/10\/lights_on_promokuva-300x300.jpg\" alt=\"lights_on_promokuva\" width=\"300\" height=\"300\" srcset=\"https:\/\/www.oulucomics.com\/wp-content\/uploads\/2018\/10\/lights_on_promokuva-300x300.jpg 300w, https:\/\/www.oulucomics.com\/wp-content\/uploads\/2018\/10\/lights_on_promokuva-150x150.jpg 150w, https:\/\/www.oulucomics.com\/wp-content\/uploads\/2018\/10\/lights_on_promokuva-768x768.jpg 768w, https:\/\/www.oulucomics.com\/wp-content\/uploads\/2018\/10\/lights_on_promokuva-1024x1024.jpg 1024w, https:\/\/www.oulucomics.com\/wp-content\/uploads\/2018\/10\/lights_on_promokuva-1440x1440.jpg 1440w, https:\/\/www.oulucomics.com\/wp-content\/uploads\/2018\/10\/lights_on_promokuva-1050x1050.jpg 1050w\" sizes=\"auto, (max-width: 300px) 100vw, 300px\" \/><\/p>\n<p><b><br \/>\nIlpo Koskela<\/b>\u00a0sai luettavakseen kohteiden historiasta kertovia kirjoja sek\u00e4 teksti- ja kuvareferenssi-informaatiota, joita k\u00e4ytt\u00e4en h\u00e4n k\u00e4sikirjoitti kuudesta yhdeks\u00e4\u00e4n 1\u20134-ruutuista sarjakuvatarinaa jokaisesta kohteesta. Projekti eteni synopsiksista lyijykyn\u00e4luonnoksiin sek\u00e4 niist\u00e4 historian tuntijoiden sek\u00e4 arkeologien kommentoinnin ja korjausehdotusten kautta valmiiksi paino-originaaleiksi. Valmiit taulut ovat jo luettavissa eri kohteissa.<\/p>\n<p>N\u00e4yttelykierros osana Oulun Sarjakuvafestivaalin ohjelmistoa sunnuntaina 25.11. klo 15:00<\/p>\n<p><img loading=\"lazy\" decoding=\"async\" class=\"alignleft size-full wp-image-2955\" src=\"http:\/\/www.oulucomics.com\/wp-content\/uploads\/2017\/10\/en.jpg\" alt=\"en\" width=\"23\" height=\"20\" \/><\/p>\n<p>&nbsp;<\/p>\n<p><span style=\"color: #0000ff;\">The Lights On! Program\u00a0by Mets\u00e4hallitus and RMK from Estonia brings ancient history alive through the power of comics. Finished works included with translations can be read as pictures 100 centimeters in length located\u00a0at a place which is heavily connected with the historical story. Some of the works will be presented as illustrations for mobile versions that can be read by scanning QR codes. There's four attractions\u00a0in Finland and also four in Estonia.<\/span><\/p>\n<p><span style=\"color: #0000ff;\"><strong>Ilpo Koskela\u00a0<\/strong>has made from six to nine comic book stories of each of the historical places. He's artistic process included researching history from the pages of books and examining sketches with archaeologists.\u00a0\u00a0The finished products are already at the right\u00a0attractions.<\/span><\/p>\n<p><span style=\"color: #0000ff;\">Koskela will\u00a0showcase his exhibition to\u00a0everyone on Sunday 25th of November at 3 pm<\/span><\/p>\n<p>&nbsp;<\/p>\n<\/div><\/div>\n\t\t\t\t<\/li>\n\t\t\t \t<li class=\"event festivaali fsun nayttelyt sarjakuvagalleria\">\n\t\t\t\t\t<div class=\"event-date\"><div class=\"end-date\"><div class=\"event-weekday\">Sun<\/div><div class=\"event-day\">25<\/div><div class=\"event-month\">Nov<\/div><div class=\"event-year\">2018<\/div><\/div><\/div>\n\t\t\t\t\t<div class=\"event-info multi-day\"><div class=\"event-title\"><h3>Sarjakuvagalleria!n n\u00e4yttelykierros | Comics Gallery! exhibition tour<\/h3><\/div><span class=\"event-time\">15:00 - 16:00<\/span><span class=\"event-location\">Sarjakuvagalleria! | Comics Gallery!, Hallituskatu 7, Oulu<\/span><div class=\"event-details\"><p><strong>Ilpo Koskela<\/strong> esittelee n\u00e4yttelyns\u00e4<em>\u00a0Lights on! Historia eloon sarjakuvan keinoin.\u00a0\u00a0<\/em>Tarjolla virvokkeita<img loading=\"lazy\" decoding=\"async\" class=\"size-medium wp-image-3689 aligncenter\" src=\"http:\/\/www.oulucomics.com\/wp-content\/uploads\/2018\/10\/lights_on_promokuva-300x300.jpg\" alt=\"lights_on_promokuva\" width=\"300\" height=\"300\" srcset=\"https:\/\/www.oulucomics.com\/wp-content\/uploads\/2018\/10\/lights_on_promokuva-300x300.jpg 300w, https:\/\/www.oulucomics.com\/wp-content\/uploads\/2018\/10\/lights_on_promokuva-150x150.jpg 150w, https:\/\/www.oulucomics.com\/wp-content\/uploads\/2018\/10\/lights_on_promokuva-768x768.jpg 768w, https:\/\/www.oulucomics.com\/wp-content\/uploads\/2018\/10\/lights_on_promokuva-1024x1024.jpg 1024w, https:\/\/www.oulucomics.com\/wp-content\/uploads\/2018\/10\/lights_on_promokuva-1440x1440.jpg 1440w, https:\/\/www.oulucomics.com\/wp-content\/uploads\/2018\/10\/lights_on_promokuva-1050x1050.jpg 1050w\" sizes=\"auto, (max-width: 300px) 100vw, 300px\" \/><\/p>\n<p class=\"p1\"><span style=\"color: #0000ff;\"><strong>Ilpo Koskela<\/strong> presents his exhibition Lights on! History is alive in comics storytelling. Small refreshments!<\/span><\/p>\n<\/div><\/div>\n\t\t\t\t<\/li>\n\t\t\t \t<li class=\"event nayttelyt sarjakuvagalleria\">\n\t\t\t\t\t<div class=\"event-date multi-date\"><div class=\"start-date\"><div class=\"event-weekday\">Sat<\/div><div class=\"event-day\">12<\/div><div class=\"event-month\">Jan<\/div><div class=\"event-year\">2019<\/div><\/div><div class=\"end-date\"><div class=\"event-weekday\">Thu<\/div><div class=\"event-day\">14<\/div><div class=\"event-month\">Feb<\/div><div class=\"event-year\">2019<\/div><\/div><\/div>\n\t\t\t\t\t<div class=\"event-info multi-day\"><div class=\"event-title\"><h3>Rika Ruusuvaara: Metsiss\u00e4 - alkupaloja<\/h3><\/div><span class=\"event-time\">10:00 - 20:00<\/span><span class=\"event-location\">Sarjakuvagalleria!, Hallituskatu 7, Oulu<\/span><div class=\"event-details\"><p>Kohtalon vuonna 2019<br \/>\njulkaistavassa sarjakuvassa Metsiss\u00e4 kerrotaan k\u00e4\u00e4pien ja puiden v\u00e4lisist\u00e4<br \/>\nsuhteista sek\u00e4 draamasta. N\u00e4yttelyss\u00e4 p\u00e4\u00e4set n\u00e4kem\u00e4\u00e4n sarjakuvan<br \/>\noriginaaleja sivuja sek\u00e4 n\u00e4yttely\u00e4 varten tehtyj\u00e4 t\u00f6it\u00e4.<\/p>\n<p><img loading=\"lazy\" decoding=\"async\" class=\"alignleft size-full wp-image-2955\" src=\"http:\/\/www.oulucomics.com\/wp-content\/uploads\/2017\/10\/en.jpg\" alt=\"en\" width=\"23\" height=\"20\" \/><\/p>\n<p>&nbsp;<\/p>\n<p><span style=\"font-weight: 400; color: #0000ff;\">Metsiss\u00e4 comics book will be published in the fateful year of 2019. It tells about the relations and drama between polypores and trees. In the exhibition, you are able to look at original pages of the comics and works made for the exhibition.<\/span><\/p>\n<\/div><\/div>\n\t\t\t\t<\/li>\n\t\t\t \t<li class=\"event nayttelyt sarjakuvagalleria\">\n\t\t\t\t\t<div class=\"event-date multi-date\"><div class=\"start-date\"><div class=\"event-weekday\">Sat<\/div><div class=\"event-day\">16<\/div><div class=\"event-month\">Feb<\/div><div class=\"event-year\">2019<\/div><\/div><div class=\"end-date\"><div class=\"event-weekday\">Thu<\/div><div class=\"event-day\">14<\/div><div class=\"event-month\">Mar<\/div><div class=\"event-year\">2019<\/div><\/div><\/div>\n\t\t\t\t\t<div class=\"event-info multi-day\"><div class=\"event-title\"><h3>Mikko Takkinen: Maisemia mielikuvituksesta<\/h3><\/div><span class=\"event-time\">10:00 - 20:00<\/span><span class=\"event-location\">Sarjakuvagalleria!, Hallituskatu 7, Oulu<\/span><div class=\"event-details\"><p>Piirt\u00e4minen on Mikko Takkiselle p\u00e4ivitt\u00e4inen ja t\u00e4rke\u00e4 harrastus. Sarjakuvagalleria!n n\u00e4yttelyss\u00e4 n\u00e4hd\u00e4\u00e4n Takkisen maisemia ja hahmoja kuvaavia taideteoksia.<\/p>\n<p><img loading=\"lazy\" decoding=\"async\" class=\"aligncenter size-large wp-image-3782\" src=\"http:\/\/www.oulucomics.com\/wp-content\/uploads\/2019\/02\/Mikko_naytto_mv-1024x576.png\" alt=\"Mikko_naytto_mv\" width=\"1024\" height=\"576\" srcset=\"https:\/\/www.oulucomics.com\/wp-content\/uploads\/2019\/02\/Mikko_naytto_mv-1024x576.png 1024w, https:\/\/www.oulucomics.com\/wp-content\/uploads\/2019\/02\/Mikko_naytto_mv-300x169.png 300w, https:\/\/www.oulucomics.com\/wp-content\/uploads\/2019\/02\/Mikko_naytto_mv-768x432.png 768w, https:\/\/www.oulucomics.com\/wp-content\/uploads\/2019\/02\/Mikko_naytto_mv-1440x810.png 1440w, https:\/\/www.oulucomics.com\/wp-content\/uploads\/2019\/02\/Mikko_naytto_mv-1050x591.png 1050w, https:\/\/www.oulucomics.com\/wp-content\/uploads\/2019\/02\/Mikko_naytto_mv.png 1920w\" sizes=\"auto, (max-width: 1024px) 100vw, 1024px\" \/><\/p>\n<p><img loading=\"lazy\" decoding=\"async\" class=\"alignleft size-full wp-image-2955\" src=\"http:\/\/www.oulucomics.com\/wp-content\/uploads\/2017\/10\/en.jpg\" alt=\"en\" width=\"23\" height=\"20\" \/><\/p>\n<p>&nbsp;<\/p>\n<p><span style=\"font-weight: 400; color: #0000ff;\">Drawing is an important, everyday hobby to Mikko Takkinen. In the exhibition at Comics Gallery!, works of art by Takkinen illustrating landscapes and characters can be seen.<\/span><\/p>\n<\/div><\/div>\n\t\t\t\t<\/li>\n\t\t\t \t<li class=\"event nayttelyt sarjakuvagalleria\">\n\t\t\t\t\t<div class=\"event-date multi-date\"><div class=\"start-date\"><div class=\"event-weekday\">Sat<\/div><div class=\"event-day\">16<\/div><div class=\"event-month\">Mar<\/div><div class=\"event-year\">2019<\/div><\/div><div class=\"end-date\"><div class=\"event-weekday\">Sun<\/div><div class=\"event-day\">21<\/div><div class=\"event-month\">Apr<\/div><div class=\"event-year\">2019<\/div><\/div><\/div>\n\t\t\t\t\t<div class=\"event-info multi-day\"><div class=\"event-title\"><h3>Manga -n\u00e4yttely<\/h3><\/div><span class=\"event-time\">10:00 - 20:00<\/span><span class=\"event-location\">Sarjakuvagalleria!, Hallituskatu 7, Oulu<\/span><div class=\"event-details\"><p>Japanilaisen \"popkulttuuri\" kuoro Coro Animonyn tuottamassa n\u00e4yttelyss\u00e4 on n\u00e4ht\u00e4vill\u00e4 julisteita ja esitteit\u00e4 kuoron 3 -vuotisen historian varrelta. N\u00e4yttely sis\u00e4lt\u00e4\u00e4 my\u00f6s Coro Animonyn Oulun Sarjakuvakeskukselle lahjoittaman mangakirjakokoelman!<\/p>\n<p><img loading=\"lazy\" decoding=\"async\" class=\"alignleft size-full wp-image-2955\" src=\"http:\/\/www.oulucomics.com\/wp-content\/uploads\/2017\/10\/en.jpg\" alt=\"en\" width=\"23\" height=\"20\" \/><\/p>\n<p>&nbsp;<\/p>\n<p><span style=\"font-weight: 400; color: #0000ff;\">The exhibition produced by the Japanese \u201cpop culture\u201d choir Coro Animony displays posters and leaflets from the choir\u2019s 3-year history. The exhibition also includes the manga collection donated to Oulu Comics Center by Coro Animony!<\/span><\/p>\n<\/div><\/div>\n\t\t\t\t<\/li>\n\t\t\t \t<li class=\"event lapset nayttelyt sarjakuvagalleria\">\n\t\t\t\t\t<div class=\"event-date multi-date\"><div class=\"start-date\"><div class=\"event-weekday\">Sat<\/div><div class=\"event-day\">27<\/div><div class=\"event-month\">Apr<\/div><div class=\"event-year\">2019<\/div><\/div><div class=\"end-date\"><div class=\"event-weekday\">Sun<\/div><div class=\"event-day\">09<\/div><div class=\"event-month\">Jun<\/div><div class=\"event-year\">2019<\/div><\/div><\/div>\n\t\t\t\t\t<div class=\"event-info multi-day\"><div class=\"event-title\"><h3>Valon sankari ja kadonnut aurinko  \u2013 kuvitusn\u00e4yttely lapsille<\/h3><\/div><span class=\"event-time\">10:00 - 20:00<\/span><span class=\"event-location\">Sarjakuvagalleria!, Hallituskatu 7, Oulu<\/span><div class=\"event-details\"><p><span style=\"font-family: Times New Roman, serif;\">N\u00e4yttely Satu Alajoen kirjoittamista ja Ella Kurjen kuvittamista lasten saturomaaneista Valon sankari ja Kadonnut aurinko. T<\/span><span style=\"font-family: Times New Roman, serif;\">ule mukaan j\u00e4nnitt\u00e4v\u00e4lle matkalle Unten maahan ja Aurinkolaaksoon.<br \/>\n<\/span><\/p>\n<p><span style=\"font-family: Times New Roman, serif;\"><i>Valon sankari<\/i><\/span> <span style=\"font-family: Times New Roman, serif;\">-<\/span><span style=\"font-family: Times New Roman, serif;\">kirja<\/span> <span style=\"font-family: Times New Roman, serif;\">esittelee kuuluisan Nukkumatti-veljens\u00e4 varjoon j\u00e4\u00e4neen Valve-Villen, joka her\u00e4tt\u00e4\u00e4 aamuisin meist\u00e4 jokaisen.<\/span> <span style=\"font-family: Times New Roman, serif;\"><i>Kadonnut aurinko<\/i><\/span> <span style=\"font-family: Times New Roman, serif;\">on seikkailullinen satu valosta ja pimeydest\u00e4, pelot voittavasta rohkeudesta ja yst\u00e4vyydest\u00e4. Se jatkaa Valve-Villest\u00e4 kertovaa tarinaa ja vie lukijansa auringon j\u00e4ljille niin J\u00e4ttil\u00e4isen maille kuin veden syvyyksiin.<\/span> <span style=\"font-family: Times New Roman, serif;\">Unen ja toden maailmat sekoittuvat sadunomaisesti Valve-Villest\u00e4 kertovissa kirjoissa.<\/span><\/p>\n<p>Satu Alajoki on oululainen kirjailija ja Ella Kurki vantaalainen kuvittaja ja graafikko. Kirjat on kustantanut Myllylahti Oy vuosina 2017 ja 2018.<\/p>\n<p>&nbsp;<\/p>\n<p><img loading=\"lazy\" decoding=\"async\" class=\"aligncenter size-large wp-image-3783\" src=\"http:\/\/www.oulucomics.com\/wp-content\/uploads\/2019\/02\/kadonnut_aurinko_kansi-724x1024.jpg\" alt=\"kadonnut_aurinko_kansi\" width=\"724\" height=\"1024\" srcset=\"https:\/\/www.oulucomics.com\/wp-content\/uploads\/2019\/02\/kadonnut_aurinko_kansi-724x1024.jpg 724w, https:\/\/www.oulucomics.com\/wp-content\/uploads\/2019\/02\/kadonnut_aurinko_kansi-212x300.jpg 212w, https:\/\/www.oulucomics.com\/wp-content\/uploads\/2019\/02\/kadonnut_aurinko_kansi-768x1086.jpg 768w, https:\/\/www.oulucomics.com\/wp-content\/uploads\/2019\/02\/kadonnut_aurinko_kansi-1018x1440.jpg 1018w, https:\/\/www.oulucomics.com\/wp-content\/uploads\/2019\/02\/kadonnut_aurinko_kansi-1050x1485.jpg 1050w\" sizes=\"auto, (max-width: 724px) 100vw, 724px\" \/><\/p>\n<p><img loading=\"lazy\" decoding=\"async\" class=\"alignleft size-full wp-image-2955\" src=\"http:\/\/www.oulucomics.com\/wp-content\/uploads\/2017\/10\/en.jpg\" alt=\"en\" width=\"23\" height=\"20\" \/><\/p>\n<p>&nbsp;<\/p>\n<p><span style=\"font-weight: 400; color: #0000ff;\">The exhibition about the children's fairy tale novels Valon sankari ja Kadonnut aurinko, written by Satu Alajoki and and illustrated by Ella Kurki. Join the exciting journey to the Land of Dreams and Sun Valley.<\/span><\/p>\n<p><span style=\"color: #0000ff;\"><span style=\"font-weight: 400;\">The book <\/span><em><span style=\"font-weight: 400;\">Valon Sankari<\/span><\/em><span style=\"font-weight: 400;\"> introduces Valve-Ville, who has remained under the shadow of his famous brother, the Sandman, who wakes up every one of us each morning. <\/span><em><span style=\"font-weight: 400;\">Kadonnut aurinko<\/span><\/em><span style=\"font-weight: 400;\"> is adventurous fairy tale about light and darkness, courage that overcomes fear, and friendship. It continues the story of Valve-Ville and takes its readers onto the trail of the Sun, as to the lands of the Giants as to the depths of water. The worlds of dreams and reality mix fabulously in the books telling about Valve-Ville.<\/span><\/span><\/p>\n<p><span style=\"font-weight: 400; color: #0000ff;\">Satu Alajoki is a writer from Oulu and Ella Kurki is an illustrator and graphic artist from Vantaa. The books have been published by Myllylahti Oy in 2017 and 2018.<\/span><\/p>\n<p>&nbsp;<\/p>\n<\/div><\/div>\n\t\t\t\t<\/li>\n\t\t\t \t<li class=\"event nayttelyt sarjakuvagalleria\">\n\t\t\t\t\t<div class=\"event-date multi-date\"><div class=\"start-date\"><div class=\"event-weekday\">Tue<\/div><div class=\"event-day\">11<\/div><div class=\"event-month\">Jun<\/div><div class=\"event-year\">2019<\/div><\/div><div class=\"end-date\"><div class=\"event-weekday\">Sun<\/div><div class=\"event-day\">07<\/div><div class=\"event-month\">Jul<\/div><div class=\"event-year\">2019<\/div><\/div><\/div>\n\t\t\t\t\t<div class=\"event-info multi-day\"><div class=\"event-title\"><h3>Jussi Hukkanen - Maailman paskin nalle: Koko kooma<\/h3><\/div><span class=\"event-time\">10:00 - 20:00<\/span><span class=\"event-location\">Sarjakuvagalleria!, Hallituskatu 7, Oulu<\/span><div class=\"event-details\"><p><span class=\"_5yl5\">N\u00e4yttelyn teemana ovat p\u00e4\u00e4asiassa tussauksen lis\u00e4ksi k\u00e4sin maalatut ja v\u00e4ritetyt originaalit koska suurin osa julkaistuista MPN -stripeist\u00e4 on v\u00e4ritetty koneella. Menn\u00e4\u00e4n siis enempi art kuin kupla edell\u00e4 vaikka niit\u00e4kin saamme n\u00e4ytteluss\u00e4 n\u00e4hd\u00e4<\/span>.<\/p>\n<p><img loading=\"lazy\" decoding=\"async\" class=\"alignleft size-full wp-image-3881\" src=\"http:\/\/www.oulucomics.com\/wp-content\/uploads\/2019\/05\/60213587_477128086372524_7871683599022424064_n.jpg\" alt=\"60213587_477128086372524_7871683599022424064_n\" width=\"842\" height=\"595\" srcset=\"https:\/\/www.oulucomics.com\/wp-content\/uploads\/2019\/05\/60213587_477128086372524_7871683599022424064_n.jpg 842w, https:\/\/www.oulucomics.com\/wp-content\/uploads\/2019\/05\/60213587_477128086372524_7871683599022424064_n-300x212.jpg 300w, https:\/\/www.oulucomics.com\/wp-content\/uploads\/2019\/05\/60213587_477128086372524_7871683599022424064_n-768x543.jpg 768w\" sizes=\"auto, (max-width: 842px) 100vw, 842px\" \/><\/p>\n<p><img loading=\"lazy\" decoding=\"async\" class=\"alignleft size-full wp-image-2955\" src=\"http:\/\/www.oulucomics.com\/wp-content\/uploads\/2017\/10\/en.jpg\" alt=\"en\" width=\"23\" height=\"20\" \/><\/p>\n<p>&nbsp;<\/p>\n<p><span style=\"font-weight: 400; color: #0000ff;\">The theme of the exhibition are mainly inked originals as well as hand-painted and colored ones, because most of the published MPN strips are colored digitally. So let's proceed more with the art than with the bubbles, even though we are able to see those, too, in the exhibition.<\/span><\/p>\n<\/div><\/div>\n\t\t\t\t<\/li>\n\t\t\t \t<li class=\"event nayttelyt sarjakuvagalleria\">\n\t\t\t\t\t<div class=\"event-date multi-date\"><div class=\"start-date\"><div class=\"event-weekday\">Thu<\/div><div class=\"event-day\">01<\/div><div class=\"event-month\">Aug<\/div><div class=\"event-year\">2019<\/div><\/div><div class=\"end-date\"><div class=\"event-weekday\">Thu<\/div><div class=\"event-day\">12<\/div><div class=\"event-month\">Sep<\/div><div class=\"event-year\">2019<\/div><\/div><\/div>\n\t\t\t\t\t<div class=\"event-info multi-day\"><div class=\"event-title\"><h3>Lauri Ahtinen - Erop\u00e4iv\u00e4kirja<\/h3><\/div><span class=\"event-time\">10:00 - 20:00<\/span><span class=\"event-location\">Sarjakuvagalleria!, Hallituskatu 7, Oulu<\/span><div class=\"event-details\"><p><span class=\"_5yl5\">Originaaleja, kuvasarjoja ja maalauksia tarinan takaa Lauri Ahtisen autifiktiivinen Erop\u00e4iv\u00e4kirja ilmestyi toukokuussa 2019. Se on tarina eroamisesta, rakkaudesta ja ihmisten keskener\u00e4isyydest\u00e4. T\u00e4m\u00e4 n\u00e4yttely avaa taustoja kirjan takaa ja maalaa lis\u00e4s\u00e4vyj\u00e4 kirjan sivuihin Ahtiselle leimallisella synk\u00e4n itseironisella tyylill\u00e4.<\/span><\/p>\n<p><img loading=\"lazy\" decoding=\"async\" class=\"alignleft size-full wp-image-3879\" src=\"http:\/\/www.oulucomics.com\/wp-content\/uploads\/2019\/05\/eropva.jpeg\" alt=\"eropva\" width=\"600\" height=\"849\" srcset=\"https:\/\/www.oulucomics.com\/wp-content\/uploads\/2019\/05\/eropva.jpeg 600w, https:\/\/www.oulucomics.com\/wp-content\/uploads\/2019\/05\/eropva-212x300.jpeg 212w\" sizes=\"auto, (max-width: 600px) 100vw, 600px\" \/><\/p>\n<p><img loading=\"lazy\" decoding=\"async\" class=\"alignleft size-full wp-image-2955\" src=\"http:\/\/www.oulucomics.com\/wp-content\/uploads\/2017\/10\/en.jpg\" alt=\"en\" width=\"23\" height=\"20\" \/><\/p>\n<p>&nbsp;<\/p>\n<p><span style=\"font-weight: 400; color: #0000ff;\">Originals, serial illustrations and paintings from behind the autifictive story Erop\u00e4iv\u00e4kirja by Lauri Ahtinen, which was published in May 2019. It is a story about the breaking up, love and togetherness of humans. This exhibition opens the background behind the book and paints extra hues onto the pages of the book by the dark, self-ironic style which Ahtinen is known for.<\/span><\/p>\n<\/div><\/div>\n\t\t\t\t<\/li>\n\t\t\t \t<li class=\"event klubi center sarjakuvagalleria seura\">\n\t\t\t\t\t<div class=\"event-date\"><div class=\"end-date\"><div class=\"event-weekday\">Fri<\/div><div class=\"event-day\">16<\/div><div class=\"event-month\">Aug<\/div><div class=\"event-year\">2019<\/div><\/div><\/div>\n\t\t\t\t\t<div class=\"event-info multi-day\"><div class=\"event-title\"><h3>Comics goes After Work<\/h3><\/div><span class=\"event-time\">16:00 - 18:00<\/span><span class=\"event-location\">Konst O. Deli, Hallituskatu 7, Oulu<\/span><div class=\"event-details\"><p>Tilaisuuden aluksi esiintyy<em>\u00a0En ala<\/em>\u00a0-\u00e4ij\u00e4baletti. Ik\u00e4miesten balettiryhm\u00e4 on yhdist\u00e4nyt Oulun seudulta kootun porukan el\u00e4m\u00e4\u00e4 jo toistakymment\u00e4 vuotta. Ryhm\u00e4 esiintyy balettiasuissa tuoden huumorimielt\u00e4 katsojille ja ballerinoille itselleenkin.<\/p>\n<p>Klubi-is\u00e4nt\u00e4\u00a0<strong>Aapo Kukon<\/strong>\u00a0vieraaksi lavalle saapuu kaksi oululaista ja yksi kemil\u00e4inen sarjakuvataiteilija kertomaan uusista teoksistaan.<\/p>\n<p>Pitk\u00e4n linjan sarjakuvataiteilija ja sarjakuvaneuvos\u00a0<strong>Keijo Ahlqvistin<\/strong>\u00a0jo ennen ilmestymist\u00e4\u00e4n mieli\u00e4 pahoittaneen teoksen\u00a0<em>K ei joo<\/em>\u00a0(T\u00e4ysi K\u00e4si) satiirivisiot ja sarjakuvarunoelmat haastavat vakiintuneet k\u00e4sitykset ja herjaavat niit\u00e4, jotka esiintyv\u00e4t toisia parempina ja k\u00e4yv\u00e4t v\u00e4kivalloin viattomien kimppuun. Kokoelma on ilke\u00e4 parkaisu suoraan lukijan silmille.<\/p>\n<p><strong>Lauri Ahtisen<\/strong>\u00a0paljon keskustelua her\u00e4tt\u00e4nyt\u00a0<em>Erop\u00e4iv\u00e4kirja<\/em>\u00a0(Like) on jatkoa\u00a0<em>Homep\u00e4iv\u00e4kirjalle<\/em>. Ahtisen perhe selvisi riipaisevasta homehelvetist\u00e4, mutta parisuhde p\u00e4\u00e4ttyy ravisuttavaan eroon. Suorasukainen, omael\u00e4m\u00e4kerrallinen sarjakuva kertoo, milt\u00e4 vuoroviikkosinkkuus tuntuu. Alkaako t\u00e4st\u00e4 uusi el\u00e4m\u00e4 t\u00e4ynn\u00e4 biletyst\u00e4 ja vapautta?\u00a0<em>Osuuskunta Puhuri<\/em>\u00a0esitt\u00e4\u00e4 teoksesta kohtauksia lukuteatterin keinoin.<\/p>\n<p>Ahtisen sarjakuvan\u00e4yttely on 1.8.\u201312.9. esill\u00e4 Valveen Sarjakuvagalleria!ssa, johon p\u00e4\u00e4see tilaisuuden aikana tutustumaan taiteilijan johdolla. N\u00e4yttely avaa taustoja teoksen takaa ja maalaa lis\u00e4s\u00e4vyj\u00e4 kirjan sivuihin.<\/p>\n<p><strong>Sira Moksin<\/strong>\u00a0teos\u00a0<em>K\u00f6yhien sota\u00a0<\/em>(T\u00e4ysi K\u00e4si) sis\u00e4lt\u00e4\u00e4 poliittisia pilakuvia. Perinteiset suomalaiset pilakuvat kiteytt\u00e4v\u00e4t sanomansa vitsiksi, joka hym\u00e4hdytt\u00e4\u00e4 lukijaa, mutta Sira Moksin kuvat eiv\u00e4t edusta perinteisint\u00e4 linjaa. Ne ottavat aiheensa henkil\u00f6kohtaisesti, iskev\u00e4t avok\u00e4mmenell\u00e4 p\u00e4in n\u00e4k\u00f6\u00e4 ja naurattavat harvoin. Vitsit j\u00e4\u00e4v\u00e4t kurkkuun, kun taiteilija suolistaa kohteensa todellisen olemuksen kaiken kansan n\u00e4ht\u00e4v\u00e4ksi.<\/p>\n<p>Tapahtuman p\u00e4\u00e4tteeksi kuullaan Sira Moksin sarjakuvamusiikillista improilottelua, joka haukkaa todellisuutta tai menee sen tuolle puolen. Luvassa siis paljon \u00e4\u00e4ni\u00e4 ja kuvia!<\/p>\n<p>Tapahtuma on osa <a href=\"https:\/\/huutomerkki.fi\/muusajuhlat\/2019\/\" target=\"_blank\" rel=\"noopener\">Oulun Muusajuhlien<\/a> ohjelmistoa.<\/p>\n<p><img loading=\"lazy\" decoding=\"async\" class=\"alignleft size-full wp-image-2955\" src=\"http:\/\/www.oulucomics.com\/wp-content\/uploads\/2017\/10\/en.jpg\" alt=\"en\" width=\"23\" height=\"20\" \/><\/p>\n<p>&nbsp;<\/p>\n<p><span style=\"color: #0000ff;\"><span style=\"font-weight: 400;\">In the beginning of the event <\/span><em><span style=\"font-weight: 400;\">En ala<\/span><\/em><span style=\"font-weight: 400;\"> male ballet will perform. The ballet group of grown men has already brought the lives of its members gathered from the Oulu region together for a couple of decades. The group performs in ballet dresses which brings good humour for the spectators as well as the ballerinas themselves.<\/span><\/span><\/p>\n<p><span style=\"color: #0000ff;\"><span style=\"font-weight: 400;\">Two comics artists from Oulu and one from Kemi will arrive onto the stage as guests of the club host <\/span><strong>Aapo Kukko<\/strong><span style=\"font-weight: 400;\"> to tell about their new comics.<\/span><\/span><\/p>\n<p><span style=\"color: #0000ff;\"><span style=\"font-weight: 400;\">The satire visions and comics poetry of the book <\/span><em><span style=\"font-weight: 400;\">K ei joo<\/span><\/em><span style=\"font-weight: 400;\"> (T\u00e4ysi K\u00e4si) by the veteran comic artist and the agent of comics <\/span><strong>Keijo Ahlqvist<\/strong><span style=\"font-weight: 400;\"> which even before of its publication hurt feelings, challenge the established opinions and affront those who claim they are better than others and attack violently the innocent. The collection is a nasty howl directly to the eyes of the reader.<\/span><\/span><\/p>\n<p><span style=\"color: #0000ff;\"><em><span style=\"font-weight: 400;\">Erop\u00e4iv\u00e4kirja<\/span><\/em><span style=\"font-weight: 400;\"> (Like) by <\/span><strong>Lauri Ahtinen<\/strong><span style=\"font-weight: 400;\"> has triggered a lot of discussion and is a sequel to <\/span><em><span style=\"font-weight: 400;\">Homep\u00e4iv\u00e4kirja<\/span><\/em><span style=\"font-weight: 400;\">. The Ahtinen family survived a heart-rending mold hell, but the relationship ended in a shocking divorce. Straightforward, autobiographical comic tells how it feels to be an alternating-weeks single. Will a new life full of partying and freedom begin? <\/span><em><span style=\"font-weight: 400;\">Osuuskunta Puhuri<\/span><\/em><span style=\"font-weight: 400;\"> will present footage from the book by means of a reading theater.\u00a0<\/span><\/span><\/p>\n<p><span style=\"font-weight: 400; color: #0000ff;\">The comics exhibition of Ahtinen will be between 1st of August and 12th of September at Comics Gallery! in Valve. During the event, you can visit the exhibition and meet the artist. The exhibition opens the background behind the book and paints extru hues on the pages of the book.<\/span><\/p>\n<p><span style=\"color: #0000ff;\"><span style=\"font-weight: 400;\">The book <\/span><em><span style=\"font-weight: 400;\">K\u00f6yhien sota<\/span><\/em><span style=\"font-weight: 400;\"> (T\u00e4ysi K\u00e4si) by <\/span><strong>Sira Moksi<\/strong><span style=\"font-weight: 400;\"> includes political caricatures. Traditional Finnish caricatures crystallize the message in a form of a joke, which makes the reader sneer, but Sira Miksi\u2019s pictures don\u2019t represent the most traditional line. They take their topics personally, hit open-handedly to the face and make the reader seldom laugh. The jokes get stuck in the throat when the artist disembowels the true essence of the target for everyone to see.<\/span><\/span><\/p>\n<p><span style=\"font-weight: 400; color: #0000ff;\">For the ending of the event, we will hear a comic-musical improv feast by Sira Moksi, which bites the reality or goes beyond it. So, there will be a lot of sound and pictures!<\/span><\/p>\n<p><span style=\"font-weight: 400; color: #0000ff;\">The event is a part of the program of the literary art festival Oulun Muusajuhlat.<\/span><\/p>\n<\/div><\/div>\n\t\t\t\t<\/li>\n\t\t\t \t<li class=\"event nayttelyt sarjakuvagalleria\">\n\t\t\t\t\t<div class=\"event-date multi-date\"><div class=\"start-date\"><div class=\"event-weekday\">Sat<\/div><div class=\"event-day\">14<\/div><div class=\"event-month\">Sep<\/div><div class=\"event-year\">2019<\/div><\/div><div class=\"end-date\"><div class=\"event-weekday\">Thu<\/div><div class=\"event-day\">10<\/div><div class=\"event-month\">Oct<\/div><div class=\"event-year\">2019<\/div><\/div><\/div>\n\t\t\t\t\t<div class=\"event-info multi-day\"><div class=\"event-title\"><h3>Turun Sarjakuvasankarit!<\/h3><\/div><span class=\"event-time\">10:00 - 20:00<\/span><span class=\"event-location\">Sarjakuvagalleria!, Hallituskatu 7, Oulu<\/span><div class=\"event-details\"><p><img loading=\"lazy\" decoding=\"async\" class=\"alignleft wp-image-4023 size-large\" src=\"http:\/\/www.oulucomics.com\/wp-content\/uploads\/2019\/09\/Tursake-juliste-724x1024.jpg\" alt=\"Tursake-juliste\" width=\"724\" height=\"1024\" srcset=\"https:\/\/www.oulucomics.com\/wp-content\/uploads\/2019\/09\/Tursake-juliste-724x1024.jpg 724w, https:\/\/www.oulucomics.com\/wp-content\/uploads\/2019\/09\/Tursake-juliste-212x300.jpg 212w, https:\/\/www.oulucomics.com\/wp-content\/uploads\/2019\/09\/Tursake-juliste-768x1086.jpg 768w, https:\/\/www.oulucomics.com\/wp-content\/uploads\/2019\/09\/Tursake-juliste-1018x1440.jpg 1018w, https:\/\/www.oulucomics.com\/wp-content\/uploads\/2019\/09\/Tursake-juliste-1050x1485.jpg 1050w\" sizes=\"auto, (max-width: 724px) 100vw, 724px\" \/><\/p>\n<p>Turku, tuo suomalaisen kulttuurin alfa ja omega, on v\u00e4kivahvasti mukana my\u00f6s tuottamassa uutta suomalaista visuaalista kerrontaa! Turun Sarjakuvakerho esiintuo turkulaisia sarjakuvataiteilijoita ja kuvittajia yhteisn\u00e4yttelyss\u00e4, jossa ovat mukana Eisner-voittaja Max Sarin, Tuomas Myllyl\u00e4, Katariina Lappi, Johanna Jasmine sek\u00e4 Tuuli Hyp\u00e9n<\/p>\n<p><img loading=\"lazy\" decoding=\"async\" class=\"alignleft size-full wp-image-2955\" src=\"http:\/\/www.oulucomics.com\/wp-content\/uploads\/2017\/10\/en.jpg\" alt=\"en\" width=\"23\" height=\"20\" \/><\/p>\n<p>&nbsp;<\/p>\n<p><span style=\"font-weight: 400; color: #0000ff;\">Turku, the alpha and omega of the Finnish culture, is strongly involved with the production of new Finnish visual storytelling! Turku Comics Society brings forth comic artists and illustrators from Turku in this joint exhibition, which includes Eisner-winner Max Sarin, Tuomas Myllyl\u00e4, Katariina Lappi, Johanna Jasmine, and Tuuli Hyp\u00e9n.<\/span><\/p>\n<\/div><\/div>\n\t\t\t\t<\/li>\n\t\t\t \t<li class=\"event nayttelyt sarjakuvagalleria\">\n\t\t\t\t\t<div class=\"event-date multi-date\"><div class=\"start-date\"><div class=\"event-weekday\">Sat<\/div><div class=\"event-day\">12<\/div><div class=\"event-month\">Oct<\/div><div class=\"event-year\">2019<\/div><\/div><div class=\"end-date\"><div class=\"event-weekday\">Sun<\/div><div class=\"event-day\">17<\/div><div class=\"event-month\">Nov<\/div><div class=\"event-year\">2019<\/div><\/div><\/div>\n\t\t\t\t\t<div class=\"event-info multi-day\"><div class=\"event-title\"><h3>Terho Korpua - Suomaan N\u00e4ky -sarjakuvan\u00e4yttely<\/h3><\/div><span class=\"event-time\">10:00 - 20:00<\/span><span class=\"event-location\">Sarjakuvagalleria!, Hallituskatu 7, Oulu<\/span><div class=\"event-details\"><p><img loading=\"lazy\" decoding=\"async\" class=\"alignright size-medium wp-image-4134\" src=\"http:\/\/www.oulucomics.com\/wp-content\/uploads\/2019\/10\/Terho_juliste-1-202x300.jpg\" alt=\"Terho_juliste\" width=\"202\" height=\"300\" srcset=\"https:\/\/www.oulucomics.com\/wp-content\/uploads\/2019\/10\/Terho_juliste-1-202x300.jpg 202w, https:\/\/www.oulucomics.com\/wp-content\/uploads\/2019\/10\/Terho_juliste-1-768x1142.jpg 768w, https:\/\/www.oulucomics.com\/wp-content\/uploads\/2019\/10\/Terho_juliste-1-689x1024.jpg 689w, https:\/\/www.oulucomics.com\/wp-content\/uploads\/2019\/10\/Terho_juliste-1-968x1440.jpg 968w, https:\/\/www.oulucomics.com\/wp-content\/uploads\/2019\/10\/Terho_juliste-1-1050x1562.jpg 1050w, https:\/\/www.oulucomics.com\/wp-content\/uploads\/2019\/10\/Terho_juliste-1.jpg 1061w\" sizes=\"auto, (max-width: 202px) 100vw, 202px\" \/>Suomaan N\u00e4ky k\u00e4sittelee <strong>Terho Korpuan<\/strong> tulevaa useampivuotista<br \/>\nsarjakuvaprojektia, joka yhdist\u00e4\u00e4 post-apokalyptisen tilanteen<br \/>\nyleisinhimillisiin teemoihin fantasian ja futuristiseen dystopian<br \/>\nkeinoin, surrealistisella vivahteella. N\u00e4yttely esitt\u00e4\u00e4 kryptisen n\u00e4yn<br \/>\nOulusta ja muusta Suomesta fantastisen ydinsodan j\u00e4lkeen omaper\u00e4isell\u00e4<br \/>\ntyylill\u00e4.<\/p>\n<p>N\u00e4yttely koostuu sarjakuvan ensimm\u00e4isest\u00e4 luvusta, sek\u00e4 sarjakuvan<br \/>\nvisuaalisen maailman pohjana toimineista yksitt\u00e4isteoksista. Teokset<br \/>\nyhdist\u00e4v\u00e4t teknisest\u00e4 kollaasia ja tussipiirustusta. N\u00e4yttelyn<br \/>\ntarkoituksena on esitell\u00e4 visio 6 vuotta ty\u00f6n alla olleesta<br \/>\nmaailmasta, sek\u00e4 tulevan teoksen konkreettista sis\u00e4lt\u00f6\u00e4.<\/p>\n<p>Terho Korpua (s. 2001 Kiimingiss\u00e4) on Oulun Suomalaisen Yhteiskoulun<br \/>\nlukiossa kolmatta vuotta opiskeleva oululainen taiteilija.<br \/>\nTyylillisesti Korpua edustaa surrealismia. Ty\u00f6t ovat toteutettu<br \/>\nteknisesti p\u00e4\u00e4asiassa kuivatussipiirros kollaaseina.<\/p>\n<p><img loading=\"lazy\" decoding=\"async\" class=\"alignleft size-full wp-image-2955\" src=\"http:\/\/www.oulucomics.com\/wp-content\/uploads\/2017\/10\/en.jpg\" alt=\"en\" width=\"23\" height=\"20\" \/><\/p>\n<p>&nbsp;<\/p>\n<p><span style=\"color: #0000ff;\"><span style=\"font-weight: 400;\">Suomaan N\u00e4ky introduces the upcoming, multi-year comics project by <\/span><strong>Terho Korpua<\/strong><span style=\"font-weight: 400;\">, which combines the post-apocalyptic situation and general human themes by means of fantasy and futuristic dystopia, with a hue of\u00a0 surrealism. The exhibition displays a cryptic view of Oulu and other Finland after a fantastical nuclear war by its peculiar style.<\/span><\/span><\/p>\n<p><span style=\"font-weight: 400; color: #0000ff;\">The exhibition consists of the first chapter of the comics and individual illustrations which have been used as the basis of the visual world. The works combine technical collage and marker drawings. The aim of the exhibition is to showcase the world, which has been under development for 6 years, and the concrete content of the upcoming book.<\/span><\/p>\n<p><span style=\"font-weight: 400; color: #0000ff;\">Terho Korpua (b. 2001 in Kiiminki) is an Oulu-based artist who is a 3rd-year student in Oulun Suomalaisen Yhteiskoulun Lukio. Stylistically, Korpua represents surrealism. The works have technically been carried out mainly as dry-marker-drawing collages.<\/span><\/p>\n<\/div><\/div>\n\t\t\t\t<\/li>\n\t\t\t \t<li class=\"event festivaali fest-en nayttelyt sarjakuvagalleria\">\n\t\t\t\t\t<div class=\"event-date multi-date\"><div class=\"start-date\"><div class=\"event-weekday\">Fri<\/div><div class=\"event-day\">22<\/div><div class=\"event-month\">Nov<\/div><div class=\"event-year\">2019<\/div><\/div><div class=\"end-date\"><div class=\"event-weekday\">Tue<\/div><div class=\"event-day\">31<\/div><div class=\"event-month\">Dec<\/div><div class=\"event-year\">2019<\/div><\/div><\/div>\n\t\t\t\t\t<div class=\"event-info multi-day\"><div class=\"event-title\"><h3> El\u00edsabet R\u00fan (Iceland) - Monologue -exhibition \/\/\/ n\u00e4yttely<\/h3><\/div><span class=\"event-time\">10:00 - 20:00<\/span><span class=\"event-location\">Sarjakuvagalleria!, Hallituskatu 7, Oulu<\/span><div class=\"event-details\"><p><i><span style=\"font-weight: 400;\"><img loading=\"lazy\" decoding=\"async\" class=\"wp-image-4187 size-medium alignright\" src=\"http:\/\/www.oulucomics.com\/wp-content\/uploads\/2019\/10\/Elisabet_nayttely_kuva-216x300.jpg\" alt=\"Elisabet_nayttely_kuva\" width=\"216\" height=\"300\" srcset=\"https:\/\/www.oulucomics.com\/wp-content\/uploads\/2019\/10\/Elisabet_nayttely_kuva-216x300.jpg 216w, https:\/\/www.oulucomics.com\/wp-content\/uploads\/2019\/10\/Elisabet_nayttely_kuva-768x1067.jpg 768w, https:\/\/www.oulucomics.com\/wp-content\/uploads\/2019\/10\/Elisabet_nayttely_kuva-737x1024.jpg 737w, https:\/\/www.oulucomics.com\/wp-content\/uploads\/2019\/10\/Elisabet_nayttely_kuva-1037x1440.jpg 1037w, https:\/\/www.oulucomics.com\/wp-content\/uploads\/2019\/10\/Elisabet_nayttely_kuva-1050x1458.jpg 1050w\" sizes=\"auto, (max-width: 216px) 100vw, 216px\" \/><\/span><\/i><\/p>\n<p><strong>22.11.2019-9.1.2020<\/strong><\/p>\n<p><span style=\"color: #0000ff;\"><i><span style=\"font-weight: 400;\">Monologue<\/span><\/i><span style=\"font-weight: 400;\"> is a personal webcomic about dealing with mental problems, which Icelandic comic artist <\/span><b>El\u00edsabet R\u00fan<\/b><span style=\"font-weight: 400;\"> has been working on for the past year. The exhibition showcases illustrations and sketches from the comic.<\/span><\/span><\/p>\n<p><span style=\"font-weight: 400;\"> <i>Monologue <\/i>on mielenterveyden ongelmien kanssa selvi\u00e4misest\u00e4 kertova nettisarjakuva, jota islantilainen sarjakuvataiteilija <b>El\u00edsabet R\u00fan <\/b>on toteuttanut viimeisen vuoden ajan. N\u00e4yttely esittelee sarjakuvaan liittyvi\u00e4 kuvituksia ja luonnoksia.<br \/>\n<\/span><\/p>\n<\/div><\/div>\n\t\t\t\t<\/li>\n\t\t\t \t<li class=\"event nayttelyt sarjakuvagalleria\">\n\t\t\t\t\t<div class=\"event-date multi-date\"><div class=\"start-date\"><div class=\"event-weekday\">Sat<\/div><div class=\"event-day\">11<\/div><div class=\"event-month\">Jan<\/div><div class=\"event-year\">2020<\/div><\/div><div class=\"end-date\"><div class=\"event-weekday\">Thu<\/div><div class=\"event-day\">13<\/div><div class=\"event-month\">Feb<\/div><div class=\"event-year\">2020<\/div><\/div><\/div>\n\t\t\t\t\t<div class=\"event-info multi-day\"><div class=\"event-title\"><h3>Aapo Kukko - Sosialisti ja nihilisti -originaalin\u00e4yttely<\/h3><\/div><span class=\"event-time\">10:00 - 20:00<\/span><span class=\"event-location\">Sarjakuvagalleria!, Hallituskatu 7, Oulu<\/span><div class=\"event-details\"><div>Sarjakuvan\u00e4yttely esittelee valittuja alkuper\u00e4issivuja <strong>Aapo Kukon<\/strong> suurteoksesta Sosialisti ja nihilisti, joka ilmestyi syksyll\u00e4 2019.<\/div>\n<div><\/div>\n<div>Avajaiset perjantaina 10.1. klo 17. Luvassa pient\u00e4 tarjoilua<\/div>\n<div>L\u00e4mpim\u00e4sti tervetuloa!<\/div>\n<div><img loading=\"lazy\" decoding=\"async\" class=\"aligncenter wp-image-4246\" src=\"http:\/\/www.oulucomics.com\/wp-content\/uploads\/2020\/01\/banneri2.jpg\" alt=\"banneri2\" width=\"600\" height=\"309\" srcset=\"https:\/\/www.oulucomics.com\/wp-content\/uploads\/2020\/01\/banneri2.jpg 789w, https:\/\/www.oulucomics.com\/wp-content\/uploads\/2020\/01\/banneri2-300x154.jpg 300w, https:\/\/www.oulucomics.com\/wp-content\/uploads\/2020\/01\/banneri2-768x395.jpg 768w\" sizes=\"auto, (max-width: 600px) 100vw, 600px\" \/><\/div>\n<div>Lis\u00e4tietoa sarjakuvateoksesta, joka on my\u00f6s saatavilla Sarjakuvakaupasta:<\/div>\n<div><a href=\"https:\/\/www.sarjakuvakauppa.fi\/sosialisti-ja-nihilisti.html\" target=\"_blank\" rel=\"noopener\" data-saferedirecturl=\"https:\/\/www.google.com\/url?q=https:\/\/www.sarjakuvakauppa.fi\/sosialisti-ja-nihilisti.html&amp;source=gmail&amp;ust=1578066826153000&amp;usg=AFQjCNFBaF9vIzfOkJEzJc2J5iDQKQNcLQ\">https:\/\/www.sarjakuvakauppa.<wbr \/>fi\/sosialisti-ja-nihilisti.<wbr \/>html<\/a><\/div>\n<\/div><\/div>\n\t\t\t\t<\/li>\n\t\t\t \t<li class=\"event nayttelyt sarjakuvagalleria\">\n\t\t\t\t\t<div class=\"event-date multi-date\"><div class=\"start-date\"><div class=\"event-weekday\">Sat<\/div><div class=\"event-day\">15<\/div><div class=\"event-month\">Feb<\/div><div class=\"event-year\">2020<\/div><\/div><div class=\"end-date\"><div class=\"event-weekday\">Fri<\/div><div class=\"event-day\">13<\/div><div class=\"event-month\">Mar<\/div><div class=\"event-year\">2020<\/div><\/div><\/div>\n\t\t\t\t\t<div class=\"event-info multi-day\"><div class=\"event-title\"><h3>Juho Sihvonen -sarjakuvan\u00e4yttely<\/h3><\/div><span class=\"event-time\">10:00 - 20:00<\/span><span class=\"event-location\">Sarjakuvagalleria!, Hallituskatu 7, Oulu<\/span><div class=\"event-details\"><p><img loading=\"lazy\" decoding=\"async\" class=\"aligncenter size-large wp-image-4251\" src=\"http:\/\/www.oulucomics.com\/wp-content\/uploads\/2020\/01\/koiran_unta_mainos-1024x576.jpg\" alt=\"koiran_unta_mainos\" width=\"1024\" height=\"576\" srcset=\"https:\/\/www.oulucomics.com\/wp-content\/uploads\/2020\/01\/koiran_unta_mainos-1024x576.jpg 1024w, https:\/\/www.oulucomics.com\/wp-content\/uploads\/2020\/01\/koiran_unta_mainos-300x169.jpg 300w, https:\/\/www.oulucomics.com\/wp-content\/uploads\/2020\/01\/koiran_unta_mainos-768x432.jpg 768w, https:\/\/www.oulucomics.com\/wp-content\/uploads\/2020\/01\/koiran_unta_mainos-1440x810.jpg 1440w, https:\/\/www.oulucomics.com\/wp-content\/uploads\/2020\/01\/koiran_unta_mainos-1050x591.jpg 1050w, https:\/\/www.oulucomics.com\/wp-content\/uploads\/2020\/01\/koiran_unta_mainos.jpg 1920w\" sizes=\"auto, (max-width: 1024px) 100vw, 1024px\" \/>Juha Sihvonen on savonlinnalainen sarjakuvataiteilija, jonka teoksia sitovat tarinallisuus, sek\u00e4 ilmaisutapojen yhdist\u00e4minen.\u00a0Sihvosen teoksissa on l\u00e4sn\u00e4 unenomaisuus ja h\u00e4n on k\u00e4sitellyt teoksissaan kollektiivista muistia, pysyvyytt\u00e4 ja ajan vaikutusta.<\/p>\n<p>Avaijaiset pe 14.2. klo 18, tervetuloa!<\/p>\n<\/div><\/div>\n\t\t\t\t<\/li>\n\t\t\t \t<li class=\"event lapset center sarjakuvagalleria sarjasto seura\">\n\t\t\t\t\t<div class=\"event-date multi-date\"><div class=\"start-date\"><div class=\"event-weekday\">Sat<\/div><div class=\"event-day\">11<\/div><div class=\"event-month\">Apr<\/div><div class=\"event-year\">2020<\/div><\/div><div class=\"end-date\"><div class=\"event-weekday\">Sun<\/div><div class=\"event-day\">12<\/div><div class=\"event-month\">Apr<\/div><div class=\"event-year\">2020<\/div><\/div><\/div>\n\t\t\t\t\t<div class=\"event-info multi-day\"><div class=\"event-title\"><h3>Viraalisarjakuvafestivaali<\/h3><\/div><span class=\"event-location\">Internet<\/span><div class=\"event-details\"><p>Koronapandemian aiheuttaman poikkeustilan johdosta loimme peruuntuneita sarjakuvatapahtumia korvaamaan t\u00e4n\u00e4 vuonna Viraalisarjakuvafestivaali, joka on uudenlainen sosiaalisen median sarjakuvatapahtuma.<\/p>\n<p><a href=\"http:\/\/www.oulucomics.com\/viraali\/\">Lis\u00e4tietoa Viraalisarjakuvafestivaalin omalta sivulta...<\/a><\/p>\n<\/div><\/div>\n\t\t\t\t<\/li>\n\t\t\t \t<li class=\"event nayttelyt sarjakuvagalleria\">\n\t\t\t\t\t<div class=\"event-date\"><div class=\"end-date\"><div class=\"event-weekday\">Fri<\/div><div class=\"event-day\">24<\/div><div class=\"event-month\">Apr<\/div><div class=\"event-year\">2020<\/div><\/div><\/div>\n\t\t\t\t\t<div class=\"event-info multi-day\"><div class=\"event-title\"><h3>Siirretty! Emilia Laatikainen - Kaikki ei nyt ole ihan kunnossa: Kadonneet suomalaiset -originaalin\u00e4yttely<\/h3><\/div><span class=\"event-time\">10:00 - 20:00<\/span><span class=\"event-location\">Sarjakuvagalleria!, Hallituskatu 7, Oulu<\/span><\/div>\n\t\t\t\t<\/li>\n\t\t\t \t<li class=\"event nayttelyt sarjakuvagalleria\">\n\t\t\t\t\t<div class=\"event-date multi-date\"><div class=\"start-date\"><div class=\"event-weekday\">Mon<\/div><div class=\"event-day\">01<\/div><div class=\"event-month\">Jun<\/div><div class=\"event-year\">2020<\/div><\/div><div class=\"end-date\"><div class=\"event-weekday\">Fri<\/div><div class=\"event-day\">26<\/div><div class=\"event-month\">Jun<\/div><div class=\"event-year\">2020<\/div><\/div><\/div>\n\t\t\t\t\t<div class=\"event-info multi-day\"><div class=\"event-title\"><h3>Mirjam Sumu - Kuinka poikani katosi &amp; Aini, Helka ja uimakaksoset<\/h3><\/div><span class=\"event-time\">ma-pe 13-20<\/span><span class=\"event-location\">Sarjakuvagalleria!, Hallituskatu 7, Oulu<\/span><div class=\"event-details\"><p>\"Kuinka poikani katosi\" on kertomus \u00e4idin n\u00e4k\u00f6kulmasta huumemaailmaan katoavasta nuoresta.<\/p>\n<p>\"Aini, Helka ja uimakaksoset\" taas seuraa kahta keski-ik\u00e4ist\u00e4 yst\u00e4vyst\u00e4 Tuiran uimarannalla. Naisten uimista valvovat kuolleet \u00e4idit. \u00c4itien kautta pohditaan naisten identiteettiin vaikuttavaa perint\u00f6n\u00e4 tullutta siirtokarjalaisuutta.<\/p>\n<p>Mirjam Sumu on keski-ik\u00e4\u00e4 el\u00e4v\u00e4 taiteen maisteri (Taik). Vaikka el\u00e4m\u00e4 on rankkaa, onhan taas KES\u00c4!<\/p>\n<\/div><\/div>\n\t\t\t\t<\/li>\n\t\t\t \t<li class=\"event nayttelyt sarjakuvagalleria\">\n\t\t\t\t\t<div class=\"event-date multi-date\"><div class=\"start-date\"><div class=\"event-weekday\">Mon<\/div><div class=\"event-day\">03<\/div><div class=\"event-month\">Aug<\/div><div class=\"event-year\">2020<\/div><\/div><div class=\"end-date\"><div class=\"event-weekday\">Wed<\/div><div class=\"event-day\">09<\/div><div class=\"event-month\">Sep<\/div><div class=\"event-year\">2020<\/div><\/div><\/div>\n\t\t\t\t\t<div class=\"event-info multi-day\"><div class=\"event-title\"><h3>Jukka Takalo &amp; Mika Lahtonen - Kukaan ei ole t\u00e4ydellinen<\/h3><\/div><span class=\"event-time\">10:00 - 20:00<\/span><span class=\"event-location\">Sarjakuvagalleria!, Hallituskatu 7, Oulu<\/span><div class=\"event-details\"><p><a href=\"http:\/\/www.oulucomics.com\/wp-content\/uploads\/2020\/06\/N\u00e4yttely.jpg\"><img loading=\"lazy\" decoding=\"async\" class=\"aligncenter size-large wp-image-4541\" src=\"http:\/\/www.oulucomics.com\/wp-content\/uploads\/2020\/06\/N\u00e4yttely-1024x485.jpg\" alt=\"Jamo ja veroviskaali\" width=\"1024\" height=\"485\" srcset=\"https:\/\/www.oulucomics.com\/wp-content\/uploads\/2020\/06\/N\u00e4yttely-1024x485.jpg 1024w, https:\/\/www.oulucomics.com\/wp-content\/uploads\/2020\/06\/N\u00e4yttely-300x142.jpg 300w, https:\/\/www.oulucomics.com\/wp-content\/uploads\/2020\/06\/N\u00e4yttely-768x364.jpg 768w, https:\/\/www.oulucomics.com\/wp-content\/uploads\/2020\/06\/N\u00e4yttely-1440x682.jpg 1440w, https:\/\/www.oulucomics.com\/wp-content\/uploads\/2020\/06\/N\u00e4yttely-1050x497.jpg 1050w, https:\/\/www.oulucomics.com\/wp-content\/uploads\/2020\/06\/N\u00e4yttely.jpg 2048w\" sizes=\"auto, (max-width: 1024px) 100vw, 1024px\" \/><\/a><\/p>\n<p><span style=\"font-weight: 400;\">Mihink\u00e4s imurikauppias karvoistaan p\u00e4\u00e4sisi?<\/span><\/p>\n<p>N\u00e4yttelyss\u00e4 on esill\u00e4 valittuja originaalisivuja tulevalta <strong>\u201cKukaan ei ole t\u00e4ydellinen, eli p\u00f6lynimurikauppiaan uudet kuviot\u201d<\/strong> -sarjakuva-albumilta. Traagisen koominen teksti on <strong>Jukka Takalon<\/strong> k\u00e4sialaa, suloisen haikeista kuvista taas vastaa <strong>Mika Lahtonen<\/strong>.<\/p>\n<\/div><\/div>\n\t\t\t\t<\/li>\n\t\t\t \t<li class=\"event nayttelyt sarjakuvagalleria\">\n\t\t\t\t\t<div class=\"event-date multi-date\"><div class=\"start-date\"><div class=\"event-weekday\">Fri<\/div><div class=\"event-day\">11<\/div><div class=\"event-month\">Sep<\/div><div class=\"event-year\">2020<\/div><\/div><div class=\"end-date\"><div class=\"event-weekday\">Thu<\/div><div class=\"event-day\">08<\/div><div class=\"event-month\">Oct<\/div><div class=\"event-year\">2020<\/div><\/div><\/div>\n\t\t\t\t\t<div class=\"event-info multi-day\"><div class=\"event-title\"><h3>Sirpa Heikkinen - Lintu-, joutsen- vai ankkalampi?<\/h3><\/div><span class=\"event-time\">10:00 - 20:00<\/span><span class=\"event-location\">Sarjakuvagalleria!, Hallituskatu 7, Oulu<\/span><div class=\"event-details\"><p><a href=\"http:\/\/www.oulucomics.com\/wp-content\/uploads\/2020\/06\/LintulampiEsittelySH.jpg\"><img loading=\"lazy\" decoding=\"async\" class=\"size-large wp-image-4542\" src=\"http:\/\/www.oulucomics.com\/wp-content\/uploads\/2020\/06\/LintulampiEsittelySH-1024x724.jpg\" alt=\"Sirpa Heikkisen kuvien sarjallinen kooste 11.9.-8.10.2020 Oulun Sarjakuvakeskuksen Sarjakuvagalleriassa Kulttuuritalo Valve, Hallituskatu 7, Oulu.\" width=\"1024\" height=\"724\" srcset=\"https:\/\/www.oulucomics.com\/wp-content\/uploads\/2020\/06\/LintulampiEsittelySH-1024x724.jpg 1024w, https:\/\/www.oulucomics.com\/wp-content\/uploads\/2020\/06\/LintulampiEsittelySH-300x212.jpg 300w, https:\/\/www.oulucomics.com\/wp-content\/uploads\/2020\/06\/LintulampiEsittelySH-768x543.jpg 768w, https:\/\/www.oulucomics.com\/wp-content\/uploads\/2020\/06\/LintulampiEsittelySH-1440x1018.jpg 1440w, https:\/\/www.oulucomics.com\/wp-content\/uploads\/2020\/06\/LintulampiEsittelySH-1050x742.jpg 1050w\" sizes=\"auto, (max-width: 1024px) 100vw, 1024px\" \/><\/a><\/p>\n<p>Sirpa Heikkisen kuvien sarjallinen kooste 11.9.-8.10.2020 Oulun Sarjakuvakeskuksen Sarjakuvagalleriassa. Kulttuuritalo Valve, Hallituskatu 7, Oulu.<\/p>\n<p>Ei DDT, eik\u00e4 DD \u2013 AA:na meille tutumpi, vaan DT on ollut p\u00e4\u00e4kutkuttimena kuvilleni, jotka sarjaantuvat muuntelun voimasta.<\/p>\n<p>Kiitos alttiudesta kuuluu ainakin twitterille, Pjotr Tshaikovskille, Claude Monet\u00b4lle, sorsalinnuille noin ylip\u00e4\u00e4t\u00e4\u00e4n ja Janne Ankkaselle eritoten.<\/p>\n<p>T\u00e4m\u00e4 on kaiken maailman satul\u00e4t\u00e4kk\u00f6jen yhteenroiskintaa. Suu ei ole soukkana. Selitys: Satuin<br \/>\npiipahtamaan ison lammen \u2013 tuttavallisemmin \u2013 rapakon takana pressavalinta-aikoihin 2016, ja nyt 2020 on taas k\u00e4sill\u00e4 semmoinen syksy.<\/p>\n<\/div><\/div>\n\t\t\t\t<\/li>\n\t\t\t \t<li class=\"event nayttelyt sarjakuvagalleria\">\n\t\t\t\t\t<div class=\"event-date multi-date\"><div class=\"start-date\"><div class=\"event-weekday\">Sat<\/div><div class=\"event-day\">10<\/div><div class=\"event-month\">Oct<\/div><div class=\"event-year\">2020<\/div><\/div><div class=\"end-date\"><div class=\"event-weekday\">Sun<\/div><div class=\"event-day\">15<\/div><div class=\"event-month\">Nov<\/div><div class=\"event-year\">2020<\/div><\/div><\/div>\n\t\t\t\t\t<div class=\"event-info multi-day\"><div class=\"event-title\"><h3>Esko Heikkil\u00e4 - Mutta onneksi en kuole Kouvolassa<\/h3><\/div><span class=\"event-time\">10:00 - 20:00<\/span><span class=\"event-location\">Sarjakuvagalleria!, Hallituskatu 7, Oulu<\/span><div class=\"event-details\"><p><strong>Esko Heikkil\u00e4n sarjakuvia ja kuvituksia vuosilta 2015\u20132020<\/strong><\/p>\n<p>Oulussa syntynyt ja siell\u00e4 nuoruutensa kasvanut sarjakuvataiteilija Esko Heikkil\u00e4 muutti Kouvolaan vuonna 2015 opiskelemaan. Samalla h\u00e4n on toiminut sarjakuvataiteilijana ja kuvittajana. Hein\u00e4kuussa Esko muuttaa Tampereelle. Vaikka maisemat ja ihmiset muuttuvat, niin jotkin asiat eiv\u00e4t muutu, mutta onneksi Esko ei kuole Kouvolassa.<\/p>\n<\/div><\/div>\n\t\t\t\t<\/li>\n\t\t\t \t<li class=\"event festivaali nayttelyt center sarjakuvagalleria\">\n\t\t\t\t\t<div class=\"event-date multi-date\"><div class=\"start-date\"><div class=\"event-weekday\">Fri<\/div><div class=\"event-day\">20<\/div><div class=\"event-month\">Nov<\/div><div class=\"event-year\">2020<\/div><\/div><div class=\"end-date\"><div class=\"event-weekday\">Thu<\/div><div class=\"event-day\">31<\/div><div class=\"event-month\">Dec<\/div><div class=\"event-year\">2020<\/div><\/div><\/div>\n\t\t\t\t\t<div class=\"event-info multi-day\"><div class=\"event-title\"><h3>Aarre - Treasure: Oulun Pohjoismaisen Sarjakuvakilpailun 2020 -n\u00e4yttely<\/h3><\/div><span class=\"event-time\">10:00 - 20:00<\/span><span class=\"event-location\">Sarjakuvagalleria! | Comics Gallery!, Hallituskatu 7, Oulu<\/span><div class=\"event-details\"><p><img loading=\"lazy\" decoding=\"async\" class=\"alignright wp-image-4969\" src=\"http:\/\/www.oulucomics.com\/wp-content\/uploads\/2020\/10\/kilpailu20_kuva.jpg\" alt=\"\" width=\"300\" height=\"424\" srcset=\"https:\/\/www.oulucomics.com\/wp-content\/uploads\/2020\/10\/kilpailu20_kuva.jpg 724w, https:\/\/www.oulucomics.com\/wp-content\/uploads\/2020\/10\/kilpailu20_kuva-212x300.jpg 212w\" sizes=\"auto, (max-width: 300px) 100vw, 300px\" \/><span style=\"font-weight: 400;\">N\u00e4yttelyaikaa jatkettu 18.3. saakka koronaepidemian vuoksi. Sarjakuvagalleria!<\/span><\/p>\n<p>Oulun Pohjoismaisen Sarjakuvakilpailun vuoden 2020 teemana oli lastensarjakuva. Kilpailun tulokset ratkeavat Oulun Sarjakuvafestivaalilla. N\u00e4yttelyinformaatio julkaistaan kilpailun palkintojenjaon yhteydess\u00e4.<\/p>\n<p><strong><span style=\"color: #800000;\">Aarre-Treasure: The Oulu Nordic Comics Competition 2020 exhibition.<\/span><\/strong><\/p>\n<p><span style=\"color: #800000;\">The Nordic Comics Competition 2020 theme \u00a0was comics for kids. The winners of a competition 2020 will be announced at Oulu Comics Festival. Exhibition information will be announced at same time.<\/span><\/p>\n<\/div><\/div>\n\t\t\t\t<\/li>\n\t\t\t \t<li class=\"event nayttelyt center sarjakuvagalleria\">\n\t\t\t\t\t<div class=\"event-date multi-date\"><div class=\"start-date\"><div class=\"event-weekday\">Mon<\/div><div class=\"event-day\">02<\/div><div class=\"event-month\">Aug<\/div><div class=\"event-year\">2021<\/div><\/div><div class=\"end-date\"><div class=\"event-weekday\">Thu<\/div><div class=\"event-day\">09<\/div><div class=\"event-month\">Sep<\/div><div class=\"event-year\">2021<\/div><\/div><\/div>\n\t\t\t\t\t<div class=\"event-info multi-day\"><div class=\"event-title\"><h3>Huojuva torni -originaalin\u00e4yttely<\/h3><\/div><span class=\"event-time\">10:00 - 20:00<\/span><span class=\"event-location\">Sarjakuvagalleria! | Comics Gallery!, Hallituskatu 7, Oulu<\/span><div class=\"event-details\"><p><a href=\"http:\/\/www.oulucomics.com\/wp-content\/uploads\/2021\/07\/huojuvatorni.jpg\"><img loading=\"lazy\" decoding=\"async\" class=\"alignleft wp-image-5603\" src=\"http:\/\/www.oulucomics.com\/wp-content\/uploads\/2021\/07\/huojuvatorni-716x1024.jpg\" alt=\"\" width=\"300\" height=\"429\" srcset=\"https:\/\/www.oulucomics.com\/wp-content\/uploads\/2021\/07\/huojuvatorni-716x1024.jpg 716w, https:\/\/www.oulucomics.com\/wp-content\/uploads\/2021\/07\/huojuvatorni-210x300.jpg 210w, https:\/\/www.oulucomics.com\/wp-content\/uploads\/2021\/07\/huojuvatorni-768x1098.jpg 768w, https:\/\/www.oulucomics.com\/wp-content\/uploads\/2021\/07\/huojuvatorni.jpg 826w\" sizes=\"auto, (max-width: 300px) 100vw, 300px\" \/><\/a><\/p>\n<p><span style=\"font-weight: 400;\">Sarjakuvagalleria!ssa on esill\u00e4 1.8.-9.9.2021 tuoreena julkaisuna Oulun Muusajuhlilla julkaistavan <\/span><i><span style=\"font-weight: 400;\">Huojuva Torni<\/span><\/i><span style=\"font-weight: 400;\"> -sarjakuva-albumin originaaleja ja luonnosprosessia. Teoksen on k\u00e4sikirjoittanut <\/span><b>Tessa Astre<\/b><span style=\"font-weight: 400;\"> ja se on h\u00e4nen ensimm\u00e4inen kokopitk\u00e4 sarjakuva-albuminsa. Piirroksista vastaavat sarjakuvataiteilijat <\/span><b>Aapo Kukko<\/b><span style=\"font-weight: 400;\"> ja <\/span><b>Niko-Petteri Niva<\/b><span style=\"font-weight: 400;\">. Huojuva Torni on n\u00e4hty Valveen nurkilla Bystr\u00f6min sis\u00e4pihalla vuonna 2017 kes\u00e4n\u00e4ytelm\u00e4n\u00e4, ja tekij\u00e4kaarti oli tuossakin Tornissa mukana saattamassa n\u00e4ytelm\u00e4\u00e4 maailman ensi-iltaan.\u00a0<\/span><\/p>\n<p><span style=\"font-weight: 400;\">Esill\u00e4 on sek\u00e4 valmiita originaalisivuja ett\u00e4 luonnosprosessia, monipuolista tussiviivan k\u00e4ytt\u00f6\u00e4 kahdelta piirt\u00e4j\u00e4lt\u00e4.\u00a0<\/span><\/p>\n<p><span style=\"font-weight: 400;\">N\u00e4yttelyss\u00e4 esitell\u00e4\u00e4n my\u00f6s kuvia n\u00e4ytelm\u00e4maailman ja albumin toteuttamisen yhteenliittymist\u00e4. Mukana tuttuja kasvoja n\u00e4ytt\u00e4m\u00f6lt\u00e4 ja heid\u00e4n vastaavia sarjakuvasta l\u00f6ytyvi\u00e4 henkil\u00f6hahmojaan, sek\u00e4 muuta suunnitteluty\u00f6t\u00e4. Sarjakuvassa dokumenttiohjaaja Reidar Love filmaa Oulun maisemissa, ja taustoissa vilahtelee sek\u00e4 monia paikallisia ravintoloita ett\u00e4 muutamia tunnettuja paikallisia persooniakin.\u00a0<\/span><\/p>\n<p><span style=\"font-weight: 400;\">Yksi Huojuva torni -albumin kantavista teemoista on sukupuolinen vallank\u00e4ytt\u00f6, ja #punkstoo on aiheena vahvasti mukana.<\/span><\/p>\n<p><span style=\"font-weight: 400;\">Avajaiset vietet\u00e4\u00e4n Sarjakuvagalleria!ssa paikan p\u00e4\u00e4ll\u00e4 tiistaina 10.8.2021 klo 16-17. Kaikki albumin tekij\u00e4t ovat tuolloin tavattavissa ja luvassa on pient\u00e4 tarjoilua, hetke\u00e4 my\u00f6hemmin klo 19 juhlistamme albumin julkaisua Oulun kaupunginkirjaston Laituri-tilassa osana Muusajuhlien ohjelmistoa. Tervetuloa!<\/span><\/p>\n<\/div><\/div>\n\t\t\t\t<\/li>\n\t\t\t \t<li class=\"event nayttelyt center sarjakuvagalleria\">\n\t\t\t\t\t<div class=\"event-date multi-date\"><div class=\"start-date\"><div class=\"event-weekday\">Sat<\/div><div class=\"event-day\">11<\/div><div class=\"event-month\">Sep<\/div><div class=\"event-year\">2021<\/div><\/div><div class=\"end-date\"><div class=\"event-weekday\">Thu<\/div><div class=\"event-day\">07<\/div><div class=\"event-month\">Oct<\/div><div class=\"event-year\">2021<\/div><\/div><\/div>\n\t\t\t\t\t<div class=\"event-info multi-day\"><div class=\"event-title\"><h3>Moninaisuuksia \u2013 otteita Turun sarjakuvakerhon vuosiantologiasta<\/h3><\/div><span class=\"event-time\">10:00 - 20:00<\/span><span class=\"event-location\">Sarjakuvagalleria! | Comics Gallery!, Hallituskatu 7, Oulu<\/span><div class=\"event-details\"><p>Turun sarjakuvakerho julkaisee vuosittaista antologiaa, jonka teemaksi valittiin<br \/>\nvuonna 2021 trans- ja muunsukupuolisuus. Antologian on toimittanut <strong>Katariina<\/strong><br \/>\n<strong>Lappi<\/strong>. Virtuaalisia julkkareita juhlitaan Turun sarjakuvafestivaalien yhteydess\u00e4 16.<br \/>\nlokakuuta.<\/p>\n<p><a href=\"http:\/\/www.oulucomics.com\/wp-content\/uploads\/2021\/09\/tap_turku2021_2.jpeg\"><img loading=\"lazy\" decoding=\"async\" class=\"alignleft size-full wp-image-5741\" src=\"http:\/\/www.oulucomics.com\/wp-content\/uploads\/2021\/09\/tap_turku2021_2.jpeg\" alt=\"\" width=\"1024\" height=\"576\" srcset=\"https:\/\/www.oulucomics.com\/wp-content\/uploads\/2021\/09\/tap_turku2021_2.jpeg 1024w, https:\/\/www.oulucomics.com\/wp-content\/uploads\/2021\/09\/tap_turku2021_2-300x169.jpeg 300w, https:\/\/www.oulucomics.com\/wp-content\/uploads\/2021\/09\/tap_turku2021_2-768x432.jpeg 768w\" sizes=\"auto, (max-width: 1024px) 100vw, 1024px\" \/><\/a><\/p>\n<p>Sukupuolen moninaisuus on osa ihmisyyden loputonta, rikasta varianssia. T\u00e4m\u00e4n<br \/>\nantologian t\u00f6iss\u00e4 tekij\u00e4t k\u00e4sittelev\u00e4t trans- ja muunsukupuolisuutta kukin omista<br \/>\nl\u00e4ht\u00f6kohdistaan. Mukaan mahtuu niin nykyhetkeen sijoittuvaa pohdintaa,<br \/>\nhistoriallisten nyanssien selvittely\u00e4 ja vapaata tulkintaa sukupuolen merkityksest\u00e4<br \/>\ntulevaisuudessa \u2013 puhdasta mielikuvituksen leikki\u00e4 unohtamatta.<\/p>\n<p>Turun sarjakuvakerho on julkaissut antologioita s\u00e4\u00e4nn\u00f6llisesti vuodesta 2007<br \/>\nl\u00e4htien. Antologiaan osallistuvista taiteilijoista l\u00f6ytyy sek\u00e4 kovan luokan<br \/>\nammattilaisia ett\u00e4 uusien haasteiden \u00e4\u00e4rell\u00e4 olevia nuoria tekij\u00f6it\u00e4. Sama avoimuus<br \/>\nn\u00e4kyy my\u00f6s Turun sarjakuvakerhon muussa toiminnassa, sill\u00e4 yhdistys j\u00e4rjest\u00e4\u00e4<br \/>\nkaikille avoimia piirt\u00e4misiltoja, ty\u00f6llistymismahdollisuuksia ammattilaisille sek\u00e4 eri<br \/>\nik\u00e4ryhmille suunnattua kurssitoimintaa.<\/p>\n<p>Seuraa Turun sarjakuvakerhoa somessa:<br \/>\nFacebook: <a href=\"http:\/\/facebook.com\/turunsarjakuvakerho\" target=\"_blank\" rel=\"noopener\">facebook.com\/turunsarjakuvakerho<\/a><br \/>\nInstagram: @turunsarjakuvakerho<br \/>\nTwitter: @tursake74<\/p>\n<\/div><\/div>\n\t\t\t\t<\/li>\n\t\t\t \t<li class=\"event nayttelyt center sarjakuvagalleria\">\n\t\t\t\t\t<div class=\"event-date multi-date\"><div class=\"start-date\"><div class=\"event-weekday\">Sat<\/div><div class=\"event-day\">09<\/div><div class=\"event-month\">Oct<\/div><div class=\"event-year\">2021<\/div><\/div><div class=\"end-date\"><div class=\"event-weekday\">Thu<\/div><div class=\"event-day\">11<\/div><div class=\"event-month\">Nov<\/div><div class=\"event-year\">2021<\/div><\/div><\/div>\n\t\t\t\t\t<div class=\"event-info multi-day\"><div class=\"event-title\"><h3>Emilia Laatikainen: Kadonneet suomalaiset -alkuper\u00e4issarjakuvia<\/h3><\/div><span class=\"event-time\">10:00 - 20:00<\/span><span class=\"event-location\">Sarjakuvagalleria! | Comics Gallery!, Hallituskatu 7, Oulu<\/span><div class=\"event-details\"><p>Kaikki ei ole nyt ihan kunnossa<\/p>\n<p><a href=\"http:\/\/www.oulucomics.com\/wp-content\/uploads\/2021\/10\/JULISTE_INFO21.jpeg\"><img loading=\"lazy\" decoding=\"async\" class=\"aligncenter size-large wp-image-5949\" src=\"http:\/\/www.oulucomics.com\/wp-content\/uploads\/2021\/10\/JULISTE_INFO21-1024x576.jpeg\" alt=\"\" width=\"1024\" height=\"576\" srcset=\"https:\/\/www.oulucomics.com\/wp-content\/uploads\/2021\/10\/JULISTE_INFO21-1024x576.jpeg 1024w, https:\/\/www.oulucomics.com\/wp-content\/uploads\/2021\/10\/JULISTE_INFO21-300x169.jpeg 300w, https:\/\/www.oulucomics.com\/wp-content\/uploads\/2021\/10\/JULISTE_INFO21-768x432.jpeg 768w, https:\/\/www.oulucomics.com\/wp-content\/uploads\/2021\/10\/JULISTE_INFO21-1536x864.jpeg 1536w, https:\/\/www.oulucomics.com\/wp-content\/uploads\/2021\/10\/JULISTE_INFO21-1440x810.jpeg 1440w, https:\/\/www.oulucomics.com\/wp-content\/uploads\/2021\/10\/JULISTE_INFO21.jpeg 1920w\" sizes=\"auto, (max-width: 1024px) 100vw, 1024px\" \/><\/a><\/p>\n<p class=\"p1\"><span class=\"s1\">Kadonnut henkil\u00f6 voidaan Suomen lain mukaan julistaa kuolleeksi viiden vuoden kuluttua siit\u00e4, kun henkil\u00f6 on viimeksi ollut tiett\u00e4v\u00e4sti elossa. Suomessa katoaa vuosittain lyhyiksi ajoiksi jopa 1000 ihmist\u00e4. Selitt\u00e4m\u00e4tt\u00f6m\u00e4sti kateisiin j\u00e4\u00e4 vuoden aikana noin 20 henkil\u00f6\u00e4. <\/span><\/p>\n<p class=\"p1\"><span class=\"s1\">Jokaisella kadonneella tulisi olla oikeus tulla l\u00f6ydetyksi riippumatta heid\u00e4n historiastaan tai virkavallan resursseista. T\u00e4m\u00e4 on suurin syy, miksi tutkimusprojekti kadonneista sai alkunsa kes\u00e4ll\u00e4 2019. Toinen syy projektiin on katoamistapauksiin liittyv\u00e4n uutisoinnin sirpaleisuus; tapahtumista ei tunnu saavan kokonaisvaltaista k\u00e4sityst\u00e4.<\/span><\/p>\n<p class=\"p1\"><span class=\"s1\">N\u00e4yttelyss\u00e4 on esill\u00e4 <em>Kadonneet<\/em> (Suuri Kurpitsa 2020)-sarjakuvateokseen kuuluvien sarjakuvien alkuper\u00e4isversioita, joihin tieto kadonneesta on koottu yhdelle sivulle. Alkuper\u00e4iset piirrokset eiv\u00e4t ole aikaisemmin olleet esill\u00e4. N\u00e4yttelyyn on valittu sek\u00e4 uusia ett\u00e4 vanhoja katoamismysteereit\u00e4, joissa on samankaltaisuuksia, mutta my\u00f6s valtavia eroja.<\/span><\/p>\n<p class=\"p1\"><span class=\"s1\"><strong>Emilia Laatikainen<\/strong> (s.1995) on oululaisl\u00e4ht\u00f6inen Rovaniemell\u00e4 asuva kuvataiteilija ja kuvataiteen opettaja, joka on kiinnostunut yhteiskunnallisten aiheiden k\u00e4sittelyst\u00e4 taiteessaan. Laatikaisen l\u00e4ht\u00f6kohtia taiteen tekemiseen ovat muun muassa oikeudenmukaisuus, rohkeus ja suoraviivaisuus. Laatikaisen esikoissarjakuvateos Kadonneet julkaistiin vuonna 2020. <\/span><\/p>\n<\/div><\/div>\n\t\t\t\t<\/li>\n\t\t\t \t<li class=\"event festivaali nayttelyt center sarjakuvagalleria\">\n\t\t\t\t\t<div class=\"event-date multi-date\"><div class=\"start-date\"><div class=\"event-weekday\">Sat<\/div><div class=\"event-day\">20<\/div><div class=\"event-month\">Nov<\/div><div class=\"event-year\">2021<\/div><\/div><div class=\"end-date\"><div class=\"event-weekday\">Fri<\/div><div class=\"event-day\">31<\/div><div class=\"event-month\">Dec<\/div><div class=\"event-year\">2021<\/div><\/div><\/div>\n\t\t\t\t\t<div class=\"event-info multi-day\"><div class=\"event-title\"><h3>Jiipu Uusitalo: Kukkaisruoska-Puupenni-Okanaamio -n\u00e4yttely | exhibition<\/h3><\/div><span class=\"event-time\">10:00 - 20:00<\/span><span class=\"event-location\">Sarjakuvagalleria! | Comics Gallery!, Hallituskatu 7, Oulu<\/span><div class=\"event-details\"><p><span style=\"font-weight: 400;\"><a href=\"http:\/\/www.oulucomics.com\/wp-content\/uploads\/2021\/09\/kansi-kukkaisruoska.jpeg\"><img loading=\"lazy\" decoding=\"async\" class=\"size-medium wp-image-5837 alignleft\" src=\"http:\/\/www.oulucomics.com\/wp-content\/uploads\/2021\/09\/kansi-kukkaisruoska-213x300.jpeg\" alt=\"\" width=\"213\" height=\"300\" srcset=\"https:\/\/www.oulucomics.com\/wp-content\/uploads\/2021\/09\/kansi-kukkaisruoska-213x300.jpeg 213w, https:\/\/www.oulucomics.com\/wp-content\/uploads\/2021\/09\/kansi-kukkaisruoska.jpeg 425w\" sizes=\"auto, (max-width: 213px) 100vw, 213px\" \/><\/a><a href=\"http:\/\/www.oulucomics.com\/wp-content\/uploads\/2021\/09\/puupenni.jpeg\"><img loading=\"lazy\" decoding=\"async\" class=\"size-medium wp-image-5838 alignleft\" src=\"http:\/\/www.oulucomics.com\/wp-content\/uploads\/2021\/09\/puupenni-214x300.jpeg\" alt=\"\" width=\"214\" height=\"300\" srcset=\"https:\/\/www.oulucomics.com\/wp-content\/uploads\/2021\/09\/puupenni-214x300.jpeg 214w, https:\/\/www.oulucomics.com\/wp-content\/uploads\/2021\/09\/puupenni.jpeg 428w\" sizes=\"auto, (max-width: 214px) 100vw, 214px\" \/><\/a><a href=\"http:\/\/www.oulucomics.com\/wp-content\/uploads\/2021\/09\/Jiipu-Okanaamio.jpg\"><img loading=\"lazy\" decoding=\"async\" class=\"size-medium wp-image-5806 alignleft\" src=\"http:\/\/www.oulucomics.com\/wp-content\/uploads\/2021\/09\/Jiipu-Okanaamio-212x300.jpg\" alt=\"\" width=\"212\" height=\"300\" srcset=\"https:\/\/www.oulucomics.com\/wp-content\/uploads\/2021\/09\/Jiipu-Okanaamio-212x300.jpg 212w, https:\/\/www.oulucomics.com\/wp-content\/uploads\/2021\/09\/Jiipu-Okanaamio.jpg 423w\" sizes=\"auto, (max-width: 212px) 100vw, 212px\" \/><\/a><\/span><\/p>\n<hr \/>\n<p><strong>Avajaiset perjantaina 19.11. klo 18-20!<\/strong><\/p>\n<p><span style=\"font-weight: 400;\">Sarjakuvataiteilija <\/span><strong>Jiipu Uusitalo<\/strong><span style=\"font-weight: 400;\"> tuo v\u00e4riloistoa Kulttuuritalo Valveella sijaitsevan Sarjakuvagalleria!n seinille. N\u00e4yttely on koostettu Uusitalon Valta-trilogiasta. Ensimm\u00e4inen osa <\/span><em><span style=\"font-weight: 400;\">Kukkaisruoska<\/span><\/em><span style=\"font-weight: 400;\"> (T\u00e4ysi K\u00e4si 2019) k\u00e4sittelee rankaisuvaltaa, toinen osa <\/span><span style=\"font-weight: 400;\"><em>Puupenni<\/em> <\/span><span style=\"font-weight: 400;\">(T\u00e4ysi K\u00e4si 2020) keskittyy talouteen ja siihen liittyviin valtasuhteisiin ja <\/span><em><span style=\"font-weight: 400;\">Okanaamio<\/span><\/em><span style=\"font-weight: 400;\"> (T\u00e4ysi K\u00e4si 2021) tuo teoskolmikon p\u00e4\u00e4t\u00f6kseen. Okanaamio on <\/span><span style=\"font-weight: 400;\">katastrofisarjakuva, jossa tulvan erilleen heitt\u00e4m\u00e4t rakastavaiset joutuvat pohtimaan, millaisia valta-asetelmia terveyden, varallisuuden ja sukupuolen kaltaiset tekij\u00e4t tuovat sosiaalisiin tilanteisiin.<\/span><span style=\"font-weight: 400;\">\u00a0<\/span><\/p>\n<p><span style=\"font-weight: 400;\">Uusitalon johtot\u00e4hten\u00e4 n\u00e4kyy l\u00e4pi tuotannon surrealistisen infosarjakuvan pehme\u00e4sti hehkuva kaksoisaurinko, kuin rehev\u00e4 voikukka bysanttilaisen virastotalon seinustalla. Syvimpien punk-luolien k\u00e4tk\u00f6ist\u00e4 auringon valoon vedetty Uusitalo alkoi vuonna 2012 piirt\u00e4m\u00e4\u00e4n <\/span><i><span style=\"font-weight: 400;\">Tajukankaan kutoja <\/span><\/i><span style=\"font-weight: 400;\">-nimist\u00e4 sarjakuvablogia. Maantieteellisesti h\u00e4n on sen j\u00e4lkeen valunut 700 kilometri\u00e4 Rovaniemelt\u00e4 kohti Suomen kartan alalaitaa ja tarrautunut Tampereen punatiiliseen kamaraan.\u00a0<\/span><\/p>\n<p><span style=\"font-weight: 400;\">N\u00e4yttelyss\u00e4 viet\u00e4t helposti pidemm\u00e4nkin tovin, koska trilogian kaikki albumit ovat my\u00f6s luettavissa Sarjakuvagalleria!ssa ja vieress\u00e4 sijaitsevasta Turun Sarjakuvakaupan Oulun toimipisteest\u00e4 (ke-pe klo 12-18) saat ne viel\u00e4p\u00e4 hankittua mukaasi.<\/span><\/p>\n<p><span style=\"color: #0000ff;\"><span style=\"font-weight: 400;\">Comic artist <\/span><strong>Jiipu Uusitalo<\/strong><span style=\"font-weight: 400;\"> brings splendour of colours to the walls of Comics Gallery! at Cultural Centre Valve. The exhibition is composed of the power trilogy by Uusitalo. The first Volume <\/span><em><span style=\"font-weight: 400;\">Kukkaisruoska<\/span><\/em><span style=\"font-weight: 400;\"> (T\u00e4ysi K\u00e4si 2019) deals with the punitive power. The second volume <\/span><em><span style=\"font-weight: 400;\">Puupenni <\/span><\/em><span style=\"font-weight: 400;\">(T\u00e4ysi K\u00e4si 2020) concentrates on economics and its power relations. The third volume <\/span><em><span style=\"font-weight: 400;\">Okanaamio<\/span><\/em><span style=\"font-weight: 400;\"> (T\u00e4ysi K\u00e4si 2021) finishes the trilogy. Okanaamio is a catastrophe comic where lovers tossed apart by a flood have to confornt power hierarchies that health, wealth, and sex bring to social settings.<\/span><\/span><\/p>\n<p><span style=\"color: #0000ff;\"><span style=\"font-weight: 400;\">Like a flourishing dandelion at the feet of the wall of a Byzantine office building, softly glowing surrealistic binary sun of this info-comic can be seen as a leading star throughout Uusitalo\u2019s creative work. Uusitalo, who was dragged to the sunlight from the deepest dungeons of Punk, started a comics blog titled <\/span><em><span style=\"font-weight: 400;\">Tajukankaan kutoja<\/span><\/em><span style=\"font-weight: 400;\"> in 2012. Since then, Uusitalo has geographically slid 700 kilometres south from Rovaniemi and is now rooted on the red-bricked ground of Tampere.<\/span><\/span><\/p>\n<p><span style=\"font-weight: 400; color: #0000ff;\">You can easily spend a long time at the exhibition, since all the volumes of the trilogy can be read at Comics Gallery!, and you can purchase them from the Oulu branch of Turku Comics Store as well. The store is located right next to the gallery and is open from Wed to Fri during 12 - 6 pm.<\/span><\/p>\n<\/div><\/div>\n\t\t\t\t<\/li>\n\t\t\t \t<li class=\"event nayttelyt center sarjakuvagalleria\">\n\t\t\t\t\t<div class=\"event-date multi-date\"><div class=\"start-date\"><div class=\"event-weekday\">Sat<\/div><div class=\"event-day\">15<\/div><div class=\"event-month\">Jan<\/div><div class=\"event-year\">2022<\/div><\/div><div class=\"end-date\"><div class=\"event-weekday\">Thu<\/div><div class=\"event-day\">03<\/div><div class=\"event-month\">Mar<\/div><div class=\"event-year\">2022<\/div><\/div><\/div>\n\t\t\t\t\t<div class=\"event-info multi-day\"><div class=\"event-title\"><h3>Kersantti Napalm 30 vuotta -sarjakuvan\u00e4yttely<\/h3><\/div><span class=\"event-time\">10:00 - 20:00<\/span><span class=\"event-location\">Sarjakuvagalleria! | Comics Gallery!, Hallituskatu 7, Oulu<\/span><div class=\"event-details\"><p><a href=\"https:\/\/www.oulucomics.com\/wp-content\/uploads\/2022\/01\/BarracudaCover.jpg\"><img loading=\"lazy\" decoding=\"async\" class=\"alignright size-medium wp-image-6194\" src=\"https:\/\/www.oulucomics.com\/wp-content\/uploads\/2022\/01\/BarracudaCover-212x300.jpg\" alt=\"\" width=\"212\" height=\"300\" srcset=\"https:\/\/www.oulucomics.com\/wp-content\/uploads\/2022\/01\/BarracudaCover-212x300.jpg 212w, https:\/\/www.oulucomics.com\/wp-content\/uploads\/2022\/01\/BarracudaCover-440x623.jpg 440w, https:\/\/www.oulucomics.com\/wp-content\/uploads\/2022\/01\/BarracudaCover.jpg 636w\" sizes=\"auto, (max-width: 212px) 100vw, 212px\" \/><\/a>Tuntuu kuin siit\u00e4 olisi vain hetki. Muutama vuosi korkeintaan. Pari lukiolaispoikaa tapasi sarjakuvakerhossa ja teki sarjakuvaa yhdess\u00e4. Toinen kirjoitti paremmin kuin piirsi, ja paremmalle piirt\u00e4j\u00e4lle kelpasi k\u00e4sikirjoitus piirrett\u00e4v\u00e4ksi. Ja vaikka ensimm\u00e4isist\u00e4 kersantti Napalmin seikkailuista on jo 30 vuotta, niin sama meno vain jatkuu.<\/p>\n<p>N\u00e4yttelyn materiaali on t\u00e4n\u00e4 vuonna julkaistavasta <em>Kersantti Napalm: Barracuda<\/em>\u00a0-albumista. Tarinan on kirjoittanut <strong>Vesa Vitikainen<\/strong> ja kuvittanut <strong>Markus Tuppurainen<\/strong>. Kyseess\u00e4 on kolmas t\u00e4yspitk\u00e4 Napalm-albumi. Vaikka Napalmia on julkaistu jo yhteens\u00e4 55 eri julkaisussa, on niist\u00e4 suurin osa ollut lyhyit\u00e4 sarjakuvanovelleja tai kokoelmia.<\/p>\n<p>Itse asiassa Napalm on ensimm\u00e4inen suomalainen supersankari joka on p\u00e4\u00e4ssyt my\u00f6s kioskilevitykseen. Se on ollut my\u00f6s kuukauden kotimaisena Ilta-Sanomissa ja useampana vuonna T\u00e4htivaeltajan jatkosarjana. Mutta siin\u00e4 miss\u00e4 Batmanit ja Marvelit aikoinaan hallitsivat lehtikioskeja, on supersankarisarjakuva nyky\u00e4\u00e4n marginaalia. Mik\u00e4 t\u00e4t\u00e4 maailmaa oikein vaivaa?<\/p>\n<p>Kirjoitin t\u00e4t\u00e4 tarinaa jo vuosia sitten. Ajattelin jakaa sen useammalle piirt\u00e4j\u00e4lle, yksi tekisi p\u00e4\u00e4tarinan ja toiset takaumia. Onneksi homma ei l\u00e4htenyt heti k\u00e4yntiin, sill\u00e4 lopulta Make piirsi tarinan kokonaan koronan piinatessa maailmaa. Tarinan loppu vaati viel\u00e4 pient\u00e4 hiomista, eik\u00e4 Makea edes haitannut ett\u00e4 60-sivuinen k\u00e4sis ven\u00e4hti 64 sivuiseksi.<\/p>\n<p>Siit\u00e4 tuli itse asiassa aika hyv\u00e4.<br \/>\n<em>Vesa Vitikainen<\/em><\/p>\n<\/div><\/div>\n\t\t\t\t<\/li>\n\t\t\t \t<li class=\"event nayttelyt center sarjakuvagalleria\">\n\t\t\t\t\t<div class=\"event-date multi-date\"><div class=\"start-date\"><div class=\"event-weekday\">Sat<\/div><div class=\"event-day\">05<\/div><div class=\"event-month\">Mar<\/div><div class=\"event-year\">2022<\/div><\/div><div class=\"end-date\"><div class=\"event-weekday\">Sun<\/div><div class=\"event-day\">17<\/div><div class=\"event-month\">Apr<\/div><div class=\"event-year\">2022<\/div><\/div><\/div>\n\t\t\t\t\t<div class=\"event-info multi-day\"><div class=\"event-title\"><h3>Janne Parviainen: Works of the Old Masters From the Post Galleries<\/h3><\/div><span class=\"event-time\">10:00 - 20:00<\/span><span class=\"event-location\">Sarjakuvagalleria! | Comics Gallery!, Hallituskatu 7, Oulu<\/span><div class=\"event-details\"><p><em><a href=\"https:\/\/www.oulucomics.com\/wp-content\/uploads\/2022\/02\/postman.jpg\"><img loading=\"lazy\" decoding=\"async\" class=\"size-medium wp-image-6426 alignright\" src=\"https:\/\/www.oulucomics.com\/wp-content\/uploads\/2022\/02\/postman-300x218.jpg\" alt=\"\" width=\"300\" height=\"218\" srcset=\"https:\/\/www.oulucomics.com\/wp-content\/uploads\/2022\/02\/postman-300x218.jpg 300w, https:\/\/www.oulucomics.com\/wp-content\/uploads\/2022\/02\/postman-768x559.jpg 768w, https:\/\/www.oulucomics.com\/wp-content\/uploads\/2022\/02\/postman-440x320.jpg 440w, https:\/\/www.oulucomics.com\/wp-content\/uploads\/2022\/02\/postman.jpg 900w\" sizes=\"auto, (max-width: 300px) 100vw, 300px\" \/><\/a>Post Man<\/em> -sarjakuvaan liittyv\u00e4 taiden\u00e4yttely, jossa tarinan henkil\u00f6hahmot seikkailevat taidehistorian klassikkopiirustuksissa ja maalauksissa jatkaen sarjakuvan tarinaa eteenp\u00e4in. N\u00e4yttelyss\u00e4 n\u00e4hd\u00e4\u00e4n versioita mm. Arthur Rackhamin, Alfonse Muchan, Gustave Doren, M.C.Escherin ja Akseli Gallen-Kallelan teoksista.<\/p>\n<p><strong>Janne Parviainen<\/strong> on helsinkil\u00e4inen sarjakuvapiirt\u00e4j\u00e4, taidemaalari ja valotaiteilija. Post Man on hieman erilainen supersankarisarjakuva. P\u00e4\u00e4henkil\u00f6 Hank tuskailee vastentahtoisessa postimiehen ty\u00f6ss\u00e4\u00e4n, k\u00e4rsii paniikkih\u00e4iri\u00f6st\u00e4 ja kuluttaa vapaa-aikansa juomalla olutta yh\u00e4 syvemm\u00e4lle huumeiden maailmaan uppoavien yst\u00e4viens\u00e4 kanssa. L\u00f6yt\u00e4\u00e4k\u00f6 Hank ulosp\u00e4\u00e4sy\u00e4 maailmasta josta ei l\u00f6ydy todellista rakkautta, jossa taide on menett\u00e4nyt merkityksens\u00e4 ja jossa yst\u00e4v\u00e4t h\u00e4vi\u00e4v\u00e4t huumeiden py\u00f6rteisiin?<\/p>\n<p>Post Man on sarjakuvakertomus itsens\u00e4 l\u00f6yt\u00e4misest\u00e4, rakkauden etsimisest\u00e4 ja rajojen piirt\u00e4misest\u00e4 maailmassa jossa jokaisesta puristetaan viimeiset pisarat vaurauden keskittyess\u00e4 harvoille ja valituille.<\/p>\n<p>Itsekin nelj\u00e4 vuotta postimiehen\u00e4 toiminut Janne Parviainen on rakentanut vimmaisen kertomuksen Charles Bukowskin Postitoimiston hengess\u00e4, Hunter S. Thompsonin huumeh\u00f6yryisi\u00e4 seikkailuja unohtamatta.<\/p>\n<p><a href=\"https:\/\/www.oulucomics.com\/wp-content\/uploads\/2022\/02\/janneparviainen.jpg\"><img loading=\"lazy\" decoding=\"async\" class=\"aligncenter size-medium wp-image-6427\" src=\"https:\/\/www.oulucomics.com\/wp-content\/uploads\/2022\/02\/janneparviainen-300x200.jpg\" alt=\"\" width=\"300\" height=\"200\" srcset=\"https:\/\/www.oulucomics.com\/wp-content\/uploads\/2022\/02\/janneparviainen-300x200.jpg 300w, https:\/\/www.oulucomics.com\/wp-content\/uploads\/2022\/02\/janneparviainen-768x512.jpg 768w, https:\/\/www.oulucomics.com\/wp-content\/uploads\/2022\/02\/janneparviainen-440x293.jpg 440w, https:\/\/www.oulucomics.com\/wp-content\/uploads\/2022\/02\/janneparviainen.jpg 900w\" sizes=\"auto, (max-width: 300px) 100vw, 300px\" \/><\/a><\/p>\n<\/div><\/div>\n\t\t\t\t<\/li>\n\t\t\t \t<li class=\"event lapset nayttelyt center sarjakuvagalleria\">\n\t\t\t\t\t<div class=\"event-date multi-date\"><div class=\"start-date\"><div class=\"event-weekday\">Sat<\/div><div class=\"event-day\">23<\/div><div class=\"event-month\">Apr<\/div><div class=\"event-year\">2022<\/div><\/div><div class=\"end-date\"><div class=\"event-weekday\">Thu<\/div><div class=\"event-day\">02<\/div><div class=\"event-month\">Jun<\/div><div class=\"event-year\">2022<\/div><\/div><\/div>\n\t\t\t\t\t<div class=\"event-info multi-day\"><div class=\"event-title\"><h3>Enni ja Nanna: T\u00e4n\u00e4\u00e4n minulla on\u2026 -sarjakuvan\u00e4yttely<\/h3><\/div><span class=\"event-time\">10:00 - 20:00<\/span><span class=\"event-location\">Sarjakuvagalleria! | Comics Gallery!, Hallituskatu 7, Oulu<\/span><div class=\"event-details\"><p class=\"p1\"><span class=\"s1\"><img loading=\"lazy\" decoding=\"async\" class=\"alignright size-medium wp-image-6662\" src=\"https:\/\/www.oulucomics.com\/wp-content\/uploads\/2022\/03\/Enni_web-214x300.jpg\" alt=\"\" width=\"214\" height=\"300\" srcset=\"https:\/\/www.oulucomics.com\/wp-content\/uploads\/2022\/03\/Enni_web-214x300.jpg 214w, https:\/\/www.oulucomics.com\/wp-content\/uploads\/2022\/03\/Enni_web.jpg 428w\" sizes=\"auto, (max-width: 214px) 100vw, 214px\" \/>Heips! <\/span><\/p>\n<p class=\"p1\"><span class=\"s1\">T\u00e4\u00e4ll\u00e4 Enni ja Nanna, kaksi 17-vuotiasta sarjakuvien piirt\u00e4j\u00e4\u00e4 Oulun taidekoulusta. Pid\u00e4mme n\u00e4yttelyn Sarjakuvagalleria!ssa. Olemme kumpikin tyk\u00e4nneet piirtelemisest\u00e4 ja sarjakuvien tekemisest\u00e4 jo aivan pienest\u00e4 pit\u00e4en, mink\u00e4 vuoksi olemmekin eritt\u00e4in innoissamme t\u00e4st\u00e4 meid\u00e4n ihka omasta <i>T\u00e4n\u00e4\u00e4n minulla on\u2026 <\/i>-sarjakuvan\u00e4yttelyst\u00e4mme! <\/span><\/p>\n<p class=\"p1\"><span class=\"s1\"><i>T\u00e4n\u00e4\u00e4n minulla on\u2026<\/i> on t\u00e4ynn\u00e4 teoksia, jotka poikkeavat jokainen hieman toisistaan tunnelmiltaan, hahmoiltaan ja teemoiltaan. Niiden tekemiseen tarvittava energia on saatu meit\u00e4 ymp\u00e4r\u00f6ivist\u00e4 hauskoista ja mielenkiintoisista ihmisist\u00e4 \u2013 sek\u00e4 k\u00e4den ulottuvilla olevista herkullisista kekseist\u00e4.<\/span><\/p>\n<p class=\"p1\"><span class=\"s1\">Nauttikaa! (Sarjiksista, ja no miksei kekseist\u00e4kin.)<\/span><\/p>\n<p><img loading=\"lazy\" decoding=\"async\" class=\"size-medium wp-image-6663 aligncenter\" src=\"https:\/\/www.oulucomics.com\/wp-content\/uploads\/2022\/03\/Nanna_web-300x121.jpg\" alt=\"\" width=\"300\" height=\"121\" srcset=\"https:\/\/www.oulucomics.com\/wp-content\/uploads\/2022\/03\/Nanna_web-300x121.jpg 300w, https:\/\/www.oulucomics.com\/wp-content\/uploads\/2022\/03\/Nanna_web-440x177.jpg 440w, https:\/\/www.oulucomics.com\/wp-content\/uploads\/2022\/03\/Nanna_web.jpg 600w\" sizes=\"auto, (max-width: 300px) 100vw, 300px\" \/><\/p>\n<\/div><\/div>\n\t\t\t\t<\/li>\n\t\t\t \t<li class=\"event nayttelyt center sarjakuvagalleria\">\n\t\t\t\t\t<div class=\"event-date multi-date\"><div class=\"start-date\"><div class=\"event-weekday\">Sat<\/div><div class=\"event-day\">04<\/div><div class=\"event-month\">Jun<\/div><div class=\"event-year\">2022<\/div><\/div><div class=\"end-date\"><div class=\"event-weekday\">Sun<\/div><div class=\"event-day\">03<\/div><div class=\"event-month\">Jul<\/div><div class=\"event-year\">2022<\/div><\/div><\/div>\n\t\t\t\t\t<div class=\"event-info multi-day\"><div class=\"event-title\"><h3>Strippisarjakuvan MM-kilpailu -n\u00e4yttely<\/h3><\/div><span class=\"event-time\">10:00 - 20:00<\/span><span class=\"event-location\">Sarjakuvagalleria! | Comics Gallery!, Hallituskatu 7, Oulu<\/span><div class=\"event-details\"><p><img loading=\"lazy\" decoding=\"async\" class=\"alignright wp-image-6244 size-medium\" src=\"https:\/\/www.oulucomics.com\/wp-content\/uploads\/2022\/02\/cswc-logo-2022-300x200.jpeg\" alt=\"\" width=\"300\" height=\"200\" srcset=\"https:\/\/www.oulucomics.com\/wp-content\/uploads\/2022\/02\/cswc-logo-2022-300x200.jpeg 300w, https:\/\/www.oulucomics.com\/wp-content\/uploads\/2022\/02\/cswc-logo-2022-1024x681.jpeg 1024w, https:\/\/www.oulucomics.com\/wp-content\/uploads\/2022\/02\/cswc-logo-2022-768x511.jpeg 768w, https:\/\/www.oulucomics.com\/wp-content\/uploads\/2022\/02\/cswc-logo-2022-1536x1022.jpeg 1536w, https:\/\/www.oulucomics.com\/wp-content\/uploads\/2022\/02\/cswc-logo-2022-440x293.jpeg 440w, https:\/\/www.oulucomics.com\/wp-content\/uploads\/2022\/02\/cswc-logo-2022-1440x958.jpeg 1440w, https:\/\/www.oulucomics.com\/wp-content\/uploads\/2022\/02\/cswc-logo-2022-1920x1277.jpeg 1920w, https:\/\/www.oulucomics.com\/wp-content\/uploads\/2022\/02\/cswc-logo-2022.jpeg 2048w\" sizes=\"auto, (max-width: 300px) 100vw, 300px\" \/>Sarjakuvagalleria!ssa on kes\u00e4n\u00e4yttelyn\u00e4 Strippisarjakuvan MM-kilpailujen historiaa esittelev\u00e4 n\u00e4yttely. Mukana on muistoja menneilt\u00e4 vuosilta ja tietoa tulevasta. Oulun Sarjakuvakeskus aloitti uuden MM-kilpailun korona-aikana, jolloin moni asia siirtyi nettiin. S\u00e4hk\u00f6istymisest\u00e4 johtuvan siirtym\u00e4n my\u00f6t\u00e4 syntynyt Strippisarjakuvan MM-kilpailu j\u00e4\u00e4 kuitenkin el\u00e4m\u00e4\u00e4n.<\/p>\n<\/div><\/div>\n\t\t\t\t<\/li>\n\t\t\t \t<li class=\"event nayttelyt center sarjakuvagalleria\">\n\t\t\t\t\t<div class=\"event-date multi-date\"><div class=\"start-date\"><div class=\"event-weekday\">Mon<\/div><div class=\"event-day\">01<\/div><div class=\"event-month\">Aug<\/div><div class=\"event-year\">2022<\/div><\/div><div class=\"end-date\"><div class=\"event-weekday\">Thu<\/div><div class=\"event-day\">08<\/div><div class=\"event-month\">Sep<\/div><div class=\"event-year\">2022<\/div><\/div><\/div>\n\t\t\t\t\t<div class=\"event-info multi-day\"><div class=\"event-title\"><h3>Juliana Hyrri - P\u00e4iv\u00e4nkakkarameri -originaalin\u00e4yttely<\/h3><\/div><span class=\"event-time\">10:00 - 20:00<\/span><span class=\"event-location\">Sarjakuvagalleria! | Comics Gallery!, Hallituskatu 7, Oulu<\/span><div class=\"event-details\"><p><em><img loading=\"lazy\" decoding=\"async\" class=\"alignright size-medium wp-image-6750\" src=\"https:\/\/www.oulucomics.com\/wp-content\/uploads\/2022\/06\/hyrri_paivankakkarameri-216x300.jpeg\" alt=\"\" width=\"216\" height=\"300\" srcset=\"https:\/\/www.oulucomics.com\/wp-content\/uploads\/2022\/06\/hyrri_paivankakkarameri-216x300.jpeg 216w, https:\/\/www.oulucomics.com\/wp-content\/uploads\/2022\/06\/hyrri_paivankakkarameri-440x612.jpeg 440w, https:\/\/www.oulucomics.com\/wp-content\/uploads\/2022\/06\/hyrri_paivankakkarameri.jpeg 736w\" sizes=\"auto, (max-width: 216px) 100vw, 216px\" \/>P\u00e4iv\u00e4nkakkarameri<\/em> (Suuri Kurpitsa 2022) on kertomus kulttuurien v\u00e4liss\u00e4 kasvamisesta, yhteenkuuluvuuden tunteen etsimisest\u00e4 ja hylk\u00e4\u00e4misen pelosta. Tarinaa kannattelee ajatus er\u00e4\u00e4nlaisesta j\u00e4lleenn\u00e4kemisest\u00e4 lapsuuden kanssa, vuoropuhelusta, ehk\u00e4 hyv\u00e4ksymisest\u00e4kin. Koemme ymp\u00e4r\u00f6iv\u00e4\u00e4 maailmaa pienen Juljenkan n\u00e4k\u00f6kulmasta. H\u00e4nen perheens\u00e4 on tuntemattoman muutoksen \u00e4\u00e4rell\u00e4. Valtava kosminen laiva kuljettaa perheen uuteen paikkaan, jossa t\u00e4ytyy oppia uusi kieli, omaksua uusia tapoja ja kohdata uusia ihmisi\u00e4. Mit\u00e4 ovat pienen ihmisen selviytymiskeinot el\u00e4m\u00e4\u00e4kin suurempien kysymysten \u00e4\u00e4rell\u00e4?<\/p>\n<p><strong>Juliana Hyrri<\/strong> (s. 1989, Kohtla-J\u00e4rve, Viro) on helsinkil\u00e4inen kuvataiteilija, joka tekee sarjakuvia, maalauksia, installaatioita ja kuvituksia. Suomen arvostelijain liitto palkitsi h\u00e4nen esikoisteoksensa Satakieli joka ei laulanut vuonna 2020 Kritiikin kannuksilla.<\/p>\n<p>Taiteilija on paikalla Oulun muusajuhlilla perjantaina 19.8. ja h\u00e4nt\u00e4 haastatellaan Kulttuuritalo Valveen lavalla klo 19:00.<\/p>\n<\/div><\/div>\n\t\t\t\t<\/li>\n\t\t\t \t<li class=\"event nayttelyt center sarjakuvagalleria\">\n\t\t\t\t\t<div class=\"event-date multi-date\"><div class=\"start-date\"><div class=\"event-weekday\">Sat<\/div><div class=\"event-day\">10<\/div><div class=\"event-month\">Sep<\/div><div class=\"event-year\">2022<\/div><\/div><div class=\"end-date\"><div class=\"event-weekday\">Thu<\/div><div class=\"event-day\">06<\/div><div class=\"event-month\">Oct<\/div><div class=\"event-year\">2022<\/div><\/div><\/div>\n\t\t\t\t\t<div class=\"event-info multi-day\"><div class=\"event-title\"><h3>Ookko n\u00e4\u00e4 cossannu?<\/h3><\/div><span class=\"event-time\">10:00 - 20:00<\/span><span class=\"event-location\">Sarjakuvagalleria! | Comics Gallery!, Hallituskatu 7, Oulu<\/span><div class=\"event-details\"><div>\n<p><figure id=\"attachment_6752\" aria-describedby=\"caption-attachment-6752\" style=\"width: 206px\" class=\"wp-caption alignright\"><img loading=\"lazy\" decoding=\"async\" class=\"size-medium wp-image-6752\" src=\"https:\/\/www.oulucomics.com\/wp-content\/uploads\/2022\/06\/Kuvaaja-Aino-Peltokoski-Malli-Maria-Peltokoski.small_-206x300.jpg\" alt=\"Kuva: Aino Peltokoski Malli: Maria Peltokoski\" width=\"206\" height=\"300\" srcset=\"https:\/\/www.oulucomics.com\/wp-content\/uploads\/2022\/06\/Kuvaaja-Aino-Peltokoski-Malli-Maria-Peltokoski.small_-206x300.jpg 206w, https:\/\/www.oulucomics.com\/wp-content\/uploads\/2022\/06\/Kuvaaja-Aino-Peltokoski-Malli-Maria-Peltokoski.small_.jpg 412w\" sizes=\"auto, (max-width: 206px) 100vw, 206px\" \/><figcaption id=\"caption-attachment-6752\" class=\"wp-caption-text\"><em>Kuva: Aino Peltokoski<\/em><br \/><em>Malli: Maria Peltokoski<\/em><\/figcaption><\/figure><\/p>\n<p>Cosplay (costume play) eli suomeksi pukuilu on erilaisia k\u00e4dentaitoja yhdistelev\u00e4 taiteenlaji, jossa cosplaytaiteilijat valmistavat fiktiivisten hahmojen, kuten sarjakuva-, peli-, animaatio- tai elokuvahahmojen, asuja ja pukeutuvat niihin. Ookko n\u00e4\u00e4 cossannu?- n\u00e4yttelyss\u00e4 \u00a0esill\u00e4 on Oulun cosplay ry:n j\u00e4senten asukokonaisuuksia ja cosplaykuvia.<\/p>\n<p>Pukujen takaa l\u00f6ytyy moninaisia tarinoita cosplaytaiteilijoiden historiasta lajin parissa, heid\u00e4n pukujen tekoprosesseista ja siit\u00e4 miksi juuri cosplay kiehtoo. N\u00e4yttely avaa millaista on sonnustautua upeisiin asuihin ja milt\u00e4 tuntuu esitt\u00e4\u00e4 ihailemiaan hahmoja.<\/p>\n<\/div>\n<div><\/div>\n<div>\n<p><strong>N\u00e4yttelynavajaisia vietet\u00e4\u00e4n perjantaina 9.9. klo 18:00 Uusi kirjallisuusfestivaalin yhteydess\u00e4. Tervetuloa!<\/strong><\/p>\n<p>Oulun Cosplay ry on vuonna 2010 perustettu Oulun alueella toimiva cosplay-yhdistys, jonka tarkoituksena on cosplayharrastuksen ja cosplaytaiteilijoiden tukeminen. Yhdistyksen tavoitteena on levitt\u00e4\u00e4 tietoisuutta lajista ja tehd\u00e4 yhteisty\u00f6t\u00e4 kaikkien cosplaysta kiinnostuneiden kanssa. Yhdistys tuottaa cosplayta tukevia tapahtumia, ja yhdistyksen sis\u00e4ll\u00e4 toimii vuonna 2010 perustettu esiintyv\u00e4 cosplayryhm\u00e4 Operaatio Fredrik.<\/p>\n<\/div>\n<div><\/div>\n<div><img loading=\"lazy\" decoding=\"async\" class=\"alignleft wp-image-6751 size-medium\" src=\"https:\/\/www.oulucomics.com\/wp-content\/uploads\/2022\/06\/1-e1654514080370-300x88.png\" alt=\"\" width=\"300\" height=\"88\" srcset=\"https:\/\/www.oulucomics.com\/wp-content\/uploads\/2022\/06\/1-e1654514080370-300x88.png 300w, https:\/\/www.oulucomics.com\/wp-content\/uploads\/2022\/06\/1-e1654514080370-1024x299.png 1024w, https:\/\/www.oulucomics.com\/wp-content\/uploads\/2022\/06\/1-e1654514080370-768x224.png 768w, https:\/\/www.oulucomics.com\/wp-content\/uploads\/2022\/06\/1-e1654514080370-440x128.png 440w, https:\/\/www.oulucomics.com\/wp-content\/uploads\/2022\/06\/1-e1654514080370-1440x420.png 1440w, https:\/\/www.oulucomics.com\/wp-content\/uploads\/2022\/06\/1-e1654514080370.png 1500w\" sizes=\"auto, (max-width: 300px) 100vw, 300px\" \/><\/div>\n<\/div><\/div>\n\t\t\t\t<\/li>\n\t\t\t \t<li class=\"event festivaali nayttelyt center sarjakuvagalleria\">\n\t\t\t\t\t<div class=\"event-date multi-date\"><div class=\"start-date\"><div class=\"event-weekday\">Sat<\/div><div class=\"event-day\">08<\/div><div class=\"event-month\">Oct<\/div><div class=\"event-year\">2022<\/div><\/div><div class=\"end-date\"><div class=\"event-weekday\">Sun<\/div><div class=\"event-day\">13<\/div><div class=\"event-month\">Nov<\/div><div class=\"event-year\">2022<\/div><\/div><\/div>\n\t\t\t\t\t<div class=\"event-info multi-day\"><div class=\"event-title\"><h3>Jaana Suorsa: Rillit - Tarina synestesiasta -n\u00e4yttely | -exhibition<\/h3><\/div><span class=\"event-time\">10:00 - 20:00<\/span><span class=\"event-location\">Sarjakuvagalleria! | Comics Gallery!, Hallituskatu 7, Oulu<\/span><div class=\"event-details\"><p>Synestesia tarkoittaa ominaisuutta kokea yhden aistin kautta tuleva a\u0308rsyke useamman aistin va\u0308lityksella\u0308, yleisemmin eri va\u0308reina\u0308. Muodot ja mielikuvat yhdistyva\u0308t ylla\u0308tta\u0308viin asioihin.<\/p>\n<p><img loading=\"lazy\" decoding=\"async\" class=\"size-medium wp-image-6834 aligncenter\" src=\"https:\/\/www.oulucomics.com\/wp-content\/uploads\/2022\/09\/Rillit_suorsa_net-300x199.jpeg\" alt=\"\" width=\"300\" height=\"199\" srcset=\"https:\/\/www.oulucomics.com\/wp-content\/uploads\/2022\/09\/Rillit_suorsa_net-300x199.jpeg 300w, https:\/\/www.oulucomics.com\/wp-content\/uploads\/2022\/09\/Rillit_suorsa_net-440x292.jpeg 440w, https:\/\/www.oulucomics.com\/wp-content\/uploads\/2022\/09\/Rillit_suorsa_net.jpeg 600w\" sizes=\"auto, (max-width: 300px) 100vw, 300px\" \/><\/p>\n<p>Oululaisl\u00e4ht\u00f6isen sarjakuvataiteilija <strong>Jaana Suorsan<\/strong> 11.11.2022 ilmestyv\u00e4 teos <em>Rillit - Tarina synestesiasta<\/em> (Zum Teufel, 2022) on graafinen tarina, joka kertoo siita\u0308, kuinka synesteetikko -tarinan pa\u0308a\u0308henkilo\u0308- na\u0308kee ja kokee asioita ja tapahtumia. Tarina perustuu kertojan omiin kokemuksiin.<\/p>\n<p>Sarjakuvagalleria!ssa esitelt\u00e4v\u00e4 n\u00e4yttely p\u00e4\u00e4st\u00e4\u00e4 k\u00e4vij\u00e4t tutkimaan milt\u00e4 synesteetikon el\u00e4m\u00e4 voisi tuntua. Tilassa on koettavaa ja kokeiltavaa jokaiselle k\u00e4vij\u00e4lle.<\/p>\n<p><span style=\"font-weight: 400; color: #0000ff;\">Synesthesia means the ability to experience one sensory stimulus through multiple senses, most common being colors. Shapes and mental visions will combine with surprising things.<\/span><\/p>\n<p><span style=\"color: #0000ff;\"><em><span style=\"font-weight: 400;\">Rillit - Tarina synestesiasta<\/span><\/em><span style=\"font-weight: 400;\"> (Zum Teufel, 2022) is a graphic story by comic artist <\/span><strong>Jaana Suorsa<\/strong><span style=\"font-weight: 400;\">, who originates from Oulu. The story is about how a synesthete -the main character of the story- sees and experiences life. The story is based on the author's own experiences.<\/span><\/span><\/p>\n<p><span style=\"font-weight: 400; color: #0000ff;\">The exhibition is located in Comics Gallery! and will let the visitors examine how life would feel as a synesthete. The exhibition has something to experience for every visitor.<\/span><\/p>\n<\/div><\/div>\n\t\t\t\t<\/li>\n\t\t\t \t<li class=\"event festivaali fsat lapset center sarjakuvagalleria\">\n\t\t\t\t\t<div class=\"event-date\"><div class=\"end-date\"><div class=\"event-weekday\">Sat<\/div><div class=\"event-day\">12<\/div><div class=\"event-month\">Nov<\/div><div class=\"event-year\">2022<\/div><\/div><\/div>\n\t\t\t\t\t<div class=\"event-info multi-day\"><div class=\"event-title\"><h3>Festivaalilauantain ohjelmisto | Festivals&#039; saturday program<\/h3><\/div><span class=\"event-time\">10:55 - 18:30<\/span><span class=\"event-location\">Cultural Centre Valve \/ Oulu Comics Center, Hallituskatu 7, Oulu<\/span><div class=\"event-details\"><p><img loading=\"lazy\" decoding=\"async\" class=\"size-full wp-image-2956 alignleft\" src=\"http:\/\/www.oulucomics.com\/wp-content\/uploads\/2017\/10\/fi.jpg\" alt=\"\" width=\"23\" height=\"20\" \/>T\u00e4n\u00e4 vuonna Oulun Sarjakuvafestivaalilla on kaksi lavaa, joista I-lava sijaitsee Kulttuuritalo Valveen kahviossa ja II-lava sarjakuvakeitaalla Valvesalissa.<\/p>\n<p>Englanninkielinen ohjelmisto on merkitty <strong>IN ENGLISH<\/strong> -merkinn\u00e4ll\u00e4.<\/p>\n<p><span style=\"font-weight: 400;\">Kahvila Valveen Paljetti on avoinna ja palvelee festivaalivieraita koko festivaalin ajan ja lauantaina 12.11. klo 10-18. Festivaaliviikolla tarjolla on sarjakuva-aiheista ruokaa, pient\u00e4 purtavaa ja juomista.<\/span><\/p>\n<p><span style=\"font-weight: 400;\">Esiintymisaikataulut p\u00e4ivitet\u00e4\u00e4n kotisivuillemme syyskuun aikana ja lis\u00e4tietoa luvassa my\u00f6hemmin\u2026<\/span><\/p>\n<p><span style=\"color: #0000ff;\"><span style=\"font-weight: 400; color: #0000ff;\"><a href=\"http:\/\/www.oulucomics.com\/wp-content\/uploads\/2017\/10\/en.jpg\"><img loading=\"lazy\" decoding=\"async\" class=\"size-full wp-image-2955 alignleft\" src=\"http:\/\/www.oulucomics.com\/wp-content\/uploads\/2017\/10\/en.jpg\" alt=\"\" width=\"23\" height=\"20\" \/><\/a><\/span>This year the Oulu Comics Festival has two stages. Stage I is located in Cultural Centre Valve's caf\u00e9 and stage II is located in the Comics oasis in Valvesali.<\/span><\/p>\n<p><span style=\"color: #0000ff;\">The program in English is marked with <strong>IN ENGLISH<\/strong>.<\/span><\/p>\n<p><span style=\"font-weight: 400; color: #0000ff;\">Caf\u00e9 Valve Paljetti is open and serving festival guests during the whole festival and also on saturday 12th from 10AM to 6PM. The caf\u00e9 is serving comic-themed food and drinks during the festival week.<\/span><\/p>\n<p><span style=\"color: #0000ff;\">Schedules will be updated on our website during September, and more information will be available later...<\/span><\/p>\n<h3><strong>I lava <span style=\"color: #0000ff;\">(stage I)<\/span><\/strong><\/h3>\n<h4>11:00 - <strong>Kimmo Lust<\/strong>: Silmukka<\/h4>\n<p><div class=\"show_more\"><p class=\"wpsm-show\" style=\"color: #cc0000; font-size: 100%; text-align: left;\"> lis\u00e4\u00e4\/more<\/p><div class=\"wpsm-content\"><\/p>\n<p><img loading=\"lazy\" decoding=\"async\" class=\"alignright wp-image-6901 size-medium\" style=\"font-style: normal; font-variant-ligatures: normal; font-variant-caps: normal; font-weight: 400; font-size: 13px; font-family: 'Open Sans';\" src=\"https:\/\/www.oulucomics.com\/wp-content\/uploads\/2022\/10\/silmukka-216x300.jpeg\" alt=\"\" width=\"216\" height=\"300\" srcset=\"https:\/\/www.oulucomics.com\/wp-content\/uploads\/2022\/10\/silmukka-216x300.jpeg 216w, https:\/\/www.oulucomics.com\/wp-content\/uploads\/2022\/10\/silmukka-736x1024.jpeg 736w, https:\/\/www.oulucomics.com\/wp-content\/uploads\/2022\/10\/silmukka-768x1069.jpeg 768w, https:\/\/www.oulucomics.com\/wp-content\/uploads\/2022\/10\/silmukka-440x612.jpeg 440w, https:\/\/www.oulucomics.com\/wp-content\/uploads\/2022\/10\/silmukka.jpeg 776w\" sizes=\"auto, (max-width: 216px) 100vw, 216px\" \/><\/p>\n<p><em><span style=\"font-weight: 400;\">Silmukka<\/span><\/em><span style=\"font-weight: 400;\"> (Suuri Kurpitsa, 2022) kertoo kasvamisesta p\u00e4ihdeongelmaisen yksinhuoltajan ainoana lapsena ilman yht\u00e4k\u00e4\u00e4n turvallista aikuista. Se kuvittaa nuoruuden tunnemyrskyt ja menetetyn lapsuuden seuraukset. <\/span><strong>Kimmo Lust<\/strong><span style=\"font-weight: 400;\"> avaa lapsen ja nuoren n\u00e4k\u00f6kulman 1990-luvun laman j\u00e4lkeiseen aikaan ja tuo kuuluville niit\u00e4 pieni\u00e4 \u00e4\u00e4ni\u00e4, jotka hautautuvat helposti suuremmilta n\u00e4ytt\u00e4vien yhteiskunnallisten ongelmien alle. Lustia haastattelemassa Jyrki Liikka.<\/span><\/p>\n<p><span style=\"color: #0000ff;\"><em><span style=\"font-weight: 400;\">Silmukka<\/span><\/em><span style=\"font-weight: 400;\"> (Suuri Kurpitsa, 2022) is a story about growing up with a single parent who has a problem with intoxicants. It illustrates the emotional thunder of the youth and the consequences of a lost childhood. <\/span><strong>Kimmo Lust<\/strong><span style=\"font-weight: 400;\"> opens up a point of view from a child's perspective to a time after the 1990's depression, bringing up the small voices that get easily buried under societal problems that seem bigger. Lust will be interviewed by Jyrki Liikka.<\/span><\/span><\/p>\n<p> <p class=\"wpsm-hide\" style=\"color: #cc0000; font-size: 100%; text-align: left;\"> piilota\/hide<\/p><\/div><\/div><\/p>\n<h4>11:30 - <strong>Jaana Suorsa<\/strong>: Rillit - Tarina synestesiasta<\/h4>\n<p><div class=\"show_more\"><p class=\"wpsm-show\" style=\"color: #cc0000; font-size: 100%; text-align: left;\"> lis\u00e4\u00e4\/more<\/p><div class=\"wpsm-content\"><\/p>\n<p><img loading=\"lazy\" decoding=\"async\" class=\"alignright wp-image-6879 size-medium\" style=\"font-style: normal; font-variant-ligatures: normal; font-variant-caps: normal; font-weight: 400; font-size: 13px; font-family: 'Open Sans';\" src=\"https:\/\/www.oulucomics.com\/wp-content\/uploads\/2022\/09\/Rillit_kansi_net-252x300.jpeg\" alt=\"\" width=\"252\" height=\"300\" srcset=\"https:\/\/www.oulucomics.com\/wp-content\/uploads\/2022\/09\/Rillit_kansi_net-252x300.jpeg 252w, https:\/\/www.oulucomics.com\/wp-content\/uploads\/2022\/09\/Rillit_kansi_net-440x524.jpeg 440w, https:\/\/www.oulucomics.com\/wp-content\/uploads\/2022\/09\/Rillit_kansi_net.jpeg 600w\" sizes=\"auto, (max-width: 252px) 100vw, 252px\" \/><\/p>\n<p><span style=\"font-weight: 400;\">Oululaisl\u00e4ht\u00f6isen sarjakuvataiteilija <\/span><strong>Jaana Suorsan<\/strong><span style=\"font-weight: 400;\"> teos <\/span><em><span style=\"font-weight: 400;\">Rillit - Tarina synestesiasta<\/span><\/em><span style=\"font-weight: 400;\"> (Zum Teufel, 2022) on graafinen tarina, joka kertoo siita\u0308, kuinka synesteetikko -tarinan pa\u0308a\u0308henkilo\u0308- na\u0308kee ja kokee asioita ja tapahtumia. Tarina perustuu kertojan omiin kokemuksiin. Suorsan kanssa aiheesta on keskustelemassa Jouko Ruokosenm\u00e4ki.<\/span><\/p>\n<p><span style=\"color: #0000ff;\"><em>Rillit - Tarina synestesiasta<\/em> (Zum Teufel, 2022) is a graphic story by comic artist <strong>Jaana Suorsa<\/strong><span style=\"font-weight: 400;\">, who originates from Oulu. The story is about how a synesthete -the main character of the story- sees and experiences life. The story is based on the author's own experiences. Discussing the topic with Suorsa will be Jouko Ruokosenm\u00e4ki.<\/span><\/span><\/p>\n<p> <p class=\"wpsm-hide\" style=\"color: #cc0000; font-size: 100%; text-align: left;\"> piilota\/hide<\/p><\/div><\/div><\/p>\n<h4>12:00 - <strong>Ville Ranta<\/strong>: Kurissa ja nuhteessa - Pilapiirroksia 2019-22<\/h4>\n<p><div class=\"show_more\"><p class=\"wpsm-show\" style=\"color: #cc0000; font-size: 100%; text-align: left;\"> lis\u00e4\u00e4\/more<\/p><div class=\"wpsm-content\"><\/p>\n<p><img loading=\"lazy\" decoding=\"async\" class=\"wp-image-6840 size-medium alignright\" src=\"https:\/\/www.oulucomics.com\/wp-content\/uploads\/2022\/09\/ranta_kurissa-296x300.jpg\" alt=\"\" width=\"296\" height=\"300\" srcset=\"https:\/\/www.oulucomics.com\/wp-content\/uploads\/2022\/09\/ranta_kurissa-296x300.jpg 296w, https:\/\/www.oulucomics.com\/wp-content\/uploads\/2022\/09\/ranta_kurissa-92x92.jpg 92w, https:\/\/www.oulucomics.com\/wp-content\/uploads\/2022\/09\/ranta_kurissa-440x446.jpg 440w, https:\/\/www.oulucomics.com\/wp-content\/uploads\/2022\/09\/ranta_kurissa.jpg 592w\" sizes=\"auto, (max-width: 296px) 100vw, 296px\" \/><\/p>\n<p><span style=\"font-weight: 400;\">Pilapiirt\u00e4j\u00e4n\u00e4kin tunnettu oululaisl\u00e4ht\u00f6inen sarjakuvataiteilija <\/span><strong>Ville Ranta<\/strong><span style=\"font-weight: 400;\"> ker\u00e4si 150 pilapiirrostaan yhteen teoksessaan<\/span><em><span style=\"font-weight: 400;\"> Kurissa ja nuhteessa - Pilapiirroksia 2019-22 <\/span><\/em><span style=\"font-weight: 400;\">(WSOY, 2022). Iltalehdenkin sivuilla n\u00e4kyneet pilapiirrokset k\u00e4sittelev\u00e4t politiikkaa, koronapandemiaa ja yhteiskunnan polarisoitumista. Journalistisella otteella sarjakuvataitelijan kanssa on teoksesta keskustelemassa Juhani Tolvanen.<\/span><\/p>\n<p><span style=\"color: #0000ff;\">Comic artist known for also his caricatures, <strong>Ville Ranta<\/strong>, collected 150 of his satirical drawings in to one publication; the cartoons in <em>Kurissa ja nuhteessa - Pilapiirroksia 2019-22<\/em> (WSOY, 2022) handle themes as politics, the coronavirus pandemic and the polarisation of our society. Many of the works have been published in newspapers, such as Iltalehti. Speaking about the publication with Ville will be Juhani Tolvanen.<\/span><\/p>\n<p> <p class=\"wpsm-hide\" style=\"color: #cc0000; font-size: 100%; text-align: left;\"> piilota\/hide<\/p><\/div><\/div><\/p>\n<h4>12:30 - <strong>Kari Sihvonen<\/strong>: Syntax Terror<\/h4>\n<p><div class=\"show_more\"><p class=\"wpsm-show\" style=\"color: #cc0000; font-size: 100%; text-align: left;\"> lis\u00e4\u00e4\/more<\/p><div class=\"wpsm-content\"><\/p>\n<p><img loading=\"lazy\" decoding=\"async\" class=\"wp-image-6841 size-medium alignright\" style=\"font-style: normal; font-variant-ligatures: normal; font-variant-caps: normal; font-weight: 400; font-size: 13px; font-family: 'Open Sans';\" src=\"https:\/\/www.oulucomics.com\/wp-content\/uploads\/2022\/09\/sihvonen_syntaxterror-231x300.jpg\" alt=\"\" width=\"231\" height=\"300\" srcset=\"https:\/\/www.oulucomics.com\/wp-content\/uploads\/2022\/09\/sihvonen_syntaxterror-231x300.jpg 231w, https:\/\/www.oulucomics.com\/wp-content\/uploads\/2022\/09\/sihvonen_syntaxterror-440x571.jpg 440w, https:\/\/www.oulucomics.com\/wp-content\/uploads\/2022\/09\/sihvonen_syntaxterror.jpg 462w\" sizes=\"auto, (max-width: 231px) 100vw, 231px\" \/><\/p>\n<p><span style=\"font-weight: 400;\">Scifikauhua pullollaan oleva <\/span><em><span style=\"font-weight: 400;\">Syntax Terror<\/span><\/em><span style=\"font-weight: 400;\"> (Zum Teufel, 2022) tarjoaa sanatonta sarjakuvaa. <\/span><strong>Kari Sihvonen<\/strong><span style=\"font-weight: 400;\"> tuo kosmiset kauhut k\u00e4siisi, ja kirjan mukana tulevat 3D-lasit mahdollistavat kolmiulotteisten sivujen tarkastelun. Sihvosen kolmiulotteisten ajatusten maailmaan kuulijoita taiteilijan kanssa johdattelee Vesa Kataisto.<br \/>\n<\/span><\/p>\n<p><span style=\"color: #0000ff;\">Bursting with sci-fi horror, <em>Syntax Terror<\/em> (Zum Teufel, 2022) offers non-verbal cartoons to its readers. <strong>Kari Sihvonen<\/strong> brings the cosmic terrors to you, and the 3D-glasses that come with the book will let you delve deep into the three-dimensional pages. Speaking with Sihvonen about his three-dimensional thoughts will be Vesa Kataisto.\u00a0<\/span><\/p>\n<p><span style=\"font-weight: 400;\">\u00a0<\/span><\/p>\n<p> <p class=\"wpsm-hide\" style=\"color: #cc0000; font-size: 100%; text-align: left;\"> piilota\/hide<\/p><\/div><\/div><\/p>\n<h4>13:00 - <strong>Tapani Bagge &amp; Aapo Kukko<\/strong>: Marius<\/h4>\n<p><div class=\"show_more\"><p class=\"wpsm-show\" style=\"color: #cc0000; font-size: 100%; text-align: left;\"> lis\u00e4\u00e4\/more<\/p><div class=\"wpsm-content\"><\/p>\n<p><img loading=\"lazy\" decoding=\"async\" class=\"alignright wp-image-6836 size-medium\" style=\"font-style: normal; font-variant-ligatures: normal; font-variant-caps: normal; font-weight: 400; font-size: 13px; font-family: 'Open Sans';\" src=\"https:\/\/www.oulucomics.com\/wp-content\/uploads\/2022\/09\/marius_kannet_malli-215x300.jpg\" alt=\"\" width=\"215\" height=\"300\" srcset=\"https:\/\/www.oulucomics.com\/wp-content\/uploads\/2022\/09\/marius_kannet_malli-215x300.jpg 215w, https:\/\/www.oulucomics.com\/wp-content\/uploads\/2022\/09\/marius_kannet_malli.jpg 430w\" sizes=\"auto, (max-width: 215px) 100vw, 215px\" \/><\/p>\n<p><em><span style=\"font-weight: 400;\">Marius<\/span><\/em><span style=\"font-weight: 400;\"> (Zum Teufel, 2022) on tarina <\/span><strong>Tapani Baggen<\/strong><span style=\"font-weight: 400;\"> luomasta etsiv\u00e4 <\/span><i><span style=\"font-weight: 400;\">V\u00e4in\u00f6 Mujusesta<\/span><\/i><span style=\"font-weight: 400;\">, joka seikkailee halki vaarallisten tilanteiden. Marius on toinen Mujusesta kertova sarjakuva-albumi, jonka <\/span><strong>Aapo Kukko<\/strong><span style=\"font-weight: 400;\"> on sovittanut ja piirt\u00e4nyt Tapani Baggen tarinasta. Tekij\u00f6it\u00e4 haastattelee Ville H\u00e4nninen.<\/span><\/p>\n<p><span style=\"color: #0000ff;\"><em>Marius<\/em> (Zum Teufel, 2022) is a story about a character called V\u00e4in\u00f6 Mujunen, created by <strong>Tapani Bagge<\/strong>. Mujunen is a detective who adventures through dangerous situations. Marius is the second comic album about Mujunen, adapted and drawn by <strong>Aapo Kukko<\/strong> from the story written by Bagge. Interviewing these two authors will be Ville H\u00e4nninen.<\/span><\/p>\n<p> <p class=\"wpsm-hide\" style=\"color: #cc0000; font-size: 100%; text-align: left;\"> piilota\/hide<\/p><\/div><\/div><\/p>\n<h4>13:30 - <strong>Aino Sutinen<\/strong>: S\u00f6rn\u00e4isten tytt\u00f6 - Sylvi-Kyllikki Kilven p\u00e4iv\u00e4kirja 1915-1918 sarjakuvana<\/h4>\n<p><div class=\"show_more\"><p class=\"wpsm-show\" style=\"color: #cc0000; font-size: 100%; text-align: left;\"> lis\u00e4\u00e4\/more<\/p><div class=\"wpsm-content\"><\/p>\n<p><img loading=\"lazy\" decoding=\"async\" class=\"alignright wp-image-6842 size-medium\" src=\"https:\/\/www.oulucomics.com\/wp-content\/uploads\/2022\/09\/sornaisten_tytto-220x300.jpg\" alt=\"\" width=\"220\" height=\"300\" srcset=\"https:\/\/www.oulucomics.com\/wp-content\/uploads\/2022\/09\/sornaisten_tytto-220x300.jpg 220w, https:\/\/www.oulucomics.com\/wp-content\/uploads\/2022\/09\/sornaisten_tytto.jpg 440w\" sizes=\"auto, (max-width: 220px) 100vw, 220px\" \/><\/p>\n<p><em><span style=\"font-weight: 400;\">S\u00f6rn\u00e4isten tytt\u00f6 - Sylvi-Kyllikki Kilven p\u00e4iv\u00e4kirja 1915-1918 sarjakuvana<\/span><\/em><span style=\"font-weight: 400;\"> (Suuri Kurpitsa, 2022) on alun perin Sylvi-Kyllikki Sinervon nuoruusvuosinaan kirjoittama p\u00e4iv\u00e4kirja, joka on tallentanut ty\u00f6l\u00e4istyt\u00f6n el\u00e4m\u00e4\u00e4, tunteita ja pelkoja sis\u00e4llissodan aikana. P\u00e4iv\u00e4kirjan pohjalta tehtiin uusi S\u00f6rn\u00e4isten tytt\u00f6; k\u00e4sikirjoituksen tehnyt Leena Virtanen ja piirrokset tehnyt <\/span><strong>Aino Sutinen<\/strong><span style=\"font-weight: 400;\"> kertovat Sylvi-Kyllikin tarinan sarjakuvamuodossa. Sutista on teoksen merkeiss\u00e4 haastattelemassa Jyrki Liikka.<\/span><\/p>\n<p><span style=\"color: #0000ff;\"><em>S\u00f6rn\u00e4isten tytt\u00f6 - Sylvi-Kyllikki Kilven p\u00e4iv\u00e4kirja 1915-1918 sarjakuvana<\/em> (Suuri Kurpitsa, 2022) is originally a journal written by Sylvi-Kyllikki Sinervo during her youth. The journal has captured the life, feelings and fears of a working-class girl during the civil war. Based on the journal was made the new S\u00f6rn\u00e4isten tytt\u00f6, telling the story of Sylvi-Kyllikki in a comic book format. The book is scripted by Leena Virtanen and illustrated by <strong>Aino Sutinen<\/strong>. Jyrki Liikka will be interviewing Sutinen.<\/span><\/p>\n<p> <p class=\"wpsm-hide\" style=\"color: #cc0000; font-size: 100%; text-align: left;\"> piilota\/hide<\/p><\/div><\/div><\/p>\n<h4>14:00 - <strong>S\u00f8ren Mosdal<\/strong> (Tanska)<span style=\"color: #0000ff;\"> IN ENGLISH<\/span>: Nastrand - Vainajien ranta<\/h4>\n<p><div class=\"show_more\"><p class=\"wpsm-show\" style=\"color: #cc0000; font-size: 100%; text-align: left;\"> lis\u00e4\u00e4\/more<\/p><div class=\"wpsm-content\"><\/p>\n<p><img loading=\"lazy\" decoding=\"async\" class=\"alignright wp-image-6880 size-medium\" src=\"https:\/\/www.oulucomics.com\/wp-content\/uploads\/2022\/09\/nastrand_kansi_net-209x300.jpeg\" alt=\"\" width=\"209\" height=\"300\" srcset=\"https:\/\/www.oulucomics.com\/wp-content\/uploads\/2022\/09\/nastrand_kansi_net-209x300.jpeg 209w, https:\/\/www.oulucomics.com\/wp-content\/uploads\/2022\/09\/nastrand_kansi_net-440x633.jpeg 440w, https:\/\/www.oulucomics.com\/wp-content\/uploads\/2022\/09\/nastrand_kansi_net.jpeg 626w\" sizes=\"auto, (max-width: 209px) 100vw, 209px\" \/><\/p>\n<p><em><span style=\"font-weight: 400;\">Nastrand - Vainajien ranta<\/span><\/em><span style=\"font-weight: 400;\"> (Zum Teufel, 2022) on tanskalaisen <strong>S\u00f8ren Mosdalin<\/strong> (s. 1972) ensimm\u00e4inen suomeksi julkaistu sarjakuvakirja. Se on vauhdikasta ja groteskilla huumorilla varustettua viikinkikauhua. Tarinan pohjana on tuhat vuotta vanha runo V\u00f6lusp\u00e1, \u201dN\u00e4kij\u00e4tt\u00e4ren ennustus\u201d. Se tunnetaan t\u00e4rke\u00e4n\u00e4 osana Eddaa, skandinaavista muinaistarujen kokoelmaa.<\/span><\/p>\n<p><span style=\"font-weight: 400;\">Deirdre ja h\u00e4nen herransa Thorkel her\u00e4\u00e4v\u00e4t Nastrandilla, vainajien rannalla... Siell\u00e4 kuolleet voivat peseyty\u00e4 sen sijaan, ett\u00e4 p\u00e4\u00e4tyisiv\u00e4t Valhallaan. Deirdre ja Thorkel kamppailevat selviyty\u00e4kseen ja ymm\u00e4rt\u00e4\u00e4kseen tuntematonta. Kuolema on ja tulee aina olemaan tuntematon m\u00e4\u00e4r\u00e4np\u00e4\u00e4. Aiheeseen liittyen Mosdalia haastattelee Ville H\u00e4nninen.<\/span><\/p>\n<p><span style=\"color: #0000ff;\"><em>Nastrand - Vainajien ranta<\/em> (Zum Teufel, 2022) by Danish <strong>S\u00f8ren Mosdal<\/strong> (born 1972) is his first publication to be translated to Finnish. The story is viking horror spiced with grotesque humor. The story is based on the thousand-year old poem V\u00f6lusp\u00e1, roughly translated to \u201cprophecy of the seeress\u201d. The poem is known to be a crucial part of Edda, a collection of Scandinavian mythologies.\u00a0<\/span><\/p>\n<p><span style=\"color: #0000ff;\">Deirdre and his lord Thorkel wake up on Nastrand, the shore of the deceased. Those who have died there can wash themselves instead of going to Valhalla. Deirdre and Thorkel are fighting for their survival and to understand the unknown; death is and will always be an unknown destination..\u00a0<\/span><\/p>\n<p><span style=\"color: #0000ff;\">Ville H\u00e4nninen will be interviewing Mosdal.<\/span><\/p>\n<p> <p class=\"wpsm-hide\" style=\"color: #cc0000; font-size: 100%; text-align: left;\"> piilota\/hide<\/p><\/div><\/div><\/p>\n<h4>14:30 - <strong>Petri Hiltunen<\/strong>: Praedor<\/h4>\n<p><div class=\"show_more\"><p class=\"wpsm-show\" style=\"color: #cc0000; font-size: 100%; text-align: left;\"> lis\u00e4\u00e4\/more<\/p><div class=\"wpsm-content\"><\/p>\n<p><img loading=\"lazy\" decoding=\"async\" class=\"alignright wp-image-6837 size-medium\" style=\"font-style: normal; font-variant-ligatures: normal; font-variant-caps: normal; font-weight: 400; font-size: 13px; font-family: 'Open Sans';\" src=\"https:\/\/www.oulucomics.com\/wp-content\/uploads\/2022\/09\/praedorkansi-205x300.jpg\" alt=\"\" width=\"205\" height=\"300\" srcset=\"https:\/\/www.oulucomics.com\/wp-content\/uploads\/2022\/09\/praedorkansi-205x300.jpg 205w, https:\/\/www.oulucomics.com\/wp-content\/uploads\/2022\/09\/praedorkansi.jpg 410w\" sizes=\"auto, (max-width: 205px) 100vw, 205px\" \/><\/p>\n<p><em><span style=\"font-weight: 400;\">Praedor<\/span><\/em><span style=\"font-weight: 400;\"> (Zum Teufel, 2022) on <\/span><strong>Petri Hiltusen<\/strong><span style=\"font-weight: 400;\"> piirt\u00e4m\u00e4 sarjakuva, joka sijoittuu Jaconian fantasiamaailmaan. Praedorit ovat sotureita, jotka etsiv\u00e4t aarteita hirvi\u00f6iden kansoittamilta alueilta, Borvariasta. Tarinat ovat miekka ja magia -tyylin fantasiaa.<\/span><\/p>\n<p><span style=\"font-weight: 400;\">Ensimm\u00e4inen Praedor-sarjakuva ilmestyi v. 1985 Conan-lehdess\u00e4. Lis\u00e4ksi Praedor-sarjakuvia on julkaistu mm. T\u00e4htivaeltaja-, Magus- ja Jys\u00e4ys-lehdiss\u00e4 sek\u00e4 omina albumeinaan.\u00a0<\/span><\/p>\n<p><span style=\"font-weight: 400;\">Oulun Sarjakuvafestivaalilla virallisesti julkaistava 400-sivuinen Praedor-kokoelma kokoaa yksiin kansiin KAIKKI Praedor-sarjakuvat 80-luvun puoliv\u00e4list\u00e4 l\u00e4htien. Praedor-kokoelma lienee kaikkien aikojen jykevin suomalaisen sarjakuvantekij\u00e4n kokoelmakirja!\u00a0<\/span><\/p>\n<p><span style=\"font-weight: 400;\">Fantasiamaailmaan pitk\u00e4n linjan sarjakuvantekij\u00e4n kanssa sukeltaa filosofian tohtori ja kirjallisuustutkija Jyrki Korpua.<\/span><\/p>\n<p><span style=\"color: #0000ff;\"><em><span style=\"font-weight: 400;\">Praedor<\/span><\/em><span style=\"font-weight: 400;\"> (Zum Teufel, 2022) is a story about the fantasy world Jaconia, illustrated by <\/span><strong>Petri Hiltunen<\/strong><span style=\"font-weight: 400;\">. The Praedors are warriors, who search for treasures in the monster-in<\/span><\/span><\/p>\n<p><span style=\"font-weight: 400; color: #0000ff;\">fested land of Borvaria. The stories are typical swords and magic -style fantasy.<\/span><\/p>\n<p><span style=\"font-weight: 400; color: #0000ff;\">The first Praedor-comic came out in the Conan-magazine in 1985. In addition to independent albums, Praedor-comics have been published in T\u00e4htivaeltaja-, Magus- and Jys\u00e4ys-magazines.<\/span><\/p>\n<p><span style=\"font-weight: 400; color: #0000ff;\">The 400-page Praedor collection that gathers ALL Praedor-comics from the 80s to the present will be officially published at the Oulu Comics Festival. The collection book might be the most sturdy collection made by a finnish comic author!<\/span><\/p>\n<p><span style=\"font-weight: 400; color: #0000ff;\">The long-standing comic author will be interviewed by the philosophy doctorate and literature researcher Jyrki Korpua.<\/span><\/p>\n<p>&nbsp;<\/p>\n<p> <p class=\"wpsm-hide\" style=\"color: #cc0000; font-size: 100%; text-align: left;\"> piilota\/hide<\/p><\/div><\/div><\/p>\n<h4>15:15 - <strong>Jarno Latva-Nikkola<\/strong>: Logistiikkakeskus 5<\/h4>\n<p><div class=\"show_more\"><p class=\"wpsm-show\" style=\"color: #cc0000; font-size: 100%; text-align: left;\"> lis\u00e4\u00e4\/more<\/p><div class=\"wpsm-content\"><\/p>\n<p><img loading=\"lazy\" decoding=\"async\" class=\"alignright wp-image-6839 size-medium\" style=\"font-style: normal; font-variant-ligatures: normal; font-variant-caps: normal; font-weight: 400; font-size: 13px; font-family: 'Open Sans';\" src=\"https:\/\/www.oulucomics.com\/wp-content\/uploads\/2022\/09\/logistiikkakeskus_5-210x300.jpg\" alt=\"\" width=\"210\" height=\"300\" srcset=\"https:\/\/www.oulucomics.com\/wp-content\/uploads\/2022\/09\/logistiikkakeskus_5-210x300.jpg 210w, https:\/\/www.oulucomics.com\/wp-content\/uploads\/2022\/09\/logistiikkakeskus_5.jpg 419w\" sizes=\"auto, (max-width: 210px) 100vw, 210px\" \/><\/p>\n<p><span style=\"font-weight: 400;\"><em>Logistiikkakeskus 5<\/em> (Zum Teufel, 2022) on sarjakuvataiteilija <strong>Jarno Latva-Nikkolan<\/strong> auktorisoitu omakuolemakerta, jossa siirryt\u00e4\u00e4n Tampereelta tuonpuoleiseen lajittelukeskukseen. Teoksen teemana on ty\u00f6; mill\u00e4 asenteella joku ryhtyy ty\u00f6h\u00f6ns\u00e4 ja miksi?\u00a0<\/span><\/p>\n<p><span style=\"font-weight: 400;\">Latva-Nikkolaa haastattelee Reetta Laitinen.<\/span><\/p>\n<p><span style=\"color: #0000ff;\"><em><span style=\"font-weight: 400;\">Logistiikkakeskus 5<\/span><\/em><span style=\"font-weight: 400;\"> (Zum Teufel, 2022) is comic artist <\/span><strong>Jarno Latva-Nikkola<\/strong><span style=\"font-weight: 400;\"><strong>\u2019s<\/strong> authorized biography of death, where he travels from Tampere to the sorting center of the afterlife. The theme of the book is work; what attitude does one take when working and why?<\/span><\/span><\/p>\n<p><span style=\"font-weight: 400; color: #0000ff;\">Latva-Nikkola will be interviewed by Reetta Laitinen.<\/span><\/p>\n<p> <p class=\"wpsm-hide\" style=\"color: #cc0000; font-size: 100%; text-align: left;\"> piilota\/hide<\/p><\/div><\/div><\/p>\n<h4>15:45 - <strong>Malin Falch<\/strong> (Norja) <span style=\"color: #0000ff;\">IN ENGLISH<\/span>: Pohjantuli 3 - Lintusisaret<\/h4>\n<p><div class=\"show_more\"><p class=\"wpsm-show\" style=\"color: #cc0000; font-size: 100%; text-align: left;\"> lis\u00e4\u00e4\/more<\/p><div class=\"wpsm-content\"><\/p>\n<p><strong style=\"font-style: normal; font-variant-ligatures: normal; font-variant-caps: normal; font-size: 13px; font-family: 'Open Sans';\"><img loading=\"lazy\" decoding=\"async\" class=\"alignright wp-image-6838 size-medium\" src=\"https:\/\/www.oulucomics.com\/wp-content\/uploads\/2022\/09\/falch_pohjantuli3-209x300.png\" alt=\"\" width=\"209\" height=\"300\" srcset=\"https:\/\/www.oulucomics.com\/wp-content\/uploads\/2022\/09\/falch_pohjantuli3-209x300.png 209w, https:\/\/www.oulucomics.com\/wp-content\/uploads\/2022\/09\/falch_pohjantuli3-440x630.png 440w, https:\/\/www.oulucomics.com\/wp-content\/uploads\/2022\/09\/falch_pohjantuli3.png 596w\" sizes=\"auto, (max-width: 209px) 100vw, 209px\" \/><\/strong><\/p>\n<p><span style=\"font-weight: 400;\"><strong>Malin Falchin<\/strong> kirjoittama ja kuvittama Pohjantuli -sarja on tarumainen seikkailu, t\u00e4ynn\u00e4 pohjoista taikaa ja\u00a0<\/span><\/p>\n<p><span style=\"font-weight: 400;\">ihmeentuntua. Oulun Sarjakuvafestivaalilla 2022 julkaistaan <\/span><em><span style=\"font-weight: 400;\">Pohjantuli 3 - Lintusisaret<\/span><\/em><span style=\"font-weight: 400;\"> (Egmont, 2022) -sarjakuva-albumi, joka jatkaa Sonjan seikkailua fantastisessa Peikkolaaksossa.<\/span><\/p>\n<p><span style=\"font-weight: 400;\">Teoksen rikas fantasiamaailma, j\u00e4nnitt\u00e4v\u00e4 kertomus ja v\u00e4rikk\u00e4\u00e4t piirrokset tempaisevat mukaansa kaikenik\u00e4iset lukijat. Norjassa sarjan ensimm\u00e4inen osa <\/span><em><span style=\"font-weight: 400;\">Pohjantuli - Peikkolaakso<\/span><\/em><span style=\"font-weight: 400;\"> (Egmont, 2021) on myynyt jo yli 20.000 kappaletta, ja teos vietti koko vuoden 2018 maan bestseller-listan k\u00e4rjess\u00e4.<\/span><\/p>\n<p><span style=\"font-weight: 400;\">Tarinan kolmannessa, j\u00e4nnitt\u00e4v\u00e4ss\u00e4 osassa pohjoisen magian maailma paljastaa Sonjalle uusia puolia itsest\u00e4\u00e4n. Sonja, Lotta ja Otso-karhu l\u00e4htev\u00e4t etsim\u00e4\u00e4n Sonjan Henrik-set\u00e4\u00e4. Taikavoimilla siunatun Lotan salaper\u00e4inen menneisyys alkaa paljastua, kun kolmikko kohtaa lakeuksilla oudon, poroja kasvattavan kansan. Oraakkeli Varis ei kuitenkaan katso hyv\u00e4ll\u00e4 opetuslapsensa uusia yst\u00e4vi\u00e4.<\/span><\/p>\n<p><span style=\"font-weight: 400;\">Norjan Tromdheimiss\u00e4 vuonna 1993 syntynytt\u00e4 Malin Falchia saapuu haastattelemaan kustannustoimittaja Tonje Tornes.<\/span><\/p>\n<p><span style=\"color: #0000ff;\">Northern Lights -series, written and illustrated by <strong>Malin Falch<\/strong>, is a magical adventure filled with northern charm and miraculousness. <em>Northern Lights, Book Three\u00a0- The Crow Sisters<\/em> (Egmont, 2022) is a comic book that continues the adventures of Sonja in the mystical valley of the Trolls. Pohjantuli 3 - Lintusisaret will be published at Oulu Comics Festival 2022.<\/span><\/p>\n<p><span style=\"color: #0000ff;\">The rich fantasy environment, exciting story and colorful illustrations will sweep the reader within themselves, regardless of age. The first part, Northern Lights - The Valley of &lt;Ttrolls has sold over 20.000 copies in Norway and spent 2018 in the top of the bestseller list there.<\/span><\/p>\n<p><span style=\"color: #0000ff;\">In the third chapter, Sonja, Lotta and Otso-bear are on a journey to find Sonja\u00b4s uncle Henrik. Sonja\u00b4s magic-infused past is starting to unravel as the trio faces a weird, reindeer-herding folk on the expanses. Oracle Varis doesn\u2019t seem to like the newcomers\u2026<\/span><\/p>\n<p><span style=\"color: #0000ff;\">The creator, Malin Falch (b. 1993), grew up in Trondheim, but currently lives in Oslo. Falch will be interviewed by Tonje Tornes.<\/span><\/p>\n<p> <p class=\"wpsm-hide\" style=\"color: #cc0000; font-size: 100%; text-align: left;\"> piilota\/hide<\/p><\/div><\/div><\/p>\n<h4>16:30 - <strong>Karoliina Korhonen<\/strong>: Suomalaisten painajaisia Sarjakuplan live-podcast<\/h4>\n<p><div class=\"show_more\"><p class=\"wpsm-show\" style=\"color: #cc0000; font-size: 100%; text-align: left;\"> lis\u00e4\u00e4\/more<\/p><div class=\"wpsm-content\"><\/p>\n<p><span style=\"font-weight: 400;\"><img loading=\"lazy\" decoding=\"async\" class=\"alignright size-medium wp-image-6918\" src=\"https:\/\/www.oulucomics.com\/wp-content\/uploads\/2022\/10\/Sarjakupla_oulu_ohjelmakuva-300x300.png\" alt=\"\" width=\"300\" height=\"300\" srcset=\"https:\/\/www.oulucomics.com\/wp-content\/uploads\/2022\/10\/Sarjakupla_oulu_ohjelmakuva-300x300.png 300w, https:\/\/www.oulucomics.com\/wp-content\/uploads\/2022\/10\/Sarjakupla_oulu_ohjelmakuva-150x150.png 150w, https:\/\/www.oulucomics.com\/wp-content\/uploads\/2022\/10\/Sarjakupla_oulu_ohjelmakuva-250x250.png 250w, https:\/\/www.oulucomics.com\/wp-content\/uploads\/2022\/10\/Sarjakupla_oulu_ohjelmakuva-92x92.png 92w, https:\/\/www.oulucomics.com\/wp-content\/uploads\/2022\/10\/Sarjakupla_oulu_ohjelmakuva-440x440.png 440w, https:\/\/www.oulucomics.com\/wp-content\/uploads\/2022\/10\/Sarjakupla_oulu_ohjelmakuva.png 600w\" sizes=\"auto, (max-width: 300px) 100vw, 300px\" \/>Suomalaisten painajaisia- sarjakuvakirjat kertovat siit\u00e4, kuinka hankalaa on olla suomalainen sosiaalisissa tilanteissa. Suuren suosion saavuttaneen sarjan tekij\u00e4<\/span> <strong>Karoliina Korhonen<\/strong><span style=\"font-weight: 400;\"> on mukana Sarjakuplan live-podcastissa, jonka toteuttavat Anssi Vieruaho ja Sami Nyyss\u00f6l\u00e4.<\/span><\/p>\n<p><a href=\"http:\/\/finnishnightmares.blogspot.com\/\" target=\"_blank\" rel=\"noopener\"><span style=\"font-weight: 400;\">http:\/\/finnishnightmares.blogspot.com\/<\/span><\/a><\/p>\n<p><span style=\"color: #0000ff;\">Finnish Nightmares are comic books telling the frustrating story of being an awkward Finn. <strong>Karoliina Korhonen<\/strong>, the author of the popular <em>Finnish Nightmares<\/em>, will be joining Sarjakupla, the live podcast hosted by Anssi Vieruaho and Sami Nyyss\u00f6l\u00e4.<\/span><\/p>\n<p> <p class=\"wpsm-hide\" style=\"color: #cc0000; font-size: 100%; text-align: left;\"> piilota\/hide<\/p><\/div><\/div><\/p>\n<h4>17:15 - <strong>Tessa Astre<\/strong>, <strong>Aapo Kukko<\/strong> &amp; <strong>Niko-Petteri Niva<\/strong>: Uhma on Jumalasta<\/h4>\n<p><div class=\"show_more\"><p class=\"wpsm-show\" style=\"color: #cc0000; font-size: 100%; text-align: left;\"> lis\u00e4\u00e4\/more<\/p><div class=\"wpsm-content\"><\/p>\n<p><span style=\"font-weight: 400;\"><em><img loading=\"lazy\" decoding=\"async\" class=\"alignright size-medium wp-image-6920\" src=\"https:\/\/www.oulucomics.com\/wp-content\/uploads\/2022\/10\/uhmaonjumalastakansi-300x215.jpeg\" alt=\"\" width=\"300\" height=\"215\" srcset=\"https:\/\/www.oulucomics.com\/wp-content\/uploads\/2022\/10\/uhmaonjumalastakansi-300x215.jpeg 300w, https:\/\/www.oulucomics.com\/wp-content\/uploads\/2022\/10\/uhmaonjumalastakansi-768x551.jpeg 768w, https:\/\/www.oulucomics.com\/wp-content\/uploads\/2022\/10\/uhmaonjumalastakansi-440x315.jpeg 440w, https:\/\/www.oulucomics.com\/wp-content\/uploads\/2022\/10\/uhmaonjumalastakansi.jpeg 1000w\" sizes=\"auto, (max-width: 300px) 100vw, 300px\" \/>Uhma on Jumalasta<\/em> <\/span><span style=\"font-weight: 400;\">(Zum Teufel, 2022) on <\/span><strong>Tessa Astren<\/strong><span style=\"font-weight: 400;\">, <\/span><strong>Aapo Kukon<\/strong><span style=\"font-weight: 400;\"> ja <\/span><strong>Niko-Petteri Nivan<\/strong><span style=\"font-weight: 400;\"> toinen yhteisty\u00f6n\u00e4 t<\/span><\/p>\n<p><span style=\"font-weight: 400;\">oteuttama sarjakuvaromaani, joka kertoo kuvataiteilija Vilho Lammen (1898-1936) el\u00e4m\u00e4st\u00e4 Limingasta aina Louvre<\/span><\/p>\n<p><span style=\"font-weight: 400; text-indent: 0em;\">en asti. Keskustelua siivitt\u00e4\u00e4 tekoprosessia l\u00e4helt\u00e4 seurannut Mikko Jylh\u00e4.<\/span><\/p>\n<p><span style=\"color: #0000ff;\"><em>Uhma on Jumalasta<\/em> (Zum Teufel, 2022) is a comic novel made by <strong>Tessa Astre<\/strong>, <strong>Aapo Kukko<\/strong> and <strong>Niko-Petteri Niva<\/strong>. The novel tells the story of artist Vilho Lampi (1898-1936), whose life went from Liminka all the way to Louvre. Joining the conversation will be Mikko Jylh\u00e4, who followed the making of the novel closely.<\/span><\/p>\n<p> <p class=\"wpsm-hide\" style=\"color: #cc0000; font-size: 100%; text-align: left;\"> piilota\/hide<\/p><\/div><\/div><\/p>\n<h4>17:45 - <strong>Pertti Jarla<\/strong> arvioi ihmisten l\u00e4hett\u00e4mi\u00e4 Fingerpori-ideoita<\/h4>\n<p><div class=\"show_more\"><p class=\"wpsm-show\" style=\"color: #cc0000; font-size: 100%; text-align: left;\"> lis\u00e4\u00e4\/more<\/p><div class=\"wpsm-content\"><\/p>\n<p><img loading=\"lazy\" decoding=\"async\" class=\"wp-image-6849 alignright\" src=\"https:\/\/www.oulucomics.com\/wp-content\/uploads\/2022\/09\/fingerpori_nuotitvieraissa-300x212.jpeg\" alt=\"\" width=\"284\" height=\"200\" srcset=\"https:\/\/www.oulucomics.com\/wp-content\/uploads\/2022\/09\/fingerpori_nuotitvieraissa-300x212.jpeg 300w, https:\/\/www.oulucomics.com\/wp-content\/uploads\/2022\/09\/fingerpori_nuotitvieraissa-440x310.jpeg 440w, https:\/\/www.oulucomics.com\/wp-content\/uploads\/2022\/09\/fingerpori_nuotitvieraissa.jpeg 600w\" sizes=\"auto, (max-width: 284px) 100vw, 284px\" \/><\/p>\n<p><span style=\"font-weight: 400;\">Sanaleikit ovat <em>Fingerporissa<\/em> keskeinen asia, ja moni lukija onkin l\u00e4hett\u00e4nyt omia oivalluksiaan mm. Fingerporin kotisivujen vieraskirjaan. Sarjakuvantekij\u00e4 ja Fingerporin luoja <\/span><strong>Pertti Jarla<\/strong><span style=\"font-weight: 400;\"> k\u00e4y l\u00e4vitse lukijoiden l\u00e4hett\u00e4mi\u00e4 ideoita Vesa Kataiston kanssa. Samalla kuulijoita johdatellaan kohti illan huipentumaa - Fingerdiskoa.<\/span><\/p>\n<p><a href=\"http:\/\/fingerpori.org\/\" target=\"_blank\" rel=\"noopener\"><span style=\"font-weight: 400;\">http:\/\/fingerpori.org\/<\/span><\/a><\/p>\n<p><span style=\"color: #0000ff;\">Wordplays are the central point of <em>Fingerpori<\/em> comics and many readers have sent their own punchlines to the comic via the official website of Fingerpori, for example. Comic author and the creator of Fingerpori, <strong>Pertti Jarla<\/strong>, will be going through the reader's suggestions with Vesa Kataisto. The event will also be leading the audience towards the big event of the night: Fingerdisko!<\/span><\/p>\n<p> <p class=\"wpsm-hide\" style=\"color: #cc0000; font-size: 100%; text-align: left;\"> piilota\/hide<\/p><\/div><\/div><\/p>\n<h4>18:15 - Turun Sarjakuvakaupan standaarien jako<\/h4>\n<p><div class=\"show_more\"><p class=\"wpsm-show\" style=\"color: #cc0000; font-size: 100%; text-align: left;\"> lis\u00e4\u00e4\/more<\/p><div class=\"wpsm-content\"><\/p>\n<p><span style=\"font-weight: 400;\">Turun Sarjakuvakauppa palkitsee p\u00f6yt\u00e4viirill\u00e4\u00e4n ansioituneita ihmisi\u00e4.<\/span><span style=\"font-weight: 400;\"><br \/>\n<\/span><span style=\"font-weight: 400;\">Pukukoodi: Virallinen p\u00f6n\u00f6tys<\/span><\/p>\n<p><span style=\"color: #0000ff;\"><strong>Award Ceremony of the Pennants of Turku Comics Store<\/strong><br \/>\n<span style=\"font-weight: 400;\">Turku Comics Store will grant table-top pennants to commendable people.<\/span><span style=\"font-weight: 400;\"><br \/>\n<\/span><span style=\"font-weight: 400;\">Dresscode: official casual<\/span><\/span><\/p>\n<p> <p class=\"wpsm-hide\" style=\"color: #cc0000; font-size: 100%; text-align: left;\"> piilota\/hide<\/p><\/div><\/div><\/p>\n<h3><strong>II lava <span style=\"color: #0000ff;\">(stage II)<\/span><\/strong><\/h3>\n<h4>11:20 - <strong>Irina Tiala<\/strong>: Polulla<\/h4>\n<p><div class=\"show_more\"><p class=\"wpsm-show\" style=\"color: #cc0000; font-size: 100%; text-align: left;\"> lis\u00e4\u00e4\/more<\/p><div class=\"wpsm-content\"><\/p>\n<p><em><span style=\"font-weight: 400;\"><img loading=\"lazy\" decoding=\"async\" class=\"alignright size-medium wp-image-6910\" src=\"https:\/\/www.oulucomics.com\/wp-content\/uploads\/2022\/10\/Polulla_kansi_net-300x212.jpeg\" alt=\"\" width=\"300\" height=\"212\" srcset=\"https:\/\/www.oulucomics.com\/wp-content\/uploads\/2022\/10\/Polulla_kansi_net-300x212.jpeg 300w, https:\/\/www.oulucomics.com\/wp-content\/uploads\/2022\/10\/Polulla_kansi_net-768x541.jpeg 768w, https:\/\/www.oulucomics.com\/wp-content\/uploads\/2022\/10\/Polulla_kansi_net-440x310.jpeg 440w, https:\/\/www.oulucomics.com\/wp-content\/uploads\/2022\/10\/Polulla_kansi_net.jpeg 851w\" sizes=\"auto, (max-width: 300px) 100vw, 300px\" \/>Polulla<\/span><\/em><span style=\"font-weight: 400;\"> (Omakustanne, 2022) on <\/span><strong>Irina Tialan<\/strong><span style=\"font-weight: 400;\"> hyv\u00e4n fiiliksen sarjakuvakirja, joka auttaa huomaamaan, ett\u00e4 syv\u00e4llisen viisauden oivallukset syntyv\u00e4t aivan tavallisen arjen hetkiss\u00e4. Tarinat kumpuavat luottamuksesta, kasvusta, joogasta, keskittymisest\u00e4 ja rakkaudesta. Henkisell\u00e4 polulla on my\u00f6s lempe\u00e4\u00e4 huumoria ja iloa.<\/span><\/p>\n<p><span style=\"font-weight: 400;\">Polulla -sarjakuvateoksen toteuttamista on rahoittanut Oulun Sarjakuvaseura ry:n stipendill\u00e4 sarjakuva-albumin julkaisemiseen omakustanteena. Tialaa haastattelee Oulun Sarjakuvafestivaalilla Iida Ala-aho.<\/span><\/p>\n<p><span style=\"color: #0000ff;\"><em>Polulla<\/em> (Self-publication, 2022) is a feel-good comic book made by<strong> Irina Tiala<\/strong> that helps the reader notice that deep realizations of wisdom will occur during normal everyday life.The stories come from trust, growth, yoga, concentration and love. There is also light humor and joy during the mental journey.<\/span><\/p>\n<p><span style=\"color: #0000ff;\">The making of Polulla has been funded by a stipend given out by Oulu Comics Association to help publish the album by the artist itself. Tiala will be interviewed by Iida Ala-aho.<\/span><\/p>\n<p> <p class=\"wpsm-hide\" style=\"color: #cc0000; font-size: 100%; text-align: left;\"> piilota\/hide<\/p><\/div><\/div><\/p>\n<h4>11:30 - <strong>Jii Roikonen<\/strong>: Jasso 30 vuotta -juhlahaastattelu<\/h4>\n<p><div class=\"show_more\"><p class=\"wpsm-show\" style=\"color: #cc0000; font-size: 100%; text-align: left;\"> lis\u00e4\u00e4\/more<\/p><div class=\"wpsm-content\"><\/p>\n<p><span style=\"font-weight: 400;\"><em><img loading=\"lazy\" decoding=\"async\" class=\"alignright size-medium wp-image-6909\" src=\"https:\/\/www.oulucomics.com\/wp-content\/uploads\/2022\/10\/Jasso-30v_net-300x292.jpg\" alt=\"\" width=\"300\" height=\"292\" srcset=\"https:\/\/www.oulucomics.com\/wp-content\/uploads\/2022\/10\/Jasso-30v_net-300x292.jpg 300w, https:\/\/www.oulucomics.com\/wp-content\/uploads\/2022\/10\/Jasso-30v_net-440x428.jpg 440w, https:\/\/www.oulucomics.com\/wp-content\/uploads\/2022\/10\/Jasso-30v_net.jpg 600w\" sizes=\"auto, (max-width: 300px) 100vw, 300px\" \/>Jasso<\/em> -sarjakuvakissa h\u00e4ntineen t\u00e4ytt\u00e4\u00e4 t\u00e4n\u00e4 vuonna jo 30 vuotta. Maailman py\u00f6rteiss\u00e4 arjen pulmia ratkovia tarinoita on syntynyt Puup\u00e4\u00e4hatullakin palkitun sarjakuvantekij\u00e4 <\/span><strong>Jii Roikosen<\/strong><span style=\"font-weight: 400;\"> kyn\u00e4st\u00e4 jo vino pino. Juhalahaastattelussa Reijo Valta johdattaa keskustelua vuosien varrella tapahtuneisiin tilanteisiin - odotamme j\u00e4nnityksell\u00e4 pelastaako aina sanavalmis h\u00e4nt\u00e4 Jiinkin h\u00e4nelle satelevilta ja haastavilta kysymyksilt\u00e4.<\/span><\/p>\n<p><span style=\"font-weight: 400; color: #0000ff;\">Cartoon cat Jasso will be turning 30 this year! The comics solve ordinary weekday problems, and a big stack of these comics have been made by the Puup\u00e4\u00e4hattu -prize winner and comic author<strong> Jii Roikonen<\/strong>. In the celebratory interview, Reijo Valta will take us through the years - we will see if Roikonen is prepared for the challenging questions prepared by Valta!<\/span><\/p>\n<p> <p class=\"wpsm-hide\" style=\"color: #cc0000; font-size: 100%; text-align: left;\"> piilota\/hide<\/p><\/div><\/div><\/p>\n<h4>12:00 - Suomalaisen sarjakuvaviennin tulevaisuus, osa 1<\/h4>\n<p><div class=\"show_more\"><p class=\"wpsm-show\" style=\"color: #cc0000; font-size: 100%; text-align: left;\"> lis\u00e4\u00e4\/more<\/p><div class=\"wpsm-content\"><\/p>\n<p><span style=\"font-weight: 400;\">Suomalaisen sarjakuvaviennin tulevaisuus, osa 1 -paneelikeskustelussa kartoitetaan n\u00e4kemyksi\u00e4 siit\u00e4, miten suomalaisen sarjakuvan kansainv\u00e4listymist\u00e4 tulisi kehitt\u00e4\u00e4. Keskustelussa keskityt\u00e4\u00e4n pohtimaan aihetta konkreettisella tasolla ja k\u00e4sitell\u00e4\u00e4n etenkin tulevaisuuden suuntaa, yhteisty\u00f6kumppaniverkostoa ja rahoitusmahdollisuuksia. Strategiakeskustelun osassa 1 lavalla asiaa pohtivat: <\/span><strong>Kirsi Kinnunen<\/strong><span style=\"font-weight: 400;\">, <\/span><strong>Ville H\u00e4nninen<\/strong><span style=\"font-weight: 400;\">, <\/span><strong>Nika Kiiskil\u00e4<\/strong><span style=\"font-weight: 400;\">, <\/span><strong>Hannele Richert<\/strong><span style=\"font-weight: 400;\">, <\/span><strong>Tuomas Sorjamaa<\/strong><span style=\"font-weight: 400;\"> ja <\/span><strong>Harri Filppa<\/strong><span style=\"font-weight: 400;\">.<\/span><\/p>\n<p><span style=\"font-weight: 400;\">Ohjelma j\u00e4rjestet\u00e4\u00e4n yhteisty\u00f6ss\u00e4 Suomen Sarjakuvaseura ry:n kanssa.<\/span><\/p>\n<p><span style=\"color: #0000ff;\">The future of Finnish comic book exportation, part 1 -panel will map out visions about how the internationalization of Finnish comics should be developed. The discussion will focus on the topic on a concrete level and specifically the network of partnerships and possibilities of funding.<\/span><\/p>\n<p><span style=\"color: #0000ff;\">The topic in the first part will be reflected by <strong>Kirsi Kinnunen<\/strong>, <strong>Ville H\u00e4nninen<\/strong>, <strong>Nika Kiiskil\u00e4<\/strong>, <strong>Hannele Richert<\/strong>, <strong>Tuomas Sorjamaa<\/strong> and <strong>Harri Filppa<\/strong>.<\/span><\/p>\n<p>&nbsp;<\/p>\n<p> <p class=\"wpsm-hide\" style=\"color: #cc0000; font-size: 100%; text-align: left;\"> piilota\/hide<\/p><\/div><\/div><\/p>\n<h4><span style=\"font-weight: 400;\">13:00 - <\/span><strong>Joana Mosi<\/strong><span style=\"font-weight: 400;\"> (Portugali) <span style=\"color: #0000ff;\">IN ENGLISH<\/span><\/span><\/h4>\n<p><div class=\"show_more\"><p class=\"wpsm-show\" style=\"color: #cc0000; font-size: 100%; text-align: left;\"> lis\u00e4\u00e4\/more<\/p><div class=\"wpsm-content\"><\/p>\n<p><span style=\"font-weight: 400;\">T\u00e4m\u00e4n vuoden Oulun Sarjakuvakeskuksen ja Limingan taidekoulun kansainv\u00e4lisen sarjakuvaresidenssin taiteilijaksi valikoitui portugalilainen <\/span><strong>Joana Mosi<\/strong><span style=\"font-weight: 400;\">.\u00a0<\/span><\/p>\n<p><span style=\"font-weight: 400;\">Mosi on sarjakuva- ja kuvataiteilija, kirjailija ja opettaja. H\u00e4n on tehnyt useita sarjakuvakirjoja, joista osa on saanut tunnustusta. Esille voitaisiin nostaa esimerkiksi omael\u00e4m\u00e4kerralliset minisarjat <\/span><em><span style=\"font-weight: 400;\">Altemente<\/span><\/em><span style=\"font-weight: 400;\"> (ComicHeart, 2016) ja <\/span><em><span style=\"font-weight: 400;\">Spineless Cactus<\/span><\/em><span style=\"font-weight: 400;\"> (Polvo, 2017).<\/span><\/p>\n<p><span style=\"font-weight: 400;\">Viime vuosina Joana on keskittynyt p\u00e4\u00e4s\u00e4\u00e4nt\u00f6isesti sarjakuvaan, opettamiseen ja lukutaidon edist\u00e4miseen liittyviin projekteihin. H\u00e4n on tehnyt yhteisty\u00f6t\u00e4 useiden oppilaitosten kanssa, mukaan lukien National Reading Plan sek\u00e4 kansainv\u00e4liset ReadON- ja Comics for Education (KUS) -projektit. H\u00e4n toimi konseptitaidekurssin koordinaattorina ETIC:ss\u00e4 Lissabonissa kolmen vuoden ajan ja on nykyisin sarjakuvaopettajana Nextartissa, Lissabonissa. Vuodesta 2020 l\u00e4htien h\u00e4n on tehnyt yhteisty\u00f6t\u00e4 The Animation Workshopin kanssa Tanskan Viborgissa.<\/span><\/p>\n<p><span style=\"font-weight: 400;\">Mosia haastattelee Tessa Astre.<\/span><\/p>\n<p><img loading=\"lazy\" decoding=\"async\" class=\"alignleft wp-image-6924\" src=\"https:\/\/www.oulucomics.com\/wp-content\/uploads\/2022\/11\/cry_theapartment-213x300.jpg\" alt=\"\" width=\"142\" height=\"200\" srcset=\"https:\/\/www.oulucomics.com\/wp-content\/uploads\/2022\/11\/cry_theapartment-213x300.jpg 213w, https:\/\/www.oulucomics.com\/wp-content\/uploads\/2022\/11\/cry_theapartment.jpg 426w\" sizes=\"auto, (max-width: 142px) 100vw, 142px\" \/> <img loading=\"lazy\" decoding=\"async\" class=\"alignleft wp-image-6925\" src=\"https:\/\/www.oulucomics.com\/wp-content\/uploads\/2022\/11\/Ilustrac\u0327a\u0303o_Sem_Ti\u0301tulo-14-300x300.jpg\" alt=\"\" width=\"200\" height=\"200\" srcset=\"https:\/\/www.oulucomics.com\/wp-content\/uploads\/2022\/11\/Ilustrac\u0327a\u0303o_Sem_Ti\u0301tulo-14-300x300.jpg 300w, https:\/\/www.oulucomics.com\/wp-content\/uploads\/2022\/11\/Ilustrac\u0327a\u0303o_Sem_Ti\u0301tulo-14-150x150.jpg 150w, https:\/\/www.oulucomics.com\/wp-content\/uploads\/2022\/11\/Ilustrac\u0327a\u0303o_Sem_Ti\u0301tulo-14-250x250.jpg 250w, https:\/\/www.oulucomics.com\/wp-content\/uploads\/2022\/11\/Ilustrac\u0327a\u0303o_Sem_Ti\u0301tulo-14-92x92.jpg 92w, https:\/\/www.oulucomics.com\/wp-content\/uploads\/2022\/11\/Ilustrac\u0327a\u0303o_Sem_Ti\u0301tulo-14-440x440.jpg 440w, https:\/\/www.oulucomics.com\/wp-content\/uploads\/2022\/11\/Ilustrac\u0327a\u0303o_Sem_Ti\u0301tulo-14.jpg 600w\" sizes=\"auto, (max-width: 200px) 100vw, 200px\" \/> <img loading=\"lazy\" decoding=\"async\" class=\"alignleft wp-image-6926\" src=\"https:\/\/www.oulucomics.com\/wp-content\/uploads\/2022\/11\/JoanaMosi_profile-207x300.jpg\" alt=\"\" width=\"138\" height=\"200\" srcset=\"https:\/\/www.oulucomics.com\/wp-content\/uploads\/2022\/11\/JoanaMosi_profile-207x300.jpg 207w, https:\/\/www.oulucomics.com\/wp-content\/uploads\/2022\/11\/JoanaMosi_profile-440x639.jpg 440w, https:\/\/www.oulucomics.com\/wp-content\/uploads\/2022\/11\/JoanaMosi_profile.jpg 620w\" sizes=\"auto, (max-width: 138px) 100vw, 138px\" \/><\/p>\n<hr \/>\n<p><span style=\"color: #0000ff;\">This year's international comics resident of Liminka art school and Oulu Comics Centre is Portuguese <strong>Joana Mosi<\/strong>.\u00a0<\/span><\/p>\n<p><span style=\"color: #0000ff;\">Mosi is a comic artist, writer and teacher. She has made multiple comic books, and some of these are autobiography-style mini series <i>Altemente<\/i> (ComicHeart, 2016) and <i>Spineless Cactus<\/i> (Polvo, 2017).\u00a0<\/span><\/p>\n<p><span style=\"color: #0000ff;\">In the last years, Joana has been mainly focusing on projects regarding comics, teaching and fortifying literacy. She has made collaborations with numerous schools, including National Reading Plan and international ReadOn and Comics for Education -projects. She worked as a coordinator of conceptual art class in ETIC at Lissabon for three years, and is currently teaching comics in Nextart, Lissabon. From the year 2020, she has worked closely with The Animation Workshop in Denmark.<\/span><\/p>\n<p><span style=\"color: #0000ff;\">Joana Mosi will be interviewed by Tessa Astre.<\/span><\/p>\n<p>&nbsp;<\/p>\n<p> <p class=\"wpsm-hide\" style=\"color: #cc0000; font-size: 100%; text-align: left;\"> piilota\/hide<\/p><\/div><\/div><\/p>\n<h4><span style=\"font-weight: 400;\">13:25 - <\/span><strong>Jaakko Asikainen<\/strong><span style=\"font-weight: 400;\">, <\/span><strong>Ari-Matti Piippo<\/strong><span style=\"font-weight: 400;\"> &amp; <\/span><strong>Jussi Pylk\u00e4s<\/strong><span style=\"font-weight: 400;\">: Clayton - The Greed<\/span><\/h4>\n<p><div class=\"show_more\"><p class=\"wpsm-show\" style=\"color: #cc0000; font-size: 100%; text-align: left;\"> lis\u00e4\u00e4\/more<\/p><div class=\"wpsm-content\"><\/p>\n<p><span style=\"font-weight: 400;\"><img loading=\"lazy\" decoding=\"async\" class=\"alignright wp-image-6922 size-medium\" src=\"https:\/\/www.oulucomics.com\/wp-content\/uploads\/2022\/11\/cd2cover-211x300.jpg\" alt=\"\" width=\"211\" height=\"300\" srcset=\"https:\/\/www.oulucomics.com\/wp-content\/uploads\/2022\/11\/cd2cover-211x300.jpg 211w, https:\/\/www.oulucomics.com\/wp-content\/uploads\/2022\/11\/cd2cover-440x625.jpg 440w, https:\/\/www.oulucomics.com\/wp-content\/uploads\/2022\/11\/cd2cover.jpg 626w\" sizes=\"auto, (max-width: 211px) 100vw, 211px\" \/>Clayton - The Greed (VrKiwi, 2022) on oululainen sarjakuva, joka sijoittuu <\/span><em><span style=\"font-weight: 400;\">Cave Digger 2<\/span><\/em><span style=\"font-weight: 400;\"> - VR-pelin universumiin. Sarjakuvasta ja pelist\u00e4 on vastuussa my\u00f6skin oululainen, Suomen suurin VR-pelifirma VrKiwi. Cave Digger 2 on Suomen kunnianhimoisin VR-pelituotanto, joka julkaistiin syyskuussa 2022.<\/span><\/p>\n<p><span style=\"font-weight: 400;\">Sarjakuvan k\u00e4sikirjoittajat<\/span> <strong>Jaakko Asikainen<\/strong><span style=\"font-weight: 400;\"> ja <\/span><strong>Ari-Matti<\/strong><span style=\"font-weight: 400;\"><strong> Piippo<\/strong> loivat sarjakuvan p\u00e4\u00e4henkil\u00f6 Claytonin toimimaan pelin salaper\u00e4isen\u00e4 kertojan\u00e4\u00e4nen\u00e4. Sarjakuva kertoo yksin\u00e4isen prospektorin kokemuksista kaukana sivistyksest\u00e4 pohjoisilla rajaseuduilla. Se kertoo klassisen tarinan loppumattomasta ahneudesta, turhasta kamppailusta kohtaloa vastaan ja varomattomien unelmien t\u00e4yttymyksest\u00e4.<\/span><\/p>\n<p><span style=\"font-weight: 400;\">Sarjakuvan piirt\u00e4j\u00e4 <\/span><strong>Jussi Pylk\u00e4s<\/strong><span style=\"font-weight: 400;\"> on peligraafikko, kuvittaja ja freelance-taiteilija. H\u00e4nen inspiraationsa kumpuaa Mike Mignolan t\u00f6ist\u00e4 ja H.P. Lovecraftin tuotannosta.<\/span><\/p>\n<p><span style=\"color: #0000ff;\">Clayton - The Greed (VrKiwi, 2022) is a comic from Oulu that is set in the universum of VR game<em> Cave Digger 2<\/em>. Both the comic and the VR game are being handled by Finland's biggest VR-game company, VrKiwi, from Oulu. Cave Digger 2 is the most ambitious VR-game production in Finland that was published in September 2022.<\/span><\/p>\n<p><span style=\"color: #0000ff;\">The authors of the comic book,<strong> Jaakko Asikainen<\/strong> and <strong>Ari-Matti Piippo<\/strong> created the comic\u00b4s main protagonist Clayton to act as a mysterious narrator. The comic tells the story of a lone prospector\u00b4s experiences far away from civilization; a story about endless greed, futile attempts to fight against destiny and the fulfillment of careless dreams.<\/span><\/p>\n<p><span style=\"color: #0000ff;\">The comic\u00b4s illustrator <strong>Jussi Pylk\u00e4s<\/strong> is a game graphic designer, illustrator and freelance artist. His inspiration comes from the works of Mike Mignola and H.P. Lovecraft.<\/span><\/p>\n<p> <p class=\"wpsm-hide\" style=\"color: #cc0000; font-size: 100%; text-align: left;\"> piilota\/hide<\/p><\/div><\/div><\/p>\n<h4>13:45 - <strong>Jouni Koponen<\/strong>: Lore of the H\u00e1vam\u00e1l<\/h4>\n<p><div class=\"show_more\"><p class=\"wpsm-show\" style=\"color: #cc0000; font-size: 100%; text-align: left;\"> lis\u00e4\u00e4\/more<\/p><div class=\"wpsm-content\"><\/p>\n<p><img loading=\"lazy\" decoding=\"async\" class=\"alignright wp-image-6844 size-medium\" src=\"https:\/\/www.oulucomics.com\/wp-content\/uploads\/2022\/09\/havamal-195x300.jpg\" alt=\"\" width=\"195\" height=\"300\" srcset=\"https:\/\/www.oulucomics.com\/wp-content\/uploads\/2022\/09\/havamal-195x300.jpg 195w, https:\/\/www.oulucomics.com\/wp-content\/uploads\/2022\/09\/havamal.jpg 390w\" sizes=\"auto, (max-width: 195px) 100vw, 195px\" \/><\/p>\n<p><span style=\"font-weight: 400;\">Sarjakuvantekij\u00e4n\u00e4, kuvittajana ja AD:n\u00e4 ty\u00f6skentelev\u00e4 <\/span><strong>Jouni Koponen<\/strong><span style=\"font-weight: 400;\"> on malliesimerkki siit\u00e4, ett\u00e4 sarjakuvantekemisen voi toden teolla aloittaa vaikka ik\u00e4\u00e4 olisi jo kertynyt. Yhdysvaltalainen Z2 Comics julkaisi h\u00e4nen ideoimansa <\/span><em><span style=\"font-weight: 400;\">Lore of the H\u00e1vam\u00e1l<\/span><\/em><span style=\"font-weight: 400;\"> (Z2, 2022) -sarjakuvan. Monia mutkia sis\u00e4lt\u00e4v\u00e4st\u00e4 seikkailusta ja teoksen p\u00e4\u00e4tymisest\u00e4 kirjan kansien v\u00e4liin on Koposen kanssa juttelemassa Vesa Vitikainen.<\/span><\/p>\n<p><span style=\"color: #0000ff;\">Comic author, illustrator and art director <strong>Jouni Koponen<\/strong> is a prime example that you can start making comics even though you start it late in your adulthood. US-based Z2 Comics published his comic, <em>Lore of the H\u00e1vam\u00e1l<\/em> (Z2, 2022). The surprising twists of the comic will be delved deeper in the interview, conducted by Vesa Vitikainen.<\/span><\/p>\n<p> <p class=\"wpsm-hide\" style=\"color: #cc0000; font-size: 100%; text-align: left;\"> piilota\/hide<\/p><\/div><\/div><\/p>\n<h4>14:05 - <strong>Harri \"Wallu\" Vaalio<\/strong>: Mikrokivikausi<\/h4>\n<p><div class=\"show_more\"><p class=\"wpsm-show\" style=\"color: #cc0000; font-size: 100%; text-align: left;\"> lis\u00e4\u00e4\/more<\/p><div class=\"wpsm-content\"><\/p>\n<p><span style=\"font-weight: 400;\"><img loading=\"lazy\" decoding=\"async\" class=\"alignright size-medium wp-image-6865\" src=\"https:\/\/www.oulucomics.com\/wp-content\/uploads\/2022\/09\/wallu_mikrokivikausi_net-210x300.jpg\" alt=\"\" width=\"210\" height=\"300\" srcset=\"https:\/\/www.oulucomics.com\/wp-content\/uploads\/2022\/09\/wallu_mikrokivikausi_net-210x300.jpg 210w, https:\/\/www.oulucomics.com\/wp-content\/uploads\/2022\/09\/wallu_mikrokivikausi_net.jpg 420w\" sizes=\"auto, (max-width: 210px) 100vw, 210px\" \/>Pitk\u00e4n linjan sarjakuvantekij\u00e4 <\/span><strong>Harri \u201dWallu\u201d Vaalion <\/strong><em><span style=\"font-weight: 400;\">Mikrokivikausi<\/span><\/em><span style=\"font-weight: 400;\"> -n\u00e4yttely on esill\u00e4 Sarjakuvakeitaalla 12.11. klo 11-18 Valvesalissa. Parasta atk-luokkaa edustavasta kohta 40-vuotiaasta sarjakuvasta Wallun kanssa tarinoi Timo Kokkila.<\/span><\/p>\n<p><span style=\"color: #0000ff;\">Long-time comic author <strong>Harri \u201cWallu'' Vaalio's <\/strong><em>Mikrokivikausi<\/em> -exhibition will be on display at the Comics Oasis on 12th of November from 11a.m. to 6p.m in Valvesali. Discussing with Vaalio about the almost 40-year old comic of the best IT-class will be discussed with Timo Kokkila.<\/span><\/p>\n<p> <p class=\"wpsm-hide\" style=\"color: #cc0000; font-size: 100%; text-align: left;\"> piilota\/hide<\/p><\/div><\/div><\/p>\n<h4>14:35 - Salatuista sodista Kersantti Napalmiin<\/h4>\n<p><div class=\"show_more\"><p class=\"wpsm-show\" style=\"color: #cc0000; font-size: 100%; text-align: left;\"> lis\u00e4\u00e4\/more<\/p><div class=\"wpsm-content\"><\/p>\n<p><strong><img loading=\"lazy\" decoding=\"async\" class=\"alignright size-medium wp-image-6907\" src=\"https:\/\/www.oulucomics.com\/wp-content\/uploads\/2022\/10\/barracuda-225x300.jpeg\" alt=\"\" width=\"225\" height=\"300\" srcset=\"https:\/\/www.oulucomics.com\/wp-content\/uploads\/2022\/10\/barracuda-225x300.jpeg 225w, https:\/\/www.oulucomics.com\/wp-content\/uploads\/2022\/10\/barracuda-440x587.jpeg 440w, https:\/\/www.oulucomics.com\/wp-content\/uploads\/2022\/10\/barracuda.jpeg 749w\" sizes=\"auto, (max-width: 225px) 100vw, 225px\" \/>Vesa Vitikainen<\/strong><span style=\"font-weight: 400;\">, <\/span><strong>Markus Tuppurainen<\/strong><span style=\"font-weight: 400;\">, <\/span><strong>Sippo Mentunen<\/strong><span style=\"font-weight: 400;\"> ja <\/span><strong>Jouko Ruokosenm\u00e4ki<\/strong><span style=\"font-weight: 400;\"> pureutuvat supersankaruuden ytimeen k\u00e4sitelless\u00e4\u00e4n vuonna 2022 ilmestynytt\u00e4 Marvel-klassikkoa <\/span><em><span style=\"font-weight: 400;\">Salatut sodat<\/span><\/em><span style=\"font-weight: 400;\"> (Egmont 2022) sek\u00e4 kotimaista Vitikaisen ja Tuppuraisen loihtimaa uutuutta <\/span><em><span style=\"font-weight: 400;\">Kersantti Napalm - Barracud<\/span><\/em><i><span style=\"font-weight: 400;\">a<\/span><\/i><span style=\"font-weight: 400;\"> (Egmont 2022).<\/span><\/p>\n<p><span style=\"color: #0000ff;\"><strong>Vesa Vitikainen<\/strong><span style=\"font-weight: 400;\">, <\/span><strong>Markus Tuppurainen<\/strong><span style=\"font-weight: 400;\">, <\/span><strong>Sippo Mentunen<\/strong><span style=\"font-weight: 400;\"> and <\/span><strong>Jouko Ruokosenm\u00e4ki<\/strong><span style=\"font-weight: 400;\"> will delve into the core of superheroes as they handle the Marvel classic <\/span><em><span style=\"font-weight: 400;\">Salatut Sodat<\/span><\/em><span style=\"font-weight: 400;\"> (Egmont, 2022) and the domestic finnish novelty <\/span><em><span style=\"font-weight: 400;\">Kersantti Napalm - Barracuda<\/span><\/em><span style=\"font-weight: 400;\"> (Egmont, 2022) made by Vitikainen and Tuppurainen.\u00a0<\/span><\/span><\/p>\n<p> <p class=\"wpsm-hide\" style=\"color: #cc0000; font-size: 100%; text-align: left;\"> piilota\/hide<\/p><\/div><\/div><\/p>\n<h4>15:05 - <strong>Tiia Salmelin<\/strong>: <i>Kuolleet puutarhat 2 - Painajaisen varjo<\/i><\/h4>\n<p><div class=\"show_more\"><p class=\"wpsm-show\" style=\"color: #cc0000; font-size: 100%; text-align: left;\"> lis\u00e4\u00e4\/more<\/p><div class=\"wpsm-content\"><\/p>\n<p><span style=\"font-weight: 400;\"><img loading=\"lazy\" decoding=\"async\" class=\"alignright size-medium wp-image-6906\" src=\"https:\/\/www.oulucomics.com\/wp-content\/uploads\/2022\/10\/kuolleet_puutarhat_painajaisen_Varjo-212x300.jpeg\" alt=\"\" width=\"212\" height=\"300\" srcset=\"https:\/\/www.oulucomics.com\/wp-content\/uploads\/2022\/10\/kuolleet_puutarhat_painajaisen_Varjo-212x300.jpeg 212w, https:\/\/www.oulucomics.com\/wp-content\/uploads\/2022\/10\/kuolleet_puutarhat_painajaisen_Varjo-724x1024.jpeg 724w, https:\/\/www.oulucomics.com\/wp-content\/uploads\/2022\/10\/kuolleet_puutarhat_painajaisen_Varjo-768x1087.jpeg 768w, https:\/\/www.oulucomics.com\/wp-content\/uploads\/2022\/10\/kuolleet_puutarhat_painajaisen_Varjo-440x623.jpeg 440w, https:\/\/www.oulucomics.com\/wp-content\/uploads\/2022\/10\/kuolleet_puutarhat_painajaisen_Varjo-1018x1440.jpeg 1018w, https:\/\/www.oulucomics.com\/wp-content\/uploads\/2022\/10\/kuolleet_puutarhat_painajaisen_Varjo.jpeg 1080w\" sizes=\"auto, (max-width: 212px) 100vw, 212px\" \/>Viime vuonna ilmestyi <\/span><strong>Tiia Salmelin<\/strong><span style=\"font-weight: 400;\"> fantasiasaagan ensimm\u00e4inen osa <\/span><em><span style=\"font-weight: 400;\">Kuolleet puutarhat\u00a0 - Unten kaupunki<\/span><\/em><span style=\"font-weight: 400;\"> (Pokuto, 2021). T\u00e4n\u00e4 vuonna Oulun Sarjakuvafestivaalilla ilmestyy jatko-osa <\/span><em><span style=\"font-weight: 400;\">Kuolleet puutarhat 2 - Painajaisen varjo<\/span><\/em><span style=\"font-weight: 400;\"> (Pokuto, 2022), jossa Flar pakenee Unten kaupungista er\u00e4maahan vaeltaen vailla m\u00e4\u00e4r\u00e4np\u00e4\u00e4t\u00e4 painajaisten riivaamana.\u00a0<\/span><\/p>\n<p><span style=\"font-weight: 400;\">Jokin pelottava voima tuntuu seuraavan h\u00e4nen kannoillaan. Onnekseen Flar t\u00f6rm\u00e4\u00e4 mets\u00e4ss\u00e4 asuvaan mieheen ja h\u00e4nen erikoislaatuiseen tytt\u00e4reens\u00e4, jotka tarjoavat eksyneelle matkalaiselle auttavan k\u00e4tens\u00e4. Painajaisen varjo on kuitenkin pitk\u00e4, eik\u00e4 kaupunki p\u00e4\u00e4st\u00e4 otteestaan. Flar joutuu j\u00e4lleen kohtaamaan sen, mink\u00e4 luuli jo j\u00e4tt\u00e4neens\u00e4 taakseen.<\/span><\/p>\n<p><span style=\"font-weight: 400;\">Lavaohjelmassa Salmelinia haastattelee Anssi Vieruaho.<\/span><\/p>\n<p><span style=\"color: #0000ff;\">Last year, <strong>Tiia Salmelin\u2019s<\/strong> fantasy gala first chapter <em>Kuolleet Puutarhat - Unten kaupunki<\/em> (Pokuto, 2021) was published. This year, at the Oulu Comics Festival, we will see a continuation of the series: <em>Kuolleet Puutarhat 2 - Painajaisen varjo<\/em> (Pokuto, 2022). In the second publication, Flar flees from the city of Dreams to the wastelands as he tries to escape the nightmares that plaque him.<\/span><\/p>\n<p><span style=\"color: #0000ff;\">Flar feels like something terrifying is following him, but to his luck he meets a helpful man and his peculiar daughter, who offer to help the lost Flar. Despite all this, Flar has to run away from the nightmare\u00b4s shadow, and the city won\u00b4t lessen its grip. Flar will have to face what he thought was already behind them.<\/span><\/p>\n<p><span style=\"color: #0000ff;\">Salmelin will be interviewed by Anssi Vieruaho.<\/span><\/p>\n<p> <p class=\"wpsm-hide\" style=\"color: #cc0000; font-size: 100%; text-align: left;\"> piilota\/hide<\/p><\/div><\/div><\/p>\n<h4><span style=\"font-weight: 400;\">15:25 - <\/span><span style=\"font-weight: 400;\">Kutikuti Risozinet 2022: <\/span><strong>Esko Heikkil\u00e4<\/strong>, <strong>Hannele Richert<\/strong> ja <strong>Hanneriina Moisseinen<\/strong><\/h4>\n<p><div class=\"show_more\"><p class=\"wpsm-show\" style=\"color: #cc0000; font-size: 100%; text-align: left;\"> lis\u00e4\u00e4\/more<\/p><div class=\"wpsm-content\"><\/p>\n<p><span style=\"font-weight: 400;\">Kutikutin risozinet 2022 ovat sarjakuvakollektiivi Kutikutin ja tekij\u00f6iden kesken julkaisema zinesarja. Vuonna 2021 on julkaistu samanlainen sarja. Nyt esittelyss\u00e4 \u200b\u200b<\/span><strong>Esko Heikkil\u00e4n<\/strong> <em><span style=\"font-weight: 400;\">En p\u00e4\u00e4se yl\u00f6s<\/span><\/em><span style=\"font-weight: 400;\"> (Kutikuti, 2022), joka kertoo siit\u00e4 kun nuoret haluavat pit\u00e4\u00e4 hauskaa, mutta onnistuuko se? Ja <\/span><strong>Hannele Richertin<\/strong><span style=\"font-weight: 400;\">: <\/span><em><span style=\"font-weight: 400;\">The Attraction Leaves You Airborne<\/span><\/em><span style=\"font-weight: 400;\"> (Kutikuti, 2022), joka on p\u00e4\u00e4osin sanaton trippi kaninkolosta: Laskija joutuu ilmalentoon. <\/span><strong>Hanneriina Moisseisen<\/strong><span style=\"font-weight: 400;\">\u00a0ja Sanna Karlstr\u00f6min: <\/span><em><span style=\"font-weight: 400;\">Kruunut putoavat<\/span><\/em><span style=\"font-weight: 400;\"> (Kutikuti, 2022) pohjautuu Julia Widgr\u00e9nin (1842-1917) kansatieteellisill\u00e4 kuvausmatkoilla sek\u00e4 Vaasan vankilassa ottamiin valokuviin. Julkaisun on suunnitellut ja toteuttanut Hanneriina Moisseinen valokuvien sek\u00e4 Sanna Karlstr\u00f6min kirjoittamien runojen pohjalta.<\/span><\/p>\n<p><span style=\"font-weight: 400;\">Heikkil\u00e4, Richert ja Moisseinen saapuvat Reijo Vallan haastateltavaksi.<\/span><\/p>\n<p><span style=\"color: #0000ff;\">Kutikuti risozines 2022 are a zine series made and published by the comic collective Kutikuti and authors. Previous year, a similar series has been made. <em>En p\u00e4\u00e4se yl\u00f6s <\/em>(Kutikuti, 2022), made by <strong>Esko Heikkil\u00e4<\/strong>, is now being introduced; the kids want to have fun, but are they having any? Also being presented is<strong> Hannele Richert\u00b4s<\/strong> <em>The Attraction Leaves You Airborne<\/em> (Kutikuti, 2022) This booklet is a psychedelic journey through the rabbit hole, being told with only a few words. <em>Kruunut putoavat<\/em> (Kutikuti, 2022) is based on ethnographic and prisoner photographs by Julia Widgr\u00e9n (1842-1917). Inspired by the photographs, the publication was composed by <strong>Hanneriina Moisseinen<\/strong>, and the poems were written by Sanna Karlstr\u00f6m. <\/span><\/p>\n<p><span style=\"font-weight: 400;\"><img loading=\"lazy\" decoding=\"async\" class=\"aligncenter wp-image-6905 size-large\" src=\"https:\/\/www.oulucomics.com\/wp-content\/uploads\/2022\/10\/risozinet-1024x781.jpeg\" alt=\"\" width=\"1024\" height=\"781\" srcset=\"https:\/\/www.oulucomics.com\/wp-content\/uploads\/2022\/10\/risozinet-1024x781.jpeg 1024w, https:\/\/www.oulucomics.com\/wp-content\/uploads\/2022\/10\/risozinet-300x229.jpeg 300w, https:\/\/www.oulucomics.com\/wp-content\/uploads\/2022\/10\/risozinet-768x585.jpeg 768w, https:\/\/www.oulucomics.com\/wp-content\/uploads\/2022\/10\/risozinet-1536x1171.jpeg 1536w, https:\/\/www.oulucomics.com\/wp-content\/uploads\/2022\/10\/risozinet-440x335.jpeg 440w, https:\/\/www.oulucomics.com\/wp-content\/uploads\/2022\/10\/risozinet-1440x1098.jpeg 1440w, https:\/\/www.oulucomics.com\/wp-content\/uploads\/2022\/10\/risozinet-1920x1463.jpeg 1920w, https:\/\/www.oulucomics.com\/wp-content\/uploads\/2022\/10\/risozinet.jpeg 2048w\" sizes=\"auto, (max-width: 1024px) 100vw, 1024px\" \/><\/span><\/p>\n<p> <p class=\"wpsm-hide\" style=\"color: #cc0000; font-size: 100%; text-align: left;\"> piilota\/hide<\/p><\/div><\/div><\/p>\n<h4><span style=\"font-weight: 400;\">15:45 - <\/span><strong>Niko-Petteri Niva<\/strong>, Hyv\u00e4t V\u00e4rin\u00e4t -nettisarjakuva<\/h4>\n<p><div class=\"show_more\"><p class=\"wpsm-show\" style=\"color: #cc0000; font-size: 100%; text-align: left;\"> lis\u00e4\u00e4\/more<\/p><div class=\"wpsm-content\"><\/p>\n<p><span style=\"font-weight: 400;\">Ylitorniolta l\u00e4ht\u00f6isin oleva <\/span><strong>Niko-Petteri Niva<\/strong><span style=\"font-weight: 400;\"> on julkaissut vuoden 2020 lopusta alkaen Twitteriss\u00e4 (@nikopniva) <em>Hyv\u00e4t V\u00e4rin\u00e4t<\/em><\/span><span style=\"font-weight: 400;\">\u00a0-nettisarjakuvaa, joka strippisarjakuvien v\u00e4lityksell\u00e4 n\u00e4lvii uskomushoidoille, oikeistohipeille ja toksiselle positiivisuudelle. Hyvist\u00e4 Viboista Nivan kanssa keskustelemassa on Jiipu Uusitalo.<\/span><\/p>\n<p><span style=\"color: #0000ff;\">Born in Ylitornio, Finland, <strong>Niko-Petteri Niva<\/strong> is the author of the webcomic <em>Hyv\u00e4t V\u00e4rin\u00e4t<\/em>.\u00a0 He has published the webcomic to his Twitter (@nikopriva) from the end of 2020. The series nag to alternative treatments, right-wing hippies and toxic positivity. Jiipu Uusitalo will talk about <em>Hyv\u00e4t V\u00e4rin\u00e4t<\/em>\u00a0with Niko-Petteri Niva.<\/span><\/p>\n<p><span style=\"font-weight: 400;\"><img loading=\"lazy\" decoding=\"async\" class=\"aligncenter wp-image-6904 size-full\" src=\"https:\/\/www.oulucomics.com\/wp-content\/uploads\/2022\/10\/niva_hyvatvibat.jpg\" alt=\"\" width=\"1024\" height=\"341\" srcset=\"https:\/\/www.oulucomics.com\/wp-content\/uploads\/2022\/10\/niva_hyvatvibat.jpg 1024w, https:\/\/www.oulucomics.com\/wp-content\/uploads\/2022\/10\/niva_hyvatvibat-300x100.jpg 300w, https:\/\/www.oulucomics.com\/wp-content\/uploads\/2022\/10\/niva_hyvatvibat-768x256.jpg 768w, https:\/\/www.oulucomics.com\/wp-content\/uploads\/2022\/10\/niva_hyvatvibat-440x147.jpg 440w\" sizes=\"auto, (max-width: 1024px) 100vw, 1024px\" \/><\/span><\/p>\n<p>&nbsp;<\/p>\n<p> <p class=\"wpsm-hide\" style=\"color: #cc0000; font-size: 100%; text-align: left;\"> piilota\/hide<\/p><\/div><\/div><\/p>\n<h4><span style=\"font-weight: 400;\">16:00 - <\/span><strong>Janne Parviainen<\/strong><span style=\"font-weight: 400;\">: <\/span><span style=\"font-weight: 400;\">Rooman rajoilla<\/span><span style=\"font-weight: 400;\"> &amp; <\/span><span style=\"font-weight: 400;\">Ulkopuolella<\/span><\/h4>\n<p><div class=\"show_more\"><p class=\"wpsm-show\" style=\"color: #cc0000; font-size: 100%; text-align: left;\"> lis\u00e4\u00e4\/more<\/p><div class=\"wpsm-content\"><\/p>\n<p><span style=\"font-weight: 400;\">Sarjakuvantekij\u00e4 <\/span><strong>Janne Parviaiselta<\/strong><span style=\"font-weight: 400;\"> on ilmestynyt kaksi sarjakuvauutuutta. <\/span><em><span style=\"font-weight: 400;\">Rooman rajoilla<\/span><\/em><span style=\"font-weight: 400;\"> (Suisto books, 2022) on kertomus Main, Joonaksen ja Ilkan matkasta Helsingist\u00e4 Unkarin etel\u00e4isimp\u00e4\u00e4n kolkkaan taidefestivaaleille. Viikkojen varrelle osuu monta el\u00e4myst\u00e4, eik\u00e4 kommelluksiltakaan s\u00e4\u00e4styt\u00e4, kun matkakohteet vaihtelevat aamuy\u00f6n teknobileist\u00e4 Elizabeth B\u00e1thoryn linnanraunioille.<\/span><\/p>\n<p><em><span style=\"font-weight: 400;\">Ulkopuolella<\/span><\/em><span style=\"font-weight: 400;\"> (Suisto books, 2022) teoksessa pohditaan voiko taiteellaan el\u00e4\u00e4? T\u00e4h\u00e4n ja moniin muihin polttaviin kysymyksiin saat vastauksen synke\u00e4n hulvattomasta ja ankaran tinkim\u00e4tt\u00f6m\u00e4st\u00e4 p\u00e4iv\u00e4kirjasarjakuvasta.<\/span><\/p>\n<p><span style=\"font-weight: 400;\">Tuoreiden teosten ja kysymyksien kanssa lavalle saapuu Parviaista haastattelemaan Reijo Valta.<\/span><\/p>\n<p><span style=\"color: #0000ff;\">Comic author <strong>Janne Parviainen<\/strong> has come out with two new comic books. <em>Rooman rajoilla<\/em> (Suisto books, 2022) is a story about Mai, Joonas ans Ilkka who travel from Helsinki to Hungary\u2019s most southern part to an art festival. The weeks are filled with many experiences and the trio doesn\u2019t miss any mishaps as the travel locations differ from late night techno parties to the ruins of Elizabeth B\u00e1thory\u00b4s castle.<\/span><\/p>\n<p><span style=\"color: #0000ff;\"><em>Ulkopuolella<\/em> (Suisto books, 2022) is a book that ponders art; is it possible to support yourself with your own art? The answer to this and many other questions can be found from this grimly hilarious diary-style comic book.<\/span><\/p>\n<p><span style=\"color: #0000ff;\">With these new releases, Parviainen will be interviewed by Reijo Valta.<\/span><\/p>\n<p><img loading=\"lazy\" decoding=\"async\" class=\"alignleft size-medium wp-image-6908\" src=\"https:\/\/www.oulucomics.com\/wp-content\/uploads\/2022\/10\/roomanrajoilla-215x300.jpg\" alt=\"\" width=\"215\" height=\"300\" srcset=\"https:\/\/www.oulucomics.com\/wp-content\/uploads\/2022\/10\/roomanrajoilla-215x300.jpg 215w, https:\/\/www.oulucomics.com\/wp-content\/uploads\/2022\/10\/roomanrajoilla-440x615.jpg 440w, https:\/\/www.oulucomics.com\/wp-content\/uploads\/2022\/10\/roomanrajoilla.jpg 644w\" sizes=\"auto, (max-width: 215px) 100vw, 215px\" \/><img loading=\"lazy\" decoding=\"async\" class=\"size-medium wp-image-6843 alignleft\" style=\"font-style: normal; font-variant-ligatures: normal; font-variant-caps: normal; font-weight: 400; font-size: 13px; font-family: 'Open Sans';\" src=\"https:\/\/www.oulucomics.com\/wp-content\/uploads\/2022\/09\/parviainen_ulkopuolella-211x300.jpg\" alt=\"\" width=\"211\" height=\"300\" srcset=\"https:\/\/www.oulucomics.com\/wp-content\/uploads\/2022\/09\/parviainen_ulkopuolella-211x300.jpg 211w, https:\/\/www.oulucomics.com\/wp-content\/uploads\/2022\/09\/parviainen_ulkopuolella.jpg 421w\" sizes=\"auto, (max-width: 211px) 100vw, 211px\" \/><\/p>\n<p> <p class=\"wpsm-hide\" style=\"color: #cc0000; font-size: 100%; text-align: left;\"> piilota\/hide<\/p><\/div><\/div><\/p>\n<h4>16:20 - <strong>Siiri Viljakka<\/strong>: Kohti sumua<\/h4>\n<p><div class=\"show_more\"><p class=\"wpsm-show\" style=\"color: #cc0000; font-size: 100%; text-align: left;\"> lis\u00e4\u00e4\/more<\/p><div class=\"wpsm-content\"><\/p>\n<p><img loading=\"lazy\" decoding=\"async\" class=\"alignright wp-image-6845 size-medium\" style=\"font-style: normal; font-variant-ligatures: normal; font-variant-caps: normal; font-weight: 400; font-size: 13px; font-family: 'Open Sans';\" src=\"https:\/\/www.oulucomics.com\/wp-content\/uploads\/2022\/09\/viljakka_kohtisumua-214x300.jpg\" alt=\"\" width=\"214\" height=\"300\" srcset=\"https:\/\/www.oulucomics.com\/wp-content\/uploads\/2022\/09\/viljakka_kohtisumua-214x300.jpg 214w, https:\/\/www.oulucomics.com\/wp-content\/uploads\/2022\/09\/viljakka_kohtisumua.jpg 427w\" sizes=\"auto, (max-width: 214px) 100vw, 214px\" \/><\/p>\n<p><em><span style=\"font-weight: 400;\">Kohti sumua<\/span><\/em><span style=\"font-weight: 400;\"> (T\u00e4ysi K\u00e4si, 2022) on <\/span><strong>Siiri Viljakan<\/strong><span style=\"font-weight: 400;\"> teos naisrakkaudesta, luopumisesta ja mystisest\u00e4 majakkasaaresta. Muistinsa menett\u00e4nyt Natalie huuhtoutuu majakalle. H\u00e4net pelastaa saaren ainoa asukas, Eleonore. Naisten yhteiselo eristyneell\u00e4 saarella luo heid\u00e4n v\u00e4lilleen l\u00e4heisyyden, mutta paikan paljastuvat salaisuudet pakottavat heid\u00e4t tekem\u00e4\u00e4n omat valintansa. Viljakkaa haastattelemassa Vesa Kataisto.<\/span><\/p>\n<p><span style=\"color: #0000ff;\"><em>Kohti Sumua <\/em>(T\u00e4ysi K\u00e4si, 2022) is a story by <strong>Siiri Viljakka<\/strong><\/span><span style=\"font-weight: 400;\"><span style=\"color: #0000ff;\"> about womanly love, letting go and a mysterious lighthouse on an island. Natalie, who has lost her memory, washes up on the shore of the island. She is saved by the only inhabitant of the island, Eleonore. The two continue to live together, deepening the connection between them, on the deserted island. However the unresolving mysteries of the island forces them to make their own decisions. Vesa Kataisto will interview Viljakka<\/span>.<\/span><\/p>\n<p> <p class=\"wpsm-hide\" style=\"color: #cc0000; font-size: 100%; text-align: left;\"> piilota\/hide<\/p><\/div><\/div><\/p>\n<h4><span style=\"font-weight: 400;\">16:40 - <\/span><strong>Niina Eveliina Salmelin<\/strong><span style=\"font-weight: 400;\">: <\/span><span style=\"font-weight: 400;\">Numb<\/span><span style=\"font-weight: 400;\">, <\/span><span style=\"font-weight: 400;\">Honey &amp; Janice<\/span><span style=\"font-weight: 400;\"> ja <\/span><span style=\"font-weight: 400;\">Elukat -zine<\/span><\/h4>\n<p><div class=\"show_more\"><p class=\"wpsm-show\" style=\"color: #cc0000; font-size: 100%; text-align: left;\"> lis\u00e4\u00e4\/more<\/p><div class=\"wpsm-content\"><\/p>\n<p><span style=\"font-weight: 400;\"><img loading=\"lazy\" decoding=\"async\" class=\"alignright size-medium wp-image-6903\" src=\"https:\/\/www.oulucomics.com\/wp-content\/uploads\/2022\/10\/numb_vol1-203x300.jpg\" alt=\"\" width=\"203\" height=\"300\" srcset=\"https:\/\/www.oulucomics.com\/wp-content\/uploads\/2022\/10\/numb_vol1-203x300.jpg 203w, https:\/\/www.oulucomics.com\/wp-content\/uploads\/2022\/10\/numb_vol1.jpg 406w\" sizes=\"auto, (max-width: 203px) 100vw, 203px\" \/>Arvostetun ja mittavan <\/span><em><span style=\"font-weight: 400;\">Numb<\/span><\/em><span style=\"font-weight: 400;\"> -nettisarjakuvan ensimm\u00e4inen osa p\u00e4\u00e4si painetuksi teokseksi <\/span><em><span style=\"font-weight: 400;\">Numb 1<\/span><\/em><span style=\"font-weight: 400;\"> (Omakustanne, 2021) joukkorahoituskampanjan my\u00f6t\u00e4. <\/span><strong>Niina Salmelinin<\/strong><span style=\"font-weight: 400;\"> verkkosarjakuva on luonnosteltu lyijykyn\u00e4ll\u00e4 ja v\u00e4ritetty vesiv\u00e4ritekniikalla. Haastattelussa nousee esille my\u00f6s muita teoksia vuosien verralta, kuten <\/span><em><span style=\"font-weight: 400;\">Honey &amp; Janice<\/span><\/em><span style=\"font-weight: 400;\"> ja<\/span><em><span style=\"font-weight: 400;\"> Elukat -zine<\/span><\/em><i><span style=\"font-weight: 400;\">. <\/span><\/i><span style=\"font-weight: 400;\">Haastattelijana Tiia Salmelin.<\/span><\/p>\n<p><span style=\"color: #0000ff;\">The popular and extensive <em>Numb<\/em> -webcomic\u00b4s first part has been published as a printed work, <em>Numb 1 <\/em>(Omakustanne, 2021) by a group funding campaign. <strong>Niina Salmelin\u2019s<\/strong> webcomic has been illustrated with pencil and has been colored with watercolors. There will be mentions of other works as <em>Honey &amp; Janice<\/em> and <em>Elukat<\/em> -zine in the interview, which is carried out by Tiia Salmelin.<\/span><\/p>\n<p> <p class=\"wpsm-hide\" style=\"color: #cc0000; font-size: 100%; text-align: left;\"> piilota\/hide<\/p><\/div><\/div><\/p>\n<h4>16:55 - <strong>Jenni V\u00e4likangas<\/strong>: Ilmarin Koijaiset<\/h4>\n<p><div class=\"show_more\"><p class=\"wpsm-show\" style=\"color: #cc0000; font-size: 100%; text-align: left;\"> lis\u00e4\u00e4\/more<\/p><div class=\"wpsm-content\"><\/p>\n<p><img loading=\"lazy\" decoding=\"async\" class=\"alignright wp-image-6846 size-medium\" style=\"font-style: normal; font-variant-ligatures: normal; font-variant-caps: normal; font-weight: 400; font-size: 13px; font-family: 'Open Sans';\" src=\"https:\/\/www.oulucomics.com\/wp-content\/uploads\/2022\/09\/ilmarinkoijaiset-300x250.jpg\" alt=\"\" width=\"300\" height=\"250\" srcset=\"https:\/\/www.oulucomics.com\/wp-content\/uploads\/2022\/09\/ilmarinkoijaiset-300x250.jpg 300w, https:\/\/www.oulucomics.com\/wp-content\/uploads\/2022\/09\/ilmarinkoijaiset-440x366.jpg 440w, https:\/\/www.oulucomics.com\/wp-content\/uploads\/2022\/09\/ilmarinkoijaiset-480x400.jpg 480w, https:\/\/www.oulucomics.com\/wp-content\/uploads\/2022\/09\/ilmarinkoijaiset.jpg 600w\" sizes=\"auto, (max-width: 300px) 100vw, 300px\" \/><\/p>\n<p><span style=\"font-weight: 400;\">Ilmari l\u00e4htee koiravahdiksi saaristoon Kolna-t\u00e4tins\u00e4 asunnolle, mutta tavallinen m\u00f6kkiloma osoittautuukin joksikin aivan muuksi. Sarjakuvataiteilija <\/span><strong>Jenni V\u00e4likankaan<\/strong><span style=\"font-weight: 400;\"> teos <\/span><em><span style=\"font-weight: 400;\">Ilmarin Koijaiset<\/span><\/em><span style=\"font-weight: 400;\"> (Omakustanne, 2022) on esteettinen seikkailu suomalaisessa saaristolaismilj\u00f6\u00f6ss\u00e4. V\u00e4likangasta haastattelee Siiri Viljakka.<\/span><\/p>\n<p><span style=\"color: #0000ff;\">Ilmari will be leaving to dogsit at his aunt Kolna\u2019s archipelago apartment, but the ordinary cottage holiday turns out to be something entirely else. Comic artist <strong>Jenni V\u00e4likangas<\/strong> tells us an aesthetic adventure in finnish traditional landscapes in her book <em>llmarin Koijaiset<\/em> (Omakustanne, 2022). V\u00e4likangas will be interviewed by Siiri Viljakka.<\/span><\/p>\n<p> <p class=\"wpsm-hide\" style=\"color: #cc0000; font-size: 100%; text-align: left;\"> piilota\/hide<\/p><\/div><\/div><\/p>\n<h4><span style=\"font-weight: 400;\">17:10 - <\/span><span style=\"font-weight: 400;\">Kultti esitt\u00e4ytyy <\/span><strong>Tuomas Rantasen<\/strong><span style=\"font-weight: 400;\"> johdolla<\/span><\/h4>\n<p><div class=\"show_more\"><p class=\"wpsm-show\" style=\"color: #cc0000; font-size: 100%; text-align: left;\"> lis\u00e4\u00e4\/more<\/p><div class=\"wpsm-content\"><\/p>\n<p><span style=\"font-weight: 400;\">Kulttuuri-, mielipide- ja tiedelehtien liitto Kultti ry on noin 170 Suomessa ilmestyv\u00e4n lehden kattoj\u00e4rjest\u00f6. Kultti valvoo pienlehtien etuja sek\u00e4 tarjoaa lehdille koulutusta ja markkinointiv\u00e4yli\u00e4.<\/span><\/p>\n<p><span style=\"font-weight: 400;\">Vuonna 1991 perustettu Kultti on riippumattoman journalismin \u00e4\u00e4nitorvi. Mediatalojen sis\u00e4lt\u00f6jen yhdenmukaistuessa tarve toisin ajatteleville julkaisufoorumeille on entist\u00e4kin suurempi. Kultin j\u00e4senlehdet tarjoavat kanavia aiheille ja ihmisille, jotka eiv\u00e4t valtamediaan mahdu.<\/span><\/p>\n<p><span style=\"font-weight: 400;\">Kultin j\u00e4seniin kuuluvat useimmat Suomessa ilmestyv\u00e4t taide- ja kulttuurilehdet sek\u00e4 valtaosa mielipidelehdist\u00e4 ja tiedejulkaisuista. Kultin lehdet tuovat pohdittuja mielipiteit\u00e4 ja hyvin ajateltuja artikkeleita digitaalisen uutistulvan keskelle. Lehdist\u00e4 voi ahmia juttuja kulttuurin ilmi\u00f6ist\u00e4, tieteist\u00e4 ja taiteista, politiikasta ja yhteiskunnasta, enemmist\u00f6ist\u00e4 ja v\u00e4hemmist\u00f6ist\u00e4, ymp\u00e4rist\u00f6st\u00e4, scifist\u00e4\u2026<\/span><\/p>\n<p><span style=\"color: #0000ff;\">The Association for Cultural, Scientific and Advocacy Magazines, Kultti ry, has been a central civil society actor in Finland since 1991. Kultti promotes the activities of its 200 member magazines and defends their interests. Kultti informs about current events, provides training and discovers new ways of promoting the distribution of its member magazines.<\/span><\/p>\n<p><span style=\"color: #0000ff;\">Kultti organizes seminars, participates together with its member magazines in book fairs and festivals, and monitors research on contemporary cultural and societal trends. Our most important services include: a regularly updated website, marketing events and courses.<\/span><\/p>\n<p> <p class=\"wpsm-hide\" style=\"color: #cc0000; font-size: 100%; text-align: left;\"> piilota\/hide<\/p><\/div><\/div><\/p>\n<h4><span style=\"font-weight: 400;\">17:30 - <\/span><strong>Lauri Ahtinen<\/strong><span style=\"font-weight: 400;\">: <\/span><span style=\"font-weight: 400;\">Success<\/span><\/h4>\n<p><div class=\"show_more\"><p class=\"wpsm-show\" style=\"color: #cc0000; font-size: 100%; text-align: left;\"> lis\u00e4\u00e4\/more<\/p><div class=\"wpsm-content\"><\/p>\n<p><span style=\"font-weight: 400;\"><img loading=\"lazy\" decoding=\"async\" class=\"alignright wp-image-6902\" src=\"https:\/\/www.oulucomics.com\/wp-content\/uploads\/2022\/10\/ahtinen_success.jpeg\" alt=\"\" width=\"300\" height=\"375\" srcset=\"https:\/\/www.oulucomics.com\/wp-content\/uploads\/2022\/10\/ahtinen_success.jpeg 640w, https:\/\/www.oulucomics.com\/wp-content\/uploads\/2022\/10\/ahtinen_success-240x300.jpeg 240w, https:\/\/www.oulucomics.com\/wp-content\/uploads\/2022\/10\/ahtinen_success-440x550.jpeg 440w\" sizes=\"auto, (max-width: 300px) 100vw, 300px\" \/>Sarjakuvataiteilija <\/span><strong>Lauri Ahtisen<\/strong> <em><span style=\"font-weight: 400;\">Success<\/span><\/em><span style=\"font-weight: 400;\"> (NFT galleria, 2022)<\/span><span style=\"font-weight: 400;\"> ilmestyy @nftstore.gallery:ss\u00e4 vuoden 2022 ajan. Se on tarina miehest\u00e4, joka toivoo olevan maailman tunnetuin ja arvostetuin graafikko ja taiteilija. NFT on digitaalinen, ker\u00e4ilt\u00e4v\u00e4 valuutta, kuten taideteos, video tai kuva. Jos sinulla esimerkiksi on netiss\u00e4 jokin suosikkimeemi, voisit omistaa sen NFT:n. Success -sarjakuvasta ja NFT:st\u00e4 kuullaan lis\u00e4\u00e4 Anssi Vieruahon johdolla.<\/span><\/p>\n<p><span style=\"color: #0000ff;\"><strong>Lauri Ahtinen\u00b4s<\/strong> <em>Success<\/em> (NFT galleria, 2022) will be published to @nftstore.gallery during 2022. Success is a story about a man who wishes to be the most known and appreciated graphic designer and artist of the world. NFT is a digital, collectible currency, like an artwork, picture or video. For example, if you have a favorite meme on the internet, you can own a NFT of that. More about Success -comic and NFT:s will be heard with the lead of Anssi Vieruaho.<\/span><\/p>\n<p> <p class=\"wpsm-hide\" style=\"color: #cc0000; font-size: 100%; text-align: left;\"> piilota\/hide<\/p><\/div><\/div><\/p>\n<h3><\/h3>\n<h3>Elokuvateatteri Studio <span style=\"color: #0000ff;\">(Studio Cinema)<\/span><\/h3>\n<p><img loading=\"lazy\" decoding=\"async\" class=\"alignleft wp-image-6847 size-medium\" src=\"https:\/\/www.oulucomics.com\/wp-content\/uploads\/2022\/09\/black_peider-201x300.jpg\" alt=\"\" width=\"201\" height=\"300\" srcset=\"https:\/\/www.oulucomics.com\/wp-content\/uploads\/2022\/09\/black_peider-201x300.jpg 201w, https:\/\/www.oulucomics.com\/wp-content\/uploads\/2022\/09\/black_peider.jpg 402w\" sizes=\"auto, (max-width: 201px) 100vw, 201px\" \/><\/p>\n<hr \/>\n<p>18:00 <strong>BLACK PEIDER <\/strong>(K7)<strong><br \/>\n<\/strong><span style=\"font-weight: 400;\">11 min, (C) Mutant Koala Pictures 2021, ohjaus Jukka Vidgren, k\u00e4sikirjoitus Jukka Vidgren &amp; Petteri Tikkanen<\/span><\/p>\n<p>Esityst\u00e4 t\u00e4hditt\u00e4\u00e4 <strong>Black Peider<\/strong> olemuksellaan ja esiintymisell\u00e4\u00e4n!<\/p>\n<\/div><\/div>\n\t\t\t\t<\/li>\n\t\t\t \t<li class=\"event nayttelyt center sarjakuvagalleria\">\n\t\t\t\t\t<div class=\"event-date multi-date\"><div class=\"start-date\"><div class=\"event-weekday\">Mon<\/div><div class=\"event-day\">14<\/div><div class=\"event-month\">Nov<\/div><div class=\"event-year\">2022<\/div><\/div><div class=\"end-date\"><div class=\"event-weekday\">Fri<\/div><div class=\"event-day\">23<\/div><div class=\"event-month\">Dec<\/div><div class=\"event-year\">2022<\/div><\/div><\/div>\n\t\t\t\t\t<div class=\"event-info multi-day\"><div class=\"event-title\"><h3>Oulun lasten- ja nuortenelokuvien festivaalin\u00e4yttely<\/h3><\/div><span class=\"event-time\">10:00 - 20:00<\/span><span class=\"event-location\">Sarjakuvagalleria! | Comics Gallery!, Hallituskatu 7, Oulu<\/span><\/div>\n\t\t\t\t<\/li>\n\t\t\t \t<li class=\"event nayttelyt center sarjakuvagalleria\">\n\t\t\t\t\t<div class=\"event-date multi-date\"><div class=\"start-date\"><div class=\"event-weekday\">Mon<\/div><div class=\"event-day\">02<\/div><div class=\"event-month\">Jan<\/div><div class=\"event-year\">2023<\/div><\/div><div class=\"end-date\"><div class=\"event-weekday\">Wed<\/div><div class=\"event-day\">25<\/div><div class=\"event-month\">Jan<\/div><div class=\"event-year\">2023<\/div><\/div><\/div>\n\t\t\t\t\t<div class=\"event-info multi-day\"><div class=\"event-title\"><h3>SarjakuvaOulun vuosi 2022<\/h3><\/div><span class=\"event-time\">10:00 - 20:00<\/span><span class=\"event-location\">Sarjakuvagalleria! | Comics Gallery!, Hallituskatu 7, Oulu<\/span><div class=\"event-details\"><p>SarjakuvaOulun vuosi 2022 esittelee katkauksen edellisen vuoden sarjakuvauutuuksiin, jotka on esitelty Oulun Sarjakuvafestivaalilla 16 sarjakuvateosta sek\u00e4 kotimaisilta ett\u00e4 ulkomaalaisilta tekij\u00f6ilt\u00e4.<\/p>\n<\/div><\/div>\n\t\t\t\t<\/li>\n\t\t\t \t<li class=\"event nayttelyt center sarjakuvagalleria\">\n\t\t\t\t\t<div class=\"event-date multi-date\"><div class=\"start-date\"><div class=\"event-weekday\">Sat<\/div><div class=\"event-day\">28<\/div><div class=\"event-month\">Jan<\/div><div class=\"event-year\">2023<\/div><\/div><div class=\"end-date\"><div class=\"event-weekday\">Wed<\/div><div class=\"event-day\">15<\/div><div class=\"event-month\">Mar<\/div><div class=\"event-year\">2023<\/div><\/div><\/div>\n\t\t\t\t\t<div class=\"event-info multi-day\"><div class=\"event-title\"><h3>Kari Sihvonen: Syntax Terror -originaalin\u00e4yttely<\/h3><\/div><span class=\"event-time\">10:00 - 20:00<\/span><span class=\"event-location\">Sarjakuvagalleria! | Comics Gallery!, Hallituskatu 7, Oulu<\/span><div class=\"event-details\"><p><img loading=\"lazy\" decoding=\"async\" class=\"alignright size-medium wp-image-6841\" src=\"https:\/\/www.oulucomics.com\/wp-content\/uploads\/2022\/09\/sihvonen_syntaxterror-231x300.jpg\" alt=\"\" width=\"231\" height=\"300\" srcset=\"https:\/\/www.oulucomics.com\/wp-content\/uploads\/2022\/09\/sihvonen_syntaxterror-231x300.jpg 231w, https:\/\/www.oulucomics.com\/wp-content\/uploads\/2022\/09\/sihvonen_syntaxterror-440x571.jpg 440w, https:\/\/www.oulucomics.com\/wp-content\/uploads\/2022\/09\/sihvonen_syntaxterror.jpg 462w\" sizes=\"auto, (max-width: 231px) 100vw, 231px\" \/>Vaara uhkaa, oi galaksien vaeltaja. Myrskypilvet ker\u00e4\u00e4ntyv\u00e4t horisontissa mystisen voiman l\u00e4hestyess\u00e4 kotiplaneettaamme. Sukella syv\u00e4lle kaaoksen v\u00e4ritt\u00e4m\u00e4\u00e4n tarinaan, jossa robottimainen pahuus kylv\u00e4\u00e4 pelkoa maapallolla!\u00a0<i>Mars hy\u00f6kk\u00e4\u00e4!<\/i> oli vain esimakua. Maapallolla ihan kaikki kuulevat huutosi!<\/p>\n<p><em>Syntax Terror<\/em> (Zum Teufel 2022) on <strong>Kari A. Sihvosen<\/strong> (s. 1980) sanaton sarjakuvailoittelu, joka ammentaa innoituksensa vanhoista scifi- ja kauhusarjakuvista ja -elokuvista. Sarjakuvagalleria!ssa esill\u00e4 olevassa n\u00e4yttelyss\u00e4 saat kolmiulotteisen kokemuksen. Paikan p\u00e4\u00e4ll\u00e4 voit \u00e4llisty\u00e4.<\/p>\n<\/div><\/div>\n\t\t\t\t<\/li>\n\t\t\t \t<li class=\"event nayttelyt center sarjakuvagalleria\">\n\t\t\t\t\t<div class=\"event-date multi-date\"><div class=\"start-date\"><div class=\"event-weekday\">Sat<\/div><div class=\"event-day\">18<\/div><div class=\"event-month\">Mar<\/div><div class=\"event-year\">2023<\/div><\/div><div class=\"end-date\"><div class=\"event-weekday\">Wed<\/div><div class=\"event-day\">19<\/div><div class=\"event-month\">Apr<\/div><div class=\"event-year\">2023<\/div><\/div><\/div>\n\t\t\t\t\t<div class=\"event-info multi-day\"><div class=\"event-title\"><h3>S\u00f8ren Mosdal: Nastrand - Vainajien ranta<\/h3><\/div><span class=\"event-time\">10:00 - 20:00<\/span><span class=\"event-location\">Sarjakuvagalleria! | Comics Gallery!, Hallituskatu 7, Oulu<\/span><div class=\"event-details\"><p><img loading=\"lazy\" decoding=\"async\" class=\"alignright size-medium wp-image-6880\" src=\"https:\/\/www.oulucomics.com\/wp-content\/uploads\/2022\/09\/nastrand_kansi_net-209x300.jpeg\" alt=\"\" width=\"209\" height=\"300\" srcset=\"https:\/\/www.oulucomics.com\/wp-content\/uploads\/2022\/09\/nastrand_kansi_net-209x300.jpeg 209w, https:\/\/www.oulucomics.com\/wp-content\/uploads\/2022\/09\/nastrand_kansi_net-440x633.jpeg 440w, https:\/\/www.oulucomics.com\/wp-content\/uploads\/2022\/09\/nastrand_kansi_net.jpeg 626w\" sizes=\"auto, (max-width: 209px) 100vw, 209px\" \/>Deirdre ja h\u00e4nen herransa Thorkel her\u00e4\u00e4v\u00e4t Nastrandilla, vainajien rannalla... Siell\u00e4 kuolleet voivat peseyty\u00e4 sen sijaan, ett\u00e4 p\u00e4\u00e4tyisiv\u00e4t Valhallaan. Deirdre ja Thorkel kamppailevat selviyty\u00e4kseen ja ymm\u00e4rt\u00e4\u00e4kseen tuntematonta. Kuolema on ja tulee aina olemaan tuntematon m\u00e4\u00e4r\u00e4np\u00e4\u00e4.<\/p>\n<p><em>Nastrand - Vainajien ranta<\/em> (Zum Teufel 2022) on tanskalaisen <strong>S\u00f8ren Mosdalin<\/strong> (s. 1972) ensimm\u00e4inen suomeksi julkaistu sarjakuvakirja. Se on vauhdikasta ja groteskilla huumorilla varustettua viikinkikauhua. Tarinan pohjana on tuhat vuotta vanha runo V\u00f6lusp\u00e1, \u201dN\u00e4kij\u00e4tt\u00e4ren ennustus\u201d. Se tunnetaan t\u00e4rke\u00e4n\u00e4 osana Eddaa, skandinaavista muinaistarujen kokoelmaa.<\/p>\n<p>Sarjakuvagalleria!ssa j\u00e4rjestet\u00e4\u00e4n taiteilijatapaaminen 24.3. klo 17:00.<\/p>\n<\/div><\/div>\n\t\t\t\t<\/li>\n\t\t\t \t<li class=\"event nayttelyt center sarjakuvagalleria\">\n\t\t\t\t\t<div class=\"event-date multi-date\"><div class=\"start-date\"><div class=\"event-weekday\">Sat<\/div><div class=\"event-day\">22<\/div><div class=\"event-month\">Apr<\/div><div class=\"event-year\">2023<\/div><\/div><div class=\"end-date\"><div class=\"event-weekday\">Sun<\/div><div class=\"event-day\">04<\/div><div class=\"event-month\">Jun<\/div><div class=\"event-year\">2023<\/div><\/div><\/div>\n\t\t\t\t\t<div class=\"event-info multi-day\"><div class=\"event-title\"><h3>Invisible child<\/h3><\/div><span class=\"event-time\">10:00 - 20:00<\/span><span class=\"event-location\">Sarjakuvagalleria! | Comics Gallery!, Hallituskatu 7, Oulu<\/span><div class=\"event-details\"><p><img loading=\"lazy\" decoding=\"async\" class=\"size-medium wp-image-6985 alignright\" src=\"https:\/\/www.oulucomics.com\/wp-content\/uploads\/2023\/03\/invisible_child-210x300.jpeg\" alt=\"\" width=\"210\" height=\"300\" srcset=\"https:\/\/www.oulucomics.com\/wp-content\/uploads\/2023\/03\/invisible_child-210x300.jpeg 210w, https:\/\/www.oulucomics.com\/wp-content\/uploads\/2023\/03\/invisible_child-718x1024.jpeg 718w, https:\/\/www.oulucomics.com\/wp-content\/uploads\/2023\/03\/invisible_child-768x1095.jpeg 768w, https:\/\/www.oulucomics.com\/wp-content\/uploads\/2023\/03\/invisible_child-440x627.jpeg 440w, https:\/\/www.oulucomics.com\/wp-content\/uploads\/2023\/03\/invisible_child.jpeg 1000w\" sizes=\"auto, (max-width: 210px) 100vw, 210px\" \/><\/p>\n<p>Invisible child -n\u00e4yttelyss\u00e4 on esill\u00e4 <strong>Sanni Kemppaisen<\/strong> kuvittamia mielikuvitusmaailmoja ja kuvitettua tarinaa lasten ideoinnin pohjalta. Lis\u00e4ksi n\u00e4yttelyss\u00e4 n\u00e4hd\u00e4\u00e4n lasten toteuttamia kolmiulotteisia voimahahmoja ja kirjoittamia tarinoita. Tarinoita voi joko itse lukea tai kuunnella kuulokkeista lasten kertomina. Invisible child antaa k\u00e4vij\u00e4lle mahdollisuuden luoda tarinaa yhteiseen installaatioon.<\/p>\n<p>N\u00e4yttely kokoaa yhteen useamman kuvitusprojektin yhteisty\u00f6ss\u00e4 eri-ik\u00e4isten lasten kanssa. Ideana on ollut suunnitella ensin maailma lasten mielikuvituksen pohjalta, kuvittaa se ja lopuksi tehd\u00e4 kuvitetusta maailmasta tarina. Idean l\u00e4ht\u00f6kohtana on toiminut Taru sormusten herrasta -saaga, joka aloitettiin ensin luomalla haltiakieli ja sitten vasta tarina. Projekteissa on ollut mukana 5\u201311-vuotiaita lapsia.<\/p>\n<p>N\u00e4yttely on osa <a href=\"https:\/\/www.lumotutsanat.fi\/\" target=\"_blank\" rel=\"noopener\">Lumotut Sanat - Lasten ja nuorten sanataideviikkojen ohjelmistoa<\/a><\/p>\n<\/div><\/div>\n\t\t\t\t<\/li>\n\t\t\t \t<li class=\"event nayttelyt center sarjakuvagalleria\">\n\t\t\t\t\t<div class=\"event-date multi-date\"><div class=\"start-date\"><div class=\"event-weekday\">Tue<\/div><div class=\"event-day\">06<\/div><div class=\"event-month\">Jun<\/div><div class=\"event-year\">2023<\/div><\/div><div class=\"end-date\"><div class=\"event-weekday\">Sun<\/div><div class=\"event-day\">02<\/div><div class=\"event-month\">Jul<\/div><div class=\"event-year\">2023<\/div><\/div><\/div>\n\t\t\t\t\t<div class=\"event-info multi-day\"><div class=\"event-title\"><h3>Rauhan kuvitelmia - sodanvastaista sarjakuvaa<\/h3><\/div><span class=\"event-time\">10:00 - 20:00<\/span><span class=\"event-location\">Sarjakuvagalleria! | Comics Gallery!, Hallituskatu 7, Oulu<\/span><div class=\"event-details\"><p><figure id=\"attachment_6987\" aria-describedby=\"caption-attachment-6987\" style=\"width: 214px\" class=\"wp-caption alignright\"><img loading=\"lazy\" decoding=\"async\" class=\"wp-image-6987 size-medium\" style=\"font-style: normal; font-variant-ligatures: normal; font-variant-caps: normal; font-weight: 400; font-size: 13px; font-family: 'Open Sans';\" src=\"https:\/\/www.oulucomics.com\/wp-content\/uploads\/2023\/05\/Lilia-Matvejeva_2022_net-214x300.jpg\" alt=\"Kuva: Lilia Matvejeva, Teksti kuvassa: Ei sodalle\" width=\"214\" height=\"300\" srcset=\"https:\/\/www.oulucomics.com\/wp-content\/uploads\/2023\/05\/Lilia-Matvejeva_2022_net-214x300.jpg 214w, https:\/\/www.oulucomics.com\/wp-content\/uploads\/2023\/05\/Lilia-Matvejeva_2022_net.jpg 428w\" sizes=\"auto, (max-width: 214px) 100vw, 214px\" \/><figcaption id=\"caption-attachment-6987\" class=\"wp-caption-text\"><em>Kuva: Lilia Matvejeva Teksti kuvassa: Ei sodalle<\/em><\/figcaption><\/figure><\/p>\n<p class=\"p1\"><em>Rauhan kuvitelmia <\/em>-n\u00e4yttelyss\u00e4 on esill\u00e4 teoksia kuudelta ven\u00e4l\u00e4istaustaiselta ja kahdelta ukrainalaistaustaiselta taiteilijalta. N\u00e4yttely tuomitsee jyrk\u00e4sti Ven\u00e4j\u00e4n aloittaman hy\u00f6kk\u00e4yssodan Ukrainaan ja osoittaa tukensa niin ukrainalaistaiteilijoille kuin ven\u00e4l\u00e4isille sodanvastaisille \u00e4\u00e4nille.<\/p>\n<p>Dialogin rakentaminen sotaa k\u00e4yvien maiden v\u00e4lill\u00e4 ei ole ongelmatonta ja<span class=\"Apple-converted-space\">\u00a0 <\/span>sen ovat n\u00e4yttelyn kuraattorit moneen kertaan saaneet todeta. Siit\u00e4 huolimatta he uskovat yh\u00e4, ett\u00e4 rauhanomainen dialogi kansalaisuuteen katsomatta voi olla mahdollista taiteen kautta.<\/p>\n<p><strong>Teoksista ja tekij\u00f6ist\u00e4<\/strong><\/p>\n<p class=\"p1\">Ukrainalaistaustainen, Yhdysvalloissa asuva taiteilija ja tutkija <strong>Julia Aleksejeva<\/strong> valaisee sarjakuvassaan Ukrainan sodan taustoja ja seurauksia. Suomeen sotaa paennut ukrainalaistaiteilija <strong>Nataliia Burmaka<\/strong> k\u00e4sittelee tuntojaan herkin kuvituksin.<\/p>\n<p><strong>Darja Apahont\u0161it\u0161<\/strong> ja <strong>Lilija Matvejeva<\/strong> ovat ven\u00e4l\u00e4isi\u00e4 taiteilijoita, jotka asuvat t\u00e4ll\u00e4 hetkell\u00e4 maanpaossa Tbilisiss\u00e4 ja Berliiniss\u00e4. Apahont\u0161it\u0161 on ven\u00e4j\u00e4ll\u00e4 listattu ulkomaiseksi media-agentiksi. Heid\u00e4n teoksissaan n\u00e4kyy voimakkaana sodan aiheuttama suru, mutta my\u00f6s toiveet toisenlaisesta maailmasta ilman sotaa.<\/p>\n<p>N\u00e4yttelyss\u00e4 on mukana my\u00f6s kaksi ven\u00e4l\u00e4istaustaista, Suomessa asuvaa taiteilijaa, <strong>Kim Elvira<\/strong> ja <strong>Bruck<\/strong>, joiden sarjakuvissa nousee esiin sodan l\u00e4sn\u00e4olo henkil\u00f6kohtaisessa el\u00e4m\u00e4ss\u00e4 kaukana sota-alueelta.<\/p>\n<p class=\"p1\">\nMoskovalaisen Vicious Membrane -studion taiteilijalle <strong>Igor Bogdanoville<\/strong> sek\u00e4 pietarilaiselle <strong>Pikku Myylle<\/strong> n\u00e4yttely antaa tilaisuuden sodanvastaisten n\u00e4kemysten ilmaisuun, joka ei ole en\u00e4\u00e4 mahdollista Ven\u00e4j\u00e4ll\u00e4.<\/p>\n<p class=\"p1\">\nN\u00e4yttelyn ovat ideoineet ja koonneet sarjakuvataiteilija <strong>Sanna Hukkanen<\/strong> ja tuottaja <strong>Kerttu Matinpuro<\/strong>, joilla on molemmilla taustaa rauhanliikkeess\u00e4 sek\u00e4 kokemusta kulttuuriyhteisty\u00f6st\u00e4 Ven\u00e4j\u00e4ll\u00e4.<\/p>\n<p class=\"p1\">N\u00e4yttely on j\u00e4rjestetty yhteisty\u00f6ss\u00e4 <strong>Suomi-Ven\u00e4j\u00e4-seuran<\/strong>, <strong>Maailman sarjakuvat ry:n<\/strong> ja <strong>Suomen Rauhanpuolustajien<\/strong> kanssa.<\/p>\n<p><strong>N\u00e4yttelyn avajaiset maanantaina 5.6. klo 18:00. Tervetuloa!<\/strong><\/p>\n<\/div><\/div>\n\t\t\t\t<\/li>\n\t\t\t \t<li class=\"event nayttelyt center sarjakuvagalleria\">\n\t\t\t\t\t<div class=\"event-date multi-date\"><div class=\"start-date\"><div class=\"event-weekday\">Tue<\/div><div class=\"event-day\">01<\/div><div class=\"event-month\">Aug<\/div><div class=\"event-year\">2023<\/div><\/div><div class=\"end-date\"><div class=\"event-weekday\">Wed<\/div><div class=\"event-day\">13<\/div><div class=\"event-month\">Sep<\/div><div class=\"event-year\">2023<\/div><\/div><\/div>\n\t\t\t\t\t<div class=\"event-info multi-day\"><div class=\"event-title\"><h3>Avi Heikkinen &amp; Aapo Kukko: ETH\u00c4N KUOLE ENNEN MINUA<\/h3><\/div><span class=\"event-time\">10:00 - 20:00<\/span><span class=\"event-location\">Sarjakuvagalleria! | Comics Gallery!, Hallituskatu 7, Oulu<\/span><div class=\"event-details\"><p><img loading=\"lazy\" decoding=\"async\" class=\"alignright wp-image-6994\" src=\"https:\/\/www.oulucomics.com\/wp-content\/uploads\/2023\/05\/ethankuolennenminua_net.jpg\" alt=\"\" width=\"300\" height=\"425\" srcset=\"https:\/\/www.oulucomics.com\/wp-content\/uploads\/2023\/05\/ethankuolennenminua_net.jpg 636w, https:\/\/www.oulucomics.com\/wp-content\/uploads\/2023\/05\/ethankuolennenminua_net-212x300.jpg 212w, https:\/\/www.oulucomics.com\/wp-content\/uploads\/2023\/05\/ethankuolennenminua_net-440x623.jpg 440w\" sizes=\"auto, (max-width: 300px) 100vw, 300px\" \/>Eth\u00e4n kuole ennen minua -n\u00e4yttely esittelee <strong>Avi Heikkisen<\/strong> ja <strong>Aapo Kukon<\/strong> vuonna 2023 julkaistavaa samannimist\u00e4 sarjakuvaa. Teos k\u00e4sittelee isyyteen liittyvi\u00e4 kipeit\u00e4 tunteita nelj\u00e4n lohduttoman yliluonnollisen tarinan kautta. N\u00e4yttely paljastaa sarjakuvan taustoja asettamalla rinnakkain sarjakuvan kuvallisen k\u00e4sikirjoituksen ja lopulliset piirrokset.<\/p>\n<p>N\u00e4yttelyesittely ja taiteilijatapaaminen Oulun Taiteiden Y\u00f6ss\u00e4\u00a0 ja Oulun Muusajuhlilla 17.8.2023 klo 19:00.<\/p>\n<p>Uudella kirjallisuusfestivaalilla Aapo Kukko esittelee n\u00e4yttelyn ja kertoo teoksesta Sarjakuvagalleria!ssa 8.9.2023 klo 18:00.<\/p>\n<\/div><\/div>\n\t\t\t\t<\/li>\n\t\t\t \t<li class=\"event nayttelyt center sarjakuvagalleria\">\n\t\t\t\t\t<div class=\"event-date multi-date\"><div class=\"start-date\"><div class=\"event-weekday\">Sat<\/div><div class=\"event-day\">16<\/div><div class=\"event-month\">Sep<\/div><div class=\"event-year\">2023<\/div><\/div><div class=\"end-date\"><div class=\"event-weekday\">Sun<\/div><div class=\"event-day\">05<\/div><div class=\"event-month\">Nov<\/div><div class=\"event-year\">2023<\/div><\/div><\/div>\n\t\t\t\t\t<div class=\"event-info multi-day\"><div class=\"event-title\"><h3>Juha Vuorma: Haamuvarjo<\/h3><\/div><span class=\"event-time\">10:00 - 20:00<\/span><span class=\"event-location\">Sarjakuvagalleria! | Comics Gallery!, Hallituskatu 7, Oulu<\/span><div class=\"event-details\"><p><img loading=\"lazy\" decoding=\"async\" class=\"alignright wp-image-6995\" src=\"https:\/\/www.oulucomics.com\/wp-content\/uploads\/2023\/05\/haamuvarjo_infokuva_square_net.jpg\" alt=\"\" width=\"450\" height=\"450\" srcset=\"https:\/\/www.oulucomics.com\/wp-content\/uploads\/2023\/05\/haamuvarjo_infokuva_square_net.jpg 900w, https:\/\/www.oulucomics.com\/wp-content\/uploads\/2023\/05\/haamuvarjo_infokuva_square_net-300x300.jpg 300w, https:\/\/www.oulucomics.com\/wp-content\/uploads\/2023\/05\/haamuvarjo_infokuva_square_net-150x150.jpg 150w, https:\/\/www.oulucomics.com\/wp-content\/uploads\/2023\/05\/haamuvarjo_infokuva_square_net-768x768.jpg 768w, https:\/\/www.oulucomics.com\/wp-content\/uploads\/2023\/05\/haamuvarjo_infokuva_square_net-250x250.jpg 250w, https:\/\/www.oulucomics.com\/wp-content\/uploads\/2023\/05\/haamuvarjo_infokuva_square_net-92x92.jpg 92w, https:\/\/www.oulucomics.com\/wp-content\/uploads\/2023\/05\/haamuvarjo_infokuva_square_net-440x440.jpg 440w\" sizes=\"auto, (max-width: 450px) 100vw, 450px\" \/>Ihmismielen rajaseudulla el\u00e4\u00e4 primitiivinen energia. Jos tiedostat ja tunnistat sen, se voi olla sinun suurin voimavarasi. Jos et tiedosta sit\u00e4, se on sinussa silti...ja voi johtaa sinut harhaan. Se voi tuhota sinut. Se on haamuvarjo. Sen symboli <strong>J. Vuorman<\/strong> sarjakuvissa ja maalauksissa on kasvoton revolverimies, joka on arvaamaton ja ikuinen. N\u00e4yttelyyn on valikoitu teemaa kuvaavia sarjakuvia ja maalauksia.<\/p>\n<\/div><\/div>\n\t\t\t\t<\/li>\n\t\t\t \t<li class=\"event festivaali nayttelyt center sarjakuvagalleria\">\n\t\t\t\t\t<div class=\"event-date multi-date\"><div class=\"start-date\"><div class=\"event-weekday\">Fri<\/div><div class=\"event-day\">10<\/div><div class=\"event-month\">Nov<\/div><div class=\"event-year\">2023<\/div><\/div><div class=\"end-date\"><div class=\"event-weekday\">Fri<\/div><div class=\"event-day\">22<\/div><div class=\"event-month\">Dec<\/div><div class=\"event-year\">2023<\/div><\/div><\/div>\n\t\t\t\t\t<div class=\"event-info multi-day\"><div class=\"event-title\"><h3>Hanna Kukko &amp; Aapo Kukko - N\u00e4yttelytkin synkronoituu! - n\u00e4yttely | exhibition<\/h3><\/div><span class=\"event-time\">10.00 - 20.00<\/span><span class=\"event-location\">Sarjakuvagalleria! | Comics Gallery!, Hallituskatu 7, Oulu<\/span><div class=\"event-details\"><p><span style=\"font-weight: 400;\">Oulun Sarjakuvafestivaalilla Sarjakuvagalleria!ssa avautuu oululaisen sarjakuvantekij\u00e4 pariskunnan Hanna ja Aapo Kukon n\u00e4yttely, jossa heid\u00e4n uutuusteoksensa <\/span><strong>Hanna Kukko<\/strong><span style=\"font-weight: 400;\">: <\/span><em><span style=\"font-weight: 400;\">Unetkin synkronoituu!<\/span><\/em><span style=\"font-weight: 400;\"> (Zum Teufel, 2023) ja <\/span><strong>Aapo Kukko<\/strong><span style=\"font-weight: 400;\">: <\/span><em><span style=\"font-weight: 400;\">Puhumalla paras<\/span><\/em><span style=\"font-weight: 400;\"> (Zum Teufel, 2023) synkronoituvat n\u00e4yttelykokonaisuudeksi.<\/span><\/p>\n<p><img loading=\"lazy\" decoding=\"async\" class=\"size-medium wp-image-7074 alignleft\" src=\"https:\/\/www.oulucomics.com\/wp-content\/uploads\/2023\/09\/hannakukko_unetkinsynkronoituu_600px-208x300.jpg\" alt=\"\" width=\"208\" height=\"300\" srcset=\"https:\/\/www.oulucomics.com\/wp-content\/uploads\/2023\/09\/hannakukko_unetkinsynkronoituu_600px-208x300.jpg 208w, https:\/\/www.oulucomics.com\/wp-content\/uploads\/2023\/09\/hannakukko_unetkinsynkronoituu_600px.jpg 415w\" sizes=\"auto, (max-width: 208px) 100vw, 208px\" \/><img loading=\"lazy\" decoding=\"async\" class=\"size-medium wp-image-7069 alignleft\" src=\"https:\/\/www.oulucomics.com\/wp-content\/uploads\/2023\/09\/aapokukko_puhumallaparas_600px-219x300.jpg\" alt=\"\" width=\"219\" height=\"300\" srcset=\"https:\/\/www.oulucomics.com\/wp-content\/uploads\/2023\/09\/aapokukko_puhumallaparas_600px-219x300.jpg 219w, https:\/\/www.oulucomics.com\/wp-content\/uploads\/2023\/09\/aapokukko_puhumallaparas_600px.jpg 437w\" sizes=\"auto, (max-width: 219px) 100vw, 219px\" \/><\/p>\n<hr \/>\n<p><span style=\"font-weight: 400;\">Siin\u00e4 miss\u00e4 Hanna pohtii kuinka voimakkaita tunteet voivat ollakaan, Aapo toteaa, ett\u00e4 vaikenemalla asiat pysyv\u00e4t ennallaan, puhumalla luomme tulevaisuutta. N\u00e4yttely alkaa siit\u00e4 kun h\u00e4mmentynyt Hanna menee treffeille s\u00f6p\u00f6n ja eksentrisen Aapon kanssa, joka paljastuukin Hannan ihailemaksi taiteilijaksi. Sarjakuvaoriginaalit kuljettavat katsojan kuitenkin tarkastelemaan kun pasifisti Yrj\u00f6 Kallinen sai sis\u00e4llissodan aikana kuolemantuomion, mutta selvisi siit\u00e4 \u2013 puhumalla.\u00a0<\/span><\/p>\n<p><span style=\"font-weight: 400;\">Molemmat sarjakuvateokset perustuvat tositapahtumiin ja my\u00f6s t\u00e4m\u00e4 n\u00e4yttely on tosi!<\/span><\/p>\n<p>Avajaiset perjantaina 10.11.2023 klo 18-20.<\/p>\n<p><span style=\"color: #0000ff;\"><span style=\"font-weight: 400;\">At the Oulu Comics Festival, the Comic Gallery opens an exhibition by the Oulu-based comic artist couple Hanna and Aapo Kukko, where their latest works, <\/span><strong>Hanna Kukko<\/strong><span style=\"font-weight: 400;\">: <\/span><em><span style=\"font-weight: 400;\">'Unetkin synkronoituu!'<\/span><\/em><span style=\"font-weight: 400;\"> (Zum Teufel, 2023) and <\/span><strong>Aapo Kukko<\/strong><span style=\"font-weight: 400;\">: <\/span><em><span style=\"font-weight: 400;\">'Puhumalla paras'<\/span><\/em><span style=\"font-weight: 400;\"> (Zum Teufel, 2023), sync up to form an exhibition ensemble.<\/span><\/span><\/p>\n<p><span style=\"font-weight: 400; color: #0000ff;\">While Hanna reflects on the intensity of emotions, Aapo points out that silence keeps things as they are, but by speaking, we create the future. The exhibition begins with the moment when the bewildered Hanna goes on a date with the cute and eccentric Aapo, who turns out to be the admired artist she has always looked up to. However, the comic originals take the viewer on a journey to when the pacifist Yrj\u00f6 Kallinen received a death sentence during the Civil War but survived - by speaking.<\/span><\/p>\n<p><span style=\"font-weight: 400; color: #0000ff;\">Both comic books are based on true events, and this exhibition is true as well!<\/span><\/p>\n<\/div><\/div>\n\t\t\t\t<\/li>\n\t\t\t \t<li class=\"event nayttelyt center sarjakuvagalleria\">\n\t\t\t\t\t<div class=\"event-date multi-date\"><div class=\"start-date\"><div class=\"event-weekday\">Mon<\/div><div class=\"event-day\">08<\/div><div class=\"event-month\">Jan<\/div><div class=\"event-year\">2024<\/div><\/div><div class=\"end-date\"><div class=\"event-weekday\">Wed<\/div><div class=\"event-day\">14<\/div><div class=\"event-month\">Feb<\/div><div class=\"event-year\">2024<\/div><\/div><\/div>\n\t\t\t\t\t<div class=\"event-info multi-day\"><div class=\"event-title\"><h3>Emilia Laatikainen: Ei ois susta uskonu - originaalin\u00e4yttely<\/h3><\/div><span class=\"event-time\">10.00 - 20.00<\/span><span class=\"event-location\">Sarjakuvagalleria! | Comics Gallery!, Hallituskatu 7, Oulu<\/span><div class=\"event-details\"><p><img loading=\"lazy\" decoding=\"async\" class=\"aligncenter size-full wp-image-7172\" src=\"https:\/\/www.oulucomics.com\/wp-content\/uploads\/2023\/12\/Emilia_Laatikainen_sarjakuvagalleria23.jpg\" alt=\"\" width=\"1920\" height=\"1082\" srcset=\"https:\/\/www.oulucomics.com\/wp-content\/uploads\/2023\/12\/Emilia_Laatikainen_sarjakuvagalleria23.jpg 1920w, https:\/\/www.oulucomics.com\/wp-content\/uploads\/2023\/12\/Emilia_Laatikainen_sarjakuvagalleria23-300x169.jpg 300w, https:\/\/www.oulucomics.com\/wp-content\/uploads\/2023\/12\/Emilia_Laatikainen_sarjakuvagalleria23-1024x577.jpg 1024w, https:\/\/www.oulucomics.com\/wp-content\/uploads\/2023\/12\/Emilia_Laatikainen_sarjakuvagalleria23-768x433.jpg 768w, https:\/\/www.oulucomics.com\/wp-content\/uploads\/2023\/12\/Emilia_Laatikainen_sarjakuvagalleria23-1536x866.jpg 1536w, https:\/\/www.oulucomics.com\/wp-content\/uploads\/2023\/12\/Emilia_Laatikainen_sarjakuvagalleria23-440x248.jpg 440w, https:\/\/www.oulucomics.com\/wp-content\/uploads\/2023\/12\/Emilia_Laatikainen_sarjakuvagalleria23-1440x812.jpg 1440w\" sizes=\"auto, (max-width: 1920px) 100vw, 1920px\" \/><\/p>\n<p>Ei ois susta uskonu -n\u00e4yttely avaa Sarjakuvagalleria!:n n\u00e4yttelyvuoden sarjakuvaoriginaaleilla.<\/p>\n<p><strong>Emilia Laatikaisen<\/strong> Oulun Sarjakuvafestivaalilla marraskuussa 2023 julkaistu sarjakuvaromaani <em>Ei ois susta uskonu<\/em> (Suuri Kurpitsa, 2023) k\u00e4sittelee omael\u00e4m\u00e4kerrallisesti p\u00e4ihderiippuvuutta ja siit\u00e4 toipumista.<\/p>\n<p>Sarjakuvagalleria!:n n\u00e4yttelyss\u00e4 on esill\u00e4 originaaleja, jotka valottavat niin teko- kuin toipumisprosessia. Romaani ja n\u00e4yttely ovat yhden alkoholistin tarina siit\u00e4, millaista toipuminen on ollut ensimm\u00e4isen raittiin vuoden aikana. N\u00e4yttelyn mustavalkoiset originaalit kuvaavat sit\u00e4, miten valo alkaa v\u00e4hitellen palata takaisin el\u00e4m\u00e4\u00e4n, vaikka ajatus ei aina pysyk\u00e4\u00e4n per\u00e4ss\u00e4. N\u00e4yttelyn teokset keskittyv\u00e4t ajankohdaltaan toipumisen eri vaiheisiin.<\/p>\n<p>Emilia Laatikainen (s.1995) on oululainen sarjakuvantekij\u00e4 ja kuvataiteen opettaja, joka ty\u00f6skentelee sarjakuvan parissa monilla tavoilla.<\/p>\n<p>Taiteilijatapaaminen keskiviikkona 10. tammikuuta klo 17.<\/p>\n<\/div><\/div>\n\t\t\t\t<\/li>\n\t\t\t \t<li class=\"event center sarjakuvagalleria\">\n\t\t\t\t\t<div class=\"event-date\"><div class=\"end-date\"><div class=\"event-weekday\">Fri<\/div><div class=\"event-day\">26<\/div><div class=\"event-month\">Jan<\/div><div class=\"event-year\">2024<\/div><\/div><\/div>\n\t\t\t\t\t<div class=\"event-info multi-day\"><div class=\"event-title\"><h3>Oulun Sarjakuvakeskuksen 10-vuotissyntym\u00e4p\u00e4iv\u00e4juhla<\/h3><\/div><span class=\"event-time\">17.00 -<\/span><span class=\"event-location\">Oulun Sarjakuvakeskus, Hallituskatu 7, Oulu<\/span><div class=\"event-details\"><p><img loading=\"lazy\" decoding=\"async\" class=\"aligncenter size-full wp-image-7179\" src=\"https:\/\/www.oulucomics.com\/wp-content\/uploads\/2024\/01\/10vv-net.jpg\" alt=\"\" width=\"900\" height=\"608\" srcset=\"https:\/\/www.oulucomics.com\/wp-content\/uploads\/2024\/01\/10vv-net.jpg 900w, https:\/\/www.oulucomics.com\/wp-content\/uploads\/2024\/01\/10vv-net-300x203.jpg 300w, https:\/\/www.oulucomics.com\/wp-content\/uploads\/2024\/01\/10vv-net-768x519.jpg 768w, https:\/\/www.oulucomics.com\/wp-content\/uploads\/2024\/01\/10vv-net-440x297.jpg 440w\" sizes=\"auto, (max-width: 900px) 100vw, 900px\" \/><\/p>\n<p><span style=\"font-weight: 400;\">Oulun Sarjakuvakeskus avattiin Kulttuuritalo Valveelle 11.1.2014. Toiminta on vuosien varrella kehittynyt, mutta ydinajatus on pysynyt samana. Keskuksen l\u00e4ht\u00f6kohtana on lis\u00e4t\u00e4 sarjakuvatietoutta ja tuoda sek\u00e4 sarjakuvaa ett\u00e4 sen tekij\u00f6it\u00e4 esille.<\/span><\/p>\n<p><span style=\"font-weight: 400;\">Vapaamuotoisessa syntym\u00e4p\u00e4iv\u00e4juhlassa on luvassa pieni\u00e4 puheita. Toiminnanjohtaja <strong>Harri Filppa<\/strong> kiteytt\u00e4\u00e4 historian vaiheita ja Oulun Sarjakuvaseura ry:n puheenjohtaja <strong>Anneli Moilanen<\/strong> luo katseen t\u00e4h\u00e4n p\u00e4iv\u00e4\u00e4n ja tulevaan. My\u00f6s 10 vuotta t\u00e4ytt\u00e4v\u00e4n Sarjakuvagalleria!n Ei ois susta uskonu - originaalin\u00e4yttely esittely sarjakuvantekij\u00e4 <strong>Emilia Laatikaisen<\/strong> johdolla sek\u00e4 tarjolla pient\u00e4 purtavaa ja juotavaa. Kulttuuritalo Valveen kahviossa on esill\u00e4 <strong>Mikko Jylh\u00e4n<\/strong> Kaverikuva -n\u00e4yttely, johon k\u00e4vij\u00e4t p\u00e4\u00e4sev\u00e4t my\u00f6s tutustumaan sarjakuvantekij\u00e4n siivitt\u00e4m\u00e4n\u00e4.<\/span><\/p>\n<p>Tapahtumassa julkaistaan my\u00f6s Oulun Sarjakuvakeskuksen toteuttamat <em>Kupliva haaste<\/em> ja <em>Kupliva vinkki<\/em> opetusvideot, jotka py\u00f6riv\u00e4t keskuksella p\u00e4iv\u00e4n ajan ja ne julkaistaan my\u00f6s Oulun Sarjakuvakeskuksen internet-sivuilla ja sosiaalisessa mediassa 26.1.<\/p>\n<p>Virallinen syntym\u00e4p\u00e4iv\u00e4juhla aloittaa Oulun Sarjakuvakeskuksen juhlavuoden ja pieni\u00e4 tapahtumia keskuksen historiaan liittyen on luvassa vuoden jokaiselle kuukaudelle.<\/p>\n<p><span style=\"font-weight: 400;\">Tervetuloa!<\/span><\/p>\n<\/div><\/div>\n\t\t\t\t<\/li>\n\t\t\t \t<li class=\"event nayttelyt center sarjakuvagalleria\">\n\t\t\t\t\t<div class=\"event-date multi-date\"><div class=\"start-date\"><div class=\"event-weekday\">Sat<\/div><div class=\"event-day\">17<\/div><div class=\"event-month\">Feb<\/div><div class=\"event-year\">2024<\/div><\/div><div class=\"end-date\"><div class=\"event-weekday\">Wed<\/div><div class=\"event-day\">13<\/div><div class=\"event-month\">Mar<\/div><div class=\"event-year\">2024<\/div><\/div><\/div>\n\t\t\t\t\t<div class=\"event-info multi-day\"><div class=\"event-title\"><h3>JP Ahonen - Shadows of Conflict<\/h3><\/div><span class=\"event-time\">10.00 - 20.00<\/span><span class=\"event-location\">Sarjakuvagalleria! | Comics Gallery!, Hallituskatu 7, Oulu<\/span><div class=\"event-details\"><p><img loading=\"lazy\" decoding=\"async\" class=\"alignright size-medium wp-image-7195\" src=\"https:\/\/www.oulucomics.com\/wp-content\/uploads\/2024\/02\/shadowsofconflict-300x298.jpeg\" alt=\"\" width=\"300\" height=\"298\" srcset=\"https:\/\/www.oulucomics.com\/wp-content\/uploads\/2024\/02\/shadowsofconflict-300x298.jpeg 300w, https:\/\/www.oulucomics.com\/wp-content\/uploads\/2024\/02\/shadowsofconflict-150x150.jpeg 150w, https:\/\/www.oulucomics.com\/wp-content\/uploads\/2024\/02\/shadowsofconflict-92x92.jpeg 92w, https:\/\/www.oulucomics.com\/wp-content\/uploads\/2024\/02\/shadowsofconflict-440x437.jpeg 440w, https:\/\/www.oulucomics.com\/wp-content\/uploads\/2024\/02\/shadowsofconflict.jpeg 760w\" sizes=\"auto, (max-width: 300px) 100vw, 300px\" \/>What happens, when one flees from a conflict zone to another country? In what ways may the conflicts follow to the host countries? What can we learn from cases, where conflicts no longer affect daily life in the new country of residence, and peace prevails among the diaspora communities?<\/p>\n<p><em>The Shadows of Conflict<\/em> exhibition is part of the Diascon project, which examines the experiences of diaspora groups in six European countries. Led by Docent \u00c9lise F\u00e9ron from the Tampere Peace Research Institute, the research provides new information on ethnographic relations, conflict and peace, which may benefit both political decision making and the civil society in general. The exhibition features excerpts from refugee interviews, which comic book artist JP Ahonen has adapted into documentary short stories.<\/p>\n<p><strong>JP Ahonen<\/strong> is a Tampere-based comic book artist, illustrator and author of several newspaper strips published in his native Finland. His works have been translated into 13 languages, and he is best known for his black metal mockumentary <em>Belzebubs<\/em>, which has evolved from a humble self-therapy project into a cross-media phenomenon, interweaving comics, music and animation, with hundreds of thousands of online fans all around the globe. JP is currently developing Belzebubs into an animated series with Pyjama Films and YLE, Finland\u2019s national broadcaster.<\/p>\n<p><a href=\"http:\/\/jpahonen.com\" target=\"_blank\" rel=\"noopener\">jpahonen.com<\/a>, <a href=\"http:\/\/diascon.eu\" target=\"_blank\" rel=\"noopener\">diascon.eu<\/a><\/p>\n<p>&nbsp;<\/p>\n<\/div><\/div>\n\t\t\t\t<\/li>\n\t\t\t \t<li class=\"event nayttelyt center sarjakuvagalleria\">\n\t\t\t\t\t<div class=\"event-date multi-date\"><div class=\"start-date\"><div class=\"event-weekday\">Sat<\/div><div class=\"event-day\">16<\/div><div class=\"event-month\">Mar<\/div><div class=\"event-year\">2024<\/div><\/div><div class=\"end-date\"><div class=\"event-weekday\">Wed<\/div><div class=\"event-day\">17<\/div><div class=\"event-month\">Apr<\/div><div class=\"event-year\">2024<\/div><\/div><\/div>\n\t\t\t\t\t<div class=\"event-info multi-day\"><div class=\"event-title\"><h3>Sami Nyyss\u00f6l\u00e4: Kuinka tehtiin Ilmastopakolaisen k\u00e4sikirja<\/h3><\/div><span class=\"event-time\">10.00 - 20.00<\/span><span class=\"event-location\">Sarjakuvagalleria! | Comics Gallery!, Hallituskatu 7, Oulu<\/span><div class=\"event-details\"><p><em><img loading=\"lazy\" decoding=\"async\" class=\"alignright wp-image-7097 size-medium\" src=\"https:\/\/www.oulucomics.com\/wp-content\/uploads\/2023\/09\/ipkk_kansi_small-214x300.jpg\" alt=\"\" width=\"214\" height=\"300\" data-wp-editing=\"1\" srcset=\"https:\/\/www.oulucomics.com\/wp-content\/uploads\/2023\/09\/ipkk_kansi_small-214x300.jpg 214w, https:\/\/www.oulucomics.com\/wp-content\/uploads\/2023\/09\/ipkk_kansi_small.jpg 428w\" sizes=\"auto, (max-width: 214px) 100vw, 214px\" \/>Ilmastopakolaisen k\u00e4sikirja<\/em> (Pokuto, 2022) on omael\u00e4m\u00e4nkerrallinen sarjakuvap\u00e4iv\u00e4kirjamuotoinen ilmastoutopiatieteisfiktio. Teoksen tekij\u00e4 <strong>Sami Nyyss\u00f6l\u00e4<\/strong> halusi vastata haasteeseen kuvitella utopistista tulevaisuutta pessimististen n\u00e4kymien sijaan. Tekoprosessi oli h\u00e4nelle my\u00f6s antoisaa ja henkil\u00f6kohtaista oman menneen ja tulevan kohtaamista. Miksi kohtelemme niin ihmisi\u00e4 kuin muita el\u00e4imi\u00e4 toisinaan j\u00e4rkytt\u00e4v\u00e4n julmasti? Minne kaikki ilmastopakolaiset muuttavat asumaan? Olenko vanhana ukkona samanlainen kuin vanhat ukot nyt? Saako t\u00e4st\u00e4 fontista selv\u00e4\u00e4? N\u00e4m\u00e4 ovat kysymyksi\u00e4, joihin Nyyss\u00f6l\u00e4 teoksessaan vastaa.<\/p>\n<p><strong>Sami Nyyss\u00f6l\u00e4<\/strong> on oululainen sarjakuvantekij\u00e4 ja graafinen suunnittelija. H\u00e4nen muita teoksiaan ovat niin ik\u00e4\u00e4n tutun ja vieraan rajapinnalla leikittelev\u00e4t <em>Learn Finnish without studying<\/em> (Pokuto, 2018), <em>Be Finnish without suffering<\/em> (Pokuto, 2020) ja <em>Hiilijalanj\u00e4lkeen j\u00e4\u00e4neet<\/em> (Pokuto, 2019), joka on Ilmastopakolaisen k\u00e4sikirjan sisarteos.<\/p>\n<\/div><\/div>\n\t\t\t\t<\/li>\n\t\t\t \t<li class=\"event nayttelyt center sarjakuvagalleria\">\n\t\t\t\t\t<div class=\"event-date multi-date\"><div class=\"start-date\"><div class=\"event-weekday\">Sat<\/div><div class=\"event-day\">20<\/div><div class=\"event-month\">Apr<\/div><div class=\"event-year\">2024<\/div><\/div><div class=\"end-date\"><div class=\"event-weekday\">Sun<\/div><div class=\"event-day\">02<\/div><div class=\"event-month\">Jun<\/div><div class=\"event-year\">2024<\/div><\/div><\/div>\n\t\t\t\t\t<div class=\"event-info multi-day\"><div class=\"event-title\"><h3>Heikki Prepula: K\u00f6ssi Kenguru sarjakuvien maailmassa -originaalin\u00e4yttely<\/h3><\/div><span class=\"event-time\">10.00 - 20.00<\/span><span class=\"event-location\">Sarjakuvagalleria! | Comics Gallery!, Hallituskatu 7, Oulu<\/span><div class=\"event-details\"><p class=\"p1\"><strong><img loading=\"lazy\" decoding=\"async\" class=\"alignright size-medium wp-image-7084\" src=\"https:\/\/www.oulucomics.com\/wp-content\/uploads\/2023\/09\/villehanninen_kossikenguru_600px-229x300.jpg\" alt=\"\" width=\"229\" height=\"300\" srcset=\"https:\/\/www.oulucomics.com\/wp-content\/uploads\/2023\/09\/villehanninen_kossikenguru_600px-229x300.jpg 229w, https:\/\/www.oulucomics.com\/wp-content\/uploads\/2023\/09\/villehanninen_kossikenguru_600px-440x576.jpg 440w, https:\/\/www.oulucomics.com\/wp-content\/uploads\/2023\/09\/villehanninen_kossikenguru_600px.jpg 458w\" sizes=\"auto, (max-width: 229px) 100vw, 229px\" \/>Heikki Prepulan<\/strong> luoma <em>K\u00f6ssi Kenguru<\/em> on monille tuttu animaatioista ja lastenkirjoista. 1970- ja 1980-luvun lapset tunsivat hahmon my\u00f6s sarjakuvista, joita julkaistiin kuukausittain edistyksellisen osuuskauppaliikkeen ME-asiakaslehdess\u00e4. K\u00f6ssin sarjakuvaura alkoi vuonna 1973 ja p\u00e4\u00e4ttyi joulukuussa 1990.<\/p>\n<p class=\"p1\">Animaatioissa K\u00f6ssi Kenguru oli (muutamia poikkeuksia lukuunottamatta) puhtaasti kaksiulotteinen hahmo. Sarjakuvassa sankari saa kuitenkin kolme ulottuvuutta. Vuosien mittaan Prepula k\u00e4ytti erilaisia tekniikoita sarjakuvan tekemiseen. Sarjakuvan kokokin vaihteli nelirivisest\u00e4 sivun sarjakuvasta kaksiriviseen strippiin.<\/p>\n<p class=\"p1\">K\u00f6ssi Kengurun sarjakuvissa on aistittavissa tekoajan henke\u00e4 ja ajatonta lastensarjakuvan lumoa.<\/p>\n<p><strong>25.5.2024 klo 14.30\u00a0<\/strong><br \/>\n<em>Elokuvateatteri Studio<\/em><\/p>\n<p><strong>K\u00f6ssi Kenguru avaruudessa<\/strong><br \/>\nSuomi 1972, 30 min. Ohjaus: Heikki Prepula. Tuotanto: YLE.<br \/>\n<strong>K\u00f6ssi Kenguru ja Aatami Aikuinen<\/strong><br \/>\nSuomi 1975, 30 min. Ohjaus: Heikki Prepula. Tuotanto: YLE<\/p>\n<p>Elokuvan\u00e4yt\u00f6kset j\u00e4rjest\u00e4\u00e4 Oulun Elokuvakeskus yhteisty\u00f6ss\u00e4 Yleisradion kanssa.<\/p>\n<p><strong>25.5.2024 klo 15.45-16.45<\/strong><br \/>\n<em>Kulttuuritalo Valveen Paljetti<\/em><\/p>\n<p><strong>Sarjakuvapaja<br \/>\n<\/strong>Sarjakuvantekij\u00e4 <strong>Emilia Laatikainen<\/strong> luotsaa sarjakuvapajan, jossa jokainen p\u00e4\u00e4see toteuttamaan oman sarjakuvansa esimerkiksi K\u00f6ssi Kengurun inspiroimana.<\/p>\n<p>Tapahtuma on osa Lumotut Sanat - lasten ja nuorten sanataideviikkojen ohjelmistoa.<\/p>\n<\/div><\/div>\n\t\t\t\t<\/li>\n\t\t\t \t<li class=\"event nayttelyt center sarjakuvagalleria\">\n\t\t\t\t\t<div class=\"event-date multi-date\"><div class=\"start-date\"><div class=\"event-weekday\">Tue<\/div><div class=\"event-day\">04<\/div><div class=\"event-month\">Jun<\/div><div class=\"event-year\">2024<\/div><\/div><div class=\"end-date\"><div class=\"event-weekday\">Fri<\/div><div class=\"event-day\">28<\/div><div class=\"event-month\">Jun<\/div><div class=\"event-year\">2024<\/div><\/div><\/div>\n\t\t\t\t\t<div class=\"event-info multi-day\"><div class=\"event-title\"><h3>Veli-Matti Ural: Toppilan Satamasta -Sarjakuvan\u00e4yttely<\/h3><\/div><span class=\"event-location\">Sarjakuvagalleria! | Comics Gallery!, Hallituskatu 7, Oulu<\/span><div class=\"event-details\"><p><img loading=\"lazy\" decoding=\"async\" class=\"aligncenter size-full wp-image-7232\" src=\"https:\/\/www.oulucomics.com\/wp-content\/uploads\/2024\/04\/Toppilan_satamasta_nayttely_juliste_oulu_vaaka.jpg\" alt=\"\" width=\"1920\" height=\"1080\" srcset=\"https:\/\/www.oulucomics.com\/wp-content\/uploads\/2024\/04\/Toppilan_satamasta_nayttely_juliste_oulu_vaaka.jpg 1920w, https:\/\/www.oulucomics.com\/wp-content\/uploads\/2024\/04\/Toppilan_satamasta_nayttely_juliste_oulu_vaaka-300x169.jpg 300w, https:\/\/www.oulucomics.com\/wp-content\/uploads\/2024\/04\/Toppilan_satamasta_nayttely_juliste_oulu_vaaka-1024x576.jpg 1024w, https:\/\/www.oulucomics.com\/wp-content\/uploads\/2024\/04\/Toppilan_satamasta_nayttely_juliste_oulu_vaaka-768x432.jpg 768w, https:\/\/www.oulucomics.com\/wp-content\/uploads\/2024\/04\/Toppilan_satamasta_nayttely_juliste_oulu_vaaka-1536x864.jpg 1536w, https:\/\/www.oulucomics.com\/wp-content\/uploads\/2024\/04\/Toppilan_satamasta_nayttely_juliste_oulu_vaaka-440x248.jpg 440w, https:\/\/www.oulucomics.com\/wp-content\/uploads\/2024\/04\/Toppilan_satamasta_nayttely_juliste_oulu_vaaka-1440x810.jpg 1440w\" sizes=\"auto, (max-width: 1920px) 100vw, 1920px\" \/><\/p>\n<p><em>Toppilan Satamasta<\/em> on <strong>Veli-Matti Uralin<\/strong> kuvittama sarjakuvatarina Tornion maihinnoususta. Isku Toppilasta Tornioon k\u00e4ynnisti Lapin Sodan saksalaisten ja suomalaisten v\u00e4lill\u00e4. Sarjakuva kertoo keskeiset tapahtumat mm. majuri Armas Varlan ja eversti Hjalmar Siilasvuon n\u00e4k\u00f6kulmista.<\/p>\n<p>Sarjakuva on syntynyt Oulun kirjailijaseuran Sanan ja runon malja -hankkeessa. Teokset ovat pohjana Delta Life \u2013 Kaupunki syntyy suistoon -kokonaisuuden esityksille sek\u00e4 tuotannoille. Sanan ja runon malja on osa Oulun kirjailijaseuran Kirjallisuushanketta, jolle Oulun kulttuuris\u00e4\u00e4ti\u00f6 on my\u00f6nt\u00e4nyt rahoitusta.<\/p>\n<p>N\u00e4yttelyn avajaiset perjantaina 7.6.2024 klo 17.00. Tervetuloa!<\/p>\n<\/div><\/div>\n\t\t\t\t<\/li>\n\t\t\t \t<li class=\"event nayttelyt center sarjakuvagalleria\">\n\t\t\t\t\t<div class=\"event-date multi-date\"><div class=\"start-date\"><div class=\"event-weekday\">Thu<\/div><div class=\"event-day\">01<\/div><div class=\"event-month\">Aug<\/div><div class=\"event-year\">2024<\/div><\/div><div class=\"end-date\"><div class=\"event-weekday\">Wed<\/div><div class=\"event-day\">02<\/div><div class=\"event-month\">Oct<\/div><div class=\"event-year\">2024<\/div><\/div><\/div>\n\t\t\t\t\t<div class=\"event-info multi-day\"><div class=\"event-title\"><h3>Miila Westin: Myyttiset 1 &amp; 2 -Sarjakuvan\u00e4yttely<\/h3><\/div><span class=\"event-time\">10.00 - 20.00<\/span><span class=\"event-location\">Sarjakuvagalleria! | Comics Gallery!, Hallituskatu 7, Oulu<\/span><div class=\"event-details\"><p><img loading=\"lazy\" decoding=\"async\" class=\"size-medium wp-image-7078 alignleft\" src=\"https:\/\/www.oulucomics.com\/wp-content\/uploads\/2023\/09\/miilawestin_loputontalvi_600px-214x300.jpg\" alt=\"\" width=\"214\" height=\"300\" srcset=\"https:\/\/www.oulucomics.com\/wp-content\/uploads\/2023\/09\/miilawestin_loputontalvi_600px-214x300.jpg 214w, https:\/\/www.oulucomics.com\/wp-content\/uploads\/2023\/09\/miilawestin_loputontalvi_600px.jpg 428w\" sizes=\"auto, (max-width: 214px) 100vw, 214px\" \/><img loading=\"lazy\" decoding=\"async\" class=\"size-medium wp-image-7244 alignleft\" src=\"https:\/\/www.oulucomics.com\/wp-content\/uploads\/2024\/06\/myyttiset2-213x300.jpg\" alt=\"\" width=\"213\" height=\"300\" srcset=\"https:\/\/www.oulucomics.com\/wp-content\/uploads\/2024\/06\/myyttiset2-213x300.jpg 213w, https:\/\/www.oulucomics.com\/wp-content\/uploads\/2024\/06\/myyttiset2-440x621.jpg 440w, https:\/\/www.oulucomics.com\/wp-content\/uploads\/2024\/06\/myyttiset2.jpg 638w\" sizes=\"auto, (max-width: 213px) 100vw, 213px\" \/><\/p>\n<hr \/>\n<p>Sarjakuvagalleria!ssa on esill\u00e4 n\u00e4yttely <strong>Miila Westinin<\/strong> Myyttiset kirjasarjan kahdesta ensimm\u00e4isest\u00e4 kirjasta. <em>Loputon talvi -Myyttiset osa 1<\/em> (Kustantamo S&amp;S, 2023) ja <em>Vaarallinen uni - Myyttiset osa 2<\/em> (Kustantamo S&amp;S, 2024). Myyttiset on muinaista it\u00e4merensuomalaista kansanperinnett\u00e4 lapsille tutuksi tuova sarjakuvaromaanisarja, jonka ensimm\u00e4inen osa tutustuttaa lukijat viljakasvien haltijoihin, maahisiin ja mennink\u00e4isiin sek\u00e4 S\u00e4mps\u00e4 Pellervoiseen. Samalla se on kertomus luonnon tasapainon horjumisesta ja luopumisen vaikeudesta. Toinen osa tutustuttaa lukijat pahoihin Ajattariin, veden emo Vellamoon, puheliaaseen Hiiteen sek\u00e4 monenlaisiin maahisiin.<\/p>\n<p><strong>Miila Westin<\/strong> (s. 1987) on Oulussa kasvanut ja Helsingiss\u00e4 asuva kuvittaja, graafikko ja sarjakuvataiteilija. Kuvittajana h\u00e4n on suunnitellut hahmoja, muraaleja ja kankaita. Kirjoittamisessa ja kuvittamisessa h\u00e4nt\u00e4 inspiroi normaalina pidetyn kyseenalaistaminen.<\/p>\n<p>N\u00e4yttelynavajaiset j\u00e4rjestet\u00e4\u00e4n Oulun Taiteiden Y\u00f6ss\u00e4 15.8.2024 klo 17.00 alkaen.<\/p>\n<\/div><\/div>\n\t\t\t\t<\/li>\n\t\t\t \t<li class=\"event nayttelyt center sarjakuvagalleria\">\n\t\t\t\t\t<div class=\"event-date multi-date\"><div class=\"start-date\"><div class=\"event-weekday\">Sat<\/div><div class=\"event-day\">05<\/div><div class=\"event-month\">Oct<\/div><div class=\"event-year\">2024<\/div><\/div><div class=\"end-date\"><div class=\"event-weekday\">Wed<\/div><div class=\"event-day\">13<\/div><div class=\"event-month\">Nov<\/div><div class=\"event-year\">2024<\/div><\/div><\/div>\n\t\t\t\t\t<div class=\"event-info multi-day\"><div class=\"event-title\"><h3>Kate\u0159ina \u010cupov\u00e1 (T\u0161ekki) -Sarjakuvan\u00e4yttely | Comics exhibition<\/h3><\/div><span class=\"event-time\">10.00 - 20.00<\/span><span class=\"event-location\">Sarjakuvagalleria! | Comics Gallery!, Hallituskatu 7, Oulu<\/span><div class=\"event-details\"><p><strong>Kate\u0159ina \u010cupov\u00e1\u00a0<\/strong>(b. 1992, Ostrava) is a Czech animator and comic book artist, and a graduate from the renowned Department of Animation at the Tom\u00e1\u0161 Ba\u0165a University in Zl\u00edn. Many of her works have been published in magazines and comic anthologies. Her webcomic The Author\u2019s Apprentice was published in print following a successful Kickstarter campaign. She won the Muriel Award for a short graphic story and was also nominated for her R.U.R this year\u2019s comic book adaptation. Her eye-catching, cartoon-like style is firmly rooted in decades of prized Czech animation.<\/p>\n<\/div><\/div>\n\t\t\t\t<\/li>\n\t\t\t \t<li class=\"event festivaali nayttelyt center sarjakuvagalleria\">\n\t\t\t\t\t<div class=\"event-date multi-date\"><div class=\"start-date\"><div class=\"event-weekday\">Fri<\/div><div class=\"event-day\">15<\/div><div class=\"event-month\">Nov<\/div><div class=\"event-year\">2024<\/div><\/div><div class=\"end-date\"><div class=\"event-weekday\">Tue<\/div><div class=\"event-day\">31<\/div><div class=\"event-month\">Dec<\/div><div class=\"event-year\">2024<\/div><\/div><\/div>\n\t\t\t\t\t<div class=\"event-info multi-day\"><div class=\"event-title\"><h3>Jessi Jokelainen: Femokratia -sarjakuvan\u00e4yttely | Comics exhibition<\/h3><\/div><span class=\"event-location\">Sarjakuvagalleria! | Comics Gallery!, Hallituskatu 7, Oulu<\/span><div class=\"event-details\"><p class=\"p4\"><span class=\"s1\"><strong><img loading=\"lazy\" decoding=\"async\" class=\"alignright wp-image-7292\" src=\"https:\/\/www.oulucomics.com\/wp-content\/uploads\/2024\/09\/jessijokelainen_femokratia.jpg\" alt=\"\" width=\"318\" height=\"450\" srcset=\"https:\/\/www.oulucomics.com\/wp-content\/uploads\/2024\/09\/jessijokelainen_femokratia.jpg 636w, https:\/\/www.oulucomics.com\/wp-content\/uploads\/2024\/09\/jessijokelainen_femokratia-212x300.jpg 212w, https:\/\/www.oulucomics.com\/wp-content\/uploads\/2024\/09\/jessijokelainen_femokratia-440x623.jpg 440w\" sizes=\"auto, (max-width: 318px) 100vw, 318px\" \/>Jessi Jokelaisen<\/strong> esikoisalbumi <em>Femokratia<\/em> (Suuri Kurpitsa, 2024) k\u00e4sittelee suomalaisen politiikan historiaa, nykyhetke\u00e4 ja tulevaisuutta erityisesti politiikan naisten n\u00e4k\u00f6kulmasta. Milt\u00e4 n\u00e4ytt\u00e4\u00e4 yhteiskunnallisesti vaikutusvaltainen naiseus valtiossa, jossa naisten yleinen ja yht\u00e4l\u00e4inen \u00e4\u00e4nioikeus otettiin k\u00e4ytt\u00f6\u00f6n ensimm\u00e4isen\u00e4 maailmassa? Millaiset haasteet riivasivat 1900-luvun alun naisasialiikett\u00e4? Millaisia lasikattoja on viel\u00e4 2020-luvulla hajotettavana?<\/span><\/p>\n<p class=\"p4\"><span class=\"s1\">Femokratia r\u00e4mpii sinnikk\u00e4\u00e4sti ja polvet ruvella l\u00e4pi ulkon\u00e4k\u00f6politiikan, yhteiskunnan kaksoisstandardien, miesten j\u00e4rkkym\u00e4tt\u00f6m\u00e4n vallan ja naiseuden moniulotteisuuden. Kertoja\u00e4\u00e4ni kuuluu nuorelle naispoliitikolle, joka opettelee luovimaan pinnallisuuden riivaamassa parlamentarismin maailmassa. Onko politiikka viel\u00e4k\u00e4\u00e4n naisen kokoinen paikka?<\/span><\/p>\n<p>N\u00e4yttelyyn on valikoitu iso m\u00e4\u00e4r\u00e4 teoksen originaaleja.<\/p>\n<p class=\"p4\"><span class=\"s1\"><strong>Jessi Jokelainen<\/strong> (s. 1996) on oululainen poliitikko, filosofian maisteri ja kirjoittaja. Femokratia on h\u00e4nen esikoisteoksensa. Jokelainen nousi varasijalta vasemmiston kansanedustajaksi kes\u00e4kuussa 2024.<\/span><\/p>\n<p>Jessi Jokelainen Oulun Sarjakuvafestivaalilla Kulttuuritalo Valveella:<\/p>\n<ul>\n<li>15.11. klo 16 Oulun Sarjakuvafestivaalin avajaiset<\/li>\n<li>15.11. klo 18 Kirjanjulkistaminen<\/li>\n<li>16.11. klo 14.30 Haastattelu festivaaliravintolan lavalla<\/li>\n<li>16.11. klo 15.15 Signeeraus valvesalin aulassa<\/li>\n<\/ul>\n<p><span style=\"color: #0000ff;\"><strong>Jessi Jokelainen<\/strong>'s debut album <em>Femokratia<\/em> (Suuri Kurpitsa, 2024) deals with the history, present and future of Finnish politics, especially from the perspective of women in politics. What does a socially influential femininity look like in a country where universal and equal suffrage for women was introduced first in the world? What kind of challenges plagued the women's movement at the beginning of the 20th century? What kind of glass ceilings are still to be broken in the 2020s??<\/span><\/p>\n<p><span style=\"color: #0000ff;\">Femokratia rambles persistently, despite the difficulties through appearance policy, double standards of society, the unshakable power of men and the multidimensionality of femininity. The voice of the narrator belongs to a young female politician who is learning to be creative in a world haunted by the superficiality of parliamentarism. Is politics still a woman-sized place?<\/span><\/p>\n<p><span style=\"color: #0000ff;\">A large number of originals of the book have been selected to the exhibition.<\/span><\/p>\n<p><span style=\"color: #0000ff;\"><strong>Jessi Jokelainen<\/strong> (b. 1996) is a politician from Oulu, with a master's degree in philosophy and a writer. Femokratia is her first piece of work. Jokelainen became a left-wing member of parliament in June 2024.<\/span><\/p>\n<\/div><\/div>\n\t\t\t\t<\/li>\n\t\t\t \t<li class=\"event nayttelyt center sarjakuvagalleria\">\n\t\t\t\t\t<div class=\"event-date multi-date\"><div class=\"start-date\"><div class=\"event-weekday\">Sat<\/div><div class=\"event-day\">11<\/div><div class=\"event-month\">Jan<\/div><div class=\"event-year\">2025<\/div><\/div><div class=\"end-date\"><div class=\"event-weekday\">Wed<\/div><div class=\"event-day\">26<\/div><div class=\"event-month\">Feb<\/div><div class=\"event-year\">2025<\/div><\/div><\/div>\n\t\t\t\t\t<div class=\"event-info multi-day\"><div class=\"event-title\"><h3>Kuninkaan kaupungissa -n\u00e4yttely<\/h3><\/div><span class=\"event-location\">Sarjakuvagalleria!, Hallituskatu 7, Oulu<\/span><div class=\"event-details\"><p><em><a href=\"https:\/\/www.oulucomics.com\/wp-content\/uploads\/2024\/10\/kuninkaan_kaupungissa.jpg\"><img loading=\"lazy\" decoding=\"async\" class=\"alignright size-medium wp-image-7361\" src=\"https:\/\/www.oulucomics.com\/wp-content\/uploads\/2024\/10\/kuninkaan_kaupungissa-211x300.jpg\" alt=\"\" width=\"211\" height=\"300\" srcset=\"https:\/\/www.oulucomics.com\/wp-content\/uploads\/2024\/10\/kuninkaan_kaupungissa-211x300.jpg 211w, https:\/\/www.oulucomics.com\/wp-content\/uploads\/2024\/10\/kuninkaan_kaupungissa-440x625.jpg 440w, https:\/\/www.oulucomics.com\/wp-content\/uploads\/2024\/10\/kuninkaan_kaupungissa.jpg 634w\" sizes=\"auto, (max-width: 211px) 100vw, 211px\" \/><\/a>Kuninkaan kaupungissa<\/em> (Limingan sarjakuvalinja, 2024) esittelee todellista historiaa \u2013 romanien muuttoliikett\u00e4 Suomesta Ruotsiin, rasismin ja eriarvoisuuden kokemusta ja romanikulttuurin erityispiirteit\u00e4 maagisen realismin keinoin.<\/p>\n<p>Limingan Taidekoulun sarjakuvalinjan vuosittainen julkaisu on ottanut kahtenakymmenen\u00e4 toimintavuonnaan monenlaisia muotoja \u2013 olemme tehneet journalistista sarjakuvaa, yht\u00e4jaksoista ehj\u00e4\u00e4 tarinaa, teemallisia antologioita ja teatterik\u00e4sikirjoitukseen pohjaavaa paikallishistoriaa. \u201dKuninkaan kaupungissa\u201d on kasvanut ulos opiskelijaty\u00f6n raameista- tekij\u00f6in\u00e4 muodostamme ammattimaisen taiteilijoiden ty\u00f6ryhm\u00e4n jossa my\u00f6s opettajat ja ty\u00f6harjoittelijat ovat edist\u00e4neet kirjan ilmaisua.<\/p>\n<p>Kuninkaan kaupungissa pohjaa Katariina Lillqvistin animaatiok\u00e4sikirjoitukseen, joka julkaistaan kokopitk\u00e4n\u00e4 stop motion -elokuvana Oulu2026-kulttuurip\u00e4\u00e4kaupunkihankkeen romanielokuvafestivaaleilla 2026. Kirjan valmistumista on valvonut ja tarkistanut Romanikulttuurin museo.<\/p>\n<p>Tekij\u00e4t: <strong>Mikko Jylh\u00e4, Olli Kaihua, Lilja Kettunen, Tessa Astre, S.K , Micael Vetel\u00e4inen, Tanja Sinko, Aliisa Lampi, S. Salo, Niilo Hankonen, Anteri Savukoski, Henry Sahrman, Riikka Sarvas, Miia Koivulampi, Hanna Kukko, Erno Tammelin, E. M\u00e4enp\u00e4\u00e4, Ella Leino, V. Hakom\u00e4ki<\/strong><\/p>\n<p>Tekstin murreasu: <strong>Laila Nieminen ja Katariina Lillqvist<\/strong><\/p>\n<p>N\u00e4yttelynavajaiset j\u00e4rjestet\u00e4\u00e4n 10.1. klo 17-19. Ravintola Valveen Paljetissa <em>Hilja Gr\u00f6nfors duo<\/em> esitt\u00e4\u00e4 perinteisi\u00e4 romanilauluja Limingan taidekoulun sarjakuvalinjan n\u00e4yttelyn avajaisissa<br \/>\n17-18.<\/p>\n<p>Mestarilaulaja <strong>Hilja Gr\u00f6nfors<\/strong> esitt\u00e4\u00e4 perinteisi\u00e4 romanilauluja haitaristi Kiureli Sammallahden s\u00e4est\u00e4m\u00e4n\u00e4 \"Kuninkaan kaupungissa\" -sarjakuvan\u00e4yttelyn avajaisissa. N\u00e4yttelyss\u00e4 on esill\u00e4 Limingan taidekoulun sarjakuvalinjan, Romanikulttuurin museon ja k\u00e4sikirjoittaja Katariina Lillqvistin kanssa yhteisty\u00f6ss\u00e4 syntyneen sarjakuvakirjan originaaleja, jotka kertovat romaneiden suuresta muuttoaallosta Ruotsiin.<\/p>\n<p>My\u00f6s Hilja Gr\u00f6nfors muutti perheens\u00e4 mukana Tukholmaan 1970-luvulla, ja siell\u00e4 h\u00e4n voitti ensimm\u00e4iset laulukilpailunsa. Suomeen palattuaan h\u00e4n jatkoi laulamista, teki ensimm\u00e4iset levyns\u00e4 ja ryhtyi ker\u00e4\u00e4m\u00e4\u00e4n jo miltei kadonnutta suomalaista romanilauluperinnett\u00e4. Viime vuonna Hiljan pitk\u00e4 el\u00e4m\u00e4nty\u00f6 romanimusiikin saralla tunnustettiin my\u00f6s yliopistomaailmassa ja h\u00e4n sai sek\u00e4 kunniatohtorin ett\u00e4 akateemikon arvon ensimm\u00e4isen\u00e4 romanitaustaisena taiteilijana Suomessa.<\/p>\n<p>Kesto 60 minuuttia. Tapahtuma on osa Romanikulttuurin museon Marakni-tapahtumasarjaa joka toteutetaan Oulu2026-kulttuurip\u00e4\u00e4kaupunkihankkeen kanssa.<\/p>\n<\/div><\/div>\n\t\t\t\t<\/li>\n\t\t\t \t<li class=\"event nayttelyt center sarjakuvagalleria\">\n\t\t\t\t\t<div class=\"event-date multi-date\"><div class=\"start-date\"><div class=\"event-weekday\">Sat<\/div><div class=\"event-day\">01<\/div><div class=\"event-month\">Mar<\/div><div class=\"event-year\">2025<\/div><\/div><div class=\"end-date\"><div class=\"event-weekday\">Sun<\/div><div class=\"event-day\">20<\/div><div class=\"event-month\">Apr<\/div><div class=\"event-year\">2025<\/div><\/div><\/div>\n\t\t\t\t\t<div class=\"event-info multi-day\"><div class=\"event-title\"><h3>Kivi Larmola: Kaikki liikkuu - Lev Termenin ihmeellinen el\u00e4m\u00e4 -sarjakuvaorginaalin\u00e4yttely<\/h3><\/div><span class=\"event-location\">Sarjakuvagalleria!, Hallituskatu 7, Oulu<\/span><div class=\"event-details\"><p><a href=\"https:\/\/www.oulucomics.com\/wp-content\/uploads\/2024\/09\/KiviLarmola_kaikkiliikkuu.jpg\"><img loading=\"lazy\" decoding=\"async\" class=\"alignright size-medium wp-image-7304\" src=\"https:\/\/www.oulucomics.com\/wp-content\/uploads\/2024\/09\/KiviLarmola_kaikkiliikkuu-215x300.jpg\" alt=\"\" width=\"215\" height=\"300\" srcset=\"https:\/\/www.oulucomics.com\/wp-content\/uploads\/2024\/09\/KiviLarmola_kaikkiliikkuu-215x300.jpg 215w, https:\/\/www.oulucomics.com\/wp-content\/uploads\/2024\/09\/KiviLarmola_kaikkiliikkuu.jpg 429w\" sizes=\"auto, (max-width: 215px) 100vw, 215px\" \/><\/a>Lev Termen tai L\u00e9on Theremin kuten h\u00e4net paremmin tunnetaan oli keksij\u00e4, muusikko, vakooja, insin\u00f6\u00f6ri, rakastaja ja vanki. Mutta ennen kaikkea h\u00e4n oli nero, joka joutui keksim\u00e4\u00e4n koko el\u00e4m\u00e4ns\u00e4 moneen kertaan uusiksi saadakseen tehd\u00e4 tiedett\u00e4\u00e4n. H\u00e4nen tarinansa on kuitenkin liian uskomaton keksitt\u00e4v\u00e4ksi.<\/p>\n<p><em>\"Olen pit\u00e4nyt Kivi Larmolan sarjakuvista kuin hullu puurosta jo 1980-luvun puoliv\u00e4list\u00e4 asti. Silti on pakko todeta, ett\u00e4 Kaikki liikkuu - Lev Termenin ihmeellinen el\u00e4m\u00e4 on niin huikea lukukokemus, ett\u00e4 se p\u00e4ihitt\u00e4\u00e4 jopa h\u00e4nen aiemmat mestariteoksensa. Sarjakuvataidetta parhaimmillaan!\"<\/em><br \/>\n<em>(Toni Jerrman, T\u00e4htivaeltaja)<\/em><\/p>\n<\/div><\/div>\n\t\t\t\t<\/li>\n\t\t\t \t<li class=\"event nayttelyt center sarjakuvagalleria\">\n\t\t\t\t\t<div class=\"event-date multi-date\"><div class=\"start-date\"><div class=\"event-weekday\">Sat<\/div><div class=\"event-day\">26<\/div><div class=\"event-month\">Apr<\/div><div class=\"event-year\">2025<\/div><\/div><div class=\"end-date\"><div class=\"event-weekday\">Sun<\/div><div class=\"event-day\">01<\/div><div class=\"event-month\">Jun<\/div><div class=\"event-year\">2025<\/div><\/div><\/div>\n\t\t\t\t\t<div class=\"event-info multi-day\"><div class=\"event-title\"><h3>T\u00e4llainen kivikausi WOOM! - Ritaharjun koulun oppilaiden sarjakuvia<\/h3><\/div><span class=\"event-location\">Sarjakuvagalleria!, Hallituskatu 7, Oulu<\/span><div class=\"event-details\"><p><span style=\"font-weight: 400;\">Milt\u00e4 kivikaudella el\u00e4neen My day n\u00e4ytt\u00e4\u00e4? Ritaharjun koulun 5.-luokkalaiset esittelev\u00e4t sarjakuvissaan kivikauden el\u00e4m\u00e4\u00e4. Sarjakuvien mukana p\u00e4\u00e4semme muun muassa mets\u00e4st\u00e4m\u00e4\u00e4n, valmistamaan ty\u00f6kaluja ja pohtimaan el\u00e4m\u00e4n syvyyksi\u00e4. <\/span><strong>T\u00e4llainen kivikausi WOOM!<\/strong><span style=\"font-weight: 400;\"> kokoaa sarjakuvan\u00e4yttelyn muotoon kivikauden, rautakauden ja pronssikauden ihmisten el\u00e4m\u00e4\u00e4 kiinnostavalla tavalla.\u00a0<\/span><\/p>\n<p><a href=\"https:\/\/www.oulucomics.com\/wp-content\/uploads\/2025\/01\/woom_kuva.jpg\"><img loading=\"lazy\" decoding=\"async\" class=\"aligncenter size-full wp-image-7404\" src=\"https:\/\/www.oulucomics.com\/wp-content\/uploads\/2025\/01\/woom_kuva.jpg\" alt=\"\" width=\"900\" height=\"636\" srcset=\"https:\/\/www.oulucomics.com\/wp-content\/uploads\/2025\/01\/woom_kuva.jpg 900w, https:\/\/www.oulucomics.com\/wp-content\/uploads\/2025\/01\/woom_kuva-300x212.jpg 300w, https:\/\/www.oulucomics.com\/wp-content\/uploads\/2025\/01\/woom_kuva-768x543.jpg 768w, https:\/\/www.oulucomics.com\/wp-content\/uploads\/2025\/01\/woom_kuva-440x311.jpg 440w\" sizes=\"auto, (max-width: 900px) 100vw, 900px\" \/><\/a><\/p>\n<p><span style=\"font-weight: 400;\">Oulun Sarjakuvakeskus toteutti syksyll\u00e4 2024 Ritaharjun koulun 5.-luokkalaisille monialaiseen oppimiskokonaisuuteen liittyv\u00e4n sarjakuvaprojektin. Syksyn monialaisen oppimiskokonaisuuden teemana koululla oli kivikausi, jota l\u00e4hdettiin ty\u00f6st\u00e4m\u00e4\u00e4n sarjakuvamuotoon. T\u00e4ss\u00e4 kokonaisuudessa p\u00e4\u00e4stiin yhdist\u00e4m\u00e4\u00e4n \u00e4idinkielt\u00e4, kirjallisuutta, kuvataidetta, historiaa ja nuorten omia kokemuksia. Sarjakuvia lukiessa ja tehdess\u00e4 voi p\u00e4\u00e4st\u00e4 monilukutaidon ytimeen. Taiteen edist\u00e4miskeskuksen rahoituksella toteutettua projektia ohjasi sarjakuvantekij\u00e4 ja kuvataiteen opettaja Emilia Laatikainen.<\/span><\/p>\n<\/div><\/div>\n\t\t\t\t<\/li>\n\t\t\t \t<li class=\"event nayttelyt center sarjakuvagalleria\">\n\t\t\t\t\t<div class=\"event-date multi-date\"><div class=\"start-date\"><div class=\"event-weekday\">Wed<\/div><div class=\"event-day\">04<\/div><div class=\"event-month\">Jun<\/div><div class=\"event-year\">2025<\/div><\/div><div class=\"end-date\"><div class=\"event-weekday\">Sun<\/div><div class=\"event-day\">29<\/div><div class=\"event-month\">Jun<\/div><div class=\"event-year\">2025<\/div><\/div><\/div>\n\t\t\t\t\t<div class=\"event-info multi-day\"><div class=\"event-title\"><h3>Sarjispaja Ruututakomon tuotoksia<\/h3><\/div><span class=\"event-location\">Sarjakuvagalleria!, Hallituskatu 7, Oulu<\/span><div class=\"event-details\"><p>Ruututakomo on sarjakuvapaja, jonka tarkoituksena on saada pajalaiset inspiroitumaan sarjakuvan tekemisest\u00e4 ryhm\u00e4hengen ja yhteisen tuen kautta. Ruututakomo syntyi alkuvuodesta 2024 Kulttuurivoimalan Kukoista-hankkeen tukemana Tuirassa. Pajan vet\u00e4j\u00e4n\u00e4 toimii Vesa Pirttimaa. N\u00e4yttelyss\u00e4 esill\u00e4 teoksia ryhm\u00e4\u00e4n osallistuneilta.<\/p>\n<p>N\u00e4yttelynavajaiset perjantaina 6.6.2025 klo 17.00. Tervetuloa!<\/p>\n<p><img loading=\"lazy\" decoding=\"async\" class=\"aligncenter size-full wp-image-7788\" src=\"https:\/\/www.oulucomics.com\/wp-content\/uploads\/2025\/06\/Ruututakomo.jpeg\" alt=\"\" width=\"1500\" height=\"1257\" srcset=\"https:\/\/www.oulucomics.com\/wp-content\/uploads\/2025\/06\/Ruututakomo.jpeg 1500w, https:\/\/www.oulucomics.com\/wp-content\/uploads\/2025\/06\/Ruututakomo-300x251.jpeg 300w, https:\/\/www.oulucomics.com\/wp-content\/uploads\/2025\/06\/Ruututakomo-1024x858.jpeg 1024w, https:\/\/www.oulucomics.com\/wp-content\/uploads\/2025\/06\/Ruututakomo-768x644.jpeg 768w, https:\/\/www.oulucomics.com\/wp-content\/uploads\/2025\/06\/Ruututakomo-440x369.jpeg 440w, https:\/\/www.oulucomics.com\/wp-content\/uploads\/2025\/06\/Ruututakomo-1440x1207.jpeg 1440w, https:\/\/www.oulucomics.com\/wp-content\/uploads\/2025\/06\/Ruututakomo-1080x905.jpeg 1080w\" sizes=\"auto, (max-width: 1500px) 100vw, 1500px\" \/><\/p>\n<\/div><\/div>\n\t\t\t\t<\/li>\n\t\t\t \t<li class=\"event nayttelyt center sarjakuvagalleria\">\n\t\t\t\t\t<div class=\"event-date multi-date\"><div class=\"start-date\"><div class=\"event-weekday\">Fri<\/div><div class=\"event-day\">01<\/div><div class=\"event-month\">Aug<\/div><div class=\"event-year\">2025<\/div><\/div><div class=\"end-date\"><div class=\"event-weekday\">Wed<\/div><div class=\"event-day\">08<\/div><div class=\"event-month\">Oct<\/div><div class=\"event-year\">2025<\/div><\/div><\/div>\n\t\t\t\t\t<div class=\"event-info multi-day\"><div class=\"event-title\"><h3>Jaana Suorsa: Mie, Taivaanjaara \u2013 Tarina Reidar S\u00e4rest\u00f6niemest\u00e4<\/h3><\/div><span class=\"event-location\">Sarjakuvagalleria!, Hallituskatu 7, Oulu<\/span><div class=\"event-details\"><p class=\"p1\"><span class=\"s1\"><strong><img loading=\"lazy\" decoding=\"async\" class=\"alignright size-medium wp-image-7790\" src=\"https:\/\/www.oulucomics.com\/wp-content\/uploads\/2025\/06\/taivaanjaarakansi-253x300.jpg\" alt=\"\" width=\"253\" height=\"300\" srcset=\"https:\/\/www.oulucomics.com\/wp-content\/uploads\/2025\/06\/taivaanjaarakansi-253x300.jpg 253w, https:\/\/www.oulucomics.com\/wp-content\/uploads\/2025\/06\/taivaanjaarakansi-768x911.jpg 768w, https:\/\/www.oulucomics.com\/wp-content\/uploads\/2025\/06\/taivaanjaarakansi-440x522.jpg 440w, https:\/\/www.oulucomics.com\/wp-content\/uploads\/2025\/06\/taivaanjaarakansi.jpg 843w\" sizes=\"auto, (max-width: 253px) 100vw, 253px\" \/>Jaana Suorsan<\/strong> Mie, Taivaanjaara \u2013 Tarina Reidar S\u00e4rest\u00f6niemest\u00e4 on graafinen tarina Reidar S\u00e4rest\u00f6niemest\u00e4, h\u00e4nen maailmansa el\u00e4inhahmoista ja symboliikasta. S\u00e4rest\u00f6niemi tunsi olevansa ulkopuolinen maailmassa, henkipatto homoseksuaali. H\u00e4n ei viihtynyt ihmishahmossa ja samastui siksi vapaisiin el\u00e4imiin. Reidar vastusti metsien tuhoamista ja suojeli pohjoisen luonnon villiel\u00e4imi\u00e4.<\/span><\/p>\n<p class=\"p1\"><span class=\"s1\">H\u00e4nelle t\u00e4rke\u00e4 el\u00e4inhahmo oli taivaanjaara (taivaanvuohi), joka toi kev\u00e4\u00e4n ja valon. <\/span><span class=\"s1\">S\u00e4rest\u00f6nieme\u00e4 ahdisti pohjoisen kaamosaika, pitk\u00e4\u00e4 pimeys, ennen kuin h\u00e4n hyv\u00e4ksyi sen ja alkoi maalata talven pelon pois.<\/span><\/p>\n<p class=\"p2\"><span class=\"s2\">\"Mie myin talven, kuten rakkautenikin maalasin ja myin.\"<\/span><\/p>\n<p>Jaana Suorsa on oululaisl\u00e4ht\u00f6inen, nyky\u00e4\u00e4n Akaassa asuva kulttuurituottaja, kirjailija ja piirt\u00e4j\u00e4. H\u00e4nelt\u00e4 on julkaistu sarjakuva-, proosa-, tieto- ja lorukirjoja.<\/p>\n<p>N\u00e4yttelyn avajaisia vietet\u00e4\u00e4n Oulun Taiteiden Y\u00f6ss\u00e4 14.8. klo 19.00, jolloin Jaana Suorsaa aluksi haastatellaan osana Oulun Muusajuhlien ohjelmaa.<\/p>\n<\/div><\/div>\n\t\t\t\t<\/li>\n\t\t\t \t<li class=\"event nayttelyt center sarjakuvagalleria\">\n\t\t\t\t\t<div class=\"event-date multi-date\"><div class=\"start-date\"><div class=\"event-weekday\">Fri<\/div><div class=\"event-day\">10<\/div><div class=\"event-month\">Oct<\/div><div class=\"event-year\">2025<\/div><\/div><div class=\"end-date\"><div class=\"event-weekday\">Wed<\/div><div class=\"event-day\">12<\/div><div class=\"event-month\">Nov<\/div><div class=\"event-year\">2025<\/div><\/div><\/div>\n\t\t\t\t\t<div class=\"event-info multi-day\"><div class=\"event-title\"><h3>Emi Gennis: Niagaran kuningatar - Tositarina Annie Edson Taylorista -sarjakuvan\u00e4yttely<\/h3><\/div><span class=\"event-location\">Sarjakuvagalleria!, Hallituskatu 7, Oulu<\/span><div class=\"event-details\"><p><img loading=\"lazy\" decoding=\"async\" class=\"alignright size-medium wp-image-7797\" src=\"https:\/\/www.oulucomics.com\/wp-content\/uploads\/2025\/09\/emi-gennis-niagaran-kuningatar-226x300.jpg\" alt=\"\" width=\"226\" height=\"300\" srcset=\"https:\/\/www.oulucomics.com\/wp-content\/uploads\/2025\/09\/emi-gennis-niagaran-kuningatar-226x300.jpg 226w, https:\/\/www.oulucomics.com\/wp-content\/uploads\/2025\/09\/emi-gennis-niagaran-kuningatar-770x1024.jpg 770w, https:\/\/www.oulucomics.com\/wp-content\/uploads\/2025\/09\/emi-gennis-niagaran-kuningatar-768x1021.jpg 768w, https:\/\/www.oulucomics.com\/wp-content\/uploads\/2025\/09\/emi-gennis-niagaran-kuningatar-1155x1536.jpg 1155w, https:\/\/www.oulucomics.com\/wp-content\/uploads\/2025\/09\/emi-gennis-niagaran-kuningatar-440x585.jpg 440w, https:\/\/www.oulucomics.com\/wp-content\/uploads\/2025\/09\/emi-gennis-niagaran-kuningatar-1083x1440.jpg 1083w, https:\/\/www.oulucomics.com\/wp-content\/uploads\/2025\/09\/emi-gennis-niagaran-kuningatar-1080x1436.jpg 1080w, https:\/\/www.oulucomics.com\/wp-content\/uploads\/2025\/09\/emi-gennis-niagaran-kuningatar.jpg 1540w\" sizes=\"auto, (max-width: 226px) 100vw, 226px\" \/>Yhdysvaltalainen <strong>Emi Gennis<\/strong> kertoo uskomattoman tarinan Annie Edson Taylorista - ensimm\u00e4isest\u00e4 ihmisest\u00e4, joka laski Niagaran putouksista alas ja selvisi siit\u00e4 hengiss\u00e4.<\/p>\n<p>Kuuluisuuden ja vaurastumisen sijaan Annie ajautui kuitenkin maailmaan, jossa h\u00e4nell\u00e4 ei ollut tulevaisuuden mahdollisuuksia eik\u00e4 turvaa.<\/p>\n<p>Teos julkaistaan osana Oulun kirjamessujen avajaisia ja n\u00e4yttelyn avajaiset j\u00e4rjestet\u00e4\u00e4n 10.10.2025 klo 18 alkaen Sarjakuvagalleria!ssa. Tervetuloa!<\/p>\n<\/div><\/div>\n\t\t\t\t<\/li>\n\t\t\t \t<li class=\"event festivaali nayttelyt center sarjakuvagalleria\">\n\t\t\t\t\t<div class=\"event-date multi-date\"><div class=\"start-date\"><div class=\"event-weekday\">Fri<\/div><div class=\"event-day\">14<\/div><div class=\"event-month\">Nov<\/div><div class=\"event-year\">2025<\/div><\/div><div class=\"end-date\"><div class=\"event-weekday\">Fri<\/div><div class=\"event-day\">19<\/div><div class=\"event-month\">Dec<\/div><div class=\"event-year\">2025<\/div><\/div><\/div>\n\t\t\t\t\t<div class=\"event-info multi-day\"><div class=\"event-title\"><h3>Jens K Styve (Norja\/Norway): Houkka -originaalin\u00e4yttely | exhibition<\/h3><\/div><span class=\"event-location\">Sarjakuvagalleria! | Comics Gallery!, Hallituskatu 7, Oulu<\/span><div class=\"event-details\"><div class=\"page\" title=\"Page 1\">\n<div class=\"section\">\n<div class=\"layoutArea\">\n<div class=\"column\">\n<div class=\"page\" title=\"Page 1\">\n<div class=\"section\">\n<div class=\"layoutArea\">\n<div class=\"column\">\n<p><span style=\"text-indent: 0em;\"><em>Houkka<\/em> (Kumiorava, 2025) on norjalaisen <strong>Jens K Styven<\/strong> nokkelaa tarinankerrontaa, kuivaa sarkasmia ja ihastuttavan ilmeika\u0308sta\u0308 piirrosja\u0308lkea\u0308 yhdista\u0308va\u0308 strippisarjakuva. se on voittanut lukuisia palkintoja, saavuttanut laajaa arvostelumenestysta\u0308 ja lumonnut lukijansa ympa\u0308ri maailman!<\/span><\/p>\n<\/div>\n<\/div>\n<\/div>\n<\/div>\n<p>Ta\u0308ma\u0308n albumin ja nyt esill\u00e4 olevan originaalin\u00e4yttelyn myo\u0308ta\u0308 myo\u0308s suomalaiset sarjakuvan ysta\u0308va\u0308t pa\u0308a\u0308seva\u0308t tutustumaan houkan ja ha\u0308nen la\u0308hipiirinsa\u0308 varsin va\u0308rikka\u0308isiin edesottamuksiin, vanhemmuuden iloihin ja suruihin, teknologian tuomiin haasteisiin, kaamoksen aiheuttamaan alavireisyyteen seka\u0308 muihin ela\u0308ma\u0308n yla\u0308- ja alama\u0308kiin!<\/p>\n<p><span style=\"text-indent: 0em;\"><em>Houkka<\/em> (Kumiorava, 2025) -sarjakuva-albumi<\/span> julkaistaan Oulun Sarjakuvafestivaalilla 14.-16.11.2025.<\/p>\n<p><img loading=\"lazy\" decoding=\"async\" class=\"aligncenter size-full wp-image-7902\" src=\"https:\/\/www.oulucomics.com\/wp-content\/uploads\/2025\/09\/jens_k_styve_houkka_ensimmainen_vastustaja.jpg\" alt=\"\" width=\"1197\" height=\"900\" srcset=\"https:\/\/www.oulucomics.com\/wp-content\/uploads\/2025\/09\/jens_k_styve_houkka_ensimmainen_vastustaja.jpg 1197w, https:\/\/www.oulucomics.com\/wp-content\/uploads\/2025\/09\/jens_k_styve_houkka_ensimmainen_vastustaja-300x226.jpg 300w, https:\/\/www.oulucomics.com\/wp-content\/uploads\/2025\/09\/jens_k_styve_houkka_ensimmainen_vastustaja-1024x770.jpg 1024w, https:\/\/www.oulucomics.com\/wp-content\/uploads\/2025\/09\/jens_k_styve_houkka_ensimmainen_vastustaja-768x577.jpg 768w, https:\/\/www.oulucomics.com\/wp-content\/uploads\/2025\/09\/jens_k_styve_houkka_ensimmainen_vastustaja-440x331.jpg 440w, https:\/\/www.oulucomics.com\/wp-content\/uploads\/2025\/09\/jens_k_styve_houkka_ensimmainen_vastustaja-1080x812.jpg 1080w\" sizes=\"auto, (max-width: 1197px) 100vw, 1197px\" \/><\/p>\n<\/div>\n<\/div>\n<\/div>\n<\/div>\n<p data-start=\"109\" data-end=\"355\"><span style=\"color: #0000ff;\"><em>Dunce<\/em> is a comic strip by Norwegian comic artist <strong>Jens K Styve<\/strong>, combining sharp storytelling, dry sarcasm, and delightfully expressive artwork. It has won numerous awards, earned wide critical acclaim, and charmed readers all around the world!<\/span><\/p>\n<p data-start=\"357\" data-end=\"701\"><span style=\"color: #0000ff;\">With this album and the accompanying original art exhibition, Finnish comic enthusiasts now also have the chance to get to know Dunce and his colorful circle of friends \u2014 their lively escapades, the joys and sorrows of parenthood, the challenges brought by technology, the gloom of the polar night, and all the ups and downs of everyday life!<\/span><\/p>\n<p data-start=\"357\" data-end=\"701\"><span style=\"color: #0000ff;\">The comic book <span style=\"text-indent: 0em;\"><em>Houkka<\/em> (Kumiorava, 2025)<\/span> will be released at the Oulu Comics Festival, held from November 14\u201316, 2025.<\/span><\/p>\n<p data-start=\"357\" data-end=\"701\"><img loading=\"lazy\" decoding=\"async\" class=\"alignleft size-medium wp-image-6893\" src=\"https:\/\/www.oulucomics.com\/wp-content\/uploads\/2022\/09\/norja-1-300x86.jpg\" alt=\"\" width=\"300\" height=\"86\" srcset=\"https:\/\/www.oulucomics.com\/wp-content\/uploads\/2022\/09\/norja-1-300x86.jpg 300w, https:\/\/www.oulucomics.com\/wp-content\/uploads\/2022\/09\/norja-1-440x125.jpg 440w, https:\/\/www.oulucomics.com\/wp-content\/uploads\/2022\/09\/norja-1.jpg 600w\" sizes=\"auto, (max-width: 300px) 100vw, 300px\" \/><\/p>\n<\/div><\/div>\n\t\t\t\t<\/li>\n\t\t\t \t<li class=\"event festivaali nayttelyt center sarjakuvagalleria\">\n\t\t\t\t\t<div class=\"event-date multi-date\"><div class=\"start-date\"><div class=\"event-weekday\">Fri<\/div><div class=\"event-day\">14<\/div><div class=\"event-month\">Nov<\/div><div class=\"event-year\">2025<\/div><\/div><div class=\"end-date\"><div class=\"event-weekday\">Fri<\/div><div class=\"event-day\">19<\/div><div class=\"event-month\">Dec<\/div><div class=\"event-year\">2025<\/div><\/div><\/div>\n\t\t\t\t\t<div class=\"event-info multi-day\"><div class=\"event-title\"><h3>Oulun Sarjakuvafestivaalin\u00e4yttely 2025 | Oulu Comics Festival Exhibition 2025<\/h3><\/div><span class=\"event-location\">Valvegalleria | Valve Gallery, Hallituskatu 7, Oulu<\/span><div class=\"event-details\"><p>Valvegallerian n\u00e4yttely rakentuu Oulun nelj\u00e4nnentoista Sarjakuvafestivaalin ohjelman ymp\u00e4rille. N\u00e4yttelykokonaisuus nostaa esille sarjakuvaa useiden vuosikymmenien ajalta, joista tuorein on festivaaliuutuus:<\/p>\n<ul>\n<li><strong>Marko Raassina<\/strong><span style=\"font-weight: 400;\">: <\/span><em><span style=\"font-weight: 400;\">N\u00f6rtti ja Sportti<\/span><\/em><span style=\"font-weight: 400;\"> (Kumiorava, 2025)<\/span><\/li>\n<li><strong>Riika Ruottinen<\/strong><span style=\"font-weight: 400;\">: <\/span><em><span style=\"font-weight: 400;\">Wilmanpilaaja<\/span><\/em><span style=\"font-weight: 400;\"> (Zum Teufel, 2025)<\/span><\/li>\n<li><strong>Ola Fogelberg<\/strong><span style=\"font-weight: 400;\">: <\/span><em><span style=\"font-weight: 400;\">Janne Ankkanen ja kumppanit<\/span><\/em><span style=\"font-weight: 400;\"> (Zum Teufel \/ T\u00e4ysi K\u00e4si, 2025)<\/span><\/li>\n<li><strong>Heikki Paakkanen<\/strong><\/li>\n<\/ul>\n<p><img loading=\"lazy\" decoding=\"async\" class=\"aligncenter wp-image-7925 size-full\" src=\"https:\/\/www.oulucomics.com\/wp-content\/uploads\/2025\/11\/Valvegalleria_2025.jpeg\" alt=\"\" width=\"1080\" height=\"1080\" srcset=\"https:\/\/www.oulucomics.com\/wp-content\/uploads\/2025\/11\/Valvegalleria_2025.jpeg 1080w, https:\/\/www.oulucomics.com\/wp-content\/uploads\/2025\/11\/Valvegalleria_2025-300x300.jpeg 300w, https:\/\/www.oulucomics.com\/wp-content\/uploads\/2025\/11\/Valvegalleria_2025-1024x1024.jpeg 1024w, https:\/\/www.oulucomics.com\/wp-content\/uploads\/2025\/11\/Valvegalleria_2025-150x150.jpeg 150w, https:\/\/www.oulucomics.com\/wp-content\/uploads\/2025\/11\/Valvegalleria_2025-768x768.jpeg 768w, https:\/\/www.oulucomics.com\/wp-content\/uploads\/2025\/11\/Valvegalleria_2025-250x250.jpeg 250w, https:\/\/www.oulucomics.com\/wp-content\/uploads\/2025\/11\/Valvegalleria_2025-92x92.jpeg 92w, https:\/\/www.oulucomics.com\/wp-content\/uploads\/2025\/11\/Valvegalleria_2025-440x440.jpeg 440w\" sizes=\"auto, (max-width: 1080px) 100vw, 1080px\" \/><\/p>\n<p><span style=\"color: #0000ff;\">The Valve Gallery exhibition is centred on the program of the 14th Oulu Comics Festival. The selection showcases comics spanning several decades, with the newest work released at the festival.<\/span><\/p>\n<\/div><\/div>\n\t\t\t\t<\/li>\n\t\t\t \t<li class=\"event nayttelyt center sarjakuvagalleria\">\n\t\t\t\t\t<div class=\"event-date multi-date\"><div class=\"start-date\"><div class=\"event-weekday\">Thu<\/div><div class=\"event-day\">15<\/div><div class=\"event-month\">Jan<\/div><div class=\"event-year\">2026<\/div><\/div><div class=\"end-date\"><div class=\"event-weekday\">Sun<\/div><div class=\"event-day\">08<\/div><div class=\"event-month\">Mar<\/div><div class=\"event-year\">2026<\/div><\/div><\/div>\n\t\t\t\t\t<div class=\"event-info multi-day\"><div class=\"event-title\"><h3>20 sarjakuvantekij\u00e4\u00e4 ja 26 sarjakuvateosta \u2013 Sarjakuvia euro-arktiselta alueelta<\/h3><\/div><span class=\"event-location\">Sarjakuvagalleria! | Comics Gallery!, Hallituskatu 7, Oulu<\/span><div class=\"event-details\"><p><img loading=\"lazy\" decoding=\"async\" class=\"aligncenter size-full wp-image-7947\" src=\"https:\/\/www.oulucomics.com\/wp-content\/uploads\/2026\/01\/2026_nayttely.jpeg\" alt=\"\" width=\"1024\" height=\"576\" srcset=\"https:\/\/www.oulucomics.com\/wp-content\/uploads\/2026\/01\/2026_nayttely.jpeg 1024w, https:\/\/www.oulucomics.com\/wp-content\/uploads\/2026\/01\/2026_nayttely-300x169.jpeg 300w, https:\/\/www.oulucomics.com\/wp-content\/uploads\/2026\/01\/2026_nayttely-768x432.jpeg 768w, https:\/\/www.oulucomics.com\/wp-content\/uploads\/2026\/01\/2026_nayttely-440x248.jpeg 440w\" sizes=\"auto, (max-width: 1024px) 100vw, 1024px\" \/><\/p>\n<p><span style=\"font-weight: 400;\">N\u00e4yttely kokoaan yhteen kahdenkymmenen sarjakuvantekij\u00e4n kaksikymment\u00e4kuusi sarjakuvateosta ja nostaa ne esille omina tarinoinaan. Sarjakuvitetut kirjaesittelyt on toteuttanut sarjakuvantekij\u00e4 <strong>Harri Filppa<\/strong>. Kokonaisuus tarjoaa mainion v\u00e4yl\u00e4n kirjavinkkaukseen sek\u00e4 inspiraatiota uusien lukukokemusten etsij\u00f6ille.<\/span><\/p>\n<p><span style=\"font-weight: 400;\">\u201dSarjakuvakerronnan kuvan ja sanan liitto nostaa esille tarinoita, jotka muuten j\u00e4isiv\u00e4t kertomatta.\u201d luonnehtii tekij\u00e4, joka toimii my\u00f6s Oulun Sarjakuvakeskuksen toiminnanjohtajana.<\/span><\/p>\n<p><span style=\"font-weight: 400;\">Mukana on teoksia, joiden tekij\u00f6it\u00e4 yhdist\u00e4\u00e4 l\u00e4heinen suhde euro-arktisen alueen mielenmaisemiin, kieliin ja kulttuureihin. Pohjoisen sarjakuvantekij\u00f6iden joukosta mukana ovat mm. Mari Ahokoivu, Anneli Furmark (Ruotsi), Hanna Kukko, Emilia Laatikainen, Jyrki Nissinen, Marko Raassina, Ville Ranta, Riika Ruottinen, Jens K. Styve (Norja) ja Jaana Suorsa.<\/span><\/p>\n<p>N\u00e4yttelynavajaiset torstaina 15.1.2026 klo 18.00. Tervetuloa!<\/p>\n<\/div><\/div>\n\t\t\t\t<\/li>\n\t\t\t \t<li class=\"event nayttelyt center sarjakuvagalleria\">\n\t\t\t\t\t<div class=\"event-date multi-date\"><div class=\"start-date\"><div class=\"event-weekday\">Tue<\/div><div class=\"event-day\">10<\/div><div class=\"event-month\">Mar<\/div><div class=\"event-year\">2026<\/div><\/div><div class=\"end-date\"><div class=\"event-weekday\">Wed<\/div><div class=\"event-day\">22<\/div><div class=\"event-month\">Apr<\/div><div class=\"event-year\">2026<\/div><\/div><\/div>\n\t\t\t\t\t<div class=\"event-info multi-day\"><div class=\"event-title\"><h3>Aapo Kukko: Punainen Beethoven -originaalin\u00e4yttely<\/h3><\/div><span class=\"event-location\">Sarjakuvagalleria! | Comics Gallery!, Hallituskatu 7, Oulu<\/span><div class=\"event-details\"><p><img loading=\"lazy\" decoding=\"async\" class=\"alignright size-medium wp-image-7971\" src=\"https:\/\/www.oulucomics.com\/wp-content\/uploads\/2026\/02\/aapo_kukko-punainen_beethoven-212x300.jpg\" alt=\"\" width=\"212\" height=\"300\" srcset=\"https:\/\/www.oulucomics.com\/wp-content\/uploads\/2026\/02\/aapo_kukko-punainen_beethoven-212x300.jpg 212w, https:\/\/www.oulucomics.com\/wp-content\/uploads\/2026\/02\/aapo_kukko-punainen_beethoven-723x1024.jpg 723w, https:\/\/www.oulucomics.com\/wp-content\/uploads\/2026\/02\/aapo_kukko-punainen_beethoven-768x1088.jpg 768w, https:\/\/www.oulucomics.com\/wp-content\/uploads\/2026\/02\/aapo_kukko-punainen_beethoven-440x623.jpg 440w, https:\/\/www.oulucomics.com\/wp-content\/uploads\/2026\/02\/aapo_kukko-punainen_beethoven.jpg 847w\" sizes=\"auto, (max-width: 212px) 100vw, 212px\" \/>Neuvostoliiton kuuluisimman s\u00e4velt\u00e4j\u00e4n Dmitri \u0160ostakovit\u0161in (1906-1975) el\u00e4m\u00e4nvaiheisiin pohjautuva <strong>Aapo Kukon<\/strong> muhkea sarjakuvateos <em>Aapo Kukko: Punainen Beethoven - Sarjakuvasinfonia Dmitri \u0160ostakovit\u0161in el\u00e4m\u00e4st\u00e4 (Zum Teufel, 2026)<\/em>\u00a0on vuosikymmeni\u00e4 kattava kuvaus taiteilijasta, h\u00e4nen ajastaan ja aikalaisistaan. S\u00e4velt\u00e4j\u00e4n uralle mahtui niin kansainv\u00e4list\u00e4 nousukiitoa kuin hengenvaarallista alhoa: keski\u00f6\u00f6n nousee etenkin \u0160ostakovit\u0161in ja Stalinin kiikker\u00e4 suhde, joka ei tunnu p\u00e4\u00e4ttyv\u00e4n edes toisen kuolemaan. Sivuhenkil\u00f6in\u00e4 matkan varrella n\u00e4hd\u00e4\u00e4n mm. Vsevolod Meyerhold, Zinaida Reich sek\u00e4 Anna Ahmatova.<\/p>\n<p>N\u00e4yttelyn avajaiset ja kirjan julkistamistilaisuus Oulun Sarjakuvakeskuksella tiistaina 10.3. klo 17-. Tervetuloa!<\/p>\n<p>Aapo Kukko (s. 1991) on kemil\u00e4isl\u00e4ht\u00f6inen mutta ajan saatossa oululaistunut sarjakuvantekij\u00e4, kuvittaja ja k\u00e4sikirjoittaja. Vuodesta 2008 l\u00e4htien sarjakuvia julkaisseen Kukon tuotannossa Punainen Beethoven on h\u00e4nen laajamittaisin teoksensa.<\/p>\n<\/div><\/div>\n\t\t\t\t<\/li>\n\t\t\t \t<li class=\"event nayttelyt center sarjakuvagalleria\">\n\t\t\t\t\t<div class=\"event-date multi-date\"><div class=\"start-date\"><div class=\"event-weekday\">Sat<\/div><div class=\"event-day\">25<\/div><div class=\"event-month\">Apr<\/div><div class=\"event-year\">2026<\/div><\/div><div class=\"end-date\"><div class=\"event-weekday\">Thu<\/div><div class=\"event-day\">04<\/div><div class=\"event-month\">Jun<\/div><div class=\"event-year\">2026<\/div><\/div><\/div>\n\t\t\t\t\t<div class=\"event-info multi-day\"><div class=\"event-title\"><h3>Esa Holopainen: Jere Kostamus ja Big Niitty -sarjakuvan\u00e4yttely<\/h3><\/div><span class=\"event-location\">Sarjakuvagalleria! | Comics Gallery!, Hallituskatu 7, Oulu<\/span><div class=\"event-details\"><p><strong><img loading=\"lazy\" decoding=\"async\" class=\"alignright size-medium wp-image-7974\" src=\"https:\/\/www.oulucomics.com\/wp-content\/uploads\/2026\/03\/bigniittykansi-211x300.jpg\" alt=\"\" width=\"211\" height=\"300\" srcset=\"https:\/\/www.oulucomics.com\/wp-content\/uploads\/2026\/03\/bigniittykansi-211x300.jpg 211w, https:\/\/www.oulucomics.com\/wp-content\/uploads\/2026\/03\/bigniittykansi-440x625.jpg 440w, https:\/\/www.oulucomics.com\/wp-content\/uploads\/2026\/03\/bigniittykansi.jpg 634w\" sizes=\"auto, (max-width: 211px) 100vw, 211px\" \/>Esa Holopaisen<\/strong> teoksessa <em>Jere Kostamus ja Big Niitty<\/em> (Musta Ritari, 2024) Komisario Jere Kostamuksen tutkimukset jatkuvat. Pellot niityt, purot ja suot voivat peitt\u00e4\u00e4 alleen salaisuuksia. Mutta voivatko ne piilottaa murhaajan? Kun Markkulan metsist\u00e4 l\u00f6ytyy vainaja, kutsutaan tapausta selvitt\u00e4m\u00e4\u00e4n komisario Jere Kostamus, apunaan etsiv\u00e4 V\u00e4h\u00e4m\u00e4ki. Jere Kostamus -sarja sis\u00e4lt\u00e4\u00e4 sarkastisen leppoisaa huumoria, vaarallisia tilanteita ja kauniita maisemia.<\/p>\n<p>N\u00e4yttelyn avajaisia vietet\u00e4\u00e4n lauantaina 25.4.2026 klo 15-16. Tervetuloa!<\/p>\n<\/div><\/div>\n\t\t\t\t<\/li><\/ul>\n\t\t\t\t<\/div>\n","protected":false},"excerpt":{"rendered":"<p>[event-list cat_filter=sarjakuvagalleria initial_date=past link_to_event=false add_feed_link=false]&#8230;<\/p>\n","protected":false},"author":1,"featured_media":0,"parent":23,"menu_order":3,"comment_status":"closed","ping_status":"closed","template":"","meta":{"footnotes":""},"categories":[],"tags":[],"class_list":["post-135","page","type-page","status-publish","hentry"],"_links":{"self":[{"href":"https:\/\/www.oulucomics.com\/en_US\/wp-json\/wp\/v2\/pages\/135","targetHints":{"allow":["GET"]}}],"collection":[{"href":"https:\/\/www.oulucomics.com\/en_US\/wp-json\/wp\/v2\/pages"}],"about":[{"href":"https:\/\/www.oulucomics.com\/en_US\/wp-json\/wp\/v2\/types\/page"}],"author":[{"embeddable":true,"href":"https:\/\/www.oulucomics.com\/en_US\/wp-json\/wp\/v2\/users\/1"}],"replies":[{"embeddable":true,"href":"https:\/\/www.oulucomics.com\/en_US\/wp-json\/wp\/v2\/comments?post=135"}],"version-history":[{"count":7,"href":"https:\/\/www.oulucomics.com\/en_US\/wp-json\/wp\/v2\/pages\/135\/revisions"}],"predecessor-version":[{"id":1749,"href":"https:\/\/www.oulucomics.com\/en_US\/wp-json\/wp\/v2\/pages\/135\/revisions\/1749"}],"up":[{"embeddable":true,"href":"https:\/\/www.oulucomics.com\/en_US\/wp-json\/wp\/v2\/pages\/23"}],"wp:attachment":[{"href":"https:\/\/www.oulucomics.com\/en_US\/wp-json\/wp\/v2\/media?parent=135"}],"wp:term":[{"taxonomy":"category","embeddable":true,"href":"https:\/\/www.oulucomics.com\/en_US\/wp-json\/wp\/v2\/categories?post=135"},{"taxonomy":"post_tag","embeddable":true,"href":"https:\/\/www.oulucomics.com\/en_US\/wp-json\/wp\/v2\/tags?post=135"}],"curies":[{"name":"wp","href":"https:\/\/api.w.org\/{rel}","templated":true}]}}